{"id":10370,"date":"2020-02-18T09:16:52","date_gmt":"2020-02-18T08:16:52","guid":{"rendered":"https:\/\/paulrivera.it\/product\/zoom-masque-colore-reflechissant\/"},"modified":"2024-05-13T15:03:36","modified_gmt":"2024-05-13T13:03:36","slug":"zoom-masque-colore-reflechissant","status":"publish","type":"product","link":"https:\/\/paulrivera.it\/fr\/prodotti\/coloration\/zoom-masque-colore-reflechissant\/","title":{"rendered":"Zoom &#8211; Masque Color\u00e9 R\u00e9fl\u00e9chissant"},"content":{"rendered":"<div class=\"wpb-content-wrapper\"><p>[vc_row full_width=&#8221;stretch_row&#8221;][vc_column][vc_row_inner el_id=&#8221;desktop&#8221;][vc_column_inner width=&#8221;1\/2&#8243; css=&#8221;.vc_custom_1583138468649{padding-right: 10% !important;padding-left: 30% !important;}&#8221; offset=&#8221;vc_hidden-md vc_hidden-sm vc_hidden-xs&#8221;][vc_column_text]<\/p>\n<h1><span style=\"font-size: 28px;\">Les bonnes raisons de l&#8217;aimer<\/span><\/h1>\n<ul>\n<li style=\"font-weight: 400;\" aria-level=\"1\"><span style=\"font-weight: 400;\">Sublime et ravive la couleur cosm\u00e9tique ou naturelle<\/span><\/li>\n<li style=\"font-weight: 400;\" aria-level=\"1\"><span style=\"font-weight: 400;\">Amplifie l&#8217;\u00e9clat et la brillance de la couleur<\/span><\/li>\n<li style=\"font-weight: 400;\" aria-level=\"1\"><span style=\"font-weight: 400;\">Couvre les premiers cheveux blancs<\/span><\/li>\n<\/ul>\n<p>[\/vc_column_text][vc_column_text]<\/p>\n<h1><span style=\"font-size: 28px;\">Les principes actifs de la formule<\/span><\/h1>\n<ul>\n<li style=\"font-weight: 400;\" aria-level=\"1\"><span style=\"font-weight: 400;\">Extrait de pr\u00eale : riche en min\u00e9raux et flavono\u00efdes, il a une action astringente, stimulante et tonifiante.<\/span><\/li>\n<li style=\"font-weight: 400;\" aria-level=\"1\"><span style=\"font-weight: 400;\">Huile d&#8217;onagre : incroyable source d&#8217;acides gras, elle poss\u00e8de des propri\u00e9t\u00e9s anti-inflammatoires, fortifiantes et humectantes.<\/span><\/li>\n<\/ul>\n<p>[\/vc_column_text][vc_column_text]<\/p>\n<h1><span style=\"font-size: 28px;\">Mode d&#8217;emploi<\/span><\/h1>\n<p><span style=\"font-weight: 400;\">Apr\u00e8s avoir enfil\u00e9 des gants, r\u00e9partir sur cheveux lav\u00e9s et essor\u00e9s \u00e0 l&#8217;aide d&#8217;un peigne. Laisser agir 3 \u00e0 5 minutes et rincer abondamment. Prolonger le temps de pose renforce l&#8217;intensit\u00e9 du r\u00e9sultat.<\/span>[\/vc_column_text][\/vc_column_inner][vc_column_inner width=&#8221;1\/2&#8243; css=&#8221;.vc_custom_1592820044044{background-image: url(https:\/\/paulrivera.it\/wp-content\/uploads\/2020\/02\/background_adv_produc_zoom.png?id=1513) !important;background-position: center !important;background-repeat: no-repeat !important;background-size: cover !important;}&#8221; offset=&#8221;vc_hidden-md vc_hidden-sm vc_hidden-xs&#8221;][vc_single_image image=&#8221;9814&#8243; img_size=&#8221;large&#8221; alignment=&#8221;center&#8221;][\/vc_column_inner][\/vc_row_inner][vc_row_inner el_id=&#8221;tablet&#8221;][vc_column_inner offset=&#8221;vc_hidden-lg vc_hidden-xs&#8221;][vc_column_text]<\/p>\n<h1><span style=\"font-size: 28px;\">Les bonnes raisons de l&#8217;aimer<\/span><\/h1>\n<ul>\n<li style=\"font-weight: 400;\" aria-level=\"1\"><span style=\"font-weight: 400;\">Sublime et ravive la couleur cosm\u00e9tique ou naturelle<\/span><\/li>\n<li style=\"font-weight: 400;\" aria-level=\"1\"><span style=\"font-weight: 400;\">Amplifie l&#8217;\u00e9clat et la brillance de la couleur<\/span><\/li>\n<li style=\"font-weight: 400;\" aria-level=\"1\"><span style=\"font-weight: 400;\">Couvre les premiers cheveux blancs<\/span><\/li>\n<\/ul>\n<p>[\/vc_column_text][vc_column_text]<\/p>\n<h1><span style=\"font-size: 28px;\">Les principes actifs de la formule<\/span><\/h1>\n<ul>\n<li style=\"font-weight: 400;\" aria-level=\"1\"><span style=\"font-weight: 400;\">Extrait de pr\u00eale : riche en min\u00e9raux et flavono\u00efdes, il a une action astringente, stimulante et tonifiante.<\/span><\/li>\n<li style=\"font-weight: 400;\" aria-level=\"1\"><span style=\"font-weight: 400;\">Huile d&#8217;onagre : incroyable source d&#8217;acides gras, elle poss\u00e8de des propri\u00e9t\u00e9s anti-inflammatoires, fortifiantes et humectantes.<\/span><\/li>\n<\/ul>\n<p>[\/vc_column_text][vc_column_text]<\/p>\n<h1><span style=\"font-size: 28px;\">Mode d&#8217;emploi<\/span><\/h1>\n<p><span style=\"font-weight: 400;\">Apr\u00e8s avoir enfil\u00e9 des gants, r\u00e9partir sur cheveux lav\u00e9s et essor\u00e9s \u00e0 l&#8217;aide d&#8217;un peigne. Laisser agir 3 \u00e0 5 minutes et rincer abondamment. Prolonger le temps de pose renforce l&#8217;intensit\u00e9 du r\u00e9sultat.<\/span>[\/vc_column_text][\/vc_column_inner][\/vc_row_inner][vc_row_inner el_id=&#8221;mobile&#8221;][vc_column_inner width=&#8221;1\/2&#8243; offset=&#8221;vc_hidden-lg vc_hidden-md vc_hidden-sm&#8221;][vc_column_text]<\/p>\n<h1><span style=\"font-size: 28px;\">Les bonnes raisons de l&#8217;aimer<\/span><\/h1>\n<ul>\n<li style=\"font-weight: 400;\" aria-level=\"1\"><span style=\"font-weight: 400;\">Sublime et ravive la couleur cosm\u00e9tique ou naturelle<\/span><\/li>\n<li style=\"font-weight: 400;\" aria-level=\"1\"><span style=\"font-weight: 400;\">Amplifie l&#8217;\u00e9clat et la brillance de la couleur<\/span><\/li>\n<li style=\"font-weight: 400;\" aria-level=\"1\"><span style=\"font-weight: 400;\">Couvre les premiers cheveux blancs<\/span><\/li>\n<\/ul>\n<p>[\/vc_column_text][vc_column_text]<\/p>\n<h1><span style=\"font-size: 28px;\">Les principes actifs de la formule<\/span><\/h1>\n<ul>\n<li style=\"font-weight: 400;\" aria-level=\"1\"><span style=\"font-weight: 400;\">Extrait de pr\u00eale : riche en min\u00e9raux et flavono\u00efdes, il a une action astringente, stimulante et tonifiante.<\/span><\/li>\n<li style=\"font-weight: 400;\" aria-level=\"1\"><span style=\"font-weight: 400;\">Huile d&#8217;onagre : incroyable source d&#8217;acides gras, elle poss\u00e8de des propri\u00e9t\u00e9s anti-inflammatoires, fortifiantes et humectantes.<\/span><\/li>\n<\/ul>\n<p>[\/vc_column_text][vc_column_text]<\/p>\n<h1><span style=\"font-size: 28px;\">Mode d&#8217;emploi<\/span><\/h1>\n<p><span style=\"font-weight: 400;\">Apr\u00e8s avoir enfil\u00e9 des gants, r\u00e9partir sur cheveux lav\u00e9s et essor\u00e9s \u00e0 l&#8217;aide d&#8217;un peigne. Laisser agir 3 \u00e0 5 minutes et rincer abondamment. Prolonger le temps de pose renforce l&#8217;intensit\u00e9 du r\u00e9sultat.<\/span>[\/vc_column_text][\/vc_column_inner][vc_column_inner width=&#8221;1\/2&#8243; css=&#8221;.vc_custom_1592820034156{background-image: url(https:\/\/paulrivera.it\/wp-content\/uploads\/2020\/02\/background_adv_produc_zoom.png?id=1513) !important;background-position: center !important;background-repeat: no-repeat !important;background-size: cover !important;}&#8221; offset=&#8221;vc_hidden-lg vc_hidden-md vc_hidden-sm&#8221;][vc_single_image image=&#8221;9814&#8243; img_size=&#8221;large&#8221; alignment=&#8221;center&#8221;][\/vc_column_inner][\/vc_row_inner][\/vc_column][\/vc_row][vc_row css=&#8221;.vc_custom_1582192829011{padding-top: 50px !important;}&#8221;][vc_column][vc_row_inner][vc_column_inner][vc_column_text]<\/p>\n<h1 style=\"text-align: center;\"><span style=\"font-size: 28px;\">Vous aimerez aussi<\/span><\/h1>\n<p>[\/vc_column_text][\/vc_column_inner][\/vc_row_inner][vc_raw_html]W3dwYi1wcm9kdWN0LXNsaWRlci1zaG9ydGNvZGUgaWQ9IjE0MiJd[\/vc_raw_html][\/vc_column][\/vc_row]<\/p>\n<\/div>","protected":false},"excerpt":{"rendered":"<p><span style=\"font-weight: 400;\">Le masque capillaire qui permet de<\/span><b> cr\u00e9er de superbes reflets<\/b><span style=\"font-weight: 400;\">, de raviver instantan\u00e9ment et de<\/span><b> personnaliser la couleur<\/b><span style=\"font-weight: 400;\">, gr\u00e2ce aux 8 nuances de la gamme. Zoom camoufle les premiers cheveux blancs et permet d&#8217;exp\u00e9rimenter de nouveaux horizons en toute libert\u00e9.<\/span><\/p>\n<p><span style=\"font-weight: 400;\">Facile \u00e0 appliquer, avec<\/span><b> un temps de pose tr\u00e8s rapide<\/b><span style=\"font-weight: 400;\"> (3 \u00e0 5 minutes), il r\u00e9g\u00e9n\u00e8re les cheveux pendant le soin : sa formule est enrichie d&#8217;<\/span><b>Extrait de pr\u00eale<\/b><span style=\"font-weight: 400;\">, qui stimule et tonifie le cuir chevelu, et d&#8217;<\/span><b>Huile d&#8217;onagre<\/b><span style=\"font-weight: 400;\">, au pouvoir cosm\u00e9tique extraordinaire.<\/span><\/p>\n<p><span style=\"font-weight: 400;\">8 nuances<\/span><\/p>\n<p><span style=\"font-weight: 400;\">200 ml<\/span><\/p>\n<p>&nbsp;<\/p>\n[maxbutton id=\"5\"]\n","protected":false},"featured_media":9551,"template":"","meta":[],"product_brand":[],"product_cat":[1305],"product_tag":[],"class_list":{"0":"post-10370","1":"product","2":"type-product","3":"status-publish","4":"has-post-thumbnail","6":"product_cat-coloration","7":"description-off","9":"first","10":"instock","11":"shipping-taxable","12":"purchasable","13":"product-type-variable"},"yoast_head":"<!-- This site is optimized with the Yoast SEO plugin v27.2 - https:\/\/yoast.com\/product\/yoast-seo-wordpress\/ -->\n<title>Zoom - Masque Color\u00e9 R\u00e9fl\u00e9chissant | Paul Rivera<\/title>\n<meta name=\"description\" content=\"Le masque capillaire qui permet de cr\u00e9er de superbes reflets, de raviver instantan\u00e9ment et de personnaliser la couleur, gr\u00e2ce aux 8 nuances de la gamme.\" \/>\n<meta name=\"robots\" content=\"index, follow, max-snippet:-1, max-image-preview:large, max-video-preview:-1\" \/>\n<link rel=\"canonical\" href=\"https:\/\/paulrivera.it\/fr\/prodotti\/coloration\/zoom-masque-colore-reflechissant\/\" \/>\n<meta property=\"og:locale\" content=\"fr_FR\" \/>\n<meta property=\"og:type\" content=\"article\" \/>\n<meta property=\"og:title\" content=\"Zoom - Masque Color\u00e9 R\u00e9fl\u00e9chissant | Paul Rivera\" \/>\n<meta property=\"og:description\" content=\"Le masque capillaire qui permet de cr\u00e9er de superbes reflets, de raviver instantan\u00e9ment et de personnaliser la couleur, gr\u00e2ce aux 8 nuances de la gamme.\" \/>\n<meta property=\"og:url\" content=\"https:\/\/paulrivera.it\/fr\/prodotti\/coloration\/zoom-masque-colore-reflechissant\/\" \/>\n<meta property=\"og:site_name\" content=\"Paul Rivera\" \/>\n<meta property=\"article:modified_time\" content=\"2024-05-13T13:03:36+00:00\" \/>\n<meta property=\"og:image\" content=\"https:\/\/paulrivera.it\/wp-content\/uploads\/2020\/02\/604071_paul_rivera_zoom_reflection_mask_purple_hill_200ml.png\" \/>\n\t<meta property=\"og:image:width\" content=\"800\" \/>\n\t<meta property=\"og:image:height\" content=\"800\" \/>\n\t<meta property=\"og:image:type\" content=\"image\/png\" \/>\n<meta name=\"twitter:card\" content=\"summary_large_image\" \/>\n<meta name=\"twitter:label1\" content=\"Est. reading time\" \/>\n\t<meta name=\"twitter:data1\" content=\"3 minutes\" \/>\n<script type=\"application\/ld+json\" class=\"yoast-schema-graph\">{\"@context\":\"https:\/\/schema.org\",\"@graph\":[{\"@type\":\"WebPage\",\"@id\":\"https:\/\/paulrivera.it\/fr\/prodotti\/coloration\/zoom-masque-colore-reflechissant\/\",\"url\":\"https:\/\/paulrivera.it\/fr\/prodotti\/coloration\/zoom-masque-colore-reflechissant\/\",\"name\":\"Zoom - Masque Color\u00e9 R\u00e9fl\u00e9chissant | Paul Rivera\",\"isPartOf\":{\"@id\":\"https:\/\/paulrivera.it\/fr\/#website\"},\"primaryImageOfPage\":{\"@id\":\"https:\/\/paulrivera.it\/fr\/prodotti\/coloration\/zoom-masque-colore-reflechissant\/#primaryimage\"},\"image\":{\"@id\":\"https:\/\/paulrivera.it\/fr\/prodotti\/coloration\/zoom-masque-colore-reflechissant\/#primaryimage\"},\"thumbnailUrl\":\"https:\/\/paulrivera.it\/wp-content\/uploads\/2020\/02\/604071_paul_rivera_zoom_reflection_mask_purple_hill_200ml.png\",\"datePublished\":\"2020-02-18T08:16:52+00:00\",\"dateModified\":\"2024-05-13T13:03:36+00:00\",\"description\":\"Le masque capillaire qui permet de cr\u00e9er de superbes reflets, de raviver instantan\u00e9ment et de personnaliser la couleur, gr\u00e2ce aux 8 nuances de la gamme.\",\"breadcrumb\":{\"@id\":\"https:\/\/paulrivera.it\/fr\/prodotti\/coloration\/zoom-masque-colore-reflechissant\/#breadcrumb\"},\"inLanguage\":\"fr-FR\",\"potentialAction\":[{\"@type\":\"ReadAction\",\"target\":[\"https:\/\/paulrivera.it\/fr\/prodotti\/coloration\/zoom-masque-colore-reflechissant\/\"]}]},{\"@type\":\"ImageObject\",\"inLanguage\":\"fr-FR\",\"@id\":\"https:\/\/paulrivera.it\/fr\/prodotti\/coloration\/zoom-masque-colore-reflechissant\/#primaryimage\",\"url\":\"https:\/\/paulrivera.it\/wp-content\/uploads\/2020\/02\/604071_paul_rivera_zoom_reflection_mask_purple_hill_200ml.png\",\"contentUrl\":\"https:\/\/paulrivera.it\/wp-content\/uploads\/2020\/02\/604071_paul_rivera_zoom_reflection_mask_purple_hill_200ml.png\",\"width\":800,\"height\":800},{\"@type\":\"BreadcrumbList\",\"@id\":\"https:\/\/paulrivera.it\/fr\/prodotti\/coloration\/zoom-masque-colore-reflechissant\/#breadcrumb\",\"itemListElement\":[{\"@type\":\"ListItem\",\"position\":1,\"name\":\"Home\",\"item\":\"https:\/\/paulrivera.it\/fr\/\"},{\"@type\":\"ListItem\",\"position\":2,\"name\":\"Pagina shop\",\"item\":\"https:\/\/paulrivera.it\/prodotti\/\"},{\"@type\":\"ListItem\",\"position\":3,\"name\":\"Zoom &#8211; Masque Color\u00e9 R\u00e9fl\u00e9chissant\"}]},{\"@type\":\"WebSite\",\"@id\":\"https:\/\/paulrivera.it\/fr\/#website\",\"url\":\"https:\/\/paulrivera.it\/fr\/\",\"name\":\"Paul Rivera\",\"description\":\"Hair Beauty Celebration\",\"publisher\":{\"@id\":\"https:\/\/paulrivera.it\/fr\/#organization\"},\"potentialAction\":[{\"@type\":\"SearchAction\",\"target\":{\"@type\":\"EntryPoint\",\"urlTemplate\":\"https:\/\/paulrivera.it\/fr\/?s={search_term_string}\"},\"query-input\":{\"@type\":\"PropertyValueSpecification\",\"valueRequired\":true,\"valueName\":\"search_term_string\"}}],\"inLanguage\":\"fr-FR\"},{\"@type\":\"Organization\",\"@id\":\"https:\/\/paulrivera.it\/fr\/#organization\",\"name\":\"Paul Rivera\",\"url\":\"https:\/\/paulrivera.it\/fr\/\",\"logo\":{\"@type\":\"ImageObject\",\"inLanguage\":\"fr-FR\",\"@id\":\"https:\/\/paulrivera.it\/fr\/#\/schema\/logo\/image\/\",\"url\":\"https:\/\/paulrivera.it\/wp-content\/uploads\/2020\/02\/paul_rivera_logo_header_x2.png\",\"contentUrl\":\"https:\/\/paulrivera.it\/wp-content\/uploads\/2020\/02\/paul_rivera_logo_header_x2.png\",\"width\":470,\"height\":60,\"caption\":\"Paul Rivera\"},\"image\":{\"@id\":\"https:\/\/paulrivera.it\/fr\/#\/schema\/logo\/image\/\"}}]}<\/script>\n<!-- \/ Yoast SEO plugin. -->","yoast_head_json":{"title":"Zoom - Masque Color\u00e9 R\u00e9fl\u00e9chissant | Paul Rivera","description":"Le masque capillaire qui permet de cr\u00e9er de superbes reflets, de raviver instantan\u00e9ment et de personnaliser la couleur, gr\u00e2ce aux 8 nuances de la gamme.","robots":{"index":"index","follow":"follow","max-snippet":"max-snippet:-1","max-image-preview":"max-image-preview:large","max-video-preview":"max-video-preview:-1"},"canonical":"https:\/\/paulrivera.it\/fr\/prodotti\/coloration\/zoom-masque-colore-reflechissant\/","og_locale":"fr_FR","og_type":"article","og_title":"Zoom - Masque Color\u00e9 R\u00e9fl\u00e9chissant | Paul Rivera","og_description":"Le masque capillaire qui permet de cr\u00e9er de superbes reflets, de raviver instantan\u00e9ment et de personnaliser la couleur, gr\u00e2ce aux 8 nuances de la gamme.","og_url":"https:\/\/paulrivera.it\/fr\/prodotti\/coloration\/zoom-masque-colore-reflechissant\/","og_site_name":"Paul Rivera","article_modified_time":"2024-05-13T13:03:36+00:00","og_image":[{"width":800,"height":800,"url":"https:\/\/paulrivera.it\/wp-content\/uploads\/2020\/02\/604071_paul_rivera_zoom_reflection_mask_purple_hill_200ml.png","type":"image\/png"}],"twitter_card":"summary_large_image","twitter_misc":{"Est. reading time":"3 minutes"},"schema":{"@context":"https:\/\/schema.org","@graph":[{"@type":"WebPage","@id":"https:\/\/paulrivera.it\/fr\/prodotti\/coloration\/zoom-masque-colore-reflechissant\/","url":"https:\/\/paulrivera.it\/fr\/prodotti\/coloration\/zoom-masque-colore-reflechissant\/","name":"Zoom - Masque Color\u00e9 R\u00e9fl\u00e9chissant | Paul Rivera","isPartOf":{"@id":"https:\/\/paulrivera.it\/fr\/#website"},"primaryImageOfPage":{"@id":"https:\/\/paulrivera.it\/fr\/prodotti\/coloration\/zoom-masque-colore-reflechissant\/#primaryimage"},"image":{"@id":"https:\/\/paulrivera.it\/fr\/prodotti\/coloration\/zoom-masque-colore-reflechissant\/#primaryimage"},"thumbnailUrl":"https:\/\/paulrivera.it\/wp-content\/uploads\/2020\/02\/604071_paul_rivera_zoom_reflection_mask_purple_hill_200ml.png","datePublished":"2020-02-18T08:16:52+00:00","dateModified":"2024-05-13T13:03:36+00:00","description":"Le masque capillaire qui permet de cr\u00e9er de superbes reflets, de raviver instantan\u00e9ment et de personnaliser la couleur, gr\u00e2ce aux 8 nuances de la gamme.","breadcrumb":{"@id":"https:\/\/paulrivera.it\/fr\/prodotti\/coloration\/zoom-masque-colore-reflechissant\/#breadcrumb"},"inLanguage":"fr-FR","potentialAction":[{"@type":"ReadAction","target":["https:\/\/paulrivera.it\/fr\/prodotti\/coloration\/zoom-masque-colore-reflechissant\/"]}]},{"@type":"ImageObject","inLanguage":"fr-FR","@id":"https:\/\/paulrivera.it\/fr\/prodotti\/coloration\/zoom-masque-colore-reflechissant\/#primaryimage","url":"https:\/\/paulrivera.it\/wp-content\/uploads\/2020\/02\/604071_paul_rivera_zoom_reflection_mask_purple_hill_200ml.png","contentUrl":"https:\/\/paulrivera.it\/wp-content\/uploads\/2020\/02\/604071_paul_rivera_zoom_reflection_mask_purple_hill_200ml.png","width":800,"height":800},{"@type":"BreadcrumbList","@id":"https:\/\/paulrivera.it\/fr\/prodotti\/coloration\/zoom-masque-colore-reflechissant\/#breadcrumb","itemListElement":[{"@type":"ListItem","position":1,"name":"Home","item":"https:\/\/paulrivera.it\/fr\/"},{"@type":"ListItem","position":2,"name":"Pagina shop","item":"https:\/\/paulrivera.it\/prodotti\/"},{"@type":"ListItem","position":3,"name":"Zoom &#8211; Masque Color\u00e9 R\u00e9fl\u00e9chissant"}]},{"@type":"WebSite","@id":"https:\/\/paulrivera.it\/fr\/#website","url":"https:\/\/paulrivera.it\/fr\/","name":"Paul Rivera","description":"Hair Beauty Celebration","publisher":{"@id":"https:\/\/paulrivera.it\/fr\/#organization"},"potentialAction":[{"@type":"SearchAction","target":{"@type":"EntryPoint","urlTemplate":"https:\/\/paulrivera.it\/fr\/?s={search_term_string}"},"query-input":{"@type":"PropertyValueSpecification","valueRequired":true,"valueName":"search_term_string"}}],"inLanguage":"fr-FR"},{"@type":"Organization","@id":"https:\/\/paulrivera.it\/fr\/#organization","name":"Paul Rivera","url":"https:\/\/paulrivera.it\/fr\/","logo":{"@type":"ImageObject","inLanguage":"fr-FR","@id":"https:\/\/paulrivera.it\/fr\/#\/schema\/logo\/image\/","url":"https:\/\/paulrivera.it\/wp-content\/uploads\/2020\/02\/paul_rivera_logo_header_x2.png","contentUrl":"https:\/\/paulrivera.it\/wp-content\/uploads\/2020\/02\/paul_rivera_logo_header_x2.png","width":470,"height":60,"caption":"Paul Rivera"},"image":{"@id":"https:\/\/paulrivera.it\/fr\/#\/schema\/logo\/image\/"}}]}},"_links":{"self":[{"href":"https:\/\/paulrivera.it\/fr\/wp-json\/wp\/v2\/product\/10370","targetHints":{"allow":["GET"]}}],"collection":[{"href":"https:\/\/paulrivera.it\/fr\/wp-json\/wp\/v2\/product"}],"about":[{"href":"https:\/\/paulrivera.it\/fr\/wp-json\/wp\/v2\/types\/product"}],"wp:featuredmedia":[{"embeddable":true,"href":"https:\/\/paulrivera.it\/fr\/wp-json\/wp\/v2\/media\/9551"}],"wp:attachment":[{"href":"https:\/\/paulrivera.it\/fr\/wp-json\/wp\/v2\/media?parent=10370"}],"wp:term":[{"taxonomy":"product_brand","embeddable":true,"href":"https:\/\/paulrivera.it\/fr\/wp-json\/wp\/v2\/product_brand?post=10370"},{"taxonomy":"product_cat","embeddable":true,"href":"https:\/\/paulrivera.it\/fr\/wp-json\/wp\/v2\/product_cat?post=10370"},{"taxonomy":"product_tag","embeddable":true,"href":"https:\/\/paulrivera.it\/fr\/wp-json\/wp\/v2\/product_tag?post=10370"}],"curies":[{"name":"wp","href":"https:\/\/api.w.org\/{rel}","templated":true}]}}