{"id":10379,"date":"2020-02-18T09:15:57","date_gmt":"2020-02-18T08:15:57","guid":{"rendered":"https:\/\/paulrivera.it\/product\/irida-creme-colorante-sans-ammoniaque\/"},"modified":"2024-05-13T15:04:10","modified_gmt":"2024-05-13T13:04:10","slug":"irida-creme-colorante-sans-ammoniaque","status":"publish","type":"product","link":"https:\/\/paulrivera.it\/fr\/prodotti\/coloration\/irida-creme-colorante-sans-ammoniaque\/","title":{"rendered":"Irida &#8211; Cr\u00e8me Colorante Sans Ammoniaque"},"content":{"rendered":"<div class=\"wpb-content-wrapper\"><p>[vc_row full_width=&#8221;stretch_row&#8221;][vc_column][vc_row_inner el_id=&#8221;desktop&#8221;][vc_column_inner width=&#8221;1\/2&#8243; css=&#8221;.vc_custom_1583137813038{padding-right: 10% !important;padding-left: 30% !important;}&#8221; offset=&#8221;vc_hidden-md vc_hidden-sm vc_hidden-xs&#8221;][vc_column_text]<\/p>\n<h1><span style=\"font-size: 28px;\">Les bonnes raisons de l&#8217;aimer<\/span><\/h1>\n<ul>\n<li style=\"font-weight: 400;\" aria-level=\"1\"><span style=\"font-weight: 400;\">Offre une intensit\u00e9 de couleur maximale<\/span><\/li>\n<li style=\"font-weight: 400;\" aria-level=\"1\"><span style=\"font-weight: 400;\">Formule sans ammoniaque<\/span><\/li>\n<li style=\"font-weight: 400;\" aria-level=\"1\"><span style=\"font-weight: 400;\">Parfum d\u00e9licat<\/span><\/li>\n<li style=\"font-weight: 400;\" aria-level=\"1\"><span style=\"font-weight: 400;\">Couvre parfaitement les cheveux blancs<\/span><\/li>\n<li style=\"font-weight: 400;\" aria-level=\"1\"><span style=\"font-weight: 400;\">Permet des \u00e9claircissements au-del\u00e0 de 3 tons<\/span><\/li>\n<\/ul>\n<p>[\/vc_column_text][vc_column_text]<\/p>\n<h1><span style=\"font-size: 28px;\">Les principes actifs de la formule<\/span><\/h1>\n<ul>\n<li style=\"font-weight: 400;\" aria-level=\"1\"><span style=\"font-weight: 400;\">Huile de Macadamia : gr\u00e2ce \u00e0 ses propri\u00e9t\u00e9s \u00e9mollientes, anti-oxydantes et r\u00e9g\u00e9n\u00e9rantes, elle est parfaite pour redonner hydratation et douceur.<\/span><\/li>\n<li style=\"font-weight: 400;\" aria-level=\"1\"><span style=\"font-weight: 400;\">Extraits d&#8217;Orchid\u00e9e : riche en min\u00e9raux et polysaccharides, l&#8217;orchid\u00e9e hydrate et adoucit, en aidant \u00e0 garder la fibre capillaire jeune, gr\u00e2ce \u00e0 son action r\u00e9g\u00e9n\u00e9rante.<\/span><\/li>\n<li style=\"font-weight: 400;\" aria-level=\"1\"><span style=\"font-weight: 400;\">Aloe Vera : ses incroyables vertus th\u00e9rapeutiques font de l&#8217;Aloe Vera une plante tr\u00e8s utile dans le domaine cosm\u00e9tique : elle est hydratante, antioxydante, cicatrisante et r\u00e9\u00e9pith\u00e9lisante (facilite la r\u00e9g\u00e9n\u00e9ration cellulaire).<\/span><\/li>\n<\/ul>\n<p>[\/vc_column_text][vc_column_text]<\/p>\n<h1><span style=\"font-size: 28px;\">Mode d&#8217;emploi<\/span><\/h1>\n<p><span style=\"font-weight: 400;\">Dans un bol non m\u00e9tallique, m\u00e9langer la Cr\u00e8me Colorante Irida avec l&#8217;\u00c9mulsion Oxydante Ultra Vox choisie selon le ratio (1:1,5). NB : Ce produit est exclusivement pr\u00e9vu pour un usage professionnel.<\/span>[\/vc_column_text][\/vc_column_inner][vc_column_inner width=&#8221;1\/2&#8243; css=&#8221;.vc_custom_1592814491559{background-image: url(https:\/\/paulrivera.it\/wp-content\/uploads\/2020\/06\/background_adv_produc_optica_home.jpg?id=1321) !important;background-position: center !important;background-repeat: no-repeat !important;background-size: cover !important;}&#8221; offset=&#8221;vc_hidden-md vc_hidden-sm vc_hidden-xs&#8221;][vc_single_image image=&#8221;9871&#8243; img_size=&#8221;large&#8221; alignment=&#8221;center&#8221;][\/vc_column_inner][\/vc_row_inner][vc_row_inner el_id=&#8221;tablet&#8221;][vc_column_inner offset=&#8221;vc_hidden-lg vc_hidden-xs&#8221;][vc_column_text]<\/p>\n<h1><span style=\"font-size: 28px;\">Les bonnes raisons de l&#8217;aimer<\/span><\/h1>\n<ul>\n<li style=\"font-weight: 400;\" aria-level=\"1\"><span style=\"font-weight: 400;\">Offre une intensit\u00e9 de couleur maximale<\/span><\/li>\n<li style=\"font-weight: 400;\" aria-level=\"1\"><span style=\"font-weight: 400;\">Formule sans ammoniaque<\/span><\/li>\n<li style=\"font-weight: 400;\" aria-level=\"1\"><span style=\"font-weight: 400;\">Parfum d\u00e9licat<\/span><\/li>\n<li style=\"font-weight: 400;\" aria-level=\"1\"><span style=\"font-weight: 400;\">Couvre parfaitement les cheveux blancs<\/span><\/li>\n<li style=\"font-weight: 400;\" aria-level=\"1\"><span style=\"font-weight: 400;\">Permet des \u00e9claircissements au-del\u00e0 de 3 tons<\/span><\/li>\n<\/ul>\n<p>[\/vc_column_text][vc_column_text]<\/p>\n<h1><span style=\"font-size: 28px;\">Les principes actifs de la formule<\/span><\/h1>\n<ul>\n<li style=\"font-weight: 400;\" aria-level=\"1\"><span style=\"font-weight: 400;\">Huile de Macadamia : gr\u00e2ce \u00e0 ses propri\u00e9t\u00e9s \u00e9mollientes, anti-oxydantes et r\u00e9g\u00e9n\u00e9rantes, elle est parfaite pour redonner hydratation et douceur.<\/span><\/li>\n<li style=\"font-weight: 400;\" aria-level=\"1\"><span style=\"font-weight: 400;\">Extraits d&#8217;Orchid\u00e9e : riche en min\u00e9raux et polysaccharides, l&#8217;orchid\u00e9e hydrate et adoucit, en aidant \u00e0 garder la fibre capillaire jeune, gr\u00e2ce \u00e0 son action r\u00e9g\u00e9n\u00e9rante.<\/span><\/li>\n<li style=\"font-weight: 400;\" aria-level=\"1\"><span style=\"font-weight: 400;\">Aloe Vera : ses incroyables vertus th\u00e9rapeutiques font de l&#8217;Aloe Vera une plante tr\u00e8s utile dans le domaine cosm\u00e9tique : elle est hydratante, antioxydante, cicatrisante et r\u00e9\u00e9pith\u00e9lisante (facilite la r\u00e9g\u00e9n\u00e9ration cellulaire).<\/span><\/li>\n<\/ul>\n<p>[\/vc_column_text][vc_column_text]<\/p>\n<h1><span style=\"font-size: 28px;\">Mode d&#8217;emploi<\/span><\/h1>\n<p><span style=\"font-weight: 400;\">Dans un bol non m\u00e9tallique, m\u00e9langer la Cr\u00e8me Colorante Irida avec l&#8217;\u00c9mulsion Oxydante Ultra Vox choisie selon le ratio (1:1,5). NB : Ce produit est exclusivement pr\u00e9vu pour un usage professionnel.<\/span>[\/vc_column_text][\/vc_column_inner][\/vc_row_inner][vc_row_inner el_id=&#8221;mobile&#8221;][vc_column_inner width=&#8221;1\/2&#8243; offset=&#8221;vc_hidden-lg vc_hidden-md vc_hidden-sm&#8221;][vc_column_text]<\/p>\n<h1><span style=\"font-size: 28px;\">Les bonnes raisons de l&#8217;aimer<\/span><\/h1>\n<ul>\n<li style=\"font-weight: 400;\" aria-level=\"1\"><span style=\"font-weight: 400;\">Offre une intensit\u00e9 de couleur maximale<\/span><\/li>\n<li style=\"font-weight: 400;\" aria-level=\"1\"><span style=\"font-weight: 400;\">Formule sans ammoniaque<\/span><\/li>\n<li style=\"font-weight: 400;\" aria-level=\"1\"><span style=\"font-weight: 400;\">Parfum d\u00e9licat<\/span><\/li>\n<li style=\"font-weight: 400;\" aria-level=\"1\"><span style=\"font-weight: 400;\">Couvre parfaitement les cheveux blancs<\/span><\/li>\n<li style=\"font-weight: 400;\" aria-level=\"1\"><span style=\"font-weight: 400;\">Permet des \u00e9claircissements au-del\u00e0 de 3 tons<\/span><\/li>\n<\/ul>\n<p>[\/vc_column_text][vc_column_text]<\/p>\n<h1><span style=\"font-size: 28px;\">Les principes actifs de la formule<\/span><\/h1>\n<ul>\n<li style=\"font-weight: 400;\" aria-level=\"1\"><span style=\"font-weight: 400;\">Huile de Macadamia : gr\u00e2ce \u00e0 ses propri\u00e9t\u00e9s \u00e9mollientes, anti-oxydantes et r\u00e9g\u00e9n\u00e9rantes, elle est parfaite pour redonner hydratation et douceur.<\/span><\/li>\n<li style=\"font-weight: 400;\" aria-level=\"1\"><span style=\"font-weight: 400;\">Extraits d&#8217;Orchid\u00e9e : riche en min\u00e9raux et polysaccharides, l&#8217;orchid\u00e9e hydrate et adoucit, en aidant \u00e0 garder la fibre capillaire jeune, gr\u00e2ce \u00e0 son action r\u00e9g\u00e9n\u00e9rante.<\/span><\/li>\n<li style=\"font-weight: 400;\" aria-level=\"1\"><span style=\"font-weight: 400;\">Aloe Vera : ses incroyables vertus th\u00e9rapeutiques font de l&#8217;Aloe Vera une plante tr\u00e8s utile dans le domaine cosm\u00e9tique : elle est hydratante, antioxydante, cicatrisante et r\u00e9\u00e9pith\u00e9lisante (facilite la r\u00e9g\u00e9n\u00e9ration cellulaire).<\/span><\/li>\n<\/ul>\n<p>[\/vc_column_text][vc_column_text]<\/p>\n<h1><span style=\"font-size: 28px;\">Mode d&#8217;emploi<\/span><\/h1>\n<p><span style=\"font-weight: 400;\">Dans un bol non m\u00e9tallique, m\u00e9langer la Cr\u00e8me Colorante Irida avec l&#8217;\u00c9mulsion Oxydante Ultra Vox choisie selon le ratio (1:1,5). NB : Ce produit est exclusivement pr\u00e9vu pour un usage professionnel.<\/span>[\/vc_column_text][\/vc_column_inner][vc_column_inner width=&#8221;1\/2&#8243; css=&#8221;.vc_custom_1592814502167{background-image: url(https:\/\/paulrivera.it\/wp-content\/uploads\/2020\/06\/background_adv_produc_optica_home.jpg?id=1321) !important;background-position: center !important;background-repeat: no-repeat !important;background-size: cover !important;}&#8221; offset=&#8221;vc_hidden-lg vc_hidden-md vc_hidden-sm&#8221;][vc_single_image image=&#8221;9871&#8243; img_size=&#8221;large&#8221; alignment=&#8221;center&#8221;][\/vc_column_inner][\/vc_row_inner][\/vc_column][\/vc_row][vc_row css=&#8221;.vc_custom_1582192829011{padding-top: 50px !important;}&#8221;][vc_column][vc_row_inner][vc_column_inner][vc_column_text]<\/p>\n<h1 style=\"text-align: center;\">Vous aimerez aussi<\/h1>\n<p>[\/vc_column_text][\/vc_column_inner][\/vc_row_inner][vc_raw_html]W3dwYi1wcm9kdWN0LXNsaWRlci1zaG9ydGNvZGUgaWQ9IjE2MSJd[\/vc_raw_html][\/vc_column][\/vc_row]<\/p>\n<\/div>","protected":false},"excerpt":{"rendered":"<p><span style=\"font-weight: 400;\">Le secret de la<\/span><b> cr\u00e8me colorante Irida ? Sa formule sans ammoniaque<\/b><span style=\"font-weight: 400;\"> qui donne des cheveux aux reflets lumineux et multifacettes, en toute douceur. Elle assure<\/span><b> plus de 3 tons d&#8217;\u00e9claircissement<\/b><span style=\"font-weight: 400;\">.<\/span><\/p>\n<p><span style=\"font-weight: 400;\">Gr\u00e2ce \u00e0 sa technologie innovante \u00e0 base<\/span><b>\u00a0 d&#8217;Huile de macadamia, d&#8217;extraits d&#8217;orchid\u00e9es et d&#8217;Aloe vera<\/b><span style=\"font-weight: 400;\">, Irida r\u00e9g\u00e9n\u00e8re et prot\u00e8ge les cheveux pendant les soins particuliers. <\/span><b>Formule non agressive<\/b><span style=\"font-weight: 400;\"> et pigments hautement colorants, le mix parfait qui permet de<\/span><b> cr\u00e9er des jeux de lumi\u00e8re<\/b><span style=\"font-weight: 400;\"> et d&#8217;offrir une<\/span><b> couleur longue dur\u00e9e<\/b><span style=\"font-weight: 400;\">.<\/span><\/p>\n<p><span style=\"font-weight: 400;\">100 ml<\/span><\/p>\n<p><span style=\"font-weight: 400;\">50 nuances r\u00e9parties en 9 familles<\/span><\/p>\n<p><span style=\"font-weight: 400;\">Mixing 1:1,5<\/span><\/p>\n<p>&nbsp;<\/p>\n[maxbutton id=\"5\"]\n","protected":false},"featured_media":9545,"template":"","meta":[],"product_brand":[],"product_cat":[1305],"product_tag":[],"class_list":{"0":"post-10379","1":"product","2":"type-product","3":"status-publish","4":"has-post-thumbnail","6":"product_cat-coloration","7":"description-off","9":"first","10":"instock","11":"shipping-taxable","12":"purchasable","13":"product-type-variable"},"yoast_head":"<!-- This site is optimized with the Yoast SEO plugin v27.2 - https:\/\/yoast.com\/product\/yoast-seo-wordpress\/ -->\n<title>Irida - Cr\u00e8me Colorante Sans Ammoniaque<\/title>\n<meta name=\"description\" content=\"Le secret de la cr\u00e8me colorante Irida ? Sa formule sans ammoniaque qui donne des cheveux aux reflets lumineux et multifacettes, en toute douceur.\" \/>\n<meta name=\"robots\" content=\"index, follow, max-snippet:-1, max-image-preview:large, max-video-preview:-1\" \/>\n<link rel=\"canonical\" href=\"https:\/\/paulrivera.it\/fr\/prodotti\/coloration\/irida-creme-colorante-sans-ammoniaque\/\" \/>\n<meta property=\"og:locale\" content=\"fr_FR\" \/>\n<meta property=\"og:type\" content=\"article\" \/>\n<meta property=\"og:title\" content=\"Irida - Cr\u00e8me Colorante Sans Ammoniaque\" \/>\n<meta property=\"og:description\" content=\"Le secret de la cr\u00e8me colorante Irida ? Sa formule sans ammoniaque qui donne des cheveux aux reflets lumineux et multifacettes, en toute douceur.\" \/>\n<meta property=\"og:url\" content=\"https:\/\/paulrivera.it\/fr\/prodotti\/coloration\/irida-creme-colorante-sans-ammoniaque\/\" \/>\n<meta property=\"og:site_name\" content=\"Paul Rivera\" \/>\n<meta property=\"article:modified_time\" content=\"2024-05-13T13:04:10+00:00\" \/>\n<meta property=\"og:image\" content=\"https:\/\/paulrivera.it\/wp-content\/uploads\/2020\/02\/602503_paul_rivera_irida_hair_color_cream_ammonia_free_100ml.png\" \/>\n\t<meta property=\"og:image:width\" content=\"800\" \/>\n\t<meta property=\"og:image:height\" content=\"800\" \/>\n\t<meta property=\"og:image:type\" content=\"image\/png\" \/>\n<meta name=\"twitter:card\" content=\"summary_large_image\" \/>\n<meta name=\"twitter:label1\" content=\"Est. reading time\" \/>\n\t<meta name=\"twitter:data1\" content=\"3 minutes\" \/>\n<script type=\"application\/ld+json\" class=\"yoast-schema-graph\">{\"@context\":\"https:\/\/schema.org\",\"@graph\":[{\"@type\":\"WebPage\",\"@id\":\"https:\/\/paulrivera.it\/fr\/prodotti\/coloration\/irida-creme-colorante-sans-ammoniaque\/\",\"url\":\"https:\/\/paulrivera.it\/fr\/prodotti\/coloration\/irida-creme-colorante-sans-ammoniaque\/\",\"name\":\"Irida - Cr\u00e8me Colorante Sans Ammoniaque\",\"isPartOf\":{\"@id\":\"https:\/\/paulrivera.it\/fr\/#website\"},\"primaryImageOfPage\":{\"@id\":\"https:\/\/paulrivera.it\/fr\/prodotti\/coloration\/irida-creme-colorante-sans-ammoniaque\/#primaryimage\"},\"image\":{\"@id\":\"https:\/\/paulrivera.it\/fr\/prodotti\/coloration\/irida-creme-colorante-sans-ammoniaque\/#primaryimage\"},\"thumbnailUrl\":\"https:\/\/paulrivera.it\/wp-content\/uploads\/2020\/02\/602503_paul_rivera_irida_hair_color_cream_ammonia_free_100ml.png\",\"datePublished\":\"2020-02-18T08:15:57+00:00\",\"dateModified\":\"2024-05-13T13:04:10+00:00\",\"description\":\"Le secret de la cr\u00e8me colorante Irida ? Sa formule sans ammoniaque qui donne des cheveux aux reflets lumineux et multifacettes, en toute douceur.\",\"breadcrumb\":{\"@id\":\"https:\/\/paulrivera.it\/fr\/prodotti\/coloration\/irida-creme-colorante-sans-ammoniaque\/#breadcrumb\"},\"inLanguage\":\"fr-FR\",\"potentialAction\":[{\"@type\":\"ReadAction\",\"target\":[\"https:\/\/paulrivera.it\/fr\/prodotti\/coloration\/irida-creme-colorante-sans-ammoniaque\/\"]}]},{\"@type\":\"ImageObject\",\"inLanguage\":\"fr-FR\",\"@id\":\"https:\/\/paulrivera.it\/fr\/prodotti\/coloration\/irida-creme-colorante-sans-ammoniaque\/#primaryimage\",\"url\":\"https:\/\/paulrivera.it\/wp-content\/uploads\/2020\/02\/602503_paul_rivera_irida_hair_color_cream_ammonia_free_100ml.png\",\"contentUrl\":\"https:\/\/paulrivera.it\/wp-content\/uploads\/2020\/02\/602503_paul_rivera_irida_hair_color_cream_ammonia_free_100ml.png\",\"width\":800,\"height\":800},{\"@type\":\"BreadcrumbList\",\"@id\":\"https:\/\/paulrivera.it\/fr\/prodotti\/coloration\/irida-creme-colorante-sans-ammoniaque\/#breadcrumb\",\"itemListElement\":[{\"@type\":\"ListItem\",\"position\":1,\"name\":\"Home\",\"item\":\"https:\/\/paulrivera.it\/fr\/\"},{\"@type\":\"ListItem\",\"position\":2,\"name\":\"Pagina shop\",\"item\":\"https:\/\/paulrivera.it\/prodotti\/\"},{\"@type\":\"ListItem\",\"position\":3,\"name\":\"Irida &#8211; Cr\u00e8me Colorante Sans Ammoniaque\"}]},{\"@type\":\"WebSite\",\"@id\":\"https:\/\/paulrivera.it\/fr\/#website\",\"url\":\"https:\/\/paulrivera.it\/fr\/\",\"name\":\"Paul Rivera\",\"description\":\"Hair Beauty Celebration\",\"publisher\":{\"@id\":\"https:\/\/paulrivera.it\/fr\/#organization\"},\"potentialAction\":[{\"@type\":\"SearchAction\",\"target\":{\"@type\":\"EntryPoint\",\"urlTemplate\":\"https:\/\/paulrivera.it\/fr\/?s={search_term_string}\"},\"query-input\":{\"@type\":\"PropertyValueSpecification\",\"valueRequired\":true,\"valueName\":\"search_term_string\"}}],\"inLanguage\":\"fr-FR\"},{\"@type\":\"Organization\",\"@id\":\"https:\/\/paulrivera.it\/fr\/#organization\",\"name\":\"Paul Rivera\",\"url\":\"https:\/\/paulrivera.it\/fr\/\",\"logo\":{\"@type\":\"ImageObject\",\"inLanguage\":\"fr-FR\",\"@id\":\"https:\/\/paulrivera.it\/fr\/#\/schema\/logo\/image\/\",\"url\":\"https:\/\/paulrivera.it\/wp-content\/uploads\/2020\/02\/paul_rivera_logo_header_x2.png\",\"contentUrl\":\"https:\/\/paulrivera.it\/wp-content\/uploads\/2020\/02\/paul_rivera_logo_header_x2.png\",\"width\":470,\"height\":60,\"caption\":\"Paul Rivera\"},\"image\":{\"@id\":\"https:\/\/paulrivera.it\/fr\/#\/schema\/logo\/image\/\"}}]}<\/script>\n<!-- \/ Yoast SEO plugin. -->","yoast_head_json":{"title":"Irida - Cr\u00e8me Colorante Sans Ammoniaque","description":"Le secret de la cr\u00e8me colorante Irida ? Sa formule sans ammoniaque qui donne des cheveux aux reflets lumineux et multifacettes, en toute douceur.","robots":{"index":"index","follow":"follow","max-snippet":"max-snippet:-1","max-image-preview":"max-image-preview:large","max-video-preview":"max-video-preview:-1"},"canonical":"https:\/\/paulrivera.it\/fr\/prodotti\/coloration\/irida-creme-colorante-sans-ammoniaque\/","og_locale":"fr_FR","og_type":"article","og_title":"Irida - Cr\u00e8me Colorante Sans Ammoniaque","og_description":"Le secret de la cr\u00e8me colorante Irida ? Sa formule sans ammoniaque qui donne des cheveux aux reflets lumineux et multifacettes, en toute douceur.","og_url":"https:\/\/paulrivera.it\/fr\/prodotti\/coloration\/irida-creme-colorante-sans-ammoniaque\/","og_site_name":"Paul Rivera","article_modified_time":"2024-05-13T13:04:10+00:00","og_image":[{"width":800,"height":800,"url":"https:\/\/paulrivera.it\/wp-content\/uploads\/2020\/02\/602503_paul_rivera_irida_hair_color_cream_ammonia_free_100ml.png","type":"image\/png"}],"twitter_card":"summary_large_image","twitter_misc":{"Est. reading time":"3 minutes"},"schema":{"@context":"https:\/\/schema.org","@graph":[{"@type":"WebPage","@id":"https:\/\/paulrivera.it\/fr\/prodotti\/coloration\/irida-creme-colorante-sans-ammoniaque\/","url":"https:\/\/paulrivera.it\/fr\/prodotti\/coloration\/irida-creme-colorante-sans-ammoniaque\/","name":"Irida - Cr\u00e8me Colorante Sans Ammoniaque","isPartOf":{"@id":"https:\/\/paulrivera.it\/fr\/#website"},"primaryImageOfPage":{"@id":"https:\/\/paulrivera.it\/fr\/prodotti\/coloration\/irida-creme-colorante-sans-ammoniaque\/#primaryimage"},"image":{"@id":"https:\/\/paulrivera.it\/fr\/prodotti\/coloration\/irida-creme-colorante-sans-ammoniaque\/#primaryimage"},"thumbnailUrl":"https:\/\/paulrivera.it\/wp-content\/uploads\/2020\/02\/602503_paul_rivera_irida_hair_color_cream_ammonia_free_100ml.png","datePublished":"2020-02-18T08:15:57+00:00","dateModified":"2024-05-13T13:04:10+00:00","description":"Le secret de la cr\u00e8me colorante Irida ? Sa formule sans ammoniaque qui donne des cheveux aux reflets lumineux et multifacettes, en toute douceur.","breadcrumb":{"@id":"https:\/\/paulrivera.it\/fr\/prodotti\/coloration\/irida-creme-colorante-sans-ammoniaque\/#breadcrumb"},"inLanguage":"fr-FR","potentialAction":[{"@type":"ReadAction","target":["https:\/\/paulrivera.it\/fr\/prodotti\/coloration\/irida-creme-colorante-sans-ammoniaque\/"]}]},{"@type":"ImageObject","inLanguage":"fr-FR","@id":"https:\/\/paulrivera.it\/fr\/prodotti\/coloration\/irida-creme-colorante-sans-ammoniaque\/#primaryimage","url":"https:\/\/paulrivera.it\/wp-content\/uploads\/2020\/02\/602503_paul_rivera_irida_hair_color_cream_ammonia_free_100ml.png","contentUrl":"https:\/\/paulrivera.it\/wp-content\/uploads\/2020\/02\/602503_paul_rivera_irida_hair_color_cream_ammonia_free_100ml.png","width":800,"height":800},{"@type":"BreadcrumbList","@id":"https:\/\/paulrivera.it\/fr\/prodotti\/coloration\/irida-creme-colorante-sans-ammoniaque\/#breadcrumb","itemListElement":[{"@type":"ListItem","position":1,"name":"Home","item":"https:\/\/paulrivera.it\/fr\/"},{"@type":"ListItem","position":2,"name":"Pagina shop","item":"https:\/\/paulrivera.it\/prodotti\/"},{"@type":"ListItem","position":3,"name":"Irida &#8211; Cr\u00e8me Colorante Sans Ammoniaque"}]},{"@type":"WebSite","@id":"https:\/\/paulrivera.it\/fr\/#website","url":"https:\/\/paulrivera.it\/fr\/","name":"Paul Rivera","description":"Hair Beauty Celebration","publisher":{"@id":"https:\/\/paulrivera.it\/fr\/#organization"},"potentialAction":[{"@type":"SearchAction","target":{"@type":"EntryPoint","urlTemplate":"https:\/\/paulrivera.it\/fr\/?s={search_term_string}"},"query-input":{"@type":"PropertyValueSpecification","valueRequired":true,"valueName":"search_term_string"}}],"inLanguage":"fr-FR"},{"@type":"Organization","@id":"https:\/\/paulrivera.it\/fr\/#organization","name":"Paul Rivera","url":"https:\/\/paulrivera.it\/fr\/","logo":{"@type":"ImageObject","inLanguage":"fr-FR","@id":"https:\/\/paulrivera.it\/fr\/#\/schema\/logo\/image\/","url":"https:\/\/paulrivera.it\/wp-content\/uploads\/2020\/02\/paul_rivera_logo_header_x2.png","contentUrl":"https:\/\/paulrivera.it\/wp-content\/uploads\/2020\/02\/paul_rivera_logo_header_x2.png","width":470,"height":60,"caption":"Paul Rivera"},"image":{"@id":"https:\/\/paulrivera.it\/fr\/#\/schema\/logo\/image\/"}}]}},"_links":{"self":[{"href":"https:\/\/paulrivera.it\/fr\/wp-json\/wp\/v2\/product\/10379","targetHints":{"allow":["GET"]}}],"collection":[{"href":"https:\/\/paulrivera.it\/fr\/wp-json\/wp\/v2\/product"}],"about":[{"href":"https:\/\/paulrivera.it\/fr\/wp-json\/wp\/v2\/types\/product"}],"wp:featuredmedia":[{"embeddable":true,"href":"https:\/\/paulrivera.it\/fr\/wp-json\/wp\/v2\/media\/9545"}],"wp:attachment":[{"href":"https:\/\/paulrivera.it\/fr\/wp-json\/wp\/v2\/media?parent=10379"}],"wp:term":[{"taxonomy":"product_brand","embeddable":true,"href":"https:\/\/paulrivera.it\/fr\/wp-json\/wp\/v2\/product_brand?post=10379"},{"taxonomy":"product_cat","embeddable":true,"href":"https:\/\/paulrivera.it\/fr\/wp-json\/wp\/v2\/product_cat?post=10379"},{"taxonomy":"product_tag","embeddable":true,"href":"https:\/\/paulrivera.it\/fr\/wp-json\/wp\/v2\/product_tag?post=10379"}],"curies":[{"name":"wp","href":"https:\/\/api.w.org\/{rel}","templated":true}]}}