{"id":10553,"date":"2020-02-18T09:52:15","date_gmt":"2020-02-18T08:52:15","guid":{"rendered":"https:\/\/paulrivera.it\/product\/onda-rock-creme-definition-boucles\/"},"modified":"2024-05-13T14:38:14","modified_gmt":"2024-05-13T12:38:14","slug":"onda-rock-creme-definition-boucles","status":"publish","type":"product","link":"https:\/\/paulrivera.it\/fr\/prodotti\/finish-styling-fr\/onda-rock-creme-definition-boucles\/","title":{"rendered":"Onda Rock &#8211; Cr\u00e8me D\u00e9finition Boucles"},"content":{"rendered":"<div class=\"wpb-content-wrapper\"><p>[vc_row full_width=&#8221;stretch_row&#8221;][vc_column][vc_row_inner el_id=&#8221;desktop&#8221;][vc_column_inner width=&#8221;1\/2&#8243; css=&#8221;.vc_custom_1582194227194{padding-top: 10% !important;padding-right: 10% !important;padding-bottom: 10% !important;padding-left: 30% !important;}&#8221; offset=&#8221;vc_hidden-md vc_hidden-sm vc_hidden-xs&#8221;][vc_column_text]<br \/>\n<span style=\"font-size: 28px;\"><b>Les bonnes raisons de l&#8217;aimer<\/b><\/span><\/p>\n<ul>\n<li style=\"font-weight: 400;\" aria-level=\"1\"><span style=\"font-weight: 400;\">S\u00e9pare et d\u00e9finit parfaitement les boucles et les ondulations<\/span><\/li>\n<li style=\"font-weight: 400;\" aria-level=\"1\"><span style=\"font-weight: 400;\">Offre volume et \u00e9lasticit\u00e9<\/span><\/li>\n<li style=\"font-weight: 400;\" aria-level=\"1\"><span style=\"font-weight: 400;\">Ne colle pas et n&#8217;alourdit pas les cheveux<\/span><\/li>\n<\/ul>\n<p>[\/vc_column_text][vc_column_text]<br \/>\n<span style=\"font-size: 28px;\"><b>Les principes actifs de la formule<\/b><\/span><\/p>\n<ul>\n<li style=\"font-weight: 400;\" aria-level=\"1\"><span style=\"font-weight: 400;\">Huile d&#8217;avocat : acides gras, vitamines et sels min\u00e9raux font de l&#8217;Huile d&#8217;avocat un \u00e9lixir restructurant et hydratant pour les cheveux, aux qualit\u00e9s anti-frisottis incroyables.<\/span><\/li>\n<li style=\"font-weight: 400;\" aria-level=\"1\"><span style=\"font-weight: 400;\">Extrait de papaye : haut pouvoir antioxydant et anti-\u00e2ge, gr\u00e2ce \u00e0 la pr\u00e9sence de carot\u00e8ne, de vitamine C, de flavono\u00efdes et d&#8217;acides amin\u00e9s essentiels.<\/span><\/li>\n<\/ul>\n<p>[\/vc_column_text][vc_column_text]<br \/>\n<span style=\"font-size: 28px;\"><b>Mode d&#8217;emploi<\/b><\/span><\/p>\n<p><span style=\"font-weight: 400;\">R\u00e9partir la cr\u00e8me d\u00e9finition boucles sur cheveux essor\u00e9s et proc\u00e9der au coiffage, sans rincer.<\/span>[\/vc_column_text][\/vc_column_inner][vc_column_inner width=&#8221;1\/2&#8243; css=&#8221;.vc_custom_1582888748614{background-image: url(https:\/\/paulrivera.it\/wp-content\/uploads\/2020\/02\/background_adv_produc_onda_rock.png?id=922) !important;background-position: center !important;background-repeat: no-repeat !important;background-size: cover !important;}&#8221; offset=&#8221;vc_hidden-md vc_hidden-sm vc_hidden-xs&#8221;][vc_single_image image=&#8221;9811&#8243; img_size=&#8221;large&#8221; alignment=&#8221;center&#8221;][\/vc_column_inner][\/vc_row_inner][vc_row_inner el_id=&#8221;tablet&#8221;][vc_column_inner offset=&#8221;vc_hidden-lg vc_hidden-xs&#8221;][vc_column_text]<br \/>\n<span style=\"font-size: 28px;\"><b>Les bonnes raisons de l&#8217;aimer<\/b><\/span><\/p>\n<ul>\n<li style=\"font-weight: 400;\" aria-level=\"1\"><span style=\"font-weight: 400;\">S\u00e9pare et d\u00e9finit parfaitement les boucles et les ondulations<\/span><\/li>\n<li style=\"font-weight: 400;\" aria-level=\"1\"><span style=\"font-weight: 400;\">Offre volume et \u00e9lasticit\u00e9<\/span><\/li>\n<li style=\"font-weight: 400;\" aria-level=\"1\"><span style=\"font-weight: 400;\">Ne colle pas et n&#8217;alourdit pas les cheveux<\/span><\/li>\n<\/ul>\n<p>[\/vc_column_text][vc_column_text]<br \/>\n<span style=\"font-size: 28px;\"><b>Les principes actifs de la formule<\/b><\/span><\/p>\n<ul>\n<li style=\"font-weight: 400;\" aria-level=\"1\"><span style=\"font-weight: 400;\">Huile d&#8217;avocat : acides gras, vitamines et sels min\u00e9raux font de l&#8217;Huile d&#8217;avocat un \u00e9lixir restructurant et hydratant pour les cheveux, aux qualit\u00e9s anti-frisottis incroyables.<\/span><\/li>\n<li style=\"font-weight: 400;\" aria-level=\"1\"><span style=\"font-weight: 400;\">Extrait de papaye : haut pouvoir antioxydant et anti-\u00e2ge, gr\u00e2ce \u00e0 la pr\u00e9sence de carot\u00e8ne, de vitamine C, de flavono\u00efdes et d&#8217;acides amin\u00e9s essentiels.<\/span><\/li>\n<\/ul>\n<p>[\/vc_column_text][vc_column_text]<br \/>\n<span style=\"font-size: 28px;\"><b>Mode d&#8217;emploi<\/b><\/span><\/p>\n<p><span style=\"font-weight: 400;\">R\u00e9partir la cr\u00e8me d\u00e9finition boucles sur cheveux essor\u00e9s et proc\u00e9der au coiffage, sans rincer.<\/span>[\/vc_column_text][\/vc_column_inner][\/vc_row_inner][vc_row_inner el_id=&#8221;mobile&#8221;][vc_column_inner width=&#8221;1\/2&#8243; offset=&#8221;vc_hidden-lg vc_hidden-md vc_hidden-sm&#8221;][vc_column_text]<br \/>\n<span style=\"font-size: 28px;\"><b>Les bonnes raisons de l&#8217;aimer<\/b><\/span><\/p>\n<ul>\n<li style=\"font-weight: 400;\" aria-level=\"1\"><span style=\"font-weight: 400;\">S\u00e9pare et d\u00e9finit parfaitement les boucles et les ondulations<\/span><\/li>\n<li style=\"font-weight: 400;\" aria-level=\"1\"><span style=\"font-weight: 400;\">Offre volume et \u00e9lasticit\u00e9<\/span><\/li>\n<li style=\"font-weight: 400;\" aria-level=\"1\"><span style=\"font-weight: 400;\">Ne colle pas et n&#8217;alourdit pas les cheveux<\/span><\/li>\n<\/ul>\n<p>[\/vc_column_text][vc_column_text]<br \/>\n<span style=\"font-size: 28px;\"><b>Les principes actifs de la formule<\/b><\/span><\/p>\n<ul>\n<li style=\"font-weight: 400;\" aria-level=\"1\"><span style=\"font-weight: 400;\">Huile d&#8217;avocat : acides gras, vitamines et sels min\u00e9raux font de l&#8217;Huile d&#8217;avocat un \u00e9lixir restructurant et hydratant pour les cheveux, aux qualit\u00e9s anti-frisottis incroyables.<\/span><\/li>\n<li style=\"font-weight: 400;\" aria-level=\"1\"><span style=\"font-weight: 400;\">Extrait de papaye : haut pouvoir antioxydant et anti-\u00e2ge, gr\u00e2ce \u00e0 la pr\u00e9sence de carot\u00e8ne, de vitamine C, de flavono\u00efdes et d&#8217;acides amin\u00e9s essentiels.<\/span><\/li>\n<\/ul>\n<p>[\/vc_column_text][vc_column_text]<br \/>\n<span style=\"font-size: 28px;\"><b>Mode d&#8217;emploi<\/b><\/span><\/p>\n<p><span style=\"font-weight: 400;\">R\u00e9partir la cr\u00e8me d\u00e9finition boucles sur cheveux essor\u00e9s et proc\u00e9der au coiffage, sans rincer.<\/span>[\/vc_column_text][\/vc_column_inner][vc_column_inner width=&#8221;1\/2&#8243; css=&#8221;.vc_custom_1582888774253{background-image: url(https:\/\/paulrivera.it\/wp-content\/uploads\/2020\/02\/background_adv_produc_onda_rock.png?id=922) !important;background-position: center !important;background-repeat: no-repeat !important;background-size: cover !important;}&#8221; offset=&#8221;vc_hidden-lg vc_hidden-md vc_hidden-sm&#8221;][vc_single_image image=&#8221;9811&#8243; img_size=&#8221;large&#8221; alignment=&#8221;center&#8221;][\/vc_column_inner][\/vc_row_inner][\/vc_column][\/vc_row][vc_row css=&#8221;.vc_custom_1582192829011{padding-top: 50px !important;}&#8221;][vc_column][vc_row_inner][vc_column_inner][vc_column_text]<\/p>\n<h1 style=\"text-align: center;\">Vous aimerez aussi<\/h1>\n<p>[\/vc_column_text][\/vc_column_inner][\/vc_row_inner][vc_raw_html]W3dwYi1wcm9kdWN0LXNsaWRlci1zaG9ydGNvZGUgaWQ9IjE3MyJd[\/vc_raw_html][\/vc_column][\/vc_row]<\/p>\n<\/div>","protected":false},"excerpt":{"rendered":"<p><span style=\"font-weight: 400;\">Pour des boucles bien d\u00e9finies et des ondulations parfaitement s\u00e9par\u00e9es. La texture innovante de la<\/span><b> cr\u00e8me Onda Rock<\/b><span style=\"font-weight: 400;\"> active un effet m\u00e9moire qui offre<\/span><b> \u00e9lasticit\u00e9 et douceur \u00e0 la boucle<\/b><span style=\"font-weight: 400;\">, toute la journ\u00e9e : volumineux et ondul\u00e9s \u00e0 souhait, les cheveux boucl\u00e9s gardent leur aspect naturel.<\/span><\/p>\n<p><span style=\"font-weight: 400;\">Sa formule \u00e0 l&#8217;<\/span><b>huile d&#8217;avocat<\/b><span style=\"font-weight: 400;\"> et<\/span><b> \u00e0 l&#8217;extrait de papaye<\/b><span style=\"font-weight: 400;\"> neutralise les frisottis, en apportant hydratation, douceur et brillance \u00e0 la fibre. La cr\u00e8me garantit une tenue maximale et donne du corps m\u00eame aux boucles les plus rebelles, sans alourdir ni rigidifier.<\/span><\/p>\n<p><span style=\"font-weight: 400;\">100 ml<\/span><\/p>\n<p>&nbsp;<\/p>\n[maxbutton id=\"5\"]\n","protected":false},"featured_media":9560,"template":"","meta":[],"product_brand":[],"product_cat":[1306],"product_tag":[],"class_list":{"0":"post-10553","1":"product","2":"type-product","3":"status-publish","4":"has-post-thumbnail","6":"product_cat-finish-styling-fr","7":"description-off","9":"first","10":"instock","11":"shipping-taxable","12":"product-type-simple"},"yoast_head":"<!-- This site is optimized with the Yoast SEO plugin v27.2 - https:\/\/yoast.com\/product\/yoast-seo-wordpress\/ -->\n<title>Onda Rock - Cr\u00e8me D\u00e9finition Boucles<\/title>\n<meta name=\"description\" content=\"La texture innovante de la cr\u00e8me Onda Rock active un effet m\u00e9moire qui offre \u00e9lasticit\u00e9 et douceur \u00e0 la boucle\" \/>\n<meta name=\"robots\" content=\"index, follow, max-snippet:-1, max-image-preview:large, max-video-preview:-1\" \/>\n<link rel=\"canonical\" href=\"https:\/\/paulrivera.it\/fr\/prodotti\/finish-styling-fr\/onda-rock-creme-definition-boucles\/\" \/>\n<meta property=\"og:locale\" content=\"fr_FR\" \/>\n<meta property=\"og:type\" content=\"article\" \/>\n<meta property=\"og:title\" content=\"Onda Rock - Cr\u00e8me D\u00e9finition Boucles\" \/>\n<meta property=\"og:description\" content=\"La texture innovante de la cr\u00e8me Onda Rock active un effet m\u00e9moire qui offre \u00e9lasticit\u00e9 et douceur \u00e0 la boucle\" \/>\n<meta property=\"og:url\" content=\"https:\/\/paulrivera.it\/fr\/prodotti\/finish-styling-fr\/onda-rock-creme-definition-boucles\/\" \/>\n<meta property=\"og:site_name\" content=\"Paul Rivera\" \/>\n<meta property=\"article:modified_time\" content=\"2024-05-13T12:38:14+00:00\" \/>\n<meta property=\"og:image\" content=\"https:\/\/paulrivera.it\/wp-content\/uploads\/2020\/02\/606105_paul_rivera_onda_rock_defining_cream_200ml.png\" \/>\n\t<meta property=\"og:image:width\" content=\"800\" \/>\n\t<meta property=\"og:image:height\" content=\"800\" \/>\n\t<meta property=\"og:image:type\" content=\"image\/png\" \/>\n<meta name=\"twitter:card\" content=\"summary_large_image\" \/>\n<meta name=\"twitter:label1\" content=\"Est. reading time\" \/>\n\t<meta name=\"twitter:data1\" content=\"3 minutes\" \/>\n<script type=\"application\/ld+json\" class=\"yoast-schema-graph\">{\"@context\":\"https:\/\/schema.org\",\"@graph\":[{\"@type\":\"WebPage\",\"@id\":\"https:\/\/paulrivera.it\/fr\/prodotti\/finish-styling-fr\/onda-rock-creme-definition-boucles\/\",\"url\":\"https:\/\/paulrivera.it\/fr\/prodotti\/finish-styling-fr\/onda-rock-creme-definition-boucles\/\",\"name\":\"Onda Rock - Cr\u00e8me D\u00e9finition Boucles\",\"isPartOf\":{\"@id\":\"https:\/\/paulrivera.it\/fr\/#website\"},\"primaryImageOfPage\":{\"@id\":\"https:\/\/paulrivera.it\/fr\/prodotti\/finish-styling-fr\/onda-rock-creme-definition-boucles\/#primaryimage\"},\"image\":{\"@id\":\"https:\/\/paulrivera.it\/fr\/prodotti\/finish-styling-fr\/onda-rock-creme-definition-boucles\/#primaryimage\"},\"thumbnailUrl\":\"https:\/\/paulrivera.it\/wp-content\/uploads\/2020\/02\/606105_paul_rivera_onda_rock_defining_cream_200ml.png\",\"datePublished\":\"2020-02-18T08:52:15+00:00\",\"dateModified\":\"2024-05-13T12:38:14+00:00\",\"description\":\"La texture innovante de la cr\u00e8me Onda Rock active un effet m\u00e9moire qui offre \u00e9lasticit\u00e9 et douceur \u00e0 la boucle\",\"breadcrumb\":{\"@id\":\"https:\/\/paulrivera.it\/fr\/prodotti\/finish-styling-fr\/onda-rock-creme-definition-boucles\/#breadcrumb\"},\"inLanguage\":\"fr-FR\",\"potentialAction\":[{\"@type\":\"ReadAction\",\"target\":[\"https:\/\/paulrivera.it\/fr\/prodotti\/finish-styling-fr\/onda-rock-creme-definition-boucles\/\"]}]},{\"@type\":\"ImageObject\",\"inLanguage\":\"fr-FR\",\"@id\":\"https:\/\/paulrivera.it\/fr\/prodotti\/finish-styling-fr\/onda-rock-creme-definition-boucles\/#primaryimage\",\"url\":\"https:\/\/paulrivera.it\/wp-content\/uploads\/2020\/02\/606105_paul_rivera_onda_rock_defining_cream_200ml.png\",\"contentUrl\":\"https:\/\/paulrivera.it\/wp-content\/uploads\/2020\/02\/606105_paul_rivera_onda_rock_defining_cream_200ml.png\",\"width\":800,\"height\":800},{\"@type\":\"BreadcrumbList\",\"@id\":\"https:\/\/paulrivera.it\/fr\/prodotti\/finish-styling-fr\/onda-rock-creme-definition-boucles\/#breadcrumb\",\"itemListElement\":[{\"@type\":\"ListItem\",\"position\":1,\"name\":\"Home\",\"item\":\"https:\/\/paulrivera.it\/fr\/\"},{\"@type\":\"ListItem\",\"position\":2,\"name\":\"Pagina shop\",\"item\":\"https:\/\/paulrivera.it\/prodotti\/\"},{\"@type\":\"ListItem\",\"position\":3,\"name\":\"Onda Rock &#8211; Cr\u00e8me D\u00e9finition Boucles\"}]},{\"@type\":\"WebSite\",\"@id\":\"https:\/\/paulrivera.it\/fr\/#website\",\"url\":\"https:\/\/paulrivera.it\/fr\/\",\"name\":\"Paul Rivera\",\"description\":\"Hair Beauty Celebration\",\"publisher\":{\"@id\":\"https:\/\/paulrivera.it\/fr\/#organization\"},\"potentialAction\":[{\"@type\":\"SearchAction\",\"target\":{\"@type\":\"EntryPoint\",\"urlTemplate\":\"https:\/\/paulrivera.it\/fr\/?s={search_term_string}\"},\"query-input\":{\"@type\":\"PropertyValueSpecification\",\"valueRequired\":true,\"valueName\":\"search_term_string\"}}],\"inLanguage\":\"fr-FR\"},{\"@type\":\"Organization\",\"@id\":\"https:\/\/paulrivera.it\/fr\/#organization\",\"name\":\"Paul Rivera\",\"url\":\"https:\/\/paulrivera.it\/fr\/\",\"logo\":{\"@type\":\"ImageObject\",\"inLanguage\":\"fr-FR\",\"@id\":\"https:\/\/paulrivera.it\/fr\/#\/schema\/logo\/image\/\",\"url\":\"https:\/\/paulrivera.it\/wp-content\/uploads\/2020\/02\/paul_rivera_logo_header_x2.png\",\"contentUrl\":\"https:\/\/paulrivera.it\/wp-content\/uploads\/2020\/02\/paul_rivera_logo_header_x2.png\",\"width\":470,\"height\":60,\"caption\":\"Paul Rivera\"},\"image\":{\"@id\":\"https:\/\/paulrivera.it\/fr\/#\/schema\/logo\/image\/\"}}]}<\/script>\n<!-- \/ Yoast SEO plugin. -->","yoast_head_json":{"title":"Onda Rock - Cr\u00e8me D\u00e9finition Boucles","description":"La texture innovante de la cr\u00e8me Onda Rock active un effet m\u00e9moire qui offre \u00e9lasticit\u00e9 et douceur \u00e0 la boucle","robots":{"index":"index","follow":"follow","max-snippet":"max-snippet:-1","max-image-preview":"max-image-preview:large","max-video-preview":"max-video-preview:-1"},"canonical":"https:\/\/paulrivera.it\/fr\/prodotti\/finish-styling-fr\/onda-rock-creme-definition-boucles\/","og_locale":"fr_FR","og_type":"article","og_title":"Onda Rock - Cr\u00e8me D\u00e9finition Boucles","og_description":"La texture innovante de la cr\u00e8me Onda Rock active un effet m\u00e9moire qui offre \u00e9lasticit\u00e9 et douceur \u00e0 la boucle","og_url":"https:\/\/paulrivera.it\/fr\/prodotti\/finish-styling-fr\/onda-rock-creme-definition-boucles\/","og_site_name":"Paul Rivera","article_modified_time":"2024-05-13T12:38:14+00:00","og_image":[{"width":800,"height":800,"url":"https:\/\/paulrivera.it\/wp-content\/uploads\/2020\/02\/606105_paul_rivera_onda_rock_defining_cream_200ml.png","type":"image\/png"}],"twitter_card":"summary_large_image","twitter_misc":{"Est. reading time":"3 minutes"},"schema":{"@context":"https:\/\/schema.org","@graph":[{"@type":"WebPage","@id":"https:\/\/paulrivera.it\/fr\/prodotti\/finish-styling-fr\/onda-rock-creme-definition-boucles\/","url":"https:\/\/paulrivera.it\/fr\/prodotti\/finish-styling-fr\/onda-rock-creme-definition-boucles\/","name":"Onda Rock - Cr\u00e8me D\u00e9finition Boucles","isPartOf":{"@id":"https:\/\/paulrivera.it\/fr\/#website"},"primaryImageOfPage":{"@id":"https:\/\/paulrivera.it\/fr\/prodotti\/finish-styling-fr\/onda-rock-creme-definition-boucles\/#primaryimage"},"image":{"@id":"https:\/\/paulrivera.it\/fr\/prodotti\/finish-styling-fr\/onda-rock-creme-definition-boucles\/#primaryimage"},"thumbnailUrl":"https:\/\/paulrivera.it\/wp-content\/uploads\/2020\/02\/606105_paul_rivera_onda_rock_defining_cream_200ml.png","datePublished":"2020-02-18T08:52:15+00:00","dateModified":"2024-05-13T12:38:14+00:00","description":"La texture innovante de la cr\u00e8me Onda Rock active un effet m\u00e9moire qui offre \u00e9lasticit\u00e9 et douceur \u00e0 la boucle","breadcrumb":{"@id":"https:\/\/paulrivera.it\/fr\/prodotti\/finish-styling-fr\/onda-rock-creme-definition-boucles\/#breadcrumb"},"inLanguage":"fr-FR","potentialAction":[{"@type":"ReadAction","target":["https:\/\/paulrivera.it\/fr\/prodotti\/finish-styling-fr\/onda-rock-creme-definition-boucles\/"]}]},{"@type":"ImageObject","inLanguage":"fr-FR","@id":"https:\/\/paulrivera.it\/fr\/prodotti\/finish-styling-fr\/onda-rock-creme-definition-boucles\/#primaryimage","url":"https:\/\/paulrivera.it\/wp-content\/uploads\/2020\/02\/606105_paul_rivera_onda_rock_defining_cream_200ml.png","contentUrl":"https:\/\/paulrivera.it\/wp-content\/uploads\/2020\/02\/606105_paul_rivera_onda_rock_defining_cream_200ml.png","width":800,"height":800},{"@type":"BreadcrumbList","@id":"https:\/\/paulrivera.it\/fr\/prodotti\/finish-styling-fr\/onda-rock-creme-definition-boucles\/#breadcrumb","itemListElement":[{"@type":"ListItem","position":1,"name":"Home","item":"https:\/\/paulrivera.it\/fr\/"},{"@type":"ListItem","position":2,"name":"Pagina shop","item":"https:\/\/paulrivera.it\/prodotti\/"},{"@type":"ListItem","position":3,"name":"Onda Rock &#8211; Cr\u00e8me D\u00e9finition Boucles"}]},{"@type":"WebSite","@id":"https:\/\/paulrivera.it\/fr\/#website","url":"https:\/\/paulrivera.it\/fr\/","name":"Paul Rivera","description":"Hair Beauty Celebration","publisher":{"@id":"https:\/\/paulrivera.it\/fr\/#organization"},"potentialAction":[{"@type":"SearchAction","target":{"@type":"EntryPoint","urlTemplate":"https:\/\/paulrivera.it\/fr\/?s={search_term_string}"},"query-input":{"@type":"PropertyValueSpecification","valueRequired":true,"valueName":"search_term_string"}}],"inLanguage":"fr-FR"},{"@type":"Organization","@id":"https:\/\/paulrivera.it\/fr\/#organization","name":"Paul Rivera","url":"https:\/\/paulrivera.it\/fr\/","logo":{"@type":"ImageObject","inLanguage":"fr-FR","@id":"https:\/\/paulrivera.it\/fr\/#\/schema\/logo\/image\/","url":"https:\/\/paulrivera.it\/wp-content\/uploads\/2020\/02\/paul_rivera_logo_header_x2.png","contentUrl":"https:\/\/paulrivera.it\/wp-content\/uploads\/2020\/02\/paul_rivera_logo_header_x2.png","width":470,"height":60,"caption":"Paul Rivera"},"image":{"@id":"https:\/\/paulrivera.it\/fr\/#\/schema\/logo\/image\/"}}]}},"_links":{"self":[{"href":"https:\/\/paulrivera.it\/fr\/wp-json\/wp\/v2\/product\/10553","targetHints":{"allow":["GET"]}}],"collection":[{"href":"https:\/\/paulrivera.it\/fr\/wp-json\/wp\/v2\/product"}],"about":[{"href":"https:\/\/paulrivera.it\/fr\/wp-json\/wp\/v2\/types\/product"}],"wp:featuredmedia":[{"embeddable":true,"href":"https:\/\/paulrivera.it\/fr\/wp-json\/wp\/v2\/media\/9560"}],"wp:attachment":[{"href":"https:\/\/paulrivera.it\/fr\/wp-json\/wp\/v2\/media?parent=10553"}],"wp:term":[{"taxonomy":"product_brand","embeddable":true,"href":"https:\/\/paulrivera.it\/fr\/wp-json\/wp\/v2\/product_brand?post=10553"},{"taxonomy":"product_cat","embeddable":true,"href":"https:\/\/paulrivera.it\/fr\/wp-json\/wp\/v2\/product_cat?post=10553"},{"taxonomy":"product_tag","embeddable":true,"href":"https:\/\/paulrivera.it\/fr\/wp-json\/wp\/v2\/product_tag?post=10553"}],"curies":[{"name":"wp","href":"https:\/\/api.w.org\/{rel}","templated":true}]}}