{"id":10558,"date":"2020-02-18T09:50:14","date_gmt":"2020-02-18T08:50:14","guid":{"rendered":"https:\/\/paulrivera.it\/product\/clash-mousse-forte\/"},"modified":"2024-05-13T14:42:03","modified_gmt":"2024-05-13T12:42:03","slug":"clash-mousse-forte","status":"publish","type":"product","link":"https:\/\/paulrivera.it\/fr\/prodotti\/finish-styling-fr\/clash-mousse-forte\/","title":{"rendered":"Clash &#8211; Mousse forte"},"content":{"rendered":"<div class=\"wpb-content-wrapper\"><p>[vc_row full_width=&#8221;stretch_row&#8221;][vc_column][vc_row_inner el_id=&#8221;desktop&#8221;][vc_column_inner width=&#8221;1\/2&#8243; css=&#8221;.vc_custom_1582194227194{padding-top: 10% !important;padding-right: 10% !important;padding-bottom: 10% !important;padding-left: 30% !important;}&#8221; offset=&#8221;vc_hidden-md vc_hidden-sm vc_hidden-xs&#8221;][vc_column_text]<br \/>\n<span style=\"font-size: 28px;\"><b>Les bonnes raisons de l&#8217;aimer<\/b><\/span><\/p>\n<ul>\n<li style=\"font-weight: 400;\" aria-level=\"1\"><span style=\"font-weight: 400;\">D\u00e9finit et fa\u00e7onne la coiffure<\/span><\/li>\n<li style=\"font-weight: 400;\" aria-level=\"1\"><span style=\"font-weight: 400;\">Donne \u00e9lasticit\u00e9 et \u00e9clat aux cheveux<\/span><\/li>\n<li style=\"font-weight: 400;\" aria-level=\"1\"><span style=\"font-weight: 400;\">Ne durcit pas et s&#8217;\u00e9limine facilement<\/span><\/li>\n<\/ul>\n<p>[\/vc_column_text][vc_column_text]<br \/>\n<span style=\"font-size: 28px;\"><b>Les principes actifs de la formule<\/b><\/span><\/p>\n<ul>\n<li style=\"font-weight: 400;\" aria-level=\"1\"><span style=\"font-weight: 400;\">Huile d&#8217;avocat : acides gras, vitamines et sels min\u00e9raux font de l&#8217;Huile d&#8217;avocat un \u00e9lixir restructurant et hydratant pour les cheveux, aux qualit\u00e9s anti-frisottis incroyables.<\/span><\/li>\n<li style=\"font-weight: 400;\" aria-level=\"1\"><span style=\"font-weight: 400;\">Extrait de bleuet : il poss\u00e8de des propri\u00e9t\u00e9s d\u00e9congestionnantes, adoucissantes, apaisantes et hydratantes, gr\u00e2ce \u00e0 la pr\u00e9sence de flavono\u00efdes et d&#8217;anthocyanes.<\/span><\/li>\n<\/ul>\n<p>[\/vc_column_text][vc_column_text]<br \/>\n<span style=\"font-size: 28px;\"><b>Mode d&#8217;emploi<\/b><\/span><\/p>\n<p><span style=\"font-weight: 400;\">Agiter avant utilisation et appliquer sur cheveux essor\u00e9s ou secs. Donnez le style souhait\u00e9.<\/span>[\/vc_column_text][\/vc_column_inner][vc_column_inner width=&#8221;1\/2&#8243; css=&#8221;.vc_custom_1582889846159{background-image: url(https:\/\/paulrivera.it\/wp-content\/uploads\/2020\/02\/background_adv_produc_clash.png?id=909) !important;background-position: center !important;background-repeat: no-repeat !important;background-size: cover !important;}&#8221; offset=&#8221;vc_hidden-md vc_hidden-sm vc_hidden-xs&#8221;][vc_single_image image=&#8221;9798&#8243; img_size=&#8221;large&#8221; alignment=&#8221;center&#8221;][\/vc_column_inner][\/vc_row_inner][vc_row_inner el_id=&#8221;tablet&#8221;][vc_column_inner offset=&#8221;vc_hidden-lg vc_hidden-xs&#8221;][vc_column_text]<br \/>\n<span style=\"font-size: 28px;\"><b>Les bonnes raisons de l&#8217;aimer<\/b><\/span><\/p>\n<ul>\n<li style=\"font-weight: 400;\" aria-level=\"1\"><span style=\"font-weight: 400;\">D\u00e9finit et fa\u00e7onne la coiffure<\/span><\/li>\n<li style=\"font-weight: 400;\" aria-level=\"1\"><span style=\"font-weight: 400;\">Donne \u00e9lasticit\u00e9 et \u00e9clat aux cheveux<\/span><\/li>\n<li style=\"font-weight: 400;\" aria-level=\"1\"><span style=\"font-weight: 400;\">Ne durcit pas et s&#8217;\u00e9limine facilement<\/span><\/li>\n<\/ul>\n<p>[\/vc_column_text][vc_column_text]<br \/>\n<span style=\"font-size: 28px;\"><b>Les principes actifs de la formule<\/b><\/span><\/p>\n<ul>\n<li style=\"font-weight: 400;\" aria-level=\"1\"><span style=\"font-weight: 400;\">Huile d&#8217;avocat : acides gras, vitamines et sels min\u00e9raux font de l&#8217;Huile d&#8217;avocat un \u00e9lixir restructurant et hydratant pour les cheveux, aux qualit\u00e9s anti-frisottis incroyables.<\/span><\/li>\n<li style=\"font-weight: 400;\" aria-level=\"1\"><span style=\"font-weight: 400;\">Extrait de bleuet : il poss\u00e8de des propri\u00e9t\u00e9s d\u00e9congestionnantes, adoucissantes, apaisantes et hydratantes, gr\u00e2ce \u00e0 la pr\u00e9sence de flavono\u00efdes et d&#8217;anthocyanes.<\/span><\/li>\n<\/ul>\n<p>[\/vc_column_text][vc_column_text]<br \/>\n<span style=\"font-size: 28px;\"><b>Mode d&#8217;emploi<\/b><\/span><\/p>\n<p><span style=\"font-weight: 400;\">Agiter avant utilisation et appliquer sur cheveux essor\u00e9s ou secs. Donnez le style souhait\u00e9.<\/span>[\/vc_column_text][\/vc_column_inner][\/vc_row_inner][vc_row_inner el_id=&#8221;mobile&#8221;][vc_column_inner width=&#8221;1\/2&#8243; offset=&#8221;vc_hidden-lg vc_hidden-md vc_hidden-sm&#8221;][vc_column_text]<br \/>\n<span style=\"font-size: 28px;\"><b>Les bonnes raisons de l&#8217;aimer<\/b><\/span><\/p>\n<ul>\n<li style=\"font-weight: 400;\" aria-level=\"1\"><span style=\"font-weight: 400;\">D\u00e9finit et fa\u00e7onne la coiffure<\/span><\/li>\n<li style=\"font-weight: 400;\" aria-level=\"1\"><span style=\"font-weight: 400;\">Donne \u00e9lasticit\u00e9 et \u00e9clat aux cheveux<\/span><\/li>\n<li style=\"font-weight: 400;\" aria-level=\"1\"><span style=\"font-weight: 400;\">Ne durcit pas et s&#8217;\u00e9limine facilement<\/span><\/li>\n<\/ul>\n<p>[\/vc_column_text][vc_column_text]<br \/>\n<span style=\"font-size: 28px;\"><b>Les principes actifs de la formule<\/b><\/span><\/p>\n<ul>\n<li style=\"font-weight: 400;\" aria-level=\"1\"><span style=\"font-weight: 400;\">Huile d&#8217;avocat : acides gras, vitamines et sels min\u00e9raux font de l&#8217;Huile d&#8217;avocat un \u00e9lixir restructurant et hydratant pour les cheveux, aux qualit\u00e9s anti-frisottis incroyables.<\/span><\/li>\n<li style=\"font-weight: 400;\" aria-level=\"1\"><span style=\"font-weight: 400;\">Extrait de bleuet : il poss\u00e8de des propri\u00e9t\u00e9s d\u00e9congestionnantes, adoucissantes, apaisantes et hydratantes, gr\u00e2ce \u00e0 la pr\u00e9sence de flavono\u00efdes et d&#8217;anthocyanes.<\/span><\/li>\n<\/ul>\n<p>[\/vc_column_text][vc_column_text]<br \/>\n<span style=\"font-size: 28px;\"><b>Mode d&#8217;emploi<\/b><\/span><\/p>\n<p><span style=\"font-weight: 400;\">Agiter avant utilisation et appliquer sur cheveux essor\u00e9s ou secs. Donnez le style souhait\u00e9.<\/span>[\/vc_column_text][\/vc_column_inner][vc_column_inner width=&#8221;1\/2&#8243; css=&#8221;.vc_custom_1582889869119{background-image: url(https:\/\/paulrivera.it\/wp-content\/uploads\/2020\/02\/background_adv_produc_clash.png?id=909) !important;background-position: center !important;background-repeat: no-repeat !important;background-size: cover !important;}&#8221; offset=&#8221;vc_hidden-lg vc_hidden-md vc_hidden-sm&#8221;][vc_single_image image=&#8221;9798&#8243; img_size=&#8221;large&#8221; alignment=&#8221;center&#8221;][\/vc_column_inner][\/vc_row_inner][\/vc_column][\/vc_row][vc_row css=&#8221;.vc_custom_1582192829011{padding-top: 50px !important;}&#8221;][vc_column][vc_row_inner][vc_column_inner][vc_column_text]<\/p>\n<h1 style=\"text-align: center;\">Vous aimerez aussi<\/h1>\n<p>[\/vc_column_text][\/vc_column_inner][\/vc_row_inner][vc_raw_html]W3dwYi1wcm9kdWN0LXNsaWRlci1zaG9ydGNvZGUgaWQ9IjE4MyJd[\/vc_raw_html][\/vc_column][\/vc_row]<\/p>\n<\/div>","protected":false},"excerpt":{"rendered":"<p><span style=\"font-weight: 400;\">D\u00e9finit et prot\u00e8ge les longueurs, donne du corps et de l&#8217;\u00e9lasticit\u00e9 :<\/span><b> Clash<\/b><span style=\"font-weight: 400;\"> est une mousse coiffante professionnelle extra-forte, con\u00e7ue pour vous offrir une libert\u00e9 de cr\u00e9ation maximale. Sa texture l\u00e9g\u00e8re et onctueuse<\/span><b> prot\u00e8ge les cheveux<\/b><span style=\"font-weight: 400;\">, en les laissant doux au toucher.<\/span><\/p>\n<p><span style=\"font-weight: 400;\">Enrichie en<\/span><b> huile d&#8217;avocat<\/b><span style=\"font-weight: 400;\"> et<\/span><b> extrait de bleuet<\/b><span style=\"font-weight: 400;\">, la mousse donne \u00e0 la coiffure un incroyable effet mouill\u00e9. Elle s\u00e8che rapidement, ne laisse aucun r\u00e9sidu et s&#8217;\u00e9limine facilement pour que vous puissiez toujours recr\u00e9er<\/span><b> de nouveaux looks<\/b><span style=\"font-weight: 400;\"> quand bon vous semble.<\/span><\/p>\n<p>300 ml<\/p>\n<p>&nbsp;<\/p>\n[maxbutton id=\"5\"]\n","protected":false},"featured_media":9565,"template":"","meta":[],"product_brand":[],"product_cat":[1306],"product_tag":[],"class_list":{"0":"post-10558","1":"product","2":"type-product","3":"status-publish","4":"has-post-thumbnail","6":"product_cat-finish-styling-fr","7":"description-off","9":"first","10":"instock","11":"shipping-taxable","12":"product-type-simple"},"yoast_head":"<!-- This site is optimized with the Yoast SEO plugin v27.2 - https:\/\/yoast.com\/product\/yoast-seo-wordpress\/ -->\n<title>Clash - Mousse forte<\/title>\n<meta name=\"description\" content=\"Clash est une mousse coiffante professionnelle extra-forte, con\u00e7ue pour vous offrir une libert\u00e9 de cr\u00e9ation maximale.\" \/>\n<meta name=\"robots\" content=\"index, follow, max-snippet:-1, max-image-preview:large, max-video-preview:-1\" \/>\n<link rel=\"canonical\" href=\"https:\/\/paulrivera.it\/fr\/prodotti\/finish-styling-fr\/clash-mousse-forte\/\" \/>\n<meta property=\"og:locale\" content=\"fr_FR\" \/>\n<meta property=\"og:type\" content=\"article\" \/>\n<meta property=\"og:title\" content=\"Clash - Mousse forte\" \/>\n<meta property=\"og:description\" content=\"Clash est une mousse coiffante professionnelle extra-forte, con\u00e7ue pour vous offrir une libert\u00e9 de cr\u00e9ation maximale.\" \/>\n<meta property=\"og:url\" content=\"https:\/\/paulrivera.it\/fr\/prodotti\/finish-styling-fr\/clash-mousse-forte\/\" \/>\n<meta property=\"og:site_name\" content=\"Paul Rivera\" \/>\n<meta property=\"article:modified_time\" content=\"2024-05-13T12:42:03+00:00\" \/>\n<meta property=\"og:image\" content=\"https:\/\/paulrivera.it\/wp-content\/uploads\/2020\/02\/606044_paul_rivera_clash_strong_mousse_100ml.png\" \/>\n\t<meta property=\"og:image:width\" content=\"800\" \/>\n\t<meta property=\"og:image:height\" content=\"800\" \/>\n\t<meta property=\"og:image:type\" content=\"image\/png\" \/>\n<meta name=\"twitter:card\" content=\"summary_large_image\" \/>\n<meta name=\"twitter:label1\" content=\"Est. reading time\" \/>\n\t<meta name=\"twitter:data1\" content=\"2 minutes\" \/>\n<script type=\"application\/ld+json\" class=\"yoast-schema-graph\">{\"@context\":\"https:\/\/schema.org\",\"@graph\":[{\"@type\":\"WebPage\",\"@id\":\"https:\/\/paulrivera.it\/fr\/prodotti\/finish-styling-fr\/clash-mousse-forte\/\",\"url\":\"https:\/\/paulrivera.it\/fr\/prodotti\/finish-styling-fr\/clash-mousse-forte\/\",\"name\":\"Clash - Mousse forte\",\"isPartOf\":{\"@id\":\"https:\/\/paulrivera.it\/fr\/#website\"},\"primaryImageOfPage\":{\"@id\":\"https:\/\/paulrivera.it\/fr\/prodotti\/finish-styling-fr\/clash-mousse-forte\/#primaryimage\"},\"image\":{\"@id\":\"https:\/\/paulrivera.it\/fr\/prodotti\/finish-styling-fr\/clash-mousse-forte\/#primaryimage\"},\"thumbnailUrl\":\"https:\/\/paulrivera.it\/wp-content\/uploads\/2020\/02\/606044_paul_rivera_clash_strong_mousse_100ml.png\",\"datePublished\":\"2020-02-18T08:50:14+00:00\",\"dateModified\":\"2024-05-13T12:42:03+00:00\",\"description\":\"Clash est une mousse coiffante professionnelle extra-forte, con\u00e7ue pour vous offrir une libert\u00e9 de cr\u00e9ation maximale.\",\"breadcrumb\":{\"@id\":\"https:\/\/paulrivera.it\/fr\/prodotti\/finish-styling-fr\/clash-mousse-forte\/#breadcrumb\"},\"inLanguage\":\"fr-FR\",\"potentialAction\":[{\"@type\":\"ReadAction\",\"target\":[\"https:\/\/paulrivera.it\/fr\/prodotti\/finish-styling-fr\/clash-mousse-forte\/\"]}]},{\"@type\":\"ImageObject\",\"inLanguage\":\"fr-FR\",\"@id\":\"https:\/\/paulrivera.it\/fr\/prodotti\/finish-styling-fr\/clash-mousse-forte\/#primaryimage\",\"url\":\"https:\/\/paulrivera.it\/wp-content\/uploads\/2020\/02\/606044_paul_rivera_clash_strong_mousse_100ml.png\",\"contentUrl\":\"https:\/\/paulrivera.it\/wp-content\/uploads\/2020\/02\/606044_paul_rivera_clash_strong_mousse_100ml.png\",\"width\":800,\"height\":800},{\"@type\":\"BreadcrumbList\",\"@id\":\"https:\/\/paulrivera.it\/fr\/prodotti\/finish-styling-fr\/clash-mousse-forte\/#breadcrumb\",\"itemListElement\":[{\"@type\":\"ListItem\",\"position\":1,\"name\":\"Home\",\"item\":\"https:\/\/paulrivera.it\/fr\/\"},{\"@type\":\"ListItem\",\"position\":2,\"name\":\"Pagina shop\",\"item\":\"https:\/\/paulrivera.it\/prodotti\/\"},{\"@type\":\"ListItem\",\"position\":3,\"name\":\"Clash &#8211; Mousse forte\"}]},{\"@type\":\"WebSite\",\"@id\":\"https:\/\/paulrivera.it\/fr\/#website\",\"url\":\"https:\/\/paulrivera.it\/fr\/\",\"name\":\"Paul Rivera\",\"description\":\"Hair Beauty Celebration\",\"publisher\":{\"@id\":\"https:\/\/paulrivera.it\/fr\/#organization\"},\"potentialAction\":[{\"@type\":\"SearchAction\",\"target\":{\"@type\":\"EntryPoint\",\"urlTemplate\":\"https:\/\/paulrivera.it\/fr\/?s={search_term_string}\"},\"query-input\":{\"@type\":\"PropertyValueSpecification\",\"valueRequired\":true,\"valueName\":\"search_term_string\"}}],\"inLanguage\":\"fr-FR\"},{\"@type\":\"Organization\",\"@id\":\"https:\/\/paulrivera.it\/fr\/#organization\",\"name\":\"Paul Rivera\",\"url\":\"https:\/\/paulrivera.it\/fr\/\",\"logo\":{\"@type\":\"ImageObject\",\"inLanguage\":\"fr-FR\",\"@id\":\"https:\/\/paulrivera.it\/fr\/#\/schema\/logo\/image\/\",\"url\":\"https:\/\/paulrivera.it\/wp-content\/uploads\/2020\/02\/paul_rivera_logo_header_x2.png\",\"contentUrl\":\"https:\/\/paulrivera.it\/wp-content\/uploads\/2020\/02\/paul_rivera_logo_header_x2.png\",\"width\":470,\"height\":60,\"caption\":\"Paul Rivera\"},\"image\":{\"@id\":\"https:\/\/paulrivera.it\/fr\/#\/schema\/logo\/image\/\"}}]}<\/script>\n<!-- \/ Yoast SEO plugin. -->","yoast_head_json":{"title":"Clash - Mousse forte","description":"Clash est une mousse coiffante professionnelle extra-forte, con\u00e7ue pour vous offrir une libert\u00e9 de cr\u00e9ation maximale.","robots":{"index":"index","follow":"follow","max-snippet":"max-snippet:-1","max-image-preview":"max-image-preview:large","max-video-preview":"max-video-preview:-1"},"canonical":"https:\/\/paulrivera.it\/fr\/prodotti\/finish-styling-fr\/clash-mousse-forte\/","og_locale":"fr_FR","og_type":"article","og_title":"Clash - Mousse forte","og_description":"Clash est une mousse coiffante professionnelle extra-forte, con\u00e7ue pour vous offrir une libert\u00e9 de cr\u00e9ation maximale.","og_url":"https:\/\/paulrivera.it\/fr\/prodotti\/finish-styling-fr\/clash-mousse-forte\/","og_site_name":"Paul Rivera","article_modified_time":"2024-05-13T12:42:03+00:00","og_image":[{"width":800,"height":800,"url":"https:\/\/paulrivera.it\/wp-content\/uploads\/2020\/02\/606044_paul_rivera_clash_strong_mousse_100ml.png","type":"image\/png"}],"twitter_card":"summary_large_image","twitter_misc":{"Est. reading time":"2 minutes"},"schema":{"@context":"https:\/\/schema.org","@graph":[{"@type":"WebPage","@id":"https:\/\/paulrivera.it\/fr\/prodotti\/finish-styling-fr\/clash-mousse-forte\/","url":"https:\/\/paulrivera.it\/fr\/prodotti\/finish-styling-fr\/clash-mousse-forte\/","name":"Clash - Mousse forte","isPartOf":{"@id":"https:\/\/paulrivera.it\/fr\/#website"},"primaryImageOfPage":{"@id":"https:\/\/paulrivera.it\/fr\/prodotti\/finish-styling-fr\/clash-mousse-forte\/#primaryimage"},"image":{"@id":"https:\/\/paulrivera.it\/fr\/prodotti\/finish-styling-fr\/clash-mousse-forte\/#primaryimage"},"thumbnailUrl":"https:\/\/paulrivera.it\/wp-content\/uploads\/2020\/02\/606044_paul_rivera_clash_strong_mousse_100ml.png","datePublished":"2020-02-18T08:50:14+00:00","dateModified":"2024-05-13T12:42:03+00:00","description":"Clash est une mousse coiffante professionnelle extra-forte, con\u00e7ue pour vous offrir une libert\u00e9 de cr\u00e9ation maximale.","breadcrumb":{"@id":"https:\/\/paulrivera.it\/fr\/prodotti\/finish-styling-fr\/clash-mousse-forte\/#breadcrumb"},"inLanguage":"fr-FR","potentialAction":[{"@type":"ReadAction","target":["https:\/\/paulrivera.it\/fr\/prodotti\/finish-styling-fr\/clash-mousse-forte\/"]}]},{"@type":"ImageObject","inLanguage":"fr-FR","@id":"https:\/\/paulrivera.it\/fr\/prodotti\/finish-styling-fr\/clash-mousse-forte\/#primaryimage","url":"https:\/\/paulrivera.it\/wp-content\/uploads\/2020\/02\/606044_paul_rivera_clash_strong_mousse_100ml.png","contentUrl":"https:\/\/paulrivera.it\/wp-content\/uploads\/2020\/02\/606044_paul_rivera_clash_strong_mousse_100ml.png","width":800,"height":800},{"@type":"BreadcrumbList","@id":"https:\/\/paulrivera.it\/fr\/prodotti\/finish-styling-fr\/clash-mousse-forte\/#breadcrumb","itemListElement":[{"@type":"ListItem","position":1,"name":"Home","item":"https:\/\/paulrivera.it\/fr\/"},{"@type":"ListItem","position":2,"name":"Pagina shop","item":"https:\/\/paulrivera.it\/prodotti\/"},{"@type":"ListItem","position":3,"name":"Clash &#8211; Mousse forte"}]},{"@type":"WebSite","@id":"https:\/\/paulrivera.it\/fr\/#website","url":"https:\/\/paulrivera.it\/fr\/","name":"Paul Rivera","description":"Hair Beauty Celebration","publisher":{"@id":"https:\/\/paulrivera.it\/fr\/#organization"},"potentialAction":[{"@type":"SearchAction","target":{"@type":"EntryPoint","urlTemplate":"https:\/\/paulrivera.it\/fr\/?s={search_term_string}"},"query-input":{"@type":"PropertyValueSpecification","valueRequired":true,"valueName":"search_term_string"}}],"inLanguage":"fr-FR"},{"@type":"Organization","@id":"https:\/\/paulrivera.it\/fr\/#organization","name":"Paul Rivera","url":"https:\/\/paulrivera.it\/fr\/","logo":{"@type":"ImageObject","inLanguage":"fr-FR","@id":"https:\/\/paulrivera.it\/fr\/#\/schema\/logo\/image\/","url":"https:\/\/paulrivera.it\/wp-content\/uploads\/2020\/02\/paul_rivera_logo_header_x2.png","contentUrl":"https:\/\/paulrivera.it\/wp-content\/uploads\/2020\/02\/paul_rivera_logo_header_x2.png","width":470,"height":60,"caption":"Paul Rivera"},"image":{"@id":"https:\/\/paulrivera.it\/fr\/#\/schema\/logo\/image\/"}}]}},"_links":{"self":[{"href":"https:\/\/paulrivera.it\/fr\/wp-json\/wp\/v2\/product\/10558","targetHints":{"allow":["GET"]}}],"collection":[{"href":"https:\/\/paulrivera.it\/fr\/wp-json\/wp\/v2\/product"}],"about":[{"href":"https:\/\/paulrivera.it\/fr\/wp-json\/wp\/v2\/types\/product"}],"wp:featuredmedia":[{"embeddable":true,"href":"https:\/\/paulrivera.it\/fr\/wp-json\/wp\/v2\/media\/9565"}],"wp:attachment":[{"href":"https:\/\/paulrivera.it\/fr\/wp-json\/wp\/v2\/media?parent=10558"}],"wp:term":[{"taxonomy":"product_brand","embeddable":true,"href":"https:\/\/paulrivera.it\/fr\/wp-json\/wp\/v2\/product_brand?post=10558"},{"taxonomy":"product_cat","embeddable":true,"href":"https:\/\/paulrivera.it\/fr\/wp-json\/wp\/v2\/product_cat?post=10558"},{"taxonomy":"product_tag","embeddable":true,"href":"https:\/\/paulrivera.it\/fr\/wp-json\/wp\/v2\/product_tag?post=10558"}],"curies":[{"name":"wp","href":"https:\/\/api.w.org\/{rel}","templated":true}]}}