{"id":10564,"date":"2023-06-26T09:42:19","date_gmt":"2023-06-26T07:42:19","guid":{"rendered":"https:\/\/paulrivera.it\/product\/illumin-us-soin-lamellaire\/"},"modified":"2024-05-13T14:11:30","modified_gmt":"2024-05-13T12:11:30","slug":"illumin-us-soin-lamellaire","status":"publish","type":"product","link":"https:\/\/paulrivera.it\/fr\/prodotti\/soins\/absolute-sleek-cheveux-crepus\/illumin-us-soin-lamellaire\/","title":{"rendered":"Illumin-us &#8211; Soin lamellaire"},"content":{"rendered":"<div class=\"wpb-content-wrapper\"><p>[vc_row full_width=&#8221;stretch_row&#8221;][vc_column][vc_row_inner el_id=&#8221;desktop&#8221;][vc_column_inner width=&#8221;1\/2&#8243; css=&#8221;.vc_custom_1582194227194{padding-top: 10% !important;padding-right: 10% !important;padding-bottom: 10% !important;padding-left: 30% !important;}&#8221; offset=&#8221;vc_hidden-md vc_hidden-sm vc_hidden-xs&#8221;][vc_column_text]<br \/>\n<span style=\"font-size: 28px;\"><b>Les bonnes raisons de l&#8217;aimer<\/b><\/span><\/p>\n<ul>\n<li style=\"font-weight: 400;\" aria-level=\"1\"><span style=\"font-weight: 400;\">Exerce une action hydratante<\/span><\/li>\n<li style=\"font-weight: 400;\" aria-level=\"1\"><span style=\"font-weight: 400;\">Apporte imm\u00e9diatement \u00e9clat et brillance aux cheveux\u00a0<\/span><\/li>\n<li style=\"font-weight: 400;\" aria-level=\"1\"><span style=\"font-weight: 400;\">Rend les cheveux souples et volumineux au toucher<\/span><\/li>\n<li style=\"font-weight: 400;\" aria-level=\"1\"><span style=\"font-weight: 400;\">Facilite le d\u00e9m\u00ealage<\/span><\/li>\n<\/ul>\n<p>[\/vc_column_text][vc_column_text]<br \/>\n<span style=\"font-size: 28px;\"><b>Les principes actifs de la formule<\/b><\/span><\/p>\n<ul>\n<li style=\"font-weight: 400;\" aria-level=\"1\"><span style=\"font-weight: 400;\">Extrait de Cassis : nourrit en profondeur les cheveux.<\/span><\/li>\n<li style=\"font-weight: 400;\" aria-level=\"1\"><span style=\"font-weight: 400;\">Extrait de M\u00fbre : contribue au bien-\u00eatre des cheveux gr\u00e2ce \u00e0 son action antioxydante qui aide \u00e0 \u00e9liminer l&#8217;exc\u00e8s de toxines<\/span><\/li>\n<li style=\"font-weight: 400;\" aria-level=\"1\"><span style=\"font-weight: 400;\">Phytok\u00e9ratine : action hydratante et \u00e9molliente qui contribue \u00e0 rendre les cheveux plus doux et plus volumineux.<\/span><\/li>\n<\/ul>\n<p>[\/vc_column_text][vc_column_text]<br \/>\n<span style=\"font-size: 28px;\"><b>Mode d&#8217;emploi<\/b><\/span><\/p>\n<p><span style=\"font-weight: 400;\">Appliquer \u00e0 la fin du soin, en respectant les doses recommand\u00e9es, sur cheveux mouill\u00e9s sur toute la longueur. Masser d\u00e9licatement m\u00e8che par m\u00e8che pendant 9 secondes et rincer abondamment.<\/span>[\/vc_column_text][\/vc_column_inner][vc_column_inner width=&#8221;1\/2&#8243; css=&#8221;.vc_custom_1685606809957{background-image: url(https:\/\/paulrivera.it\/wp-content\/uploads\/2023\/06\/background_adv_product_illumin_us.png?id=7685) !important;background-position: center !important;background-repeat: no-repeat !important;background-size: cover !important;}&#8221; offset=&#8221;vc_hidden-md vc_hidden-sm vc_hidden-xs&#8221;][vc_single_image image=&#8221;10230&#8243; img_size=&#8221;large&#8221; alignment=&#8221;center&#8221;][\/vc_column_inner][\/vc_row_inner][vc_row_inner el_id=&#8221;tablet&#8221;][vc_column_inner offset=&#8221;vc_hidden-lg vc_hidden-xs&#8221;][vc_column_text]<br \/>\n<span style=\"font-size: 28px;\"><b>Les bonnes raisons de l&#8217;aimer<\/b><\/span><\/p>\n<ul>\n<li style=\"font-weight: 400;\" aria-level=\"1\"><span style=\"font-weight: 400;\">Exerce une action hydratante<\/span><\/li>\n<li style=\"font-weight: 400;\" aria-level=\"1\"><span style=\"font-weight: 400;\">Apporte imm\u00e9diatement \u00e9clat et brillance aux cheveux\u00a0<\/span><\/li>\n<li style=\"font-weight: 400;\" aria-level=\"1\"><span style=\"font-weight: 400;\">Rend les cheveux souples et volumineux au toucher<\/span><\/li>\n<li style=\"font-weight: 400;\" aria-level=\"1\"><span style=\"font-weight: 400;\">Facilite le d\u00e9m\u00ealage<\/span><\/li>\n<\/ul>\n<p>[\/vc_column_text][vc_column_text]<br \/>\n<span style=\"font-size: 28px;\"><b>Les principes actifs de la formule<\/b><\/span><\/p>\n<ul>\n<li style=\"font-weight: 400;\" aria-level=\"1\"><span style=\"font-weight: 400;\">Extrait de Cassis : nourrit en profondeur les cheveux.<\/span><\/li>\n<li style=\"font-weight: 400;\" aria-level=\"1\"><span style=\"font-weight: 400;\">Extrait de M\u00fbre : contribue au bien-\u00eatre des cheveux gr\u00e2ce \u00e0 son action antioxydante qui aide \u00e0 \u00e9liminer l&#8217;exc\u00e8s de toxines<\/span><\/li>\n<li style=\"font-weight: 400;\" aria-level=\"1\"><span style=\"font-weight: 400;\">Phytok\u00e9ratine : action hydratante et \u00e9molliente qui contribue \u00e0 rendre les cheveux plus doux et plus volumineux.<\/span><\/li>\n<\/ul>\n<p>[\/vc_column_text][vc_column_text]<br \/>\n<span style=\"font-size: 28px;\"><b>Mode d&#8217;emploi<\/b><\/span><\/p>\n<p><span style=\"font-weight: 400;\">Appliquer \u00e0 la fin du soin, en respectant les doses recommand\u00e9es, sur cheveux mouill\u00e9s sur toute la longueur. Masser d\u00e9licatement m\u00e8che par m\u00e8che pendant 9 secondes et rincer abondamment.<\/span>[\/vc_column_text][\/vc_column_inner][\/vc_row_inner][vc_row_inner el_id=&#8221;mobile&#8221;][vc_column_inner width=&#8221;1\/2&#8243; offset=&#8221;vc_hidden-lg vc_hidden-md vc_hidden-sm&#8221;][vc_column_text]<br \/>\n<span style=\"font-size: 28px;\"><b>Les bonnes raisons de l&#8217;aimer<\/b><\/span><\/p>\n<ul>\n<li style=\"font-weight: 400;\" aria-level=\"1\"><span style=\"font-weight: 400;\">Exerce une action hydratante<\/span><\/li>\n<li style=\"font-weight: 400;\" aria-level=\"1\"><span style=\"font-weight: 400;\">Apporte imm\u00e9diatement \u00e9clat et brillance aux cheveux\u00a0<\/span><\/li>\n<li style=\"font-weight: 400;\" aria-level=\"1\"><span style=\"font-weight: 400;\">Rend les cheveux souples et volumineux au toucher<\/span><\/li>\n<li style=\"font-weight: 400;\" aria-level=\"1\"><span style=\"font-weight: 400;\">Facilite le d\u00e9m\u00ealage<\/span><\/li>\n<\/ul>\n<p>[\/vc_column_text][vc_column_text]<br \/>\n<span style=\"font-size: 28px;\"><b>Les principes actifs de la formule<\/b><\/span><\/p>\n<ul>\n<li style=\"font-weight: 400;\" aria-level=\"1\"><span style=\"font-weight: 400;\">Extrait de Cassis : nourrit en profondeur les cheveux.<\/span><\/li>\n<li style=\"font-weight: 400;\" aria-level=\"1\"><span style=\"font-weight: 400;\">Extrait de M\u00fbre : contribue au bien-\u00eatre des cheveux gr\u00e2ce \u00e0 son action antioxydante qui aide \u00e0 \u00e9liminer l&#8217;exc\u00e8s de toxines<\/span><\/li>\n<li style=\"font-weight: 400;\" aria-level=\"1\"><span style=\"font-weight: 400;\">Phytok\u00e9ratine : action hydratante et \u00e9molliente qui contribue \u00e0 rendre les cheveux plus doux et plus volumineux.<\/span><\/li>\n<\/ul>\n<p>[\/vc_column_text][vc_column_text]<br \/>\n<span style=\"font-size: 28px;\"><b>Mode d&#8217;emploi<\/b><\/span><\/p>\n<p><span style=\"font-weight: 400;\">Appliquer \u00e0 la fin du soin, en respectant les doses recommand\u00e9es, sur cheveux mouill\u00e9s sur toute la longueur. Masser d\u00e9licatement m\u00e8che par m\u00e8che pendant 9 secondes et rincer abondamment.<\/span>[\/vc_column_text][\/vc_column_inner][vc_column_inner width=&#8221;1\/2&#8243; css=&#8221;.vc_custom_1685606787164{background-image: url(https:\/\/paulrivera.it\/wp-content\/uploads\/2023\/06\/background_adv_product_illumin_us.png?id=7685) !important;background-position: center !important;background-repeat: no-repeat !important;background-size: cover !important;}&#8221; offset=&#8221;vc_hidden-lg vc_hidden-md vc_hidden-sm&#8221;][vc_single_image image=&#8221;10230&#8243; img_size=&#8221;large&#8221; alignment=&#8221;center&#8221;][\/vc_column_inner][\/vc_row_inner][\/vc_column][\/vc_row][vc_row css=&#8221;.vc_custom_1582192829011{padding-top: 50px !important;}&#8221;][vc_column][vc_row_inner][vc_column_inner][vc_column_text]<\/p>\n<h1 style=\"text-align: center;\">Vous aimerez aussi<\/h1>\n<p>[\/vc_column_text]<style type=\"text\/css\" data-type=\"the7_shortcodes-inline-css\">.products-carousel-shortcode.products-carousel-shortcode-id-d0c7e5642b1e7157602e9cf59489cc46 .owl-nav a {\n  width: 36px;\n  height: 36px;\n  border-radius: 500px;\n}\n.dt-arrow-border-on.products-carousel-shortcode.products-carousel-shortcode-id-d0c7e5642b1e7157602e9cf59489cc46 .owl-nav a:not(:hover):before {\n  border-width: 0px;\n}\n.dt-arrow-hover-border-on.products-carousel-shortcode.products-carousel-shortcode-id-d0c7e5642b1e7157602e9cf59489cc46 .owl-nav a:hover:after {\n  border-width: 0px;\n}\n.products-carousel-shortcode.products-carousel-shortcode-id-d0c7e5642b1e7157602e9cf59489cc46 .owl-nav a.owl-prev {\n  top: 50%;\n  transform: translateY(calc(-50% + 0px));\n  left: -43px;\n}\n@media all and (-ms-high-contrast: none) {\n  .products-carousel-shortcode.products-carousel-shortcode-id-d0c7e5642b1e7157602e9cf59489cc46 .owl-nav a.owl-prev {\n    transform: translateY(-50%);\n    margin-top: 0px;\n  }\n}\n.products-carousel-shortcode.products-carousel-shortcode-id-d0c7e5642b1e7157602e9cf59489cc46 .owl-nav a.owl-prev i {\n  padding: 0px 0px 0px 0px;\n}\n.products-carousel-shortcode.products-carousel-shortcode-id-d0c7e5642b1e7157602e9cf59489cc46 .owl-nav a.owl-next {\n  top: 50%;\n  transform: translateY(calc(-50% + 0px));\n  right: -43px;\n}\n@media all and (-ms-high-contrast: none) {\n  .products-carousel-shortcode.products-carousel-shortcode-id-d0c7e5642b1e7157602e9cf59489cc46 .owl-nav a.owl-next {\n    transform: translateY(-50%);\n    margin-top: 0px;\n  }\n}\n.products-carousel-shortcode.products-carousel-shortcode-id-d0c7e5642b1e7157602e9cf59489cc46 .owl-nav a.owl-next i {\n  padding: 0px 0px 0px 0px;\n}\n.products-carousel-shortcode.products-carousel-shortcode-id-d0c7e5642b1e7157602e9cf59489cc46 .owl-nav i {\n  font-size: 18px;\n}\n.products-carousel-shortcode.products-carousel-shortcode-id-d0c7e5642b1e7157602e9cf59489cc46 .owl-nav a:not(:hover) i,\n.products-carousel-shortcode.products-carousel-shortcode-id-d0c7e5642b1e7157602e9cf59489cc46 .owl-nav a:not(:hover) i:before {\n  color: #ffffff;\n  background: none;\n}\n.products-carousel-shortcode.products-carousel-shortcode-id-d0c7e5642b1e7157602e9cf59489cc46 .owl-nav a:hover i,\n.products-carousel-shortcode.products-carousel-shortcode-id-d0c7e5642b1e7157602e9cf59489cc46 .owl-nav a:hover i:before {\n  color: rgba(255,255,255,0.75);\n  background: none;\n}\n.products-carousel-shortcode.products-carousel-shortcode-id-d0c7e5642b1e7157602e9cf59489cc46 .owl-dots {\n  top: calc(100% + 20px);\n  left: 50%;\n  transform: translateX(calc(-50% + 0px));\n}\n@media all and (-ms-high-contrast: none) {\n  .products-carousel-shortcode.products-carousel-shortcode-id-d0c7e5642b1e7157602e9cf59489cc46 .owl-dots {\n    transform: translateX(-50%);\n    margin-left: 0px;\n  }\n}\n.products-carousel-shortcode.products-carousel-shortcode-id-d0c7e5642b1e7157602e9cf59489cc46 .owl-dot {\n  width: 10px;\n  height: 10px;\n  margin: 0 8px;\n}\n@media screen and (max-width: 778px) {\n  .products-carousel-shortcode.products-carousel-shortcode-id-d0c7e5642b1e7157602e9cf59489cc46.hide-arrows .owl-nav a {\n    display: none;\n  }\n}\n@media screen and (max-width: 778px) {\n  .products-carousel-shortcode.products-carousel-shortcode-id-d0c7e5642b1e7157602e9cf59489cc46.reposition-arrows .owl-nav .owl-prev {\n    top: 50%;\n    transform: translateY(calc(-50% + 0px));\n    left: 10px;\n  }\n  .products-carousel-shortcode.products-carousel-shortcode-id-d0c7e5642b1e7157602e9cf59489cc46.reposition-arrows .owl-nav .owl-next {\n    top: 50%;\n    transform: translateY(calc(-50% + 0px));\n    right: 10px;\n  }\n}\n@media screen and (max-width: 778px) and all and (-ms-high-contrast: none) {\n  .products-carousel-shortcode.products-carousel-shortcode-id-d0c7e5642b1e7157602e9cf59489cc46.reposition-arrows .owl-nav .owl-prev {\n    transform: translateY(-50%);\n    margin-top: 0px;\n  }\n}\n@media screen and (max-width: 778px) and all and (-ms-high-contrast: none) {\n  .products-carousel-shortcode.products-carousel-shortcode-id-d0c7e5642b1e7157602e9cf59489cc46.reposition-arrows .owl-nav .owl-next {\n    transform: translateY(-50%);\n    margin-top: 0px;\n  }\n}<\/style><div class=\"owl-carousel products-carousel-shortcode dt-owl-carousel-call products-carousel-shortcode-id-d0c7e5642b1e7157602e9cf59489cc46 cart-btn-below-img bullets-small-dot-stroke reposition-arrows arrows-bg-on dt-arrow-border-on dt-arrow-hover-border-on disable-arrows-hover-bg arrows-hover-bg-on  hide-description \" data-scroll-mode=\"1\" data-wide-col-num=\"4\" data-col-num=\"3\" data-laptop-col=\"3\" data-h-tablet-columns-num=\"3\" data-v-tablet-columns-num=\"2\" data-phone-columns-num=\"1\" data-auto-height=\"true\" data-col-gap=\"30\" data-stage-padding=\"0\" data-speed=\"600\" data-autoplay=\"false\" data-autoplay_speed=\"6000\" data-arrows=\"true\" data-bullet=\"false\" data-next-icon=\"icon-ar-017-r\" data-prev-icon=\"icon-ar-017-l\"><article class=\"post post-10618 product type-product status-publish has-post-thumbnail product_cat-loud-volume-cheveux-fins description-off first instock shipping-taxable product-type-simple\" ><figure class=\"woocom-project\">\n\t<div class=\"woo-buttons-on-img\">\n\n\t\t<a href=\"https:\/\/paulrivera.it\/fr\/prodotti\/soins\/loud-volume-cheveux-fins\/loud-volume-shampoing-volumisant-2\/\" class=\"alignnone layzr-bg\"><img loading=\"lazy\" decoding=\"async\" width=\"300\" height=\"300\" src=\"data:image\/svg+xml;charset=utf-8,%3Csvg xmlns%3D&#039;http%3A%2F%2Fwww.w3.org%2F2000%2Fsvg&#039; viewBox%3D&#039;0 0 300 300&#039;%2F%3E\" class=\"attachment-woocommerce_thumbnail size-woocommerce_thumbnail owl-lazy-load preload-me\" alt=\"Loud Volume - Shampoing volumisant\" data-src=\"https:\/\/paulrivera.it\/wp-content\/uploads\/2022\/11\/604972_paul_rivera_loud_volume_shampoo_1000ml-300x300.png\" data-srcset=\"https:\/\/paulrivera.it\/wp-content\/uploads\/2022\/11\/604972_paul_rivera_loud_volume_shampoo_1000ml-300x300.png 300w, https:\/\/paulrivera.it\/wp-content\/uploads\/2022\/11\/604972_paul_rivera_loud_volume_shampoo_1000ml-150x150.png 150w, https:\/\/paulrivera.it\/wp-content\/uploads\/2022\/11\/604972_paul_rivera_loud_volume_shampoo_1000ml-24x24.png 24w, https:\/\/paulrivera.it\/wp-content\/uploads\/2022\/11\/604972_paul_rivera_loud_volume_shampoo_1000ml-36x36.png 36w, https:\/\/paulrivera.it\/wp-content\/uploads\/2022\/11\/604972_paul_rivera_loud_volume_shampoo_1000ml-48x48.png 48w, https:\/\/paulrivera.it\/wp-content\/uploads\/2022\/11\/604972_paul_rivera_loud_volume_shampoo_1000ml-600x600.png 600w, https:\/\/paulrivera.it\/wp-content\/uploads\/2022\/11\/604972_paul_rivera_loud_volume_shampoo_1000ml-200x200.png 200w, https:\/\/paulrivera.it\/wp-content\/uploads\/2022\/11\/604972_paul_rivera_loud_volume_shampoo_1000ml.png 800w\" \/><\/a>\n\t<\/div>\n\t<figcaption class=\"woocom-list-content\">\n\n\t\t<div class=\"woo-buttons\"><a href=\"https:\/\/paulrivera.it\/fr\/prodotti\/soins\/loud-volume-cheveux-fins\/loud-volume-shampoing-volumisant-2\/\" aria-describedby=\"woocommerce_loop_add_to_cart_link_describedby_10618\" data-quantity=\"1\" class=\"product_type_simple ajax_add_to_cart\" data-product_id=\"10618\" data-product_sku=\"\" aria-label=\"Read more about &ldquo;Loud Volume - Shampoing volumisant&rdquo;\" rel=\"nofollow\" data-success_message=\"\">Read more<\/a>\t<span id=\"woocommerce_loop_add_to_cart_link_describedby_10618\" class=\"screen-reader-text\">\n\t\t\t<\/span>\n<\/div>\n\t<\/figcaption>\n<\/figure>\n<\/article><article class=\"post post-10723 product type-product status-publish has-post-thumbnail product_cat-my-promise-soin-restructurant-intensif description-off  instock shipping-taxable product-type-simple\" ><figure class=\"woocom-project\">\n\t<div class=\"woo-buttons-on-img\">\n\n\t\t<a href=\"https:\/\/paulrivera.it\/fr\/prodotti\/soins\/my-promise-soin-restructurant-intensif\/my-promise-shampoing-restructurant-home-treatment\/\" class=\"alignnone layzr-bg\"><img loading=\"lazy\" decoding=\"async\" width=\"300\" height=\"300\" src=\"data:image\/svg+xml;charset=utf-8,%3Csvg xmlns%3D&#039;http%3A%2F%2Fwww.w3.org%2F2000%2Fsvg&#039; viewBox%3D&#039;0 0 300 300&#039;%2F%3E\" class=\"attachment-woocommerce_thumbnail size-woocommerce_thumbnail owl-lazy-load preload-me\" alt=\"My Promise \u2013 Shampoing restructurant - Home Treatment\" data-src=\"https:\/\/paulrivera.it\/wp-content\/uploads\/2021\/10\/604880_paul_rivera_my_promis_shampoo_300ml-300x300.png\" data-srcset=\"https:\/\/paulrivera.it\/wp-content\/uploads\/2021\/10\/604880_paul_rivera_my_promis_shampoo_300ml-300x300.png 300w, https:\/\/paulrivera.it\/wp-content\/uploads\/2021\/10\/604880_paul_rivera_my_promis_shampoo_300ml-150x150.png 150w, https:\/\/paulrivera.it\/wp-content\/uploads\/2021\/10\/604880_paul_rivera_my_promis_shampoo_300ml-24x24.png 24w, https:\/\/paulrivera.it\/wp-content\/uploads\/2021\/10\/604880_paul_rivera_my_promis_shampoo_300ml-36x36.png 36w, https:\/\/paulrivera.it\/wp-content\/uploads\/2021\/10\/604880_paul_rivera_my_promis_shampoo_300ml-48x48.png 48w, https:\/\/paulrivera.it\/wp-content\/uploads\/2021\/10\/604880_paul_rivera_my_promis_shampoo_300ml-600x600.png 600w, https:\/\/paulrivera.it\/wp-content\/uploads\/2021\/10\/604880_paul_rivera_my_promis_shampoo_300ml-200x200.png 200w, https:\/\/paulrivera.it\/wp-content\/uploads\/2021\/10\/604880_paul_rivera_my_promis_shampoo_300ml.png 800w\" \/><\/a>\n\t<\/div>\n\t<figcaption class=\"woocom-list-content\">\n\n\t\t<div class=\"woo-buttons\"><a href=\"https:\/\/paulrivera.it\/fr\/prodotti\/soins\/my-promise-soin-restructurant-intensif\/my-promise-shampoing-restructurant-home-treatment\/\" aria-describedby=\"woocommerce_loop_add_to_cart_link_describedby_10723\" data-quantity=\"1\" class=\"product_type_simple ajax_add_to_cart\" data-product_id=\"10723\" data-product_sku=\"\" aria-label=\"Read more about &ldquo;My Promise \u2013 Shampoing restructurant - Home Treatment&rdquo;\" rel=\"nofollow\" data-success_message=\"\">Read more<\/a>\t<span id=\"woocommerce_loop_add_to_cart_link_describedby_10723\" class=\"screen-reader-text\">\n\t\t\t<\/span>\n<\/div>\n\t<\/figcaption>\n<\/figure>\n<\/article><article class=\"post post-10598 product type-product status-publish has-post-thumbnail product_cat-true-silver-systeme-anti-jaunissement description-off  instock shipping-taxable product-type-simple\" ><figure class=\"woocom-project\">\n\t<div class=\"woo-buttons-on-img\">\n\n\t\t<a href=\"https:\/\/paulrivera.it\/fr\/prodotti\/soins\/true-silver-systeme-anti-jaunissement\/true-silver-shampoing-anti-jaunissement\/\" class=\"alignnone layzr-bg\"><img loading=\"lazy\" decoding=\"async\" width=\"300\" height=\"300\" src=\"data:image\/svg+xml;charset=utf-8,%3Csvg xmlns%3D&#039;http%3A%2F%2Fwww.w3.org%2F2000%2Fsvg&#039; viewBox%3D&#039;0 0 300 300&#039;%2F%3E\" class=\"attachment-woocommerce_thumbnail size-woocommerce_thumbnail owl-lazy-load preload-me\" alt=\"True silver - Shampoing anti-jaunissement\" data-src=\"https:\/\/paulrivera.it\/wp-content\/uploads\/2022\/06\/604767_paul_rivera_true_anti_yellow_shampoo_1000ml-300x300.png\" data-srcset=\"https:\/\/paulrivera.it\/wp-content\/uploads\/2022\/06\/604767_paul_rivera_true_anti_yellow_shampoo_1000ml-300x300.png 300w, https:\/\/paulrivera.it\/wp-content\/uploads\/2022\/06\/604767_paul_rivera_true_anti_yellow_shampoo_1000ml-150x150.png 150w, https:\/\/paulrivera.it\/wp-content\/uploads\/2022\/06\/604767_paul_rivera_true_anti_yellow_shampoo_1000ml-24x24.png 24w, https:\/\/paulrivera.it\/wp-content\/uploads\/2022\/06\/604767_paul_rivera_true_anti_yellow_shampoo_1000ml-36x36.png 36w, https:\/\/paulrivera.it\/wp-content\/uploads\/2022\/06\/604767_paul_rivera_true_anti_yellow_shampoo_1000ml-48x48.png 48w, https:\/\/paulrivera.it\/wp-content\/uploads\/2022\/06\/604767_paul_rivera_true_anti_yellow_shampoo_1000ml-600x600.png 600w, https:\/\/paulrivera.it\/wp-content\/uploads\/2022\/06\/604767_paul_rivera_true_anti_yellow_shampoo_1000ml-200x200.png 200w, https:\/\/paulrivera.it\/wp-content\/uploads\/2022\/06\/604767_paul_rivera_true_anti_yellow_shampoo_1000ml.png 800w\" \/><\/a>\n\t<\/div>\n\t<figcaption class=\"woocom-list-content\">\n\n\t\t<div class=\"woo-buttons\"><a href=\"https:\/\/paulrivera.it\/fr\/prodotti\/soins\/true-silver-systeme-anti-jaunissement\/true-silver-shampoing-anti-jaunissement\/\" aria-describedby=\"woocommerce_loop_add_to_cart_link_describedby_10598\" data-quantity=\"1\" class=\"product_type_simple ajax_add_to_cart\" data-product_id=\"10598\" data-product_sku=\"\" aria-label=\"Read more about &ldquo;True silver - Shampoing anti-jaunissement&rdquo;\" rel=\"nofollow\" data-success_message=\"\">Read more<\/a>\t<span id=\"woocommerce_loop_add_to_cart_link_describedby_10598\" class=\"screen-reader-text\">\n\t\t\t<\/span>\n<\/div>\n\t<\/figcaption>\n<\/figure>\n<\/article><article class=\"post post-10588 product type-product status-publish has-post-thumbnail product_cat-absolute-sleek-cheveux-crepus description-off last instock shipping-taxable product-type-simple\" ><figure class=\"woocom-project\">\n\t<div class=\"woo-buttons-on-img\">\n\n\t\t<a href=\"https:\/\/paulrivera.it\/fr\/prodotti\/soins\/absolute-sleek-cheveux-crepus\/absolute-sleek-shampooing-disciplinant-2\/\" class=\"alignnone layzr-bg\"><img loading=\"lazy\" decoding=\"async\" width=\"300\" height=\"300\" src=\"data:image\/svg+xml;charset=utf-8,%3Csvg xmlns%3D&#039;http%3A%2F%2Fwww.w3.org%2F2000%2Fsvg&#039; viewBox%3D&#039;0 0 300 300&#039;%2F%3E\" class=\"attachment-woocommerce_thumbnail size-woocommerce_thumbnail owl-lazy-load preload-me\" alt=\"Absolute sleek \u2013 Shampooing disciplinant\" data-src=\"https:\/\/paulrivera.it\/wp-content\/uploads\/2020\/02\/604606_paul_rivera_absolute_sleek_taming_shampoo_frizzy_hair_1000ml-300x300.png\" data-srcset=\"https:\/\/paulrivera.it\/wp-content\/uploads\/2020\/02\/604606_paul_rivera_absolute_sleek_taming_shampoo_frizzy_hair_1000ml-300x300.png 300w, https:\/\/paulrivera.it\/wp-content\/uploads\/2020\/02\/604606_paul_rivera_absolute_sleek_taming_shampoo_frizzy_hair_1000ml-200x200.png 200w, https:\/\/paulrivera.it\/wp-content\/uploads\/2020\/02\/604606_paul_rivera_absolute_sleek_taming_shampoo_frizzy_hair_1000ml-600x600.png 600w, https:\/\/paulrivera.it\/wp-content\/uploads\/2020\/02\/604606_paul_rivera_absolute_sleek_taming_shampoo_frizzy_hair_1000ml-150x150.png 150w, https:\/\/paulrivera.it\/wp-content\/uploads\/2020\/02\/604606_paul_rivera_absolute_sleek_taming_shampoo_frizzy_hair_1000ml-768x768.png 768w, https:\/\/paulrivera.it\/wp-content\/uploads\/2020\/02\/604606_paul_rivera_absolute_sleek_taming_shampoo_frizzy_hair_1000ml.png 800w\" \/><\/a>\n\t<\/div>\n\t<figcaption class=\"woocom-list-content\">\n\n\t\t<div class=\"woo-buttons\"><a href=\"https:\/\/paulrivera.it\/fr\/prodotti\/soins\/absolute-sleek-cheveux-crepus\/absolute-sleek-shampooing-disciplinant-2\/\" aria-describedby=\"woocommerce_loop_add_to_cart_link_describedby_10588\" data-quantity=\"1\" class=\"product_type_simple ajax_add_to_cart\" data-product_id=\"10588\" data-product_sku=\"\" aria-label=\"Read more about &ldquo;Absolute sleek \u2013 Shampooing disciplinant&rdquo;\" rel=\"nofollow\" data-success_message=\"\">Read more<\/a>\t<span id=\"woocommerce_loop_add_to_cart_link_describedby_10588\" class=\"screen-reader-text\">\n\t\t\t<\/span>\n<\/div>\n\t<\/figcaption>\n<\/figure>\n<\/article><article class=\"post post-10584 product type-product status-publish has-post-thumbnail product_cat-twister-curl-cheveux-boucles description-off first instock shipping-taxable product-type-simple\" ><figure class=\"woocom-project\">\n\t<div class=\"woo-buttons-on-img\">\n\n\t\t<a href=\"https:\/\/paulrivera.it\/fr\/prodotti\/soins\/twister-curl-cheveux-boucles\/twister-curl-shampoing-elastifiant-2\/\" class=\"alignnone layzr-bg\"><img loading=\"lazy\" decoding=\"async\" width=\"300\" height=\"300\" src=\"data:image\/svg+xml;charset=utf-8,%3Csvg xmlns%3D&#039;http%3A%2F%2Fwww.w3.org%2F2000%2Fsvg&#039; viewBox%3D&#039;0 0 300 300&#039;%2F%3E\" class=\"attachment-woocommerce_thumbnail size-woocommerce_thumbnail owl-lazy-load preload-me\" alt=\"Twister Curl - Shampoing \u00e9lastifiant\" data-src=\"https:\/\/paulrivera.it\/wp-content\/uploads\/2020\/02\/604552_paul_rivera_twister_curl_elasticizing_shampoo_curly_hair_1000ml-300x300.png\" data-srcset=\"https:\/\/paulrivera.it\/wp-content\/uploads\/2020\/02\/604552_paul_rivera_twister_curl_elasticizing_shampoo_curly_hair_1000ml-300x300.png 300w, https:\/\/paulrivera.it\/wp-content\/uploads\/2020\/02\/604552_paul_rivera_twister_curl_elasticizing_shampoo_curly_hair_1000ml-200x200.png 200w, https:\/\/paulrivera.it\/wp-content\/uploads\/2020\/02\/604552_paul_rivera_twister_curl_elasticizing_shampoo_curly_hair_1000ml-600x600.png 600w, https:\/\/paulrivera.it\/wp-content\/uploads\/2020\/02\/604552_paul_rivera_twister_curl_elasticizing_shampoo_curly_hair_1000ml-150x150.png 150w, https:\/\/paulrivera.it\/wp-content\/uploads\/2020\/02\/604552_paul_rivera_twister_curl_elasticizing_shampoo_curly_hair_1000ml-768x768.png 768w, https:\/\/paulrivera.it\/wp-content\/uploads\/2020\/02\/604552_paul_rivera_twister_curl_elasticizing_shampoo_curly_hair_1000ml.png 800w\" \/><\/a>\n\t<\/div>\n\t<figcaption class=\"woocom-list-content\">\n\n\t\t<div class=\"woo-buttons\"><a href=\"https:\/\/paulrivera.it\/fr\/prodotti\/soins\/twister-curl-cheveux-boucles\/twister-curl-shampoing-elastifiant-2\/\" aria-describedby=\"woocommerce_loop_add_to_cart_link_describedby_10584\" data-quantity=\"1\" class=\"product_type_simple ajax_add_to_cart\" data-product_id=\"10584\" data-product_sku=\"\" aria-label=\"Read more about &ldquo;Twister Curl - Shampoing \u00e9lastifiant&rdquo;\" rel=\"nofollow\" data-success_message=\"\">Read more<\/a>\t<span id=\"woocommerce_loop_add_to_cart_link_describedby_10584\" class=\"screen-reader-text\">\n\t\t\t<\/span>\n<\/div>\n\t<\/figcaption>\n<\/figure>\n<\/article><article class=\"post post-10578 product type-product status-publish has-post-thumbnail product_cat-hydra-dream-cheveux-secs description-off  instock shipping-taxable product-type-simple\" ><figure class=\"woocom-project\">\n\t<div class=\"woo-buttons-on-img\">\n\n\t\t<a href=\"https:\/\/paulrivera.it\/fr\/prodotti\/soins\/hydra-dream-cheveux-secs\/hydra-dream-shampoing-nourrissant\/\" class=\"alignnone layzr-bg\"><img loading=\"lazy\" decoding=\"async\" width=\"300\" height=\"300\" src=\"data:image\/svg+xml;charset=utf-8,%3Csvg xmlns%3D&#039;http%3A%2F%2Fwww.w3.org%2F2000%2Fsvg&#039; viewBox%3D&#039;0 0 300 300&#039;%2F%3E\" class=\"attachment-woocommerce_thumbnail size-woocommerce_thumbnail owl-lazy-load preload-me\" alt=\"Hydra Dream - Shampoing Nourrissant\" data-src=\"https:\/\/paulrivera.it\/wp-content\/uploads\/2020\/02\/604477_paul_rivera_hydra_dream_nourishing_shampoo_dry_hair_1000ml-300x300.png\" data-srcset=\"https:\/\/paulrivera.it\/wp-content\/uploads\/2020\/02\/604477_paul_rivera_hydra_dream_nourishing_shampoo_dry_hair_1000ml-300x300.png 300w, https:\/\/paulrivera.it\/wp-content\/uploads\/2020\/02\/604477_paul_rivera_hydra_dream_nourishing_shampoo_dry_hair_1000ml-200x200.png 200w, https:\/\/paulrivera.it\/wp-content\/uploads\/2020\/02\/604477_paul_rivera_hydra_dream_nourishing_shampoo_dry_hair_1000ml-600x600.png 600w, https:\/\/paulrivera.it\/wp-content\/uploads\/2020\/02\/604477_paul_rivera_hydra_dream_nourishing_shampoo_dry_hair_1000ml-150x150.png 150w, https:\/\/paulrivera.it\/wp-content\/uploads\/2020\/02\/604477_paul_rivera_hydra_dream_nourishing_shampoo_dry_hair_1000ml-768x768.png 768w, https:\/\/paulrivera.it\/wp-content\/uploads\/2020\/02\/604477_paul_rivera_hydra_dream_nourishing_shampoo_dry_hair_1000ml.png 800w\" \/><\/a>\n\t<\/div>\n\t<figcaption class=\"woocom-list-content\">\n\n\t\t<div class=\"woo-buttons\"><a href=\"https:\/\/paulrivera.it\/fr\/prodotti\/soins\/hydra-dream-cheveux-secs\/hydra-dream-shampoing-nourrissant\/\" aria-describedby=\"woocommerce_loop_add_to_cart_link_describedby_10578\" data-quantity=\"1\" class=\"product_type_simple ajax_add_to_cart\" data-product_id=\"10578\" data-product_sku=\"\" aria-label=\"Read more about &ldquo;Hydra Dream - Shampoing Nourrissant&rdquo;\" rel=\"nofollow\" data-success_message=\"\">Read more<\/a>\t<span id=\"woocommerce_loop_add_to_cart_link_describedby_10578\" class=\"screen-reader-text\">\n\t\t\t<\/span>\n<\/div>\n\t<\/figcaption>\n<\/figure>\n<\/article><article class=\"post post-10572 product type-product status-publish has-post-thumbnail product_cat-true-color-cheveux-colores description-off  instock shipping-taxable product-type-simple\" ><figure class=\"woocom-project\">\n\t<div class=\"woo-buttons-on-img\">\n\n\t\t<a href=\"https:\/\/paulrivera.it\/fr\/prodotti\/soins\/true-color-cheveux-colores\/true-color-shampoing-illuminateur\/\" class=\"alignnone layzr-bg\"><img loading=\"lazy\" decoding=\"async\" width=\"300\" height=\"300\" src=\"data:image\/svg+xml;charset=utf-8,%3Csvg xmlns%3D&#039;http%3A%2F%2Fwww.w3.org%2F2000%2Fsvg&#039; viewBox%3D&#039;0 0 300 300&#039;%2F%3E\" class=\"attachment-woocommerce_thumbnail size-woocommerce_thumbnail owl-lazy-load preload-me\" alt=\"True Color \u2013 Shampoing illuminateur\" data-src=\"https:\/\/paulrivera.it\/wp-content\/uploads\/2020\/02\/604668_paul_rivera_true_color_bleaching_shampoo_coloured_hair_1000ml-300x300.png\" data-srcset=\"https:\/\/paulrivera.it\/wp-content\/uploads\/2020\/02\/604668_paul_rivera_true_color_bleaching_shampoo_coloured_hair_1000ml-300x300.png 300w, https:\/\/paulrivera.it\/wp-content\/uploads\/2020\/02\/604668_paul_rivera_true_color_bleaching_shampoo_coloured_hair_1000ml-200x200.png 200w, https:\/\/paulrivera.it\/wp-content\/uploads\/2020\/02\/604668_paul_rivera_true_color_bleaching_shampoo_coloured_hair_1000ml-600x600.png 600w, https:\/\/paulrivera.it\/wp-content\/uploads\/2020\/02\/604668_paul_rivera_true_color_bleaching_shampoo_coloured_hair_1000ml-150x150.png 150w, https:\/\/paulrivera.it\/wp-content\/uploads\/2020\/02\/604668_paul_rivera_true_color_bleaching_shampoo_coloured_hair_1000ml-768x768.png 768w, https:\/\/paulrivera.it\/wp-content\/uploads\/2020\/02\/604668_paul_rivera_true_color_bleaching_shampoo_coloured_hair_1000ml.png 800w\" \/><\/a>\n\t<\/div>\n\t<figcaption class=\"woocom-list-content\">\n\n\t\t<div class=\"woo-buttons\"><a href=\"https:\/\/paulrivera.it\/fr\/prodotti\/soins\/true-color-cheveux-colores\/true-color-shampoing-illuminateur\/\" aria-describedby=\"woocommerce_loop_add_to_cart_link_describedby_10572\" data-quantity=\"1\" class=\"product_type_simple ajax_add_to_cart\" data-product_id=\"10572\" data-product_sku=\"\" aria-label=\"Read more about &ldquo;True Color \u2013 Shampoing illuminateur&rdquo;\" rel=\"nofollow\" data-success_message=\"\">Read more<\/a>\t<span id=\"woocommerce_loop_add_to_cart_link_describedby_10572\" class=\"screen-reader-text\">\n\t\t\t<\/span>\n<\/div>\n\t<\/figcaption>\n<\/figure>\n<\/article><article class=\"post post-10568 product type-product status-publish has-post-thumbnail product_cat-perfect-all-usage-frequent description-off last instock shipping-taxable product-type-simple\" ><figure class=\"woocom-project\">\n\t<div class=\"woo-buttons-on-img\">\n\n\t\t<a href=\"https:\/\/paulrivera.it\/fr\/prodotti\/soins\/perfect-all-usage-frequent\/perfect-all-shampoing-adoucissant-2\/\" class=\"alignnone layzr-bg\"><img loading=\"lazy\" decoding=\"async\" width=\"300\" height=\"300\" src=\"data:image\/svg+xml;charset=utf-8,%3Csvg xmlns%3D&#039;http%3A%2F%2Fwww.w3.org%2F2000%2Fsvg&#039; viewBox%3D&#039;0 0 300 300&#039;%2F%3E\" class=\"attachment-woocommerce_thumbnail size-woocommerce_thumbnail owl-lazy-load preload-me\" alt=\"Perfect All - Shampoing adoucissant\" data-src=\"https:\/\/paulrivera.it\/wp-content\/uploads\/2020\/02\/604415_paul_rivera_perfect_all_softening_shampoo_frequent_use_1000ml-300x300.png\" data-srcset=\"https:\/\/paulrivera.it\/wp-content\/uploads\/2020\/02\/604415_paul_rivera_perfect_all_softening_shampoo_frequent_use_1000ml-300x300.png 300w, https:\/\/paulrivera.it\/wp-content\/uploads\/2020\/02\/604415_paul_rivera_perfect_all_softening_shampoo_frequent_use_1000ml-200x200.png 200w, https:\/\/paulrivera.it\/wp-content\/uploads\/2020\/02\/604415_paul_rivera_perfect_all_softening_shampoo_frequent_use_1000ml-600x600.png 600w, https:\/\/paulrivera.it\/wp-content\/uploads\/2020\/02\/604415_paul_rivera_perfect_all_softening_shampoo_frequent_use_1000ml-150x150.png 150w, https:\/\/paulrivera.it\/wp-content\/uploads\/2020\/02\/604415_paul_rivera_perfect_all_softening_shampoo_frequent_use_1000ml-768x768.png 768w, https:\/\/paulrivera.it\/wp-content\/uploads\/2020\/02\/604415_paul_rivera_perfect_all_softening_shampoo_frequent_use_1000ml.png 800w\" \/><\/a>\n\t<\/div>\n\t<figcaption class=\"woocom-list-content\">\n\n\t\t<div class=\"woo-buttons\"><a href=\"https:\/\/paulrivera.it\/fr\/prodotti\/soins\/perfect-all-usage-frequent\/perfect-all-shampoing-adoucissant-2\/\" aria-describedby=\"woocommerce_loop_add_to_cart_link_describedby_10568\" data-quantity=\"1\" class=\"product_type_simple ajax_add_to_cart\" data-product_id=\"10568\" data-product_sku=\"\" aria-label=\"Read more about &ldquo;Perfect All - Shampoing adoucissant&rdquo;\" rel=\"nofollow\" data-success_message=\"\">Read more<\/a>\t<span id=\"woocommerce_loop_add_to_cart_link_describedby_10568\" class=\"screen-reader-text\">\n\t\t\t<\/span>\n<\/div>\n\t<\/figcaption>\n<\/figure>\n<\/article><\/div>[\/vc_column_inner][\/vc_row_inner][\/vc_column][\/vc_row]<\/p>\n<\/div>","protected":false},"excerpt":{"rendered":"<p><span style=\"font-weight: 400;\">Illumin-Us est un<\/span><b> \u00e9lixir lamellaire sp\u00e9cial<\/b><span style=\"font-weight: 400;\"> qui r\u00e9g\u00e9n\u00e8re les cheveux en leur donnant une brillance instantan\u00e9e. Conditionne fortement l&#8217;\u00e9clat des cheveux. Con\u00e7u pour tous types de cheveux, notamment les cheveux trait\u00e9s ou cr\u00e9pus.<\/span><\/p>\n<p><span style=\"font-weight: 400;\">Gr\u00e2ce \u00e0 l&#8217;action combin\u00e9e des<\/span><b> Phytok\u00e9ratines<\/b><span style=\"font-weight: 400;\">, de l&#8217;extrait de<\/span><b> Cassis<\/b><span style=\"font-weight: 400;\"> et de l&#8217;<\/span><b>extrait de M\u00fbre<\/b><span style=\"font-weight: 400;\">, les cheveux sont visiblement hydrat\u00e9s et brillants.<\/span><\/p>\n<p><span style=\"font-weight: 400;\">Son application renforce l&#8217;efficacit\u00e9 de nos soins :<\/span><i><span style=\"font-weight: 400;\"> My Promise, Hydra Dream, Loud Volume, Perfect All, True Color, Absolute Sleek, Twister Curl, True Silver.<\/span><\/i><\/p>\n<p><span style=\"font-weight: 400;\">500 ml<\/span><\/p>\n<p>&nbsp;<\/p>\n[maxbutton id=\"5\"]\n","protected":false},"featured_media":10231,"template":"","meta":[],"product_brand":[],"product_cat":[1313,1316,1317,1318,1319,1321,1323,1324],"product_tag":[],"class_list":{"0":"post-10564","1":"product","2":"type-product","3":"status-publish","4":"has-post-thumbnail","6":"product_cat-absolute-sleek-cheveux-crepus","7":"product_cat-hydra-dream-cheveux-secs","8":"product_cat-loud-volume-cheveux-fins","9":"product_cat-my-promise-soin-restructurant-intensif","10":"product_cat-perfect-all-usage-frequent","11":"product_cat-true-color-cheveux-colores","12":"product_cat-true-silver-systeme-anti-jaunissement","13":"product_cat-twister-curl-cheveux-boucles","14":"description-off","16":"first","17":"instock","18":"shipping-taxable","19":"product-type-simple"},"yoast_head":"<!-- This site is optimized with the Yoast SEO plugin v27.2 - https:\/\/yoast.com\/product\/yoast-seo-wordpress\/ -->\n<title>Illumin-us - Soin lamellaire<\/title>\n<meta name=\"description\" content=\"Illumin-Us est un \u00e9lixir lamellaire sp\u00e9cial qui r\u00e9g\u00e9n\u00e8re les cheveux en leur donnant une brillance instantan\u00e9e.\" \/>\n<meta name=\"robots\" content=\"index, follow, max-snippet:-1, max-image-preview:large, max-video-preview:-1\" \/>\n<link rel=\"canonical\" href=\"https:\/\/paulrivera.it\/fr\/prodotti\/soins\/absolute-sleek-cheveux-crepus\/illumin-us-soin-lamellaire\/\" \/>\n<meta property=\"og:locale\" content=\"fr_FR\" \/>\n<meta property=\"og:type\" content=\"article\" \/>\n<meta property=\"og:title\" content=\"Illumin-us - Soin lamellaire\" \/>\n<meta property=\"og:description\" content=\"Illumin-Us est un \u00e9lixir lamellaire sp\u00e9cial qui r\u00e9g\u00e9n\u00e8re les cheveux en leur donnant une brillance instantan\u00e9e.\" \/>\n<meta property=\"og:url\" content=\"https:\/\/paulrivera.it\/fr\/prodotti\/soins\/absolute-sleek-cheveux-crepus\/illumin-us-soin-lamellaire\/\" \/>\n<meta property=\"og:site_name\" content=\"Paul Rivera\" \/>\n<meta property=\"article:modified_time\" content=\"2024-05-13T12:11:30+00:00\" \/>\n<meta property=\"og:image\" content=\"https:\/\/paulrivera.it\/wp-content\/uploads\/2023\/06\/604316_paul_rivera_illuminus_500ml.png\" \/>\n\t<meta property=\"og:image:width\" content=\"800\" \/>\n\t<meta property=\"og:image:height\" content=\"800\" \/>\n\t<meta property=\"og:image:type\" content=\"image\/png\" \/>\n<meta name=\"twitter:card\" content=\"summary_large_image\" \/>\n<meta name=\"twitter:label1\" content=\"Est. reading time\" \/>\n\t<meta name=\"twitter:data1\" content=\"3 minutes\" \/>\n<script type=\"application\/ld+json\" class=\"yoast-schema-graph\">{\"@context\":\"https:\/\/schema.org\",\"@graph\":[{\"@type\":\"WebPage\",\"@id\":\"https:\/\/paulrivera.it\/fr\/prodotti\/soins\/absolute-sleek-cheveux-crepus\/illumin-us-soin-lamellaire\/\",\"url\":\"https:\/\/paulrivera.it\/fr\/prodotti\/soins\/absolute-sleek-cheveux-crepus\/illumin-us-soin-lamellaire\/\",\"name\":\"Illumin-us - Soin lamellaire\",\"isPartOf\":{\"@id\":\"https:\/\/paulrivera.it\/fr\/#website\"},\"primaryImageOfPage\":{\"@id\":\"https:\/\/paulrivera.it\/fr\/prodotti\/soins\/absolute-sleek-cheveux-crepus\/illumin-us-soin-lamellaire\/#primaryimage\"},\"image\":{\"@id\":\"https:\/\/paulrivera.it\/fr\/prodotti\/soins\/absolute-sleek-cheveux-crepus\/illumin-us-soin-lamellaire\/#primaryimage\"},\"thumbnailUrl\":\"https:\/\/paulrivera.it\/wp-content\/uploads\/2023\/06\/604316_paul_rivera_illuminus_500ml.png\",\"datePublished\":\"2023-06-26T07:42:19+00:00\",\"dateModified\":\"2024-05-13T12:11:30+00:00\",\"description\":\"Illumin-Us est un \u00e9lixir lamellaire sp\u00e9cial qui r\u00e9g\u00e9n\u00e8re les cheveux en leur donnant une brillance instantan\u00e9e.\",\"breadcrumb\":{\"@id\":\"https:\/\/paulrivera.it\/fr\/prodotti\/soins\/absolute-sleek-cheveux-crepus\/illumin-us-soin-lamellaire\/#breadcrumb\"},\"inLanguage\":\"fr-FR\",\"potentialAction\":[{\"@type\":\"ReadAction\",\"target\":[\"https:\/\/paulrivera.it\/fr\/prodotti\/soins\/absolute-sleek-cheveux-crepus\/illumin-us-soin-lamellaire\/\"]}]},{\"@type\":\"ImageObject\",\"inLanguage\":\"fr-FR\",\"@id\":\"https:\/\/paulrivera.it\/fr\/prodotti\/soins\/absolute-sleek-cheveux-crepus\/illumin-us-soin-lamellaire\/#primaryimage\",\"url\":\"https:\/\/paulrivera.it\/wp-content\/uploads\/2023\/06\/604316_paul_rivera_illuminus_500ml.png\",\"contentUrl\":\"https:\/\/paulrivera.it\/wp-content\/uploads\/2023\/06\/604316_paul_rivera_illuminus_500ml.png\",\"width\":800,\"height\":800},{\"@type\":\"BreadcrumbList\",\"@id\":\"https:\/\/paulrivera.it\/fr\/prodotti\/soins\/absolute-sleek-cheveux-crepus\/illumin-us-soin-lamellaire\/#breadcrumb\",\"itemListElement\":[{\"@type\":\"ListItem\",\"position\":1,\"name\":\"Home\",\"item\":\"https:\/\/paulrivera.it\/fr\/\"},{\"@type\":\"ListItem\",\"position\":2,\"name\":\"Pagina shop\",\"item\":\"https:\/\/paulrivera.it\/prodotti\/\"},{\"@type\":\"ListItem\",\"position\":3,\"name\":\"Illumin-us &#8211; Soin lamellaire\"}]},{\"@type\":\"WebSite\",\"@id\":\"https:\/\/paulrivera.it\/fr\/#website\",\"url\":\"https:\/\/paulrivera.it\/fr\/\",\"name\":\"Paul Rivera\",\"description\":\"Hair Beauty Celebration\",\"publisher\":{\"@id\":\"https:\/\/paulrivera.it\/fr\/#organization\"},\"potentialAction\":[{\"@type\":\"SearchAction\",\"target\":{\"@type\":\"EntryPoint\",\"urlTemplate\":\"https:\/\/paulrivera.it\/fr\/?s={search_term_string}\"},\"query-input\":{\"@type\":\"PropertyValueSpecification\",\"valueRequired\":true,\"valueName\":\"search_term_string\"}}],\"inLanguage\":\"fr-FR\"},{\"@type\":\"Organization\",\"@id\":\"https:\/\/paulrivera.it\/fr\/#organization\",\"name\":\"Paul Rivera\",\"url\":\"https:\/\/paulrivera.it\/fr\/\",\"logo\":{\"@type\":\"ImageObject\",\"inLanguage\":\"fr-FR\",\"@id\":\"https:\/\/paulrivera.it\/fr\/#\/schema\/logo\/image\/\",\"url\":\"https:\/\/paulrivera.it\/wp-content\/uploads\/2020\/02\/paul_rivera_logo_header_x2.png\",\"contentUrl\":\"https:\/\/paulrivera.it\/wp-content\/uploads\/2020\/02\/paul_rivera_logo_header_x2.png\",\"width\":470,\"height\":60,\"caption\":\"Paul Rivera\"},\"image\":{\"@id\":\"https:\/\/paulrivera.it\/fr\/#\/schema\/logo\/image\/\"}}]}<\/script>\n<!-- \/ Yoast SEO plugin. -->","yoast_head_json":{"title":"Illumin-us - Soin lamellaire","description":"Illumin-Us est un \u00e9lixir lamellaire sp\u00e9cial qui r\u00e9g\u00e9n\u00e8re les cheveux en leur donnant une brillance instantan\u00e9e.","robots":{"index":"index","follow":"follow","max-snippet":"max-snippet:-1","max-image-preview":"max-image-preview:large","max-video-preview":"max-video-preview:-1"},"canonical":"https:\/\/paulrivera.it\/fr\/prodotti\/soins\/absolute-sleek-cheveux-crepus\/illumin-us-soin-lamellaire\/","og_locale":"fr_FR","og_type":"article","og_title":"Illumin-us - Soin lamellaire","og_description":"Illumin-Us est un \u00e9lixir lamellaire sp\u00e9cial qui r\u00e9g\u00e9n\u00e8re les cheveux en leur donnant une brillance instantan\u00e9e.","og_url":"https:\/\/paulrivera.it\/fr\/prodotti\/soins\/absolute-sleek-cheveux-crepus\/illumin-us-soin-lamellaire\/","og_site_name":"Paul Rivera","article_modified_time":"2024-05-13T12:11:30+00:00","og_image":[{"width":800,"height":800,"url":"https:\/\/paulrivera.it\/wp-content\/uploads\/2023\/06\/604316_paul_rivera_illuminus_500ml.png","type":"image\/png"}],"twitter_card":"summary_large_image","twitter_misc":{"Est. reading time":"3 minutes"},"schema":{"@context":"https:\/\/schema.org","@graph":[{"@type":"WebPage","@id":"https:\/\/paulrivera.it\/fr\/prodotti\/soins\/absolute-sleek-cheveux-crepus\/illumin-us-soin-lamellaire\/","url":"https:\/\/paulrivera.it\/fr\/prodotti\/soins\/absolute-sleek-cheveux-crepus\/illumin-us-soin-lamellaire\/","name":"Illumin-us - Soin lamellaire","isPartOf":{"@id":"https:\/\/paulrivera.it\/fr\/#website"},"primaryImageOfPage":{"@id":"https:\/\/paulrivera.it\/fr\/prodotti\/soins\/absolute-sleek-cheveux-crepus\/illumin-us-soin-lamellaire\/#primaryimage"},"image":{"@id":"https:\/\/paulrivera.it\/fr\/prodotti\/soins\/absolute-sleek-cheveux-crepus\/illumin-us-soin-lamellaire\/#primaryimage"},"thumbnailUrl":"https:\/\/paulrivera.it\/wp-content\/uploads\/2023\/06\/604316_paul_rivera_illuminus_500ml.png","datePublished":"2023-06-26T07:42:19+00:00","dateModified":"2024-05-13T12:11:30+00:00","description":"Illumin-Us est un \u00e9lixir lamellaire sp\u00e9cial qui r\u00e9g\u00e9n\u00e8re les cheveux en leur donnant une brillance instantan\u00e9e.","breadcrumb":{"@id":"https:\/\/paulrivera.it\/fr\/prodotti\/soins\/absolute-sleek-cheveux-crepus\/illumin-us-soin-lamellaire\/#breadcrumb"},"inLanguage":"fr-FR","potentialAction":[{"@type":"ReadAction","target":["https:\/\/paulrivera.it\/fr\/prodotti\/soins\/absolute-sleek-cheveux-crepus\/illumin-us-soin-lamellaire\/"]}]},{"@type":"ImageObject","inLanguage":"fr-FR","@id":"https:\/\/paulrivera.it\/fr\/prodotti\/soins\/absolute-sleek-cheveux-crepus\/illumin-us-soin-lamellaire\/#primaryimage","url":"https:\/\/paulrivera.it\/wp-content\/uploads\/2023\/06\/604316_paul_rivera_illuminus_500ml.png","contentUrl":"https:\/\/paulrivera.it\/wp-content\/uploads\/2023\/06\/604316_paul_rivera_illuminus_500ml.png","width":800,"height":800},{"@type":"BreadcrumbList","@id":"https:\/\/paulrivera.it\/fr\/prodotti\/soins\/absolute-sleek-cheveux-crepus\/illumin-us-soin-lamellaire\/#breadcrumb","itemListElement":[{"@type":"ListItem","position":1,"name":"Home","item":"https:\/\/paulrivera.it\/fr\/"},{"@type":"ListItem","position":2,"name":"Pagina shop","item":"https:\/\/paulrivera.it\/prodotti\/"},{"@type":"ListItem","position":3,"name":"Illumin-us &#8211; Soin lamellaire"}]},{"@type":"WebSite","@id":"https:\/\/paulrivera.it\/fr\/#website","url":"https:\/\/paulrivera.it\/fr\/","name":"Paul Rivera","description":"Hair Beauty Celebration","publisher":{"@id":"https:\/\/paulrivera.it\/fr\/#organization"},"potentialAction":[{"@type":"SearchAction","target":{"@type":"EntryPoint","urlTemplate":"https:\/\/paulrivera.it\/fr\/?s={search_term_string}"},"query-input":{"@type":"PropertyValueSpecification","valueRequired":true,"valueName":"search_term_string"}}],"inLanguage":"fr-FR"},{"@type":"Organization","@id":"https:\/\/paulrivera.it\/fr\/#organization","name":"Paul Rivera","url":"https:\/\/paulrivera.it\/fr\/","logo":{"@type":"ImageObject","inLanguage":"fr-FR","@id":"https:\/\/paulrivera.it\/fr\/#\/schema\/logo\/image\/","url":"https:\/\/paulrivera.it\/wp-content\/uploads\/2020\/02\/paul_rivera_logo_header_x2.png","contentUrl":"https:\/\/paulrivera.it\/wp-content\/uploads\/2020\/02\/paul_rivera_logo_header_x2.png","width":470,"height":60,"caption":"Paul Rivera"},"image":{"@id":"https:\/\/paulrivera.it\/fr\/#\/schema\/logo\/image\/"}}]}},"_links":{"self":[{"href":"https:\/\/paulrivera.it\/fr\/wp-json\/wp\/v2\/product\/10564","targetHints":{"allow":["GET"]}}],"collection":[{"href":"https:\/\/paulrivera.it\/fr\/wp-json\/wp\/v2\/product"}],"about":[{"href":"https:\/\/paulrivera.it\/fr\/wp-json\/wp\/v2\/types\/product"}],"wp:featuredmedia":[{"embeddable":true,"href":"https:\/\/paulrivera.it\/fr\/wp-json\/wp\/v2\/media\/10231"}],"wp:attachment":[{"href":"https:\/\/paulrivera.it\/fr\/wp-json\/wp\/v2\/media?parent=10564"}],"wp:term":[{"taxonomy":"product_brand","embeddable":true,"href":"https:\/\/paulrivera.it\/fr\/wp-json\/wp\/v2\/product_brand?post=10564"},{"taxonomy":"product_cat","embeddable":true,"href":"https:\/\/paulrivera.it\/fr\/wp-json\/wp\/v2\/product_cat?post=10564"},{"taxonomy":"product_tag","embeddable":true,"href":"https:\/\/paulrivera.it\/fr\/wp-json\/wp\/v2\/product_tag?post=10564"}],"curies":[{"name":"wp","href":"https:\/\/api.w.org\/{rel}","templated":true}]}}