{"id":10570,"date":"2020-02-18T14:05:48","date_gmt":"2020-02-18T13:05:48","guid":{"rendered":"https:\/\/paulrivera.it\/product\/perfect-all-creme-adoucissante-2\/"},"modified":"2024-05-13T14:36:41","modified_gmt":"2024-05-13T12:36:41","slug":"perfect-all-creme-adoucissante-2","status":"publish","type":"product","link":"https:\/\/paulrivera.it\/fr\/prodotti\/soins\/perfect-all-usage-frequent\/perfect-all-creme-adoucissante-2\/","title":{"rendered":"Perfect All &#8211; Cr\u00e8me adoucissante"},"content":{"rendered":"<div class=\"wpb-content-wrapper\"><p>[vc_row full_width=&#8221;stretch_row&#8221;][vc_column][vc_row_inner el_id=&#8221;desktop&#8221;][vc_column_inner width=&#8221;1\/2&#8243; css=&#8221;.vc_custom_1582194227194{padding-top: 10% !important;padding-right: 10% !important;padding-bottom: 10% !important;padding-left: 30% !important;}&#8221; offset=&#8221;vc_hidden-md vc_hidden-sm vc_hidden-xs&#8221;][vc_column_text]<br \/>\n<span style=\"font-size: 28px;\"><b>Les bonnes raisons de l&#8217;aimer<\/b><\/span><\/p>\n<ul>\n<li style=\"font-weight: 400;\" aria-level=\"1\"><span style=\"font-weight: 400;\">Formule d\u00e9licate qui prend soin des cheveux<\/span><\/li>\n<li style=\"font-weight: 400;\" aria-level=\"1\"><span style=\"font-weight: 400;\">Id\u00e9al pour vos soins capillaires quotidiens<\/span><\/li>\n<li style=\"font-weight: 400;\" aria-level=\"1\"><span style=\"font-weight: 400;\">Nourrit et hydrate en profondeur<\/span><\/li>\n<\/ul>\n<p>[\/vc_column_text][vc_column_text]<br \/>\n<span style=\"font-size: 28px;\"><b>Les principes actifs de la formule<\/b><\/span><\/p>\n<ul>\n<li style=\"font-weight: 400;\" aria-level=\"1\"><span style=\"font-weight: 400;\">Extraits d&#8217;hamam\u00e9lis : combattent la fragilit\u00e9 capillaire, en purifiant et en favorisant la nutrition et l&#8217;oxyg\u00e9nation.<\/span><\/li>\n<li style=\"font-weight: 400;\" aria-level=\"1\"><span style=\"font-weight: 400;\">Myrte : puissant effet apaisant et tonifiant qui redonne leur douceur naturelle aux cheveux.<\/span><\/li>\n<\/ul>\n<p>[\/vc_column_text][vc_column_text]<br \/>\n<span style=\"font-size: 28px;\"><b>Mode d&#8217;emploi<\/b><\/span><\/p>\n<p><span style=\"font-weight: 400;\">Appliquer apr\u00e8s le shampoing \u00e0 usage fr\u00e9quent sur cheveux essor\u00e9s, laisser agir 2 \u00e0 3 minutes et rincer abondamment.<\/span>[\/vc_column_text][\/vc_column_inner][vc_column_inner width=&#8221;1\/2&#8243; css=&#8221;.vc_custom_1582809655800{background-image: url(https:\/\/paulrivera.it\/wp-content\/uploads\/2020\/02\/background_adv_product_perfect_all.png?id=862) !important;background-position: center !important;background-repeat: no-repeat !important;background-size: cover !important;}&#8221; offset=&#8221;vc_hidden-md vc_hidden-sm vc_hidden-xs&#8221;][vc_single_image image=&#8221;9757&#8243; img_size=&#8221;large&#8221; alignment=&#8221;center&#8221;][\/vc_column_inner][\/vc_row_inner][vc_row_inner el_id=&#8221;tablet&#8221;][vc_column_inner offset=&#8221;vc_hidden-lg vc_hidden-xs&#8221;][vc_column_text]<br \/>\n<span style=\"font-size: 28px;\"><b>Les bonnes raisons de l&#8217;aimer<\/b><\/span><\/p>\n<ul>\n<li style=\"font-weight: 400;\" aria-level=\"1\"><span style=\"font-weight: 400;\">Formule d\u00e9licate qui prend soin des cheveux<\/span><\/li>\n<li style=\"font-weight: 400;\" aria-level=\"1\"><span style=\"font-weight: 400;\">Id\u00e9al pour vos soins capillaires quotidiens<\/span><\/li>\n<li style=\"font-weight: 400;\" aria-level=\"1\"><span style=\"font-weight: 400;\">Nourrit et hydrate en profondeur<\/span><\/li>\n<\/ul>\n<p>[\/vc_column_text][vc_column_text]<br \/>\n<span style=\"font-size: 28px;\"><b>Les principes actifs de la formule<\/b><\/span><\/p>\n<ul>\n<li style=\"font-weight: 400;\" aria-level=\"1\"><span style=\"font-weight: 400;\">Extraits d&#8217;hamam\u00e9lis : combattent la fragilit\u00e9 capillaire, en purifiant et en favorisant la nutrition et l&#8217;oxyg\u00e9nation.<\/span><\/li>\n<li style=\"font-weight: 400;\" aria-level=\"1\"><span style=\"font-weight: 400;\">Myrte : puissant effet apaisant et tonifiant qui redonne leur douceur naturelle aux cheveux.<\/span><\/li>\n<\/ul>\n<p>[\/vc_column_text][vc_column_text]<br \/>\n<span style=\"font-size: 28px;\"><b>Mode d&#8217;emploi<\/b><\/span><\/p>\n<p><span style=\"font-weight: 400;\">Appliquer apr\u00e8s le shampoing \u00e0 usage fr\u00e9quent sur cheveux essor\u00e9s, laisser agir 2 \u00e0 3 minutes et rincer abondamment.<\/span>[\/vc_column_text][\/vc_column_inner][\/vc_row_inner][vc_row_inner el_id=&#8221;mobile&#8221;][vc_column_inner width=&#8221;1\/2&#8243; offset=&#8221;vc_hidden-lg vc_hidden-md vc_hidden-sm&#8221;][vc_column_text]<br \/>\n<span style=\"font-size: 28px;\"><b>Les bonnes raisons de l&#8217;aimer<\/b><\/span><\/p>\n<ul>\n<li style=\"font-weight: 400;\" aria-level=\"1\"><span style=\"font-weight: 400;\">Formule d\u00e9licate qui prend soin des cheveux<\/span><\/li>\n<li style=\"font-weight: 400;\" aria-level=\"1\"><span style=\"font-weight: 400;\">Id\u00e9al pour vos soins capillaires quotidiens<\/span><\/li>\n<li style=\"font-weight: 400;\" aria-level=\"1\"><span style=\"font-weight: 400;\">Nourrit et hydrate en profondeur<\/span><\/li>\n<\/ul>\n<p>[\/vc_column_text][vc_column_text]<br \/>\n<span style=\"font-size: 28px;\"><b>Les principes actifs de la formule<\/b><\/span><\/p>\n<ul>\n<li style=\"font-weight: 400;\" aria-level=\"1\"><span style=\"font-weight: 400;\">Extraits d&#8217;hamam\u00e9lis : combattent la fragilit\u00e9 capillaire, en purifiant et en favorisant la nutrition et l&#8217;oxyg\u00e9nation.<\/span><\/li>\n<li style=\"font-weight: 400;\" aria-level=\"1\"><span style=\"font-weight: 400;\">Myrte : puissant effet apaisant et tonifiant qui redonne leur douceur naturelle aux cheveux.<\/span><\/li>\n<\/ul>\n<p>[\/vc_column_text][vc_column_text]<br \/>\n<span style=\"font-size: 28px;\"><b>Mode d&#8217;emploi<\/b><\/span><\/p>\n<p><span style=\"font-weight: 400;\">Appliquer apr\u00e8s le shampoing \u00e0 usage fr\u00e9quent sur cheveux essor\u00e9s, laisser agir 2 \u00e0 3 minutes et rincer abondamment.<\/span>[\/vc_column_text][\/vc_column_inner][vc_column_inner width=&#8221;1\/2&#8243; css=&#8221;.vc_custom_1582809691833{background-image: url(https:\/\/paulrivera.it\/wp-content\/uploads\/2020\/02\/background_adv_product_perfect_all.png?id=862) !important;background-position: center !important;background-repeat: no-repeat !important;background-size: cover !important;}&#8221; offset=&#8221;vc_hidden-lg vc_hidden-md vc_hidden-sm&#8221;][vc_single_image image=&#8221;9757&#8243; img_size=&#8221;large&#8221; alignment=&#8221;center&#8221;][\/vc_column_inner][\/vc_row_inner][\/vc_column][\/vc_row][vc_row css=&#8221;.vc_custom_1582192829011{padding-top: 50px !important;}&#8221;][vc_column][vc_row_inner][vc_column_inner][vc_column_text]<\/p>\n<h1 style=\"text-align: center;\">Vous aimerez aussi<\/h1>\n<p>[\/vc_column_text][\/vc_column_inner][\/vc_row_inner][vc_raw_html]W3dwYi1wcm9kdWN0LXNsaWRlci1zaG9ydGNvZGUgaWQ9IjI1MSJd[\/vc_raw_html][\/vc_column][\/vc_row]<\/p>\n<\/div>","protected":false},"excerpt":{"rendered":"<p><span style=\"font-weight: 400;\">Gr\u00e2ce \u00e0 ses<\/span><b> propri\u00e9t\u00e9s adoucissantes<\/b><span style=\"font-weight: 400;\">, la cr\u00e8me Perfect All enveloppe les cheveux dans un soin d\u00e9licat adapt\u00e9 \u00e0 un<\/span><b> usage fr\u00e9quent<\/b><span style=\"font-weight: 400;\"> qui n&#8217;alourdit pas.<\/span><\/p>\n<p><span style=\"font-weight: 400;\">Sa formule l\u00e9g\u00e8re \u00e0 action ultra-rapide rend les<\/span><b> cheveux doux et faciles \u00e0 coiffer<\/b><span style=\"font-weight: 400;\"> : les<\/span><b> Extraits d&#8217;hamam\u00e9lis<\/b><span style=\"font-weight: 400;\"> et<\/span><b> de Myrte<\/b><span style=\"font-weight: 400;\"> coop\u00e8rent en synergie pour garantir une excellente hydratation et nutrition, outre un effet revitalisant notable.<\/span><\/p>\n<p>300 ml<\/p>\n<p>&nbsp;<\/p>\n[maxbutton id=\"5\"]\n","protected":false},"featured_media":9515,"template":"","meta":[],"product_brand":[],"product_cat":[1319],"product_tag":[],"class_list":{"0":"post-10570","1":"product","2":"type-product","3":"status-publish","4":"has-post-thumbnail","6":"product_cat-perfect-all-usage-frequent","7":"description-off","9":"first","10":"instock","11":"shipping-taxable","12":"product-type-simple"},"yoast_head":"<!-- This site is optimized with the Yoast SEO plugin v27.2 - https:\/\/yoast.com\/product\/yoast-seo-wordpress\/ -->\n<title>Perfect All - Cr\u00e8me adoucissante<\/title>\n<meta name=\"description\" content=\"Perfect All enveloppe les cheveux dans un soin d\u00e9licat adapt\u00e9 \u00e0 un usage fr\u00e9quent qui n&#039;alourdit pas.\" \/>\n<meta name=\"robots\" content=\"index, follow, max-snippet:-1, max-image-preview:large, max-video-preview:-1\" \/>\n<link rel=\"canonical\" href=\"https:\/\/paulrivera.it\/fr\/prodotti\/soins\/perfect-all-usage-frequent\/perfect-all-creme-adoucissante-2\/\" \/>\n<meta property=\"og:locale\" content=\"fr_FR\" \/>\n<meta property=\"og:type\" content=\"article\" \/>\n<meta property=\"og:title\" content=\"Perfect All - Cr\u00e8me adoucissante\" \/>\n<meta property=\"og:description\" content=\"Perfect All enveloppe les cheveux dans un soin d\u00e9licat adapt\u00e9 \u00e0 un usage fr\u00e9quent qui n&#039;alourdit pas.\" \/>\n<meta property=\"og:url\" content=\"https:\/\/paulrivera.it\/fr\/prodotti\/soins\/perfect-all-usage-frequent\/perfect-all-creme-adoucissante-2\/\" \/>\n<meta property=\"og:site_name\" content=\"Paul Rivera\" \/>\n<meta property=\"article:modified_time\" content=\"2024-05-13T12:36:41+00:00\" \/>\n<meta property=\"og:image\" content=\"https:\/\/paulrivera.it\/wp-content\/uploads\/2020\/02\/604446_paul_rivera_perfect_all_softening_cream_frequent_use_300ml.png\" \/>\n\t<meta property=\"og:image:width\" content=\"800\" \/>\n\t<meta property=\"og:image:height\" content=\"800\" \/>\n\t<meta property=\"og:image:type\" content=\"image\/png\" \/>\n<meta name=\"twitter:card\" content=\"summary_large_image\" \/>\n<meta name=\"twitter:label1\" content=\"Est. reading time\" \/>\n\t<meta name=\"twitter:data1\" content=\"2 minutes\" \/>\n<script type=\"application\/ld+json\" class=\"yoast-schema-graph\">{\"@context\":\"https:\/\/schema.org\",\"@graph\":[{\"@type\":\"WebPage\",\"@id\":\"https:\/\/paulrivera.it\/fr\/prodotti\/soins\/perfect-all-usage-frequent\/perfect-all-creme-adoucissante-2\/\",\"url\":\"https:\/\/paulrivera.it\/fr\/prodotti\/soins\/perfect-all-usage-frequent\/perfect-all-creme-adoucissante-2\/\",\"name\":\"Perfect All - Cr\u00e8me adoucissante\",\"isPartOf\":{\"@id\":\"https:\/\/paulrivera.it\/fr\/#website\"},\"primaryImageOfPage\":{\"@id\":\"https:\/\/paulrivera.it\/fr\/prodotti\/soins\/perfect-all-usage-frequent\/perfect-all-creme-adoucissante-2\/#primaryimage\"},\"image\":{\"@id\":\"https:\/\/paulrivera.it\/fr\/prodotti\/soins\/perfect-all-usage-frequent\/perfect-all-creme-adoucissante-2\/#primaryimage\"},\"thumbnailUrl\":\"https:\/\/paulrivera.it\/wp-content\/uploads\/2020\/02\/604446_paul_rivera_perfect_all_softening_cream_frequent_use_300ml.png\",\"datePublished\":\"2020-02-18T13:05:48+00:00\",\"dateModified\":\"2024-05-13T12:36:41+00:00\",\"description\":\"Perfect All enveloppe les cheveux dans un soin d\u00e9licat adapt\u00e9 \u00e0 un usage fr\u00e9quent qui n'alourdit pas.\",\"breadcrumb\":{\"@id\":\"https:\/\/paulrivera.it\/fr\/prodotti\/soins\/perfect-all-usage-frequent\/perfect-all-creme-adoucissante-2\/#breadcrumb\"},\"inLanguage\":\"fr-FR\",\"potentialAction\":[{\"@type\":\"ReadAction\",\"target\":[\"https:\/\/paulrivera.it\/fr\/prodotti\/soins\/perfect-all-usage-frequent\/perfect-all-creme-adoucissante-2\/\"]}]},{\"@type\":\"ImageObject\",\"inLanguage\":\"fr-FR\",\"@id\":\"https:\/\/paulrivera.it\/fr\/prodotti\/soins\/perfect-all-usage-frequent\/perfect-all-creme-adoucissante-2\/#primaryimage\",\"url\":\"https:\/\/paulrivera.it\/wp-content\/uploads\/2020\/02\/604446_paul_rivera_perfect_all_softening_cream_frequent_use_300ml.png\",\"contentUrl\":\"https:\/\/paulrivera.it\/wp-content\/uploads\/2020\/02\/604446_paul_rivera_perfect_all_softening_cream_frequent_use_300ml.png\",\"width\":800,\"height\":800},{\"@type\":\"BreadcrumbList\",\"@id\":\"https:\/\/paulrivera.it\/fr\/prodotti\/soins\/perfect-all-usage-frequent\/perfect-all-creme-adoucissante-2\/#breadcrumb\",\"itemListElement\":[{\"@type\":\"ListItem\",\"position\":1,\"name\":\"Home\",\"item\":\"https:\/\/paulrivera.it\/fr\/\"},{\"@type\":\"ListItem\",\"position\":2,\"name\":\"Pagina shop\",\"item\":\"https:\/\/paulrivera.it\/prodotti\/\"},{\"@type\":\"ListItem\",\"position\":3,\"name\":\"Perfect All &#8211; Cr\u00e8me adoucissante\"}]},{\"@type\":\"WebSite\",\"@id\":\"https:\/\/paulrivera.it\/fr\/#website\",\"url\":\"https:\/\/paulrivera.it\/fr\/\",\"name\":\"Paul Rivera\",\"description\":\"Hair Beauty Celebration\",\"publisher\":{\"@id\":\"https:\/\/paulrivera.it\/fr\/#organization\"},\"potentialAction\":[{\"@type\":\"SearchAction\",\"target\":{\"@type\":\"EntryPoint\",\"urlTemplate\":\"https:\/\/paulrivera.it\/fr\/?s={search_term_string}\"},\"query-input\":{\"@type\":\"PropertyValueSpecification\",\"valueRequired\":true,\"valueName\":\"search_term_string\"}}],\"inLanguage\":\"fr-FR\"},{\"@type\":\"Organization\",\"@id\":\"https:\/\/paulrivera.it\/fr\/#organization\",\"name\":\"Paul Rivera\",\"url\":\"https:\/\/paulrivera.it\/fr\/\",\"logo\":{\"@type\":\"ImageObject\",\"inLanguage\":\"fr-FR\",\"@id\":\"https:\/\/paulrivera.it\/fr\/#\/schema\/logo\/image\/\",\"url\":\"https:\/\/paulrivera.it\/wp-content\/uploads\/2020\/02\/paul_rivera_logo_header_x2.png\",\"contentUrl\":\"https:\/\/paulrivera.it\/wp-content\/uploads\/2020\/02\/paul_rivera_logo_header_x2.png\",\"width\":470,\"height\":60,\"caption\":\"Paul Rivera\"},\"image\":{\"@id\":\"https:\/\/paulrivera.it\/fr\/#\/schema\/logo\/image\/\"}}]}<\/script>\n<!-- \/ Yoast SEO plugin. -->","yoast_head_json":{"title":"Perfect All - Cr\u00e8me adoucissante","description":"Perfect All enveloppe les cheveux dans un soin d\u00e9licat adapt\u00e9 \u00e0 un usage fr\u00e9quent qui n'alourdit pas.","robots":{"index":"index","follow":"follow","max-snippet":"max-snippet:-1","max-image-preview":"max-image-preview:large","max-video-preview":"max-video-preview:-1"},"canonical":"https:\/\/paulrivera.it\/fr\/prodotti\/soins\/perfect-all-usage-frequent\/perfect-all-creme-adoucissante-2\/","og_locale":"fr_FR","og_type":"article","og_title":"Perfect All - Cr\u00e8me adoucissante","og_description":"Perfect All enveloppe les cheveux dans un soin d\u00e9licat adapt\u00e9 \u00e0 un usage fr\u00e9quent qui n'alourdit pas.","og_url":"https:\/\/paulrivera.it\/fr\/prodotti\/soins\/perfect-all-usage-frequent\/perfect-all-creme-adoucissante-2\/","og_site_name":"Paul Rivera","article_modified_time":"2024-05-13T12:36:41+00:00","og_image":[{"width":800,"height":800,"url":"https:\/\/paulrivera.it\/wp-content\/uploads\/2020\/02\/604446_paul_rivera_perfect_all_softening_cream_frequent_use_300ml.png","type":"image\/png"}],"twitter_card":"summary_large_image","twitter_misc":{"Est. reading time":"2 minutes"},"schema":{"@context":"https:\/\/schema.org","@graph":[{"@type":"WebPage","@id":"https:\/\/paulrivera.it\/fr\/prodotti\/soins\/perfect-all-usage-frequent\/perfect-all-creme-adoucissante-2\/","url":"https:\/\/paulrivera.it\/fr\/prodotti\/soins\/perfect-all-usage-frequent\/perfect-all-creme-adoucissante-2\/","name":"Perfect All - Cr\u00e8me adoucissante","isPartOf":{"@id":"https:\/\/paulrivera.it\/fr\/#website"},"primaryImageOfPage":{"@id":"https:\/\/paulrivera.it\/fr\/prodotti\/soins\/perfect-all-usage-frequent\/perfect-all-creme-adoucissante-2\/#primaryimage"},"image":{"@id":"https:\/\/paulrivera.it\/fr\/prodotti\/soins\/perfect-all-usage-frequent\/perfect-all-creme-adoucissante-2\/#primaryimage"},"thumbnailUrl":"https:\/\/paulrivera.it\/wp-content\/uploads\/2020\/02\/604446_paul_rivera_perfect_all_softening_cream_frequent_use_300ml.png","datePublished":"2020-02-18T13:05:48+00:00","dateModified":"2024-05-13T12:36:41+00:00","description":"Perfect All enveloppe les cheveux dans un soin d\u00e9licat adapt\u00e9 \u00e0 un usage fr\u00e9quent qui n'alourdit pas.","breadcrumb":{"@id":"https:\/\/paulrivera.it\/fr\/prodotti\/soins\/perfect-all-usage-frequent\/perfect-all-creme-adoucissante-2\/#breadcrumb"},"inLanguage":"fr-FR","potentialAction":[{"@type":"ReadAction","target":["https:\/\/paulrivera.it\/fr\/prodotti\/soins\/perfect-all-usage-frequent\/perfect-all-creme-adoucissante-2\/"]}]},{"@type":"ImageObject","inLanguage":"fr-FR","@id":"https:\/\/paulrivera.it\/fr\/prodotti\/soins\/perfect-all-usage-frequent\/perfect-all-creme-adoucissante-2\/#primaryimage","url":"https:\/\/paulrivera.it\/wp-content\/uploads\/2020\/02\/604446_paul_rivera_perfect_all_softening_cream_frequent_use_300ml.png","contentUrl":"https:\/\/paulrivera.it\/wp-content\/uploads\/2020\/02\/604446_paul_rivera_perfect_all_softening_cream_frequent_use_300ml.png","width":800,"height":800},{"@type":"BreadcrumbList","@id":"https:\/\/paulrivera.it\/fr\/prodotti\/soins\/perfect-all-usage-frequent\/perfect-all-creme-adoucissante-2\/#breadcrumb","itemListElement":[{"@type":"ListItem","position":1,"name":"Home","item":"https:\/\/paulrivera.it\/fr\/"},{"@type":"ListItem","position":2,"name":"Pagina shop","item":"https:\/\/paulrivera.it\/prodotti\/"},{"@type":"ListItem","position":3,"name":"Perfect All &#8211; Cr\u00e8me adoucissante"}]},{"@type":"WebSite","@id":"https:\/\/paulrivera.it\/fr\/#website","url":"https:\/\/paulrivera.it\/fr\/","name":"Paul Rivera","description":"Hair Beauty Celebration","publisher":{"@id":"https:\/\/paulrivera.it\/fr\/#organization"},"potentialAction":[{"@type":"SearchAction","target":{"@type":"EntryPoint","urlTemplate":"https:\/\/paulrivera.it\/fr\/?s={search_term_string}"},"query-input":{"@type":"PropertyValueSpecification","valueRequired":true,"valueName":"search_term_string"}}],"inLanguage":"fr-FR"},{"@type":"Organization","@id":"https:\/\/paulrivera.it\/fr\/#organization","name":"Paul Rivera","url":"https:\/\/paulrivera.it\/fr\/","logo":{"@type":"ImageObject","inLanguage":"fr-FR","@id":"https:\/\/paulrivera.it\/fr\/#\/schema\/logo\/image\/","url":"https:\/\/paulrivera.it\/wp-content\/uploads\/2020\/02\/paul_rivera_logo_header_x2.png","contentUrl":"https:\/\/paulrivera.it\/wp-content\/uploads\/2020\/02\/paul_rivera_logo_header_x2.png","width":470,"height":60,"caption":"Paul Rivera"},"image":{"@id":"https:\/\/paulrivera.it\/fr\/#\/schema\/logo\/image\/"}}]}},"_links":{"self":[{"href":"https:\/\/paulrivera.it\/fr\/wp-json\/wp\/v2\/product\/10570","targetHints":{"allow":["GET"]}}],"collection":[{"href":"https:\/\/paulrivera.it\/fr\/wp-json\/wp\/v2\/product"}],"about":[{"href":"https:\/\/paulrivera.it\/fr\/wp-json\/wp\/v2\/types\/product"}],"wp:featuredmedia":[{"embeddable":true,"href":"https:\/\/paulrivera.it\/fr\/wp-json\/wp\/v2\/media\/9515"}],"wp:attachment":[{"href":"https:\/\/paulrivera.it\/fr\/wp-json\/wp\/v2\/media?parent=10570"}],"wp:term":[{"taxonomy":"product_brand","embeddable":true,"href":"https:\/\/paulrivera.it\/fr\/wp-json\/wp\/v2\/product_brand?post=10570"},{"taxonomy":"product_cat","embeddable":true,"href":"https:\/\/paulrivera.it\/fr\/wp-json\/wp\/v2\/product_cat?post=10570"},{"taxonomy":"product_tag","embeddable":true,"href":"https:\/\/paulrivera.it\/fr\/wp-json\/wp\/v2\/product_tag?post=10570"}],"curies":[{"name":"wp","href":"https:\/\/api.w.org\/{rel}","templated":true}]}}