{"id":10571,"date":"2023-06-05T09:00:01","date_gmt":"2023-06-05T07:00:01","guid":{"rendered":"https:\/\/paulrivera.it\/product\/true-color-serum-illuminateur\/"},"modified":"2024-05-13T14:13:23","modified_gmt":"2024-05-13T12:13:23","slug":"true-color-serum-illuminateur","status":"publish","type":"product","link":"https:\/\/paulrivera.it\/fr\/prodotti\/soins\/true-color-cheveux-colores\/true-color-serum-illuminateur\/","title":{"rendered":"True color &#8211; S\u00e9rum illuminateur"},"content":{"rendered":"<div class=\"wpb-content-wrapper\"><p>[vc_row full_width=&#8221;stretch_row&#8221;][vc_column][vc_row_inner el_id=&#8221;desktop&#8221;][vc_column_inner width=&#8221;1\/2&#8243; css=&#8221;.vc_custom_1582194227194{padding-top: 10% !important;padding-right: 10% !important;padding-bottom: 10% !important;padding-left: 30% !important;}&#8221; offset=&#8221;vc_hidden-md vc_hidden-sm vc_hidden-xs&#8221;][vc_column_text]<br \/>\n<span style=\"font-size: 28px;\"><b>Les bonnes raisons de l&#8217;aimer<\/b><\/span><\/p>\n<ul>\n<li style=\"font-weight: 400;\" aria-level=\"1\"><span style=\"font-weight: 400;\">Augmente la porosit\u00e9 de la tige capillaire<\/span><\/li>\n<li style=\"font-weight: 400;\" aria-level=\"1\"><span style=\"font-weight: 400;\">Prot\u00e8ge les cheveux color\u00e9s du ternissement<\/span><\/li>\n<li style=\"font-weight: 400;\" aria-level=\"1\"><span style=\"font-weight: 400;\">Illumine les longueurs et fait briller les cheveux<\/span><\/li>\n<\/ul>\n<p>[\/vc_column_text][vc_column_text]<br \/>\n<span style=\"font-size: 28px;\"><b>Les principes actifs de la formule<\/b><\/span><\/p>\n<ul>\n<li style=\"font-weight: 400;\" aria-level=\"1\"><span style=\"font-weight: 400;\">Vigne Rouge : gr\u00e2ce \u00e0 sa forte concentration en vitamines et min\u00e9raux, elle hydrate et poss\u00e8de un grand pouvoir antioxydant qui combat le vieillissement.<\/span><\/li>\n<li style=\"font-weight: 400;\" aria-level=\"1\"><span style=\"font-weight: 400;\">Extraits de magnolia : parmi ses principales propri\u00e9t\u00e9s, figurent l&#8217;action protectrice contre les agressions ext\u00e9rieures et sa capacit\u00e9 \u00e0 imperm\u00e9abiliser la surface des cheveux, en garantissant leur brillance.<\/span><\/li>\n<\/ul>\n<p>[\/vc_column_text][vc_column_text]<br \/>\n<span style=\"font-size: 28px;\"><b>Mode d&#8217;emploi<\/b><\/span><\/p>\n<p><span style=\"font-weight: 400;\">Il peut \u00eatre utilis\u00e9 sur cheveux secs et mouill\u00e9s, en versant une petite quantit\u00e9 dans la paume de la main et en la r\u00e9partissant uniform\u00e9ment sur toute la chevelure.<\/span>[\/vc_column_text][\/vc_column_inner][vc_column_inner width=&#8221;1\/2&#8243; css=&#8221;.vc_custom_1582813085600{background-image: url(https:\/\/paulrivera.it\/wp-content\/uploads\/2020\/02\/background_adv_product_true_color.png?id=867) !important;background-position: center !important;background-repeat: no-repeat !important;background-size: cover !important;}&#8221; offset=&#8221;vc_hidden-md vc_hidden-sm vc_hidden-xs&#8221;][vc_single_image image=&#8221;10208&#8243; img_size=&#8221;large&#8221; alignment=&#8221;center&#8221;][\/vc_column_inner][\/vc_row_inner][vc_row_inner el_id=&#8221;tablet&#8221;][vc_column_inner offset=&#8221;vc_hidden-lg vc_hidden-xs&#8221;][vc_column_text]<br \/>\n<span style=\"font-size: 28px;\"><b>Les bonnes raisons de l&#8217;aimer<\/b><\/span><\/p>\n<ul>\n<li style=\"font-weight: 400;\" aria-level=\"1\"><span style=\"font-weight: 400;\">Augmente la porosit\u00e9 de la tige capillaire<\/span><\/li>\n<li style=\"font-weight: 400;\" aria-level=\"1\"><span style=\"font-weight: 400;\">Prot\u00e8ge les cheveux color\u00e9s du ternissement<\/span><\/li>\n<li style=\"font-weight: 400;\" aria-level=\"1\"><span style=\"font-weight: 400;\">Illumine les longueurs et fait briller les cheveux<\/span><\/li>\n<\/ul>\n<p>[\/vc_column_text][vc_column_text]<br \/>\n<span style=\"font-size: 28px;\"><b>Les principes actifs de la formule<\/b><\/span><\/p>\n<ul>\n<li style=\"font-weight: 400;\" aria-level=\"1\"><span style=\"font-weight: 400;\">Vigne Rouge : gr\u00e2ce \u00e0 sa forte concentration en vitamines et min\u00e9raux, elle hydrate et poss\u00e8de un grand pouvoir antioxydant qui combat le vieillissement.<\/span><\/li>\n<li style=\"font-weight: 400;\" aria-level=\"1\"><span style=\"font-weight: 400;\">Extraits de magnolia : parmi ses principales propri\u00e9t\u00e9s, figurent l&#8217;action protectrice contre les agressions ext\u00e9rieures et sa capacit\u00e9 \u00e0 imperm\u00e9abiliser la surface des cheveux, en garantissant leur brillance.<\/span><\/li>\n<\/ul>\n<p>[\/vc_column_text][vc_column_text]<br \/>\n<span style=\"font-size: 28px;\"><b>Mode d&#8217;emploi<\/b><\/span><\/p>\n<p><span style=\"font-weight: 400;\">Il peut \u00eatre utilis\u00e9 sur cheveux secs et mouill\u00e9s, en versant une petite quantit\u00e9 dans la paume de la main et en la r\u00e9partissant uniform\u00e9ment sur toute la chevelure.<\/span>[\/vc_column_text][\/vc_column_inner][\/vc_row_inner][vc_row_inner el_id=&#8221;mobile&#8221;][vc_column_inner width=&#8221;1\/2&#8243; offset=&#8221;vc_hidden-lg vc_hidden-md vc_hidden-sm&#8221;][vc_column_text]<br \/>\n<span style=\"font-size: 28px;\"><b>Les bonnes raisons de l&#8217;aimer<\/b><\/span><\/p>\n<ul>\n<li style=\"font-weight: 400;\" aria-level=\"1\"><span style=\"font-weight: 400;\">Augmente la porosit\u00e9 de la tige capillaire<\/span><\/li>\n<li style=\"font-weight: 400;\" aria-level=\"1\"><span style=\"font-weight: 400;\">Prot\u00e8ge les cheveux color\u00e9s du ternissement<\/span><\/li>\n<li style=\"font-weight: 400;\" aria-level=\"1\"><span style=\"font-weight: 400;\">Illumine les longueurs et fait briller les cheveux<\/span><\/li>\n<\/ul>\n<p>[\/vc_column_text][vc_column_text]<br \/>\n<span style=\"font-size: 28px;\"><b>Les principes actifs de la formule<\/b><\/span><\/p>\n<ul>\n<li style=\"font-weight: 400;\" aria-level=\"1\"><span style=\"font-weight: 400;\">Vigne Rouge : gr\u00e2ce \u00e0 sa forte concentration en vitamines et min\u00e9raux, elle hydrate et poss\u00e8de un grand pouvoir antioxydant qui combat le vieillissement.<\/span><\/li>\n<li style=\"font-weight: 400;\" aria-level=\"1\"><span style=\"font-weight: 400;\">Extraits de magnolia : parmi ses principales propri\u00e9t\u00e9s, figurent l&#8217;action protectrice contre les agressions ext\u00e9rieures et sa capacit\u00e9 \u00e0 imperm\u00e9abiliser la surface des cheveux, en garantissant leur brillance.<\/span><\/li>\n<\/ul>\n<p>[\/vc_column_text][vc_column_text]<br \/>\n<span style=\"font-size: 28px;\"><b>Mode d&#8217;emploi<\/b><\/span><\/p>\n<p><span style=\"font-weight: 400;\">Il peut \u00eatre utilis\u00e9 sur cheveux secs et mouill\u00e9s, en versant une petite quantit\u00e9 dans la paume de la main et en la r\u00e9partissant uniform\u00e9ment sur toute la chevelure.<\/span>[\/vc_column_text][\/vc_column_inner][vc_column_inner width=&#8221;1\/2&#8243; css=&#8221;.vc_custom_1582813120092{background-image: url(https:\/\/paulrivera.it\/wp-content\/uploads\/2020\/02\/background_adv_product_true_color.png?id=867) !important;background-position: center !important;background-repeat: no-repeat !important;background-size: cover !important;}&#8221; offset=&#8221;vc_hidden-lg vc_hidden-md vc_hidden-sm&#8221;][vc_single_image image=&#8221;10208&#8243; img_size=&#8221;large&#8221; alignment=&#8221;center&#8221;][\/vc_column_inner][\/vc_row_inner][\/vc_column][\/vc_row][vc_row css=&#8221;.vc_custom_1582192829011{padding-top: 50px !important;}&#8221;][vc_column][vc_row_inner][vc_column_inner][vc_column_text]<\/p>\n<h1 style=\"text-align: center;\">Vous aimerez aussi<\/h1>\n<p>[\/vc_column_text][\/vc_column_inner][\/vc_row_inner][\/vc_column][\/vc_row][vc_row][vc_column]<style type=\"text\/css\" data-type=\"the7_shortcodes-inline-css\">.products-carousel-shortcode.products-carousel-shortcode-id-d0d23336c658e73823bd8802bbd6daad .owl-nav a {\n  width: 36px;\n  height: 36px;\n  border-radius: 500px;\n}\n.dt-arrow-border-on.products-carousel-shortcode.products-carousel-shortcode-id-d0d23336c658e73823bd8802bbd6daad .owl-nav a:not(:hover):before {\n  border-width: 0px;\n}\n.dt-arrow-hover-border-on.products-carousel-shortcode.products-carousel-shortcode-id-d0d23336c658e73823bd8802bbd6daad .owl-nav a:hover:after {\n  border-width: 0px;\n}\n.products-carousel-shortcode.products-carousel-shortcode-id-d0d23336c658e73823bd8802bbd6daad .owl-nav a.owl-prev {\n  top: 50%;\n  transform: translateY(calc(-50% + 0px));\n  left: -43px;\n}\n@media all and (-ms-high-contrast: none) {\n  .products-carousel-shortcode.products-carousel-shortcode-id-d0d23336c658e73823bd8802bbd6daad .owl-nav a.owl-prev {\n    transform: translateY(-50%);\n    margin-top: 0px;\n  }\n}\n.products-carousel-shortcode.products-carousel-shortcode-id-d0d23336c658e73823bd8802bbd6daad .owl-nav a.owl-prev i {\n  padding: 0px 0px 0px 0px;\n}\n.products-carousel-shortcode.products-carousel-shortcode-id-d0d23336c658e73823bd8802bbd6daad .owl-nav a.owl-next {\n  top: 50%;\n  transform: translateY(calc(-50% + 0px));\n  right: -43px;\n}\n@media all and (-ms-high-contrast: none) {\n  .products-carousel-shortcode.products-carousel-shortcode-id-d0d23336c658e73823bd8802bbd6daad .owl-nav a.owl-next {\n    transform: translateY(-50%);\n    margin-top: 0px;\n  }\n}\n.products-carousel-shortcode.products-carousel-shortcode-id-d0d23336c658e73823bd8802bbd6daad .owl-nav a.owl-next i {\n  padding: 0px 0px 0px 0px;\n}\n.products-carousel-shortcode.products-carousel-shortcode-id-d0d23336c658e73823bd8802bbd6daad .owl-nav i {\n  font-size: 18px;\n}\n.products-carousel-shortcode.products-carousel-shortcode-id-d0d23336c658e73823bd8802bbd6daad .owl-nav a:not(:hover) i,\n.products-carousel-shortcode.products-carousel-shortcode-id-d0d23336c658e73823bd8802bbd6daad .owl-nav a:not(:hover) i:before {\n  color: #ffffff;\n  background: none;\n}\n.products-carousel-shortcode.products-carousel-shortcode-id-d0d23336c658e73823bd8802bbd6daad .owl-nav a:hover i,\n.products-carousel-shortcode.products-carousel-shortcode-id-d0d23336c658e73823bd8802bbd6daad .owl-nav a:hover i:before {\n  color: rgba(255,255,255,0.75);\n  background: none;\n}\n.products-carousel-shortcode.products-carousel-shortcode-id-d0d23336c658e73823bd8802bbd6daad .owl-dots {\n  top: calc(100% + 20px);\n  left: 50%;\n  transform: translateX(calc(-50% + 0px));\n}\n@media all and (-ms-high-contrast: none) {\n  .products-carousel-shortcode.products-carousel-shortcode-id-d0d23336c658e73823bd8802bbd6daad .owl-dots {\n    transform: translateX(-50%);\n    margin-left: 0px;\n  }\n}\n.products-carousel-shortcode.products-carousel-shortcode-id-d0d23336c658e73823bd8802bbd6daad .owl-dot {\n  width: 10px;\n  height: 10px;\n  margin: 0 8px;\n}\n@media screen and (max-width: 778px) {\n  .products-carousel-shortcode.products-carousel-shortcode-id-d0d23336c658e73823bd8802bbd6daad.hide-arrows .owl-nav a {\n    display: none;\n  }\n}\n@media screen and (max-width: 778px) {\n  .products-carousel-shortcode.products-carousel-shortcode-id-d0d23336c658e73823bd8802bbd6daad.reposition-arrows .owl-nav .owl-prev {\n    top: 50%;\n    transform: translateY(calc(-50% + 0px));\n    left: 10px;\n  }\n  .products-carousel-shortcode.products-carousel-shortcode-id-d0d23336c658e73823bd8802bbd6daad.reposition-arrows .owl-nav .owl-next {\n    top: 50%;\n    transform: translateY(calc(-50% + 0px));\n    right: 10px;\n  }\n}\n@media screen and (max-width: 778px) and all and (-ms-high-contrast: none) {\n  .products-carousel-shortcode.products-carousel-shortcode-id-d0d23336c658e73823bd8802bbd6daad.reposition-arrows .owl-nav .owl-prev {\n    transform: translateY(-50%);\n    margin-top: 0px;\n  }\n}\n@media screen and (max-width: 778px) and all and (-ms-high-contrast: none) {\n  .products-carousel-shortcode.products-carousel-shortcode-id-d0d23336c658e73823bd8802bbd6daad.reposition-arrows .owl-nav .owl-next {\n    transform: translateY(-50%);\n    margin-top: 0px;\n  }\n}<\/style><div class=\"owl-carousel products-carousel-shortcode dt-owl-carousel-call products-carousel-shortcode-id-d0d23336c658e73823bd8802bbd6daad cart-btn-below-img bullets-small-dot-stroke reposition-arrows arrows-bg-on dt-arrow-border-on dt-arrow-hover-border-on disable-arrows-hover-bg arrows-hover-bg-on  hide-description \" data-scroll-mode=\"1\" data-wide-col-num=\"4\" data-col-num=\"3\" data-laptop-col=\"3\" data-h-tablet-columns-num=\"3\" data-v-tablet-columns-num=\"2\" data-phone-columns-num=\"1\" data-auto-height=\"true\" data-col-gap=\"30\" data-stage-padding=\"0\" data-speed=\"600\" data-autoplay=\"false\" data-autoplay_speed=\"6000\" data-arrows=\"true\" data-bullet=\"false\" data-next-icon=\"icon-ar-017-r\" data-prev-icon=\"icon-ar-017-l\"><article class=\"post post-10574 product type-product status-publish has-post-thumbnail product_cat-true-color-cheveux-colores description-off first instock shipping-taxable product-type-simple\" ><figure class=\"woocom-project\">\n\t<div class=\"woo-buttons-on-img\">\n\n\t\t<a href=\"https:\/\/paulrivera.it\/fr\/prodotti\/soins\/true-color-cheveux-colores\/true-color-masque-illuminateur\/\" class=\"alignnone layzr-bg\"><img loading=\"lazy\" decoding=\"async\" width=\"300\" height=\"300\" src=\"data:image\/svg+xml;charset=utf-8,%3Csvg xmlns%3D&#039;http%3A%2F%2Fwww.w3.org%2F2000%2Fsvg&#039; viewBox%3D&#039;0 0 300 300&#039;%2F%3E\" class=\"attachment-woocommerce_thumbnail size-woocommerce_thumbnail owl-lazy-load preload-me\" alt=\"True Color \u2013 Masque illuminateur\" data-src=\"https:\/\/paulrivera.it\/wp-content\/uploads\/2020\/02\/604682_paul_rivera_true_color_bleaching_mask_coloured_hair_500ml-300x300.png\" data-srcset=\"https:\/\/paulrivera.it\/wp-content\/uploads\/2020\/02\/604682_paul_rivera_true_color_bleaching_mask_coloured_hair_500ml-300x300.png 300w, https:\/\/paulrivera.it\/wp-content\/uploads\/2020\/02\/604682_paul_rivera_true_color_bleaching_mask_coloured_hair_500ml-200x200.png 200w, https:\/\/paulrivera.it\/wp-content\/uploads\/2020\/02\/604682_paul_rivera_true_color_bleaching_mask_coloured_hair_500ml-600x600.png 600w, https:\/\/paulrivera.it\/wp-content\/uploads\/2020\/02\/604682_paul_rivera_true_color_bleaching_mask_coloured_hair_500ml-150x150.png 150w, https:\/\/paulrivera.it\/wp-content\/uploads\/2020\/02\/604682_paul_rivera_true_color_bleaching_mask_coloured_hair_500ml-768x768.png 768w, https:\/\/paulrivera.it\/wp-content\/uploads\/2020\/02\/604682_paul_rivera_true_color_bleaching_mask_coloured_hair_500ml.png 800w\" \/><\/a>\n\t<\/div>\n\t<figcaption class=\"woocom-list-content\">\n\n\t\t<div class=\"woo-buttons\"><a href=\"https:\/\/paulrivera.it\/fr\/prodotti\/soins\/true-color-cheveux-colores\/true-color-masque-illuminateur\/\" aria-describedby=\"woocommerce_loop_add_to_cart_link_describedby_10574\" data-quantity=\"1\" class=\"product_type_simple ajax_add_to_cart\" data-product_id=\"10574\" data-product_sku=\"\" aria-label=\"Read more about &ldquo;True Color \u2013 Masque illuminateur&rdquo;\" rel=\"nofollow\" data-success_message=\"\">Read more<\/a>\t<span id=\"woocommerce_loop_add_to_cart_link_describedby_10574\" class=\"screen-reader-text\">\n\t\t\t<\/span>\n<\/div>\n\t<\/figcaption>\n<\/figure>\n<\/article><article class=\"post post-10572 product type-product status-publish has-post-thumbnail product_cat-true-color-cheveux-colores description-off  instock shipping-taxable product-type-simple\" ><figure class=\"woocom-project\">\n\t<div class=\"woo-buttons-on-img\">\n\n\t\t<a href=\"https:\/\/paulrivera.it\/fr\/prodotti\/soins\/true-color-cheveux-colores\/true-color-shampoing-illuminateur\/\" class=\"alignnone layzr-bg\"><img loading=\"lazy\" decoding=\"async\" width=\"300\" height=\"300\" src=\"data:image\/svg+xml;charset=utf-8,%3Csvg xmlns%3D&#039;http%3A%2F%2Fwww.w3.org%2F2000%2Fsvg&#039; viewBox%3D&#039;0 0 300 300&#039;%2F%3E\" class=\"attachment-woocommerce_thumbnail size-woocommerce_thumbnail owl-lazy-load preload-me\" alt=\"True Color \u2013 Shampoing illuminateur\" data-src=\"https:\/\/paulrivera.it\/wp-content\/uploads\/2020\/02\/604668_paul_rivera_true_color_bleaching_shampoo_coloured_hair_1000ml-300x300.png\" data-srcset=\"https:\/\/paulrivera.it\/wp-content\/uploads\/2020\/02\/604668_paul_rivera_true_color_bleaching_shampoo_coloured_hair_1000ml-300x300.png 300w, https:\/\/paulrivera.it\/wp-content\/uploads\/2020\/02\/604668_paul_rivera_true_color_bleaching_shampoo_coloured_hair_1000ml-200x200.png 200w, https:\/\/paulrivera.it\/wp-content\/uploads\/2020\/02\/604668_paul_rivera_true_color_bleaching_shampoo_coloured_hair_1000ml-600x600.png 600w, https:\/\/paulrivera.it\/wp-content\/uploads\/2020\/02\/604668_paul_rivera_true_color_bleaching_shampoo_coloured_hair_1000ml-150x150.png 150w, https:\/\/paulrivera.it\/wp-content\/uploads\/2020\/02\/604668_paul_rivera_true_color_bleaching_shampoo_coloured_hair_1000ml-768x768.png 768w, https:\/\/paulrivera.it\/wp-content\/uploads\/2020\/02\/604668_paul_rivera_true_color_bleaching_shampoo_coloured_hair_1000ml.png 800w\" \/><\/a>\n\t<\/div>\n\t<figcaption class=\"woocom-list-content\">\n\n\t\t<div class=\"woo-buttons\"><a href=\"https:\/\/paulrivera.it\/fr\/prodotti\/soins\/true-color-cheveux-colores\/true-color-shampoing-illuminateur\/\" aria-describedby=\"woocommerce_loop_add_to_cart_link_describedby_10572\" data-quantity=\"1\" class=\"product_type_simple ajax_add_to_cart\" data-product_id=\"10572\" data-product_sku=\"\" aria-label=\"Read more about &ldquo;True Color \u2013 Shampoing illuminateur&rdquo;\" rel=\"nofollow\" data-success_message=\"\">Read more<\/a>\t<span id=\"woocommerce_loop_add_to_cart_link_describedby_10572\" class=\"screen-reader-text\">\n\t\t\t<\/span>\n<\/div>\n\t<\/figcaption>\n<\/figure>\n<\/article><\/div>[\/vc_column][\/vc_row]<\/p>\n<\/div>","protected":false},"excerpt":{"rendered":"<p><span style=\"font-weight: 400;\">Le<\/span><b> S\u00e9rum illuminateur pour cheveux color\u00e9s<\/b><span style=\"font-weight: 400;\"> prot\u00e8ge et prolonge la dur\u00e9e de la couleur, en offrant un \u00e9clat<\/span><b> extr\u00eame<\/b><span style=\"font-weight: 400;\">. Renforce l&#8217;action du shampooing et du masque illuminateurs, en nourrissant et en hydratant en profondeur la fibre capillaire.<\/span><\/p>\n<p><span style=\"font-weight: 400;\">Gr\u00e2ce \u00e0 sa formule \u00e0 base de<\/span><b> Vigne rouge<\/b><span style=\"font-weight: 400;\"> et<\/span><b> d&#8217;extraits de magnolia<\/b><span style=\"font-weight: 400;\">, il exalte et<\/span><b> pr\u00e9serve l&#8217;intensit\u00e9 de la couleur<\/b><span style=\"font-weight: 400;\">, qui reste \u00e9clatante et brillante plus longtemps.\u00a0<\/span><\/p>\n<p><span style=\"font-weight: 400;\">150 ml<\/span><\/p>\n<p>&nbsp;<\/p>\n[maxbutton id=\"5\"]\n","protected":false},"featured_media":10209,"template":"","meta":[],"product_brand":[],"product_cat":[1321],"product_tag":[],"class_list":{"0":"post-10571","1":"product","2":"type-product","3":"status-publish","4":"has-post-thumbnail","6":"product_cat-true-color-cheveux-colores","7":"description-off","9":"","10":"instock","11":"shipping-taxable","12":"product-type-simple"},"yoast_head":"<!-- This site is optimized with the Yoast SEO plugin v27.2 - https:\/\/yoast.com\/product\/yoast-seo-wordpress\/ -->\n<title>True color - S\u00e9rum illuminateur<\/title>\n<meta name=\"description\" content=\"Le S\u00e9rum illuminateur pour cheveux color\u00e9s prot\u00e8ge et prolonge la dur\u00e9e de la couleur, en offrant un \u00e9clat extr\u00eame.\" \/>\n<meta name=\"robots\" content=\"index, follow, max-snippet:-1, max-image-preview:large, max-video-preview:-1\" \/>\n<link rel=\"canonical\" href=\"https:\/\/paulrivera.it\/fr\/prodotti\/soins\/true-color-cheveux-colores\/true-color-serum-illuminateur\/\" \/>\n<meta property=\"og:locale\" content=\"fr_FR\" \/>\n<meta property=\"og:type\" content=\"article\" \/>\n<meta property=\"og:title\" content=\"True color - S\u00e9rum illuminateur\" \/>\n<meta property=\"og:description\" content=\"Le S\u00e9rum illuminateur pour cheveux color\u00e9s prot\u00e8ge et prolonge la dur\u00e9e de la couleur, en offrant un \u00e9clat extr\u00eame.\" \/>\n<meta property=\"og:url\" content=\"https:\/\/paulrivera.it\/fr\/prodotti\/soins\/true-color-cheveux-colores\/true-color-serum-illuminateur\/\" \/>\n<meta property=\"og:site_name\" content=\"Paul Rivera\" \/>\n<meta property=\"article:modified_time\" content=\"2024-05-13T12:13:23+00:00\" \/>\n<meta property=\"og:image\" content=\"https:\/\/paulrivera.it\/wp-content\/uploads\/2023\/05\/604965_paul_rivera_sunny_sfaction_oil_150ml.png\" \/>\n\t<meta property=\"og:image:width\" content=\"800\" \/>\n\t<meta property=\"og:image:height\" content=\"800\" \/>\n\t<meta property=\"og:image:type\" content=\"image\/png\" \/>\n<meta name=\"twitter:card\" content=\"summary_large_image\" \/>\n<meta name=\"twitter:label1\" content=\"Est. reading time\" \/>\n\t<meta name=\"twitter:data1\" content=\"3 minutes\" \/>\n<script type=\"application\/ld+json\" class=\"yoast-schema-graph\">{\"@context\":\"https:\/\/schema.org\",\"@graph\":[{\"@type\":\"WebPage\",\"@id\":\"https:\/\/paulrivera.it\/fr\/prodotti\/soins\/true-color-cheveux-colores\/true-color-serum-illuminateur\/\",\"url\":\"https:\/\/paulrivera.it\/fr\/prodotti\/soins\/true-color-cheveux-colores\/true-color-serum-illuminateur\/\",\"name\":\"True color - S\u00e9rum illuminateur\",\"isPartOf\":{\"@id\":\"https:\/\/paulrivera.it\/fr\/#website\"},\"primaryImageOfPage\":{\"@id\":\"https:\/\/paulrivera.it\/fr\/prodotti\/soins\/true-color-cheveux-colores\/true-color-serum-illuminateur\/#primaryimage\"},\"image\":{\"@id\":\"https:\/\/paulrivera.it\/fr\/prodotti\/soins\/true-color-cheveux-colores\/true-color-serum-illuminateur\/#primaryimage\"},\"thumbnailUrl\":\"https:\/\/paulrivera.it\/wp-content\/uploads\/2023\/05\/604965_paul_rivera_sunny_sfaction_oil_150ml.png\",\"datePublished\":\"2023-06-05T07:00:01+00:00\",\"dateModified\":\"2024-05-13T12:13:23+00:00\",\"description\":\"Le S\u00e9rum illuminateur pour cheveux color\u00e9s prot\u00e8ge et prolonge la dur\u00e9e de la couleur, en offrant un \u00e9clat extr\u00eame.\",\"breadcrumb\":{\"@id\":\"https:\/\/paulrivera.it\/fr\/prodotti\/soins\/true-color-cheveux-colores\/true-color-serum-illuminateur\/#breadcrumb\"},\"inLanguage\":\"fr-FR\",\"potentialAction\":[{\"@type\":\"ReadAction\",\"target\":[\"https:\/\/paulrivera.it\/fr\/prodotti\/soins\/true-color-cheveux-colores\/true-color-serum-illuminateur\/\"]}]},{\"@type\":\"ImageObject\",\"inLanguage\":\"fr-FR\",\"@id\":\"https:\/\/paulrivera.it\/fr\/prodotti\/soins\/true-color-cheveux-colores\/true-color-serum-illuminateur\/#primaryimage\",\"url\":\"https:\/\/paulrivera.it\/wp-content\/uploads\/2023\/05\/604965_paul_rivera_sunny_sfaction_oil_150ml.png\",\"contentUrl\":\"https:\/\/paulrivera.it\/wp-content\/uploads\/2023\/05\/604965_paul_rivera_sunny_sfaction_oil_150ml.png\",\"width\":800,\"height\":800},{\"@type\":\"BreadcrumbList\",\"@id\":\"https:\/\/paulrivera.it\/fr\/prodotti\/soins\/true-color-cheveux-colores\/true-color-serum-illuminateur\/#breadcrumb\",\"itemListElement\":[{\"@type\":\"ListItem\",\"position\":1,\"name\":\"Home\",\"item\":\"https:\/\/paulrivera.it\/fr\/\"},{\"@type\":\"ListItem\",\"position\":2,\"name\":\"Pagina shop\",\"item\":\"https:\/\/paulrivera.it\/prodotti\/\"},{\"@type\":\"ListItem\",\"position\":3,\"name\":\"True color &#8211; S\u00e9rum illuminateur\"}]},{\"@type\":\"WebSite\",\"@id\":\"https:\/\/paulrivera.it\/fr\/#website\",\"url\":\"https:\/\/paulrivera.it\/fr\/\",\"name\":\"Paul Rivera\",\"description\":\"Hair Beauty Celebration\",\"publisher\":{\"@id\":\"https:\/\/paulrivera.it\/fr\/#organization\"},\"potentialAction\":[{\"@type\":\"SearchAction\",\"target\":{\"@type\":\"EntryPoint\",\"urlTemplate\":\"https:\/\/paulrivera.it\/fr\/?s={search_term_string}\"},\"query-input\":{\"@type\":\"PropertyValueSpecification\",\"valueRequired\":true,\"valueName\":\"search_term_string\"}}],\"inLanguage\":\"fr-FR\"},{\"@type\":\"Organization\",\"@id\":\"https:\/\/paulrivera.it\/fr\/#organization\",\"name\":\"Paul Rivera\",\"url\":\"https:\/\/paulrivera.it\/fr\/\",\"logo\":{\"@type\":\"ImageObject\",\"inLanguage\":\"fr-FR\",\"@id\":\"https:\/\/paulrivera.it\/fr\/#\/schema\/logo\/image\/\",\"url\":\"https:\/\/paulrivera.it\/wp-content\/uploads\/2020\/02\/paul_rivera_logo_header_x2.png\",\"contentUrl\":\"https:\/\/paulrivera.it\/wp-content\/uploads\/2020\/02\/paul_rivera_logo_header_x2.png\",\"width\":470,\"height\":60,\"caption\":\"Paul Rivera\"},\"image\":{\"@id\":\"https:\/\/paulrivera.it\/fr\/#\/schema\/logo\/image\/\"}}]}<\/script>\n<!-- \/ Yoast SEO plugin. -->","yoast_head_json":{"title":"True color - S\u00e9rum illuminateur","description":"Le S\u00e9rum illuminateur pour cheveux color\u00e9s prot\u00e8ge et prolonge la dur\u00e9e de la couleur, en offrant un \u00e9clat extr\u00eame.","robots":{"index":"index","follow":"follow","max-snippet":"max-snippet:-1","max-image-preview":"max-image-preview:large","max-video-preview":"max-video-preview:-1"},"canonical":"https:\/\/paulrivera.it\/fr\/prodotti\/soins\/true-color-cheveux-colores\/true-color-serum-illuminateur\/","og_locale":"fr_FR","og_type":"article","og_title":"True color - S\u00e9rum illuminateur","og_description":"Le S\u00e9rum illuminateur pour cheveux color\u00e9s prot\u00e8ge et prolonge la dur\u00e9e de la couleur, en offrant un \u00e9clat extr\u00eame.","og_url":"https:\/\/paulrivera.it\/fr\/prodotti\/soins\/true-color-cheveux-colores\/true-color-serum-illuminateur\/","og_site_name":"Paul Rivera","article_modified_time":"2024-05-13T12:13:23+00:00","og_image":[{"width":800,"height":800,"url":"https:\/\/paulrivera.it\/wp-content\/uploads\/2023\/05\/604965_paul_rivera_sunny_sfaction_oil_150ml.png","type":"image\/png"}],"twitter_card":"summary_large_image","twitter_misc":{"Est. reading time":"3 minutes"},"schema":{"@context":"https:\/\/schema.org","@graph":[{"@type":"WebPage","@id":"https:\/\/paulrivera.it\/fr\/prodotti\/soins\/true-color-cheveux-colores\/true-color-serum-illuminateur\/","url":"https:\/\/paulrivera.it\/fr\/prodotti\/soins\/true-color-cheveux-colores\/true-color-serum-illuminateur\/","name":"True color - S\u00e9rum illuminateur","isPartOf":{"@id":"https:\/\/paulrivera.it\/fr\/#website"},"primaryImageOfPage":{"@id":"https:\/\/paulrivera.it\/fr\/prodotti\/soins\/true-color-cheveux-colores\/true-color-serum-illuminateur\/#primaryimage"},"image":{"@id":"https:\/\/paulrivera.it\/fr\/prodotti\/soins\/true-color-cheveux-colores\/true-color-serum-illuminateur\/#primaryimage"},"thumbnailUrl":"https:\/\/paulrivera.it\/wp-content\/uploads\/2023\/05\/604965_paul_rivera_sunny_sfaction_oil_150ml.png","datePublished":"2023-06-05T07:00:01+00:00","dateModified":"2024-05-13T12:13:23+00:00","description":"Le S\u00e9rum illuminateur pour cheveux color\u00e9s prot\u00e8ge et prolonge la dur\u00e9e de la couleur, en offrant un \u00e9clat extr\u00eame.","breadcrumb":{"@id":"https:\/\/paulrivera.it\/fr\/prodotti\/soins\/true-color-cheveux-colores\/true-color-serum-illuminateur\/#breadcrumb"},"inLanguage":"fr-FR","potentialAction":[{"@type":"ReadAction","target":["https:\/\/paulrivera.it\/fr\/prodotti\/soins\/true-color-cheveux-colores\/true-color-serum-illuminateur\/"]}]},{"@type":"ImageObject","inLanguage":"fr-FR","@id":"https:\/\/paulrivera.it\/fr\/prodotti\/soins\/true-color-cheveux-colores\/true-color-serum-illuminateur\/#primaryimage","url":"https:\/\/paulrivera.it\/wp-content\/uploads\/2023\/05\/604965_paul_rivera_sunny_sfaction_oil_150ml.png","contentUrl":"https:\/\/paulrivera.it\/wp-content\/uploads\/2023\/05\/604965_paul_rivera_sunny_sfaction_oil_150ml.png","width":800,"height":800},{"@type":"BreadcrumbList","@id":"https:\/\/paulrivera.it\/fr\/prodotti\/soins\/true-color-cheveux-colores\/true-color-serum-illuminateur\/#breadcrumb","itemListElement":[{"@type":"ListItem","position":1,"name":"Home","item":"https:\/\/paulrivera.it\/fr\/"},{"@type":"ListItem","position":2,"name":"Pagina shop","item":"https:\/\/paulrivera.it\/prodotti\/"},{"@type":"ListItem","position":3,"name":"True color &#8211; S\u00e9rum illuminateur"}]},{"@type":"WebSite","@id":"https:\/\/paulrivera.it\/fr\/#website","url":"https:\/\/paulrivera.it\/fr\/","name":"Paul Rivera","description":"Hair Beauty Celebration","publisher":{"@id":"https:\/\/paulrivera.it\/fr\/#organization"},"potentialAction":[{"@type":"SearchAction","target":{"@type":"EntryPoint","urlTemplate":"https:\/\/paulrivera.it\/fr\/?s={search_term_string}"},"query-input":{"@type":"PropertyValueSpecification","valueRequired":true,"valueName":"search_term_string"}}],"inLanguage":"fr-FR"},{"@type":"Organization","@id":"https:\/\/paulrivera.it\/fr\/#organization","name":"Paul Rivera","url":"https:\/\/paulrivera.it\/fr\/","logo":{"@type":"ImageObject","inLanguage":"fr-FR","@id":"https:\/\/paulrivera.it\/fr\/#\/schema\/logo\/image\/","url":"https:\/\/paulrivera.it\/wp-content\/uploads\/2020\/02\/paul_rivera_logo_header_x2.png","contentUrl":"https:\/\/paulrivera.it\/wp-content\/uploads\/2020\/02\/paul_rivera_logo_header_x2.png","width":470,"height":60,"caption":"Paul Rivera"},"image":{"@id":"https:\/\/paulrivera.it\/fr\/#\/schema\/logo\/image\/"}}]}},"_links":{"self":[{"href":"https:\/\/paulrivera.it\/fr\/wp-json\/wp\/v2\/product\/10571","targetHints":{"allow":["GET"]}}],"collection":[{"href":"https:\/\/paulrivera.it\/fr\/wp-json\/wp\/v2\/product"}],"about":[{"href":"https:\/\/paulrivera.it\/fr\/wp-json\/wp\/v2\/types\/product"}],"wp:featuredmedia":[{"embeddable":true,"href":"https:\/\/paulrivera.it\/fr\/wp-json\/wp\/v2\/media\/10209"}],"wp:attachment":[{"href":"https:\/\/paulrivera.it\/fr\/wp-json\/wp\/v2\/media?parent=10571"}],"wp:term":[{"taxonomy":"product_brand","embeddable":true,"href":"https:\/\/paulrivera.it\/fr\/wp-json\/wp\/v2\/product_brand?post=10571"},{"taxonomy":"product_cat","embeddable":true,"href":"https:\/\/paulrivera.it\/fr\/wp-json\/wp\/v2\/product_cat?post=10571"},{"taxonomy":"product_tag","embeddable":true,"href":"https:\/\/paulrivera.it\/fr\/wp-json\/wp\/v2\/product_tag?post=10571"}],"curies":[{"name":"wp","href":"https:\/\/api.w.org\/{rel}","templated":true}]}}