{"id":10575,"date":"2020-02-18T14:07:58","date_gmt":"2020-02-18T13:07:58","guid":{"rendered":"https:\/\/paulrivera.it\/product\/true-color-masque-illuminateur-2\/"},"modified":"2024-05-13T14:35:39","modified_gmt":"2024-05-13T12:35:39","slug":"true-color-masque-illuminateur-2","status":"publish","type":"product","link":"https:\/\/paulrivera.it\/fr\/prodotti\/soins\/true-color-cheveux-colores\/true-color-masque-illuminateur-2\/","title":{"rendered":"True Color \u2013 Masque illuminateur"},"content":{"rendered":"<div class=\"wpb-content-wrapper\"><p>[vc_row full_width=&#8221;stretch_row&#8221;][vc_column][vc_row_inner el_id=&#8221;desktop&#8221;][vc_column_inner width=&#8221;1\/2&#8243; css=&#8221;.vc_custom_1582194227194{padding-top: 10% !important;padding-right: 10% !important;padding-bottom: 10% !important;padding-left: 30% !important;}&#8221; offset=&#8221;vc_hidden-md vc_hidden-sm vc_hidden-xs&#8221;][vc_column_text]<br \/>\n<span style=\"font-size: 28px;\"><b>Les bonnes raisons de l&#8217;aimer<\/b><\/span><\/p>\n<ul>\n<li style=\"font-weight: 400;\" aria-level=\"1\"><span style=\"font-weight: 400;\">Les cheveux color\u00e9s et trait\u00e9s sont \u00e9clatants<\/span><\/li>\n<li style=\"font-weight: 400;\" aria-level=\"1\"><span style=\"font-weight: 400;\">Prot\u00e8ge la couleur des agressions ext\u00e9rieures<\/span><\/li>\n<li style=\"font-weight: 400;\" aria-level=\"1\"><span style=\"font-weight: 400;\">Laisse les cheveux doux et soyeux<\/span><\/li>\n<\/ul>\n<p>[\/vc_column_text][vc_column_text]<br \/>\n<span style=\"font-size: 28px;\"><b>Les principes actifs de la formule<\/b><\/span><\/p>\n<ul>\n<li style=\"font-weight: 400;\" aria-level=\"1\"><span style=\"font-weight: 400;\">Vigne Rouge : gr\u00e2ce \u00e0 sa forte concentration en vitamines et min\u00e9raux, elle hydrate et poss\u00e8de un grand pouvoir antioxydant qui combat le vieillissement.<\/span><\/li>\n<li style=\"font-weight: 400;\" aria-level=\"1\"><span style=\"font-weight: 400;\">Extraits de magnolia : parmi ses principales propri\u00e9t\u00e9s, figurent l&#8217;action protectrice contre les agressions ext\u00e9rieures et sa capacit\u00e9 \u00e0 imperm\u00e9abiliser la surface des cheveux, en garantissant leur brillance.<\/span><\/li>\n<\/ul>\n<p>[\/vc_column_text][vc_column_text]<br \/>\n<span style=\"font-size: 28px;\"><b>Mode d&#8217;emploi<\/b><\/span><\/p>\n<p><span style=\"font-weight: 400;\">Appliquer apr\u00e8s le shampoing True Color sur cheveux essor\u00e9s, laisser agir 5 \u00e0 10 minutes et rincer abondamment.<\/span>[\/vc_column_text][\/vc_column_inner][vc_column_inner width=&#8221;1\/2&#8243; css=&#8221;.vc_custom_1582812883696{background-image: url(https:\/\/paulrivera.it\/wp-content\/uploads\/2020\/02\/background_adv_product_true_color.png?id=867) !important;background-position: center !important;background-repeat: no-repeat !important;background-size: cover !important;}&#8221; offset=&#8221;vc_hidden-md vc_hidden-sm vc_hidden-xs&#8221;][vc_single_image image=&#8221;9762&#8243; img_size=&#8221;large&#8221; alignment=&#8221;center&#8221;][\/vc_column_inner][\/vc_row_inner][vc_row_inner el_id=&#8221;tablet&#8221;][vc_column_inner offset=&#8221;vc_hidden-lg vc_hidden-xs&#8221;][vc_column_text]<br \/>\n<span style=\"font-size: 28px;\"><b>Les bonnes raisons de l&#8217;aimer<\/b><\/span><\/p>\n<ul>\n<li style=\"font-weight: 400;\" aria-level=\"1\"><span style=\"font-weight: 400;\">Les cheveux color\u00e9s et trait\u00e9s sont \u00e9clatants<\/span><\/li>\n<li style=\"font-weight: 400;\" aria-level=\"1\"><span style=\"font-weight: 400;\">Prot\u00e8ge la couleur des agressions ext\u00e9rieures<\/span><\/li>\n<li style=\"font-weight: 400;\" aria-level=\"1\"><span style=\"font-weight: 400;\">Laisse les cheveux doux et soyeux<\/span><\/li>\n<\/ul>\n<p>[\/vc_column_text][vc_column_text]<br \/>\n<span style=\"font-size: 28px;\"><b>Les principes actifs de la formule<\/b><\/span><\/p>\n<ul>\n<li style=\"font-weight: 400;\" aria-level=\"1\"><span style=\"font-weight: 400;\">Vigne Rouge : gr\u00e2ce \u00e0 sa forte concentration en vitamines et min\u00e9raux, elle hydrate et poss\u00e8de un grand pouvoir antioxydant qui combat le vieillissement.<\/span><\/li>\n<li style=\"font-weight: 400;\" aria-level=\"1\"><span style=\"font-weight: 400;\">Extraits de magnolia : parmi ses principales propri\u00e9t\u00e9s, figurent l&#8217;action protectrice contre les agressions ext\u00e9rieures et sa capacit\u00e9 \u00e0 imperm\u00e9abiliser la surface des cheveux, en garantissant leur brillance.<\/span><\/li>\n<\/ul>\n<p>[\/vc_column_text][vc_column_text]<br \/>\n<span style=\"font-size: 28px;\"><b>Mode d&#8217;emploi<\/b><\/span><\/p>\n<p><span style=\"font-weight: 400;\">Appliquer apr\u00e8s le shampoing True Color sur cheveux essor\u00e9s, laisser agir 5 \u00e0 10 minutes et rincer abondamment.<\/span>[\/vc_column_text][\/vc_column_inner][\/vc_row_inner][vc_row_inner el_id=&#8221;mobile&#8221;][vc_column_inner width=&#8221;1\/2&#8243; offset=&#8221;vc_hidden-lg vc_hidden-md vc_hidden-sm&#8221;][vc_column_text]<br \/>\n<span style=\"font-size: 28px;\"><b>Les bonnes raisons de l&#8217;aimer<\/b><\/span><\/p>\n<ul>\n<li style=\"font-weight: 400;\" aria-level=\"1\"><span style=\"font-weight: 400;\">Les cheveux color\u00e9s et trait\u00e9s sont \u00e9clatants<\/span><\/li>\n<li style=\"font-weight: 400;\" aria-level=\"1\"><span style=\"font-weight: 400;\">Prot\u00e8ge la couleur des agressions ext\u00e9rieures<\/span><\/li>\n<li style=\"font-weight: 400;\" aria-level=\"1\"><span style=\"font-weight: 400;\">Laisse les cheveux doux et soyeux<\/span><\/li>\n<\/ul>\n<p>[\/vc_column_text][vc_column_text]<br \/>\n<span style=\"font-size: 28px;\"><b>Les principes actifs de la formule<\/b><\/span><\/p>\n<ul>\n<li style=\"font-weight: 400;\" aria-level=\"1\"><span style=\"font-weight: 400;\">Vigne Rouge : gr\u00e2ce \u00e0 sa forte concentration en vitamines et min\u00e9raux, elle hydrate et poss\u00e8de un grand pouvoir antioxydant qui combat le vieillissement.<\/span><\/li>\n<li style=\"font-weight: 400;\" aria-level=\"1\"><span style=\"font-weight: 400;\">Extraits de magnolia : parmi ses principales propri\u00e9t\u00e9s, figurent l&#8217;action protectrice contre les agressions ext\u00e9rieures et sa capacit\u00e9 \u00e0 imperm\u00e9abiliser la surface des cheveux, en garantissant leur brillance.<\/span><\/li>\n<\/ul>\n<p>[\/vc_column_text][vc_column_text]<br \/>\n<span style=\"font-size: 28px;\"><b>Mode d&#8217;emploi<\/b><\/span><\/p>\n<p><span style=\"font-weight: 400;\">Appliquer apr\u00e8s le shampoing True Color sur cheveux essor\u00e9s, laisser agir 5 \u00e0 10 minutes et rincer abondamment.<\/span>[\/vc_column_text][\/vc_column_inner][vc_column_inner width=&#8221;1\/2&#8243; css=&#8221;.vc_custom_1582812943580{background-image: url(https:\/\/paulrivera.it\/wp-content\/uploads\/2020\/02\/background_adv_product_true_color.png?id=867) !important;background-position: center !important;background-repeat: no-repeat !important;background-size: cover !important;}&#8221; offset=&#8221;vc_hidden-lg vc_hidden-md vc_hidden-sm&#8221;][vc_single_image image=&#8221;9762&#8243; img_size=&#8221;large&#8221; alignment=&#8221;center&#8221;][\/vc_column_inner][\/vc_row_inner][\/vc_column][\/vc_row][vc_row css=&#8221;.vc_custom_1582192829011{padding-top: 50px !important;}&#8221;][vc_column][vc_row_inner][vc_column_inner][vc_column_text]<\/p>\n<h1 style=\"text-align: center;\">Vous aimerez aussi<\/h1>\n<p>[\/vc_column_text][\/vc_column_inner][\/vc_row_inner][vc_raw_html]W3dwYi1wcm9kdWN0LXNsaWRlci1zaG9ydGNvZGUgaWQ9IjI2MCJd[\/vc_raw_html][\/vc_column][\/vc_row]<\/p>\n<\/div>","protected":false},"excerpt":{"rendered":"<p><span style=\"font-weight: 400;\">Avec le<\/span><b> Masque illuminateur, les cheveux color\u00e9s<\/b><span style=\"font-weight: 400;\"> sont restructur\u00e9s et prot\u00e9g\u00e9s plus longtemps. Utilis\u00e9 en synergie avec le shampoing illuminateur, le masque<\/span><b> prot\u00e8ge la couleur<\/b><span style=\"font-weight: 400;\"> des agressions, en conservant longtemps l&#8217;\u00e9clat et la vivacit\u00e9 des reflets.<\/span><\/p>\n<p><span style=\"font-weight: 400;\">Sa<\/span><b> formule riche<\/b><span style=\"font-weight: 400;\"> et<\/span><b> conditionnante<\/b><span style=\"font-weight: 400;\"> apporte brillance aux cheveux :<\/span><b> Extraits de magnolia<\/b><span style=\"font-weight: 400;\"> et<\/span><b> Vigne rouge<\/b><span style=\"font-weight: 400;\"> hydratent, nourrissent et pr\u00e9servent l&#8217;\u00e9clat des cheveux trait\u00e9s, en prot\u00e9geant les pigments colorants et en emp\u00eachant la couleur de s&#8217;estomper.<\/span><\/p>\n<p>300 ml<\/p>\n<p>&nbsp;<\/p>\n[maxbutton id=\"5\"]\n","protected":false},"featured_media":9533,"template":"","meta":[],"product_brand":[],"product_cat":[1321],"product_tag":[],"class_list":{"0":"post-10575","1":"product","2":"type-product","3":"status-publish","4":"has-post-thumbnail","6":"product_cat-true-color-cheveux-colores","7":"description-off","9":"first","10":"instock","11":"shipping-taxable","12":"product-type-simple"},"yoast_head":"<!-- This site is optimized with the Yoast SEO plugin v27.2 - https:\/\/yoast.com\/product\/yoast-seo-wordpress\/ -->\n<title>True Color \u2013 Masque illuminateur<\/title>\n<meta name=\"description\" content=\"Avec le Masque illuminateur, les cheveux color\u00e9s sont restructur\u00e9s et prot\u00e9g\u00e9s plus longtemps.\" \/>\n<meta name=\"robots\" content=\"index, follow, max-snippet:-1, max-image-preview:large, max-video-preview:-1\" \/>\n<link rel=\"canonical\" href=\"https:\/\/paulrivera.it\/fr\/prodotti\/soins\/true-color-cheveux-colores\/true-color-masque-illuminateur-2\/\" \/>\n<meta property=\"og:locale\" content=\"fr_FR\" \/>\n<meta property=\"og:type\" content=\"article\" \/>\n<meta property=\"og:title\" content=\"True Color \u2013 Masque illuminateur\" \/>\n<meta property=\"og:description\" content=\"Avec le Masque illuminateur, les cheveux color\u00e9s sont restructur\u00e9s et prot\u00e9g\u00e9s plus longtemps.\" \/>\n<meta property=\"og:url\" content=\"https:\/\/paulrivera.it\/fr\/prodotti\/soins\/true-color-cheveux-colores\/true-color-masque-illuminateur-2\/\" \/>\n<meta property=\"og:site_name\" content=\"Paul Rivera\" \/>\n<meta property=\"article:modified_time\" content=\"2024-05-13T12:35:39+00:00\" \/>\n<meta property=\"og:image\" content=\"https:\/\/paulrivera.it\/wp-content\/uploads\/2020\/02\/604699_paul_rivera_bleaching_mask_coloured_hair_300ml.png\" \/>\n\t<meta property=\"og:image:width\" content=\"800\" \/>\n\t<meta property=\"og:image:height\" content=\"800\" \/>\n\t<meta property=\"og:image:type\" content=\"image\/png\" \/>\n<meta name=\"twitter:card\" content=\"summary_large_image\" \/>\n<meta name=\"twitter:label1\" content=\"Est. reading time\" \/>\n\t<meta name=\"twitter:data1\" content=\"3 minutes\" \/>\n<script type=\"application\/ld+json\" class=\"yoast-schema-graph\">{\"@context\":\"https:\/\/schema.org\",\"@graph\":[{\"@type\":\"WebPage\",\"@id\":\"https:\/\/paulrivera.it\/fr\/prodotti\/soins\/true-color-cheveux-colores\/true-color-masque-illuminateur-2\/\",\"url\":\"https:\/\/paulrivera.it\/fr\/prodotti\/soins\/true-color-cheveux-colores\/true-color-masque-illuminateur-2\/\",\"name\":\"True Color \u2013 Masque illuminateur\",\"isPartOf\":{\"@id\":\"https:\/\/paulrivera.it\/fr\/#website\"},\"primaryImageOfPage\":{\"@id\":\"https:\/\/paulrivera.it\/fr\/prodotti\/soins\/true-color-cheveux-colores\/true-color-masque-illuminateur-2\/#primaryimage\"},\"image\":{\"@id\":\"https:\/\/paulrivera.it\/fr\/prodotti\/soins\/true-color-cheveux-colores\/true-color-masque-illuminateur-2\/#primaryimage\"},\"thumbnailUrl\":\"https:\/\/paulrivera.it\/wp-content\/uploads\/2020\/02\/604699_paul_rivera_bleaching_mask_coloured_hair_300ml.png\",\"datePublished\":\"2020-02-18T13:07:58+00:00\",\"dateModified\":\"2024-05-13T12:35:39+00:00\",\"description\":\"Avec le Masque illuminateur, les cheveux color\u00e9s sont restructur\u00e9s et prot\u00e9g\u00e9s plus longtemps.\",\"breadcrumb\":{\"@id\":\"https:\/\/paulrivera.it\/fr\/prodotti\/soins\/true-color-cheveux-colores\/true-color-masque-illuminateur-2\/#breadcrumb\"},\"inLanguage\":\"fr-FR\",\"potentialAction\":[{\"@type\":\"ReadAction\",\"target\":[\"https:\/\/paulrivera.it\/fr\/prodotti\/soins\/true-color-cheveux-colores\/true-color-masque-illuminateur-2\/\"]}]},{\"@type\":\"ImageObject\",\"inLanguage\":\"fr-FR\",\"@id\":\"https:\/\/paulrivera.it\/fr\/prodotti\/soins\/true-color-cheveux-colores\/true-color-masque-illuminateur-2\/#primaryimage\",\"url\":\"https:\/\/paulrivera.it\/wp-content\/uploads\/2020\/02\/604699_paul_rivera_bleaching_mask_coloured_hair_300ml.png\",\"contentUrl\":\"https:\/\/paulrivera.it\/wp-content\/uploads\/2020\/02\/604699_paul_rivera_bleaching_mask_coloured_hair_300ml.png\",\"width\":800,\"height\":800},{\"@type\":\"BreadcrumbList\",\"@id\":\"https:\/\/paulrivera.it\/fr\/prodotti\/soins\/true-color-cheveux-colores\/true-color-masque-illuminateur-2\/#breadcrumb\",\"itemListElement\":[{\"@type\":\"ListItem\",\"position\":1,\"name\":\"Home\",\"item\":\"https:\/\/paulrivera.it\/fr\/\"},{\"@type\":\"ListItem\",\"position\":2,\"name\":\"Pagina shop\",\"item\":\"https:\/\/paulrivera.it\/prodotti\/\"},{\"@type\":\"ListItem\",\"position\":3,\"name\":\"True Color \u2013 Masque illuminateur\"}]},{\"@type\":\"WebSite\",\"@id\":\"https:\/\/paulrivera.it\/fr\/#website\",\"url\":\"https:\/\/paulrivera.it\/fr\/\",\"name\":\"Paul Rivera\",\"description\":\"Hair Beauty Celebration\",\"publisher\":{\"@id\":\"https:\/\/paulrivera.it\/fr\/#organization\"},\"potentialAction\":[{\"@type\":\"SearchAction\",\"target\":{\"@type\":\"EntryPoint\",\"urlTemplate\":\"https:\/\/paulrivera.it\/fr\/?s={search_term_string}\"},\"query-input\":{\"@type\":\"PropertyValueSpecification\",\"valueRequired\":true,\"valueName\":\"search_term_string\"}}],\"inLanguage\":\"fr-FR\"},{\"@type\":\"Organization\",\"@id\":\"https:\/\/paulrivera.it\/fr\/#organization\",\"name\":\"Paul Rivera\",\"url\":\"https:\/\/paulrivera.it\/fr\/\",\"logo\":{\"@type\":\"ImageObject\",\"inLanguage\":\"fr-FR\",\"@id\":\"https:\/\/paulrivera.it\/fr\/#\/schema\/logo\/image\/\",\"url\":\"https:\/\/paulrivera.it\/wp-content\/uploads\/2020\/02\/paul_rivera_logo_header_x2.png\",\"contentUrl\":\"https:\/\/paulrivera.it\/wp-content\/uploads\/2020\/02\/paul_rivera_logo_header_x2.png\",\"width\":470,\"height\":60,\"caption\":\"Paul Rivera\"},\"image\":{\"@id\":\"https:\/\/paulrivera.it\/fr\/#\/schema\/logo\/image\/\"}}]}<\/script>\n<!-- \/ Yoast SEO plugin. -->","yoast_head_json":{"title":"True Color \u2013 Masque illuminateur","description":"Avec le Masque illuminateur, les cheveux color\u00e9s sont restructur\u00e9s et prot\u00e9g\u00e9s plus longtemps.","robots":{"index":"index","follow":"follow","max-snippet":"max-snippet:-1","max-image-preview":"max-image-preview:large","max-video-preview":"max-video-preview:-1"},"canonical":"https:\/\/paulrivera.it\/fr\/prodotti\/soins\/true-color-cheveux-colores\/true-color-masque-illuminateur-2\/","og_locale":"fr_FR","og_type":"article","og_title":"True Color \u2013 Masque illuminateur","og_description":"Avec le Masque illuminateur, les cheveux color\u00e9s sont restructur\u00e9s et prot\u00e9g\u00e9s plus longtemps.","og_url":"https:\/\/paulrivera.it\/fr\/prodotti\/soins\/true-color-cheveux-colores\/true-color-masque-illuminateur-2\/","og_site_name":"Paul Rivera","article_modified_time":"2024-05-13T12:35:39+00:00","og_image":[{"width":800,"height":800,"url":"https:\/\/paulrivera.it\/wp-content\/uploads\/2020\/02\/604699_paul_rivera_bleaching_mask_coloured_hair_300ml.png","type":"image\/png"}],"twitter_card":"summary_large_image","twitter_misc":{"Est. reading time":"3 minutes"},"schema":{"@context":"https:\/\/schema.org","@graph":[{"@type":"WebPage","@id":"https:\/\/paulrivera.it\/fr\/prodotti\/soins\/true-color-cheveux-colores\/true-color-masque-illuminateur-2\/","url":"https:\/\/paulrivera.it\/fr\/prodotti\/soins\/true-color-cheveux-colores\/true-color-masque-illuminateur-2\/","name":"True Color \u2013 Masque illuminateur","isPartOf":{"@id":"https:\/\/paulrivera.it\/fr\/#website"},"primaryImageOfPage":{"@id":"https:\/\/paulrivera.it\/fr\/prodotti\/soins\/true-color-cheveux-colores\/true-color-masque-illuminateur-2\/#primaryimage"},"image":{"@id":"https:\/\/paulrivera.it\/fr\/prodotti\/soins\/true-color-cheveux-colores\/true-color-masque-illuminateur-2\/#primaryimage"},"thumbnailUrl":"https:\/\/paulrivera.it\/wp-content\/uploads\/2020\/02\/604699_paul_rivera_bleaching_mask_coloured_hair_300ml.png","datePublished":"2020-02-18T13:07:58+00:00","dateModified":"2024-05-13T12:35:39+00:00","description":"Avec le Masque illuminateur, les cheveux color\u00e9s sont restructur\u00e9s et prot\u00e9g\u00e9s plus longtemps.","breadcrumb":{"@id":"https:\/\/paulrivera.it\/fr\/prodotti\/soins\/true-color-cheveux-colores\/true-color-masque-illuminateur-2\/#breadcrumb"},"inLanguage":"fr-FR","potentialAction":[{"@type":"ReadAction","target":["https:\/\/paulrivera.it\/fr\/prodotti\/soins\/true-color-cheveux-colores\/true-color-masque-illuminateur-2\/"]}]},{"@type":"ImageObject","inLanguage":"fr-FR","@id":"https:\/\/paulrivera.it\/fr\/prodotti\/soins\/true-color-cheveux-colores\/true-color-masque-illuminateur-2\/#primaryimage","url":"https:\/\/paulrivera.it\/wp-content\/uploads\/2020\/02\/604699_paul_rivera_bleaching_mask_coloured_hair_300ml.png","contentUrl":"https:\/\/paulrivera.it\/wp-content\/uploads\/2020\/02\/604699_paul_rivera_bleaching_mask_coloured_hair_300ml.png","width":800,"height":800},{"@type":"BreadcrumbList","@id":"https:\/\/paulrivera.it\/fr\/prodotti\/soins\/true-color-cheveux-colores\/true-color-masque-illuminateur-2\/#breadcrumb","itemListElement":[{"@type":"ListItem","position":1,"name":"Home","item":"https:\/\/paulrivera.it\/fr\/"},{"@type":"ListItem","position":2,"name":"Pagina shop","item":"https:\/\/paulrivera.it\/prodotti\/"},{"@type":"ListItem","position":3,"name":"True Color \u2013 Masque illuminateur"}]},{"@type":"WebSite","@id":"https:\/\/paulrivera.it\/fr\/#website","url":"https:\/\/paulrivera.it\/fr\/","name":"Paul Rivera","description":"Hair Beauty Celebration","publisher":{"@id":"https:\/\/paulrivera.it\/fr\/#organization"},"potentialAction":[{"@type":"SearchAction","target":{"@type":"EntryPoint","urlTemplate":"https:\/\/paulrivera.it\/fr\/?s={search_term_string}"},"query-input":{"@type":"PropertyValueSpecification","valueRequired":true,"valueName":"search_term_string"}}],"inLanguage":"fr-FR"},{"@type":"Organization","@id":"https:\/\/paulrivera.it\/fr\/#organization","name":"Paul Rivera","url":"https:\/\/paulrivera.it\/fr\/","logo":{"@type":"ImageObject","inLanguage":"fr-FR","@id":"https:\/\/paulrivera.it\/fr\/#\/schema\/logo\/image\/","url":"https:\/\/paulrivera.it\/wp-content\/uploads\/2020\/02\/paul_rivera_logo_header_x2.png","contentUrl":"https:\/\/paulrivera.it\/wp-content\/uploads\/2020\/02\/paul_rivera_logo_header_x2.png","width":470,"height":60,"caption":"Paul Rivera"},"image":{"@id":"https:\/\/paulrivera.it\/fr\/#\/schema\/logo\/image\/"}}]}},"_links":{"self":[{"href":"https:\/\/paulrivera.it\/fr\/wp-json\/wp\/v2\/product\/10575","targetHints":{"allow":["GET"]}}],"collection":[{"href":"https:\/\/paulrivera.it\/fr\/wp-json\/wp\/v2\/product"}],"about":[{"href":"https:\/\/paulrivera.it\/fr\/wp-json\/wp\/v2\/types\/product"}],"wp:featuredmedia":[{"embeddable":true,"href":"https:\/\/paulrivera.it\/fr\/wp-json\/wp\/v2\/media\/9533"}],"wp:attachment":[{"href":"https:\/\/paulrivera.it\/fr\/wp-json\/wp\/v2\/media?parent=10575"}],"wp:term":[{"taxonomy":"product_brand","embeddable":true,"href":"https:\/\/paulrivera.it\/fr\/wp-json\/wp\/v2\/product_brand?post=10575"},{"taxonomy":"product_cat","embeddable":true,"href":"https:\/\/paulrivera.it\/fr\/wp-json\/wp\/v2\/product_cat?post=10575"},{"taxonomy":"product_tag","embeddable":true,"href":"https:\/\/paulrivera.it\/fr\/wp-json\/wp\/v2\/product_tag?post=10575"}],"curies":[{"name":"wp","href":"https:\/\/api.w.org\/{rel}","templated":true}]}}