{"id":10576,"date":"2023-04-14T09:10:01","date_gmt":"2023-04-14T07:10:01","guid":{"rendered":"https:\/\/paulrivera.it\/product\/clean-us-primer-cute\/"},"modified":"2024-05-13T14:15:15","modified_gmt":"2024-05-13T12:15:15","slug":"clean-us-primer-cute","status":"publish","type":"product","link":"https:\/\/paulrivera.it\/fr\/prodotti\/soins\/absolute-sleek-cheveux-crepus\/clean-us-primer-cute\/","title":{"rendered":"Clean Us &#8211; Primer Cute"},"content":{"rendered":"<div class=\"wpb-content-wrapper\"><p>[vc_row full_width=&#8221;stretch_row&#8221;][vc_column][vc_row_inner el_id=&#8221;desktop&#8221;][vc_column_inner width=&#8221;1\/2&#8243; css=&#8221;.vc_custom_1582194227194{padding-top: 10% !important;padding-right: 10% !important;padding-bottom: 10% !important;padding-left: 30% !important;}&#8221; offset=&#8221;vc_hidden-md vc_hidden-sm vc_hidden-xs&#8221;][vc_column_text]<br \/>\n<span style=\"font-size: 28px;\"><b>Les bonnes raisons de l&#8217;aimer<\/b><\/span><\/p>\n<ul>\n<li style=\"font-weight: 400;\" aria-level=\"1\"><span style=\"font-weight: 400;\">Nettoie la peau en profondeur<\/span><\/li>\n<li style=\"font-weight: 400;\" aria-level=\"1\"><span style=\"font-weight: 400;\">Action apaisante et d\u00e9licate<\/span><\/li>\n<li style=\"font-weight: 400;\" aria-level=\"1\"><span style=\"font-weight: 400;\">Rend les cheveux plus brillants<\/span><\/li>\n<li style=\"font-weight: 400;\" aria-level=\"1\"><span style=\"font-weight: 400;\">Convient \u00e0 tous types de cheveux et tous types de peau<\/span><\/li>\n<\/ul>\n<p><span style=\"font-weight: 400;\">Id\u00e9al, combin\u00e9 aux soins :<\/span><i><span style=\"font-weight: 400;\"> Depurize, Activize, Hydra Dream, Loud Volume, True Color, Twister Curl, Absolut Sleek<\/span><\/i><span style=\"font-weight: 400;\"> et<\/span><i><span style=\"font-weight: 400;\"> My Promise<\/span><\/i><br \/>\n[\/vc_column_text][vc_column_text]<br \/>\n<span style=\"font-size: 28px;\"><b>Les principes actifs de la formule<\/b><\/span><\/p>\n<ul>\n<li style=\"font-weight: 400;\" aria-level=\"1\"><b>Extrait de Saule Bio :<\/b><span style=\"font-weight: 400;\"> il a une action purifiante particuli\u00e8rement efficace, qui aide \u00e0 revitaliser les cheveux ab\u00eem\u00e9s, en stimulant la croissance des cheveux et en agissant comme tonifiant sur le cuir chevelu.<\/span><\/li>\n<li style=\"font-weight: 400;\" aria-level=\"1\"><b>Huile essentielle de thym :<\/b><span style=\"font-weight: 400;\"> aide \u00e0 nettoyer en profondeur le cuir chevelu, en limitant les s\u00e9cr\u00e9tions de s\u00e9bum. De plus, gr\u00e2ce \u00e0 son action calmante\/apaisante, il est capable de contr\u00f4ler les rougeurs et les d\u00e9mangeaisons, en apportant force, \u00e9lasticit\u00e9 et brillance aux cheveux.<\/span><\/li>\n<\/ul>\n<p>[\/vc_column_text][vc_column_text]<br \/>\n<span style=\"font-size: 28px;\"><b>Mode d&#8217;emploi<\/b><\/span><\/p>\n<p><span style=\"font-weight: 400;\">Appliquer avant le shampooing sur peau humide et laisser agir 2 \u00e0 3 minutes en massant d\u00e9licatement par mouvements circulaires.<\/span>[\/vc_column_text][\/vc_column_inner][vc_column_inner width=&#8221;1\/2&#8243; css=&#8221;.vc_custom_1681456398056{background-image: url(https:\/\/paulrivera.it\/wp-content\/uploads\/2023\/04\/paul_rivera_adv_prodotti_clean_us_1.png?id=7474) !important;background-position: center !important;background-repeat: no-repeat !important;background-size: cover !important;}&#8221; offset=&#8221;vc_hidden-md vc_hidden-sm vc_hidden-xs&#8221;][vc_single_image image=&#8221;10202&#8243; img_size=&#8221;large&#8221; alignment=&#8221;center&#8221;][\/vc_column_inner][\/vc_row_inner][vc_row_inner el_id=&#8221;tablet&#8221;][vc_column_inner offset=&#8221;vc_hidden-lg vc_hidden-xs&#8221;][vc_column_text]<\/p>\n<h1>L\u2019amerai perch\u00e9<\/h1>\n<ul>\n<li><span style=\"font-weight: 400;\">Pulisce la cute in profondit\u00e0<\/span><\/li>\n<li><span style=\"font-weight: 400;\"> Ha un\u2019azione lenitiva e delicata<\/span><\/li>\n<li><span style=\"font-weight: 400;\"> Rende i capelli pi\u00f9 lucenti<\/span><\/li>\n<li><span style=\"font-weight: 400;\"> \u00c8 adatto a tutti i tipi di capelli e a tutti i tipi di cute<\/span><\/li>\n<li><span style=\"font-weight: 400;\">Perfetto da utilizzare con i trattamenti: <\/span><i><span style=\"font-weight: 400;\">Depurize, Activize, Hydra Dream, Loud Volume, True Color, Twister Curl, Absolut Sleek <\/span><\/i><span style=\"font-weight: 400;\">e<\/span><i><span style=\"font-weight: 400;\"> My Promise<\/span><\/i><\/li>\n<li><\/li>\n<\/ul>\n<p>[\/vc_column_text][vc_column_text]<br \/>\n<span style=\"font-size: 28px;\"><b>Les principes actifs de la formule<\/b><\/span><\/p>\n<ul>\n<li style=\"font-weight: 400;\" aria-level=\"1\"><b>Extrait de Saule Bio :<\/b><span style=\"font-weight: 400;\"> il a une action purifiante particuli\u00e8rement efficace, qui aide \u00e0 revitaliser les cheveux ab\u00eem\u00e9s, en stimulant la croissance des cheveux et en agissant comme tonifiant sur le cuir chevelu.<\/span><\/li>\n<li style=\"font-weight: 400;\" aria-level=\"1\"><b>Huile essentielle de thym :<\/b><span style=\"font-weight: 400;\"> aide \u00e0 nettoyer en profondeur le cuir chevelu, en limitant les s\u00e9cr\u00e9tions de s\u00e9bum. De plus, gr\u00e2ce \u00e0 son action calmante\/apaisante, il est capable de contr\u00f4ler les rougeurs et les d\u00e9mangeaisons, en apportant force, \u00e9lasticit\u00e9 et brillance aux cheveux.<\/span><\/li>\n<\/ul>\n<p>[\/vc_column_text][vc_column_text]<br \/>\n<span style=\"font-size: 28px;\"><b>Mode d&#8217;emploi<\/b><\/span><\/p>\n<p><span style=\"font-weight: 400;\">Appliquer avant le shampooing sur peau humide et laisser agir 2 \u00e0 3 minutes en massant d\u00e9licatement par mouvements circulaires.<\/span>[\/vc_column_text][\/vc_column_inner][\/vc_row_inner][vc_row_inner el_id=&#8221;mobile&#8221;][vc_column_inner width=&#8221;1\/2&#8243; offset=&#8221;vc_hidden-lg vc_hidden-md vc_hidden-sm&#8221;][vc_column_text]<\/p>\n<h1>L\u2019amerai perch\u00e9<\/h1>\n<ul>\n<li><span style=\"font-weight: 400;\">Pulisce la cute in profondit\u00e0<\/span><\/li>\n<li><span style=\"font-weight: 400;\"> Ha un\u2019azione lenitiva e delicata<\/span><\/li>\n<li><span style=\"font-weight: 400;\"> Rende i capelli pi\u00f9 lucenti<\/span><\/li>\n<li><span style=\"font-weight: 400;\"> \u00c8 adatto a tutti i tipi di capelli e a tutti i tipi di cute<\/span><\/li>\n<li><span style=\"font-weight: 400;\">Perfetto da utilizzare con i trattamenti: <\/span><i><span style=\"font-weight: 400;\">Depurize, Activize, Hydra Dream, Loud Volume, True Color, Twister Curl, Absolut Sleek <\/span><\/i><span style=\"font-weight: 400;\">e<\/span><i><span style=\"font-weight: 400;\"> My Promise<\/span><\/i><\/li>\n<li><\/li>\n<\/ul>\n<p>[\/vc_column_text][vc_column_text]<br \/>\n<span style=\"font-size: 28px;\"><b>Les principes actifs de la formule<\/b><\/span><\/p>\n<ul>\n<li style=\"font-weight: 400;\" aria-level=\"1\"><b>Extrait de Saule Bio :<\/b><span style=\"font-weight: 400;\"> il a une action purifiante particuli\u00e8rement efficace, qui aide \u00e0 revitaliser les cheveux ab\u00eem\u00e9s, en stimulant la croissance des cheveux et en agissant comme tonifiant sur le cuir chevelu.<\/span><\/li>\n<li style=\"font-weight: 400;\" aria-level=\"1\"><b>Huile essentielle de thym :<\/b><span style=\"font-weight: 400;\"> aide \u00e0 nettoyer en profondeur le cuir chevelu, en limitant les s\u00e9cr\u00e9tions de s\u00e9bum. De plus, gr\u00e2ce \u00e0 son action calmante\/apaisante, il est capable de contr\u00f4ler les rougeurs et les d\u00e9mangeaisons, en apportant force, \u00e9lasticit\u00e9 et brillance aux cheveux.<\/span><\/li>\n<\/ul>\n<p>[\/vc_column_text][vc_column_text]<br \/>\n<span style=\"font-size: 28px;\"><b>Mode d&#8217;emploi<\/b><\/span><\/p>\n<p><span style=\"font-weight: 400;\">Appliquer avant le shampooing sur peau humide et laisser agir 2 \u00e0 3 minutes en massant d\u00e9licatement par mouvements circulaires.<\/span>[\/vc_column_text][\/vc_column_inner][vc_column_inner width=&#8221;1\/2&#8243; css=&#8221;.vc_custom_1681456462081{background-image: url(https:\/\/paulrivera.it\/wp-content\/uploads\/2023\/04\/paul_rivera_adv_prodotti_clean_us_1.png?id=7474) !important;background-position: center !important;background-repeat: no-repeat !important;background-size: cover !important;}&#8221; offset=&#8221;vc_hidden-lg vc_hidden-md vc_hidden-sm&#8221;][vc_single_image image=&#8221;10202&#8243; img_size=&#8221;large&#8221; alignment=&#8221;center&#8221;][\/vc_column_inner][\/vc_row_inner][\/vc_column][\/vc_row][vc_row css=&#8221;.vc_custom_1582192829011{padding-top: 50px !important;}&#8221;][vc_column][vc_row_inner][vc_column_inner][vc_column_text]<\/p>\n<h1 style=\"text-align: center;\">Vous aimerez aussi<\/h1>\n<p>[\/vc_column_text]<style type=\"text\/css\" data-type=\"the7_shortcodes-inline-css\">.products-carousel-shortcode.products-carousel-shortcode-id-d8b947f2cf5866766c0510d1c8358fd5 .owl-nav a {\n  width: 36px;\n  height: 36px;\n  border-radius: 500px;\n}\n.dt-arrow-border-on.products-carousel-shortcode.products-carousel-shortcode-id-d8b947f2cf5866766c0510d1c8358fd5 .owl-nav a:not(:hover):before {\n  border-width: 0px;\n}\n.dt-arrow-hover-border-on.products-carousel-shortcode.products-carousel-shortcode-id-d8b947f2cf5866766c0510d1c8358fd5 .owl-nav a:hover:after {\n  border-width: 0px;\n}\n.products-carousel-shortcode.products-carousel-shortcode-id-d8b947f2cf5866766c0510d1c8358fd5 .owl-nav a.owl-prev {\n  top: 50%;\n  transform: translateY(calc(-50% + 0px));\n  left: -43px;\n}\n@media all and (-ms-high-contrast: none) {\n  .products-carousel-shortcode.products-carousel-shortcode-id-d8b947f2cf5866766c0510d1c8358fd5 .owl-nav a.owl-prev {\n    transform: translateY(-50%);\n    margin-top: 0px;\n  }\n}\n.products-carousel-shortcode.products-carousel-shortcode-id-d8b947f2cf5866766c0510d1c8358fd5 .owl-nav a.owl-prev i {\n  padding: 0px 0px 0px 0px;\n}\n.products-carousel-shortcode.products-carousel-shortcode-id-d8b947f2cf5866766c0510d1c8358fd5 .owl-nav a.owl-next {\n  top: 50%;\n  transform: translateY(calc(-50% + 0px));\n  right: -43px;\n}\n@media all and (-ms-high-contrast: none) {\n  .products-carousel-shortcode.products-carousel-shortcode-id-d8b947f2cf5866766c0510d1c8358fd5 .owl-nav a.owl-next {\n    transform: translateY(-50%);\n    margin-top: 0px;\n  }\n}\n.products-carousel-shortcode.products-carousel-shortcode-id-d8b947f2cf5866766c0510d1c8358fd5 .owl-nav a.owl-next i {\n  padding: 0px 0px 0px 0px;\n}\n.products-carousel-shortcode.products-carousel-shortcode-id-d8b947f2cf5866766c0510d1c8358fd5 .owl-nav i {\n  font-size: 18px;\n}\n.products-carousel-shortcode.products-carousel-shortcode-id-d8b947f2cf5866766c0510d1c8358fd5 .owl-nav a:not(:hover) i,\n.products-carousel-shortcode.products-carousel-shortcode-id-d8b947f2cf5866766c0510d1c8358fd5 .owl-nav a:not(:hover) i:before {\n  color: #ffffff;\n  background: none;\n}\n.products-carousel-shortcode.products-carousel-shortcode-id-d8b947f2cf5866766c0510d1c8358fd5 .owl-nav a:hover i,\n.products-carousel-shortcode.products-carousel-shortcode-id-d8b947f2cf5866766c0510d1c8358fd5 .owl-nav a:hover i:before {\n  color: rgba(255,255,255,0.75);\n  background: none;\n}\n.products-carousel-shortcode.products-carousel-shortcode-id-d8b947f2cf5866766c0510d1c8358fd5 .owl-dots {\n  top: calc(100% + 20px);\n  left: 50%;\n  transform: translateX(calc(-50% + 0px));\n}\n@media all and (-ms-high-contrast: none) {\n  .products-carousel-shortcode.products-carousel-shortcode-id-d8b947f2cf5866766c0510d1c8358fd5 .owl-dots {\n    transform: translateX(-50%);\n    margin-left: 0px;\n  }\n}\n.products-carousel-shortcode.products-carousel-shortcode-id-d8b947f2cf5866766c0510d1c8358fd5 .owl-dot {\n  width: 10px;\n  height: 10px;\n  margin: 0 8px;\n}\n@media screen and (max-width: 778px) {\n  .products-carousel-shortcode.products-carousel-shortcode-id-d8b947f2cf5866766c0510d1c8358fd5.hide-arrows .owl-nav a {\n    display: none;\n  }\n}\n@media screen and (max-width: 778px) {\n  .products-carousel-shortcode.products-carousel-shortcode-id-d8b947f2cf5866766c0510d1c8358fd5.reposition-arrows .owl-nav .owl-prev {\n    top: 50%;\n    transform: translateY(calc(-50% + 0px));\n    left: 10px;\n  }\n  .products-carousel-shortcode.products-carousel-shortcode-id-d8b947f2cf5866766c0510d1c8358fd5.reposition-arrows .owl-nav .owl-next {\n    top: 50%;\n    transform: translateY(calc(-50% + 0px));\n    right: 10px;\n  }\n}\n@media screen and (max-width: 778px) and all and (-ms-high-contrast: none) {\n  .products-carousel-shortcode.products-carousel-shortcode-id-d8b947f2cf5866766c0510d1c8358fd5.reposition-arrows .owl-nav .owl-prev {\n    transform: translateY(-50%);\n    margin-top: 0px;\n  }\n}\n@media screen and (max-width: 778px) and all and (-ms-high-contrast: none) {\n  .products-carousel-shortcode.products-carousel-shortcode-id-d8b947f2cf5866766c0510d1c8358fd5.reposition-arrows .owl-nav .owl-next {\n    transform: translateY(-50%);\n    margin-top: 0px;\n  }\n}<\/style><div class=\"owl-carousel products-carousel-shortcode dt-owl-carousel-call products-carousel-shortcode-id-d8b947f2cf5866766c0510d1c8358fd5 cart-btn-below-img bullets-small-dot-stroke reposition-arrows arrows-bg-on dt-arrow-border-on dt-arrow-hover-border-on disable-arrows-hover-bg arrows-hover-bg-on  hide-description \" data-scroll-mode=\"1\" data-wide-col-num=\"4\" data-col-num=\"3\" data-laptop-col=\"3\" data-h-tablet-columns-num=\"3\" data-v-tablet-columns-num=\"2\" data-phone-columns-num=\"1\" data-auto-height=\"true\" data-col-gap=\"30\" data-stage-padding=\"0\" data-speed=\"600\" data-autoplay=\"false\" data-autoplay_speed=\"6000\" data-arrows=\"true\" data-bullet=\"false\" data-next-icon=\"icon-ar-017-r\" data-prev-icon=\"icon-ar-017-l\"><article class=\"post post-10724 product type-product status-publish has-post-thumbnail product_cat-my-promise-soin-restructurant-intensif description-off first instock shipping-taxable product-type-simple\" ><figure class=\"woocom-project\">\n\t<div class=\"woo-buttons-on-img\">\n\n\t\t<a href=\"https:\/\/paulrivera.it\/fr\/prodotti\/soins\/my-promise-soin-restructurant-intensif\/my-promise-shampoing-restructurant\/\" class=\"alignnone layzr-bg\"><img loading=\"lazy\" decoding=\"async\" width=\"300\" height=\"300\" src=\"data:image\/svg+xml;charset=utf-8,%3Csvg xmlns%3D&#039;http%3A%2F%2Fwww.w3.org%2F2000%2Fsvg&#039; viewBox%3D&#039;0 0 300 300&#039;%2F%3E\" class=\"attachment-woocommerce_thumbnail size-woocommerce_thumbnail owl-lazy-load preload-me\" alt=\"My Promise \u2013 Shampoing restructurant\" data-src=\"https:\/\/paulrivera.it\/wp-content\/uploads\/2021\/10\/604873_paul_rivera_my_promis_shampoo_1000ml-300x300.png\" data-srcset=\"https:\/\/paulrivera.it\/wp-content\/uploads\/2021\/10\/604873_paul_rivera_my_promis_shampoo_1000ml-300x300.png 300w, https:\/\/paulrivera.it\/wp-content\/uploads\/2021\/10\/604873_paul_rivera_my_promis_shampoo_1000ml-150x150.png 150w, https:\/\/paulrivera.it\/wp-content\/uploads\/2021\/10\/604873_paul_rivera_my_promis_shampoo_1000ml-24x24.png 24w, https:\/\/paulrivera.it\/wp-content\/uploads\/2021\/10\/604873_paul_rivera_my_promis_shampoo_1000ml-36x36.png 36w, https:\/\/paulrivera.it\/wp-content\/uploads\/2021\/10\/604873_paul_rivera_my_promis_shampoo_1000ml-48x48.png 48w, https:\/\/paulrivera.it\/wp-content\/uploads\/2021\/10\/604873_paul_rivera_my_promis_shampoo_1000ml-600x600.png 600w, https:\/\/paulrivera.it\/wp-content\/uploads\/2021\/10\/604873_paul_rivera_my_promis_shampoo_1000ml-200x200.png 200w, https:\/\/paulrivera.it\/wp-content\/uploads\/2021\/10\/604873_paul_rivera_my_promis_shampoo_1000ml.png 800w\" \/><\/a>\n\t<\/div>\n\t<figcaption class=\"woocom-list-content\">\n\n\t\t<div class=\"woo-buttons\"><a href=\"https:\/\/paulrivera.it\/fr\/prodotti\/soins\/my-promise-soin-restructurant-intensif\/my-promise-shampoing-restructurant\/\" aria-describedby=\"woocommerce_loop_add_to_cart_link_describedby_10724\" data-quantity=\"1\" class=\"product_type_simple ajax_add_to_cart\" data-product_id=\"10724\" data-product_sku=\"\" aria-label=\"Read more about &ldquo;My Promise \u2013 Shampoing restructurant&rdquo;\" rel=\"nofollow\" data-success_message=\"\">Read more<\/a>\t<span id=\"woocommerce_loop_add_to_cart_link_describedby_10724\" class=\"screen-reader-text\">\n\t\t\t<\/span>\n<\/div>\n\t<\/figcaption>\n<\/figure>\n<\/article><article class=\"post post-10595 product type-product status-publish has-post-thumbnail product_cat-depurize-cuir-chevelu-gras description-off  instock shipping-taxable product-type-simple\" ><figure class=\"woocom-project\">\n\t<div class=\"woo-buttons-on-img\">\n\n\t\t<a href=\"https:\/\/paulrivera.it\/fr\/prodotti\/soins\/depurize-cuir-chevelu-gras\/depurize-shampoing-normalisant-2\/\" class=\"alignnone layzr-bg\"><img loading=\"lazy\" decoding=\"async\" width=\"300\" height=\"300\" src=\"data:image\/svg+xml;charset=utf-8,%3Csvg xmlns%3D&#039;http%3A%2F%2Fwww.w3.org%2F2000%2Fsvg&#039; viewBox%3D&#039;0 0 300 300&#039;%2F%3E\" class=\"attachment-woocommerce_thumbnail size-woocommerce_thumbnail owl-lazy-load preload-me\" alt=\"Depurize - Shampoing normalisant\" data-src=\"https:\/\/paulrivera.it\/wp-content\/uploads\/2025\/10\/604835-paul-rivera-depurize-normalizing-shampoo-oily-scalp-dandruff-350ml-300x300.png\" data-srcset=\"https:\/\/paulrivera.it\/wp-content\/uploads\/2025\/10\/604835-paul-rivera-depurize-normalizing-shampoo-oily-scalp-dandruff-350ml-300x300.png 300w, https:\/\/paulrivera.it\/wp-content\/uploads\/2025\/10\/604835-paul-rivera-depurize-normalizing-shampoo-oily-scalp-dandruff-350ml-150x150.png 150w, https:\/\/paulrivera.it\/wp-content\/uploads\/2025\/10\/604835-paul-rivera-depurize-normalizing-shampoo-oily-scalp-dandruff-350ml-24x24.png 24w, https:\/\/paulrivera.it\/wp-content\/uploads\/2025\/10\/604835-paul-rivera-depurize-normalizing-shampoo-oily-scalp-dandruff-350ml-36x36.png 36w, https:\/\/paulrivera.it\/wp-content\/uploads\/2025\/10\/604835-paul-rivera-depurize-normalizing-shampoo-oily-scalp-dandruff-350ml-48x48.png 48w, https:\/\/paulrivera.it\/wp-content\/uploads\/2025\/10\/604835-paul-rivera-depurize-normalizing-shampoo-oily-scalp-dandruff-350ml-600x600.png 600w, https:\/\/paulrivera.it\/wp-content\/uploads\/2025\/10\/604835-paul-rivera-depurize-normalizing-shampoo-oily-scalp-dandruff-350ml-200x200.png 200w, https:\/\/paulrivera.it\/wp-content\/uploads\/2025\/10\/604835-paul-rivera-depurize-normalizing-shampoo-oily-scalp-dandruff-350ml.png 800w\" \/><\/a>\n\t<\/div>\n\t<figcaption class=\"woocom-list-content\">\n\n\t\t<div class=\"woo-buttons\"><a href=\"https:\/\/paulrivera.it\/fr\/prodotti\/soins\/depurize-cuir-chevelu-gras\/depurize-shampoing-normalisant-2\/\" aria-describedby=\"woocommerce_loop_add_to_cart_link_describedby_10595\" data-quantity=\"1\" class=\"product_type_simple ajax_add_to_cart\" data-product_id=\"10595\" data-product_sku=\"\" aria-label=\"Read more about &ldquo;Depurize - Shampoing normalisant&rdquo;\" rel=\"nofollow\" data-success_message=\"\">Read more<\/a>\t<span id=\"woocommerce_loop_add_to_cart_link_describedby_10595\" class=\"screen-reader-text\">\n\t\t\t<\/span>\n<\/div>\n\t<\/figcaption>\n<\/figure>\n<\/article><article class=\"post post-10592 product type-product status-publish has-post-thumbnail product_cat-activize-cheveux-fragiles description-off  instock shipping-taxable product-type-simple\" ><figure class=\"woocom-project\">\n\t<div class=\"woo-buttons-on-img\">\n\n\t\t<a href=\"https:\/\/paulrivera.it\/fr\/prodotti\/soins\/activize-cheveux-fragiles\/activize-shampoing-energisant\/\" class=\"alignnone layzr-bg\"><img loading=\"lazy\" decoding=\"async\" width=\"300\" height=\"300\" src=\"data:image\/svg+xml;charset=utf-8,%3Csvg xmlns%3D&#039;http%3A%2F%2Fwww.w3.org%2F2000%2Fsvg&#039; viewBox%3D&#039;0 0 300 300&#039;%2F%3E\" class=\"attachment-woocommerce_thumbnail size-woocommerce_thumbnail owl-lazy-load preload-me\" alt=\"Activize - Shampoing \u00e9nergisant\" data-src=\"https:\/\/paulrivera.it\/wp-content\/uploads\/2020\/06\/604781_paul_rivera_activize_energizing_shampoo_weak_hair_350ml-300x300.png\" data-srcset=\"https:\/\/paulrivera.it\/wp-content\/uploads\/2020\/06\/604781_paul_rivera_activize_energizing_shampoo_weak_hair_350ml-300x300.png 300w, https:\/\/paulrivera.it\/wp-content\/uploads\/2020\/06\/604781_paul_rivera_activize_energizing_shampoo_weak_hair_350ml-150x150.png 150w, https:\/\/paulrivera.it\/wp-content\/uploads\/2020\/06\/604781_paul_rivera_activize_energizing_shampoo_weak_hair_350ml-768x768.png 768w, https:\/\/paulrivera.it\/wp-content\/uploads\/2020\/06\/604781_paul_rivera_activize_energizing_shampoo_weak_hair_350ml-24x24.png 24w, https:\/\/paulrivera.it\/wp-content\/uploads\/2020\/06\/604781_paul_rivera_activize_energizing_shampoo_weak_hair_350ml-36x36.png 36w, https:\/\/paulrivera.it\/wp-content\/uploads\/2020\/06\/604781_paul_rivera_activize_energizing_shampoo_weak_hair_350ml-48x48.png 48w, https:\/\/paulrivera.it\/wp-content\/uploads\/2020\/06\/604781_paul_rivera_activize_energizing_shampoo_weak_hair_350ml-600x600.png 600w, https:\/\/paulrivera.it\/wp-content\/uploads\/2020\/06\/604781_paul_rivera_activize_energizing_shampoo_weak_hair_350ml-200x200.png 200w, https:\/\/paulrivera.it\/wp-content\/uploads\/2020\/06\/604781_paul_rivera_activize_energizing_shampoo_weak_hair_350ml.png 800w\" \/><\/a>\n\t<\/div>\n\t<figcaption class=\"woocom-list-content\">\n\n\t\t<div class=\"woo-buttons\"><a href=\"https:\/\/paulrivera.it\/fr\/prodotti\/soins\/activize-cheveux-fragiles\/activize-shampoing-energisant\/\" aria-describedby=\"woocommerce_loop_add_to_cart_link_describedby_10592\" data-quantity=\"1\" class=\"product_type_simple ajax_add_to_cart\" data-product_id=\"10592\" data-product_sku=\"\" aria-label=\"Read more about &ldquo;Activize - Shampoing \u00e9nergisant&rdquo;\" rel=\"nofollow\" data-success_message=\"\">Read more<\/a>\t<span id=\"woocommerce_loop_add_to_cart_link_describedby_10592\" class=\"screen-reader-text\">\n\t\t\t<\/span>\n<\/div>\n\t<\/figcaption>\n<\/figure>\n<\/article><article class=\"post post-10579 product type-product status-publish has-post-thumbnail product_cat-hydra-dream-cheveux-secs description-off last instock shipping-taxable product-type-simple\" ><figure class=\"woocom-project\">\n\t<div class=\"woo-buttons-on-img\">\n\n\t\t<a href=\"https:\/\/paulrivera.it\/fr\/prodotti\/soins\/hydra-dream-cheveux-secs\/hydra-dream-shampoing-nourrissant-2\/\" class=\"alignnone layzr-bg\"><img loading=\"lazy\" decoding=\"async\" width=\"300\" height=\"300\" src=\"data:image\/svg+xml;charset=utf-8,%3Csvg xmlns%3D&#039;http%3A%2F%2Fwww.w3.org%2F2000%2Fsvg&#039; viewBox%3D&#039;0 0 300 300&#039;%2F%3E\" class=\"attachment-woocommerce_thumbnail size-woocommerce_thumbnail owl-lazy-load preload-me\" alt=\"Hydra Dream - Shampoing Nourrissant\" data-src=\"https:\/\/paulrivera.it\/wp-content\/uploads\/2020\/02\/604484_paul_rivera_hydra_dream_nourishing_shampoo_dry_hair_350ml-300x300.png\" data-srcset=\"https:\/\/paulrivera.it\/wp-content\/uploads\/2020\/02\/604484_paul_rivera_hydra_dream_nourishing_shampoo_dry_hair_350ml-300x300.png 300w, https:\/\/paulrivera.it\/wp-content\/uploads\/2020\/02\/604484_paul_rivera_hydra_dream_nourishing_shampoo_dry_hair_350ml-200x200.png 200w, https:\/\/paulrivera.it\/wp-content\/uploads\/2020\/02\/604484_paul_rivera_hydra_dream_nourishing_shampoo_dry_hair_350ml-600x600.png 600w, https:\/\/paulrivera.it\/wp-content\/uploads\/2020\/02\/604484_paul_rivera_hydra_dream_nourishing_shampoo_dry_hair_350ml-150x150.png 150w, https:\/\/paulrivera.it\/wp-content\/uploads\/2020\/02\/604484_paul_rivera_hydra_dream_nourishing_shampoo_dry_hair_350ml-768x768.png 768w, https:\/\/paulrivera.it\/wp-content\/uploads\/2020\/02\/604484_paul_rivera_hydra_dream_nourishing_shampoo_dry_hair_350ml.png 800w\" \/><\/a>\n\t<\/div>\n\t<figcaption class=\"woocom-list-content\">\n\n\t\t<div class=\"woo-buttons\"><a href=\"https:\/\/paulrivera.it\/fr\/prodotti\/soins\/hydra-dream-cheveux-secs\/hydra-dream-shampoing-nourrissant-2\/\" aria-describedby=\"woocommerce_loop_add_to_cart_link_describedby_10579\" data-quantity=\"1\" class=\"product_type_simple ajax_add_to_cart\" data-product_id=\"10579\" data-product_sku=\"\" aria-label=\"Read more about &ldquo;Hydra Dream - Shampoing Nourrissant&rdquo;\" rel=\"nofollow\" data-success_message=\"\">Read more<\/a>\t<span id=\"woocommerce_loop_add_to_cart_link_describedby_10579\" class=\"screen-reader-text\">\n\t\t\t<\/span>\n<\/div>\n\t<\/figcaption>\n<\/figure>\n<\/article><\/div>[\/vc_column_inner][\/vc_row_inner][\/vc_column][\/vc_row]<\/p>\n<\/div>","protected":false},"excerpt":{"rendered":"<p><span style=\"font-weight: 400;\">Clean-Us est un<\/span><b> Primer Cute pr\u00e9-shampooing<\/b><span style=\"font-weight: 400;\"> qui pr\u00e9pare les cheveux aux phases de soins suivantes, \u00e0 appliquer et \u00e0 choisir en fonction des besoins sp\u00e9cifiques.<\/span><\/p>\n<p><span style=\"font-weight: 400;\">Il s&#8217;agit d&#8217;une<\/span><b> lotion \u00e0 texture fluide, caract\u00e9ris\u00e9e par sa formule nettoyante d\u00e9licate<\/b><span style=\"font-weight: 400;\"> qui, gr\u00e2ce \u00e0 l&#8217;action combin\u00e9e de l&#8217;<\/span><b>Huile Essentielle de Thym<\/b><span style=\"font-weight: 400;\"> et de<\/span><b> l&#8217;Extrait de Saule Bio<\/b><span style=\"font-weight: 400;\">, favorise l&#8217;\u00e9limination de toutes les impuret\u00e9s, tout en hydratant la peau en profondeur.\u00a0<\/span><\/p>\n<p><span style=\"font-weight: 400;\">Son application facilite le nettoyage au shampooing et renforce l&#8217;efficacit\u00e9 de nos soins : Depurize, Activize, Hydra Dream, Loud Volume, True Color, Twister Curl, Absolut Sleek et My Promise.<\/span><\/p>\n<p><span style=\"font-weight: 400;\">\u00a0<\/span><\/p>\n<p><span style=\"font-weight: 400;\">150 ml<\/span><\/p>\n<p>&nbsp;<\/p>\n[maxbutton id=\"5\"]\n","protected":false},"featured_media":10203,"template":"","meta":[],"product_brand":[],"product_cat":[1313,1314,1315,1316,1317,1318,1321,1324],"product_tag":[],"class_list":{"0":"post-10576","1":"product","2":"type-product","3":"status-publish","4":"has-post-thumbnail","6":"product_cat-absolute-sleek-cheveux-crepus","7":"product_cat-activize-cheveux-fragiles","8":"product_cat-depurize-cuir-chevelu-gras","9":"product_cat-hydra-dream-cheveux-secs","10":"product_cat-loud-volume-cheveux-fins","11":"product_cat-my-promise-soin-restructurant-intensif","12":"product_cat-true-color-cheveux-colores","13":"product_cat-twister-curl-cheveux-boucles","14":"description-off","16":"first","17":"instock","18":"shipping-taxable","19":"product-type-simple"},"yoast_head":"<!-- This site is optimized with the Yoast SEO plugin v27.2 - https:\/\/yoast.com\/product\/yoast-seo-wordpress\/ -->\n<title>Clean Us - Primer Cute<\/title>\n<meta name=\"description\" content=\"Clean-Us est un Primer Cute pr\u00e9-shampooing qui pr\u00e9pare les cheveux aux phases de soins suivantes, \u00e0 appliquer et \u00e0 choisir en fonction des besoins sp\u00e9cifiques.\" \/>\n<meta name=\"robots\" content=\"index, follow, max-snippet:-1, max-image-preview:large, max-video-preview:-1\" \/>\n<link rel=\"canonical\" href=\"https:\/\/paulrivera.it\/fr\/prodotti\/soins\/absolute-sleek-cheveux-crepus\/clean-us-primer-cute\/\" \/>\n<meta property=\"og:locale\" content=\"fr_FR\" \/>\n<meta property=\"og:type\" content=\"article\" \/>\n<meta property=\"og:title\" content=\"Clean Us - Primer Cute\" \/>\n<meta property=\"og:description\" content=\"Clean-Us est un Primer Cute pr\u00e9-shampooing qui pr\u00e9pare les cheveux aux phases de soins suivantes, \u00e0 appliquer et \u00e0 choisir en fonction des besoins sp\u00e9cifiques.\" \/>\n<meta property=\"og:url\" content=\"https:\/\/paulrivera.it\/fr\/prodotti\/soins\/absolute-sleek-cheveux-crepus\/clean-us-primer-cute\/\" \/>\n<meta property=\"og:site_name\" content=\"Paul Rivera\" \/>\n<meta property=\"article:modified_time\" content=\"2024-05-13T12:15:15+00:00\" \/>\n<meta property=\"og:image\" content=\"https:\/\/paulrivera.it\/wp-content\/uploads\/2023\/04\/605023_paul_rivera_clean_us_150ml.png\" \/>\n\t<meta property=\"og:image:width\" content=\"800\" \/>\n\t<meta property=\"og:image:height\" content=\"800\" \/>\n\t<meta property=\"og:image:type\" content=\"image\/png\" \/>\n<meta name=\"twitter:card\" content=\"summary_large_image\" \/>\n<meta name=\"twitter:label1\" content=\"Est. reading time\" \/>\n\t<meta name=\"twitter:data1\" content=\"4 minutes\" \/>\n<script type=\"application\/ld+json\" class=\"yoast-schema-graph\">{\"@context\":\"https:\/\/schema.org\",\"@graph\":[{\"@type\":\"WebPage\",\"@id\":\"https:\/\/paulrivera.it\/fr\/prodotti\/soins\/absolute-sleek-cheveux-crepus\/clean-us-primer-cute\/\",\"url\":\"https:\/\/paulrivera.it\/fr\/prodotti\/soins\/absolute-sleek-cheveux-crepus\/clean-us-primer-cute\/\",\"name\":\"Clean Us - Primer Cute\",\"isPartOf\":{\"@id\":\"https:\/\/paulrivera.it\/fr\/#website\"},\"primaryImageOfPage\":{\"@id\":\"https:\/\/paulrivera.it\/fr\/prodotti\/soins\/absolute-sleek-cheveux-crepus\/clean-us-primer-cute\/#primaryimage\"},\"image\":{\"@id\":\"https:\/\/paulrivera.it\/fr\/prodotti\/soins\/absolute-sleek-cheveux-crepus\/clean-us-primer-cute\/#primaryimage\"},\"thumbnailUrl\":\"https:\/\/paulrivera.it\/wp-content\/uploads\/2023\/04\/605023_paul_rivera_clean_us_150ml.png\",\"datePublished\":\"2023-04-14T07:10:01+00:00\",\"dateModified\":\"2024-05-13T12:15:15+00:00\",\"description\":\"Clean-Us est un Primer Cute pr\u00e9-shampooing qui pr\u00e9pare les cheveux aux phases de soins suivantes, \u00e0 appliquer et \u00e0 choisir en fonction des besoins sp\u00e9cifiques.\",\"breadcrumb\":{\"@id\":\"https:\/\/paulrivera.it\/fr\/prodotti\/soins\/absolute-sleek-cheveux-crepus\/clean-us-primer-cute\/#breadcrumb\"},\"inLanguage\":\"fr-FR\",\"potentialAction\":[{\"@type\":\"ReadAction\",\"target\":[\"https:\/\/paulrivera.it\/fr\/prodotti\/soins\/absolute-sleek-cheveux-crepus\/clean-us-primer-cute\/\"]}]},{\"@type\":\"ImageObject\",\"inLanguage\":\"fr-FR\",\"@id\":\"https:\/\/paulrivera.it\/fr\/prodotti\/soins\/absolute-sleek-cheveux-crepus\/clean-us-primer-cute\/#primaryimage\",\"url\":\"https:\/\/paulrivera.it\/wp-content\/uploads\/2023\/04\/605023_paul_rivera_clean_us_150ml.png\",\"contentUrl\":\"https:\/\/paulrivera.it\/wp-content\/uploads\/2023\/04\/605023_paul_rivera_clean_us_150ml.png\",\"width\":800,\"height\":800},{\"@type\":\"BreadcrumbList\",\"@id\":\"https:\/\/paulrivera.it\/fr\/prodotti\/soins\/absolute-sleek-cheveux-crepus\/clean-us-primer-cute\/#breadcrumb\",\"itemListElement\":[{\"@type\":\"ListItem\",\"position\":1,\"name\":\"Home\",\"item\":\"https:\/\/paulrivera.it\/fr\/\"},{\"@type\":\"ListItem\",\"position\":2,\"name\":\"Pagina shop\",\"item\":\"https:\/\/paulrivera.it\/prodotti\/\"},{\"@type\":\"ListItem\",\"position\":3,\"name\":\"Clean Us &#8211; Primer Cute\"}]},{\"@type\":\"WebSite\",\"@id\":\"https:\/\/paulrivera.it\/fr\/#website\",\"url\":\"https:\/\/paulrivera.it\/fr\/\",\"name\":\"Paul Rivera\",\"description\":\"Hair Beauty Celebration\",\"publisher\":{\"@id\":\"https:\/\/paulrivera.it\/fr\/#organization\"},\"potentialAction\":[{\"@type\":\"SearchAction\",\"target\":{\"@type\":\"EntryPoint\",\"urlTemplate\":\"https:\/\/paulrivera.it\/fr\/?s={search_term_string}\"},\"query-input\":{\"@type\":\"PropertyValueSpecification\",\"valueRequired\":true,\"valueName\":\"search_term_string\"}}],\"inLanguage\":\"fr-FR\"},{\"@type\":\"Organization\",\"@id\":\"https:\/\/paulrivera.it\/fr\/#organization\",\"name\":\"Paul Rivera\",\"url\":\"https:\/\/paulrivera.it\/fr\/\",\"logo\":{\"@type\":\"ImageObject\",\"inLanguage\":\"fr-FR\",\"@id\":\"https:\/\/paulrivera.it\/fr\/#\/schema\/logo\/image\/\",\"url\":\"https:\/\/paulrivera.it\/wp-content\/uploads\/2020\/02\/paul_rivera_logo_header_x2.png\",\"contentUrl\":\"https:\/\/paulrivera.it\/wp-content\/uploads\/2020\/02\/paul_rivera_logo_header_x2.png\",\"width\":470,\"height\":60,\"caption\":\"Paul Rivera\"},\"image\":{\"@id\":\"https:\/\/paulrivera.it\/fr\/#\/schema\/logo\/image\/\"}}]}<\/script>\n<!-- \/ Yoast SEO plugin. -->","yoast_head_json":{"title":"Clean Us - Primer Cute","description":"Clean-Us est un Primer Cute pr\u00e9-shampooing qui pr\u00e9pare les cheveux aux phases de soins suivantes, \u00e0 appliquer et \u00e0 choisir en fonction des besoins sp\u00e9cifiques.","robots":{"index":"index","follow":"follow","max-snippet":"max-snippet:-1","max-image-preview":"max-image-preview:large","max-video-preview":"max-video-preview:-1"},"canonical":"https:\/\/paulrivera.it\/fr\/prodotti\/soins\/absolute-sleek-cheveux-crepus\/clean-us-primer-cute\/","og_locale":"fr_FR","og_type":"article","og_title":"Clean Us - Primer Cute","og_description":"Clean-Us est un Primer Cute pr\u00e9-shampooing qui pr\u00e9pare les cheveux aux phases de soins suivantes, \u00e0 appliquer et \u00e0 choisir en fonction des besoins sp\u00e9cifiques.","og_url":"https:\/\/paulrivera.it\/fr\/prodotti\/soins\/absolute-sleek-cheveux-crepus\/clean-us-primer-cute\/","og_site_name":"Paul Rivera","article_modified_time":"2024-05-13T12:15:15+00:00","og_image":[{"width":800,"height":800,"url":"https:\/\/paulrivera.it\/wp-content\/uploads\/2023\/04\/605023_paul_rivera_clean_us_150ml.png","type":"image\/png"}],"twitter_card":"summary_large_image","twitter_misc":{"Est. reading time":"4 minutes"},"schema":{"@context":"https:\/\/schema.org","@graph":[{"@type":"WebPage","@id":"https:\/\/paulrivera.it\/fr\/prodotti\/soins\/absolute-sleek-cheveux-crepus\/clean-us-primer-cute\/","url":"https:\/\/paulrivera.it\/fr\/prodotti\/soins\/absolute-sleek-cheveux-crepus\/clean-us-primer-cute\/","name":"Clean Us - Primer Cute","isPartOf":{"@id":"https:\/\/paulrivera.it\/fr\/#website"},"primaryImageOfPage":{"@id":"https:\/\/paulrivera.it\/fr\/prodotti\/soins\/absolute-sleek-cheveux-crepus\/clean-us-primer-cute\/#primaryimage"},"image":{"@id":"https:\/\/paulrivera.it\/fr\/prodotti\/soins\/absolute-sleek-cheveux-crepus\/clean-us-primer-cute\/#primaryimage"},"thumbnailUrl":"https:\/\/paulrivera.it\/wp-content\/uploads\/2023\/04\/605023_paul_rivera_clean_us_150ml.png","datePublished":"2023-04-14T07:10:01+00:00","dateModified":"2024-05-13T12:15:15+00:00","description":"Clean-Us est un Primer Cute pr\u00e9-shampooing qui pr\u00e9pare les cheveux aux phases de soins suivantes, \u00e0 appliquer et \u00e0 choisir en fonction des besoins sp\u00e9cifiques.","breadcrumb":{"@id":"https:\/\/paulrivera.it\/fr\/prodotti\/soins\/absolute-sleek-cheveux-crepus\/clean-us-primer-cute\/#breadcrumb"},"inLanguage":"fr-FR","potentialAction":[{"@type":"ReadAction","target":["https:\/\/paulrivera.it\/fr\/prodotti\/soins\/absolute-sleek-cheveux-crepus\/clean-us-primer-cute\/"]}]},{"@type":"ImageObject","inLanguage":"fr-FR","@id":"https:\/\/paulrivera.it\/fr\/prodotti\/soins\/absolute-sleek-cheveux-crepus\/clean-us-primer-cute\/#primaryimage","url":"https:\/\/paulrivera.it\/wp-content\/uploads\/2023\/04\/605023_paul_rivera_clean_us_150ml.png","contentUrl":"https:\/\/paulrivera.it\/wp-content\/uploads\/2023\/04\/605023_paul_rivera_clean_us_150ml.png","width":800,"height":800},{"@type":"BreadcrumbList","@id":"https:\/\/paulrivera.it\/fr\/prodotti\/soins\/absolute-sleek-cheveux-crepus\/clean-us-primer-cute\/#breadcrumb","itemListElement":[{"@type":"ListItem","position":1,"name":"Home","item":"https:\/\/paulrivera.it\/fr\/"},{"@type":"ListItem","position":2,"name":"Pagina shop","item":"https:\/\/paulrivera.it\/prodotti\/"},{"@type":"ListItem","position":3,"name":"Clean Us &#8211; Primer Cute"}]},{"@type":"WebSite","@id":"https:\/\/paulrivera.it\/fr\/#website","url":"https:\/\/paulrivera.it\/fr\/","name":"Paul Rivera","description":"Hair Beauty Celebration","publisher":{"@id":"https:\/\/paulrivera.it\/fr\/#organization"},"potentialAction":[{"@type":"SearchAction","target":{"@type":"EntryPoint","urlTemplate":"https:\/\/paulrivera.it\/fr\/?s={search_term_string}"},"query-input":{"@type":"PropertyValueSpecification","valueRequired":true,"valueName":"search_term_string"}}],"inLanguage":"fr-FR"},{"@type":"Organization","@id":"https:\/\/paulrivera.it\/fr\/#organization","name":"Paul Rivera","url":"https:\/\/paulrivera.it\/fr\/","logo":{"@type":"ImageObject","inLanguage":"fr-FR","@id":"https:\/\/paulrivera.it\/fr\/#\/schema\/logo\/image\/","url":"https:\/\/paulrivera.it\/wp-content\/uploads\/2020\/02\/paul_rivera_logo_header_x2.png","contentUrl":"https:\/\/paulrivera.it\/wp-content\/uploads\/2020\/02\/paul_rivera_logo_header_x2.png","width":470,"height":60,"caption":"Paul Rivera"},"image":{"@id":"https:\/\/paulrivera.it\/fr\/#\/schema\/logo\/image\/"}}]}},"_links":{"self":[{"href":"https:\/\/paulrivera.it\/fr\/wp-json\/wp\/v2\/product\/10576","targetHints":{"allow":["GET"]}}],"collection":[{"href":"https:\/\/paulrivera.it\/fr\/wp-json\/wp\/v2\/product"}],"about":[{"href":"https:\/\/paulrivera.it\/fr\/wp-json\/wp\/v2\/types\/product"}],"wp:featuredmedia":[{"embeddable":true,"href":"https:\/\/paulrivera.it\/fr\/wp-json\/wp\/v2\/media\/10203"}],"wp:attachment":[{"href":"https:\/\/paulrivera.it\/fr\/wp-json\/wp\/v2\/media?parent=10576"}],"wp:term":[{"taxonomy":"product_brand","embeddable":true,"href":"https:\/\/paulrivera.it\/fr\/wp-json\/wp\/v2\/product_brand?post=10576"},{"taxonomy":"product_cat","embeddable":true,"href":"https:\/\/paulrivera.it\/fr\/wp-json\/wp\/v2\/product_cat?post=10576"},{"taxonomy":"product_tag","embeddable":true,"href":"https:\/\/paulrivera.it\/fr\/wp-json\/wp\/v2\/product_tag?post=10576"}],"curies":[{"name":"wp","href":"https:\/\/api.w.org\/{rel}","templated":true}]}}