{"id":10581,"date":"2020-02-18T09:33:59","date_gmt":"2020-02-18T08:33:59","guid":{"rendered":"https:\/\/paulrivera.it\/product\/hydra-dream-masque-nourrissant\/"},"modified":"2024-05-13T14:54:39","modified_gmt":"2024-05-13T12:54:39","slug":"hydra-dream-masque-nourrissant","status":"publish","type":"product","link":"https:\/\/paulrivera.it\/fr\/prodotti\/soins\/hydra-dream-cheveux-secs\/hydra-dream-masque-nourrissant\/","title":{"rendered":"Hydra Dream &#8211; Masque nourrissant"},"content":{"rendered":"<div class=\"wpb-content-wrapper\"><p>[vc_row full_width=&#8221;stretch_row&#8221;][vc_column][vc_row_inner el_id=&#8221;desktop&#8221;][vc_column_inner width=&#8221;1\/2&#8243; css=&#8221;.vc_custom_1582194227194{padding-top: 10% !important;padding-right: 10% !important;padding-bottom: 10% !important;padding-left: 30% !important;}&#8221; offset=&#8221;vc_hidden-md vc_hidden-sm vc_hidden-xs&#8221;][vc_column_text]<br \/>\n<span style=\"font-size: 27px;\"><b>Les bonnes raisons de l&#8217;aimer<\/b><\/span><\/p>\n<ul>\n<li style=\"font-weight: 400;\" aria-level=\"1\"><span style=\"font-weight: 400;\">Hydrate et nourrit en profondeur les cheveux secs<\/span><\/li>\n<li style=\"font-weight: 400;\" aria-level=\"1\"><span style=\"font-weight: 400;\">Formule hautement \u00e9molliente<\/span><\/li>\n<li style=\"font-weight: 400;\" aria-level=\"1\"><span style=\"font-weight: 400;\">Pr\u00e9vient la formation de n\u0153uds et d\u00e9m\u00eale<\/span><\/li>\n<\/ul>\n<p>[\/vc_column_text][vc_column_text]<br \/>\n<span style=\"font-size: 28px;\"><b>Les principes actifs de la formule<\/b><\/span><\/p>\n<ul>\n<li style=\"font-weight: 400;\" aria-level=\"1\"><span style=\"font-weight: 400;\">Beurre de Karit\u00e9 : riche en vitamine A et E, il r\u00e9g\u00e9n\u00e8re les cheveux, hydrate et \u00e9lastifie la fibre capillaire. C&#8217;est un aliment super nourrissant pour les cheveux cassants.<\/span><\/li>\n<li style=\"font-weight: 400;\" aria-level=\"1\"><span style=\"font-weight: 400;\">Huile d&#8217;Argan : les exceptionnelles propri\u00e9t\u00e9s \u00e9mollientes et hydratantes de l&#8217;huile d&#8217;Argan r\u00e9sultent de sa composition. Riche en acides gras et en vitamine E, elle nourrit les cheveux cassants et secs et combat la formation de pointes fourchues.<\/span><\/li>\n<\/ul>\n<p>[\/vc_column_text][vc_column_text]<br \/>\n<span style=\"font-size: 28px;\"><b>Mode d&#8217;emploi<\/b><\/span><\/p>\n<p><span style=\"font-weight: 400;\">Apr\u00e8s avoir nettoy\u00e9 avec le shampooing nourrissant Hydra Dream, appliquer le masque sur cheveux essor\u00e9s et laisser agir 5 \u00e0 10 minutes. Rincer abondamment.<\/span>[\/vc_column_text][\/vc_column_inner][vc_column_inner width=&#8221;1\/2&#8243; css=&#8221;.vc_custom_1582803125280{background-image: url(https:\/\/paulrivera.it\/wp-content\/uploads\/2020\/02\/background_adv_product_hydra_dream.png?id=856) !important;background-position: center !important;background-repeat: no-repeat !important;background-size: cover !important;}&#8221; offset=&#8221;vc_hidden-md vc_hidden-sm vc_hidden-xs&#8221;][vc_single_image image=&#8221;9751&#8243; img_size=&#8221;large&#8221; alignment=&#8221;center&#8221;][\/vc_column_inner][\/vc_row_inner][vc_row_inner el_id=&#8221;tablet&#8221;][vc_column_inner offset=&#8221;vc_hidden-lg vc_hidden-xs&#8221;][vc_column_text]<br \/>\n<span style=\"font-size: 27px;\"><b>Les bonnes raisons de l&#8217;aimer<\/b><\/span><\/p>\n<ul>\n<li style=\"font-weight: 400;\" aria-level=\"1\"><span style=\"font-weight: 400;\">Hydrate et nourrit en profondeur les cheveux secs<\/span><\/li>\n<li style=\"font-weight: 400;\" aria-level=\"1\"><span style=\"font-weight: 400;\">Formule hautement \u00e9molliente<\/span><\/li>\n<li style=\"font-weight: 400;\" aria-level=\"1\"><span style=\"font-weight: 400;\">Pr\u00e9vient la formation de n\u0153uds et d\u00e9m\u00eale<\/span><\/li>\n<\/ul>\n<p>[\/vc_column_text][vc_column_text]<br \/>\n<span style=\"font-size: 28px;\"><b>Les principes actifs de la formule<\/b><\/span><\/p>\n<ul>\n<li style=\"font-weight: 400;\" aria-level=\"1\"><span style=\"font-weight: 400;\">Beurre de Karit\u00e9 : riche en vitamine A et E, il r\u00e9g\u00e9n\u00e8re les cheveux, hydrate et \u00e9lastifie la fibre capillaire. C&#8217;est un aliment super nourrissant pour les cheveux cassants.<\/span><\/li>\n<li style=\"font-weight: 400;\" aria-level=\"1\"><span style=\"font-weight: 400;\">Huile d&#8217;Argan : les exceptionnelles propri\u00e9t\u00e9s \u00e9mollientes et hydratantes de l&#8217;huile d&#8217;Argan r\u00e9sultent de sa composition. Riche en acides gras et en vitamine E, elle nourrit les cheveux cassants et secs et combat la formation de pointes fourchues.<\/span><\/li>\n<\/ul>\n<p>[\/vc_column_text][vc_column_text]<br \/>\n<span style=\"font-size: 28px;\"><b>Mode d&#8217;emploi<\/b><\/span><\/p>\n<p><span style=\"font-weight: 400;\">Apr\u00e8s avoir nettoy\u00e9 avec le shampooing nourrissant Hydra Dream, appliquer le masque sur cheveux essor\u00e9s et laisser agir 5 \u00e0 10 minutes. Rincer abondamment.<\/span>[\/vc_column_text][\/vc_column_inner][\/vc_row_inner][vc_row_inner el_id=&#8221;mobile&#8221;][vc_column_inner width=&#8221;1\/2&#8243; offset=&#8221;vc_hidden-lg vc_hidden-md vc_hidden-sm&#8221;][vc_column_text]<br \/>\n<span style=\"font-size: 27px;\"><b>Les bonnes raisons de l&#8217;aimer<\/b><\/span><\/p>\n<ul>\n<li style=\"font-weight: 400;\" aria-level=\"1\"><span style=\"font-weight: 400;\">Hydrate et nourrit en profondeur les cheveux secs<\/span><\/li>\n<li style=\"font-weight: 400;\" aria-level=\"1\"><span style=\"font-weight: 400;\">Formule hautement \u00e9molliente<\/span><\/li>\n<li style=\"font-weight: 400;\" aria-level=\"1\"><span style=\"font-weight: 400;\">Pr\u00e9vient la formation de n\u0153uds et d\u00e9m\u00eale<\/span><\/li>\n<\/ul>\n<p>[\/vc_column_text][vc_column_text]<br \/>\n<span style=\"font-size: 28px;\"><b>Les principes actifs de la formule<\/b><\/span><\/p>\n<ul>\n<li style=\"font-weight: 400;\" aria-level=\"1\"><span style=\"font-weight: 400;\">Beurre de Karit\u00e9 : riche en vitamine A et E, il r\u00e9g\u00e9n\u00e8re les cheveux, hydrate et \u00e9lastifie la fibre capillaire. C&#8217;est un aliment super nourrissant pour les cheveux cassants.<\/span><\/li>\n<li style=\"font-weight: 400;\" aria-level=\"1\"><span style=\"font-weight: 400;\">Huile d&#8217;Argan : les exceptionnelles propri\u00e9t\u00e9s \u00e9mollientes et hydratantes de l&#8217;huile d&#8217;Argan r\u00e9sultent de sa composition. Riche en acides gras et en vitamine E, elle nourrit les cheveux cassants et secs et combat la formation de pointes fourchues.<\/span><\/li>\n<\/ul>\n<p>[\/vc_column_text][vc_column_text]<br \/>\n<span style=\"font-size: 28px;\"><b>Mode d&#8217;emploi<\/b><\/span><\/p>\n<p><span style=\"font-weight: 400;\">Apr\u00e8s avoir nettoy\u00e9 avec le shampooing nourrissant Hydra Dream, appliquer le masque sur cheveux essor\u00e9s et laisser agir 5 \u00e0 10 minutes. Rincer abondamment.<\/span>[\/vc_column_text][\/vc_column_inner][vc_column_inner width=&#8221;1\/2&#8243; css=&#8221;.vc_custom_1582803160048{background-image: url(https:\/\/paulrivera.it\/wp-content\/uploads\/2020\/02\/background_adv_product_hydra_dream.png?id=856) !important;background-position: center !important;background-repeat: no-repeat !important;background-size: cover !important;}&#8221; offset=&#8221;vc_hidden-lg vc_hidden-md vc_hidden-sm&#8221;][vc_single_image image=&#8221;9751&#8243; img_size=&#8221;large&#8221; alignment=&#8221;center&#8221;][\/vc_column_inner][\/vc_row_inner][\/vc_column][\/vc_row][vc_row css=&#8221;.vc_custom_1582192829011{padding-top: 50px !important;}&#8221;][vc_column][vc_row_inner][vc_column_inner][vc_column_text]<\/p>\n<h1 style=\"text-align: center;\">Vous aimerez aussi<\/h1>\n<p>[\/vc_column_text][\/vc_column_inner][\/vc_row_inner][vc_raw_html]W3dwYi1wcm9kdWN0LXNsaWRlci1zaG9ydGNvZGUgaWQ9IjI0NyJd[\/vc_raw_html][\/vc_column][\/vc_row]<\/p>\n<\/div>","protected":false},"excerpt":{"rendered":"<p><span style=\"font-weight: 400;\">Une combinaison luxueuse qui<\/span><b> transforme les cheveux secs<\/b><span style=\"font-weight: 400;\"> : riche en<\/span><b> Beurre de karit\u00e9<\/b><span style=\"font-weight: 400;\"> et<\/span><b> en huile d&#8217;argan<\/b><span style=\"font-weight: 400;\">, le<\/span><b> Masque Hydra Dream<\/b><span style=\"font-weight: 400;\"> compl\u00e8te le soin capillaire nourrissant et r\u00e9g\u00e9n\u00e9rant. Sa formule hautement<\/span><b> \u00e9molliente et d\u00e9m\u00ealante<\/b><span style=\"font-weight: 400;\"> combat les frisottis et aide les cheveux \u00e0 retrouver corps et brillance.<\/span><\/p>\n<p><span style=\"font-weight: 400;\">Les r\u00e9sultats sont visibles. L&#8217;utilisation constante du masque cheveux secs permet d&#8217;am\u00e9liorer la texture : plus<\/span><b> doux au toucher<\/b><span style=\"font-weight: 400;\"> et naturellement soyeux, les cheveux sont fluides et souples.<\/span><\/p>\n<p>500 ml<\/p>\n<p>&nbsp;<\/p>\n[maxbutton id=\"5\"]\n","protected":false},"featured_media":9528,"template":"","meta":[],"product_brand":[],"product_cat":[1316],"product_tag":[],"class_list":{"0":"post-10581","1":"product","2":"type-product","3":"status-publish","4":"has-post-thumbnail","6":"product_cat-hydra-dream-cheveux-secs","7":"description-off","9":"first","10":"instock","11":"shipping-taxable","12":"product-type-simple"},"yoast_head":"<!-- This site is optimized with the Yoast SEO plugin v27.2 - https:\/\/yoast.com\/product\/yoast-seo-wordpress\/ -->\n<title>Hydra Dream - Masque nourrissant<\/title>\n<meta name=\"description\" content=\"le Masque Hydra Dream compl\u00e8te le soin capillaire nourrissant et r\u00e9g\u00e9n\u00e9rant.\" \/>\n<meta name=\"robots\" content=\"index, follow, max-snippet:-1, max-image-preview:large, max-video-preview:-1\" \/>\n<link rel=\"canonical\" href=\"https:\/\/paulrivera.it\/fr\/prodotti\/soins\/hydra-dream-cheveux-secs\/hydra-dream-masque-nourrissant\/\" \/>\n<meta property=\"og:locale\" content=\"fr_FR\" \/>\n<meta property=\"og:type\" content=\"article\" \/>\n<meta property=\"og:title\" content=\"Hydra Dream - Masque nourrissant\" \/>\n<meta property=\"og:description\" content=\"le Masque Hydra Dream compl\u00e8te le soin capillaire nourrissant et r\u00e9g\u00e9n\u00e9rant.\" \/>\n<meta property=\"og:url\" content=\"https:\/\/paulrivera.it\/fr\/prodotti\/soins\/hydra-dream-cheveux-secs\/hydra-dream-masque-nourrissant\/\" \/>\n<meta property=\"og:site_name\" content=\"Paul Rivera\" \/>\n<meta property=\"article:modified_time\" content=\"2024-05-13T12:54:39+00:00\" \/>\n<meta property=\"og:image\" content=\"https:\/\/paulrivera.it\/wp-content\/uploads\/2020\/02\/604491_paul_rivera_hydra_dream_nourishing_mask_dry_hair_500ml.png\" \/>\n\t<meta property=\"og:image:width\" content=\"800\" \/>\n\t<meta property=\"og:image:height\" content=\"800\" \/>\n\t<meta property=\"og:image:type\" content=\"image\/png\" \/>\n<meta name=\"twitter:card\" content=\"summary_large_image\" \/>\n<meta name=\"twitter:label1\" content=\"Est. reading time\" \/>\n\t<meta name=\"twitter:data1\" content=\"3 minutes\" \/>\n<script type=\"application\/ld+json\" class=\"yoast-schema-graph\">{\"@context\":\"https:\/\/schema.org\",\"@graph\":[{\"@type\":\"WebPage\",\"@id\":\"https:\/\/paulrivera.it\/fr\/prodotti\/soins\/hydra-dream-cheveux-secs\/hydra-dream-masque-nourrissant\/\",\"url\":\"https:\/\/paulrivera.it\/fr\/prodotti\/soins\/hydra-dream-cheveux-secs\/hydra-dream-masque-nourrissant\/\",\"name\":\"Hydra Dream - Masque nourrissant\",\"isPartOf\":{\"@id\":\"https:\/\/paulrivera.it\/fr\/#website\"},\"primaryImageOfPage\":{\"@id\":\"https:\/\/paulrivera.it\/fr\/prodotti\/soins\/hydra-dream-cheveux-secs\/hydra-dream-masque-nourrissant\/#primaryimage\"},\"image\":{\"@id\":\"https:\/\/paulrivera.it\/fr\/prodotti\/soins\/hydra-dream-cheveux-secs\/hydra-dream-masque-nourrissant\/#primaryimage\"},\"thumbnailUrl\":\"https:\/\/paulrivera.it\/wp-content\/uploads\/2020\/02\/604491_paul_rivera_hydra_dream_nourishing_mask_dry_hair_500ml.png\",\"datePublished\":\"2020-02-18T08:33:59+00:00\",\"dateModified\":\"2024-05-13T12:54:39+00:00\",\"description\":\"le Masque Hydra Dream compl\u00e8te le soin capillaire nourrissant et r\u00e9g\u00e9n\u00e9rant.\",\"breadcrumb\":{\"@id\":\"https:\/\/paulrivera.it\/fr\/prodotti\/soins\/hydra-dream-cheveux-secs\/hydra-dream-masque-nourrissant\/#breadcrumb\"},\"inLanguage\":\"fr-FR\",\"potentialAction\":[{\"@type\":\"ReadAction\",\"target\":[\"https:\/\/paulrivera.it\/fr\/prodotti\/soins\/hydra-dream-cheveux-secs\/hydra-dream-masque-nourrissant\/\"]}]},{\"@type\":\"ImageObject\",\"inLanguage\":\"fr-FR\",\"@id\":\"https:\/\/paulrivera.it\/fr\/prodotti\/soins\/hydra-dream-cheveux-secs\/hydra-dream-masque-nourrissant\/#primaryimage\",\"url\":\"https:\/\/paulrivera.it\/wp-content\/uploads\/2020\/02\/604491_paul_rivera_hydra_dream_nourishing_mask_dry_hair_500ml.png\",\"contentUrl\":\"https:\/\/paulrivera.it\/wp-content\/uploads\/2020\/02\/604491_paul_rivera_hydra_dream_nourishing_mask_dry_hair_500ml.png\",\"width\":800,\"height\":800},{\"@type\":\"BreadcrumbList\",\"@id\":\"https:\/\/paulrivera.it\/fr\/prodotti\/soins\/hydra-dream-cheveux-secs\/hydra-dream-masque-nourrissant\/#breadcrumb\",\"itemListElement\":[{\"@type\":\"ListItem\",\"position\":1,\"name\":\"Home\",\"item\":\"https:\/\/paulrivera.it\/fr\/\"},{\"@type\":\"ListItem\",\"position\":2,\"name\":\"Pagina shop\",\"item\":\"https:\/\/paulrivera.it\/prodotti\/\"},{\"@type\":\"ListItem\",\"position\":3,\"name\":\"Hydra Dream &#8211; Masque nourrissant\"}]},{\"@type\":\"WebSite\",\"@id\":\"https:\/\/paulrivera.it\/fr\/#website\",\"url\":\"https:\/\/paulrivera.it\/fr\/\",\"name\":\"Paul Rivera\",\"description\":\"Hair Beauty Celebration\",\"publisher\":{\"@id\":\"https:\/\/paulrivera.it\/fr\/#organization\"},\"potentialAction\":[{\"@type\":\"SearchAction\",\"target\":{\"@type\":\"EntryPoint\",\"urlTemplate\":\"https:\/\/paulrivera.it\/fr\/?s={search_term_string}\"},\"query-input\":{\"@type\":\"PropertyValueSpecification\",\"valueRequired\":true,\"valueName\":\"search_term_string\"}}],\"inLanguage\":\"fr-FR\"},{\"@type\":\"Organization\",\"@id\":\"https:\/\/paulrivera.it\/fr\/#organization\",\"name\":\"Paul Rivera\",\"url\":\"https:\/\/paulrivera.it\/fr\/\",\"logo\":{\"@type\":\"ImageObject\",\"inLanguage\":\"fr-FR\",\"@id\":\"https:\/\/paulrivera.it\/fr\/#\/schema\/logo\/image\/\",\"url\":\"https:\/\/paulrivera.it\/wp-content\/uploads\/2020\/02\/paul_rivera_logo_header_x2.png\",\"contentUrl\":\"https:\/\/paulrivera.it\/wp-content\/uploads\/2020\/02\/paul_rivera_logo_header_x2.png\",\"width\":470,\"height\":60,\"caption\":\"Paul Rivera\"},\"image\":{\"@id\":\"https:\/\/paulrivera.it\/fr\/#\/schema\/logo\/image\/\"}}]}<\/script>\n<!-- \/ Yoast SEO plugin. -->","yoast_head_json":{"title":"Hydra Dream - Masque nourrissant","description":"le Masque Hydra Dream compl\u00e8te le soin capillaire nourrissant et r\u00e9g\u00e9n\u00e9rant.","robots":{"index":"index","follow":"follow","max-snippet":"max-snippet:-1","max-image-preview":"max-image-preview:large","max-video-preview":"max-video-preview:-1"},"canonical":"https:\/\/paulrivera.it\/fr\/prodotti\/soins\/hydra-dream-cheveux-secs\/hydra-dream-masque-nourrissant\/","og_locale":"fr_FR","og_type":"article","og_title":"Hydra Dream - Masque nourrissant","og_description":"le Masque Hydra Dream compl\u00e8te le soin capillaire nourrissant et r\u00e9g\u00e9n\u00e9rant.","og_url":"https:\/\/paulrivera.it\/fr\/prodotti\/soins\/hydra-dream-cheveux-secs\/hydra-dream-masque-nourrissant\/","og_site_name":"Paul Rivera","article_modified_time":"2024-05-13T12:54:39+00:00","og_image":[{"width":800,"height":800,"url":"https:\/\/paulrivera.it\/wp-content\/uploads\/2020\/02\/604491_paul_rivera_hydra_dream_nourishing_mask_dry_hair_500ml.png","type":"image\/png"}],"twitter_card":"summary_large_image","twitter_misc":{"Est. reading time":"3 minutes"},"schema":{"@context":"https:\/\/schema.org","@graph":[{"@type":"WebPage","@id":"https:\/\/paulrivera.it\/fr\/prodotti\/soins\/hydra-dream-cheveux-secs\/hydra-dream-masque-nourrissant\/","url":"https:\/\/paulrivera.it\/fr\/prodotti\/soins\/hydra-dream-cheveux-secs\/hydra-dream-masque-nourrissant\/","name":"Hydra Dream - Masque nourrissant","isPartOf":{"@id":"https:\/\/paulrivera.it\/fr\/#website"},"primaryImageOfPage":{"@id":"https:\/\/paulrivera.it\/fr\/prodotti\/soins\/hydra-dream-cheveux-secs\/hydra-dream-masque-nourrissant\/#primaryimage"},"image":{"@id":"https:\/\/paulrivera.it\/fr\/prodotti\/soins\/hydra-dream-cheveux-secs\/hydra-dream-masque-nourrissant\/#primaryimage"},"thumbnailUrl":"https:\/\/paulrivera.it\/wp-content\/uploads\/2020\/02\/604491_paul_rivera_hydra_dream_nourishing_mask_dry_hair_500ml.png","datePublished":"2020-02-18T08:33:59+00:00","dateModified":"2024-05-13T12:54:39+00:00","description":"le Masque Hydra Dream compl\u00e8te le soin capillaire nourrissant et r\u00e9g\u00e9n\u00e9rant.","breadcrumb":{"@id":"https:\/\/paulrivera.it\/fr\/prodotti\/soins\/hydra-dream-cheveux-secs\/hydra-dream-masque-nourrissant\/#breadcrumb"},"inLanguage":"fr-FR","potentialAction":[{"@type":"ReadAction","target":["https:\/\/paulrivera.it\/fr\/prodotti\/soins\/hydra-dream-cheveux-secs\/hydra-dream-masque-nourrissant\/"]}]},{"@type":"ImageObject","inLanguage":"fr-FR","@id":"https:\/\/paulrivera.it\/fr\/prodotti\/soins\/hydra-dream-cheveux-secs\/hydra-dream-masque-nourrissant\/#primaryimage","url":"https:\/\/paulrivera.it\/wp-content\/uploads\/2020\/02\/604491_paul_rivera_hydra_dream_nourishing_mask_dry_hair_500ml.png","contentUrl":"https:\/\/paulrivera.it\/wp-content\/uploads\/2020\/02\/604491_paul_rivera_hydra_dream_nourishing_mask_dry_hair_500ml.png","width":800,"height":800},{"@type":"BreadcrumbList","@id":"https:\/\/paulrivera.it\/fr\/prodotti\/soins\/hydra-dream-cheveux-secs\/hydra-dream-masque-nourrissant\/#breadcrumb","itemListElement":[{"@type":"ListItem","position":1,"name":"Home","item":"https:\/\/paulrivera.it\/fr\/"},{"@type":"ListItem","position":2,"name":"Pagina shop","item":"https:\/\/paulrivera.it\/prodotti\/"},{"@type":"ListItem","position":3,"name":"Hydra Dream &#8211; Masque nourrissant"}]},{"@type":"WebSite","@id":"https:\/\/paulrivera.it\/fr\/#website","url":"https:\/\/paulrivera.it\/fr\/","name":"Paul Rivera","description":"Hair Beauty Celebration","publisher":{"@id":"https:\/\/paulrivera.it\/fr\/#organization"},"potentialAction":[{"@type":"SearchAction","target":{"@type":"EntryPoint","urlTemplate":"https:\/\/paulrivera.it\/fr\/?s={search_term_string}"},"query-input":{"@type":"PropertyValueSpecification","valueRequired":true,"valueName":"search_term_string"}}],"inLanguage":"fr-FR"},{"@type":"Organization","@id":"https:\/\/paulrivera.it\/fr\/#organization","name":"Paul Rivera","url":"https:\/\/paulrivera.it\/fr\/","logo":{"@type":"ImageObject","inLanguage":"fr-FR","@id":"https:\/\/paulrivera.it\/fr\/#\/schema\/logo\/image\/","url":"https:\/\/paulrivera.it\/wp-content\/uploads\/2020\/02\/paul_rivera_logo_header_x2.png","contentUrl":"https:\/\/paulrivera.it\/wp-content\/uploads\/2020\/02\/paul_rivera_logo_header_x2.png","width":470,"height":60,"caption":"Paul Rivera"},"image":{"@id":"https:\/\/paulrivera.it\/fr\/#\/schema\/logo\/image\/"}}]}},"_links":{"self":[{"href":"https:\/\/paulrivera.it\/fr\/wp-json\/wp\/v2\/product\/10581","targetHints":{"allow":["GET"]}}],"collection":[{"href":"https:\/\/paulrivera.it\/fr\/wp-json\/wp\/v2\/product"}],"about":[{"href":"https:\/\/paulrivera.it\/fr\/wp-json\/wp\/v2\/types\/product"}],"wp:featuredmedia":[{"embeddable":true,"href":"https:\/\/paulrivera.it\/fr\/wp-json\/wp\/v2\/media\/9528"}],"wp:attachment":[{"href":"https:\/\/paulrivera.it\/fr\/wp-json\/wp\/v2\/media?parent=10581"}],"wp:term":[{"taxonomy":"product_brand","embeddable":true,"href":"https:\/\/paulrivera.it\/fr\/wp-json\/wp\/v2\/product_brand?post=10581"},{"taxonomy":"product_cat","embeddable":true,"href":"https:\/\/paulrivera.it\/fr\/wp-json\/wp\/v2\/product_cat?post=10581"},{"taxonomy":"product_tag","embeddable":true,"href":"https:\/\/paulrivera.it\/fr\/wp-json\/wp\/v2\/product_tag?post=10581"}],"curies":[{"name":"wp","href":"https:\/\/api.w.org\/{rel}","templated":true}]}}