{"id":10602,"date":"2021-12-13T09:00:03","date_gmt":"2021-12-13T08:00:03","guid":{"rendered":"https:\/\/paulrivera.it\/product\/plex-us-1-additif-protecteur-pour-soins-particuliers\/"},"modified":"2024-05-13T14:25:43","modified_gmt":"2024-05-13T12:25:43","slug":"plex-us-1-additif-protecteur-pour-soins-particuliers","status":"publish","type":"product","link":"https:\/\/paulrivera.it\/fr\/prodotti\/produits-techniques\/plex-us-soin-protecteur-multifonction\/plex-us-1-additif-protecteur-pour-soins-particuliers\/","title":{"rendered":"PLEX-US N\u00b01 \u2013 Additif protecteur pour soins particuliers"},"content":{"rendered":"<div class=\"wpb-content-wrapper\"><p>[vc_row full_width=&#8221;stretch_row&#8221;][vc_column][vc_row_inner el_id=&#8221;desktop&#8221;][vc_column_inner width=&#8221;1\/2&#8243; css=&#8221;.vc_custom_1582194227194{padding-top: 10% !important;padding-right: 10% !important;padding-bottom: 10% !important;padding-left: 30% !important;}&#8221; offset=&#8221;vc_hidden-md vc_hidden-sm vc_hidden-xs&#8221;][vc_column_text]<br \/>\n<strong><span style=\"font-size: 28px;\">Les bonnes raisons de l&#8217;aimer<\/span><\/strong><\/p>\n<ul>\n<li><span style=\"font-weight: 400;\">Aide \u00e0 prot\u00e9ger les cheveux lors des soins particuliers<\/span><\/li>\n<li>Am\u00e9liore la sant\u00e9 et la texture des cheveux<\/li>\n<li>Am\u00e9liore les r\u00e9sultats cosm\u00e9tiques des soins particuliers<\/li>\n<li>N\u2019affecte pas les d\u00e9lais d&#8217;application standards des soins particuliers<\/li>\n<\/ul>\n<p>[\/vc_column_text][vc_column_text]<br \/>\n<strong><span style=\"font-size: 28px;\">Formule<\/span><\/strong><\/p>\n<ul>\n<li><span style=\"font-weight: 400;\">BOND INFUSION : complexe \u00e0 base de prot\u00e9ines, qui agit sur la r\u00e9sistance \u00e0 la casse, l&#8217;\u00e9lasticit\u00e9 et la compacit\u00e9 des cuticules. Donne aux cheveux un effet filmog\u00e8ne pour renforcer, lubrifier et prot\u00e9ger leur surface.<\/span><\/li>\n<\/ul>\n<p>[\/vc_column_text][vc_column_text]<strong><span style=\"font-size: 28px;\">Mode d&#8217;emploi<\/span><\/strong><\/p>\n<p><span style=\"font-weight: 400;\">Ajouter PLEX-US N\u00b01 selon les quantit\u00e9s indiqu\u00e9es dans le sch\u00e9ma d&#8217;utilisation, au m\u00e9lange du soin particulier choisi. Laisser agir 5 \u00e0 15 minutes. Effectuer un shampoing et appliquer PLEX-US N\u00b02.<\/span>[\/vc_column_text][\/vc_column_inner][vc_column_inner width=&#8221;1\/2&#8243; css=&#8221;.vc_custom_1638798002487{background-color: #d08eb8 !important;background-position: center !important;background-repeat: no-repeat !important;background-size: cover !important;}&#8221; offset=&#8221;vc_hidden-md vc_hidden-sm vc_hidden-xs&#8221;][vc_single_image image=&#8221;10226&#8243; img_size=&#8221;full&#8221;][\/vc_column_inner][\/vc_row_inner][vc_row_inner el_id=&#8221;tablet&#8221;][vc_column_inner offset=&#8221;vc_hidden-lg vc_hidden-xs&#8221;][vc_column_text]<br \/>\n<strong><span style=\"font-size: 28px;\">Les bonnes raisons de l&#8217;aimer<\/span><\/strong><\/p>\n<ul>\n<li><span style=\"font-weight: 400;\">Aide \u00e0 prot\u00e9ger les cheveux lors des soins particuliers<\/span><\/li>\n<li>Am\u00e9liore la sant\u00e9 et la texture des cheveux<\/li>\n<li>Am\u00e9liore les r\u00e9sultats cosm\u00e9tiques des soins particuliers<\/li>\n<li>N\u2019affecte pas les d\u00e9lais d&#8217;application standards des soins particuliers<\/li>\n<\/ul>\n<p>[\/vc_column_text][vc_column_text]<br \/>\n<strong><span style=\"font-size: 28px;\">Formule<\/span><\/strong><\/p>\n<ul>\n<li><span style=\"font-weight: 400;\">BOND INFUSION : complexe \u00e0 base de prot\u00e9ines, qui agit sur la r\u00e9sistance \u00e0 la casse, l&#8217;\u00e9lasticit\u00e9 et la compacit\u00e9 des cuticules. Donne aux cheveux un effet filmog\u00e8ne pour renforcer, lubrifier et prot\u00e9ger leur surface.<\/span><\/li>\n<\/ul>\n<p>[\/vc_column_text][vc_column_text]<strong><span style=\"font-size: 28px;\">Mode d&#8217;emploi<\/span><\/strong><\/p>\n<p><span style=\"font-weight: 400;\">Ajouter PLEX-US N\u00b01 selon les quantit\u00e9s indiqu\u00e9es dans le sch\u00e9ma d&#8217;utilisation, au m\u00e9lange du soin particulier choisi. Laisser agir 5 \u00e0 15 minutes. Effectuer un shampoing et appliquer PLEX-US N\u00b02.<\/span>[\/vc_column_text][\/vc_column_inner][\/vc_row_inner][vc_row_inner el_id=&#8221;mobile&#8221;][vc_column_inner width=&#8221;1\/2&#8243; offset=&#8221;vc_hidden-lg vc_hidden-md vc_hidden-sm&#8221;][vc_column_text]<br \/>\n<strong><span style=\"font-size: 28px;\">Les bonnes raisons de l&#8217;aimer<\/span><\/strong><\/p>\n<ul>\n<li><span style=\"font-weight: 400;\">Aide \u00e0 prot\u00e9ger les cheveux lors des soins particuliers<\/span><\/li>\n<li>Am\u00e9liore la sant\u00e9 et la texture des cheveux<\/li>\n<li>Am\u00e9liore les r\u00e9sultats cosm\u00e9tiques des soins particuliers<\/li>\n<li>N\u2019affecte pas les d\u00e9lais d&#8217;application standards des soins particuliers<\/li>\n<\/ul>\n<p>[\/vc_column_text][vc_column_text]<br \/>\n<strong><span style=\"font-size: 28px;\">Formule<\/span><\/strong><\/p>\n<ul>\n<li><span style=\"font-weight: 400;\">BOND INFUSION : complexe \u00e0 base de prot\u00e9ines, qui agit sur la r\u00e9sistance \u00e0 la casse, l&#8217;\u00e9lasticit\u00e9 et la compacit\u00e9 des cuticules. Donne aux cheveux un effet filmog\u00e8ne pour renforcer, lubrifier et prot\u00e9ger leur surface.<\/span><\/li>\n<\/ul>\n<p>[\/vc_column_text][vc_column_text]<strong><span style=\"font-size: 28px;\">Mode d&#8217;emploi<\/span><\/strong><\/p>\n<p><span style=\"font-weight: 400;\">Ajouter PLEX-US N\u00b01 selon les quantit\u00e9s indiqu\u00e9es dans le sch\u00e9ma d&#8217;utilisation, au m\u00e9lange du soin particulier choisi. Laisser agir 5 \u00e0 15 minutes. Effectuer un shampoing et appliquer PLEX-US N\u00b02.<\/span>[\/vc_column_text][\/vc_column_inner][vc_column_inner width=&#8221;1\/2&#8243; css=&#8221;.vc_custom_1638798034932{background-color: #d08eb8 !important;background-position: center !important;background-repeat: no-repeat !important;background-size: cover !important;}&#8221; offset=&#8221;vc_hidden-lg vc_hidden-md vc_hidden-sm&#8221;][vc_single_image image=&#8221;10226&#8243; img_size=&#8221;full&#8221;][\/vc_column_inner][\/vc_row_inner][\/vc_column][\/vc_row][vc_row css=&#8221;.vc_custom_1582192829011{padding-top: 50px !important;}&#8221;][vc_column][vc_column_text]<\/p>\n<h1 style=\"text-align: center;\"><strong>Mode d&#8217;emploi<\/strong><\/h1>\n<p>[\/vc_column_text][vc_raw_html]JTVCd3B0YiUyMGlkJTNEMTA2MDclNUQ=[\/vc_raw_html][\/vc_column][vc_column][vc_row_inner][vc_column_inner][vc_column_text]<\/p>\n<h1 style=\"text-align: center;\">Vous aimerez aussi<\/h1>\n<p>[\/vc_column_text][vc_raw_html]W3dwYi1wcm9kdWN0LXNsaWRlci1zaG9ydGNvZGUgaWQ9IjQ2NTIiXQ==[\/vc_raw_html][\/vc_column_inner][\/vc_row_inner][\/vc_column][\/vc_row]<\/p>\n<\/div>","protected":false},"excerpt":{"rendered":"<p><span style=\"font-weight: 400;\">PLEX-US N\u00b01 est un fluide protecteur \u00e0 ajouter comme additif au m\u00e9lange de coloration, d\u00e9coloration, permanente ou masque \u00e9claircissant. Avec son action restructurante et protectrice,<strong> il aide \u00e0 r\u00e9parer les dommages caus\u00e9s par les soins particuliers, en redonnant vigueur aux cheveux.<\/strong><\/span><\/p>\n<p><span style=\"font-weight: 400;\">Gr\u00e2ce \u00e0 sa formule<strong> BOND INFUSION<\/strong>, con\u00e7ue pour agir structurellement sur la fibre, la premi\u00e8re \u00e9tape PLEX-US sublime les r\u00e9sultats cosm\u00e9tiques des soins particuliers et <strong>r\u00e9g\u00e9n\u00e8re les cheveux.\u00a0<\/strong><\/span><\/p>\n<p><span style=\"font-weight: 400;\">500 ml<\/span><\/p>\n<p>&nbsp;<\/p>\n[maxbutton id=\"5\"]\n","protected":false},"featured_media":10220,"template":"","meta":[],"product_brand":[],"product_cat":[1309],"product_tag":[],"class_list":{"0":"post-10602","1":"product","2":"type-product","3":"status-publish","4":"has-post-thumbnail","6":"product_cat-plex-us-soin-protecteur-multifonction","7":"description-off","9":"first","10":"instock","11":"shipping-taxable","12":"product-type-simple"},"yoast_head":"<!-- This site is optimized with the Yoast SEO plugin v27.2 - https:\/\/yoast.com\/product\/yoast-seo-wordpress\/ -->\n<title>PLEX-US N\u00b01 \u2013 additif protecteur pour soins particuliers<\/title>\n<meta name=\"description\" content=\"PLEX-US N\u00b01 est un fluide protecteur \u00e0 ajouter comme additif au m\u00e9lange de coloration, d\u00e9coloration, permanente ou masque \u00e9claircissant.\" \/>\n<meta name=\"robots\" content=\"index, follow, max-snippet:-1, max-image-preview:large, max-video-preview:-1\" \/>\n<link rel=\"canonical\" href=\"https:\/\/paulrivera.it\/fr\/prodotti\/produits-techniques\/plex-us-soin-protecteur-multifonction\/plex-us-1-additif-protecteur-pour-soins-particuliers\/\" \/>\n<meta property=\"og:locale\" content=\"fr_FR\" \/>\n<meta property=\"og:type\" content=\"article\" \/>\n<meta property=\"og:title\" content=\"PLEX-US N\u00b01 \u2013 additif protecteur pour soins particuliers\" \/>\n<meta property=\"og:description\" content=\"PLEX-US N\u00b01 est un fluide protecteur \u00e0 ajouter comme additif au m\u00e9lange de coloration, d\u00e9coloration, permanente ou masque \u00e9claircissant.\" \/>\n<meta property=\"og:url\" content=\"https:\/\/paulrivera.it\/fr\/prodotti\/produits-techniques\/plex-us-soin-protecteur-multifonction\/plex-us-1-additif-protecteur-pour-soins-particuliers\/\" \/>\n<meta property=\"og:site_name\" content=\"Paul Rivera\" \/>\n<meta property=\"article:modified_time\" content=\"2024-05-13T12:25:43+00:00\" \/>\n<meta property=\"og:image\" content=\"https:\/\/paulrivera.it\/wp-content\/uploads\/2023\/05\/604316_paul_rivera_plex_use_multipurpose_additive_500ml.png\" \/>\n\t<meta property=\"og:image:width\" content=\"800\" \/>\n\t<meta property=\"og:image:height\" content=\"800\" \/>\n\t<meta property=\"og:image:type\" content=\"image\/png\" \/>\n<meta name=\"twitter:card\" content=\"summary_large_image\" \/>\n<meta name=\"twitter:label1\" content=\"Est. reading time\" \/>\n\t<meta name=\"twitter:data1\" content=\"3 minutes\" \/>\n<script type=\"application\/ld+json\" class=\"yoast-schema-graph\">{\"@context\":\"https:\/\/schema.org\",\"@graph\":[{\"@type\":\"WebPage\",\"@id\":\"https:\/\/paulrivera.it\/fr\/prodotti\/produits-techniques\/plex-us-soin-protecteur-multifonction\/plex-us-1-additif-protecteur-pour-soins-particuliers\/\",\"url\":\"https:\/\/paulrivera.it\/fr\/prodotti\/produits-techniques\/plex-us-soin-protecteur-multifonction\/plex-us-1-additif-protecteur-pour-soins-particuliers\/\",\"name\":\"PLEX-US N\u00b01 \u2013 additif protecteur pour soins particuliers\",\"isPartOf\":{\"@id\":\"https:\/\/paulrivera.it\/fr\/#website\"},\"primaryImageOfPage\":{\"@id\":\"https:\/\/paulrivera.it\/fr\/prodotti\/produits-techniques\/plex-us-soin-protecteur-multifonction\/plex-us-1-additif-protecteur-pour-soins-particuliers\/#primaryimage\"},\"image\":{\"@id\":\"https:\/\/paulrivera.it\/fr\/prodotti\/produits-techniques\/plex-us-soin-protecteur-multifonction\/plex-us-1-additif-protecteur-pour-soins-particuliers\/#primaryimage\"},\"thumbnailUrl\":\"https:\/\/paulrivera.it\/wp-content\/uploads\/2023\/05\/604316_paul_rivera_plex_use_multipurpose_additive_500ml.png\",\"datePublished\":\"2021-12-13T08:00:03+00:00\",\"dateModified\":\"2024-05-13T12:25:43+00:00\",\"description\":\"PLEX-US N\u00b01 est un fluide protecteur \u00e0 ajouter comme additif au m\u00e9lange de coloration, d\u00e9coloration, permanente ou masque \u00e9claircissant.\",\"breadcrumb\":{\"@id\":\"https:\/\/paulrivera.it\/fr\/prodotti\/produits-techniques\/plex-us-soin-protecteur-multifonction\/plex-us-1-additif-protecteur-pour-soins-particuliers\/#breadcrumb\"},\"inLanguage\":\"fr-FR\",\"potentialAction\":[{\"@type\":\"ReadAction\",\"target\":[\"https:\/\/paulrivera.it\/fr\/prodotti\/produits-techniques\/plex-us-soin-protecteur-multifonction\/plex-us-1-additif-protecteur-pour-soins-particuliers\/\"]}]},{\"@type\":\"ImageObject\",\"inLanguage\":\"fr-FR\",\"@id\":\"https:\/\/paulrivera.it\/fr\/prodotti\/produits-techniques\/plex-us-soin-protecteur-multifonction\/plex-us-1-additif-protecteur-pour-soins-particuliers\/#primaryimage\",\"url\":\"https:\/\/paulrivera.it\/wp-content\/uploads\/2023\/05\/604316_paul_rivera_plex_use_multipurpose_additive_500ml.png\",\"contentUrl\":\"https:\/\/paulrivera.it\/wp-content\/uploads\/2023\/05\/604316_paul_rivera_plex_use_multipurpose_additive_500ml.png\",\"width\":800,\"height\":800},{\"@type\":\"BreadcrumbList\",\"@id\":\"https:\/\/paulrivera.it\/fr\/prodotti\/produits-techniques\/plex-us-soin-protecteur-multifonction\/plex-us-1-additif-protecteur-pour-soins-particuliers\/#breadcrumb\",\"itemListElement\":[{\"@type\":\"ListItem\",\"position\":1,\"name\":\"Home\",\"item\":\"https:\/\/paulrivera.it\/fr\/\"},{\"@type\":\"ListItem\",\"position\":2,\"name\":\"Pagina shop\",\"item\":\"https:\/\/paulrivera.it\/prodotti\/\"},{\"@type\":\"ListItem\",\"position\":3,\"name\":\"PLEX-US N\u00b01 \u2013 Additif protecteur pour soins particuliers\"}]},{\"@type\":\"WebSite\",\"@id\":\"https:\/\/paulrivera.it\/fr\/#website\",\"url\":\"https:\/\/paulrivera.it\/fr\/\",\"name\":\"Paul Rivera\",\"description\":\"Hair Beauty Celebration\",\"publisher\":{\"@id\":\"https:\/\/paulrivera.it\/fr\/#organization\"},\"potentialAction\":[{\"@type\":\"SearchAction\",\"target\":{\"@type\":\"EntryPoint\",\"urlTemplate\":\"https:\/\/paulrivera.it\/fr\/?s={search_term_string}\"},\"query-input\":{\"@type\":\"PropertyValueSpecification\",\"valueRequired\":true,\"valueName\":\"search_term_string\"}}],\"inLanguage\":\"fr-FR\"},{\"@type\":\"Organization\",\"@id\":\"https:\/\/paulrivera.it\/fr\/#organization\",\"name\":\"Paul Rivera\",\"url\":\"https:\/\/paulrivera.it\/fr\/\",\"logo\":{\"@type\":\"ImageObject\",\"inLanguage\":\"fr-FR\",\"@id\":\"https:\/\/paulrivera.it\/fr\/#\/schema\/logo\/image\/\",\"url\":\"https:\/\/paulrivera.it\/wp-content\/uploads\/2020\/02\/paul_rivera_logo_header_x2.png\",\"contentUrl\":\"https:\/\/paulrivera.it\/wp-content\/uploads\/2020\/02\/paul_rivera_logo_header_x2.png\",\"width\":470,\"height\":60,\"caption\":\"Paul Rivera\"},\"image\":{\"@id\":\"https:\/\/paulrivera.it\/fr\/#\/schema\/logo\/image\/\"}}]}<\/script>\n<!-- \/ Yoast SEO plugin. -->","yoast_head_json":{"title":"PLEX-US N\u00b01 \u2013 additif protecteur pour soins particuliers","description":"PLEX-US N\u00b01 est un fluide protecteur \u00e0 ajouter comme additif au m\u00e9lange de coloration, d\u00e9coloration, permanente ou masque \u00e9claircissant.","robots":{"index":"index","follow":"follow","max-snippet":"max-snippet:-1","max-image-preview":"max-image-preview:large","max-video-preview":"max-video-preview:-1"},"canonical":"https:\/\/paulrivera.it\/fr\/prodotti\/produits-techniques\/plex-us-soin-protecteur-multifonction\/plex-us-1-additif-protecteur-pour-soins-particuliers\/","og_locale":"fr_FR","og_type":"article","og_title":"PLEX-US N\u00b01 \u2013 additif protecteur pour soins particuliers","og_description":"PLEX-US N\u00b01 est un fluide protecteur \u00e0 ajouter comme additif au m\u00e9lange de coloration, d\u00e9coloration, permanente ou masque \u00e9claircissant.","og_url":"https:\/\/paulrivera.it\/fr\/prodotti\/produits-techniques\/plex-us-soin-protecteur-multifonction\/plex-us-1-additif-protecteur-pour-soins-particuliers\/","og_site_name":"Paul Rivera","article_modified_time":"2024-05-13T12:25:43+00:00","og_image":[{"width":800,"height":800,"url":"https:\/\/paulrivera.it\/wp-content\/uploads\/2023\/05\/604316_paul_rivera_plex_use_multipurpose_additive_500ml.png","type":"image\/png"}],"twitter_card":"summary_large_image","twitter_misc":{"Est. reading time":"3 minutes"},"schema":{"@context":"https:\/\/schema.org","@graph":[{"@type":"WebPage","@id":"https:\/\/paulrivera.it\/fr\/prodotti\/produits-techniques\/plex-us-soin-protecteur-multifonction\/plex-us-1-additif-protecteur-pour-soins-particuliers\/","url":"https:\/\/paulrivera.it\/fr\/prodotti\/produits-techniques\/plex-us-soin-protecteur-multifonction\/plex-us-1-additif-protecteur-pour-soins-particuliers\/","name":"PLEX-US N\u00b01 \u2013 additif protecteur pour soins particuliers","isPartOf":{"@id":"https:\/\/paulrivera.it\/fr\/#website"},"primaryImageOfPage":{"@id":"https:\/\/paulrivera.it\/fr\/prodotti\/produits-techniques\/plex-us-soin-protecteur-multifonction\/plex-us-1-additif-protecteur-pour-soins-particuliers\/#primaryimage"},"image":{"@id":"https:\/\/paulrivera.it\/fr\/prodotti\/produits-techniques\/plex-us-soin-protecteur-multifonction\/plex-us-1-additif-protecteur-pour-soins-particuliers\/#primaryimage"},"thumbnailUrl":"https:\/\/paulrivera.it\/wp-content\/uploads\/2023\/05\/604316_paul_rivera_plex_use_multipurpose_additive_500ml.png","datePublished":"2021-12-13T08:00:03+00:00","dateModified":"2024-05-13T12:25:43+00:00","description":"PLEX-US N\u00b01 est un fluide protecteur \u00e0 ajouter comme additif au m\u00e9lange de coloration, d\u00e9coloration, permanente ou masque \u00e9claircissant.","breadcrumb":{"@id":"https:\/\/paulrivera.it\/fr\/prodotti\/produits-techniques\/plex-us-soin-protecteur-multifonction\/plex-us-1-additif-protecteur-pour-soins-particuliers\/#breadcrumb"},"inLanguage":"fr-FR","potentialAction":[{"@type":"ReadAction","target":["https:\/\/paulrivera.it\/fr\/prodotti\/produits-techniques\/plex-us-soin-protecteur-multifonction\/plex-us-1-additif-protecteur-pour-soins-particuliers\/"]}]},{"@type":"ImageObject","inLanguage":"fr-FR","@id":"https:\/\/paulrivera.it\/fr\/prodotti\/produits-techniques\/plex-us-soin-protecteur-multifonction\/plex-us-1-additif-protecteur-pour-soins-particuliers\/#primaryimage","url":"https:\/\/paulrivera.it\/wp-content\/uploads\/2023\/05\/604316_paul_rivera_plex_use_multipurpose_additive_500ml.png","contentUrl":"https:\/\/paulrivera.it\/wp-content\/uploads\/2023\/05\/604316_paul_rivera_plex_use_multipurpose_additive_500ml.png","width":800,"height":800},{"@type":"BreadcrumbList","@id":"https:\/\/paulrivera.it\/fr\/prodotti\/produits-techniques\/plex-us-soin-protecteur-multifonction\/plex-us-1-additif-protecteur-pour-soins-particuliers\/#breadcrumb","itemListElement":[{"@type":"ListItem","position":1,"name":"Home","item":"https:\/\/paulrivera.it\/fr\/"},{"@type":"ListItem","position":2,"name":"Pagina shop","item":"https:\/\/paulrivera.it\/prodotti\/"},{"@type":"ListItem","position":3,"name":"PLEX-US N\u00b01 \u2013 Additif protecteur pour soins particuliers"}]},{"@type":"WebSite","@id":"https:\/\/paulrivera.it\/fr\/#website","url":"https:\/\/paulrivera.it\/fr\/","name":"Paul Rivera","description":"Hair Beauty Celebration","publisher":{"@id":"https:\/\/paulrivera.it\/fr\/#organization"},"potentialAction":[{"@type":"SearchAction","target":{"@type":"EntryPoint","urlTemplate":"https:\/\/paulrivera.it\/fr\/?s={search_term_string}"},"query-input":{"@type":"PropertyValueSpecification","valueRequired":true,"valueName":"search_term_string"}}],"inLanguage":"fr-FR"},{"@type":"Organization","@id":"https:\/\/paulrivera.it\/fr\/#organization","name":"Paul Rivera","url":"https:\/\/paulrivera.it\/fr\/","logo":{"@type":"ImageObject","inLanguage":"fr-FR","@id":"https:\/\/paulrivera.it\/fr\/#\/schema\/logo\/image\/","url":"https:\/\/paulrivera.it\/wp-content\/uploads\/2020\/02\/paul_rivera_logo_header_x2.png","contentUrl":"https:\/\/paulrivera.it\/wp-content\/uploads\/2020\/02\/paul_rivera_logo_header_x2.png","width":470,"height":60,"caption":"Paul Rivera"},"image":{"@id":"https:\/\/paulrivera.it\/fr\/#\/schema\/logo\/image\/"}}]}},"_links":{"self":[{"href":"https:\/\/paulrivera.it\/fr\/wp-json\/wp\/v2\/product\/10602","targetHints":{"allow":["GET"]}}],"collection":[{"href":"https:\/\/paulrivera.it\/fr\/wp-json\/wp\/v2\/product"}],"about":[{"href":"https:\/\/paulrivera.it\/fr\/wp-json\/wp\/v2\/types\/product"}],"wp:featuredmedia":[{"embeddable":true,"href":"https:\/\/paulrivera.it\/fr\/wp-json\/wp\/v2\/media\/10220"}],"wp:attachment":[{"href":"https:\/\/paulrivera.it\/fr\/wp-json\/wp\/v2\/media?parent=10602"}],"wp:term":[{"taxonomy":"product_brand","embeddable":true,"href":"https:\/\/paulrivera.it\/fr\/wp-json\/wp\/v2\/product_brand?post=10602"},{"taxonomy":"product_cat","embeddable":true,"href":"https:\/\/paulrivera.it\/fr\/wp-json\/wp\/v2\/product_cat?post=10602"},{"taxonomy":"product_tag","embeddable":true,"href":"https:\/\/paulrivera.it\/fr\/wp-json\/wp\/v2\/product_tag?post=10602"}],"curies":[{"name":"wp","href":"https:\/\/api.w.org\/{rel}","templated":true}]}}