{"id":10615,"date":"2022-05-15T14:00:50","date_gmt":"2022-05-15T12:00:50","guid":{"rendered":"https:\/\/paulrivera.it\/product\/sunny-sfaction-masque-apres-soleil\/"},"modified":"2024-05-13T14:21:39","modified_gmt":"2024-05-13T12:21:39","slug":"sunny-sfaction-masque-apres-soleil","status":"publish","type":"product","link":"https:\/\/paulrivera.it\/fr\/prodotti\/soins\/sunny-sfaction-cheveux-exposes-au-soleil\/sunny-sfaction-masque-apres-soleil\/","title":{"rendered":"Sunny Sfaction &#8211; Masque apr\u00e8s-soleil"},"content":{"rendered":"<div class=\"wpb-content-wrapper\"><p>[vc_row full_width=&#8221;stretch_row&#8221;][vc_column][vc_row_inner el_id=&#8221;desktop&#8221;][vc_column_inner width=&#8221;1\/2&#8243; css=&#8221;.vc_custom_1582194227194{padding-top: 10% !important;padding-right: 10% !important;padding-bottom: 10% !important;padding-left: 30% !important;}&#8221; offset=&#8221;vc_hidden-md vc_hidden-sm vc_hidden-xs&#8221;][vc_column_text]<br \/>\n<span style=\"font-size: 28px;\"><b>Les bonnes raisons de l&#8217;aimer<\/b><\/span><\/p>\n<ul>\n<li style=\"font-weight: 400;\" aria-level=\"1\"><span style=\"font-weight: 400;\">Nourrit et r\u00e9pare les cheveux stress\u00e9s par le soleil, le sel ou le chlore<\/span><\/li>\n<li style=\"font-weight: 400;\" aria-level=\"1\"><span style=\"font-weight: 400;\">Laisse les longueurs douces et brillantes<\/span><\/li>\n<li style=\"font-weight: 400;\" aria-level=\"1\"><span style=\"font-weight: 400;\">Rend les cheveux faciles \u00e0 coiffer<\/span><\/li>\n<li style=\"font-weight: 400;\" aria-level=\"1\"><span style=\"font-weight: 400;\">Aide \u00e0 pr\u00e9venir la d\u00e9coloration<\/span><\/li>\n<\/ul>\n<p>[\/vc_column_text][vc_column_text]<br \/>\n<span style=\"font-size: 28px;\"><b>Les principes actifs de la formule<\/b><\/span><\/p>\n<ul>\n<li style=\"font-weight: 400;\" aria-level=\"1\"><span style=\"font-weight: 400;\">Extrait de Noix de Coco : riche en min\u00e9raux et vitamines, il lib\u00e8re un exceptionnel pouvoir nourrissant et hydratant sur les cheveux.<\/span><\/li>\n<li style=\"font-weight: 400;\" aria-level=\"1\"><span style=\"font-weight: 400;\">Huile de Chanvre : son action \u00e9molliente aide \u00e0 pr\u00e9venir le dess\u00e8chement et la d\u00e9shydratation, tandis que son action restructurante rend les cheveux sains et brillants.<\/span><\/li>\n<\/ul>\n<p>[\/vc_column_text][vc_column_text]<br \/>\n<span style=\"font-size: 28px;\"><b>Mode d&#8217;emploi<\/b><\/span><\/p>\n<p><span style=\"font-weight: 400;\">Appliquer apr\u00e8s le shampooing sur les longueurs, laisser agir 2 \u00e0 3 minutes et rincer.<\/span>[\/vc_column_text][\/vc_column_inner][vc_column_inner width=&#8221;1\/2&#8243; css=&#8221;.vc_custom_1649846590529{background-image: url(https:\/\/paulrivera.it\/wp-content\/uploads\/2022\/03\/background_paul_rivera_adv_prodotti_sunny_sfaction.png?id=4848) !important;background-position: center !important;background-repeat: no-repeat !important;background-size: cover !important;}&#8221; offset=&#8221;vc_hidden-md vc_hidden-sm vc_hidden-xs&#8221;][vc_single_image image=&#8221;9985&#8243; img_size=&#8221;full&#8221;][\/vc_column_inner][\/vc_row_inner][vc_row_inner el_id=&#8221;tablet&#8221;][vc_column_inner offset=&#8221;vc_hidden-lg vc_hidden-xs&#8221;][vc_column_text]<br \/>\n<span style=\"font-size: 28px;\"><b>Les bonnes raisons de l&#8217;aimer<\/b><\/span><\/p>\n<ul>\n<li style=\"font-weight: 400;\" aria-level=\"1\"><span style=\"font-weight: 400;\">Nourrit et r\u00e9pare les cheveux stress\u00e9s par le soleil, le sel ou le chlore<\/span><\/li>\n<li style=\"font-weight: 400;\" aria-level=\"1\"><span style=\"font-weight: 400;\">Laisse les longueurs douces et brillantes<\/span><\/li>\n<li style=\"font-weight: 400;\" aria-level=\"1\"><span style=\"font-weight: 400;\">Rend les cheveux faciles \u00e0 coiffer<\/span><\/li>\n<li style=\"font-weight: 400;\" aria-level=\"1\"><span style=\"font-weight: 400;\">Aide \u00e0 pr\u00e9venir la d\u00e9coloration<\/span><\/li>\n<\/ul>\n<p>[\/vc_column_text][vc_column_text]<br \/>\n<span style=\"font-size: 28px;\"><b>Les principes actifs de la formule<\/b><\/span><\/p>\n<ul>\n<li style=\"font-weight: 400;\" aria-level=\"1\"><span style=\"font-weight: 400;\">Extrait de Noix de Coco : riche en min\u00e9raux et vitamines, il lib\u00e8re un exceptionnel pouvoir nourrissant et hydratant sur les cheveux.<\/span><\/li>\n<li style=\"font-weight: 400;\" aria-level=\"1\"><span style=\"font-weight: 400;\">Huile de Chanvre : son action \u00e9molliente aide \u00e0 pr\u00e9venir le dess\u00e8chement et la d\u00e9shydratation, tandis que son action restructurante rend les cheveux sains et brillants.<\/span><\/li>\n<\/ul>\n<p>[\/vc_column_text][vc_column_text]<br \/>\n<span style=\"font-size: 28px;\"><b>Mode d&#8217;emploi<\/b><\/span><\/p>\n<p><span style=\"font-weight: 400;\">Appliquer apr\u00e8s le shampooing sur les longueurs, laisser agir 2 \u00e0 3 minutes et rincer.<\/span>[\/vc_column_text][\/vc_column_inner][\/vc_row_inner][vc_row_inner el_id=&#8221;mobile&#8221;][vc_column_inner width=&#8221;1\/2&#8243; offset=&#8221;vc_hidden-lg vc_hidden-md vc_hidden-sm&#8221;][vc_column_text]<br \/>\n<span style=\"font-size: 28px;\"><b>Les bonnes raisons de l&#8217;aimer<\/b><\/span><\/p>\n<ul>\n<li style=\"font-weight: 400;\" aria-level=\"1\"><span style=\"font-weight: 400;\">Nourrit et r\u00e9pare les cheveux stress\u00e9s par le soleil, le sel ou le chlore<\/span><\/li>\n<li style=\"font-weight: 400;\" aria-level=\"1\"><span style=\"font-weight: 400;\">Laisse les longueurs douces et brillantes<\/span><\/li>\n<li style=\"font-weight: 400;\" aria-level=\"1\"><span style=\"font-weight: 400;\">Rend les cheveux faciles \u00e0 coiffer<\/span><\/li>\n<li style=\"font-weight: 400;\" aria-level=\"1\"><span style=\"font-weight: 400;\">Aide \u00e0 pr\u00e9venir la d\u00e9coloration<\/span><\/li>\n<\/ul>\n<p>[\/vc_column_text][vc_column_text]<br \/>\n<span style=\"font-size: 28px;\"><b>Les principes actifs de la formule<\/b><\/span><\/p>\n<ul>\n<li style=\"font-weight: 400;\" aria-level=\"1\"><span style=\"font-weight: 400;\">Extrait de Noix de Coco : riche en min\u00e9raux et vitamines, il lib\u00e8re un exceptionnel pouvoir nourrissant et hydratant sur les cheveux.<\/span><\/li>\n<li style=\"font-weight: 400;\" aria-level=\"1\"><span style=\"font-weight: 400;\">Huile de Chanvre : son action \u00e9molliente aide \u00e0 pr\u00e9venir le dess\u00e8chement et la d\u00e9shydratation, tandis que son action restructurante rend les cheveux sains et brillants.<\/span><\/li>\n<\/ul>\n<p>[\/vc_column_text][vc_column_text]<br \/>\n<span style=\"font-size: 28px;\"><b>Mode d&#8217;emploi<\/b><\/span><\/p>\n<p><span style=\"font-weight: 400;\">Appliquer apr\u00e8s le shampooing sur les longueurs, laisser agir 2 \u00e0 3 minutes et rincer.<\/span>[\/vc_column_text][\/vc_column_inner][vc_column_inner width=&#8221;1\/2&#8243; css=&#8221;.vc_custom_1582802885395{background-image: url(https:\/\/paulrivera.it\/wp-content\/uploads\/2020\/02\/background_adv_product_hydra_dream.png?id=856) !important;background-position: center !important;background-repeat: no-repeat !important;background-size: cover !important;}&#8221; offset=&#8221;vc_hidden-lg vc_hidden-md vc_hidden-sm&#8221;][vc_single_image image=&#8221;9985&#8243; img_size=&#8221;full&#8221;][\/vc_column_inner][\/vc_row_inner][\/vc_column][\/vc_row][vc_row css=&#8221;.vc_custom_1582192829011{padding-top: 50px !important;}&#8221;][vc_column][vc_row_inner][vc_column_inner][vc_column_text]<\/p>\n<h1 style=\"text-align: center;\">Vous aimerez aussi<\/h1>\n<p>[\/vc_column_text][\/vc_column_inner][\/vc_row_inner][vc_raw_html]W3dwYi1wcm9kdWN0LXNsaWRlci1zaG9ydGNvZGUgaWQ9IjQ5MjIiXQ==[\/vc_raw_html][\/vc_column][\/vc_row]<\/p>\n<\/div>","protected":false},"excerpt":{"rendered":"<p><span style=\"font-weight: 400;\">Le masque Sunny Sfaction est id\u00e9al pour<\/span><b> nourrir et r\u00e9parer en profondeur les cheveux stress\u00e9s par le soleil<\/b><span style=\"font-weight: 400;\">,<\/span><b> le sel ou le chlore<\/b><span style=\"font-weight: 400;\">.<\/span><\/p>\n<p><span style=\"font-weight: 400;\">Son action garantit un effet brillance instantan\u00e9 et aide<\/span><b> \u00e0 pr\u00e9server la couleur des cheveux<\/b><span style=\"font-weight: 400;\">, tandis que sa formule \u00e0 l&#8217;extrait de noix de coco et d&#8217;huile de chanvre facilite le d\u00e9m\u00ealage,<\/span><b> en laissant les longueurs douces et brillantes<\/b><span style=\"font-weight: 400;\">.<\/span><\/p>\n<p>200 ml<\/p>\n<p>&nbsp;<\/p>\n[maxbutton id=\"5\"]\n","protected":false},"featured_media":9981,"template":"","meta":[],"product_brand":[],"product_cat":[1320],"product_tag":[],"class_list":{"0":"post-10615","1":"product","2":"type-product","3":"status-publish","4":"has-post-thumbnail","6":"product_cat-sunny-sfaction-cheveux-exposes-au-soleil","7":"description-off","9":"first","10":"instock","11":"shipping-taxable","12":"product-type-simple"},"yoast_head":"<!-- This site is optimized with the Yoast SEO plugin v27.2 - https:\/\/yoast.com\/product\/yoast-seo-wordpress\/ -->\n<title>Sunny Sfaction - Masque apr\u00e8s-soleil<\/title>\n<meta name=\"description\" content=\"Le masque Sunny Sfaction est id\u00e9al pour nourrir et r\u00e9parer en profondeur les cheveux stress\u00e9s par le soleil, le sel ou le chlore.\" \/>\n<meta name=\"robots\" content=\"index, follow, max-snippet:-1, max-image-preview:large, max-video-preview:-1\" \/>\n<link rel=\"canonical\" href=\"https:\/\/paulrivera.it\/fr\/prodotti\/soins\/sunny-sfaction-cheveux-exposes-au-soleil\/sunny-sfaction-masque-apres-soleil\/\" \/>\n<meta property=\"og:locale\" content=\"fr_FR\" \/>\n<meta property=\"og:type\" content=\"article\" \/>\n<meta property=\"og:title\" content=\"Sunny Sfaction - Masque apr\u00e8s-soleil\" \/>\n<meta property=\"og:description\" content=\"Le masque Sunny Sfaction est id\u00e9al pour nourrir et r\u00e9parer en profondeur les cheveux stress\u00e9s par le soleil, le sel ou le chlore.\" \/>\n<meta property=\"og:url\" content=\"https:\/\/paulrivera.it\/fr\/prodotti\/soins\/sunny-sfaction-cheveux-exposes-au-soleil\/sunny-sfaction-masque-apres-soleil\/\" \/>\n<meta property=\"og:site_name\" content=\"Paul Rivera\" \/>\n<meta property=\"article:modified_time\" content=\"2024-05-13T12:21:39+00:00\" \/>\n<meta property=\"og:image\" content=\"https:\/\/paulrivera.it\/wp-content\/uploads\/2022\/03\/604958_paul_rivera_sunny_sfaction_mask_200ml.png\" \/>\n\t<meta property=\"og:image:width\" content=\"800\" \/>\n\t<meta property=\"og:image:height\" content=\"800\" \/>\n\t<meta property=\"og:image:type\" content=\"image\/png\" \/>\n<meta name=\"twitter:card\" content=\"summary_large_image\" \/>\n<meta name=\"twitter:label1\" content=\"Est. reading time\" \/>\n\t<meta name=\"twitter:data1\" content=\"3 minutes\" \/>\n<script type=\"application\/ld+json\" class=\"yoast-schema-graph\">{\"@context\":\"https:\/\/schema.org\",\"@graph\":[{\"@type\":\"WebPage\",\"@id\":\"https:\/\/paulrivera.it\/fr\/prodotti\/soins\/sunny-sfaction-cheveux-exposes-au-soleil\/sunny-sfaction-masque-apres-soleil\/\",\"url\":\"https:\/\/paulrivera.it\/fr\/prodotti\/soins\/sunny-sfaction-cheveux-exposes-au-soleil\/sunny-sfaction-masque-apres-soleil\/\",\"name\":\"Sunny Sfaction - Masque apr\u00e8s-soleil\",\"isPartOf\":{\"@id\":\"https:\/\/paulrivera.it\/fr\/#website\"},\"primaryImageOfPage\":{\"@id\":\"https:\/\/paulrivera.it\/fr\/prodotti\/soins\/sunny-sfaction-cheveux-exposes-au-soleil\/sunny-sfaction-masque-apres-soleil\/#primaryimage\"},\"image\":{\"@id\":\"https:\/\/paulrivera.it\/fr\/prodotti\/soins\/sunny-sfaction-cheveux-exposes-au-soleil\/sunny-sfaction-masque-apres-soleil\/#primaryimage\"},\"thumbnailUrl\":\"https:\/\/paulrivera.it\/wp-content\/uploads\/2022\/03\/604958_paul_rivera_sunny_sfaction_mask_200ml.png\",\"datePublished\":\"2022-05-15T12:00:50+00:00\",\"dateModified\":\"2024-05-13T12:21:39+00:00\",\"description\":\"Le masque Sunny Sfaction est id\u00e9al pour nourrir et r\u00e9parer en profondeur les cheveux stress\u00e9s par le soleil, le sel ou le chlore.\",\"breadcrumb\":{\"@id\":\"https:\/\/paulrivera.it\/fr\/prodotti\/soins\/sunny-sfaction-cheveux-exposes-au-soleil\/sunny-sfaction-masque-apres-soleil\/#breadcrumb\"},\"inLanguage\":\"fr-FR\",\"potentialAction\":[{\"@type\":\"ReadAction\",\"target\":[\"https:\/\/paulrivera.it\/fr\/prodotti\/soins\/sunny-sfaction-cheveux-exposes-au-soleil\/sunny-sfaction-masque-apres-soleil\/\"]}]},{\"@type\":\"ImageObject\",\"inLanguage\":\"fr-FR\",\"@id\":\"https:\/\/paulrivera.it\/fr\/prodotti\/soins\/sunny-sfaction-cheveux-exposes-au-soleil\/sunny-sfaction-masque-apres-soleil\/#primaryimage\",\"url\":\"https:\/\/paulrivera.it\/wp-content\/uploads\/2022\/03\/604958_paul_rivera_sunny_sfaction_mask_200ml.png\",\"contentUrl\":\"https:\/\/paulrivera.it\/wp-content\/uploads\/2022\/03\/604958_paul_rivera_sunny_sfaction_mask_200ml.png\",\"width\":800,\"height\":800},{\"@type\":\"BreadcrumbList\",\"@id\":\"https:\/\/paulrivera.it\/fr\/prodotti\/soins\/sunny-sfaction-cheveux-exposes-au-soleil\/sunny-sfaction-masque-apres-soleil\/#breadcrumb\",\"itemListElement\":[{\"@type\":\"ListItem\",\"position\":1,\"name\":\"Home\",\"item\":\"https:\/\/paulrivera.it\/fr\/\"},{\"@type\":\"ListItem\",\"position\":2,\"name\":\"Pagina shop\",\"item\":\"https:\/\/paulrivera.it\/prodotti\/\"},{\"@type\":\"ListItem\",\"position\":3,\"name\":\"Sunny Sfaction &#8211; Masque apr\u00e8s-soleil\"}]},{\"@type\":\"WebSite\",\"@id\":\"https:\/\/paulrivera.it\/fr\/#website\",\"url\":\"https:\/\/paulrivera.it\/fr\/\",\"name\":\"Paul Rivera\",\"description\":\"Hair Beauty Celebration\",\"publisher\":{\"@id\":\"https:\/\/paulrivera.it\/fr\/#organization\"},\"potentialAction\":[{\"@type\":\"SearchAction\",\"target\":{\"@type\":\"EntryPoint\",\"urlTemplate\":\"https:\/\/paulrivera.it\/fr\/?s={search_term_string}\"},\"query-input\":{\"@type\":\"PropertyValueSpecification\",\"valueRequired\":true,\"valueName\":\"search_term_string\"}}],\"inLanguage\":\"fr-FR\"},{\"@type\":\"Organization\",\"@id\":\"https:\/\/paulrivera.it\/fr\/#organization\",\"name\":\"Paul Rivera\",\"url\":\"https:\/\/paulrivera.it\/fr\/\",\"logo\":{\"@type\":\"ImageObject\",\"inLanguage\":\"fr-FR\",\"@id\":\"https:\/\/paulrivera.it\/fr\/#\/schema\/logo\/image\/\",\"url\":\"https:\/\/paulrivera.it\/wp-content\/uploads\/2020\/02\/paul_rivera_logo_header_x2.png\",\"contentUrl\":\"https:\/\/paulrivera.it\/wp-content\/uploads\/2020\/02\/paul_rivera_logo_header_x2.png\",\"width\":470,\"height\":60,\"caption\":\"Paul Rivera\"},\"image\":{\"@id\":\"https:\/\/paulrivera.it\/fr\/#\/schema\/logo\/image\/\"}}]}<\/script>\n<!-- \/ Yoast SEO plugin. -->","yoast_head_json":{"title":"Sunny Sfaction - Masque apr\u00e8s-soleil","description":"Le masque Sunny Sfaction est id\u00e9al pour nourrir et r\u00e9parer en profondeur les cheveux stress\u00e9s par le soleil, le sel ou le chlore.","robots":{"index":"index","follow":"follow","max-snippet":"max-snippet:-1","max-image-preview":"max-image-preview:large","max-video-preview":"max-video-preview:-1"},"canonical":"https:\/\/paulrivera.it\/fr\/prodotti\/soins\/sunny-sfaction-cheveux-exposes-au-soleil\/sunny-sfaction-masque-apres-soleil\/","og_locale":"fr_FR","og_type":"article","og_title":"Sunny Sfaction - Masque apr\u00e8s-soleil","og_description":"Le masque Sunny Sfaction est id\u00e9al pour nourrir et r\u00e9parer en profondeur les cheveux stress\u00e9s par le soleil, le sel ou le chlore.","og_url":"https:\/\/paulrivera.it\/fr\/prodotti\/soins\/sunny-sfaction-cheveux-exposes-au-soleil\/sunny-sfaction-masque-apres-soleil\/","og_site_name":"Paul Rivera","article_modified_time":"2024-05-13T12:21:39+00:00","og_image":[{"width":800,"height":800,"url":"https:\/\/paulrivera.it\/wp-content\/uploads\/2022\/03\/604958_paul_rivera_sunny_sfaction_mask_200ml.png","type":"image\/png"}],"twitter_card":"summary_large_image","twitter_misc":{"Est. reading time":"3 minutes"},"schema":{"@context":"https:\/\/schema.org","@graph":[{"@type":"WebPage","@id":"https:\/\/paulrivera.it\/fr\/prodotti\/soins\/sunny-sfaction-cheveux-exposes-au-soleil\/sunny-sfaction-masque-apres-soleil\/","url":"https:\/\/paulrivera.it\/fr\/prodotti\/soins\/sunny-sfaction-cheveux-exposes-au-soleil\/sunny-sfaction-masque-apres-soleil\/","name":"Sunny Sfaction - Masque apr\u00e8s-soleil","isPartOf":{"@id":"https:\/\/paulrivera.it\/fr\/#website"},"primaryImageOfPage":{"@id":"https:\/\/paulrivera.it\/fr\/prodotti\/soins\/sunny-sfaction-cheveux-exposes-au-soleil\/sunny-sfaction-masque-apres-soleil\/#primaryimage"},"image":{"@id":"https:\/\/paulrivera.it\/fr\/prodotti\/soins\/sunny-sfaction-cheveux-exposes-au-soleil\/sunny-sfaction-masque-apres-soleil\/#primaryimage"},"thumbnailUrl":"https:\/\/paulrivera.it\/wp-content\/uploads\/2022\/03\/604958_paul_rivera_sunny_sfaction_mask_200ml.png","datePublished":"2022-05-15T12:00:50+00:00","dateModified":"2024-05-13T12:21:39+00:00","description":"Le masque Sunny Sfaction est id\u00e9al pour nourrir et r\u00e9parer en profondeur les cheveux stress\u00e9s par le soleil, le sel ou le chlore.","breadcrumb":{"@id":"https:\/\/paulrivera.it\/fr\/prodotti\/soins\/sunny-sfaction-cheveux-exposes-au-soleil\/sunny-sfaction-masque-apres-soleil\/#breadcrumb"},"inLanguage":"fr-FR","potentialAction":[{"@type":"ReadAction","target":["https:\/\/paulrivera.it\/fr\/prodotti\/soins\/sunny-sfaction-cheveux-exposes-au-soleil\/sunny-sfaction-masque-apres-soleil\/"]}]},{"@type":"ImageObject","inLanguage":"fr-FR","@id":"https:\/\/paulrivera.it\/fr\/prodotti\/soins\/sunny-sfaction-cheveux-exposes-au-soleil\/sunny-sfaction-masque-apres-soleil\/#primaryimage","url":"https:\/\/paulrivera.it\/wp-content\/uploads\/2022\/03\/604958_paul_rivera_sunny_sfaction_mask_200ml.png","contentUrl":"https:\/\/paulrivera.it\/wp-content\/uploads\/2022\/03\/604958_paul_rivera_sunny_sfaction_mask_200ml.png","width":800,"height":800},{"@type":"BreadcrumbList","@id":"https:\/\/paulrivera.it\/fr\/prodotti\/soins\/sunny-sfaction-cheveux-exposes-au-soleil\/sunny-sfaction-masque-apres-soleil\/#breadcrumb","itemListElement":[{"@type":"ListItem","position":1,"name":"Home","item":"https:\/\/paulrivera.it\/fr\/"},{"@type":"ListItem","position":2,"name":"Pagina shop","item":"https:\/\/paulrivera.it\/prodotti\/"},{"@type":"ListItem","position":3,"name":"Sunny Sfaction &#8211; Masque apr\u00e8s-soleil"}]},{"@type":"WebSite","@id":"https:\/\/paulrivera.it\/fr\/#website","url":"https:\/\/paulrivera.it\/fr\/","name":"Paul Rivera","description":"Hair Beauty Celebration","publisher":{"@id":"https:\/\/paulrivera.it\/fr\/#organization"},"potentialAction":[{"@type":"SearchAction","target":{"@type":"EntryPoint","urlTemplate":"https:\/\/paulrivera.it\/fr\/?s={search_term_string}"},"query-input":{"@type":"PropertyValueSpecification","valueRequired":true,"valueName":"search_term_string"}}],"inLanguage":"fr-FR"},{"@type":"Organization","@id":"https:\/\/paulrivera.it\/fr\/#organization","name":"Paul Rivera","url":"https:\/\/paulrivera.it\/fr\/","logo":{"@type":"ImageObject","inLanguage":"fr-FR","@id":"https:\/\/paulrivera.it\/fr\/#\/schema\/logo\/image\/","url":"https:\/\/paulrivera.it\/wp-content\/uploads\/2020\/02\/paul_rivera_logo_header_x2.png","contentUrl":"https:\/\/paulrivera.it\/wp-content\/uploads\/2020\/02\/paul_rivera_logo_header_x2.png","width":470,"height":60,"caption":"Paul Rivera"},"image":{"@id":"https:\/\/paulrivera.it\/fr\/#\/schema\/logo\/image\/"}}]}},"_links":{"self":[{"href":"https:\/\/paulrivera.it\/fr\/wp-json\/wp\/v2\/product\/10615","targetHints":{"allow":["GET"]}}],"collection":[{"href":"https:\/\/paulrivera.it\/fr\/wp-json\/wp\/v2\/product"}],"about":[{"href":"https:\/\/paulrivera.it\/fr\/wp-json\/wp\/v2\/types\/product"}],"wp:featuredmedia":[{"embeddable":true,"href":"https:\/\/paulrivera.it\/fr\/wp-json\/wp\/v2\/media\/9981"}],"wp:attachment":[{"href":"https:\/\/paulrivera.it\/fr\/wp-json\/wp\/v2\/media?parent=10615"}],"wp:term":[{"taxonomy":"product_brand","embeddable":true,"href":"https:\/\/paulrivera.it\/fr\/wp-json\/wp\/v2\/product_brand?post=10615"},{"taxonomy":"product_cat","embeddable":true,"href":"https:\/\/paulrivera.it\/fr\/wp-json\/wp\/v2\/product_cat?post=10615"},{"taxonomy":"product_tag","embeddable":true,"href":"https:\/\/paulrivera.it\/fr\/wp-json\/wp\/v2\/product_tag?post=10615"}],"curies":[{"name":"wp","href":"https:\/\/api.w.org\/{rel}","templated":true}]}}