{"id":10731,"date":"2020-02-18T09:39:32","date_gmt":"2020-02-18T08:39:32","guid":{"rendered":"https:\/\/paulrivera.it\/product\/activize-soin-en-ampoule-pour-prevenir-la-chute-des-cheveux\/"},"modified":"2024-05-13T14:49:48","modified_gmt":"2024-05-13T12:49:48","slug":"activize-soin-en-ampoule-pour-prevenir-la-chute-des-cheveux","status":"publish","type":"product","link":"https:\/\/paulrivera.it\/fr\/prodotti\/soins\/activize-cheveux-fragiles\/activize-soin-en-ampoule-pour-prevenir-la-chute-des-cheveux\/","title":{"rendered":"Activize \u2013 Soin en ampoule pour pr\u00e9venir la chute des cheveux"},"content":{"rendered":"<div class=\"wpb-content-wrapper\"><p>[vc_row full_width=&#8221;stretch_row&#8221;][vc_column][vc_row_inner el_id=&#8221;desktop&#8221;][vc_column_inner width=&#8221;1\/2&#8243; css=&#8221;.vc_custom_1582194227194{padding-top: 10% !important;padding-right: 10% !important;padding-bottom: 10% !important;padding-left: 30% !important;}&#8221; offset=&#8221;vc_hidden-md vc_hidden-sm vc_hidden-xs&#8221;][vc_column_text]<\/p>\n<h1><strong>Vous allez adorer ce soin car<\/strong><\/h1>\n<ul>\n<li style=\"font-weight: 400;\" aria-level=\"1\"><span style=\"font-weight: 400;\">Il renforce les cheveux fragiles<\/span><\/li>\n<li style=\"font-weight: 400;\" aria-level=\"1\"><span style=\"font-weight: 400;\">Il lutte contre l\u2019affaiblissement<\/span><\/li>\n<li style=\"font-weight: 400;\" aria-level=\"1\"><span style=\"font-weight: 400;\">Il constitue une solution efficace pour pr\u00e9venir la chute des cheveux<\/span><\/li>\n<li style=\"font-weight: 400;\" aria-level=\"1\"><span style=\"font-weight: 400;\">Il stimule la microcirculation<\/span><\/li>\n<\/ul>\n<p>[\/vc_column_text][vc_column_text]<\/p>\n<h1><strong>Les principes actifs de la formule<\/strong><\/h1>\n<ul>\n<li style=\"font-weight: 400;\" aria-level=\"1\"><span style=\"font-weight: 400;\">Cannelle : elle stimule le cuir chevelu, favorise la circulation et poss\u00e8de des propri\u00e9t\u00e9s antimicrobiennes qui pr\u00e9viennent l&#8217;accumulation sur les follicules de la plaque qui emp\u00eache les cheveux de pousser.<\/span><\/li>\n<li style=\"font-weight: 400;\" aria-level=\"1\"><span style=\"font-weight: 400;\">Sauge : elle constitue un apport d&#8217;\u00e9nergie intense pour les cheveux, gr\u00e2ce \u00e0 ses propri\u00e9t\u00e9s stimulantes et \u00e0 sa capacit\u00e9 \u00e0 r\u00e9activer la circulation sanguine localis\u00e9e.<\/span><\/li>\n<li style=\"font-weight: 400;\" aria-level=\"1\"><span style=\"font-weight: 400;\">Ginkgo Biloba : tr\u00e8s riche en sels min\u00e9raux et en vitamines, il active les \u00e9changes intercellulaires et favorise l&#8217;irrigation des follicules pileux, en stimulant la microcirculation sanguine.<\/span><\/li>\n<\/ul>\n<p>[\/vc_column_text][vc_column_text]<\/p>\n<h1><strong>Mode d&#8217;emploi<\/strong><\/h1>\n<p><span style=\"font-weight: 400;\">Apr\u00e8s avoir utilis\u00e9 le<\/span><span style=\"font-weight: 400;\"> shampoing \u00e9nergisant<\/span><span style=\"font-weight: 400;\"> Activize, appliquez la lotion sur le cuir chevelu. Massez en effectuant des mouvements circulaires jusqu&#8217;\u00e0 compl\u00e8te absorption. Ne rincez pas.<\/span><\/p>\n<p><span style=\"font-weight: 400;\">Apr\u00e8s avoir utilis\u00e9 le<\/span><span style=\"font-weight: 400;\"> shampoing \u00e9nergisant<\/span><span style=\"font-weight: 400;\"> Activize, appliquez la lotion sur le cuir chevelu. Massez en effectuant des mouvements circulaires jusqu&#8217;\u00e0 compl\u00e8te absorption. Ne rincez pas.<\/span><\/p>\n<p><strong>Fr\u00e9quence d&#8217;utilisation<\/strong><\/p>\n<p><span style=\"font-weight: 400;\">Soin intensif : 3 ampoules par semaine pendant 5 \u00e0 6 semaines<\/span><\/p>\n<p><span style=\"font-weight: 400;\">Entretien\/Pr\u00e9vention : 1 \u00e0 2 ampoules par semaine pendant 8 semaines<\/span>[\/vc_column_text][\/vc_column_inner][vc_column_inner width=&#8221;1\/2&#8243; css=&#8221;.vc_custom_1592902091407{background-color: #e2585a !important;background-position: center !important;background-repeat: no-repeat !important;background-size: cover !important;}&#8221; offset=&#8221;vc_hidden-md vc_hidden-sm vc_hidden-xs&#8221;][vc_empty_space height=&#8221;100px&#8221;][vc_single_image image=&#8221;9874&#8243; img_size=&#8221;large&#8221; alignment=&#8221;center&#8221;][vc_empty_space height=&#8221;100px&#8221;][\/vc_column_inner][\/vc_row_inner][vc_row_inner el_id=&#8221;tablet&#8221;][vc_column_inner offset=&#8221;vc_hidden-lg vc_hidden-xs&#8221;][vc_column_text]<\/p>\n<h1><strong>Vous allez adorer ce soin car<\/strong><\/h1>\n<ul>\n<li style=\"font-weight: 400;\" aria-level=\"1\"><span style=\"font-weight: 400;\">Il renforce les cheveux fragiles<\/span><\/li>\n<li style=\"font-weight: 400;\" aria-level=\"1\"><span style=\"font-weight: 400;\">Il lutte contre l\u2019affaiblissement<\/span><\/li>\n<li style=\"font-weight: 400;\" aria-level=\"1\"><span style=\"font-weight: 400;\">Il constitue une solution efficace pour pr\u00e9venir la chute des cheveux<\/span><\/li>\n<li style=\"font-weight: 400;\" aria-level=\"1\"><span style=\"font-weight: 400;\">Il stimule la microcirculation<\/span><\/li>\n<\/ul>\n<p>[\/vc_column_text][vc_column_text]<\/p>\n<h1><strong>Les principes actifs de la formule<\/strong><\/h1>\n<ul>\n<li style=\"font-weight: 400;\" aria-level=\"1\"><span style=\"font-weight: 400;\">Cannelle : elle stimule le cuir chevelu, favorise la circulation et poss\u00e8de des propri\u00e9t\u00e9s antimicrobiennes qui pr\u00e9viennent l&#8217;accumulation sur les follicules de la plaque qui emp\u00eache les cheveux de pousser.<\/span><\/li>\n<li style=\"font-weight: 400;\" aria-level=\"1\"><span style=\"font-weight: 400;\">Sauge : elle constitue un apport d&#8217;\u00e9nergie intense pour les cheveux, gr\u00e2ce \u00e0 ses propri\u00e9t\u00e9s stimulantes et \u00e0 sa capacit\u00e9 \u00e0 r\u00e9activer la circulation sanguine localis\u00e9e.<\/span><\/li>\n<li style=\"font-weight: 400;\" aria-level=\"1\"><span style=\"font-weight: 400;\">Ginkgo Biloba : tr\u00e8s riche en sels min\u00e9raux et en vitamines, il active les \u00e9changes intercellulaires et favorise l&#8217;irrigation des follicules pileux, en stimulant la microcirculation sanguine.<\/span><\/li>\n<\/ul>\n<p>[\/vc_column_text][vc_column_text]<\/p>\n<h1><strong>Mode d&#8217;emploi<\/strong><\/h1>\n<p><span style=\"font-weight: 400;\">Apr\u00e8s avoir utilis\u00e9 le<\/span><span style=\"font-weight: 400;\"> shampoing \u00e9nergisant<\/span><span style=\"font-weight: 400;\"> Activize, appliquez la lotion sur le cuir chevelu. Massez en effectuant des mouvements circulaires jusqu&#8217;\u00e0 compl\u00e8te absorption. Ne rincez pas.<\/span><\/p>\n<p><span style=\"font-weight: 400;\">Apr\u00e8s avoir utilis\u00e9 le<\/span><span style=\"font-weight: 400;\"> shampoing \u00e9nergisant<\/span><span style=\"font-weight: 400;\"> Activize, appliquez la lotion sur le cuir chevelu. Massez en effectuant des mouvements circulaires jusqu&#8217;\u00e0 compl\u00e8te absorption. Ne rincez pas.<\/span><\/p>\n<p><strong>Fr\u00e9quence d&#8217;utilisation<\/strong><\/p>\n<p><span style=\"font-weight: 400;\">Soin intensif : 3 ampoules par semaine pendant 5 \u00e0 6 semaines<\/span><\/p>\n<p><span style=\"font-weight: 400;\">Entretien\/Pr\u00e9vention : 1 \u00e0 2 ampoules par semaine pendant 8 semaines<\/span>[\/vc_column_text][\/vc_column_inner][\/vc_row_inner][vc_row_inner el_id=&#8221;mobile&#8221;][vc_column_inner width=&#8221;1\/2&#8243; offset=&#8221;vc_hidden-lg vc_hidden-md vc_hidden-sm&#8221;][vc_column_text]<\/p>\n<h1><strong>Vous allez adorer ce soin car<\/strong><\/h1>\n<ul>\n<li style=\"font-weight: 400;\" aria-level=\"1\"><span style=\"font-weight: 400;\">Il renforce les cheveux fragiles<\/span><\/li>\n<li style=\"font-weight: 400;\" aria-level=\"1\"><span style=\"font-weight: 400;\">Il lutte contre l\u2019affaiblissement<\/span><\/li>\n<li style=\"font-weight: 400;\" aria-level=\"1\"><span style=\"font-weight: 400;\">Il constitue une solution efficace pour pr\u00e9venir la chute des cheveux<\/span><\/li>\n<li style=\"font-weight: 400;\" aria-level=\"1\"><span style=\"font-weight: 400;\">Il stimule la microcirculation<\/span><\/li>\n<\/ul>\n<p>[\/vc_column_text][vc_column_text]<\/p>\n<h1><strong>Les principes actifs de la formule<\/strong><\/h1>\n<ul>\n<li style=\"font-weight: 400;\" aria-level=\"1\"><span style=\"font-weight: 400;\">Cannelle : elle stimule le cuir chevelu, favorise la circulation et poss\u00e8de des propri\u00e9t\u00e9s antimicrobiennes qui pr\u00e9viennent l&#8217;accumulation sur les follicules de la plaque qui emp\u00eache les cheveux de pousser.<\/span><\/li>\n<li style=\"font-weight: 400;\" aria-level=\"1\"><span style=\"font-weight: 400;\">Sauge : elle constitue un apport d&#8217;\u00e9nergie intense pour les cheveux, gr\u00e2ce \u00e0 ses propri\u00e9t\u00e9s stimulantes et \u00e0 sa capacit\u00e9 \u00e0 r\u00e9activer la circulation sanguine localis\u00e9e.<\/span><\/li>\n<li style=\"font-weight: 400;\" aria-level=\"1\"><span style=\"font-weight: 400;\">Ginkgo Biloba : tr\u00e8s riche en sels min\u00e9raux et en vitamines, il active les \u00e9changes intercellulaires et favorise l&#8217;irrigation des follicules pileux, en stimulant la microcirculation sanguine.<\/span><\/li>\n<\/ul>\n<p>[\/vc_column_text][vc_column_text]<\/p>\n<h1><strong>Mode d&#8217;emploi<\/strong><\/h1>\n<p><span style=\"font-weight: 400;\">Apr\u00e8s avoir utilis\u00e9 le<\/span><span style=\"font-weight: 400;\"> shampoing \u00e9nergisant<\/span><span style=\"font-weight: 400;\"> Activize, appliquez la lotion sur le cuir chevelu. Massez en effectuant des mouvements circulaires jusqu&#8217;\u00e0 compl\u00e8te absorption. Ne rincez pas.<\/span><\/p>\n<p><span style=\"font-weight: 400;\">Apr\u00e8s avoir utilis\u00e9 le<\/span><span style=\"font-weight: 400;\"> shampoing \u00e9nergisant<\/span><span style=\"font-weight: 400;\"> Activize, appliquez la lotion sur le cuir chevelu. Massez en effectuant des mouvements circulaires jusqu&#8217;\u00e0 compl\u00e8te absorption. Ne rincez pas.<\/span><\/p>\n<p><strong>Fr\u00e9quence d&#8217;utilisation<\/strong><\/p>\n<p><span style=\"font-weight: 400;\">Soin intensif : 3 ampoules par semaine pendant 5 \u00e0 6 semaines<\/span><\/p>\n<p><span style=\"font-weight: 400;\">Entretien\/Pr\u00e9vention : 1 \u00e0 2 ampoules par semaine pendant 8 semaines<\/span>[\/vc_column_text][\/vc_column_inner][vc_column_inner width=&#8221;1\/2&#8243; css=&#8221;.vc_custom_1592902097550{background-color: #e2585a !important;background-position: center !important;background-repeat: no-repeat !important;background-size: cover !important;}&#8221; offset=&#8221;vc_hidden-lg vc_hidden-md vc_hidden-sm&#8221;][vc_single_image image=&#8221;9874&#8243; img_size=&#8221;large&#8221; alignment=&#8221;center&#8221;][\/vc_column_inner][\/vc_row_inner][\/vc_column][\/vc_row][vc_row css=&#8221;.vc_custom_1582192829011{padding-top: 50px !important;}&#8221;][vc_column][vc_row_inner][vc_column_inner][vc_column_text]<\/p>\n<h1 style=\"text-align: center;\">Vous aimerez aussi<\/h1>\n<p>[\/vc_column_text][\/vc_column_inner][\/vc_row_inner][vc_raw_html]W3dwYi1wcm9kdWN0LXNsaWRlci1zaG9ydGNvZGUgaWQ9IjIyOSJd[\/vc_raw_html][\/vc_column][\/vc_row]<\/p>\n<\/div>","protected":false},"excerpt":{"rendered":"<p><span style=\"font-weight: 400;\">Le soin Activize en ampoule est indiqu\u00e9 pour les <strong>cheveux particuli\u00e8rement fragiles<\/strong> ayant tendance \u00e0 tomber. Ses propri\u00e9t\u00e9s stimulantes et tonifiantes sont lib\u00e9r\u00e9es par <strong>une formule riche en principes actifs<\/strong> extr\u00eamement efficaces pour pr\u00e9venir et <strong>combattre la chute des cheveux.<\/strong><\/span><\/p>\n<p><span style=\"font-weight: 400;\"><strong>La cannelle, la sauge et le ginkgo biloba<\/strong> am\u00e9liorent la microcirculation du cuir chevelu, favorisent le cycle de vie naturel des cheveux en stimulant leur repousse et en luttant contre leur affaiblissement. L&#8217;efficacit\u00e9 et la tol\u00e9rance du soin contre la chute des cheveux sont <strong>test\u00e9es cliniquement.<\/strong><\/span><\/p>\n<p><span style=\"font-weight: 400;\">12 ampoules de 8 ml<\/span><\/p>\n<p>&nbsp;<\/p>\n[maxbutton id=\"5\"]\n","protected":false},"featured_media":9877,"template":"","meta":[],"product_brand":[],"product_cat":[1314],"product_tag":[],"class_list":{"0":"post-10731","1":"product","2":"type-product","3":"status-publish","4":"has-post-thumbnail","6":"product_cat-activize-cheveux-fragiles","7":"description-off","9":"first","10":"instock","11":"shipping-taxable","12":"product-type-simple"},"yoast_head":"<!-- This site is optimized with the Yoast SEO plugin v27.2 - https:\/\/yoast.com\/product\/yoast-seo-wordpress\/ -->\n<title>Activize \u2013 Soin en ampoule pour pr\u00e9venir la chute des cheveux<\/title>\n<meta name=\"description\" content=\"Le soin Activize en ampoule est indiqu\u00e9 pour les cheveux particuli\u00e8rement fragiles ayant tendance \u00e0 tomber.\" \/>\n<meta name=\"robots\" content=\"index, follow, max-snippet:-1, max-image-preview:large, max-video-preview:-1\" \/>\n<link rel=\"canonical\" href=\"https:\/\/paulrivera.it\/fr\/prodotti\/soins\/activize-cheveux-fragiles\/activize-soin-en-ampoule-pour-prevenir-la-chute-des-cheveux\/\" \/>\n<meta property=\"og:locale\" content=\"fr_FR\" \/>\n<meta property=\"og:type\" content=\"article\" \/>\n<meta property=\"og:title\" content=\"Activize \u2013 Soin en ampoule pour pr\u00e9venir la chute des cheveux\" \/>\n<meta property=\"og:description\" content=\"Le soin Activize en ampoule est indiqu\u00e9 pour les cheveux particuli\u00e8rement fragiles ayant tendance \u00e0 tomber.\" \/>\n<meta property=\"og:url\" content=\"https:\/\/paulrivera.it\/fr\/prodotti\/soins\/activize-cheveux-fragiles\/activize-soin-en-ampoule-pour-prevenir-la-chute-des-cheveux\/\" \/>\n<meta property=\"og:site_name\" content=\"Paul Rivera\" \/>\n<meta property=\"article:modified_time\" content=\"2024-05-13T12:49:48+00:00\" \/>\n<meta property=\"og:image\" content=\"https:\/\/paulrivera.it\/wp-content\/uploads\/2020\/06\/604798_paul_rivera_activize_energizing_treatment_weak_hair.png\" \/>\n\t<meta property=\"og:image:width\" content=\"800\" \/>\n\t<meta property=\"og:image:height\" content=\"800\" \/>\n\t<meta property=\"og:image:type\" content=\"image\/png\" \/>\n<meta name=\"twitter:card\" content=\"summary_large_image\" \/>\n<meta name=\"twitter:label1\" content=\"Est. reading time\" \/>\n\t<meta name=\"twitter:data1\" content=\"5 minutes\" \/>\n<script type=\"application\/ld+json\" class=\"yoast-schema-graph\">{\"@context\":\"https:\/\/schema.org\",\"@graph\":[{\"@type\":\"WebPage\",\"@id\":\"https:\/\/paulrivera.it\/fr\/prodotti\/soins\/activize-cheveux-fragiles\/activize-soin-en-ampoule-pour-prevenir-la-chute-des-cheveux\/\",\"url\":\"https:\/\/paulrivera.it\/fr\/prodotti\/soins\/activize-cheveux-fragiles\/activize-soin-en-ampoule-pour-prevenir-la-chute-des-cheveux\/\",\"name\":\"Activize \u2013 Soin en ampoule pour pr\u00e9venir la chute des cheveux\",\"isPartOf\":{\"@id\":\"https:\/\/paulrivera.it\/fr\/#website\"},\"primaryImageOfPage\":{\"@id\":\"https:\/\/paulrivera.it\/fr\/prodotti\/soins\/activize-cheveux-fragiles\/activize-soin-en-ampoule-pour-prevenir-la-chute-des-cheveux\/#primaryimage\"},\"image\":{\"@id\":\"https:\/\/paulrivera.it\/fr\/prodotti\/soins\/activize-cheveux-fragiles\/activize-soin-en-ampoule-pour-prevenir-la-chute-des-cheveux\/#primaryimage\"},\"thumbnailUrl\":\"https:\/\/paulrivera.it\/wp-content\/uploads\/2020\/06\/604798_paul_rivera_activize_energizing_treatment_weak_hair.png\",\"datePublished\":\"2020-02-18T08:39:32+00:00\",\"dateModified\":\"2024-05-13T12:49:48+00:00\",\"description\":\"Le soin Activize en ampoule est indiqu\u00e9 pour les cheveux particuli\u00e8rement fragiles ayant tendance \u00e0 tomber.\",\"breadcrumb\":{\"@id\":\"https:\/\/paulrivera.it\/fr\/prodotti\/soins\/activize-cheveux-fragiles\/activize-soin-en-ampoule-pour-prevenir-la-chute-des-cheveux\/#breadcrumb\"},\"inLanguage\":\"fr-FR\",\"potentialAction\":[{\"@type\":\"ReadAction\",\"target\":[\"https:\/\/paulrivera.it\/fr\/prodotti\/soins\/activize-cheveux-fragiles\/activize-soin-en-ampoule-pour-prevenir-la-chute-des-cheveux\/\"]}]},{\"@type\":\"ImageObject\",\"inLanguage\":\"fr-FR\",\"@id\":\"https:\/\/paulrivera.it\/fr\/prodotti\/soins\/activize-cheveux-fragiles\/activize-soin-en-ampoule-pour-prevenir-la-chute-des-cheveux\/#primaryimage\",\"url\":\"https:\/\/paulrivera.it\/wp-content\/uploads\/2020\/06\/604798_paul_rivera_activize_energizing_treatment_weak_hair.png\",\"contentUrl\":\"https:\/\/paulrivera.it\/wp-content\/uploads\/2020\/06\/604798_paul_rivera_activize_energizing_treatment_weak_hair.png\",\"width\":800,\"height\":800},{\"@type\":\"BreadcrumbList\",\"@id\":\"https:\/\/paulrivera.it\/fr\/prodotti\/soins\/activize-cheveux-fragiles\/activize-soin-en-ampoule-pour-prevenir-la-chute-des-cheveux\/#breadcrumb\",\"itemListElement\":[{\"@type\":\"ListItem\",\"position\":1,\"name\":\"Home\",\"item\":\"https:\/\/paulrivera.it\/fr\/\"},{\"@type\":\"ListItem\",\"position\":2,\"name\":\"Pagina shop\",\"item\":\"https:\/\/paulrivera.it\/prodotti\/\"},{\"@type\":\"ListItem\",\"position\":3,\"name\":\"Activize \u2013 Soin en ampoule pour pr\u00e9venir la chute des cheveux\"}]},{\"@type\":\"WebSite\",\"@id\":\"https:\/\/paulrivera.it\/fr\/#website\",\"url\":\"https:\/\/paulrivera.it\/fr\/\",\"name\":\"Paul Rivera\",\"description\":\"Hair Beauty Celebration\",\"publisher\":{\"@id\":\"https:\/\/paulrivera.it\/fr\/#organization\"},\"potentialAction\":[{\"@type\":\"SearchAction\",\"target\":{\"@type\":\"EntryPoint\",\"urlTemplate\":\"https:\/\/paulrivera.it\/fr\/?s={search_term_string}\"},\"query-input\":{\"@type\":\"PropertyValueSpecification\",\"valueRequired\":true,\"valueName\":\"search_term_string\"}}],\"inLanguage\":\"fr-FR\"},{\"@type\":\"Organization\",\"@id\":\"https:\/\/paulrivera.it\/fr\/#organization\",\"name\":\"Paul Rivera\",\"url\":\"https:\/\/paulrivera.it\/fr\/\",\"logo\":{\"@type\":\"ImageObject\",\"inLanguage\":\"fr-FR\",\"@id\":\"https:\/\/paulrivera.it\/fr\/#\/schema\/logo\/image\/\",\"url\":\"https:\/\/paulrivera.it\/wp-content\/uploads\/2020\/02\/paul_rivera_logo_header_x2.png\",\"contentUrl\":\"https:\/\/paulrivera.it\/wp-content\/uploads\/2020\/02\/paul_rivera_logo_header_x2.png\",\"width\":470,\"height\":60,\"caption\":\"Paul Rivera\"},\"image\":{\"@id\":\"https:\/\/paulrivera.it\/fr\/#\/schema\/logo\/image\/\"}}]}<\/script>\n<!-- \/ Yoast SEO plugin. -->","yoast_head_json":{"title":"Activize \u2013 Soin en ampoule pour pr\u00e9venir la chute des cheveux","description":"Le soin Activize en ampoule est indiqu\u00e9 pour les cheveux particuli\u00e8rement fragiles ayant tendance \u00e0 tomber.","robots":{"index":"index","follow":"follow","max-snippet":"max-snippet:-1","max-image-preview":"max-image-preview:large","max-video-preview":"max-video-preview:-1"},"canonical":"https:\/\/paulrivera.it\/fr\/prodotti\/soins\/activize-cheveux-fragiles\/activize-soin-en-ampoule-pour-prevenir-la-chute-des-cheveux\/","og_locale":"fr_FR","og_type":"article","og_title":"Activize \u2013 Soin en ampoule pour pr\u00e9venir la chute des cheveux","og_description":"Le soin Activize en ampoule est indiqu\u00e9 pour les cheveux particuli\u00e8rement fragiles ayant tendance \u00e0 tomber.","og_url":"https:\/\/paulrivera.it\/fr\/prodotti\/soins\/activize-cheveux-fragiles\/activize-soin-en-ampoule-pour-prevenir-la-chute-des-cheveux\/","og_site_name":"Paul Rivera","article_modified_time":"2024-05-13T12:49:48+00:00","og_image":[{"width":800,"height":800,"url":"https:\/\/paulrivera.it\/wp-content\/uploads\/2020\/06\/604798_paul_rivera_activize_energizing_treatment_weak_hair.png","type":"image\/png"}],"twitter_card":"summary_large_image","twitter_misc":{"Est. reading time":"5 minutes"},"schema":{"@context":"https:\/\/schema.org","@graph":[{"@type":"WebPage","@id":"https:\/\/paulrivera.it\/fr\/prodotti\/soins\/activize-cheveux-fragiles\/activize-soin-en-ampoule-pour-prevenir-la-chute-des-cheveux\/","url":"https:\/\/paulrivera.it\/fr\/prodotti\/soins\/activize-cheveux-fragiles\/activize-soin-en-ampoule-pour-prevenir-la-chute-des-cheveux\/","name":"Activize \u2013 Soin en ampoule pour pr\u00e9venir la chute des cheveux","isPartOf":{"@id":"https:\/\/paulrivera.it\/fr\/#website"},"primaryImageOfPage":{"@id":"https:\/\/paulrivera.it\/fr\/prodotti\/soins\/activize-cheveux-fragiles\/activize-soin-en-ampoule-pour-prevenir-la-chute-des-cheveux\/#primaryimage"},"image":{"@id":"https:\/\/paulrivera.it\/fr\/prodotti\/soins\/activize-cheveux-fragiles\/activize-soin-en-ampoule-pour-prevenir-la-chute-des-cheveux\/#primaryimage"},"thumbnailUrl":"https:\/\/paulrivera.it\/wp-content\/uploads\/2020\/06\/604798_paul_rivera_activize_energizing_treatment_weak_hair.png","datePublished":"2020-02-18T08:39:32+00:00","dateModified":"2024-05-13T12:49:48+00:00","description":"Le soin Activize en ampoule est indiqu\u00e9 pour les cheveux particuli\u00e8rement fragiles ayant tendance \u00e0 tomber.","breadcrumb":{"@id":"https:\/\/paulrivera.it\/fr\/prodotti\/soins\/activize-cheveux-fragiles\/activize-soin-en-ampoule-pour-prevenir-la-chute-des-cheveux\/#breadcrumb"},"inLanguage":"fr-FR","potentialAction":[{"@type":"ReadAction","target":["https:\/\/paulrivera.it\/fr\/prodotti\/soins\/activize-cheveux-fragiles\/activize-soin-en-ampoule-pour-prevenir-la-chute-des-cheveux\/"]}]},{"@type":"ImageObject","inLanguage":"fr-FR","@id":"https:\/\/paulrivera.it\/fr\/prodotti\/soins\/activize-cheveux-fragiles\/activize-soin-en-ampoule-pour-prevenir-la-chute-des-cheveux\/#primaryimage","url":"https:\/\/paulrivera.it\/wp-content\/uploads\/2020\/06\/604798_paul_rivera_activize_energizing_treatment_weak_hair.png","contentUrl":"https:\/\/paulrivera.it\/wp-content\/uploads\/2020\/06\/604798_paul_rivera_activize_energizing_treatment_weak_hair.png","width":800,"height":800},{"@type":"BreadcrumbList","@id":"https:\/\/paulrivera.it\/fr\/prodotti\/soins\/activize-cheveux-fragiles\/activize-soin-en-ampoule-pour-prevenir-la-chute-des-cheveux\/#breadcrumb","itemListElement":[{"@type":"ListItem","position":1,"name":"Home","item":"https:\/\/paulrivera.it\/fr\/"},{"@type":"ListItem","position":2,"name":"Pagina shop","item":"https:\/\/paulrivera.it\/prodotti\/"},{"@type":"ListItem","position":3,"name":"Activize \u2013 Soin en ampoule pour pr\u00e9venir la chute des cheveux"}]},{"@type":"WebSite","@id":"https:\/\/paulrivera.it\/fr\/#website","url":"https:\/\/paulrivera.it\/fr\/","name":"Paul Rivera","description":"Hair Beauty Celebration","publisher":{"@id":"https:\/\/paulrivera.it\/fr\/#organization"},"potentialAction":[{"@type":"SearchAction","target":{"@type":"EntryPoint","urlTemplate":"https:\/\/paulrivera.it\/fr\/?s={search_term_string}"},"query-input":{"@type":"PropertyValueSpecification","valueRequired":true,"valueName":"search_term_string"}}],"inLanguage":"fr-FR"},{"@type":"Organization","@id":"https:\/\/paulrivera.it\/fr\/#organization","name":"Paul Rivera","url":"https:\/\/paulrivera.it\/fr\/","logo":{"@type":"ImageObject","inLanguage":"fr-FR","@id":"https:\/\/paulrivera.it\/fr\/#\/schema\/logo\/image\/","url":"https:\/\/paulrivera.it\/wp-content\/uploads\/2020\/02\/paul_rivera_logo_header_x2.png","contentUrl":"https:\/\/paulrivera.it\/wp-content\/uploads\/2020\/02\/paul_rivera_logo_header_x2.png","width":470,"height":60,"caption":"Paul Rivera"},"image":{"@id":"https:\/\/paulrivera.it\/fr\/#\/schema\/logo\/image\/"}}]}},"_links":{"self":[{"href":"https:\/\/paulrivera.it\/fr\/wp-json\/wp\/v2\/product\/10731","targetHints":{"allow":["GET"]}}],"collection":[{"href":"https:\/\/paulrivera.it\/fr\/wp-json\/wp\/v2\/product"}],"about":[{"href":"https:\/\/paulrivera.it\/fr\/wp-json\/wp\/v2\/types\/product"}],"wp:featuredmedia":[{"embeddable":true,"href":"https:\/\/paulrivera.it\/fr\/wp-json\/wp\/v2\/media\/9877"}],"wp:attachment":[{"href":"https:\/\/paulrivera.it\/fr\/wp-json\/wp\/v2\/media?parent=10731"}],"wp:term":[{"taxonomy":"product_brand","embeddable":true,"href":"https:\/\/paulrivera.it\/fr\/wp-json\/wp\/v2\/product_brand?post=10731"},{"taxonomy":"product_cat","embeddable":true,"href":"https:\/\/paulrivera.it\/fr\/wp-json\/wp\/v2\/product_cat?post=10731"},{"taxonomy":"product_tag","embeddable":true,"href":"https:\/\/paulrivera.it\/fr\/wp-json\/wp\/v2\/product_tag?post=10731"}],"curies":[{"name":"wp","href":"https:\/\/api.w.org\/{rel}","templated":true}]}}