{"id":10857,"date":"2024-02-28T09:54:21","date_gmt":"2024-02-28T08:54:21","guid":{"rendered":"https:\/\/paulrivera.it\/?post_type=product&#038;p=10857"},"modified":"2024-05-13T14:08:09","modified_gmt":"2024-05-13T12:08:09","slug":"curlicious-mousse-assouplissante","status":"publish","type":"product","link":"https:\/\/paulrivera.it\/fr\/prodotti\/finish-styling-fr\/curlicious-mousse-assouplissante\/","title":{"rendered":"Curlicious &#8211; Mousse Assouplissante"},"content":{"rendered":"<div class=\"wpb-content-wrapper\"><p>[vc_row full_width=&#8221;stretch_row&#8221;][vc_column][vc_row_inner el_id=&#8221;desktop&#8221;][vc_column_inner width=&#8221;1\/2&#8243; css=&#8221;.vc_custom_1582194227194{padding-top: 10% !important;padding-right: 10% !important;padding-bottom: 10% !important;padding-left: 30% !important;}&#8221; offset=&#8221;vc_hidden-md vc_hidden-sm vc_hidden-xs&#8221;][vc_column_text]<\/p>\n<h1>Les bonnes raisons de l\u2019aimer<\/h1>\n<ul>\n<li style=\"font-weight: 400;\" aria-level=\"1\"><span style=\"font-weight: 400;\">Elle n&#8217;alourdit pas les cheveux<\/span><\/li>\n<li style=\"font-weight: 400;\" aria-level=\"1\"><span style=\"font-weight: 400;\">Elle hydrate en profondeur les cheveux, tout en pr\u00e9servant leur douceur et leur vigueur<\/span><\/li>\n<li style=\"font-weight: 400;\" aria-level=\"1\"><span style=\"font-weight: 400;\">Elle assure une tenue qui dure toute la journ\u00e9e<\/span><\/li>\n<\/ul>\n<p>[\/vc_column_text][vc_column_text]<\/p>\n<h1>Les principes actifs de la formule<\/h1>\n<ul>\n<li style=\"font-weight: 400;\" aria-level=\"1\"><b>Extraits de cam\u00e9lia<\/b><span style=\"font-weight: 400;\"> : riches en antioxydants, ils aident \u00e0 maintenir l&#8217;hydratation naturelle des cheveux, et r\u00e9duisent les frisottis.<\/span><\/li>\n<li style=\"font-weight: 400;\" aria-level=\"1\"><b>Extraits de bl\u00e9<\/b> : ils aident \u00e0 renforcer la structure du cheveu, le rendent plus r\u00e9sistant \u00e0 la casse et \u00e0 la perte d&#8217;\u00e9lasticit\u00e9.<\/li>\n<\/ul>\n<p>[\/vc_column_text][vc_column_text]<\/p>\n<h1>Mode d\u2019emploi<\/h1>\n<p><span style=\"font-weight: 400;\">Agitez avant utilisation et appliquez de 1 \u00e0 3 noix de produits sur les cheveux humides. Proc\u00e9dez au s\u00e9chage.<\/span>[\/vc_column_text][\/vc_column_inner][vc_column_inner width=&#8221;1\/2&#8243; css=&#8221;.vc_custom_1709110570462{background-image: url(https:\/\/paulrivera.it\/wp-content\/uploads\/2024\/02\/background_adv_produc_curlicius.png?id=10833) !important;background-position: center !important;background-repeat: no-repeat !important;background-size: cover !important;}&#8221; offset=&#8221;vc_hidden-md vc_hidden-sm vc_hidden-xs&#8221;][vc_single_image image=&#8221;10843&#8243; img_size=&#8221;large&#8221; alignment=&#8221;center&#8221;][\/vc_column_inner][\/vc_row_inner][vc_row_inner el_id=&#8221;tablet&#8221;][vc_column_inner offset=&#8221;vc_hidden-lg vc_hidden-xs&#8221;][vc_column_text]<\/p>\n<h1>Les bonnes raisons de l\u2019aimer<\/h1>\n<ul>\n<li style=\"font-weight: 400;\" aria-level=\"1\"><span style=\"font-weight: 400;\">Elle n&#8217;alourdit pas les cheveux<\/span><\/li>\n<li style=\"font-weight: 400;\" aria-level=\"1\"><span style=\"font-weight: 400;\">Elle hydrate en profondeur les cheveux, tout en pr\u00e9servant leur douceur et leur vigueur<\/span><\/li>\n<li style=\"font-weight: 400;\" aria-level=\"1\"><span style=\"font-weight: 400;\">Elle assure une tenue qui dure toute la journ\u00e9e<\/span><\/li>\n<\/ul>\n<p>[\/vc_column_text][vc_column_text]<\/p>\n<h1>Les principes actifs de la formule<\/h1>\n<ul>\n<li style=\"font-weight: 400;\" aria-level=\"1\"><b>Extraits de cam\u00e9lia<\/b><span style=\"font-weight: 400;\"> : riches en antioxydants, ils aident \u00e0 maintenir l&#8217;hydratation naturelle des cheveux, et r\u00e9duisent les frisottis.<\/span><\/li>\n<li style=\"font-weight: 400;\" aria-level=\"1\"><b>Extraits de bl\u00e9<\/b> : ils aident \u00e0 renforcer la structure du cheveu, le rendent plus r\u00e9sistant \u00e0 la casse et \u00e0 la perte d&#8217;\u00e9lasticit\u00e9.<\/li>\n<\/ul>\n<p>[\/vc_column_text][vc_column_text]<\/p>\n<h1>Mode d\u2019emploi<\/h1>\n<p><span style=\"font-weight: 400;\">Agitez avant utilisation et appliquez de 1 \u00e0 3 noix de produits sur les cheveux humides. Proc\u00e9dez au s\u00e9chage.<\/span>[\/vc_column_text][\/vc_column_inner][\/vc_row_inner][vc_row_inner el_id=&#8221;mobile&#8221;][vc_column_inner width=&#8221;1\/2&#8243; offset=&#8221;vc_hidden-lg vc_hidden-md vc_hidden-sm&#8221;][vc_column_text]<\/p>\n<h1>Les bonnes raisons de l\u2019aimer<\/h1>\n<ul>\n<li style=\"font-weight: 400;\" aria-level=\"1\"><span style=\"font-weight: 400;\">Elle n&#8217;alourdit pas les cheveux<\/span><\/li>\n<li style=\"font-weight: 400;\" aria-level=\"1\"><span style=\"font-weight: 400;\">Elle hydrate en profondeur les cheveux, tout en pr\u00e9servant leur douceur et leur vigueur<\/span><\/li>\n<li style=\"font-weight: 400;\" aria-level=\"1\"><span style=\"font-weight: 400;\">Elle assure une tenue qui dure toute la journ\u00e9e<\/span><\/li>\n<\/ul>\n<p>[\/vc_column_text][vc_column_text]<\/p>\n<h1>Les principes actifs de la formule<\/h1>\n<ul>\n<li style=\"font-weight: 400;\" aria-level=\"1\"><b>Extraits de cam\u00e9lia<\/b><span style=\"font-weight: 400;\"> : riches en antioxydants, ils aident \u00e0 maintenir l&#8217;hydratation naturelle des cheveux, et r\u00e9duisent les frisottis.<\/span><\/li>\n<li style=\"font-weight: 400;\" aria-level=\"1\"><b>Extraits de bl\u00e9<\/b> : ils aident \u00e0 renforcer la structure du cheveu, le rendent plus r\u00e9sistant \u00e0 la casse et \u00e0 la perte d&#8217;\u00e9lasticit\u00e9.<\/li>\n<\/ul>\n<p>[\/vc_column_text][vc_column_text]<\/p>\n<h1>Mode d\u2019emploi<\/h1>\n<p><span style=\"font-weight: 400;\">Agitez avant utilisation et appliquez de 1 \u00e0 3 noix de produits sur les cheveux humides. Proc\u00e9dez au s\u00e9chage.<\/span>[\/vc_column_text][\/vc_column_inner][vc_column_inner width=&#8221;1\/2&#8243; css=&#8221;.vc_custom_1709110792184{background-image: url(https:\/\/paulrivera.it\/wp-content\/uploads\/2024\/02\/background_adv_produc_curlicius.png?id=10833) !important;background-position: center !important;background-repeat: no-repeat !important;background-size: cover !important;}&#8221; offset=&#8221;vc_hidden-lg vc_hidden-md vc_hidden-sm&#8221;][vc_single_image image=&#8221;10843&#8243; img_size=&#8221;large&#8221; alignment=&#8221;center&#8221;][\/vc_column_inner][\/vc_row_inner][\/vc_column][\/vc_row][vc_row css=&#8221;.vc_custom_1582192829011{padding-top: 50px !important;}&#8221;][vc_column][vc_row_inner][vc_column_inner][vc_column_text]<\/p>\n<h1 style=\"text-align: center;\">Vous aimerez aussi<\/h1>\n<p>[\/vc_column_text][\/vc_column_inner][\/vc_row_inner][vc_raw_html]W3dwYi1wcm9kdWN0LXNsaWRlci1zaG9ydGNvZGUgaWQ9IjE4MSJd[\/vc_raw_html][\/vc_column][\/vc_row]<\/p>\n<\/div>","protected":false},"excerpt":{"rendered":"<p><span style=\"font-weight: 400;\">Faites <\/span><b>briller vos boucles<\/b><span style=\"font-weight: 400;\"> gr\u00e2ce \u00e0 la mousse Curlicious. Sa formule enrichie en extraits de cam\u00e9lia et en extraits de bl\u00e9 <\/span><b>donne de la d\u00e9finition<\/b><span style=\"font-weight: 400;\"> aux boucles naturelles ou aux cheveux permanent\u00e9s. <\/span><span style=\"font-weight: 400;\">Son <\/span><b>action conf\u00e9rant de l&#8217;\u00e9lasticit\u00e9<\/b><span style=\"font-weight: 400;\"> et sa <\/span><b>texture l\u00e9g\u00e8re<\/b><span style=\"font-weight: 400;\"> permettent aux boucles de conserver la forme souhait\u00e9e sans affecter la <\/span><b>douceur<\/b><span style=\"font-weight: 400;\"> et la <\/span><b>\u00a0vigueur<\/b><span style=\"font-weight: 400;\"> des cheveux.<\/span><\/p>\n<p><span style=\"font-weight: 400;\">300 ml<\/span><\/p>\n<p>&nbsp;<\/p>\n[maxbutton id=\"5\"]\n","protected":false},"featured_media":10850,"template":"","meta":[],"product_brand":[],"product_cat":[1306],"product_tag":[],"class_list":{"0":"post-10857","1":"product","2":"type-product","3":"status-publish","4":"has-post-thumbnail","6":"product_cat-finish-styling-fr","7":"description-off","9":"first","10":"instock","11":"shipping-taxable","12":"product-type-simple"},"yoast_head":"<!-- This site is optimized with the Yoast SEO plugin v27.2 - https:\/\/yoast.com\/product\/yoast-seo-wordpress\/ -->\n<title>Curlicious - Mousse Assouplissante<\/title>\n<meta name=\"description\" content=\"Faites briller vos boucles gr\u00e2ce \u00e0 la mousse Curlicious. Sa formule enrichie en extraits de cam\u00e9lia et en extraits de bl\u00e9 donne de la d\u00e9finition aux boucles naturelles ou aux cheveux permanent\u00e9s.\" \/>\n<meta name=\"robots\" content=\"index, follow, max-snippet:-1, max-image-preview:large, max-video-preview:-1\" \/>\n<link rel=\"canonical\" href=\"https:\/\/paulrivera.it\/fr\/prodotti\/finish-styling-fr\/curlicious-mousse-assouplissante\/\" \/>\n<meta property=\"og:locale\" content=\"fr_FR\" \/>\n<meta property=\"og:type\" content=\"article\" \/>\n<meta property=\"og:title\" content=\"Curlicious - Mousse Assouplissante\" \/>\n<meta property=\"og:description\" content=\"Faites briller vos boucles gr\u00e2ce \u00e0 la mousse Curlicious. Sa formule enrichie en extraits de cam\u00e9lia et en extraits de bl\u00e9 donne de la d\u00e9finition aux boucles naturelles ou aux cheveux permanent\u00e9s.\" \/>\n<meta property=\"og:url\" content=\"https:\/\/paulrivera.it\/fr\/prodotti\/finish-styling-fr\/curlicious-mousse-assouplissante\/\" \/>\n<meta property=\"og:site_name\" content=\"Paul Rivera\" \/>\n<meta property=\"article:modified_time\" content=\"2024-05-13T12:08:09+00:00\" \/>\n<meta property=\"og:image\" content=\"https:\/\/paulrivera.it\/wp-content\/uploads\/2024\/02\/606181_paul_rivera_curlicious_mousse_300ml.png\" \/>\n\t<meta property=\"og:image:width\" content=\"800\" \/>\n\t<meta property=\"og:image:height\" content=\"800\" \/>\n\t<meta property=\"og:image:type\" content=\"image\/png\" \/>\n<meta name=\"twitter:card\" content=\"summary_large_image\" \/>\n<meta name=\"twitter:label1\" content=\"Est. reading time\" \/>\n\t<meta name=\"twitter:data1\" content=\"3 minutes\" \/>\n<script type=\"application\/ld+json\" class=\"yoast-schema-graph\">{\"@context\":\"https:\/\/schema.org\",\"@graph\":[{\"@type\":\"WebPage\",\"@id\":\"https:\/\/paulrivera.it\/fr\/prodotti\/finish-styling-fr\/curlicious-mousse-assouplissante\/\",\"url\":\"https:\/\/paulrivera.it\/fr\/prodotti\/finish-styling-fr\/curlicious-mousse-assouplissante\/\",\"name\":\"Curlicious - Mousse Assouplissante\",\"isPartOf\":{\"@id\":\"https:\/\/paulrivera.it\/fr\/#website\"},\"primaryImageOfPage\":{\"@id\":\"https:\/\/paulrivera.it\/fr\/prodotti\/finish-styling-fr\/curlicious-mousse-assouplissante\/#primaryimage\"},\"image\":{\"@id\":\"https:\/\/paulrivera.it\/fr\/prodotti\/finish-styling-fr\/curlicious-mousse-assouplissante\/#primaryimage\"},\"thumbnailUrl\":\"https:\/\/paulrivera.it\/wp-content\/uploads\/2024\/02\/606181_paul_rivera_curlicious_mousse_300ml.png\",\"datePublished\":\"2024-02-28T08:54:21+00:00\",\"dateModified\":\"2024-05-13T12:08:09+00:00\",\"description\":\"Faites briller vos boucles gr\u00e2ce \u00e0 la mousse Curlicious. Sa formule enrichie en extraits de cam\u00e9lia et en extraits de bl\u00e9 donne de la d\u00e9finition aux boucles naturelles ou aux cheveux permanent\u00e9s.\",\"breadcrumb\":{\"@id\":\"https:\/\/paulrivera.it\/fr\/prodotti\/finish-styling-fr\/curlicious-mousse-assouplissante\/#breadcrumb\"},\"inLanguage\":\"fr-FR\",\"potentialAction\":[{\"@type\":\"ReadAction\",\"target\":[\"https:\/\/paulrivera.it\/fr\/prodotti\/finish-styling-fr\/curlicious-mousse-assouplissante\/\"]}]},{\"@type\":\"ImageObject\",\"inLanguage\":\"fr-FR\",\"@id\":\"https:\/\/paulrivera.it\/fr\/prodotti\/finish-styling-fr\/curlicious-mousse-assouplissante\/#primaryimage\",\"url\":\"https:\/\/paulrivera.it\/wp-content\/uploads\/2024\/02\/606181_paul_rivera_curlicious_mousse_300ml.png\",\"contentUrl\":\"https:\/\/paulrivera.it\/wp-content\/uploads\/2024\/02\/606181_paul_rivera_curlicious_mousse_300ml.png\",\"width\":800,\"height\":800},{\"@type\":\"BreadcrumbList\",\"@id\":\"https:\/\/paulrivera.it\/fr\/prodotti\/finish-styling-fr\/curlicious-mousse-assouplissante\/#breadcrumb\",\"itemListElement\":[{\"@type\":\"ListItem\",\"position\":1,\"name\":\"Home\",\"item\":\"https:\/\/paulrivera.it\/fr\/\"},{\"@type\":\"ListItem\",\"position\":2,\"name\":\"Pagina shop\",\"item\":\"https:\/\/paulrivera.it\/prodotti\/\"},{\"@type\":\"ListItem\",\"position\":3,\"name\":\"Curlicious &#8211; Mousse Assouplissante\"}]},{\"@type\":\"WebSite\",\"@id\":\"https:\/\/paulrivera.it\/fr\/#website\",\"url\":\"https:\/\/paulrivera.it\/fr\/\",\"name\":\"Paul Rivera\",\"description\":\"Hair Beauty Celebration\",\"publisher\":{\"@id\":\"https:\/\/paulrivera.it\/fr\/#organization\"},\"potentialAction\":[{\"@type\":\"SearchAction\",\"target\":{\"@type\":\"EntryPoint\",\"urlTemplate\":\"https:\/\/paulrivera.it\/fr\/?s={search_term_string}\"},\"query-input\":{\"@type\":\"PropertyValueSpecification\",\"valueRequired\":true,\"valueName\":\"search_term_string\"}}],\"inLanguage\":\"fr-FR\"},{\"@type\":\"Organization\",\"@id\":\"https:\/\/paulrivera.it\/fr\/#organization\",\"name\":\"Paul Rivera\",\"url\":\"https:\/\/paulrivera.it\/fr\/\",\"logo\":{\"@type\":\"ImageObject\",\"inLanguage\":\"fr-FR\",\"@id\":\"https:\/\/paulrivera.it\/fr\/#\/schema\/logo\/image\/\",\"url\":\"https:\/\/paulrivera.it\/wp-content\/uploads\/2020\/02\/paul_rivera_logo_header_x2.png\",\"contentUrl\":\"https:\/\/paulrivera.it\/wp-content\/uploads\/2020\/02\/paul_rivera_logo_header_x2.png\",\"width\":470,\"height\":60,\"caption\":\"Paul Rivera\"},\"image\":{\"@id\":\"https:\/\/paulrivera.it\/fr\/#\/schema\/logo\/image\/\"}}]}<\/script>\n<!-- \/ Yoast SEO plugin. -->","yoast_head_json":{"title":"Curlicious - Mousse Assouplissante","description":"Faites briller vos boucles gr\u00e2ce \u00e0 la mousse Curlicious. Sa formule enrichie en extraits de cam\u00e9lia et en extraits de bl\u00e9 donne de la d\u00e9finition aux boucles naturelles ou aux cheveux permanent\u00e9s.","robots":{"index":"index","follow":"follow","max-snippet":"max-snippet:-1","max-image-preview":"max-image-preview:large","max-video-preview":"max-video-preview:-1"},"canonical":"https:\/\/paulrivera.it\/fr\/prodotti\/finish-styling-fr\/curlicious-mousse-assouplissante\/","og_locale":"fr_FR","og_type":"article","og_title":"Curlicious - Mousse Assouplissante","og_description":"Faites briller vos boucles gr\u00e2ce \u00e0 la mousse Curlicious. Sa formule enrichie en extraits de cam\u00e9lia et en extraits de bl\u00e9 donne de la d\u00e9finition aux boucles naturelles ou aux cheveux permanent\u00e9s.","og_url":"https:\/\/paulrivera.it\/fr\/prodotti\/finish-styling-fr\/curlicious-mousse-assouplissante\/","og_site_name":"Paul Rivera","article_modified_time":"2024-05-13T12:08:09+00:00","og_image":[{"width":800,"height":800,"url":"https:\/\/paulrivera.it\/wp-content\/uploads\/2024\/02\/606181_paul_rivera_curlicious_mousse_300ml.png","type":"image\/png"}],"twitter_card":"summary_large_image","twitter_misc":{"Est. reading time":"3 minutes"},"schema":{"@context":"https:\/\/schema.org","@graph":[{"@type":"WebPage","@id":"https:\/\/paulrivera.it\/fr\/prodotti\/finish-styling-fr\/curlicious-mousse-assouplissante\/","url":"https:\/\/paulrivera.it\/fr\/prodotti\/finish-styling-fr\/curlicious-mousse-assouplissante\/","name":"Curlicious - Mousse Assouplissante","isPartOf":{"@id":"https:\/\/paulrivera.it\/fr\/#website"},"primaryImageOfPage":{"@id":"https:\/\/paulrivera.it\/fr\/prodotti\/finish-styling-fr\/curlicious-mousse-assouplissante\/#primaryimage"},"image":{"@id":"https:\/\/paulrivera.it\/fr\/prodotti\/finish-styling-fr\/curlicious-mousse-assouplissante\/#primaryimage"},"thumbnailUrl":"https:\/\/paulrivera.it\/wp-content\/uploads\/2024\/02\/606181_paul_rivera_curlicious_mousse_300ml.png","datePublished":"2024-02-28T08:54:21+00:00","dateModified":"2024-05-13T12:08:09+00:00","description":"Faites briller vos boucles gr\u00e2ce \u00e0 la mousse Curlicious. Sa formule enrichie en extraits de cam\u00e9lia et en extraits de bl\u00e9 donne de la d\u00e9finition aux boucles naturelles ou aux cheveux permanent\u00e9s.","breadcrumb":{"@id":"https:\/\/paulrivera.it\/fr\/prodotti\/finish-styling-fr\/curlicious-mousse-assouplissante\/#breadcrumb"},"inLanguage":"fr-FR","potentialAction":[{"@type":"ReadAction","target":["https:\/\/paulrivera.it\/fr\/prodotti\/finish-styling-fr\/curlicious-mousse-assouplissante\/"]}]},{"@type":"ImageObject","inLanguage":"fr-FR","@id":"https:\/\/paulrivera.it\/fr\/prodotti\/finish-styling-fr\/curlicious-mousse-assouplissante\/#primaryimage","url":"https:\/\/paulrivera.it\/wp-content\/uploads\/2024\/02\/606181_paul_rivera_curlicious_mousse_300ml.png","contentUrl":"https:\/\/paulrivera.it\/wp-content\/uploads\/2024\/02\/606181_paul_rivera_curlicious_mousse_300ml.png","width":800,"height":800},{"@type":"BreadcrumbList","@id":"https:\/\/paulrivera.it\/fr\/prodotti\/finish-styling-fr\/curlicious-mousse-assouplissante\/#breadcrumb","itemListElement":[{"@type":"ListItem","position":1,"name":"Home","item":"https:\/\/paulrivera.it\/fr\/"},{"@type":"ListItem","position":2,"name":"Pagina shop","item":"https:\/\/paulrivera.it\/prodotti\/"},{"@type":"ListItem","position":3,"name":"Curlicious &#8211; Mousse Assouplissante"}]},{"@type":"WebSite","@id":"https:\/\/paulrivera.it\/fr\/#website","url":"https:\/\/paulrivera.it\/fr\/","name":"Paul Rivera","description":"Hair Beauty Celebration","publisher":{"@id":"https:\/\/paulrivera.it\/fr\/#organization"},"potentialAction":[{"@type":"SearchAction","target":{"@type":"EntryPoint","urlTemplate":"https:\/\/paulrivera.it\/fr\/?s={search_term_string}"},"query-input":{"@type":"PropertyValueSpecification","valueRequired":true,"valueName":"search_term_string"}}],"inLanguage":"fr-FR"},{"@type":"Organization","@id":"https:\/\/paulrivera.it\/fr\/#organization","name":"Paul Rivera","url":"https:\/\/paulrivera.it\/fr\/","logo":{"@type":"ImageObject","inLanguage":"fr-FR","@id":"https:\/\/paulrivera.it\/fr\/#\/schema\/logo\/image\/","url":"https:\/\/paulrivera.it\/wp-content\/uploads\/2020\/02\/paul_rivera_logo_header_x2.png","contentUrl":"https:\/\/paulrivera.it\/wp-content\/uploads\/2020\/02\/paul_rivera_logo_header_x2.png","width":470,"height":60,"caption":"Paul Rivera"},"image":{"@id":"https:\/\/paulrivera.it\/fr\/#\/schema\/logo\/image\/"}}]}},"_links":{"self":[{"href":"https:\/\/paulrivera.it\/fr\/wp-json\/wp\/v2\/product\/10857","targetHints":{"allow":["GET"]}}],"collection":[{"href":"https:\/\/paulrivera.it\/fr\/wp-json\/wp\/v2\/product"}],"about":[{"href":"https:\/\/paulrivera.it\/fr\/wp-json\/wp\/v2\/types\/product"}],"wp:featuredmedia":[{"embeddable":true,"href":"https:\/\/paulrivera.it\/fr\/wp-json\/wp\/v2\/media\/10850"}],"wp:attachment":[{"href":"https:\/\/paulrivera.it\/fr\/wp-json\/wp\/v2\/media?parent=10857"}],"wp:term":[{"taxonomy":"product_brand","embeddable":true,"href":"https:\/\/paulrivera.it\/fr\/wp-json\/wp\/v2\/product_brand?post=10857"},{"taxonomy":"product_cat","embeddable":true,"href":"https:\/\/paulrivera.it\/fr\/wp-json\/wp\/v2\/product_cat?post=10857"},{"taxonomy":"product_tag","embeddable":true,"href":"https:\/\/paulrivera.it\/fr\/wp-json\/wp\/v2\/product_tag?post=10857"}],"curies":[{"name":"wp","href":"https:\/\/api.w.org\/{rel}","templated":true}]}}