{"id":16469,"date":"2026-03-23T10:21:02","date_gmt":"2026-03-23T09:21:02","guid":{"rendered":"https:\/\/paulrivera.it\/?post_type=product&#038;p=16469"},"modified":"2026-03-23T10:27:00","modified_gmt":"2026-03-23T09:27:00","slug":"vip-parfum-pour-cheveux","status":"publish","type":"product","link":"https:\/\/paulrivera.it\/fr\/prodotti\/finish-styling-fr\/vip-parfum-pour-cheveux\/","title":{"rendered":"VIP &#8211; Parfum pour Cheveux"},"content":{"rendered":"<div class=\"wpb-content-wrapper\"><p>[vc_row full_width=&#8221;stretch_row&#8221;][vc_column][vc_row_inner el_id=&#8221;desktop&#8221;][vc_column_inner width=&#8221;1\/2&#8243; css=&#8221;.vc_custom_1582194227194{padding-top: 10% !important;padding-right: 10% !important;padding-bottom: 10% !important;padding-left: 30% !important;}&#8221; offset=&#8221;vc_hidden-md vc_hidden-sm vc_hidden-xs&#8221;][vc_column_text css=&#8221;&#8221;]<\/p>\n<h1>Les bonnes raisons de l\u2019aimer<\/h1>\n<p>&nbsp;<\/p>\n<ul>\n<li style=\"font-weight: 400;\" aria-level=\"1\"><span style=\"font-weight: 400;\">Il parfume d\u00e9licatement les cheveux sans les alourdir<\/span><\/li>\n<li style=\"font-weight: 400;\" aria-level=\"1\"><span style=\"font-weight: 400;\">Il laisse un sillage \u00e9l\u00e9gant et persistant<\/span><\/li>\n<li style=\"font-weight: 400;\" aria-level=\"1\"><span style=\"font-weight: 400;\">C\u2019est la touche finale parfaite apr\u00e8s le styling<\/span><\/li>\n<li style=\"font-weight: 400;\" aria-level=\"1\"><span style=\"font-weight: 400;\">Sa fragrance gourmande est chaude et sophistiqu\u00e9e<\/span><\/li>\n<li style=\"font-weight: 400;\" aria-level=\"1\"><span style=\"font-weight: 400;\">Il transforme chaque mouvement des cheveux en une exp\u00e9rience sensorielle<\/span><\/li>\n<\/ul>\n<p>[\/vc_column_text][vc_column_text css=&#8221;&#8221;]<\/p>\n<h1>Pyramide olfactive<span style=\"font-weight: 400;\"><br \/>\n<\/span><\/h1>\n<p><strong>Notes de t\u00eate<\/strong><span style=\"font-weight: 400;\"><br \/>\n<\/span><span style=\"font-weight: 400;\">Jasmin \u2013 Gousse de Vanille \u2013 Accord Gourmand<\/span><\/p>\n<p><strong>Notes de c\u0153ur<\/strong><span style=\"font-weight: 400;\"><br \/>\n<\/span><span style=\"font-weight: 400;\">Caramel \u2013 Ambre \u2013 Accord Lact\u00e9<\/span><\/p>\n<p><strong>Notes de fond<\/strong><span style=\"font-weight: 400;\"><br \/>\n<\/span><span style=\"font-weight: 400;\">Vanille \u2013 F\u00e8ve Tonka \u2013 Musc Blanc<\/span>[\/vc_column_text][vc_column_text css=&#8221;&#8221;]<\/p>\n<h1>Mode d\u2019emploi<\/h1>\n<p><span style=\"font-weight: 400;\">Vaporiser sur cheveux secs \u00e0 environ 30 cm de distance. Appliquer sur les longueurs et les pointes comme dernier geste du styling pour envelopper la chevelure d\u2019un parfum \u00e9l\u00e9gant et raffin\u00e9.<\/span>[\/vc_column_text][\/vc_column_inner][vc_column_inner width=&#8221;1\/2&#8243; css=&#8221;.vc_custom_1774255532711{background-image: url(https:\/\/paulrivera.it\/wp-content\/uploads\/2026\/03\/background_adv_produc_VIP.jpg?id=16443) !important;background-position: center !important;background-repeat: no-repeat !important;background-size: cover !important;}&#8221; offset=&#8221;vc_hidden-md vc_hidden-sm vc_hidden-xs&#8221;][vc_single_image image=&#8221;16453&#8243; img_size=&#8221;large&#8221; alignment=&#8221;center&#8221; css=&#8221;&#8221;][\/vc_column_inner][\/vc_row_inner][vc_row_inner el_id=&#8221;tablet&#8221;][vc_column_inner offset=&#8221;vc_hidden-lg vc_hidden-xs&#8221;][vc_column_text css=&#8221;&#8221;]<\/p>\n<h1>Les bonnes raisons de l\u2019aimer<\/h1>\n<p>&nbsp;<\/p>\n<ul>\n<li style=\"font-weight: 400;\" aria-level=\"1\"><span style=\"font-weight: 400;\">Il parfume d\u00e9licatement les cheveux sans les alourdir<\/span><\/li>\n<li style=\"font-weight: 400;\" aria-level=\"1\"><span style=\"font-weight: 400;\">Il laisse un sillage \u00e9l\u00e9gant et persistant<\/span><\/li>\n<li style=\"font-weight: 400;\" aria-level=\"1\"><span style=\"font-weight: 400;\">C\u2019est la touche finale parfaite apr\u00e8s le styling<\/span><\/li>\n<li style=\"font-weight: 400;\" aria-level=\"1\"><span style=\"font-weight: 400;\">Sa fragrance gourmande est chaude et sophistiqu\u00e9e<\/span><\/li>\n<li style=\"font-weight: 400;\" aria-level=\"1\"><span style=\"font-weight: 400;\">Il transforme chaque mouvement des cheveux en une exp\u00e9rience sensorielle<\/span><\/li>\n<\/ul>\n<p>[\/vc_column_text][vc_column_text css=&#8221;&#8221;]<\/p>\n<h1>Pyramide olfactive<span style=\"font-weight: 400;\"><br \/>\n<\/span><\/h1>\n<p><strong>Notes de t\u00eate<\/strong><span style=\"font-weight: 400;\"><br \/>\n<\/span><span style=\"font-weight: 400;\">Jasmin \u2013 Gousse de Vanille \u2013 Accord Gourmand<\/span><\/p>\n<p><strong>Notes de c\u0153ur<\/strong><span style=\"font-weight: 400;\"><br \/>\n<\/span><span style=\"font-weight: 400;\">Caramel \u2013 Ambre \u2013 Accord Lact\u00e9<\/span><\/p>\n<p><strong>Notes de fond<\/strong><span style=\"font-weight: 400;\"><br \/>\n<\/span><span style=\"font-weight: 400;\">Vanille \u2013 F\u00e8ve Tonka \u2013 Musc Blanc<\/span>[\/vc_column_text][vc_column_text css=&#8221;&#8221;]<\/p>\n<h1>Mode d\u2019emploi<\/h1>\n<p><span style=\"font-weight: 400;\">Vaporiser sur cheveux secs \u00e0 environ 30 cm de distance. Appliquer sur les longueurs et les pointes comme dernier geste du styling pour envelopper la chevelure d\u2019un parfum \u00e9l\u00e9gant et raffin\u00e9.<\/span>[\/vc_column_text][\/vc_column_inner][\/vc_row_inner][vc_row_inner el_id=&#8221;mobile&#8221;][vc_column_inner width=&#8221;1\/2&#8243; offset=&#8221;vc_hidden-lg vc_hidden-md vc_hidden-sm&#8221;][vc_column_text css=&#8221;&#8221;]<\/p>\n<h1>Les bonnes raisons de l\u2019aimer<\/h1>\n<p>&nbsp;<\/p>\n<ul>\n<li style=\"font-weight: 400;\" aria-level=\"1\"><span style=\"font-weight: 400;\">Il parfume d\u00e9licatement les cheveux sans les alourdir<\/span><\/li>\n<li style=\"font-weight: 400;\" aria-level=\"1\"><span style=\"font-weight: 400;\">Il laisse un sillage \u00e9l\u00e9gant et persistant<\/span><\/li>\n<li style=\"font-weight: 400;\" aria-level=\"1\"><span style=\"font-weight: 400;\">C\u2019est la touche finale parfaite apr\u00e8s le styling<\/span><\/li>\n<li style=\"font-weight: 400;\" aria-level=\"1\"><span style=\"font-weight: 400;\">Sa fragrance gourmande est chaude et sophistiqu\u00e9e<\/span><\/li>\n<li style=\"font-weight: 400;\" aria-level=\"1\"><span style=\"font-weight: 400;\">Il transforme chaque mouvement des cheveux en une exp\u00e9rience sensorielle<\/span><\/li>\n<\/ul>\n<p>[\/vc_column_text][vc_column_text css=&#8221;&#8221;]<\/p>\n<h1>Pyramide olfactive<span style=\"font-weight: 400;\"><br \/>\n<\/span><\/h1>\n<p><strong>Notes de t\u00eate<\/strong><span style=\"font-weight: 400;\"><br \/>\n<\/span><span style=\"font-weight: 400;\">Jasmin \u2013 Gousse de Vanille \u2013 Accord Gourmand<\/span><\/p>\n<p><strong>Notes de c\u0153ur<\/strong><span style=\"font-weight: 400;\"><br \/>\n<\/span><span style=\"font-weight: 400;\">Caramel \u2013 Ambre \u2013 Accord Lact\u00e9<\/span><\/p>\n<p><strong>Notes de fond<\/strong><span style=\"font-weight: 400;\"><br \/>\n<\/span><span style=\"font-weight: 400;\">Vanille \u2013 F\u00e8ve Tonka \u2013 Musc Blanc<\/span>[\/vc_column_text][vc_column_text css=&#8221;&#8221;]<\/p>\n<h1>Mode d\u2019emploi<\/h1>\n<p><span style=\"font-weight: 400;\">Vaporiser sur cheveux secs \u00e0 environ 30 cm de distance. Appliquer sur les longueurs et les pointes comme dernier geste du styling pour envelopper la chevelure d\u2019un parfum \u00e9l\u00e9gant et raffin\u00e9.<\/span>[\/vc_column_text][\/vc_column_inner][vc_column_inner width=&#8221;1\/2&#8243; css=&#8221;.vc_custom_1774255545758{background-image: url(https:\/\/paulrivera.it\/wp-content\/uploads\/2026\/03\/background_adv_produc_VIP.jpg?id=16443) !important;background-position: center !important;background-repeat: no-repeat !important;background-size: cover !important;}&#8221; offset=&#8221;vc_hidden-lg vc_hidden-md vc_hidden-sm&#8221;][vc_single_image image=&#8221;16453&#8243; img_size=&#8221;large&#8221; alignment=&#8221;center&#8221; css=&#8221;&#8221;][\/vc_column_inner][\/vc_row_inner][\/vc_column][\/vc_row][vc_row css=&#8221;.vc_custom_1582192829011{padding-top: 50px !important;}&#8221;][vc_column][vc_row_inner][vc_column_inner][vc_column_text]<\/p>\n<h1 style=\"text-align: center;\">Vous aimerez aussi<\/h1>\n<p>[\/vc_column_text][\/vc_column_inner][\/vc_row_inner][vc_raw_html css=&#8221;&#8221;]W3dwYi1wcm9kdWN0LXNsaWRlci1zaG9ydGNvZGUgaWQ9IjExMDk2Il0=[\/vc_raw_html][\/vc_column][\/vc_row]<\/p>\n<\/div>","protected":false},"excerpt":{"rendered":"<p><b><i>VIP, Very Important Perfume<\/i><\/b><\/p>\n<p>Le parfum pour cheveux VIP est la touche finale parfaite apr\u00e8s le styling. Une fragrance sophistiqu\u00e9e qui enveloppe la chevelure d\u2019un sillage \u00e9l\u00e9gant et sensuel, laissant une impression raffin\u00e9e \u00e0 chaque mouvement.<\/p>\n<p>Ses notes gourmandes d\u2019ambre et de vanille se m\u00ealent \u00e0 des accords chauds et enveloppants, cr\u00e9ant une composition olfactive intense mais \u00e9quilibr\u00e9e. Le r\u00e9sultat est un parfum lumineux, f\u00e9minin et irr\u00e9sistible qui accompagne les cheveux avec naturel, sans les alourdir.<\/p>\n<p>Un d\u00e9tail invisible mais puissant, capable de transformer chaque look en un moment digne du tapis rouge.<\/p>\n<p>30 ml<\/p>\n<p>&nbsp;<\/p>\n[maxbutton id=\"5\"]\n","protected":false},"featured_media":16460,"template":"","meta":[],"product_brand":[],"product_cat":[1306],"product_tag":[],"class_list":{"0":"post-16469","1":"product","2":"type-product","3":"status-publish","4":"has-post-thumbnail","6":"product_cat-finish-styling-fr","7":"description-off","9":"first","10":"instock","11":"shipping-taxable","12":"product-type-simple"},"yoast_head":"<!-- This site is optimized with the Yoast SEO plugin v27.2 - https:\/\/yoast.com\/product\/yoast-seo-wordpress\/ -->\n<title>VIP - Parfum pour Cheveux - Paul Rivera<\/title>\n<meta name=\"description\" content=\"Une fragrance sophistiqu\u00e9e qui enveloppe la chevelure d\u2019un sillage \u00e9l\u00e9gant et sensuel, laissant une impression raffin\u00e9e \u00e0 chaque mouvement.\" \/>\n<meta name=\"robots\" content=\"index, follow, max-snippet:-1, max-image-preview:large, max-video-preview:-1\" \/>\n<link rel=\"canonical\" href=\"https:\/\/paulrivera.it\/fr\/prodotti\/finish-styling-fr\/vip-parfum-pour-cheveux\/\" \/>\n<meta property=\"og:locale\" content=\"fr_FR\" \/>\n<meta property=\"og:type\" content=\"article\" \/>\n<meta property=\"og:title\" content=\"VIP - Parfum pour Cheveux - Paul Rivera\" \/>\n<meta property=\"og:description\" content=\"Une fragrance sophistiqu\u00e9e qui enveloppe la chevelure d\u2019un sillage \u00e9l\u00e9gant et sensuel, laissant une impression raffin\u00e9e \u00e0 chaque mouvement.\" \/>\n<meta property=\"og:url\" content=\"https:\/\/paulrivera.it\/fr\/prodotti\/finish-styling-fr\/vip-parfum-pour-cheveux\/\" \/>\n<meta property=\"og:site_name\" content=\"Paul Rivera\" \/>\n<meta property=\"article:modified_time\" content=\"2026-03-23T09:27:00+00:00\" \/>\n<meta property=\"og:image\" content=\"https:\/\/paulrivera.it\/wp-content\/uploads\/2026\/03\/606211-paul-rivera-vip-profumo-capelli-30ml.png\" \/>\n\t<meta property=\"og:image:width\" content=\"800\" \/>\n\t<meta property=\"og:image:height\" content=\"800\" \/>\n\t<meta property=\"og:image:type\" content=\"image\/png\" \/>\n<meta name=\"twitter:card\" content=\"summary_large_image\" \/>\n<meta name=\"twitter:label1\" content=\"Est. reading time\" \/>\n\t<meta name=\"twitter:data1\" content=\"3 minutes\" \/>\n<script type=\"application\/ld+json\" class=\"yoast-schema-graph\">{\"@context\":\"https:\/\/schema.org\",\"@graph\":[{\"@type\":\"WebPage\",\"@id\":\"https:\/\/paulrivera.it\/fr\/prodotti\/finish-styling-fr\/vip-parfum-pour-cheveux\/\",\"url\":\"https:\/\/paulrivera.it\/fr\/prodotti\/finish-styling-fr\/vip-parfum-pour-cheveux\/\",\"name\":\"VIP - Parfum pour Cheveux - Paul Rivera\",\"isPartOf\":{\"@id\":\"https:\/\/paulrivera.it\/fr\/#website\"},\"primaryImageOfPage\":{\"@id\":\"https:\/\/paulrivera.it\/fr\/prodotti\/finish-styling-fr\/vip-parfum-pour-cheveux\/#primaryimage\"},\"image\":{\"@id\":\"https:\/\/paulrivera.it\/fr\/prodotti\/finish-styling-fr\/vip-parfum-pour-cheveux\/#primaryimage\"},\"thumbnailUrl\":\"https:\/\/paulrivera.it\/wp-content\/uploads\/2026\/03\/606211-paul-rivera-vip-profumo-capelli-30ml.png\",\"datePublished\":\"2026-03-23T09:21:02+00:00\",\"dateModified\":\"2026-03-23T09:27:00+00:00\",\"description\":\"Une fragrance sophistiqu\u00e9e qui enveloppe la chevelure d\u2019un sillage \u00e9l\u00e9gant et sensuel, laissant une impression raffin\u00e9e \u00e0 chaque mouvement.\",\"breadcrumb\":{\"@id\":\"https:\/\/paulrivera.it\/fr\/prodotti\/finish-styling-fr\/vip-parfum-pour-cheveux\/#breadcrumb\"},\"inLanguage\":\"fr-FR\",\"potentialAction\":[{\"@type\":\"ReadAction\",\"target\":[\"https:\/\/paulrivera.it\/fr\/prodotti\/finish-styling-fr\/vip-parfum-pour-cheveux\/\"]}]},{\"@type\":\"ImageObject\",\"inLanguage\":\"fr-FR\",\"@id\":\"https:\/\/paulrivera.it\/fr\/prodotti\/finish-styling-fr\/vip-parfum-pour-cheveux\/#primaryimage\",\"url\":\"https:\/\/paulrivera.it\/wp-content\/uploads\/2026\/03\/606211-paul-rivera-vip-profumo-capelli-30ml.png\",\"contentUrl\":\"https:\/\/paulrivera.it\/wp-content\/uploads\/2026\/03\/606211-paul-rivera-vip-profumo-capelli-30ml.png\",\"width\":800,\"height\":800},{\"@type\":\"BreadcrumbList\",\"@id\":\"https:\/\/paulrivera.it\/fr\/prodotti\/finish-styling-fr\/vip-parfum-pour-cheveux\/#breadcrumb\",\"itemListElement\":[{\"@type\":\"ListItem\",\"position\":1,\"name\":\"Home\",\"item\":\"https:\/\/paulrivera.it\/fr\/\"},{\"@type\":\"ListItem\",\"position\":2,\"name\":\"Pagina shop\",\"item\":\"https:\/\/paulrivera.it\/prodotti\/\"},{\"@type\":\"ListItem\",\"position\":3,\"name\":\"VIP &#8211; Parfum pour Cheveux\"}]},{\"@type\":\"WebSite\",\"@id\":\"https:\/\/paulrivera.it\/fr\/#website\",\"url\":\"https:\/\/paulrivera.it\/fr\/\",\"name\":\"Paul Rivera\",\"description\":\"Hair Beauty Celebration\",\"publisher\":{\"@id\":\"https:\/\/paulrivera.it\/fr\/#organization\"},\"potentialAction\":[{\"@type\":\"SearchAction\",\"target\":{\"@type\":\"EntryPoint\",\"urlTemplate\":\"https:\/\/paulrivera.it\/fr\/?s={search_term_string}\"},\"query-input\":{\"@type\":\"PropertyValueSpecification\",\"valueRequired\":true,\"valueName\":\"search_term_string\"}}],\"inLanguage\":\"fr-FR\"},{\"@type\":\"Organization\",\"@id\":\"https:\/\/paulrivera.it\/fr\/#organization\",\"name\":\"Paul Rivera\",\"url\":\"https:\/\/paulrivera.it\/fr\/\",\"logo\":{\"@type\":\"ImageObject\",\"inLanguage\":\"fr-FR\",\"@id\":\"https:\/\/paulrivera.it\/fr\/#\/schema\/logo\/image\/\",\"url\":\"https:\/\/paulrivera.it\/wp-content\/uploads\/2020\/02\/paul_rivera_logo_header_x2.png\",\"contentUrl\":\"https:\/\/paulrivera.it\/wp-content\/uploads\/2020\/02\/paul_rivera_logo_header_x2.png\",\"width\":470,\"height\":60,\"caption\":\"Paul Rivera\"},\"image\":{\"@id\":\"https:\/\/paulrivera.it\/fr\/#\/schema\/logo\/image\/\"}}]}<\/script>\n<!-- \/ Yoast SEO plugin. -->","yoast_head_json":{"title":"VIP - Parfum pour Cheveux - Paul Rivera","description":"Une fragrance sophistiqu\u00e9e qui enveloppe la chevelure d\u2019un sillage \u00e9l\u00e9gant et sensuel, laissant une impression raffin\u00e9e \u00e0 chaque mouvement.","robots":{"index":"index","follow":"follow","max-snippet":"max-snippet:-1","max-image-preview":"max-image-preview:large","max-video-preview":"max-video-preview:-1"},"canonical":"https:\/\/paulrivera.it\/fr\/prodotti\/finish-styling-fr\/vip-parfum-pour-cheveux\/","og_locale":"fr_FR","og_type":"article","og_title":"VIP - Parfum pour Cheveux - Paul Rivera","og_description":"Une fragrance sophistiqu\u00e9e qui enveloppe la chevelure d\u2019un sillage \u00e9l\u00e9gant et sensuel, laissant une impression raffin\u00e9e \u00e0 chaque mouvement.","og_url":"https:\/\/paulrivera.it\/fr\/prodotti\/finish-styling-fr\/vip-parfum-pour-cheveux\/","og_site_name":"Paul Rivera","article_modified_time":"2026-03-23T09:27:00+00:00","og_image":[{"width":800,"height":800,"url":"https:\/\/paulrivera.it\/wp-content\/uploads\/2026\/03\/606211-paul-rivera-vip-profumo-capelli-30ml.png","type":"image\/png"}],"twitter_card":"summary_large_image","twitter_misc":{"Est. reading time":"3 minutes"},"schema":{"@context":"https:\/\/schema.org","@graph":[{"@type":"WebPage","@id":"https:\/\/paulrivera.it\/fr\/prodotti\/finish-styling-fr\/vip-parfum-pour-cheveux\/","url":"https:\/\/paulrivera.it\/fr\/prodotti\/finish-styling-fr\/vip-parfum-pour-cheveux\/","name":"VIP - Parfum pour Cheveux - Paul Rivera","isPartOf":{"@id":"https:\/\/paulrivera.it\/fr\/#website"},"primaryImageOfPage":{"@id":"https:\/\/paulrivera.it\/fr\/prodotti\/finish-styling-fr\/vip-parfum-pour-cheveux\/#primaryimage"},"image":{"@id":"https:\/\/paulrivera.it\/fr\/prodotti\/finish-styling-fr\/vip-parfum-pour-cheveux\/#primaryimage"},"thumbnailUrl":"https:\/\/paulrivera.it\/wp-content\/uploads\/2026\/03\/606211-paul-rivera-vip-profumo-capelli-30ml.png","datePublished":"2026-03-23T09:21:02+00:00","dateModified":"2026-03-23T09:27:00+00:00","description":"Une fragrance sophistiqu\u00e9e qui enveloppe la chevelure d\u2019un sillage \u00e9l\u00e9gant et sensuel, laissant une impression raffin\u00e9e \u00e0 chaque mouvement.","breadcrumb":{"@id":"https:\/\/paulrivera.it\/fr\/prodotti\/finish-styling-fr\/vip-parfum-pour-cheveux\/#breadcrumb"},"inLanguage":"fr-FR","potentialAction":[{"@type":"ReadAction","target":["https:\/\/paulrivera.it\/fr\/prodotti\/finish-styling-fr\/vip-parfum-pour-cheveux\/"]}]},{"@type":"ImageObject","inLanguage":"fr-FR","@id":"https:\/\/paulrivera.it\/fr\/prodotti\/finish-styling-fr\/vip-parfum-pour-cheveux\/#primaryimage","url":"https:\/\/paulrivera.it\/wp-content\/uploads\/2026\/03\/606211-paul-rivera-vip-profumo-capelli-30ml.png","contentUrl":"https:\/\/paulrivera.it\/wp-content\/uploads\/2026\/03\/606211-paul-rivera-vip-profumo-capelli-30ml.png","width":800,"height":800},{"@type":"BreadcrumbList","@id":"https:\/\/paulrivera.it\/fr\/prodotti\/finish-styling-fr\/vip-parfum-pour-cheveux\/#breadcrumb","itemListElement":[{"@type":"ListItem","position":1,"name":"Home","item":"https:\/\/paulrivera.it\/fr\/"},{"@type":"ListItem","position":2,"name":"Pagina shop","item":"https:\/\/paulrivera.it\/prodotti\/"},{"@type":"ListItem","position":3,"name":"VIP &#8211; Parfum pour Cheveux"}]},{"@type":"WebSite","@id":"https:\/\/paulrivera.it\/fr\/#website","url":"https:\/\/paulrivera.it\/fr\/","name":"Paul Rivera","description":"Hair Beauty Celebration","publisher":{"@id":"https:\/\/paulrivera.it\/fr\/#organization"},"potentialAction":[{"@type":"SearchAction","target":{"@type":"EntryPoint","urlTemplate":"https:\/\/paulrivera.it\/fr\/?s={search_term_string}"},"query-input":{"@type":"PropertyValueSpecification","valueRequired":true,"valueName":"search_term_string"}}],"inLanguage":"fr-FR"},{"@type":"Organization","@id":"https:\/\/paulrivera.it\/fr\/#organization","name":"Paul Rivera","url":"https:\/\/paulrivera.it\/fr\/","logo":{"@type":"ImageObject","inLanguage":"fr-FR","@id":"https:\/\/paulrivera.it\/fr\/#\/schema\/logo\/image\/","url":"https:\/\/paulrivera.it\/wp-content\/uploads\/2020\/02\/paul_rivera_logo_header_x2.png","contentUrl":"https:\/\/paulrivera.it\/wp-content\/uploads\/2020\/02\/paul_rivera_logo_header_x2.png","width":470,"height":60,"caption":"Paul Rivera"},"image":{"@id":"https:\/\/paulrivera.it\/fr\/#\/schema\/logo\/image\/"}}]}},"_links":{"self":[{"href":"https:\/\/paulrivera.it\/fr\/wp-json\/wp\/v2\/product\/16469","targetHints":{"allow":["GET"]}}],"collection":[{"href":"https:\/\/paulrivera.it\/fr\/wp-json\/wp\/v2\/product"}],"about":[{"href":"https:\/\/paulrivera.it\/fr\/wp-json\/wp\/v2\/types\/product"}],"wp:featuredmedia":[{"embeddable":true,"href":"https:\/\/paulrivera.it\/fr\/wp-json\/wp\/v2\/media\/16460"}],"wp:attachment":[{"href":"https:\/\/paulrivera.it\/fr\/wp-json\/wp\/v2\/media?parent=16469"}],"wp:term":[{"taxonomy":"product_brand","embeddable":true,"href":"https:\/\/paulrivera.it\/fr\/wp-json\/wp\/v2\/product_brand?post=16469"},{"taxonomy":"product_cat","embeddable":true,"href":"https:\/\/paulrivera.it\/fr\/wp-json\/wp\/v2\/product_cat?post=16469"},{"taxonomy":"product_tag","embeddable":true,"href":"https:\/\/paulrivera.it\/fr\/wp-json\/wp\/v2\/product_tag?post=16469"}],"curies":[{"name":"wp","href":"https:\/\/api.w.org\/{rel}","templated":true}]}}