{"id":16552,"date":"2026-03-25T14:26:43","date_gmt":"2026-03-25T13:26:43","guid":{"rendered":"https:\/\/paulrivera.it\/?post_type=product&#038;p=16552"},"modified":"2026-03-25T14:42:15","modified_gmt":"2026-03-25T13:42:15","slug":"sunny-sfaction-olio-protettivo-per-capelli-40ml","status":"publish","type":"product","link":"https:\/\/paulrivera.it\/fr\/prodotti\/soins\/sunny-sfaction-cheveux-exposes-au-soleil\/sunny-sfaction-olio-protettivo-per-capelli-40ml\/","title":{"rendered":"Sunny Sfaction \u2013 Huile capillaire protectrice"},"content":{"rendered":"<div class=\"wpb-content-wrapper\"><p>[vc_row full_width=&#8221;stretch_row&#8221;][vc_column][vc_row_inner el_id=&#8221;desktop&#8221;][vc_column_inner width=&#8221;1\/2&#8243; css=&#8221;.vc_custom_1582194227194{padding-top: 10% !important;padding-right: 10% !important;padding-bottom: 10% !important;padding-left: 30% !important;}&#8221; offset=&#8221;vc_hidden-md vc_hidden-sm vc_hidden-xs&#8221;][vc_column_text]<\/p>\n<h1><b>Les bonnes raisons de l\u2019aimer<\/b><\/h1>\n<p><\/p>\n<ul>\n<li aria-level=\"1\">Formule Waterproof, r\u00e9sistante \u00e0 l\u2019eau<\/li>\n<li aria-level=\"1\">Lib\u00e8re une action photo-protectrice et anti-\u00e2ge sur les cheveux<\/li>\n<li aria-level=\"1\">Applicable sur cheveux humides ou secs<\/li>\n<li aria-level=\"1\">Facilite le coiffage<\/li>\n<\/ul>\n<p>[\/vc_column_text][vc_column_text]<\/p>\n<h1><b>Les principes actifs de la formule<\/b><\/h1>\n<p><\/p>\n<ul>\n<li aria-level=\"1\">Extrait de Noix de Coco : riche en min\u00e9raux et vitamines, il lib\u00e8re un exceptionnel pouvoir nourrissant et hydratant sur les cheveux.<\/li>\n<li aria-level=\"1\">Huile de Chanvre : son action \u00e9molliente aide \u00e0 pr\u00e9venir le dess\u00e8chement et la d\u00e9shydratation, tandis que son action restructurante rend les cheveux sains et brillants.<\/li>\n<li aria-level=\"1\">Filtres UV et UVB : aident \u00e0 prot\u00e9ger les cheveux des dommages caus\u00e9s par l\u2019exposition au soleil.<\/li>\n<li aria-level=\"1\">Vitamine E : combat les radicaux libres produits en quantit\u00e9 importante par des facteurs externes, comme les rayons UV.<\/li>\n<\/ul>\n<p>[\/vc_column_text][vc_column_text]<\/p>\n<h1><b>Mode d\u2019emploi<\/b><\/h1>\n<p>Appliquer sur cheveux humides ou secs, avant, pendant ou apr\u00e8s l\u2019exposition au soleil.[\/vc_column_text][\/vc_column_inner][vc_column_inner width=&#8221;1\/2&#8243; css=&#8221;.vc_custom_1649854361020{background-image: url(https:\/\/paulrivera.it\/wp-content\/uploads\/2022\/03\/background_paul_rivera_adv_prodotti_sunny_sfaction.png?id=4848) !important;background-position: center !important;background-repeat: no-repeat !important;background-size: cover !important;}&#8221; offset=&#8221;vc_hidden-md vc_hidden-sm vc_hidden-xs&#8221;][vc_single_image image=&#8221;16539&#8243; img_size=&#8221;full&#8221; css=&#8221;&#8221;][\/vc_column_inner][\/vc_row_inner][vc_row_inner el_id=&#8221;tablet&#8221;][vc_column_inner offset=&#8221;vc_hidden-lg vc_hidden-xs&#8221;][vc_column_text]<\/p>\n<h1><b>Les bonnes raisons de l\u2019aimer<\/b><\/h1>\n<p><\/p>\n<ul>\n<li aria-level=\"1\">Formule Waterproof, r\u00e9sistante \u00e0 l\u2019eau<\/li>\n<li aria-level=\"1\">Lib\u00e8re une action photo-protectrice et anti-\u00e2ge sur les cheveux<\/li>\n<li aria-level=\"1\">Applicable sur cheveux humides ou secs<\/li>\n<li aria-level=\"1\">Facilite le coiffage<\/li>\n<\/ul>\n<p>[\/vc_column_text][vc_column_text]<\/p>\n<h1><b>Les principes actifs de la formule<\/b><\/h1>\n<p><\/p>\n<ul>\n<li aria-level=\"1\">Extrait de Noix de Coco : riche en min\u00e9raux et vitamines, il lib\u00e8re un exceptionnel pouvoir nourrissant et hydratant sur les cheveux.<\/li>\n<li aria-level=\"1\">Huile de Chanvre : son action \u00e9molliente aide \u00e0 pr\u00e9venir le dess\u00e8chement et la d\u00e9shydratation, tandis que son action restructurante rend les cheveux sains et brillants.<\/li>\n<li aria-level=\"1\">Filtres UV et UVB : aident \u00e0 prot\u00e9ger les cheveux des dommages caus\u00e9s par l\u2019exposition au soleil.<\/li>\n<li aria-level=\"1\">Vitamine E : combat les radicaux libres produits en quantit\u00e9 importante par des facteurs externes, comme les rayons UV.<\/li>\n<\/ul>\n<p>[\/vc_column_text][vc_column_text]<\/p>\n<h1><b>Mode d\u2019emploi<\/b><\/h1>\n<p>Appliquer sur cheveux humides ou secs, avant, pendant ou apr\u00e8s l\u2019exposition au soleil.[\/vc_column_text][\/vc_column_inner][\/vc_row_inner][vc_row_inner el_id=&#8221;mobile&#8221;][vc_column_inner width=&#8221;1\/2&#8243; offset=&#8221;vc_hidden-lg vc_hidden-md vc_hidden-sm&#8221;][vc_column_text]<\/p>\n<h1><b>Les bonnes raisons de l\u2019aimer<\/b><\/h1>\n<p><\/p>\n<ul>\n<li aria-level=\"1\">Formule Waterproof, r\u00e9sistante \u00e0 l\u2019eau<\/li>\n<li aria-level=\"1\">Lib\u00e8re une action photo-protectrice et anti-\u00e2ge sur les cheveux<\/li>\n<li aria-level=\"1\">Applicable sur cheveux humides ou secs<\/li>\n<li aria-level=\"1\">Facilite le coiffage<\/li>\n<\/ul>\n<p>[\/vc_column_text][vc_column_text]<\/p>\n<h1><b>Les principes actifs de la formule<\/b><\/h1>\n<p><\/p>\n<ul>\n<li aria-level=\"1\">Extrait de Noix de Coco : riche en min\u00e9raux et vitamines, il lib\u00e8re un exceptionnel pouvoir nourrissant et hydratant sur les cheveux.<\/li>\n<li aria-level=\"1\">Huile de Chanvre : son action \u00e9molliente aide \u00e0 pr\u00e9venir le dess\u00e8chement et la d\u00e9shydratation, tandis que son action restructurante rend les cheveux sains et brillants.<\/li>\n<li aria-level=\"1\">Filtres UV et UVB : aident \u00e0 prot\u00e9ger les cheveux des dommages caus\u00e9s par l\u2019exposition au soleil.<\/li>\n<li aria-level=\"1\">Vitamine E : combat les radicaux libres produits en quantit\u00e9 importante par des facteurs externes, comme les rayons UV.<\/li>\n<\/ul>\n<p>[\/vc_column_text][vc_column_text]<\/p>\n<h1><b>Mode d\u2019emploi<\/b><\/h1>\n<p>Appliquer sur cheveux humides ou secs, avant, pendant ou apr\u00e8s l\u2019exposition au soleil.[\/vc_column_text][\/vc_column_inner][vc_column_inner width=&#8221;1\/2&#8243; css=&#8221;.vc_custom_1649854391418{background-image: url(https:\/\/paulrivera.it\/wp-content\/uploads\/2022\/03\/background_paul_rivera_adv_prodotti_sunny_sfaction.png?id=4848) !important;background-position: center !important;background-repeat: no-repeat !important;background-size: cover !important;}&#8221; offset=&#8221;vc_hidden-lg vc_hidden-md vc_hidden-sm&#8221;][vc_single_image image=&#8221;16539&#8243; img_size=&#8221;full&#8221; css=&#8221;&#8221;][\/vc_column_inner][\/vc_row_inner][\/vc_column][\/vc_row][vc_row css=&#8221;.vc_custom_1582192829011{padding-top: 50px !important;}&#8221;][vc_column][vc_row_inner][vc_column_inner][vc_column_text]<\/p>\n<h1 style=\"text-align: center;\">Vous aimerez aussi<\/h1>\n<p>[\/vc_column_text][\/vc_column_inner][\/vc_row_inner][vc_raw_html]W3dwYi1wcm9kdWN0LXNsaWRlci1zaG9ydGNvZGUgaWQ9IjQ5MjMiXQ==[\/vc_raw_html][\/vc_column][\/vc_row]<\/p>\n<\/div>","protected":false},"excerpt":{"rendered":"<p>L\u2019huile capillaire protectrice Sunny Sfaction se caract\u00e9rise par sa formule sp\u00e9ciale r\u00e9sistante \u00e0 l\u2019eau et enrichie de filtres UV et vitamine E, pour pr\u00e9venir les dommages caus\u00e9s par l\u2019exposition au soleil, au chlore et au sel.<\/p>\n<p>Appliqu\u00e9e sur cheveux humides ou secs, son action r\u00e9g\u00e9n\u00e9rante donne aux cheveux un aspect visiblement plus sain, sans alourdir.<\/p>\n<p>40 ml<\/p>\n<p>\u00a0<\/p>\n<p><img loading=\"lazy\" decoding=\"async\" class=\"alignnone size-full wp-image-4895\" src=\"https:\/\/paulrivera.it\/wp-content\/uploads\/2022\/04\/paul_rivera_bollino_filtri.png\" alt=\"\" width=\"150\" height=\"150\" srcset=\"https:\/\/paulrivera.it\/wp-content\/uploads\/2022\/04\/paul_rivera_bollino_filtri.png 150w, https:\/\/paulrivera.it\/wp-content\/uploads\/2022\/04\/paul_rivera_bollino_filtri-24x24.png 24w, https:\/\/paulrivera.it\/wp-content\/uploads\/2022\/04\/paul_rivera_bollino_filtri-36x36.png 36w, https:\/\/paulrivera.it\/wp-content\/uploads\/2022\/04\/paul_rivera_bollino_filtri-48x48.png 48w\" sizes=\"auto, (max-width: 150px) 100vw, 150px\" \/><\/p>\n<p>\u00a0<\/p>\n[maxbutton id=\"5\"]\n","protected":false},"featured_media":16546,"template":"","meta":[],"product_brand":[],"product_cat":[1320],"product_tag":[],"class_list":{"0":"post-16552","1":"product","2":"type-product","3":"status-publish","4":"has-post-thumbnail","6":"product_cat-sunny-sfaction-cheveux-exposes-au-soleil","7":"description-off","9":"first","10":"instock","11":"shipping-taxable","12":"product-type-simple"},"yoast_head":"<!-- This site is optimized with the Yoast SEO plugin v27.2 - https:\/\/yoast.com\/product\/yoast-seo-wordpress\/ -->\n<title>Sunny Sfaction \u2013 Huile capillaire protectrice<\/title>\n<meta name=\"description\" content=\"L\u2019huile capillaire protectrice Sunny Sfaction se caract\u00e9rise par sa formule sp\u00e9ciale r\u00e9sistante \u00e0 l\u2019eau et enrichie de filtres UV et vitamine E, pour pr\u00e9venir les dommages caus\u00e9s par l\u2019exposition au soleil, au chlore et au sel.\" \/>\n<meta name=\"robots\" content=\"index, follow, max-snippet:-1, max-image-preview:large, max-video-preview:-1\" \/>\n<link rel=\"canonical\" href=\"https:\/\/paulrivera.it\/fr\/prodotti\/soins\/sunny-sfaction-cheveux-exposes-au-soleil\/sunny-sfaction-olio-protettivo-per-capelli-40ml\/\" \/>\n<meta property=\"og:locale\" content=\"fr_FR\" \/>\n<meta property=\"og:type\" content=\"article\" \/>\n<meta property=\"og:title\" content=\"Sunny Sfaction \u2013 Huile capillaire protectrice\" \/>\n<meta property=\"og:description\" content=\"L\u2019huile capillaire protectrice Sunny Sfaction se caract\u00e9rise par sa formule sp\u00e9ciale r\u00e9sistante \u00e0 l\u2019eau et enrichie de filtres UV et vitamine E, pour pr\u00e9venir les dommages caus\u00e9s par l\u2019exposition au soleil, au chlore et au sel.\" \/>\n<meta property=\"og:url\" content=\"https:\/\/paulrivera.it\/fr\/prodotti\/soins\/sunny-sfaction-cheveux-exposes-au-soleil\/sunny-sfaction-olio-protettivo-per-capelli-40ml\/\" \/>\n<meta property=\"og:site_name\" content=\"Paul Rivera\" \/>\n<meta property=\"article:modified_time\" content=\"2026-03-25T13:42:15+00:00\" \/>\n<meta property=\"og:image\" content=\"https:\/\/paulrivera.it\/wp-content\/uploads\/2026\/03\/olio_sunny_40ml.png\" \/>\n\t<meta property=\"og:image:width\" content=\"800\" \/>\n\t<meta property=\"og:image:height\" content=\"800\" \/>\n\t<meta property=\"og:image:type\" content=\"image\/png\" \/>\n<meta name=\"twitter:card\" content=\"summary_large_image\" \/>\n<meta name=\"twitter:label1\" content=\"Est. reading time\" \/>\n\t<meta name=\"twitter:data1\" content=\"4 minutes\" \/>\n<script type=\"application\/ld+json\" class=\"yoast-schema-graph\">{\"@context\":\"https:\/\/schema.org\",\"@graph\":[{\"@type\":\"WebPage\",\"@id\":\"https:\/\/paulrivera.it\/fr\/prodotti\/soins\/sunny-sfaction-cheveux-exposes-au-soleil\/sunny-sfaction-olio-protettivo-per-capelli-40ml\/\",\"url\":\"https:\/\/paulrivera.it\/fr\/prodotti\/soins\/sunny-sfaction-cheveux-exposes-au-soleil\/sunny-sfaction-olio-protettivo-per-capelli-40ml\/\",\"name\":\"Sunny Sfaction \u2013 Huile capillaire protectrice\",\"isPartOf\":{\"@id\":\"https:\/\/paulrivera.it\/fr\/#website\"},\"primaryImageOfPage\":{\"@id\":\"https:\/\/paulrivera.it\/fr\/prodotti\/soins\/sunny-sfaction-cheveux-exposes-au-soleil\/sunny-sfaction-olio-protettivo-per-capelli-40ml\/#primaryimage\"},\"image\":{\"@id\":\"https:\/\/paulrivera.it\/fr\/prodotti\/soins\/sunny-sfaction-cheveux-exposes-au-soleil\/sunny-sfaction-olio-protettivo-per-capelli-40ml\/#primaryimage\"},\"thumbnailUrl\":\"https:\/\/paulrivera.it\/wp-content\/uploads\/2026\/03\/olio_sunny_40ml.png\",\"datePublished\":\"2026-03-25T13:26:43+00:00\",\"dateModified\":\"2026-03-25T13:42:15+00:00\",\"description\":\"L\u2019huile capillaire protectrice Sunny Sfaction se caract\u00e9rise par sa formule sp\u00e9ciale r\u00e9sistante \u00e0 l\u2019eau et enrichie de filtres UV et vitamine E, pour pr\u00e9venir les dommages caus\u00e9s par l\u2019exposition au soleil, au chlore et au sel.\",\"breadcrumb\":{\"@id\":\"https:\/\/paulrivera.it\/fr\/prodotti\/soins\/sunny-sfaction-cheveux-exposes-au-soleil\/sunny-sfaction-olio-protettivo-per-capelli-40ml\/#breadcrumb\"},\"inLanguage\":\"fr-FR\",\"potentialAction\":[{\"@type\":\"ReadAction\",\"target\":[\"https:\/\/paulrivera.it\/fr\/prodotti\/soins\/sunny-sfaction-cheveux-exposes-au-soleil\/sunny-sfaction-olio-protettivo-per-capelli-40ml\/\"]}]},{\"@type\":\"ImageObject\",\"inLanguage\":\"fr-FR\",\"@id\":\"https:\/\/paulrivera.it\/fr\/prodotti\/soins\/sunny-sfaction-cheveux-exposes-au-soleil\/sunny-sfaction-olio-protettivo-per-capelli-40ml\/#primaryimage\",\"url\":\"https:\/\/paulrivera.it\/wp-content\/uploads\/2026\/03\/olio_sunny_40ml.png\",\"contentUrl\":\"https:\/\/paulrivera.it\/wp-content\/uploads\/2026\/03\/olio_sunny_40ml.png\",\"width\":800,\"height\":800},{\"@type\":\"BreadcrumbList\",\"@id\":\"https:\/\/paulrivera.it\/fr\/prodotti\/soins\/sunny-sfaction-cheveux-exposes-au-soleil\/sunny-sfaction-olio-protettivo-per-capelli-40ml\/#breadcrumb\",\"itemListElement\":[{\"@type\":\"ListItem\",\"position\":1,\"name\":\"Home\",\"item\":\"https:\/\/paulrivera.it\/fr\/\"},{\"@type\":\"ListItem\",\"position\":2,\"name\":\"Pagina shop\",\"item\":\"https:\/\/paulrivera.it\/prodotti\/\"},{\"@type\":\"ListItem\",\"position\":3,\"name\":\"Sunny Sfaction \u2013 Huile capillaire protectrice\"}]},{\"@type\":\"WebSite\",\"@id\":\"https:\/\/paulrivera.it\/fr\/#website\",\"url\":\"https:\/\/paulrivera.it\/fr\/\",\"name\":\"Paul Rivera\",\"description\":\"Hair Beauty Celebration\",\"publisher\":{\"@id\":\"https:\/\/paulrivera.it\/fr\/#organization\"},\"potentialAction\":[{\"@type\":\"SearchAction\",\"target\":{\"@type\":\"EntryPoint\",\"urlTemplate\":\"https:\/\/paulrivera.it\/fr\/?s={search_term_string}\"},\"query-input\":{\"@type\":\"PropertyValueSpecification\",\"valueRequired\":true,\"valueName\":\"search_term_string\"}}],\"inLanguage\":\"fr-FR\"},{\"@type\":\"Organization\",\"@id\":\"https:\/\/paulrivera.it\/fr\/#organization\",\"name\":\"Paul Rivera\",\"url\":\"https:\/\/paulrivera.it\/fr\/\",\"logo\":{\"@type\":\"ImageObject\",\"inLanguage\":\"fr-FR\",\"@id\":\"https:\/\/paulrivera.it\/fr\/#\/schema\/logo\/image\/\",\"url\":\"https:\/\/paulrivera.it\/wp-content\/uploads\/2020\/02\/paul_rivera_logo_header_x2.png\",\"contentUrl\":\"https:\/\/paulrivera.it\/wp-content\/uploads\/2020\/02\/paul_rivera_logo_header_x2.png\",\"width\":470,\"height\":60,\"caption\":\"Paul Rivera\"},\"image\":{\"@id\":\"https:\/\/paulrivera.it\/fr\/#\/schema\/logo\/image\/\"}}]}<\/script>\n<!-- \/ Yoast SEO plugin. -->","yoast_head_json":{"title":"Sunny Sfaction \u2013 Huile capillaire protectrice","description":"L\u2019huile capillaire protectrice Sunny Sfaction se caract\u00e9rise par sa formule sp\u00e9ciale r\u00e9sistante \u00e0 l\u2019eau et enrichie de filtres UV et vitamine E, pour pr\u00e9venir les dommages caus\u00e9s par l\u2019exposition au soleil, au chlore et au sel.","robots":{"index":"index","follow":"follow","max-snippet":"max-snippet:-1","max-image-preview":"max-image-preview:large","max-video-preview":"max-video-preview:-1"},"canonical":"https:\/\/paulrivera.it\/fr\/prodotti\/soins\/sunny-sfaction-cheveux-exposes-au-soleil\/sunny-sfaction-olio-protettivo-per-capelli-40ml\/","og_locale":"fr_FR","og_type":"article","og_title":"Sunny Sfaction \u2013 Huile capillaire protectrice","og_description":"L\u2019huile capillaire protectrice Sunny Sfaction se caract\u00e9rise par sa formule sp\u00e9ciale r\u00e9sistante \u00e0 l\u2019eau et enrichie de filtres UV et vitamine E, pour pr\u00e9venir les dommages caus\u00e9s par l\u2019exposition au soleil, au chlore et au sel.","og_url":"https:\/\/paulrivera.it\/fr\/prodotti\/soins\/sunny-sfaction-cheveux-exposes-au-soleil\/sunny-sfaction-olio-protettivo-per-capelli-40ml\/","og_site_name":"Paul Rivera","article_modified_time":"2026-03-25T13:42:15+00:00","og_image":[{"width":800,"height":800,"url":"https:\/\/paulrivera.it\/wp-content\/uploads\/2026\/03\/olio_sunny_40ml.png","type":"image\/png"}],"twitter_card":"summary_large_image","twitter_misc":{"Est. reading time":"4 minutes"},"schema":{"@context":"https:\/\/schema.org","@graph":[{"@type":"WebPage","@id":"https:\/\/paulrivera.it\/fr\/prodotti\/soins\/sunny-sfaction-cheveux-exposes-au-soleil\/sunny-sfaction-olio-protettivo-per-capelli-40ml\/","url":"https:\/\/paulrivera.it\/fr\/prodotti\/soins\/sunny-sfaction-cheveux-exposes-au-soleil\/sunny-sfaction-olio-protettivo-per-capelli-40ml\/","name":"Sunny Sfaction \u2013 Huile capillaire protectrice","isPartOf":{"@id":"https:\/\/paulrivera.it\/fr\/#website"},"primaryImageOfPage":{"@id":"https:\/\/paulrivera.it\/fr\/prodotti\/soins\/sunny-sfaction-cheveux-exposes-au-soleil\/sunny-sfaction-olio-protettivo-per-capelli-40ml\/#primaryimage"},"image":{"@id":"https:\/\/paulrivera.it\/fr\/prodotti\/soins\/sunny-sfaction-cheveux-exposes-au-soleil\/sunny-sfaction-olio-protettivo-per-capelli-40ml\/#primaryimage"},"thumbnailUrl":"https:\/\/paulrivera.it\/wp-content\/uploads\/2026\/03\/olio_sunny_40ml.png","datePublished":"2026-03-25T13:26:43+00:00","dateModified":"2026-03-25T13:42:15+00:00","description":"L\u2019huile capillaire protectrice Sunny Sfaction se caract\u00e9rise par sa formule sp\u00e9ciale r\u00e9sistante \u00e0 l\u2019eau et enrichie de filtres UV et vitamine E, pour pr\u00e9venir les dommages caus\u00e9s par l\u2019exposition au soleil, au chlore et au sel.","breadcrumb":{"@id":"https:\/\/paulrivera.it\/fr\/prodotti\/soins\/sunny-sfaction-cheveux-exposes-au-soleil\/sunny-sfaction-olio-protettivo-per-capelli-40ml\/#breadcrumb"},"inLanguage":"fr-FR","potentialAction":[{"@type":"ReadAction","target":["https:\/\/paulrivera.it\/fr\/prodotti\/soins\/sunny-sfaction-cheveux-exposes-au-soleil\/sunny-sfaction-olio-protettivo-per-capelli-40ml\/"]}]},{"@type":"ImageObject","inLanguage":"fr-FR","@id":"https:\/\/paulrivera.it\/fr\/prodotti\/soins\/sunny-sfaction-cheveux-exposes-au-soleil\/sunny-sfaction-olio-protettivo-per-capelli-40ml\/#primaryimage","url":"https:\/\/paulrivera.it\/wp-content\/uploads\/2026\/03\/olio_sunny_40ml.png","contentUrl":"https:\/\/paulrivera.it\/wp-content\/uploads\/2026\/03\/olio_sunny_40ml.png","width":800,"height":800},{"@type":"BreadcrumbList","@id":"https:\/\/paulrivera.it\/fr\/prodotti\/soins\/sunny-sfaction-cheveux-exposes-au-soleil\/sunny-sfaction-olio-protettivo-per-capelli-40ml\/#breadcrumb","itemListElement":[{"@type":"ListItem","position":1,"name":"Home","item":"https:\/\/paulrivera.it\/fr\/"},{"@type":"ListItem","position":2,"name":"Pagina shop","item":"https:\/\/paulrivera.it\/prodotti\/"},{"@type":"ListItem","position":3,"name":"Sunny Sfaction \u2013 Huile capillaire protectrice"}]},{"@type":"WebSite","@id":"https:\/\/paulrivera.it\/fr\/#website","url":"https:\/\/paulrivera.it\/fr\/","name":"Paul Rivera","description":"Hair Beauty Celebration","publisher":{"@id":"https:\/\/paulrivera.it\/fr\/#organization"},"potentialAction":[{"@type":"SearchAction","target":{"@type":"EntryPoint","urlTemplate":"https:\/\/paulrivera.it\/fr\/?s={search_term_string}"},"query-input":{"@type":"PropertyValueSpecification","valueRequired":true,"valueName":"search_term_string"}}],"inLanguage":"fr-FR"},{"@type":"Organization","@id":"https:\/\/paulrivera.it\/fr\/#organization","name":"Paul Rivera","url":"https:\/\/paulrivera.it\/fr\/","logo":{"@type":"ImageObject","inLanguage":"fr-FR","@id":"https:\/\/paulrivera.it\/fr\/#\/schema\/logo\/image\/","url":"https:\/\/paulrivera.it\/wp-content\/uploads\/2020\/02\/paul_rivera_logo_header_x2.png","contentUrl":"https:\/\/paulrivera.it\/wp-content\/uploads\/2020\/02\/paul_rivera_logo_header_x2.png","width":470,"height":60,"caption":"Paul Rivera"},"image":{"@id":"https:\/\/paulrivera.it\/fr\/#\/schema\/logo\/image\/"}}]}},"_links":{"self":[{"href":"https:\/\/paulrivera.it\/fr\/wp-json\/wp\/v2\/product\/16552","targetHints":{"allow":["GET"]}}],"collection":[{"href":"https:\/\/paulrivera.it\/fr\/wp-json\/wp\/v2\/product"}],"about":[{"href":"https:\/\/paulrivera.it\/fr\/wp-json\/wp\/v2\/types\/product"}],"wp:featuredmedia":[{"embeddable":true,"href":"https:\/\/paulrivera.it\/fr\/wp-json\/wp\/v2\/media\/16546"}],"wp:attachment":[{"href":"https:\/\/paulrivera.it\/fr\/wp-json\/wp\/v2\/media?parent=16552"}],"wp:term":[{"taxonomy":"product_brand","embeddable":true,"href":"https:\/\/paulrivera.it\/fr\/wp-json\/wp\/v2\/product_brand?post=16552"},{"taxonomy":"product_cat","embeddable":true,"href":"https:\/\/paulrivera.it\/fr\/wp-json\/wp\/v2\/product_cat?post=16552"},{"taxonomy":"product_tag","embeddable":true,"href":"https:\/\/paulrivera.it\/fr\/wp-json\/wp\/v2\/product_tag?post=16552"}],"curies":[{"name":"wp","href":"https:\/\/api.w.org\/{rel}","templated":true}]}}