{"id":3678,"date":"2020-02-18T09:27:44","date_gmt":"2020-02-18T08:27:44","guid":{"rendered":"https:\/\/paulrivera.it\/product\/try-on-odplamiacz-epidermiczny-w-plynie\/"},"modified":"2025-11-27T17:31:45","modified_gmt":"2025-11-27T16:31:45","slug":"try-on-odplamiacz-epidermiczny-w-plynie","status":"publish","type":"product","link":"https:\/\/paulrivera.it\/pl\/prodotti\/koloryzacja\/try-on-odplamiacz-epidermiczny-w-plynie\/","title":{"rendered":"Try on \u2013 Odplamiacz epidermiczny w p\u0142ynie"},"content":{"rendered":"<div class=\"wpb-content-wrapper\"><p>[vc_row full_width=&#8221;stretch_row&#8221;][vc_column][vc_row_inner el_id=&#8221;desktop&#8221;][vc_column_inner width=&#8221;1\/2&#8243; css=&#8221;.vc_custom_1582194227194{padding-top: 10% !important;padding-right: 10% !important;padding-bottom: 10% !important;padding-left: 30% !important;}&#8221; offset=&#8221;vc_hidden-md vc_hidden-sm vc_hidden-xs&#8221;][vc_column_text]<\/p>\n<h1>Pokochasz ten produkt za to, \u017ce<\/h1>\n<ul>\n<li><span style=\"font-weight: 400;\">Usuwa plamy po koloryzacji ze sk\u00f3ry<\/span><\/li>\n<li><span style=\"font-weight: 400;\">Przebadany dermatologicznie<\/span><\/li>\n<\/ul>\n<p>[\/vc_column_text][vc_column_text]<\/p>\n<h1>Sk\u0142adniki aktywne zawarte w formule<\/h1>\n<ul>\n<li><span style=\"font-weight: 400;\">Witamina E: jest silnym antyoksydantem i przywraca sk\u00f3rze zdolno\u015b\u0107 do zatrzymywania wody, zwalczaj\u0105c jej przesuszenie.<\/span><\/li>\n<\/ul>\n<p>[\/vc_column_text][vc_column_text]<\/p>\n<h1>Jak stosowa\u0107?<\/h1>\n<p><span style=\"font-weight: 400;\">Zwil\u017cy\u0107 p\u0142atek kosmetyczny i delikatnie masowa\u0107 poplamion\u0105 sk\u00f3r\u0119. Sp\u0142uka\u0107.<\/span>[\/vc_column_text][\/vc_column_inner][vc_column_inner width=&#8221;1\/2&#8243; css=&#8221;.vc_custom_1582194232021{background-image: url(https:\/\/paulrivera.it\/wp-content\/uploads\/2020\/02\/background_adv_product.png?id=296) !important;background-position: center !important;background-repeat: no-repeat !important;background-size: cover !important;}&#8221; offset=&#8221;vc_hidden-md vc_hidden-sm vc_hidden-xs&#8221;][vc_single_image image=&#8221;16306&#8243; img_size=&#8221;large&#8221; alignment=&#8221;center&#8221; css=&#8221;&#8221;][\/vc_column_inner][\/vc_row_inner][vc_row_inner el_id=&#8221;tablet&#8221;][vc_column_inner offset=&#8221;vc_hidden-lg vc_hidden-xs&#8221;][vc_column_text]<\/p>\n<h1>Pokochasz ten produkt za to, \u017ce<\/h1>\n<ul>\n<li><span style=\"font-weight: 400;\">Usuwa plamy po koloryzacji ze sk\u00f3ry<\/span><\/li>\n<li><span style=\"font-weight: 400;\">Przebadany dermatologicznie<\/span><\/li>\n<\/ul>\n<p>[\/vc_column_text][vc_column_text]<\/p>\n<h1>Sk\u0142adniki aktywne zawarte w formule<\/h1>\n<ul>\n<li><span style=\"font-weight: 400;\">Witamina E: jest silnym antyoksydantem i przywraca sk\u00f3rze zdolno\u015b\u0107 do zatrzymywania wody, zwalczaj\u0105c jej przesuszenie.<\/span><\/li>\n<\/ul>\n<p>[\/vc_column_text][vc_column_text]<\/p>\n<h1>Jak stosowa\u0107?<\/h1>\n<p><span style=\"font-weight: 400;\">Zwil\u017cy\u0107 p\u0142atek kosmetyczny i delikatnie masowa\u0107 poplamion\u0105 sk\u00f3r\u0119. Sp\u0142uka\u0107.<\/span>[\/vc_column_text][\/vc_column_inner][\/vc_row_inner][vc_row_inner el_id=&#8221;mobile&#8221;][vc_column_inner width=&#8221;1\/2&#8243; offset=&#8221;vc_hidden-lg vc_hidden-md vc_hidden-sm&#8221;][vc_column_text]<\/p>\n<h1>Pokochasz ten produkt za to, \u017ce<\/h1>\n<ul>\n<li><span style=\"font-weight: 400;\">Usuwa plamy po koloryzacji ze sk\u00f3ry<\/span><\/li>\n<li><span style=\"font-weight: 400;\">Przebadany dermatologicznie<\/span><\/li>\n<\/ul>\n<p>[\/vc_column_text][vc_column_text]<\/p>\n<h1>Sk\u0142adniki aktywne zawarte w formule<\/h1>\n<ul>\n<li><span style=\"font-weight: 400;\">Witamina E: jest silnym antyoksydantem i przywraca sk\u00f3rze zdolno\u015b\u0107 do zatrzymywania wody, zwalczaj\u0105c jej przesuszenie.<\/span><\/li>\n<\/ul>\n<p>[\/vc_column_text][vc_column_text]<\/p>\n<h1>Jak stosowa\u0107?<\/h1>\n<p><span style=\"font-weight: 400;\">Zwil\u017cy\u0107 p\u0142atek kosmetyczny i delikatnie masowa\u0107 poplamion\u0105 sk\u00f3r\u0119. Sp\u0142uka\u0107.<\/span>[\/vc_column_text][\/vc_column_inner][vc_column_inner width=&#8221;1\/2&#8243; css=&#8221;.vc_custom_1582194178853{background-image: url(https:\/\/paulrivera.it\/wp-content\/uploads\/2020\/02\/background_adv_product.png?id=296) !important;background-position: center !important;background-repeat: no-repeat !important;background-size: cover !important;}&#8221; offset=&#8221;vc_hidden-lg vc_hidden-md vc_hidden-sm&#8221;][vc_single_image image=&#8221;16306&#8243; img_size=&#8221;large&#8221; alignment=&#8221;center&#8221; css=&#8221;&#8221;][\/vc_column_inner][\/vc_row_inner][\/vc_column][\/vc_row][vc_row css=&#8221;.vc_custom_1582192829011{padding-top: 50px !important;}&#8221;][vc_column][vc_row_inner][vc_column_inner][vc_column_text]<\/p>\n<h1 style=\"text-align: center;\"><span style=\"font-weight: 400;\">Mo\u017cesz wypr\u00f3bowa\u0107 ten produkt z<\/span><\/h1>\n<p>[\/vc_column_text][\/vc_column_inner][\/vc_row_inner][vc_raw_html]JTVCd3BiLXByb2R1Y3Qtc2xpZGVyLXNob3J0Y29kZSUyMGlkJTNEJTIyMTk2JTIyJTVE[\/vc_raw_html][\/vc_column][\/vc_row]<\/p>\n<\/div>","protected":false},"excerpt":{"rendered":"<p><span style=\"font-weight: 400;\">Epidermiczny odplamiacz w p\u0142ynie <strong>skutecznie usuwa pozosta\u0142o\u015bci koloru ze sk\u00f3ry.<\/strong><\/span><\/p>\n<p><span style=\"font-weight: 400;\">\u0141\u0105czy w sobie w\u0142a\u015bciwo\u015bci substancji odplamiaj\u0105cych, kt\u00f3re <strong>doskonale usuwaj\u0105 wszelkie \u015blady koloru<\/strong>, z nat\u0142uszczaj\u0105cymi i nawil\u017caj\u0105cymi w\u0142a\u015bciwo\u015bciami witaminy E, kt\u00f3re wspomagaj\u0105 dobr\u0105 kondycj\u0119 sk\u00f3ry podczas oczyszczania.<\/span><\/p>\n<p><span style=\"font-weight: 400;\">250 ml<\/span><\/p>\n<p>&nbsp;<\/p>\n[maxbutton id=\"8\"]\n","protected":false},"featured_media":16313,"template":"","meta":[],"product_brand":[],"product_cat":[693],"product_tag":[],"class_list":{"0":"post-3678","1":"product","2":"type-product","3":"status-publish","4":"has-post-thumbnail","6":"product_cat-koloryzacja","7":"description-off","9":"first","10":"instock","11":"shipping-taxable","12":"product-type-simple"},"yoast_head":"<!-- This site is optimized with the Yoast SEO plugin v27.2 - https:\/\/yoast.com\/product\/yoast-seo-wordpress\/ -->\n<title>Try on \u2013 Odplamiacz epidermiczny w p\u0142ynie | Paul Rivera<\/title>\n<meta name=\"description\" content=\"Epidermiczny odplamiacz w p\u0142ynie skutecznie usuwa pozosta\u0142o\u015bci koloru ze sk\u00f3ry.\" \/>\n<meta name=\"robots\" content=\"index, follow, max-snippet:-1, max-image-preview:large, max-video-preview:-1\" \/>\n<link rel=\"canonical\" href=\"https:\/\/paulrivera.it\/pl\/prodotti\/koloryzacja\/try-on-odplamiacz-epidermiczny-w-plynie\/\" \/>\n<meta property=\"og:locale\" content=\"pl_PL\" \/>\n<meta property=\"og:type\" content=\"article\" \/>\n<meta property=\"og:title\" content=\"Try on \u2013 Odplamiacz epidermiczny w p\u0142ynie | Paul Rivera\" \/>\n<meta property=\"og:description\" content=\"Epidermiczny odplamiacz w p\u0142ynie skutecznie usuwa pozosta\u0142o\u015bci koloru ze sk\u00f3ry.\" \/>\n<meta property=\"og:url\" content=\"https:\/\/paulrivera.it\/pl\/prodotti\/koloryzacja\/try-on-odplamiacz-epidermiczny-w-plynie\/\" \/>\n<meta property=\"og:site_name\" content=\"Paul Rivera\" \/>\n<meta property=\"article:modified_time\" content=\"2025-11-27T16:31:45+00:00\" \/>\n<meta property=\"og:image\" content=\"https:\/\/paulrivera.it\/wp-content\/uploads\/2020\/02\/604279-paul-rivera-try-on-liquid-colour-remover-250ml.png\" \/>\n\t<meta property=\"og:image:width\" content=\"800\" \/>\n\t<meta property=\"og:image:height\" content=\"800\" \/>\n\t<meta property=\"og:image:type\" content=\"image\/png\" \/>\n<meta name=\"twitter:card\" content=\"summary_large_image\" \/>\n<meta name=\"twitter:label1\" content=\"Est. reading time\" \/>\n\t<meta name=\"twitter:data1\" content=\"2 minutes\" \/>\n<script type=\"application\/ld+json\" class=\"yoast-schema-graph\">{\"@context\":\"https:\/\/schema.org\",\"@graph\":[{\"@type\":\"WebPage\",\"@id\":\"https:\/\/paulrivera.it\/pl\/prodotti\/koloryzacja\/try-on-odplamiacz-epidermiczny-w-plynie\/\",\"url\":\"https:\/\/paulrivera.it\/pl\/prodotti\/koloryzacja\/try-on-odplamiacz-epidermiczny-w-plynie\/\",\"name\":\"Try on \u2013 Odplamiacz epidermiczny w p\u0142ynie | Paul Rivera\",\"isPartOf\":{\"@id\":\"https:\/\/paulrivera.it\/pl\/#website\"},\"primaryImageOfPage\":{\"@id\":\"https:\/\/paulrivera.it\/pl\/prodotti\/koloryzacja\/try-on-odplamiacz-epidermiczny-w-plynie\/#primaryimage\"},\"image\":{\"@id\":\"https:\/\/paulrivera.it\/pl\/prodotti\/koloryzacja\/try-on-odplamiacz-epidermiczny-w-plynie\/#primaryimage\"},\"thumbnailUrl\":\"https:\/\/paulrivera.it\/wp-content\/uploads\/2020\/02\/604279-paul-rivera-try-on-liquid-colour-remover-250ml.png\",\"datePublished\":\"2020-02-18T08:27:44+00:00\",\"dateModified\":\"2025-11-27T16:31:45+00:00\",\"description\":\"Epidermiczny odplamiacz w p\u0142ynie skutecznie usuwa pozosta\u0142o\u015bci koloru ze sk\u00f3ry.\",\"breadcrumb\":{\"@id\":\"https:\/\/paulrivera.it\/pl\/prodotti\/koloryzacja\/try-on-odplamiacz-epidermiczny-w-plynie\/#breadcrumb\"},\"inLanguage\":\"pl-PL\",\"potentialAction\":[{\"@type\":\"ReadAction\",\"target\":[\"https:\/\/paulrivera.it\/pl\/prodotti\/koloryzacja\/try-on-odplamiacz-epidermiczny-w-plynie\/\"]}]},{\"@type\":\"ImageObject\",\"inLanguage\":\"pl-PL\",\"@id\":\"https:\/\/paulrivera.it\/pl\/prodotti\/koloryzacja\/try-on-odplamiacz-epidermiczny-w-plynie\/#primaryimage\",\"url\":\"https:\/\/paulrivera.it\/wp-content\/uploads\/2020\/02\/604279-paul-rivera-try-on-liquid-colour-remover-250ml.png\",\"contentUrl\":\"https:\/\/paulrivera.it\/wp-content\/uploads\/2020\/02\/604279-paul-rivera-try-on-liquid-colour-remover-250ml.png\",\"width\":800,\"height\":800},{\"@type\":\"BreadcrumbList\",\"@id\":\"https:\/\/paulrivera.it\/pl\/prodotti\/koloryzacja\/try-on-odplamiacz-epidermiczny-w-plynie\/#breadcrumb\",\"itemListElement\":[{\"@type\":\"ListItem\",\"position\":1,\"name\":\"Home\",\"item\":\"https:\/\/paulrivera.it\/pl\/\"},{\"@type\":\"ListItem\",\"position\":2,\"name\":\"Pagina shop\",\"item\":\"https:\/\/paulrivera.it\/prodotti\/\"},{\"@type\":\"ListItem\",\"position\":3,\"name\":\"Try on \u2013 Odplamiacz epidermiczny w p\u0142ynie\"}]},{\"@type\":\"WebSite\",\"@id\":\"https:\/\/paulrivera.it\/pl\/#website\",\"url\":\"https:\/\/paulrivera.it\/pl\/\",\"name\":\"Paul Rivera\",\"description\":\"Hair Beauty Celebration\",\"publisher\":{\"@id\":\"https:\/\/paulrivera.it\/pl\/#organization\"},\"potentialAction\":[{\"@type\":\"SearchAction\",\"target\":{\"@type\":\"EntryPoint\",\"urlTemplate\":\"https:\/\/paulrivera.it\/pl\/?s={search_term_string}\"},\"query-input\":{\"@type\":\"PropertyValueSpecification\",\"valueRequired\":true,\"valueName\":\"search_term_string\"}}],\"inLanguage\":\"pl-PL\"},{\"@type\":\"Organization\",\"@id\":\"https:\/\/paulrivera.it\/pl\/#organization\",\"name\":\"Paul Rivera\",\"url\":\"https:\/\/paulrivera.it\/pl\/\",\"logo\":{\"@type\":\"ImageObject\",\"inLanguage\":\"pl-PL\",\"@id\":\"https:\/\/paulrivera.it\/pl\/#\/schema\/logo\/image\/\",\"url\":\"https:\/\/paulrivera.it\/wp-content\/uploads\/2020\/02\/paul_rivera_logo_header_x2.png\",\"contentUrl\":\"https:\/\/paulrivera.it\/wp-content\/uploads\/2020\/02\/paul_rivera_logo_header_x2.png\",\"width\":470,\"height\":60,\"caption\":\"Paul Rivera\"},\"image\":{\"@id\":\"https:\/\/paulrivera.it\/pl\/#\/schema\/logo\/image\/\"}}]}<\/script>\n<!-- \/ Yoast SEO plugin. -->","yoast_head_json":{"title":"Try on \u2013 Odplamiacz epidermiczny w p\u0142ynie | Paul Rivera","description":"Epidermiczny odplamiacz w p\u0142ynie skutecznie usuwa pozosta\u0142o\u015bci koloru ze sk\u00f3ry.","robots":{"index":"index","follow":"follow","max-snippet":"max-snippet:-1","max-image-preview":"max-image-preview:large","max-video-preview":"max-video-preview:-1"},"canonical":"https:\/\/paulrivera.it\/pl\/prodotti\/koloryzacja\/try-on-odplamiacz-epidermiczny-w-plynie\/","og_locale":"pl_PL","og_type":"article","og_title":"Try on \u2013 Odplamiacz epidermiczny w p\u0142ynie | Paul Rivera","og_description":"Epidermiczny odplamiacz w p\u0142ynie skutecznie usuwa pozosta\u0142o\u015bci koloru ze sk\u00f3ry.","og_url":"https:\/\/paulrivera.it\/pl\/prodotti\/koloryzacja\/try-on-odplamiacz-epidermiczny-w-plynie\/","og_site_name":"Paul Rivera","article_modified_time":"2025-11-27T16:31:45+00:00","og_image":[{"width":800,"height":800,"url":"https:\/\/paulrivera.it\/wp-content\/uploads\/2020\/02\/604279-paul-rivera-try-on-liquid-colour-remover-250ml.png","type":"image\/png"}],"twitter_card":"summary_large_image","twitter_misc":{"Est. reading time":"2 minutes"},"schema":{"@context":"https:\/\/schema.org","@graph":[{"@type":"WebPage","@id":"https:\/\/paulrivera.it\/pl\/prodotti\/koloryzacja\/try-on-odplamiacz-epidermiczny-w-plynie\/","url":"https:\/\/paulrivera.it\/pl\/prodotti\/koloryzacja\/try-on-odplamiacz-epidermiczny-w-plynie\/","name":"Try on \u2013 Odplamiacz epidermiczny w p\u0142ynie | Paul Rivera","isPartOf":{"@id":"https:\/\/paulrivera.it\/pl\/#website"},"primaryImageOfPage":{"@id":"https:\/\/paulrivera.it\/pl\/prodotti\/koloryzacja\/try-on-odplamiacz-epidermiczny-w-plynie\/#primaryimage"},"image":{"@id":"https:\/\/paulrivera.it\/pl\/prodotti\/koloryzacja\/try-on-odplamiacz-epidermiczny-w-plynie\/#primaryimage"},"thumbnailUrl":"https:\/\/paulrivera.it\/wp-content\/uploads\/2020\/02\/604279-paul-rivera-try-on-liquid-colour-remover-250ml.png","datePublished":"2020-02-18T08:27:44+00:00","dateModified":"2025-11-27T16:31:45+00:00","description":"Epidermiczny odplamiacz w p\u0142ynie skutecznie usuwa pozosta\u0142o\u015bci koloru ze sk\u00f3ry.","breadcrumb":{"@id":"https:\/\/paulrivera.it\/pl\/prodotti\/koloryzacja\/try-on-odplamiacz-epidermiczny-w-plynie\/#breadcrumb"},"inLanguage":"pl-PL","potentialAction":[{"@type":"ReadAction","target":["https:\/\/paulrivera.it\/pl\/prodotti\/koloryzacja\/try-on-odplamiacz-epidermiczny-w-plynie\/"]}]},{"@type":"ImageObject","inLanguage":"pl-PL","@id":"https:\/\/paulrivera.it\/pl\/prodotti\/koloryzacja\/try-on-odplamiacz-epidermiczny-w-plynie\/#primaryimage","url":"https:\/\/paulrivera.it\/wp-content\/uploads\/2020\/02\/604279-paul-rivera-try-on-liquid-colour-remover-250ml.png","contentUrl":"https:\/\/paulrivera.it\/wp-content\/uploads\/2020\/02\/604279-paul-rivera-try-on-liquid-colour-remover-250ml.png","width":800,"height":800},{"@type":"BreadcrumbList","@id":"https:\/\/paulrivera.it\/pl\/prodotti\/koloryzacja\/try-on-odplamiacz-epidermiczny-w-plynie\/#breadcrumb","itemListElement":[{"@type":"ListItem","position":1,"name":"Home","item":"https:\/\/paulrivera.it\/pl\/"},{"@type":"ListItem","position":2,"name":"Pagina shop","item":"https:\/\/paulrivera.it\/prodotti\/"},{"@type":"ListItem","position":3,"name":"Try on \u2013 Odplamiacz epidermiczny w p\u0142ynie"}]},{"@type":"WebSite","@id":"https:\/\/paulrivera.it\/pl\/#website","url":"https:\/\/paulrivera.it\/pl\/","name":"Paul Rivera","description":"Hair Beauty Celebration","publisher":{"@id":"https:\/\/paulrivera.it\/pl\/#organization"},"potentialAction":[{"@type":"SearchAction","target":{"@type":"EntryPoint","urlTemplate":"https:\/\/paulrivera.it\/pl\/?s={search_term_string}"},"query-input":{"@type":"PropertyValueSpecification","valueRequired":true,"valueName":"search_term_string"}}],"inLanguage":"pl-PL"},{"@type":"Organization","@id":"https:\/\/paulrivera.it\/pl\/#organization","name":"Paul Rivera","url":"https:\/\/paulrivera.it\/pl\/","logo":{"@type":"ImageObject","inLanguage":"pl-PL","@id":"https:\/\/paulrivera.it\/pl\/#\/schema\/logo\/image\/","url":"https:\/\/paulrivera.it\/wp-content\/uploads\/2020\/02\/paul_rivera_logo_header_x2.png","contentUrl":"https:\/\/paulrivera.it\/wp-content\/uploads\/2020\/02\/paul_rivera_logo_header_x2.png","width":470,"height":60,"caption":"Paul Rivera"},"image":{"@id":"https:\/\/paulrivera.it\/pl\/#\/schema\/logo\/image\/"}}]}},"_links":{"self":[{"href":"https:\/\/paulrivera.it\/pl\/wp-json\/wp\/v2\/product\/3678","targetHints":{"allow":["GET"]}}],"collection":[{"href":"https:\/\/paulrivera.it\/pl\/wp-json\/wp\/v2\/product"}],"about":[{"href":"https:\/\/paulrivera.it\/pl\/wp-json\/wp\/v2\/types\/product"}],"wp:featuredmedia":[{"embeddable":true,"href":"https:\/\/paulrivera.it\/pl\/wp-json\/wp\/v2\/media\/16313"}],"wp:attachment":[{"href":"https:\/\/paulrivera.it\/pl\/wp-json\/wp\/v2\/media?parent=3678"}],"wp:term":[{"taxonomy":"product_brand","embeddable":true,"href":"https:\/\/paulrivera.it\/pl\/wp-json\/wp\/v2\/product_brand?post=3678"},{"taxonomy":"product_cat","embeddable":true,"href":"https:\/\/paulrivera.it\/pl\/wp-json\/wp\/v2\/product_cat?post=3678"},{"taxonomy":"product_tag","embeddable":true,"href":"https:\/\/paulrivera.it\/pl\/wp-json\/wp\/v2\/product_tag?post=3678"}],"curies":[{"name":"wp","href":"https:\/\/api.w.org\/{rel}","templated":true}]}}