{"id":3683,"date":"2020-02-18T09:16:52","date_gmt":"2020-02-18T08:16:52","guid":{"rendered":"https:\/\/paulrivera.it\/product\/zoom-kolorowa-maska-nadajaca-blasku\/"},"modified":"2024-05-13T10:20:04","modified_gmt":"2024-05-13T08:20:04","slug":"zoom-kolorowa-maska-nadajaca-blasku","status":"publish","type":"product","link":"https:\/\/paulrivera.it\/pl\/prodotti\/koloryzacja\/zoom-kolorowa-maska-nadajaca-blasku\/","title":{"rendered":"Zoom &#8211; Kolorowa maska nadaj\u0105ca blasku"},"content":{"rendered":"<div class=\"wpb-content-wrapper\"><p>[vc_row full_width=&#8221;stretch_row&#8221;][vc_column][vc_row_inner el_id=&#8221;desktop&#8221;][vc_column_inner width=&#8221;1\/2&#8243; css=&#8221;.vc_custom_1583138468649{padding-right: 10% !important;padding-left: 30% !important;}&#8221; offset=&#8221;vc_hidden-md vc_hidden-sm vc_hidden-xs&#8221;][vc_column_text]<\/p>\n<h1>Pokochasz ten produkt za to, \u017ce<\/h1>\n<ul>\n<li><span style=\"font-weight: 400;\">Wzmacnia i o\u017cywia kolor w\u0142os\u00f3w naturalnych lub farbowanych<\/span><\/li>\n<li>Podkre\u015bla blask i \u015bwietlisto\u015b\u0107 koloru<\/li>\n<li>Pokrywa pierwsze siwe w\u0142osy<\/li>\n<\/ul>\n<p>[\/vc_column_text][vc_column_text]<\/p>\n<h1>Sk\u0142adniki aktywne zawarte w formule<\/h1>\n<ul>\n<li>Wyci\u0105g ze skrzypu polnego: bogaty w minera\u0142y i flawonoidy ma dzia\u0142anie \u015bci\u0105gaj\u0105ce, stymuluj\u0105ce i tonizuj\u0105ce<\/li>\n<li>Olej z wiesio\u0142ka: To niesamowite \u017ar\u00f3d\u0142o kwas\u00f3w t\u0142uszczowych ma w\u0142a\u015bciwo\u015bci przeciwzapalne, wzmacniaj\u0105ce i nawil\u017caj\u0105ce<\/li>\n<\/ul>\n<p>[\/vc_column_text][vc_column_text]<\/p>\n<h1>Jak stosowa\u0107?<\/h1>\n<p><span style=\"font-weight: 400;\">W r\u0119kawiczkach ochronnych rozprowadzi\u0107 na umytych i osuszonych r\u0119cznikiem w\u0142osach za pomoc\u0105 grzebienia. Pozostawi\u0107 na 3 do 5 minut i dok\u0142adnie sp\u0142uka\u0107. Im d\u0142u\u017cszy czas aplikacji, tym bardziej intensywny efekt.<\/span>[\/vc_column_text][\/vc_column_inner][vc_column_inner width=&#8221;1\/2&#8243; css=&#8221;.vc_custom_1592820044044{background-image: url(https:\/\/paulrivera.it\/wp-content\/uploads\/2020\/02\/background_adv_produc_zoom.png?id=1513) !important;background-position: center !important;background-repeat: no-repeat !important;background-size: cover !important;}&#8221; offset=&#8221;vc_hidden-md vc_hidden-sm vc_hidden-xs&#8221;][vc_single_image image=&#8221;3684&#8243; img_size=&#8221;large&#8221; alignment=&#8221;center&#8221;][\/vc_column_inner][\/vc_row_inner][vc_row_inner el_id=&#8221;tablet&#8221;][vc_column_inner offset=&#8221;vc_hidden-lg vc_hidden-xs&#8221;][vc_column_text]<\/p>\n<h1>Pokochasz ten produkt za to, \u017ce<\/h1>\n<ul>\n<li><span style=\"font-weight: 400;\">Wzmacnia i o\u017cywia kolor w\u0142os\u00f3w naturalnych lub farbowanych<\/span><\/li>\n<li>Podkre\u015bla blask i \u015bwietlisto\u015b\u0107 koloru<\/li>\n<li>Pokrywa pierwsze siwe w\u0142osy<\/li>\n<\/ul>\n<p>[\/vc_column_text][vc_column_text]<\/p>\n<h1>Sk\u0142adniki aktywne zawarte w formule<\/h1>\n<ul>\n<li>Wyci\u0105g ze skrzypu polnego: bogaty w minera\u0142y i flawonoidy ma dzia\u0142anie \u015bci\u0105gaj\u0105ce, stymuluj\u0105ce i tonizuj\u0105ce<\/li>\n<li>Olej z wiesio\u0142ka: To niesamowite \u017ar\u00f3d\u0142o kwas\u00f3w t\u0142uszczowych ma w\u0142a\u015bciwo\u015bci przeciwzapalne, wzmacniaj\u0105ce i nawil\u017caj\u0105ce<\/li>\n<\/ul>\n<p>[\/vc_column_text][vc_column_text]<\/p>\n<h1>Jak stosowa\u0107?<\/h1>\n<p><span style=\"font-weight: 400;\">W r\u0119kawiczkach ochronnych rozprowadzi\u0107 na umytych i osuszonych r\u0119cznikiem w\u0142osach za pomoc\u0105 grzebienia. Pozostawi\u0107 na 3 do 5 minut i dok\u0142adnie sp\u0142uka\u0107. Im d\u0142u\u017cszy czas aplikacji, tym bardziej intensywny efekt.<\/span>[\/vc_column_text][\/vc_column_inner][\/vc_row_inner][vc_row_inner el_id=&#8221;mobile&#8221;][vc_column_inner width=&#8221;1\/2&#8243; offset=&#8221;vc_hidden-lg vc_hidden-md vc_hidden-sm&#8221;][vc_column_text]<\/p>\n<h1>Pokochasz ten produkt za to, \u017ce<\/h1>\n<ul>\n<li><span style=\"font-weight: 400;\">Wzmacnia i o\u017cywia kolor w\u0142os\u00f3w naturalnych lub farbowanych<\/span><\/li>\n<li>Podkre\u015bla blask i \u015bwietlisto\u015b\u0107 koloru<\/li>\n<li>Pokrywa pierwsze siwe w\u0142osy<\/li>\n<\/ul>\n<p>[\/vc_column_text][vc_column_text]<\/p>\n<h1>Sk\u0142adniki aktywne zawarte w formule<\/h1>\n<ul>\n<li>Wyci\u0105g ze skrzypu polnego: bogaty w minera\u0142y i flawonoidy ma dzia\u0142anie \u015bci\u0105gaj\u0105ce, stymuluj\u0105ce i tonizuj\u0105ce<\/li>\n<li>Olej z wiesio\u0142ka: To niesamowite \u017ar\u00f3d\u0142o kwas\u00f3w t\u0142uszczowych ma w\u0142a\u015bciwo\u015bci przeciwzapalne, wzmacniaj\u0105ce i nawil\u017caj\u0105ce<\/li>\n<\/ul>\n<p>[\/vc_column_text][vc_column_text]<\/p>\n<h1>Jak stosowa\u0107?<\/h1>\n<p><span style=\"font-weight: 400;\">W r\u0119kawiczkach ochronnych rozprowadzi\u0107 na umytych i osuszonych r\u0119cznikiem w\u0142osach za pomoc\u0105 grzebienia. Pozostawi\u0107 na 3 do 5 minut i dok\u0142adnie sp\u0142uka\u0107. Im d\u0142u\u017cszy czas aplikacji, tym bardziej intensywny efekt.<\/span>[\/vc_column_text][\/vc_column_inner][vc_column_inner width=&#8221;1\/2&#8243; css=&#8221;.vc_custom_1592820034156{background-image: url(https:\/\/paulrivera.it\/wp-content\/uploads\/2020\/02\/background_adv_produc_zoom.png?id=1513) !important;background-position: center !important;background-repeat: no-repeat !important;background-size: cover !important;}&#8221; offset=&#8221;vc_hidden-lg vc_hidden-md vc_hidden-sm&#8221;][vc_single_image image=&#8221;3684&#8243; img_size=&#8221;large&#8221; alignment=&#8221;center&#8221;][\/vc_column_inner][\/vc_row_inner][\/vc_column][\/vc_row][vc_row css=&#8221;.vc_custom_1582192829011{padding-top: 50px !important;}&#8221;][vc_column][vc_row_inner][vc_column_inner][vc_column_text]<\/p>\n<h1 style=\"text-align: center;\"><span style=\"font-weight: 400;\">Spodoba Ci si\u0119 r\u00f3wnie\u017c<\/span><\/h1>\n<p>[\/vc_column_text][\/vc_column_inner][\/vc_row_inner][vc_raw_html]JTVCd3BiLXByb2R1Y3Qtc2xpZGVyLXNob3J0Y29kZSUyMGlkJTNEJTIyMTQyJTIyJTVE[\/vc_raw_html][\/vc_column][\/vc_row]<\/p>\n<\/div>","protected":false},"excerpt":{"rendered":"<p><span style=\"font-weight: 400;\">Maska do w\u0142os\u00f3w, kt\u00f3ra pozwala na <\/span><b>stworzenie niezwyk\u0142ych pasemek<\/b><span style=\"font-weight: 400;\">, natychmiastowe o\u017cywienie i <\/span><b>personalizacj\u0119<\/b><span style=\"font-weight: 400;\"> koloru dzi\u0119ki kolekcji oferuj\u0105cej a\u017c 8 odcieni. <\/span><span style=\"font-weight: 400;\">Zoom<\/span><span style=\"font-weight: 400;\"> pokrywa pierwsze siwe w\u0142osy i pozwala eksperymentowa\u0107 z nowymi horyzontami z pe\u0142n\u0105 swobod\u0105.<\/span><\/p>\n<p><span style=\"font-weight: 400;\">\u0141atwa w stosowaniu i <\/span><b>niezwykle szybka w aplikacji<\/b><span style=\"font-weight: 400;\"> (3-5 minut), regeneruje w\u0142osy podczas zabiegu. Formu\u0142a wzbogacona jest o<\/span><b> ekstrakt ze skrzypu polnego<\/b><span style=\"font-weight: 400;\">, kt\u00f3ry stymuluje i tonizuje sk\u00f3r\u0119 g\u0142owy, oraz o <\/span><b>olej z wiesio\u0142ka<\/b><span style=\"font-weight: 400;\">, o niezwyk\u0142ej mocy kosmetycznej.<\/span><\/p>\n<p>&nbsp;<\/p>\n<p><span style=\"font-weight: 400;\">8 odcieni<\/span><\/p>\n<p><span style=\"font-weight: 400;\">200 ml<\/span><\/p>\n<p>&nbsp;<\/p>\n[maxbutton id=\"8\"]\n","protected":false},"featured_media":3685,"template":"","meta":[],"product_brand":[],"product_cat":[693],"product_tag":[],"class_list":{"0":"post-3683","1":"product","2":"type-product","3":"status-publish","4":"has-post-thumbnail","6":"product_cat-koloryzacja","7":"description-off","9":"first","10":"instock","11":"shipping-taxable","12":"purchasable","13":"product-type-variable"},"yoast_head":"<!-- This site is optimized with the Yoast SEO plugin v27.2 - https:\/\/yoast.com\/product\/yoast-seo-wordpress\/ -->\n<title>Zoom - Kolorowa maska nadaj\u0105ca blasku | Paul Rivera<\/title>\n<meta name=\"description\" content=\"Maska do w\u0142os\u00f3w, kt\u00f3ra pozwala na stworzenie niezwyk\u0142ych pasemek, natychmiastowe o\u017cywienie i personalizacj\u0119 koloru dzi\u0119ki kolekcji oferuj\u0105cej a\u017c 8 odcieni.\" \/>\n<meta name=\"robots\" content=\"index, follow, max-snippet:-1, max-image-preview:large, max-video-preview:-1\" \/>\n<link rel=\"canonical\" href=\"https:\/\/paulrivera.it\/pl\/prodotti\/koloryzacja\/zoom-kolorowa-maska-nadajaca-blasku\/\" \/>\n<meta property=\"og:locale\" content=\"pl_PL\" \/>\n<meta property=\"og:type\" content=\"article\" \/>\n<meta property=\"og:title\" content=\"Zoom - Kolorowa maska nadaj\u0105ca blasku | Paul Rivera\" \/>\n<meta property=\"og:description\" content=\"Maska do w\u0142os\u00f3w, kt\u00f3ra pozwala na stworzenie niezwyk\u0142ych pasemek, natychmiastowe o\u017cywienie i personalizacj\u0119 koloru dzi\u0119ki kolekcji oferuj\u0105cej a\u017c 8 odcieni.\" \/>\n<meta property=\"og:url\" content=\"https:\/\/paulrivera.it\/pl\/prodotti\/koloryzacja\/zoom-kolorowa-maska-nadajaca-blasku\/\" \/>\n<meta property=\"og:site_name\" content=\"Paul Rivera\" \/>\n<meta property=\"article:modified_time\" content=\"2024-05-13T08:20:04+00:00\" \/>\n<meta property=\"og:image\" content=\"https:\/\/paulrivera.it\/wp-content\/uploads\/2020\/02\/604071_paul_rivera_zoom_reflection_mask_purple_hill_200ml.png\" \/>\n\t<meta property=\"og:image:width\" content=\"800\" \/>\n\t<meta property=\"og:image:height\" content=\"800\" \/>\n\t<meta property=\"og:image:type\" content=\"image\/png\" \/>\n<meta name=\"twitter:card\" content=\"summary_large_image\" \/>\n<meta name=\"twitter:label1\" content=\"Est. reading time\" \/>\n\t<meta name=\"twitter:data1\" content=\"3 minutes\" \/>\n<script type=\"application\/ld+json\" class=\"yoast-schema-graph\">{\"@context\":\"https:\/\/schema.org\",\"@graph\":[{\"@type\":\"WebPage\",\"@id\":\"https:\/\/paulrivera.it\/pl\/prodotti\/koloryzacja\/zoom-kolorowa-maska-nadajaca-blasku\/\",\"url\":\"https:\/\/paulrivera.it\/pl\/prodotti\/koloryzacja\/zoom-kolorowa-maska-nadajaca-blasku\/\",\"name\":\"Zoom - Kolorowa maska nadaj\u0105ca blasku | Paul Rivera\",\"isPartOf\":{\"@id\":\"https:\/\/paulrivera.it\/pl\/#website\"},\"primaryImageOfPage\":{\"@id\":\"https:\/\/paulrivera.it\/pl\/prodotti\/koloryzacja\/zoom-kolorowa-maska-nadajaca-blasku\/#primaryimage\"},\"image\":{\"@id\":\"https:\/\/paulrivera.it\/pl\/prodotti\/koloryzacja\/zoom-kolorowa-maska-nadajaca-blasku\/#primaryimage\"},\"thumbnailUrl\":\"https:\/\/paulrivera.it\/wp-content\/uploads\/2020\/02\/604071_paul_rivera_zoom_reflection_mask_purple_hill_200ml.png\",\"datePublished\":\"2020-02-18T08:16:52+00:00\",\"dateModified\":\"2024-05-13T08:20:04+00:00\",\"description\":\"Maska do w\u0142os\u00f3w, kt\u00f3ra pozwala na stworzenie niezwyk\u0142ych pasemek, natychmiastowe o\u017cywienie i personalizacj\u0119 koloru dzi\u0119ki kolekcji oferuj\u0105cej a\u017c 8 odcieni.\",\"breadcrumb\":{\"@id\":\"https:\/\/paulrivera.it\/pl\/prodotti\/koloryzacja\/zoom-kolorowa-maska-nadajaca-blasku\/#breadcrumb\"},\"inLanguage\":\"pl-PL\",\"potentialAction\":[{\"@type\":\"ReadAction\",\"target\":[\"https:\/\/paulrivera.it\/pl\/prodotti\/koloryzacja\/zoom-kolorowa-maska-nadajaca-blasku\/\"]}]},{\"@type\":\"ImageObject\",\"inLanguage\":\"pl-PL\",\"@id\":\"https:\/\/paulrivera.it\/pl\/prodotti\/koloryzacja\/zoom-kolorowa-maska-nadajaca-blasku\/#primaryimage\",\"url\":\"https:\/\/paulrivera.it\/wp-content\/uploads\/2020\/02\/604071_paul_rivera_zoom_reflection_mask_purple_hill_200ml.png\",\"contentUrl\":\"https:\/\/paulrivera.it\/wp-content\/uploads\/2020\/02\/604071_paul_rivera_zoom_reflection_mask_purple_hill_200ml.png\",\"width\":800,\"height\":800,\"caption\":\"Zoom - Kolorowa maska nadaj\u0105ca blasku\"},{\"@type\":\"BreadcrumbList\",\"@id\":\"https:\/\/paulrivera.it\/pl\/prodotti\/koloryzacja\/zoom-kolorowa-maska-nadajaca-blasku\/#breadcrumb\",\"itemListElement\":[{\"@type\":\"ListItem\",\"position\":1,\"name\":\"Home\",\"item\":\"https:\/\/paulrivera.it\/pl\/\"},{\"@type\":\"ListItem\",\"position\":2,\"name\":\"Pagina shop\",\"item\":\"https:\/\/paulrivera.it\/prodotti\/\"},{\"@type\":\"ListItem\",\"position\":3,\"name\":\"Zoom &#8211; Kolorowa maska nadaj\u0105ca blasku\"}]},{\"@type\":\"WebSite\",\"@id\":\"https:\/\/paulrivera.it\/pl\/#website\",\"url\":\"https:\/\/paulrivera.it\/pl\/\",\"name\":\"Paul Rivera\",\"description\":\"Hair Beauty Celebration\",\"publisher\":{\"@id\":\"https:\/\/paulrivera.it\/pl\/#organization\"},\"potentialAction\":[{\"@type\":\"SearchAction\",\"target\":{\"@type\":\"EntryPoint\",\"urlTemplate\":\"https:\/\/paulrivera.it\/pl\/?s={search_term_string}\"},\"query-input\":{\"@type\":\"PropertyValueSpecification\",\"valueRequired\":true,\"valueName\":\"search_term_string\"}}],\"inLanguage\":\"pl-PL\"},{\"@type\":\"Organization\",\"@id\":\"https:\/\/paulrivera.it\/pl\/#organization\",\"name\":\"Paul Rivera\",\"url\":\"https:\/\/paulrivera.it\/pl\/\",\"logo\":{\"@type\":\"ImageObject\",\"inLanguage\":\"pl-PL\",\"@id\":\"https:\/\/paulrivera.it\/pl\/#\/schema\/logo\/image\/\",\"url\":\"https:\/\/paulrivera.it\/wp-content\/uploads\/2020\/02\/paul_rivera_logo_header_x2.png\",\"contentUrl\":\"https:\/\/paulrivera.it\/wp-content\/uploads\/2020\/02\/paul_rivera_logo_header_x2.png\",\"width\":470,\"height\":60,\"caption\":\"Paul Rivera\"},\"image\":{\"@id\":\"https:\/\/paulrivera.it\/pl\/#\/schema\/logo\/image\/\"}}]}<\/script>\n<!-- \/ Yoast SEO plugin. -->","yoast_head_json":{"title":"Zoom - Kolorowa maska nadaj\u0105ca blasku | Paul Rivera","description":"Maska do w\u0142os\u00f3w, kt\u00f3ra pozwala na stworzenie niezwyk\u0142ych pasemek, natychmiastowe o\u017cywienie i personalizacj\u0119 koloru dzi\u0119ki kolekcji oferuj\u0105cej a\u017c 8 odcieni.","robots":{"index":"index","follow":"follow","max-snippet":"max-snippet:-1","max-image-preview":"max-image-preview:large","max-video-preview":"max-video-preview:-1"},"canonical":"https:\/\/paulrivera.it\/pl\/prodotti\/koloryzacja\/zoom-kolorowa-maska-nadajaca-blasku\/","og_locale":"pl_PL","og_type":"article","og_title":"Zoom - Kolorowa maska nadaj\u0105ca blasku | Paul Rivera","og_description":"Maska do w\u0142os\u00f3w, kt\u00f3ra pozwala na stworzenie niezwyk\u0142ych pasemek, natychmiastowe o\u017cywienie i personalizacj\u0119 koloru dzi\u0119ki kolekcji oferuj\u0105cej a\u017c 8 odcieni.","og_url":"https:\/\/paulrivera.it\/pl\/prodotti\/koloryzacja\/zoom-kolorowa-maska-nadajaca-blasku\/","og_site_name":"Paul Rivera","article_modified_time":"2024-05-13T08:20:04+00:00","og_image":[{"width":800,"height":800,"url":"https:\/\/paulrivera.it\/wp-content\/uploads\/2020\/02\/604071_paul_rivera_zoom_reflection_mask_purple_hill_200ml.png","type":"image\/png"}],"twitter_card":"summary_large_image","twitter_misc":{"Est. reading time":"3 minutes"},"schema":{"@context":"https:\/\/schema.org","@graph":[{"@type":"WebPage","@id":"https:\/\/paulrivera.it\/pl\/prodotti\/koloryzacja\/zoom-kolorowa-maska-nadajaca-blasku\/","url":"https:\/\/paulrivera.it\/pl\/prodotti\/koloryzacja\/zoom-kolorowa-maska-nadajaca-blasku\/","name":"Zoom - Kolorowa maska nadaj\u0105ca blasku | Paul Rivera","isPartOf":{"@id":"https:\/\/paulrivera.it\/pl\/#website"},"primaryImageOfPage":{"@id":"https:\/\/paulrivera.it\/pl\/prodotti\/koloryzacja\/zoom-kolorowa-maska-nadajaca-blasku\/#primaryimage"},"image":{"@id":"https:\/\/paulrivera.it\/pl\/prodotti\/koloryzacja\/zoom-kolorowa-maska-nadajaca-blasku\/#primaryimage"},"thumbnailUrl":"https:\/\/paulrivera.it\/wp-content\/uploads\/2020\/02\/604071_paul_rivera_zoom_reflection_mask_purple_hill_200ml.png","datePublished":"2020-02-18T08:16:52+00:00","dateModified":"2024-05-13T08:20:04+00:00","description":"Maska do w\u0142os\u00f3w, kt\u00f3ra pozwala na stworzenie niezwyk\u0142ych pasemek, natychmiastowe o\u017cywienie i personalizacj\u0119 koloru dzi\u0119ki kolekcji oferuj\u0105cej a\u017c 8 odcieni.","breadcrumb":{"@id":"https:\/\/paulrivera.it\/pl\/prodotti\/koloryzacja\/zoom-kolorowa-maska-nadajaca-blasku\/#breadcrumb"},"inLanguage":"pl-PL","potentialAction":[{"@type":"ReadAction","target":["https:\/\/paulrivera.it\/pl\/prodotti\/koloryzacja\/zoom-kolorowa-maska-nadajaca-blasku\/"]}]},{"@type":"ImageObject","inLanguage":"pl-PL","@id":"https:\/\/paulrivera.it\/pl\/prodotti\/koloryzacja\/zoom-kolorowa-maska-nadajaca-blasku\/#primaryimage","url":"https:\/\/paulrivera.it\/wp-content\/uploads\/2020\/02\/604071_paul_rivera_zoom_reflection_mask_purple_hill_200ml.png","contentUrl":"https:\/\/paulrivera.it\/wp-content\/uploads\/2020\/02\/604071_paul_rivera_zoom_reflection_mask_purple_hill_200ml.png","width":800,"height":800,"caption":"Zoom - Kolorowa maska nadaj\u0105ca blasku"},{"@type":"BreadcrumbList","@id":"https:\/\/paulrivera.it\/pl\/prodotti\/koloryzacja\/zoom-kolorowa-maska-nadajaca-blasku\/#breadcrumb","itemListElement":[{"@type":"ListItem","position":1,"name":"Home","item":"https:\/\/paulrivera.it\/pl\/"},{"@type":"ListItem","position":2,"name":"Pagina shop","item":"https:\/\/paulrivera.it\/prodotti\/"},{"@type":"ListItem","position":3,"name":"Zoom &#8211; Kolorowa maska nadaj\u0105ca blasku"}]},{"@type":"WebSite","@id":"https:\/\/paulrivera.it\/pl\/#website","url":"https:\/\/paulrivera.it\/pl\/","name":"Paul Rivera","description":"Hair Beauty Celebration","publisher":{"@id":"https:\/\/paulrivera.it\/pl\/#organization"},"potentialAction":[{"@type":"SearchAction","target":{"@type":"EntryPoint","urlTemplate":"https:\/\/paulrivera.it\/pl\/?s={search_term_string}"},"query-input":{"@type":"PropertyValueSpecification","valueRequired":true,"valueName":"search_term_string"}}],"inLanguage":"pl-PL"},{"@type":"Organization","@id":"https:\/\/paulrivera.it\/pl\/#organization","name":"Paul Rivera","url":"https:\/\/paulrivera.it\/pl\/","logo":{"@type":"ImageObject","inLanguage":"pl-PL","@id":"https:\/\/paulrivera.it\/pl\/#\/schema\/logo\/image\/","url":"https:\/\/paulrivera.it\/wp-content\/uploads\/2020\/02\/paul_rivera_logo_header_x2.png","contentUrl":"https:\/\/paulrivera.it\/wp-content\/uploads\/2020\/02\/paul_rivera_logo_header_x2.png","width":470,"height":60,"caption":"Paul Rivera"},"image":{"@id":"https:\/\/paulrivera.it\/pl\/#\/schema\/logo\/image\/"}}]}},"_links":{"self":[{"href":"https:\/\/paulrivera.it\/pl\/wp-json\/wp\/v2\/product\/3683","targetHints":{"allow":["GET"]}}],"collection":[{"href":"https:\/\/paulrivera.it\/pl\/wp-json\/wp\/v2\/product"}],"about":[{"href":"https:\/\/paulrivera.it\/pl\/wp-json\/wp\/v2\/types\/product"}],"wp:featuredmedia":[{"embeddable":true,"href":"https:\/\/paulrivera.it\/pl\/wp-json\/wp\/v2\/media\/3685"}],"wp:attachment":[{"href":"https:\/\/paulrivera.it\/pl\/wp-json\/wp\/v2\/media?parent=3683"}],"wp:term":[{"taxonomy":"product_brand","embeddable":true,"href":"https:\/\/paulrivera.it\/pl\/wp-json\/wp\/v2\/product_brand?post=3683"},{"taxonomy":"product_cat","embeddable":true,"href":"https:\/\/paulrivera.it\/pl\/wp-json\/wp\/v2\/product_cat?post=3683"},{"taxonomy":"product_tag","embeddable":true,"href":"https:\/\/paulrivera.it\/pl\/wp-json\/wp\/v2\/product_tag?post=3683"}],"curies":[{"name":"wp","href":"https:\/\/api.w.org\/{rel}","templated":true}]}}