{"id":3701,"date":"2020-02-18T09:15:57","date_gmt":"2020-02-18T08:15:57","guid":{"rendered":"https:\/\/paulrivera.it\/product\/irida-crema-colorante-senza-ammoniaca\/"},"modified":"2024-05-13T10:20:35","modified_gmt":"2024-05-13T08:20:35","slug":"irida-krem-koloryzujacy-bez-amoniaku","status":"publish","type":"product","link":"https:\/\/paulrivera.it\/pl\/prodotti\/koloryzacja\/irida-krem-koloryzujacy-bez-amoniaku\/","title":{"rendered":"Irida &#8211; Krem koloryzuj\u0105cy bez amoniaku"},"content":{"rendered":"<div class=\"wpb-content-wrapper\"><p>[vc_row full_width=&#8221;stretch_row&#8221;][vc_column][vc_row_inner el_id=&#8221;desktop&#8221;][vc_column_inner width=&#8221;1\/2&#8243; css=&#8221;.vc_custom_1583137813038{padding-right: 10% !important;padding-left: 30% !important;}&#8221; offset=&#8221;vc_hidden-md vc_hidden-sm vc_hidden-xs&#8221;][vc_column_text]<\/p>\n<h1><span style=\"font-weight: 400;\">Pokochasz ten produkt za to, \u017ce<\/span><\/h1>\n<ul>\n<li><span style=\"font-weight: 400;\">Zapewnia maksymaln\u0105 intensywno\u015b\u0107 koloru<\/span><\/li>\n<li>Nie zawiera amoniaku<\/li>\n<li>Ma delikatny zapach<\/li>\n<li>Doskonale pokrywa siwe w\u0142osy<\/li>\n<li>Umo\u017cliwia rozja\u015bnienie a\u017c o 3 tony<\/li>\n<\/ul>\n<p>[\/vc_column_text][vc_column_text]<\/p>\n<h1><span style=\"font-weight: 400;\">Sk\u0142adniki aktywne zawarte w formule<\/span><\/h1>\n<ul>\n<li><span style=\"font-weight: 400;\">Olej z orzech\u00f3w makadamia: d<\/span>zi\u0119ki jego w\u0142a\u015bciwo\u015bciom nat\u0142uszczaj\u0105cym, antyoksydacyjnymym i regeneruj\u0105cym w\u0142osy s\u0105 nawil\u017cone i niezwykle mi\u0119kkie.<\/li>\n<li><span style=\"font-weight: 400;\">Wyci\u0105g z orchidei <\/span><span style=\"font-weight: 400;\">Orchidea: bogata w minera\u0142y i polisacharydy, nawil\u017ca i zmi\u0119kcza w\u0142\u00f3kna w\u0142osowe, pomagaj\u0105c im zachowa\u0107 m\u0142ody wygl\u0105d.<\/span><\/li>\n<li><span style=\"font-weight: 400;\">Aloes: n<\/span><span style=\"font-weight: 400;\">iezwyk\u0142e w\u0142a\u015bciwo\u015bci lecznicze aloesu sprawiaj\u0105, \u017ce jest on bardzo przydatny w kosmetyce. Ma dzia\u0142anie nawil\u017caj\u0105ce, antyoksydacyjne, wspomaga gojenie si\u0119 nask\u00f3rka i odbudow\u0119 kom\u00f3rek. <\/span><\/li>\n<\/ul>\n<p>[\/vc_column_text][vc_column_text]<\/p>\n<h1><span style=\"font-weight: 400;\">Jak stosowa\u0107?<\/span><\/h1>\n<p><span style=\"font-weight: 400;\">W niemetalowej miseczce wymieszaj krem koloryzuj\u0105cy Irida z wybran\u0105 przez siebie emulsj\u0105 utleniaj\u0105c\u0105 Ultra Vox w proporcji (1:1,5). UWAGA Produkt przeznaczony jest wy\u0142\u0105cznie do u\u017cytku profesjonalnego.<\/span>[\/vc_column_text][\/vc_column_inner][vc_column_inner width=&#8221;1\/2&#8243; css=&#8221;.vc_custom_1592814491559{background-image: url(https:\/\/paulrivera.it\/wp-content\/uploads\/2020\/06\/background_adv_produc_optica_home.jpg?id=1321) !important;background-position: center !important;background-repeat: no-repeat !important;background-size: cover !important;}&#8221; offset=&#8221;vc_hidden-md vc_hidden-sm vc_hidden-xs&#8221;][vc_single_image image=&#8221;3702&#8243; img_size=&#8221;large&#8221; alignment=&#8221;center&#8221;][\/vc_column_inner][\/vc_row_inner][vc_row_inner el_id=&#8221;tablet&#8221;][vc_column_inner offset=&#8221;vc_hidden-lg vc_hidden-xs&#8221;][vc_column_text]<\/p>\n<h1><span style=\"font-weight: 400;\">Pokochasz ten produkt za to, \u017ce<\/span><\/h1>\n<ul>\n<li><span style=\"font-weight: 400;\">Zapewnia maksymaln\u0105 intensywno\u015b\u0107 koloru<\/span><\/li>\n<li>Nie zawiera amoniaku<\/li>\n<li>Ma delikatny zapach<\/li>\n<li>Doskonale pokrywa siwe w\u0142osy<\/li>\n<li>Umo\u017cliwia rozja\u015bnienie a\u017c o 3 tony<\/li>\n<\/ul>\n<p>[\/vc_column_text][vc_column_text]<\/p>\n<h1><span style=\"font-weight: 400;\">Sk\u0142adniki aktywne zawarte w formule<\/span><\/h1>\n<ul>\n<li><span style=\"font-weight: 400;\">Olej z orzech\u00f3w makadamia: d<\/span>zi\u0119ki jego w\u0142a\u015bciwo\u015bciom nat\u0142uszczaj\u0105cym, antyoksydacyjnymym i regeneruj\u0105cym w\u0142osy s\u0105 nawil\u017cone i niezwykle mi\u0119kkie.<\/li>\n<li><span style=\"font-weight: 400;\">Wyci\u0105g z orchidei <\/span><span style=\"font-weight: 400;\">Orchidea: bogata w minera\u0142y i polisacharydy, nawil\u017ca i zmi\u0119kcza w\u0142\u00f3kna w\u0142osowe, pomagaj\u0105c im zachowa\u0107 m\u0142ody wygl\u0105d.<\/span><\/li>\n<li><span style=\"font-weight: 400;\">Aloes: n<\/span><span style=\"font-weight: 400;\">iezwyk\u0142e w\u0142a\u015bciwo\u015bci lecznicze aloesu sprawiaj\u0105, \u017ce jest on bardzo przydatny w kosmetyce. Ma dzia\u0142anie nawil\u017caj\u0105ce, antyoksydacyjne, wspomaga gojenie si\u0119 nask\u00f3rka i odbudow\u0119 kom\u00f3rek. <\/span><\/li>\n<\/ul>\n<p>[\/vc_column_text][vc_column_text]<\/p>\n<h1><span style=\"font-weight: 400;\">Jak stosowa\u0107?<\/span><\/h1>\n<p><span style=\"font-weight: 400;\">W niemetalowej miseczce wymieszaj krem koloryzuj\u0105cy Irida z wybran\u0105 przez siebie emulsj\u0105 utleniaj\u0105c\u0105 Ultra Vox w proporcji (1:1,5). UWAGA Produkt przeznaczony jest wy\u0142\u0105cznie do u\u017cytku profesjonalnego.<\/span>[\/vc_column_text][\/vc_column_inner][\/vc_row_inner][vc_row_inner el_id=&#8221;mobile&#8221;][vc_column_inner width=&#8221;1\/2&#8243; offset=&#8221;vc_hidden-lg vc_hidden-md vc_hidden-sm&#8221;][vc_column_text]<\/p>\n<h1><span style=\"font-weight: 400;\">Pokochasz ten produkt za to, \u017ce<\/span><\/h1>\n<ul>\n<li><span style=\"font-weight: 400;\">Zapewnia maksymaln\u0105 intensywno\u015b\u0107 koloru<\/span><\/li>\n<li>Nie zawiera amoniaku<\/li>\n<li>Ma delikatny zapach<\/li>\n<li>Doskonale pokrywa siwe w\u0142osy<\/li>\n<li>Umo\u017cliwia rozja\u015bnienie a\u017c o 3 tony<\/li>\n<\/ul>\n<p>[\/vc_column_text][vc_column_text]<\/p>\n<h1><span style=\"font-weight: 400;\">Sk\u0142adniki aktywne zawarte w formule<\/span><\/h1>\n<ul>\n<li><span style=\"font-weight: 400;\">Olej z orzech\u00f3w makadamia: d<\/span>zi\u0119ki jego w\u0142a\u015bciwo\u015bciom nat\u0142uszczaj\u0105cym, antyoksydacyjnymym i regeneruj\u0105cym w\u0142osy s\u0105 nawil\u017cone i niezwykle mi\u0119kkie.<\/li>\n<li><span style=\"font-weight: 400;\">Wyci\u0105g z orchidei <\/span><span style=\"font-weight: 400;\">Orchidea: bogata w minera\u0142y i polisacharydy, nawil\u017ca i zmi\u0119kcza w\u0142\u00f3kna w\u0142osowe, pomagaj\u0105c im zachowa\u0107 m\u0142ody wygl\u0105d.<\/span><\/li>\n<li><span style=\"font-weight: 400;\">Aloes: n<\/span><span style=\"font-weight: 400;\">iezwyk\u0142e w\u0142a\u015bciwo\u015bci lecznicze aloesu sprawiaj\u0105, \u017ce jest on bardzo przydatny w kosmetyce. Ma dzia\u0142anie nawil\u017caj\u0105ce, antyoksydacyjne, wspomaga gojenie si\u0119 nask\u00f3rka i odbudow\u0119 kom\u00f3rek. <\/span><\/li>\n<\/ul>\n<p>[\/vc_column_text][vc_column_text]<\/p>\n<h1><span style=\"font-weight: 400;\">Jak stosowa\u0107?<\/span><\/h1>\n<p><span style=\"font-weight: 400;\">W niemetalowej miseczce wymieszaj krem koloryzuj\u0105cy Irida z wybran\u0105 przez siebie emulsj\u0105 utleniaj\u0105c\u0105 Ultra Vox w proporcji (1:1,5). UWAGA Produkt przeznaczony jest wy\u0142\u0105cznie do u\u017cytku profesjonalnego.<\/span>[\/vc_column_text][\/vc_column_inner][vc_column_inner width=&#8221;1\/2&#8243; css=&#8221;.vc_custom_1592814502167{background-image: url(https:\/\/paulrivera.it\/wp-content\/uploads\/2020\/06\/background_adv_produc_optica_home.jpg?id=1321) !important;background-position: center !important;background-repeat: no-repeat !important;background-size: cover !important;}&#8221; offset=&#8221;vc_hidden-lg vc_hidden-md vc_hidden-sm&#8221;][vc_single_image image=&#8221;3702&#8243; img_size=&#8221;large&#8221; alignment=&#8221;center&#8221;][\/vc_column_inner][\/vc_row_inner][\/vc_column][\/vc_row][vc_row css=&#8221;.vc_custom_1582192829011{padding-top: 50px !important;}&#8221;][vc_column][vc_row_inner][vc_column_inner][vc_column_text]<\/p>\n<h1 style=\"text-align: center;\"><span style=\"font-weight: 400;\">Spodoba Ci si\u0119 r\u00f3wnie\u017c<\/span><\/h1>\n<p>[\/vc_column_text][\/vc_column_inner][\/vc_row_inner][vc_raw_html]JTVCd3BiLXByb2R1Y3Qtc2xpZGVyLXNob3J0Y29kZSUyMGlkJTNEJTIyMTYxJTIyJTVE[\/vc_raw_html][\/vc_column][\/vc_row]<\/p>\n<\/div>","protected":false},"excerpt":{"rendered":"<p><span style=\"font-weight: 400;\">Sekretem kremu koloryzuj\u0105cego Irida jest formu\u0142a<strong> bez amoniaku<\/strong>, kt\u00f3ra delikatnie nadaje w\u0142osom l\u015bni\u0105ce i <strong>wielowymiarowe refleksy<\/strong>. Zapewnia rozja\u015bnienie a\u017c o 3 tony. Dzi\u0119ki innowacyjnej technologii opartej na olejku <strong>makadamia oraz ekstraktach z orchidei<\/strong> i aloesu <\/span><span style=\"font-weight: 400;\">Irida<\/span><span style=\"font-weight: 400;\"> regeneruje i chroni w\u0142osy podczas zabiegu fryzjerskiego. <strong>Nieagresywna formu\u0142a<\/strong> i wysoce koloryzuj\u0105ce pigmenty tworz\u0105 idealn\u0105 mieszank\u0119, kt\u00f3ra pozwala stworzy\u0107 gr\u0119 \u015bwiate\u0142 i nada\u0107 d\u0142ugotrwa\u0142y kolor.<\/span><\/p>\n<p><span style=\"font-weight: 400;\">100 ml<\/span><\/p>\n<p><span style=\"font-weight: 400;\">50 odcieni podzielonych na 9 rodzin<\/span><\/p>\n<p>&nbsp;<\/p>\n[maxbutton id=\"8\"]\n","protected":false},"featured_media":3704,"template":"","meta":[],"product_brand":[],"product_cat":[693],"product_tag":[],"class_list":{"0":"post-3701","1":"product","2":"type-product","3":"status-publish","4":"has-post-thumbnail","6":"product_cat-koloryzacja","7":"description-off","9":"first","10":"instock","11":"shipping-taxable","12":"purchasable","13":"product-type-variable"},"yoast_head":"<!-- This site is optimized with the Yoast SEO plugin v27.2 - https:\/\/yoast.com\/product\/yoast-seo-wordpress\/ -->\n<title>Irida - Krem koloryzuj\u0105cy bez amoniaku | Paul Rivera<\/title>\n<meta name=\"description\" content=\"Sekretem kremu koloryzuj\u0105cego Irida jest formu\u0142a bez amoniaku, kt\u00f3ra delikatnie nadaje w\u0142osom l\u015bni\u0105ce i wielowymiarowe refleksy.\" \/>\n<meta name=\"robots\" content=\"index, follow, max-snippet:-1, max-image-preview:large, max-video-preview:-1\" \/>\n<link rel=\"canonical\" href=\"https:\/\/paulrivera.it\/pl\/prodotti\/koloryzacja\/irida-krem-koloryzujacy-bez-amoniaku\/\" \/>\n<meta property=\"og:locale\" content=\"pl_PL\" \/>\n<meta property=\"og:type\" content=\"article\" \/>\n<meta property=\"og:title\" content=\"Irida - Krem koloryzuj\u0105cy bez amoniaku | Paul Rivera\" \/>\n<meta property=\"og:description\" content=\"Sekretem kremu koloryzuj\u0105cego Irida jest formu\u0142a bez amoniaku, kt\u00f3ra delikatnie nadaje w\u0142osom l\u015bni\u0105ce i wielowymiarowe refleksy.\" \/>\n<meta property=\"og:url\" content=\"https:\/\/paulrivera.it\/pl\/prodotti\/koloryzacja\/irida-krem-koloryzujacy-bez-amoniaku\/\" \/>\n<meta property=\"og:site_name\" content=\"Paul Rivera\" \/>\n<meta property=\"article:modified_time\" content=\"2024-05-13T08:20:35+00:00\" \/>\n<meta property=\"og:image\" content=\"https:\/\/paulrivera.it\/wp-content\/uploads\/2020\/02\/602503_paul_rivera_irida_hair_color_cream_ammonia_free_100ml.png\" \/>\n\t<meta property=\"og:image:width\" content=\"800\" \/>\n\t<meta property=\"og:image:height\" content=\"800\" \/>\n\t<meta property=\"og:image:type\" content=\"image\/png\" \/>\n<meta name=\"twitter:card\" content=\"summary_large_image\" \/>\n<meta name=\"twitter:label1\" content=\"Est. reading time\" \/>\n\t<meta name=\"twitter:data1\" content=\"3 minutes\" \/>\n<script type=\"application\/ld+json\" class=\"yoast-schema-graph\">{\"@context\":\"https:\/\/schema.org\",\"@graph\":[{\"@type\":\"WebPage\",\"@id\":\"https:\/\/paulrivera.it\/pl\/prodotti\/koloryzacja\/irida-krem-koloryzujacy-bez-amoniaku\/\",\"url\":\"https:\/\/paulrivera.it\/pl\/prodotti\/koloryzacja\/irida-krem-koloryzujacy-bez-amoniaku\/\",\"name\":\"Irida - Krem koloryzuj\u0105cy bez amoniaku | Paul Rivera\",\"isPartOf\":{\"@id\":\"https:\/\/paulrivera.it\/pl\/#website\"},\"primaryImageOfPage\":{\"@id\":\"https:\/\/paulrivera.it\/pl\/prodotti\/koloryzacja\/irida-krem-koloryzujacy-bez-amoniaku\/#primaryimage\"},\"image\":{\"@id\":\"https:\/\/paulrivera.it\/pl\/prodotti\/koloryzacja\/irida-krem-koloryzujacy-bez-amoniaku\/#primaryimage\"},\"thumbnailUrl\":\"https:\/\/paulrivera.it\/wp-content\/uploads\/2020\/02\/602503_paul_rivera_irida_hair_color_cream_ammonia_free_100ml.png\",\"datePublished\":\"2020-02-18T08:15:57+00:00\",\"dateModified\":\"2024-05-13T08:20:35+00:00\",\"description\":\"Sekretem kremu koloryzuj\u0105cego Irida jest formu\u0142a bez amoniaku, kt\u00f3ra delikatnie nadaje w\u0142osom l\u015bni\u0105ce i wielowymiarowe refleksy.\",\"breadcrumb\":{\"@id\":\"https:\/\/paulrivera.it\/pl\/prodotti\/koloryzacja\/irida-krem-koloryzujacy-bez-amoniaku\/#breadcrumb\"},\"inLanguage\":\"pl-PL\",\"potentialAction\":[{\"@type\":\"ReadAction\",\"target\":[\"https:\/\/paulrivera.it\/pl\/prodotti\/koloryzacja\/irida-krem-koloryzujacy-bez-amoniaku\/\"]}]},{\"@type\":\"ImageObject\",\"inLanguage\":\"pl-PL\",\"@id\":\"https:\/\/paulrivera.it\/pl\/prodotti\/koloryzacja\/irida-krem-koloryzujacy-bez-amoniaku\/#primaryimage\",\"url\":\"https:\/\/paulrivera.it\/wp-content\/uploads\/2020\/02\/602503_paul_rivera_irida_hair_color_cream_ammonia_free_100ml.png\",\"contentUrl\":\"https:\/\/paulrivera.it\/wp-content\/uploads\/2020\/02\/602503_paul_rivera_irida_hair_color_cream_ammonia_free_100ml.png\",\"width\":800,\"height\":800,\"caption\":\"Irida - Krem koloryzuj\u0105cy bez amoniaku\"},{\"@type\":\"BreadcrumbList\",\"@id\":\"https:\/\/paulrivera.it\/pl\/prodotti\/koloryzacja\/irida-krem-koloryzujacy-bez-amoniaku\/#breadcrumb\",\"itemListElement\":[{\"@type\":\"ListItem\",\"position\":1,\"name\":\"Home\",\"item\":\"https:\/\/paulrivera.it\/pl\/\"},{\"@type\":\"ListItem\",\"position\":2,\"name\":\"Pagina shop\",\"item\":\"https:\/\/paulrivera.it\/prodotti\/\"},{\"@type\":\"ListItem\",\"position\":3,\"name\":\"Irida &#8211; Krem koloryzuj\u0105cy bez amoniaku\"}]},{\"@type\":\"WebSite\",\"@id\":\"https:\/\/paulrivera.it\/pl\/#website\",\"url\":\"https:\/\/paulrivera.it\/pl\/\",\"name\":\"Paul Rivera\",\"description\":\"Hair Beauty Celebration\",\"publisher\":{\"@id\":\"https:\/\/paulrivera.it\/pl\/#organization\"},\"potentialAction\":[{\"@type\":\"SearchAction\",\"target\":{\"@type\":\"EntryPoint\",\"urlTemplate\":\"https:\/\/paulrivera.it\/pl\/?s={search_term_string}\"},\"query-input\":{\"@type\":\"PropertyValueSpecification\",\"valueRequired\":true,\"valueName\":\"search_term_string\"}}],\"inLanguage\":\"pl-PL\"},{\"@type\":\"Organization\",\"@id\":\"https:\/\/paulrivera.it\/pl\/#organization\",\"name\":\"Paul Rivera\",\"url\":\"https:\/\/paulrivera.it\/pl\/\",\"logo\":{\"@type\":\"ImageObject\",\"inLanguage\":\"pl-PL\",\"@id\":\"https:\/\/paulrivera.it\/pl\/#\/schema\/logo\/image\/\",\"url\":\"https:\/\/paulrivera.it\/wp-content\/uploads\/2020\/02\/paul_rivera_logo_header_x2.png\",\"contentUrl\":\"https:\/\/paulrivera.it\/wp-content\/uploads\/2020\/02\/paul_rivera_logo_header_x2.png\",\"width\":470,\"height\":60,\"caption\":\"Paul Rivera\"},\"image\":{\"@id\":\"https:\/\/paulrivera.it\/pl\/#\/schema\/logo\/image\/\"}}]}<\/script>\n<!-- \/ Yoast SEO plugin. -->","yoast_head_json":{"title":"Irida - Krem koloryzuj\u0105cy bez amoniaku | Paul Rivera","description":"Sekretem kremu koloryzuj\u0105cego Irida jest formu\u0142a bez amoniaku, kt\u00f3ra delikatnie nadaje w\u0142osom l\u015bni\u0105ce i wielowymiarowe refleksy.","robots":{"index":"index","follow":"follow","max-snippet":"max-snippet:-1","max-image-preview":"max-image-preview:large","max-video-preview":"max-video-preview:-1"},"canonical":"https:\/\/paulrivera.it\/pl\/prodotti\/koloryzacja\/irida-krem-koloryzujacy-bez-amoniaku\/","og_locale":"pl_PL","og_type":"article","og_title":"Irida - Krem koloryzuj\u0105cy bez amoniaku | Paul Rivera","og_description":"Sekretem kremu koloryzuj\u0105cego Irida jest formu\u0142a bez amoniaku, kt\u00f3ra delikatnie nadaje w\u0142osom l\u015bni\u0105ce i wielowymiarowe refleksy.","og_url":"https:\/\/paulrivera.it\/pl\/prodotti\/koloryzacja\/irida-krem-koloryzujacy-bez-amoniaku\/","og_site_name":"Paul Rivera","article_modified_time":"2024-05-13T08:20:35+00:00","og_image":[{"width":800,"height":800,"url":"https:\/\/paulrivera.it\/wp-content\/uploads\/2020\/02\/602503_paul_rivera_irida_hair_color_cream_ammonia_free_100ml.png","type":"image\/png"}],"twitter_card":"summary_large_image","twitter_misc":{"Est. reading time":"3 minutes"},"schema":{"@context":"https:\/\/schema.org","@graph":[{"@type":"WebPage","@id":"https:\/\/paulrivera.it\/pl\/prodotti\/koloryzacja\/irida-krem-koloryzujacy-bez-amoniaku\/","url":"https:\/\/paulrivera.it\/pl\/prodotti\/koloryzacja\/irida-krem-koloryzujacy-bez-amoniaku\/","name":"Irida - Krem koloryzuj\u0105cy bez amoniaku | Paul Rivera","isPartOf":{"@id":"https:\/\/paulrivera.it\/pl\/#website"},"primaryImageOfPage":{"@id":"https:\/\/paulrivera.it\/pl\/prodotti\/koloryzacja\/irida-krem-koloryzujacy-bez-amoniaku\/#primaryimage"},"image":{"@id":"https:\/\/paulrivera.it\/pl\/prodotti\/koloryzacja\/irida-krem-koloryzujacy-bez-amoniaku\/#primaryimage"},"thumbnailUrl":"https:\/\/paulrivera.it\/wp-content\/uploads\/2020\/02\/602503_paul_rivera_irida_hair_color_cream_ammonia_free_100ml.png","datePublished":"2020-02-18T08:15:57+00:00","dateModified":"2024-05-13T08:20:35+00:00","description":"Sekretem kremu koloryzuj\u0105cego Irida jest formu\u0142a bez amoniaku, kt\u00f3ra delikatnie nadaje w\u0142osom l\u015bni\u0105ce i wielowymiarowe refleksy.","breadcrumb":{"@id":"https:\/\/paulrivera.it\/pl\/prodotti\/koloryzacja\/irida-krem-koloryzujacy-bez-amoniaku\/#breadcrumb"},"inLanguage":"pl-PL","potentialAction":[{"@type":"ReadAction","target":["https:\/\/paulrivera.it\/pl\/prodotti\/koloryzacja\/irida-krem-koloryzujacy-bez-amoniaku\/"]}]},{"@type":"ImageObject","inLanguage":"pl-PL","@id":"https:\/\/paulrivera.it\/pl\/prodotti\/koloryzacja\/irida-krem-koloryzujacy-bez-amoniaku\/#primaryimage","url":"https:\/\/paulrivera.it\/wp-content\/uploads\/2020\/02\/602503_paul_rivera_irida_hair_color_cream_ammonia_free_100ml.png","contentUrl":"https:\/\/paulrivera.it\/wp-content\/uploads\/2020\/02\/602503_paul_rivera_irida_hair_color_cream_ammonia_free_100ml.png","width":800,"height":800,"caption":"Irida - Krem koloryzuj\u0105cy bez amoniaku"},{"@type":"BreadcrumbList","@id":"https:\/\/paulrivera.it\/pl\/prodotti\/koloryzacja\/irida-krem-koloryzujacy-bez-amoniaku\/#breadcrumb","itemListElement":[{"@type":"ListItem","position":1,"name":"Home","item":"https:\/\/paulrivera.it\/pl\/"},{"@type":"ListItem","position":2,"name":"Pagina shop","item":"https:\/\/paulrivera.it\/prodotti\/"},{"@type":"ListItem","position":3,"name":"Irida &#8211; Krem koloryzuj\u0105cy bez amoniaku"}]},{"@type":"WebSite","@id":"https:\/\/paulrivera.it\/pl\/#website","url":"https:\/\/paulrivera.it\/pl\/","name":"Paul Rivera","description":"Hair Beauty Celebration","publisher":{"@id":"https:\/\/paulrivera.it\/pl\/#organization"},"potentialAction":[{"@type":"SearchAction","target":{"@type":"EntryPoint","urlTemplate":"https:\/\/paulrivera.it\/pl\/?s={search_term_string}"},"query-input":{"@type":"PropertyValueSpecification","valueRequired":true,"valueName":"search_term_string"}}],"inLanguage":"pl-PL"},{"@type":"Organization","@id":"https:\/\/paulrivera.it\/pl\/#organization","name":"Paul Rivera","url":"https:\/\/paulrivera.it\/pl\/","logo":{"@type":"ImageObject","inLanguage":"pl-PL","@id":"https:\/\/paulrivera.it\/pl\/#\/schema\/logo\/image\/","url":"https:\/\/paulrivera.it\/wp-content\/uploads\/2020\/02\/paul_rivera_logo_header_x2.png","contentUrl":"https:\/\/paulrivera.it\/wp-content\/uploads\/2020\/02\/paul_rivera_logo_header_x2.png","width":470,"height":60,"caption":"Paul Rivera"},"image":{"@id":"https:\/\/paulrivera.it\/pl\/#\/schema\/logo\/image\/"}}]}},"_links":{"self":[{"href":"https:\/\/paulrivera.it\/pl\/wp-json\/wp\/v2\/product\/3701","targetHints":{"allow":["GET"]}}],"collection":[{"href":"https:\/\/paulrivera.it\/pl\/wp-json\/wp\/v2\/product"}],"about":[{"href":"https:\/\/paulrivera.it\/pl\/wp-json\/wp\/v2\/types\/product"}],"wp:featuredmedia":[{"embeddable":true,"href":"https:\/\/paulrivera.it\/pl\/wp-json\/wp\/v2\/media\/3704"}],"wp:attachment":[{"href":"https:\/\/paulrivera.it\/pl\/wp-json\/wp\/v2\/media?parent=3701"}],"wp:term":[{"taxonomy":"product_brand","embeddable":true,"href":"https:\/\/paulrivera.it\/pl\/wp-json\/wp\/v2\/product_brand?post=3701"},{"taxonomy":"product_cat","embeddable":true,"href":"https:\/\/paulrivera.it\/pl\/wp-json\/wp\/v2\/product_cat?post=3701"},{"taxonomy":"product_tag","embeddable":true,"href":"https:\/\/paulrivera.it\/pl\/wp-json\/wp\/v2\/product_tag?post=3701"}],"curies":[{"name":"wp","href":"https:\/\/api.w.org\/{rel}","templated":true}]}}