{"id":3805,"date":"2020-02-18T09:14:17","date_gmt":"2020-02-18T08:14:17","guid":{"rendered":"https:\/\/paulrivera.it\/product\/optica-krem-koloryzujacy\/"},"modified":"2024-05-13T10:21:11","modified_gmt":"2024-05-13T08:21:11","slug":"optica-krem-koloryzujacy","status":"publish","type":"product","link":"https:\/\/paulrivera.it\/pl\/prodotti\/koloryzacja\/optica-krem-koloryzujacy\/","title":{"rendered":"Optica &#8211; Krem koloryzuj\u0105cy"},"content":{"rendered":"<div class=\"wpb-content-wrapper\"><p>[vc_row full_width=&#8221;stretch_row&#8221;][vc_column][vc_row_inner el_id=&#8221;desktop&#8221;][vc_column_inner width=&#8221;1\/2&#8243; css=&#8221;.vc_custom_1583136274138{padding-right: 10% !important;padding-left: 30% !important;}&#8221; offset=&#8221;vc_hidden-md vc_hidden-sm vc_hidden-xs&#8221;][vc_column_text]<\/p>\n<h1><span style=\"font-weight: 400;\">Pokochasz ten produkt za to, \u017ce<\/span><\/h1>\n<ul>\n<li><span style=\"font-weight: 400;\">Nadaje jednolity i nasycony kolor<\/span><\/li>\n<li><span style=\"font-weight: 400;\">Doskonale pokrywa wszystkie siwe w\u0142osy<\/span><\/li>\n<li><span style=\"font-weight: 400;\">Piel\u0119gnuje i od\u017cywia dzi\u0119ki formule bogatej w sk\u0142adniki aktywne<\/span><\/li>\n<li><span style=\"font-weight: 400;\">Umo\u017cliwia rozja\u015bnienie a\u017c o 4 tony<\/span><\/li>\n<\/ul>\n<p>[\/vc_column_text][vc_column_text]<\/p>\n<h1><span style=\"font-weight: 400;\">Sk\u0142adniki aktywne zawarte w formule<\/span><\/h1>\n<ul>\n<li><span style=\"font-weight: 400;\">Olej Jojoba<\/span>: b<span style=\"font-weight: 400;\">ogaty w kwasy t\u0142uszczowe zapobiega odwodnieniu, rewitalizuje i poprawia blask ka\u017cdego typu w\u0142os\u00f3w, szczeg\u00f3lnie suchych i \u0142amliwych.<\/span><\/li>\n<li><span style=\"font-weight: 400;\">Keratyna: j<\/span><span style=\"font-weight: 400;\">edno z bia\u0142ek wchodz\u0105cych w sk\u0142ad w\u0142os\u00f3w, paznokci i cia\u0142a. Dzi\u0119ki w\u0142a\u015bciwo\u015bciom wspomaga wytrzyma\u0142o\u015b\u0107, spr\u0119\u017cysto\u015b\u0107 i j\u0119drno\u015b\u0107 w\u0142\u00f3kien.<\/span><\/li>\n<li><span style=\"font-weight: 400;\">Prowitamina B5: <\/span><span style=\"font-weight: 400;\">Pantenol, znany jako &#8220;witamina pi\u0119kna&#8221;, g\u0142\u0119boko nawil\u017ca w\u0142osy, dzi\u0119ki czemu s\u0105 j\u0119drne, spr\u0119\u017cyste i zregenerowane.<\/span><\/li>\n<\/ul>\n<p>[\/vc_column_text][vc_column_text]<\/p>\n<h1><span style=\"font-weight: 400;\">Jak stosowa\u0107?<\/span><\/h1>\n<p><span style=\"font-weight: 400;\">W niemetalowej miseczce wymiesza\u0107 krem koloryzuj\u0105cy Optica z wybran\u0105 przez siebie emulsj\u0105 utleniaj\u0105c\u0105 Ultra Vox w proporcji (1:1,5). UWAGA Produkt przeznaczony jest wy\u0142\u0105cznie do u\u017cytku profesjonalnego.<\/span>[\/vc_column_text][\/vc_column_inner][vc_column_inner width=&#8221;1\/2&#8243; css=&#8221;.vc_custom_1592815567216{background-image: url(https:\/\/paulrivera.it\/wp-content\/uploads\/2020\/06\/background_adv_produc_optica_home_2-1.png?id=1322) !important;background-position: center !important;background-repeat: no-repeat !important;background-size: cover !important;}&#8221; offset=&#8221;vc_hidden-md vc_hidden-sm vc_hidden-xs&#8221;][vc_empty_space height=&#8221;50px&#8221;][vc_single_image image=&#8221;3807&#8243; img_size=&#8221;large&#8221; alignment=&#8221;center&#8221;][vc_empty_space height=&#8221;50px&#8221;][\/vc_column_inner][\/vc_row_inner][vc_row_inner el_id=&#8221;tablet&#8221;][vc_column_inner offset=&#8221;vc_hidden-lg vc_hidden-xs&#8221;][vc_column_text]<\/p>\n<h1><span style=\"font-weight: 400;\">Pokochasz ten produkt za to, \u017ce<\/span><\/h1>\n<ul>\n<li><span style=\"font-weight: 400;\">Nadaje jednolity i nasycony kolor<\/span><\/li>\n<li><span style=\"font-weight: 400;\">Doskonale pokrywa wszystkie siwe w\u0142osy<\/span><\/li>\n<li><span style=\"font-weight: 400;\">Piel\u0119gnuje i od\u017cywia dzi\u0119ki formule bogatej w sk\u0142adniki aktywne<\/span><\/li>\n<li><span style=\"font-weight: 400;\">Umo\u017cliwia rozja\u015bnienie a\u017c o 4 tony<\/span><\/li>\n<\/ul>\n<p>[\/vc_column_text][vc_column_text]<\/p>\n<h1><span style=\"font-weight: 400;\">Sk\u0142adniki aktywne zawarte w formule<\/span><\/h1>\n<ul>\n<li><span style=\"font-weight: 400;\">Olej Jojoba<\/span>: b<span style=\"font-weight: 400;\">ogaty w kwasy t\u0142uszczowe zapobiega odwodnieniu, rewitalizuje i poprawia blask ka\u017cdego typu w\u0142os\u00f3w, szczeg\u00f3lnie suchych i \u0142amliwych.<\/span><\/li>\n<li><span style=\"font-weight: 400;\">Keratyna: j<\/span><span style=\"font-weight: 400;\">edno z bia\u0142ek wchodz\u0105cych w sk\u0142ad w\u0142os\u00f3w, paznokci i cia\u0142a. Dzi\u0119ki w\u0142a\u015bciwo\u015bciom wspomaga wytrzyma\u0142o\u015b\u0107, spr\u0119\u017cysto\u015b\u0107 i j\u0119drno\u015b\u0107 w\u0142\u00f3kien.<\/span><\/li>\n<li><span style=\"font-weight: 400;\">Prowitamina B5: <\/span><span style=\"font-weight: 400;\">Pantenol, znany jako &#8220;witamina pi\u0119kna&#8221;, g\u0142\u0119boko nawil\u017ca w\u0142osy, dzi\u0119ki czemu s\u0105 j\u0119drne, spr\u0119\u017cyste i zregenerowane.<\/span><\/li>\n<\/ul>\n<p>[\/vc_column_text][vc_column_text]<\/p>\n<h1><span style=\"font-weight: 400;\">Jak stosowa\u0107?<\/span><\/h1>\n<p><span style=\"font-weight: 400;\">W niemetalowej miseczce wymiesza\u0107 krem koloryzuj\u0105cy Optica z wybran\u0105 przez siebie emulsj\u0105 utleniaj\u0105c\u0105 Ultra Vox w proporcji (1:1,5). UWAGA Produkt przeznaczony jest wy\u0142\u0105cznie do u\u017cytku profesjonalnego.<\/span>[\/vc_column_text][\/vc_column_inner][\/vc_row_inner][vc_row_inner el_id=&#8221;mobile&#8221;][vc_column_inner width=&#8221;1\/2&#8243; offset=&#8221;vc_hidden-lg vc_hidden-md vc_hidden-sm&#8221;][vc_column_text]<\/p>\n<h1><span style=\"font-weight: 400;\">Pokochasz ten produkt za to, \u017ce<\/span><\/h1>\n<ul>\n<li><span style=\"font-weight: 400;\">Nadaje jednolity i nasycony kolor<\/span><\/li>\n<li><span style=\"font-weight: 400;\">Doskonale pokrywa wszystkie siwe w\u0142osy<\/span><\/li>\n<li><span style=\"font-weight: 400;\">Piel\u0119gnuje i od\u017cywia dzi\u0119ki formule bogatej w sk\u0142adniki aktywne<\/span><\/li>\n<li><span style=\"font-weight: 400;\">Umo\u017cliwia rozja\u015bnienie a\u017c o 4 tony<\/span><\/li>\n<\/ul>\n<p>[\/vc_column_text][vc_column_text]<\/p>\n<h1><span style=\"font-weight: 400;\">Sk\u0142adniki aktywne zawarte w formule<\/span><\/h1>\n<ul>\n<li><span style=\"font-weight: 400;\">Olej Jojoba<\/span>: b<span style=\"font-weight: 400;\">ogaty w kwasy t\u0142uszczowe zapobiega odwodnieniu, rewitalizuje i poprawia blask ka\u017cdego typu w\u0142os\u00f3w, szczeg\u00f3lnie suchych i \u0142amliwych.<\/span><\/li>\n<li><span style=\"font-weight: 400;\">Keratyna: j<\/span><span style=\"font-weight: 400;\">edno z bia\u0142ek wchodz\u0105cych w sk\u0142ad w\u0142os\u00f3w, paznokci i cia\u0142a. Dzi\u0119ki w\u0142a\u015bciwo\u015bciom wspomaga wytrzyma\u0142o\u015b\u0107, spr\u0119\u017cysto\u015b\u0107 i j\u0119drno\u015b\u0107 w\u0142\u00f3kien.<\/span><\/li>\n<li><span style=\"font-weight: 400;\">Prowitamina B5: <\/span><span style=\"font-weight: 400;\">Pantenol, znany jako &#8220;witamina pi\u0119kna&#8221;, g\u0142\u0119boko nawil\u017ca w\u0142osy, dzi\u0119ki czemu s\u0105 j\u0119drne, spr\u0119\u017cyste i zregenerowane.<\/span><\/li>\n<\/ul>\n<p>[\/vc_column_text][vc_column_text]<\/p>\n<h1><span style=\"font-weight: 400;\">Jak stosowa\u0107?<\/span><\/h1>\n<p><span style=\"font-weight: 400;\">W niemetalowej miseczce wymiesza\u0107 krem koloryzuj\u0105cy Optica z wybran\u0105 przez siebie emulsj\u0105 utleniaj\u0105c\u0105 Ultra Vox w proporcji (1:1,5). UWAGA Produkt przeznaczony jest wy\u0142\u0105cznie do u\u017cytku profesjonalnego.<\/span>[\/vc_column_text][\/vc_column_inner][vc_column_inner width=&#8221;1\/2&#8243; css=&#8221;.vc_custom_1592815578432{background-image: url(https:\/\/paulrivera.it\/wp-content\/uploads\/2020\/06\/background_adv_produc_optica_home_2-1.png?id=1322) !important;background-position: center !important;background-repeat: no-repeat !important;background-size: cover !important;}&#8221; offset=&#8221;vc_hidden-lg vc_hidden-md vc_hidden-sm&#8221;][vc_single_image image=&#8221;3807&#8243; img_size=&#8221;large&#8221; alignment=&#8221;center&#8221;][\/vc_column_inner][\/vc_row_inner][\/vc_column][\/vc_row][vc_row css=&#8221;.vc_custom_1582192829011{padding-top: 50px !important;}&#8221;][vc_column][vc_row_inner][vc_column_inner][vc_column_text]<\/p>\n<h1 style=\"text-align: center;\"><span style=\"font-weight: 400;\">Spodoba Ci si\u0119 r\u00f3wnie\u017c<\/span><\/h1>\n<p>[\/vc_column_text][\/vc_column_inner][\/vc_row_inner][vc_raw_html]JTVCd3BiLXByb2R1Y3Qtc2xpZGVyLXNob3J0Y29kZSUyMGlkJTNEJTIyMTY4JTIyJTVE[\/vc_raw_html][\/vc_column][\/vc_row]<\/p>\n<\/div>","protected":false},"excerpt":{"rendered":"<p><span style=\"font-weight: 400;\">Optica<\/span><span style=\"font-weight: 400;\"> to <strong>krem do trwa\u0142ej koloryzacji oksydacyjnej<\/strong> dla profesjonalist\u00f3w poszukuj\u0105cych wyj\u0105tkowego do\u015bwiadczenia w koloryzacji: doskona\u0142e pokrycie siwych w\u0142os\u00f3w, <strong>\u015bwietlisty kolor z harmonijnymi refleksami i rozja\u015bnienie o ponad 4 tony.<\/strong><\/span><\/p>\n<p><span style=\"font-weight: 400;\">Koloryzacja <\/span><span style=\"font-weight: 400;\">Paul Rivera<\/span><span style=\"font-weight: 400;\"> piel\u0119gnuje sk\u00f3r\u0119 g\u0142owy i w\u0142\u00f3kno w\u0142osa. Formu\u0142a Optica jest wzbogacona o <strong>olejek jojoba, keratyn\u0119 i Prowitamin\u0119 B5<\/strong>, substancje u\u017cytkowe o w\u0142a\u015bciwo\u015bciach nawil\u017caj\u0105cych i regeneruj\u0105cych. Efekt: <strong>chronione podczas us\u0142ugi w\u0142osy odzyskuj\u0105 witalno\u015b\u0107<\/strong> i nasycony i d\u0142ugotrwa\u0142y kolor.<\/span><\/p>\n<p><span style=\"font-weight: 400;\">100 ml<\/span><\/p>\n<p><span style=\"font-weight: 400;\">103 odcieni podzielonych na 12 rodzin<\/span><\/p>\n<p>&nbsp;<\/p>\n[maxbutton id=\"8\"]\n<p><span style=\"font-weight: 400;\">Mieszanie 1:1,5<\/span><\/p>\n","protected":false},"featured_media":3808,"template":"","meta":[],"product_brand":[],"product_cat":[693,1729],"product_tag":[],"class_list":{"0":"post-3805","1":"product","2":"type-product","3":"status-publish","4":"has-post-thumbnail","6":"product_cat-koloryzacja","7":"product_cat-optica-pl","8":"description-off","10":"first","11":"instock","12":"shipping-taxable","13":"purchasable","14":"product-type-variable"},"yoast_head":"<!-- This site is optimized with the Yoast SEO plugin v27.2 - https:\/\/yoast.com\/product\/yoast-seo-wordpress\/ -->\n<title>Optica - Krem koloryzuj\u0105cy | Paul Rivera<\/title>\n<meta name=\"description\" content=\"Optica to krem do trwa\u0142ej koloryzacji oksydacyjnej dla profesjonalist\u00f3w poszukuj\u0105cych wyj\u0105tkowego do\u015bwiadczenia w koloryzacji: doskona\u0142e pokrycie siwych w\u0142os\u00f3w, \u015bwietlisty kolor z harmonijnymi refleksami i rozja\u015bnienie o ponad 4 tony.\" \/>\n<meta name=\"robots\" content=\"index, follow, max-snippet:-1, max-image-preview:large, max-video-preview:-1\" \/>\n<link rel=\"canonical\" href=\"https:\/\/paulrivera.it\/pl\/prodotti\/koloryzacja\/optica-krem-koloryzujacy\/\" \/>\n<meta property=\"og:locale\" content=\"pl_PL\" \/>\n<meta property=\"og:type\" content=\"article\" \/>\n<meta property=\"og:title\" content=\"Optica - Krem koloryzuj\u0105cy | Paul Rivera\" \/>\n<meta property=\"og:description\" content=\"Optica to krem do trwa\u0142ej koloryzacji oksydacyjnej dla profesjonalist\u00f3w poszukuj\u0105cych wyj\u0105tkowego do\u015bwiadczenia w koloryzacji: doskona\u0142e pokrycie siwych w\u0142os\u00f3w, \u015bwietlisty kolor z harmonijnymi refleksami i rozja\u015bnienie o ponad 4 tony.\" \/>\n<meta property=\"og:url\" content=\"https:\/\/paulrivera.it\/pl\/prodotti\/koloryzacja\/optica-krem-koloryzujacy\/\" \/>\n<meta property=\"og:site_name\" content=\"Paul Rivera\" \/>\n<meta property=\"article:modified_time\" content=\"2024-05-13T08:21:11+00:00\" \/>\n<meta property=\"og:image\" content=\"https:\/\/paulrivera.it\/wp-content\/uploads\/2020\/02\/600004_paul_rivera_optica_hair_color_cream_100ml.png\" \/>\n\t<meta property=\"og:image:width\" content=\"800\" \/>\n\t<meta property=\"og:image:height\" content=\"800\" \/>\n\t<meta property=\"og:image:type\" content=\"image\/png\" \/>\n<meta name=\"twitter:card\" content=\"summary_large_image\" \/>\n<meta name=\"twitter:label1\" content=\"Est. reading time\" \/>\n\t<meta name=\"twitter:data1\" content=\"3 minutes\" \/>\n<script type=\"application\/ld+json\" class=\"yoast-schema-graph\">{\"@context\":\"https:\/\/schema.org\",\"@graph\":[{\"@type\":\"WebPage\",\"@id\":\"https:\/\/paulrivera.it\/pl\/prodotti\/koloryzacja\/optica-krem-koloryzujacy\/\",\"url\":\"https:\/\/paulrivera.it\/pl\/prodotti\/koloryzacja\/optica-krem-koloryzujacy\/\",\"name\":\"Optica - Krem koloryzuj\u0105cy | Paul Rivera\",\"isPartOf\":{\"@id\":\"https:\/\/paulrivera.it\/pl\/#website\"},\"primaryImageOfPage\":{\"@id\":\"https:\/\/paulrivera.it\/pl\/prodotti\/koloryzacja\/optica-krem-koloryzujacy\/#primaryimage\"},\"image\":{\"@id\":\"https:\/\/paulrivera.it\/pl\/prodotti\/koloryzacja\/optica-krem-koloryzujacy\/#primaryimage\"},\"thumbnailUrl\":\"https:\/\/paulrivera.it\/wp-content\/uploads\/2020\/02\/600004_paul_rivera_optica_hair_color_cream_100ml.png\",\"datePublished\":\"2020-02-18T08:14:17+00:00\",\"dateModified\":\"2024-05-13T08:21:11+00:00\",\"description\":\"Optica to krem do trwa\u0142ej koloryzacji oksydacyjnej dla profesjonalist\u00f3w poszukuj\u0105cych wyj\u0105tkowego do\u015bwiadczenia w koloryzacji: doskona\u0142e pokrycie siwych w\u0142os\u00f3w, \u015bwietlisty kolor z harmonijnymi refleksami i rozja\u015bnienie o ponad 4 tony.\",\"breadcrumb\":{\"@id\":\"https:\/\/paulrivera.it\/pl\/prodotti\/koloryzacja\/optica-krem-koloryzujacy\/#breadcrumb\"},\"inLanguage\":\"pl-PL\",\"potentialAction\":[{\"@type\":\"ReadAction\",\"target\":[\"https:\/\/paulrivera.it\/pl\/prodotti\/koloryzacja\/optica-krem-koloryzujacy\/\"]}]},{\"@type\":\"ImageObject\",\"inLanguage\":\"pl-PL\",\"@id\":\"https:\/\/paulrivera.it\/pl\/prodotti\/koloryzacja\/optica-krem-koloryzujacy\/#primaryimage\",\"url\":\"https:\/\/paulrivera.it\/wp-content\/uploads\/2020\/02\/600004_paul_rivera_optica_hair_color_cream_100ml.png\",\"contentUrl\":\"https:\/\/paulrivera.it\/wp-content\/uploads\/2020\/02\/600004_paul_rivera_optica_hair_color_cream_100ml.png\",\"width\":800,\"height\":800,\"caption\":\"Optica - Krem koloryzuj\u0105cy\"},{\"@type\":\"BreadcrumbList\",\"@id\":\"https:\/\/paulrivera.it\/pl\/prodotti\/koloryzacja\/optica-krem-koloryzujacy\/#breadcrumb\",\"itemListElement\":[{\"@type\":\"ListItem\",\"position\":1,\"name\":\"Home\",\"item\":\"https:\/\/paulrivera.it\/pl\/\"},{\"@type\":\"ListItem\",\"position\":2,\"name\":\"Pagina shop\",\"item\":\"https:\/\/paulrivera.it\/prodotti\/\"},{\"@type\":\"ListItem\",\"position\":3,\"name\":\"Optica &#8211; Krem koloryzuj\u0105cy\"}]},{\"@type\":\"WebSite\",\"@id\":\"https:\/\/paulrivera.it\/pl\/#website\",\"url\":\"https:\/\/paulrivera.it\/pl\/\",\"name\":\"Paul Rivera\",\"description\":\"Hair Beauty Celebration\",\"publisher\":{\"@id\":\"https:\/\/paulrivera.it\/pl\/#organization\"},\"potentialAction\":[{\"@type\":\"SearchAction\",\"target\":{\"@type\":\"EntryPoint\",\"urlTemplate\":\"https:\/\/paulrivera.it\/pl\/?s={search_term_string}\"},\"query-input\":{\"@type\":\"PropertyValueSpecification\",\"valueRequired\":true,\"valueName\":\"search_term_string\"}}],\"inLanguage\":\"pl-PL\"},{\"@type\":\"Organization\",\"@id\":\"https:\/\/paulrivera.it\/pl\/#organization\",\"name\":\"Paul Rivera\",\"url\":\"https:\/\/paulrivera.it\/pl\/\",\"logo\":{\"@type\":\"ImageObject\",\"inLanguage\":\"pl-PL\",\"@id\":\"https:\/\/paulrivera.it\/pl\/#\/schema\/logo\/image\/\",\"url\":\"https:\/\/paulrivera.it\/wp-content\/uploads\/2020\/02\/paul_rivera_logo_header_x2.png\",\"contentUrl\":\"https:\/\/paulrivera.it\/wp-content\/uploads\/2020\/02\/paul_rivera_logo_header_x2.png\",\"width\":470,\"height\":60,\"caption\":\"Paul Rivera\"},\"image\":{\"@id\":\"https:\/\/paulrivera.it\/pl\/#\/schema\/logo\/image\/\"}}]}<\/script>\n<!-- \/ Yoast SEO plugin. -->","yoast_head_json":{"title":"Optica - Krem koloryzuj\u0105cy | Paul Rivera","description":"Optica to krem do trwa\u0142ej koloryzacji oksydacyjnej dla profesjonalist\u00f3w poszukuj\u0105cych wyj\u0105tkowego do\u015bwiadczenia w koloryzacji: doskona\u0142e pokrycie siwych w\u0142os\u00f3w, \u015bwietlisty kolor z harmonijnymi refleksami i rozja\u015bnienie o ponad 4 tony.","robots":{"index":"index","follow":"follow","max-snippet":"max-snippet:-1","max-image-preview":"max-image-preview:large","max-video-preview":"max-video-preview:-1"},"canonical":"https:\/\/paulrivera.it\/pl\/prodotti\/koloryzacja\/optica-krem-koloryzujacy\/","og_locale":"pl_PL","og_type":"article","og_title":"Optica - Krem koloryzuj\u0105cy | Paul Rivera","og_description":"Optica to krem do trwa\u0142ej koloryzacji oksydacyjnej dla profesjonalist\u00f3w poszukuj\u0105cych wyj\u0105tkowego do\u015bwiadczenia w koloryzacji: doskona\u0142e pokrycie siwych w\u0142os\u00f3w, \u015bwietlisty kolor z harmonijnymi refleksami i rozja\u015bnienie o ponad 4 tony.","og_url":"https:\/\/paulrivera.it\/pl\/prodotti\/koloryzacja\/optica-krem-koloryzujacy\/","og_site_name":"Paul Rivera","article_modified_time":"2024-05-13T08:21:11+00:00","og_image":[{"width":800,"height":800,"url":"https:\/\/paulrivera.it\/wp-content\/uploads\/2020\/02\/600004_paul_rivera_optica_hair_color_cream_100ml.png","type":"image\/png"}],"twitter_card":"summary_large_image","twitter_misc":{"Est. reading time":"3 minutes"},"schema":{"@context":"https:\/\/schema.org","@graph":[{"@type":"WebPage","@id":"https:\/\/paulrivera.it\/pl\/prodotti\/koloryzacja\/optica-krem-koloryzujacy\/","url":"https:\/\/paulrivera.it\/pl\/prodotti\/koloryzacja\/optica-krem-koloryzujacy\/","name":"Optica - Krem koloryzuj\u0105cy | Paul Rivera","isPartOf":{"@id":"https:\/\/paulrivera.it\/pl\/#website"},"primaryImageOfPage":{"@id":"https:\/\/paulrivera.it\/pl\/prodotti\/koloryzacja\/optica-krem-koloryzujacy\/#primaryimage"},"image":{"@id":"https:\/\/paulrivera.it\/pl\/prodotti\/koloryzacja\/optica-krem-koloryzujacy\/#primaryimage"},"thumbnailUrl":"https:\/\/paulrivera.it\/wp-content\/uploads\/2020\/02\/600004_paul_rivera_optica_hair_color_cream_100ml.png","datePublished":"2020-02-18T08:14:17+00:00","dateModified":"2024-05-13T08:21:11+00:00","description":"Optica to krem do trwa\u0142ej koloryzacji oksydacyjnej dla profesjonalist\u00f3w poszukuj\u0105cych wyj\u0105tkowego do\u015bwiadczenia w koloryzacji: doskona\u0142e pokrycie siwych w\u0142os\u00f3w, \u015bwietlisty kolor z harmonijnymi refleksami i rozja\u015bnienie o ponad 4 tony.","breadcrumb":{"@id":"https:\/\/paulrivera.it\/pl\/prodotti\/koloryzacja\/optica-krem-koloryzujacy\/#breadcrumb"},"inLanguage":"pl-PL","potentialAction":[{"@type":"ReadAction","target":["https:\/\/paulrivera.it\/pl\/prodotti\/koloryzacja\/optica-krem-koloryzujacy\/"]}]},{"@type":"ImageObject","inLanguage":"pl-PL","@id":"https:\/\/paulrivera.it\/pl\/prodotti\/koloryzacja\/optica-krem-koloryzujacy\/#primaryimage","url":"https:\/\/paulrivera.it\/wp-content\/uploads\/2020\/02\/600004_paul_rivera_optica_hair_color_cream_100ml.png","contentUrl":"https:\/\/paulrivera.it\/wp-content\/uploads\/2020\/02\/600004_paul_rivera_optica_hair_color_cream_100ml.png","width":800,"height":800,"caption":"Optica - Krem koloryzuj\u0105cy"},{"@type":"BreadcrumbList","@id":"https:\/\/paulrivera.it\/pl\/prodotti\/koloryzacja\/optica-krem-koloryzujacy\/#breadcrumb","itemListElement":[{"@type":"ListItem","position":1,"name":"Home","item":"https:\/\/paulrivera.it\/pl\/"},{"@type":"ListItem","position":2,"name":"Pagina shop","item":"https:\/\/paulrivera.it\/prodotti\/"},{"@type":"ListItem","position":3,"name":"Optica &#8211; Krem koloryzuj\u0105cy"}]},{"@type":"WebSite","@id":"https:\/\/paulrivera.it\/pl\/#website","url":"https:\/\/paulrivera.it\/pl\/","name":"Paul Rivera","description":"Hair Beauty Celebration","publisher":{"@id":"https:\/\/paulrivera.it\/pl\/#organization"},"potentialAction":[{"@type":"SearchAction","target":{"@type":"EntryPoint","urlTemplate":"https:\/\/paulrivera.it\/pl\/?s={search_term_string}"},"query-input":{"@type":"PropertyValueSpecification","valueRequired":true,"valueName":"search_term_string"}}],"inLanguage":"pl-PL"},{"@type":"Organization","@id":"https:\/\/paulrivera.it\/pl\/#organization","name":"Paul Rivera","url":"https:\/\/paulrivera.it\/pl\/","logo":{"@type":"ImageObject","inLanguage":"pl-PL","@id":"https:\/\/paulrivera.it\/pl\/#\/schema\/logo\/image\/","url":"https:\/\/paulrivera.it\/wp-content\/uploads\/2020\/02\/paul_rivera_logo_header_x2.png","contentUrl":"https:\/\/paulrivera.it\/wp-content\/uploads\/2020\/02\/paul_rivera_logo_header_x2.png","width":470,"height":60,"caption":"Paul Rivera"},"image":{"@id":"https:\/\/paulrivera.it\/pl\/#\/schema\/logo\/image\/"}}]}},"_links":{"self":[{"href":"https:\/\/paulrivera.it\/pl\/wp-json\/wp\/v2\/product\/3805","targetHints":{"allow":["GET"]}}],"collection":[{"href":"https:\/\/paulrivera.it\/pl\/wp-json\/wp\/v2\/product"}],"about":[{"href":"https:\/\/paulrivera.it\/pl\/wp-json\/wp\/v2\/types\/product"}],"wp:featuredmedia":[{"embeddable":true,"href":"https:\/\/paulrivera.it\/pl\/wp-json\/wp\/v2\/media\/3808"}],"wp:attachment":[{"href":"https:\/\/paulrivera.it\/pl\/wp-json\/wp\/v2\/media?parent=3805"}],"wp:term":[{"taxonomy":"product_brand","embeddable":true,"href":"https:\/\/paulrivera.it\/pl\/wp-json\/wp\/v2\/product_brand?post=3805"},{"taxonomy":"product_cat","embeddable":true,"href":"https:\/\/paulrivera.it\/pl\/wp-json\/wp\/v2\/product_cat?post=3805"},{"taxonomy":"product_tag","embeddable":true,"href":"https:\/\/paulrivera.it\/pl\/wp-json\/wp\/v2\/product_tag?post=3805"}],"curies":[{"name":"wp","href":"https:\/\/api.w.org\/{rel}","templated":true}]}}