{"id":3985,"date":"2020-02-18T09:26:35","date_gmt":"2020-02-18T08:26:35","guid":{"rendered":"https:\/\/paulrivera.it\/product\/wavebuild-balsam-podkreslajacy-fale-do-wlosow-naturalnych\/"},"modified":"2024-05-13T10:09:52","modified_gmt":"2024-05-13T08:09:52","slug":"wavebuild-balsam-podkreslajacy-fale-do-wlosow-naturalnych","status":"publish","type":"product","link":"https:\/\/paulrivera.it\/pl\/prodotti\/dzial-techniczny-pl\/wavebuild-plyn-do-trwalej-ondulacji\/wavebuild-balsam-podkreslajacy-fale-do-wlosow-naturalnych\/","title":{"rendered":"Wavebuild &#8211; Balsam podkre\u015blaj\u0105cy fale do w\u0142os\u00f3w naturalnych"},"content":{"rendered":"<div class=\"wpb-content-wrapper\"><p>[vc_row full_width=&#8221;stretch_row&#8221;][vc_column][vc_row_inner el_id=&#8221;desktop&#8221;][vc_column_inner width=&#8221;1\/2&#8243; css=&#8221;.vc_custom_1582818635881{padding-right: 10% !important;padding-left: 30% !important;}&#8221; offset=&#8221;vc_hidden-md vc_hidden-sm vc_hidden-xs&#8221;][vc_column_text]<\/p>\n<h1>Pokochasz ten produkt za to, \u017ce<\/h1>\n<ul>\n<li><span style=\"font-weight: 400;\">Pozwala uzyska\u0107 wyraziste i spr\u0119\u017cyste skr\u0119ty na w\u0142osach naturalnych<\/span><\/li>\n<li>Nie niszczy w\u0142os\u00f3w podczas zabiegu<\/li>\n<li>Pozostawia w\u0142osy mi\u0119kkie i chroni je podczas us\u0142ugi<\/li>\n<li>Nie zawiera tioglikan\u00f3w i amoniaku<\/li>\n<\/ul>\n<p>[\/vc_column_text][vc_column_text]<\/p>\n<h1>Sk\u0142adniki aktywne zawarte w formule<\/h1>\n<ul>\n<li><span style=\"font-weight: 400;\">Bia\u0142ko pszeniczne: sk\u0142adniki aktywne o wyj\u0105tkowych w\u0142a\u015bciwo\u015bciach kosmetycznych delikatnie nawil\u017caj\u0105 i odbudowuj\u0105 w\u0142osy, nadaj\u0105c im jedwabisto\u015b\u0107 i mi\u0119kko\u015b\u0107.<\/span><\/li>\n<li><span style=\"font-weight: 400;\">Trehaloza: ma doskona\u0142e w\u0142a\u015bciwo\u015bci kosmetyczne. Otacza cz\u0105steczki wody, przechwytuj\u0105c wilgo\u0107 i utrzymuj\u0105c j\u0105 na sta\u0142ym poziomie, co zapewnia wyj\u0105tkowe dzia\u0142anie nawil\u017caj\u0105ce.<\/span><\/li>\n<\/ul>\n<p>[\/vc_column_text][vc_column_text]<\/p>\n<h1>Jak stosowa\u0107?<\/h1>\n<p><span style=\"font-weight: 400;\">Po umyciu i osuszeniu w\u0142os\u00f3w r\u0119cznikiem nawin\u0105\u0107 w\u0142osy na wa\u0142ki, kt\u00f3re nale\u017cy dok\u0142adnie nas\u0105czy\u0107 Balsamem podkre\u015blaj\u0105cym fale, zaczynaj\u0105c od karku, nie dotykaj\u0105c sk\u00f3ry. Przykry\u0107 w\u0142osy czepkiem i pozostawi\u0107 na 20-25 minut. Dok\u0142adnie sp\u0142uka\u0107, wklepa\u0107 i nas\u0105czy\u0107 wa\u0142ki<\/span><a href=\"https:\/\/paulrivera.it\/pl\/produkt\/wavebuild-neutralizator-do-balsamow-podkreslajacych-fale\/\"><span style=\"font-weight: 400;\"> Neutralizatorem<\/span><\/a><span style=\"font-weight: 400;\"> i pozostawi\u0107 na 5 minut. Zdj\u0105\u0107 wa\u0142ki, ponownie na\u0142o\u017cy\u0107 neutralizator i pozostawi\u0107 na kilka minut. Dok\u0142adnie sp\u0142uka\u0107, umy\u0107 w\u0142osy szamponem o lekkiej formule. Nigdy nie przekracza\u0107 zalecanego czasu ekspozycji. Nie stosowa\u0107 \u017cadnych \u017ar\u00f3de\u0142 ciep\u0142a.<\/span>[\/vc_column_text][\/vc_column_inner][vc_column_inner width=&#8221;1\/2&#8243; css=&#8221;.vc_custom_1582194232021{background-image: url(https:\/\/paulrivera.it\/wp-content\/uploads\/2020\/02\/background_adv_product.png?id=296) !important;background-position: center !important;background-repeat: no-repeat !important;background-size: cover !important;}&#8221; offset=&#8221;vc_hidden-md vc_hidden-sm vc_hidden-xs&#8221;][vc_empty_space height=&#8221;100px&#8221;][vc_single_image image=&#8221;3982&#8243; img_size=&#8221;large&#8221; alignment=&#8221;center&#8221;][vc_empty_space height=&#8221;100px&#8221;][\/vc_column_inner][\/vc_row_inner][vc_row_inner el_id=&#8221;tablet&#8221;][vc_column_inner offset=&#8221;vc_hidden-lg vc_hidden-xs&#8221;][vc_column_text]<\/p>\n<h1>Pokochasz ten produkt za to, \u017ce<\/h1>\n<ul>\n<li><span style=\"font-weight: 400;\">Pozwala uzyska\u0107 wyraziste i spr\u0119\u017cyste skr\u0119ty na w\u0142osach naturalnych<\/span><\/li>\n<li>Nie niszczy w\u0142os\u00f3w podczas zabiegu<\/li>\n<li>Pozostawia w\u0142osy mi\u0119kkie i chroni je podczas us\u0142ugi<\/li>\n<li>Nie zawiera tioglikan\u00f3w i amoniaku<\/li>\n<\/ul>\n<p>[\/vc_column_text][vc_column_text]<\/p>\n<h1>Sk\u0142adniki aktywne zawarte w formule<\/h1>\n<ul>\n<li><span style=\"font-weight: 400;\">Bia\u0142ko pszeniczne: sk\u0142adniki aktywne o wyj\u0105tkowych w\u0142a\u015bciwo\u015bciach kosmetycznych delikatnie nawil\u017caj\u0105 i odbudowuj\u0105 w\u0142osy, nadaj\u0105c im jedwabisto\u015b\u0107 i mi\u0119kko\u015b\u0107.<\/span><\/li>\n<li><span style=\"font-weight: 400;\">Trehaloza: ma doskona\u0142e w\u0142a\u015bciwo\u015bci kosmetyczne. Otacza cz\u0105steczki wody, przechwytuj\u0105c wilgo\u0107 i utrzymuj\u0105c j\u0105 na sta\u0142ym poziomie, co zapewnia wyj\u0105tkowe dzia\u0142anie nawil\u017caj\u0105ce.<\/span><\/li>\n<\/ul>\n<p>[\/vc_column_text][vc_column_text]<\/p>\n<h1>Jak stosowa\u0107?<\/h1>\n<p><span style=\"font-weight: 400;\">Po umyciu i osuszeniu w\u0142os\u00f3w r\u0119cznikiem nawin\u0105\u0107 w\u0142osy na wa\u0142ki, kt\u00f3re nale\u017cy dok\u0142adnie nas\u0105czy\u0107 Balsamem podkre\u015blaj\u0105cym fale, zaczynaj\u0105c od karku, nie dotykaj\u0105c sk\u00f3ry. Przykry\u0107 w\u0142osy czepkiem i pozostawi\u0107 na 20-25 minut. Dok\u0142adnie sp\u0142uka\u0107, wklepa\u0107 i nas\u0105czy\u0107 wa\u0142ki<\/span><a href=\"https:\/\/paulrivera.it\/pl\/produkt\/wavebuild-neutralizator-do-balsamow-podkreslajacych-fale\/\"><span style=\"font-weight: 400;\"> Neutralizatorem<\/span><\/a><span style=\"font-weight: 400;\"> i pozostawi\u0107 na 5 minut. Zdj\u0105\u0107 wa\u0142ki, ponownie na\u0142o\u017cy\u0107 neutralizator i pozostawi\u0107 na kilka minut. Dok\u0142adnie sp\u0142uka\u0107, umy\u0107 w\u0142osy szamponem o lekkiej formule. Nigdy nie przekracza\u0107 zalecanego czasu ekspozycji. Nie stosowa\u0107 \u017cadnych \u017ar\u00f3de\u0142 ciep\u0142a.<\/span>[\/vc_column_text][\/vc_column_inner][\/vc_row_inner][vc_row_inner el_id=&#8221;mobile&#8221;][vc_column_inner width=&#8221;1\/2&#8243; offset=&#8221;vc_hidden-lg vc_hidden-md vc_hidden-sm&#8221;][vc_column_text]<\/p>\n<h1>Pokochasz ten produkt za to, \u017ce<\/h1>\n<ul>\n<li><span style=\"font-weight: 400;\">Pozwala uzyska\u0107 wyraziste i spr\u0119\u017cyste skr\u0119ty na w\u0142osach naturalnych<\/span><\/li>\n<li>Nie niszczy w\u0142os\u00f3w podczas zabiegu<\/li>\n<li>Pozostawia w\u0142osy mi\u0119kkie i chroni je podczas us\u0142ugi<\/li>\n<li>Nie zawiera tioglikan\u00f3w i amoniaku<\/li>\n<\/ul>\n<p>[\/vc_column_text][vc_column_text]<\/p>\n<h1>Sk\u0142adniki aktywne zawarte w formule<\/h1>\n<ul>\n<li><span style=\"font-weight: 400;\">Bia\u0142ko pszeniczne: sk\u0142adniki aktywne o wyj\u0105tkowych w\u0142a\u015bciwo\u015bciach kosmetycznych delikatnie nawil\u017caj\u0105 i odbudowuj\u0105 w\u0142osy, nadaj\u0105c im jedwabisto\u015b\u0107 i mi\u0119kko\u015b\u0107.<\/span><\/li>\n<li><span style=\"font-weight: 400;\">Trehaloza: ma doskona\u0142e w\u0142a\u015bciwo\u015bci kosmetyczne. Otacza cz\u0105steczki wody, przechwytuj\u0105c wilgo\u0107 i utrzymuj\u0105c j\u0105 na sta\u0142ym poziomie, co zapewnia wyj\u0105tkowe dzia\u0142anie nawil\u017caj\u0105ce.<\/span><\/li>\n<\/ul>\n<p>[\/vc_column_text][vc_column_text]<\/p>\n<h1>Jak stosowa\u0107?<\/h1>\n<p><span style=\"font-weight: 400;\">Po umyciu i osuszeniu w\u0142os\u00f3w r\u0119cznikiem nawin\u0105\u0107 w\u0142osy na wa\u0142ki, kt\u00f3re nale\u017cy dok\u0142adnie nas\u0105czy\u0107 Balsamem podkre\u015blaj\u0105cym fale, zaczynaj\u0105c od karku, nie dotykaj\u0105c sk\u00f3ry. Przykry\u0107 w\u0142osy czepkiem i pozostawi\u0107 na 20-25 minut. Dok\u0142adnie sp\u0142uka\u0107, wklepa\u0107 i nas\u0105czy\u0107 wa\u0142ki<\/span><a href=\"https:\/\/paulrivera.it\/pl\/produkt\/wavebuild-neutralizator-do-balsamow-podkreslajacych-fale\/\"><span style=\"font-weight: 400;\"> Neutralizatorem<\/span><\/a><span style=\"font-weight: 400;\"> i pozostawi\u0107 na 5 minut. Zdj\u0105\u0107 wa\u0142ki, ponownie na\u0142o\u017cy\u0107 neutralizator i pozostawi\u0107 na kilka minut. Dok\u0142adnie sp\u0142uka\u0107, umy\u0107 w\u0142osy szamponem o lekkiej formule. Nigdy nie przekracza\u0107 zalecanego czasu ekspozycji. Nie stosowa\u0107 \u017cadnych \u017ar\u00f3de\u0142 ciep\u0142a.<\/span>[\/vc_column_text][\/vc_column_inner][vc_column_inner width=&#8221;1\/2&#8243; css=&#8221;.vc_custom_1582194178853{background-image: url(https:\/\/paulrivera.it\/wp-content\/uploads\/2020\/02\/background_adv_product.png?id=296) !important;background-position: center !important;background-repeat: no-repeat !important;background-size: cover !important;}&#8221; offset=&#8221;vc_hidden-lg vc_hidden-md vc_hidden-sm&#8221;][vc_single_image image=&#8221;3982&#8243; img_size=&#8221;large&#8221; alignment=&#8221;center&#8221;][\/vc_column_inner][\/vc_row_inner][\/vc_column][\/vc_row][vc_row css=&#8221;.vc_custom_1582192829011{padding-top: 50px !important;}&#8221;][vc_column][vc_row_inner][vc_column_inner][vc_column_text]<\/p>\n<h1 style=\"text-align: center;\"><span style=\"font-weight: 400;\">Stosuj ten produkt z <\/span><\/h1>\n<p>[\/vc_column_text][\/vc_column_inner][\/vc_row_inner][vc_raw_html]JTVCd3BiLXByb2R1Y3Qtc2xpZGVyLXNob3J0Y29kZSUyMGlkJTNEJTIyMjAwJTIyJTVE[\/vc_raw_html][\/vc_column][\/vc_row]<\/p>\n<\/div>","protected":false},"excerpt":{"rendered":"<p><span style=\"font-weight: 400;\">Balsam podkre\u015blaj\u0105cy fale <\/span><b>Wavebuild<\/b> <span style=\"font-weight: 400;\">\u00a0pozwala uzyska\u0107 <\/span><b>mi\u0119kkie fale <\/b><span style=\"font-weight: 400;\">na<\/span><b> naturalnych w\u0142osach<\/b><span style=\"font-weight: 400;\">. Proste lub pozbawione obj\u0119to\u015bci w\u0142osy zmieniaj\u0105 kszta\u0142t: z balsamem mo\u017cesz tworzy\u0107 <\/span><b>fale, kt\u00f3re pozostaj\u0105 na<\/b><span style=\"font-weight: 400;\">d\u0142u\u017cej i s\u0105 niesamowicie spr\u0119\u017cyste.<\/span><\/p>\n<p><span style=\"font-weight: 400;\">Zapewnia naturalny wygl\u0105d bez naruszenia w\u0142\u00f3kna. <\/span><b>Wolny od tioglikolan\u00f3w i amoniaku<\/b><span style=\"font-weight: 400;\"> balsam podkre\u015blaj\u0105cy fale do w\u0142os\u00f3w naturalnych u\u0142atwia stylizacj\u0119 i jednocze\u015bnie piel\u0119gnuje w\u0142osy. <\/span><b>Formu\u0142a piel\u0119gnacyjna<\/b><span style=\"font-weight: 400;\"> wzbogacona jest o <\/span><b>proteiny pszenicy<\/b><span style=\"font-weight: 400;\"> i <\/span><b>trehaloz\u0119<\/b><span style=\"font-weight: 400;\">.<\/span><\/p>\n<p><span style=\"font-weight: 400;\">250 ml<\/span><\/p>\n<p>&nbsp;<\/p>\n[maxbutton id=\"8\"]\n","protected":false},"featured_media":3986,"template":"","meta":[],"product_brand":[],"product_cat":[922],"product_tag":[],"class_list":{"0":"post-3985","1":"product","2":"type-product","3":"status-publish","4":"has-post-thumbnail","6":"product_cat-wavebuild-plyn-do-trwalej-ondulacji","7":"description-off","9":"first","10":"instock","11":"shipping-taxable","12":"product-type-simple"},"yoast_head":"<!-- This site is optimized with the Yoast SEO plugin v27.2 - https:\/\/yoast.com\/product\/yoast-seo-wordpress\/ -->\n<title>Wavebuild - Balsam podkre\u015blaj\u0105cy fale do w\u0142os\u00f3w naturalnych | Paul Rivera<\/title>\n<meta name=\"description\" content=\"Balsam podkre\u015blaj\u0105cy fale Wavebuild \u00a0pozwala uzyska\u0107 mi\u0119kkie fale na naturalnych w\u0142osach.\" \/>\n<meta name=\"robots\" content=\"index, follow, max-snippet:-1, max-image-preview:large, max-video-preview:-1\" \/>\n<link rel=\"canonical\" href=\"https:\/\/paulrivera.it\/pl\/prodotti\/dzial-techniczny-pl\/wavebuild-plyn-do-trwalej-ondulacji\/wavebuild-balsam-podkreslajacy-fale-do-wlosow-naturalnych\/\" \/>\n<meta property=\"og:locale\" content=\"pl_PL\" \/>\n<meta property=\"og:type\" content=\"article\" \/>\n<meta property=\"og:title\" content=\"Wavebuild - Balsam podkre\u015blaj\u0105cy fale do w\u0142os\u00f3w naturalnych | Paul Rivera\" \/>\n<meta property=\"og:description\" content=\"Balsam podkre\u015blaj\u0105cy fale Wavebuild \u00a0pozwala uzyska\u0107 mi\u0119kkie fale na naturalnych w\u0142osach.\" \/>\n<meta property=\"og:url\" content=\"https:\/\/paulrivera.it\/pl\/prodotti\/dzial-techniczny-pl\/wavebuild-plyn-do-trwalej-ondulacji\/wavebuild-balsam-podkreslajacy-fale-do-wlosow-naturalnych\/\" \/>\n<meta property=\"og:site_name\" content=\"Paul Rivera\" \/>\n<meta property=\"article:modified_time\" content=\"2024-05-13T08:09:52+00:00\" \/>\n<meta property=\"og:image\" content=\"https:\/\/paulrivera.it\/wp-content\/uploads\/2020\/02\/604248_paul_rivera_wavebuild_waving_lotion_natural_hair_1_250ml.png\" \/>\n\t<meta property=\"og:image:width\" content=\"800\" \/>\n\t<meta property=\"og:image:height\" content=\"800\" \/>\n\t<meta property=\"og:image:type\" content=\"image\/png\" \/>\n<meta name=\"twitter:card\" content=\"summary_large_image\" \/>\n<meta name=\"twitter:label1\" content=\"Est. reading time\" \/>\n\t<meta name=\"twitter:data1\" content=\"4 minutes\" \/>\n<script type=\"application\/ld+json\" class=\"yoast-schema-graph\">{\"@context\":\"https:\/\/schema.org\",\"@graph\":[{\"@type\":\"WebPage\",\"@id\":\"https:\/\/paulrivera.it\/pl\/prodotti\/dzial-techniczny-pl\/wavebuild-plyn-do-trwalej-ondulacji\/wavebuild-balsam-podkreslajacy-fale-do-wlosow-naturalnych\/\",\"url\":\"https:\/\/paulrivera.it\/pl\/prodotti\/dzial-techniczny-pl\/wavebuild-plyn-do-trwalej-ondulacji\/wavebuild-balsam-podkreslajacy-fale-do-wlosow-naturalnych\/\",\"name\":\"Wavebuild - Balsam podkre\u015blaj\u0105cy fale do w\u0142os\u00f3w naturalnych | Paul Rivera\",\"isPartOf\":{\"@id\":\"https:\/\/paulrivera.it\/pl\/#website\"},\"primaryImageOfPage\":{\"@id\":\"https:\/\/paulrivera.it\/pl\/prodotti\/dzial-techniczny-pl\/wavebuild-plyn-do-trwalej-ondulacji\/wavebuild-balsam-podkreslajacy-fale-do-wlosow-naturalnych\/#primaryimage\"},\"image\":{\"@id\":\"https:\/\/paulrivera.it\/pl\/prodotti\/dzial-techniczny-pl\/wavebuild-plyn-do-trwalej-ondulacji\/wavebuild-balsam-podkreslajacy-fale-do-wlosow-naturalnych\/#primaryimage\"},\"thumbnailUrl\":\"https:\/\/paulrivera.it\/wp-content\/uploads\/2020\/02\/604248_paul_rivera_wavebuild_waving_lotion_natural_hair_1_250ml.png\",\"datePublished\":\"2020-02-18T08:26:35+00:00\",\"dateModified\":\"2024-05-13T08:09:52+00:00\",\"description\":\"Balsam podkre\u015blaj\u0105cy fale Wavebuild \u00a0pozwala uzyska\u0107 mi\u0119kkie fale na naturalnych w\u0142osach.\",\"breadcrumb\":{\"@id\":\"https:\/\/paulrivera.it\/pl\/prodotti\/dzial-techniczny-pl\/wavebuild-plyn-do-trwalej-ondulacji\/wavebuild-balsam-podkreslajacy-fale-do-wlosow-naturalnych\/#breadcrumb\"},\"inLanguage\":\"pl-PL\",\"potentialAction\":[{\"@type\":\"ReadAction\",\"target\":[\"https:\/\/paulrivera.it\/pl\/prodotti\/dzial-techniczny-pl\/wavebuild-plyn-do-trwalej-ondulacji\/wavebuild-balsam-podkreslajacy-fale-do-wlosow-naturalnych\/\"]}]},{\"@type\":\"ImageObject\",\"inLanguage\":\"pl-PL\",\"@id\":\"https:\/\/paulrivera.it\/pl\/prodotti\/dzial-techniczny-pl\/wavebuild-plyn-do-trwalej-ondulacji\/wavebuild-balsam-podkreslajacy-fale-do-wlosow-naturalnych\/#primaryimage\",\"url\":\"https:\/\/paulrivera.it\/wp-content\/uploads\/2020\/02\/604248_paul_rivera_wavebuild_waving_lotion_natural_hair_1_250ml.png\",\"contentUrl\":\"https:\/\/paulrivera.it\/wp-content\/uploads\/2020\/02\/604248_paul_rivera_wavebuild_waving_lotion_natural_hair_1_250ml.png\",\"width\":800,\"height\":800,\"caption\":\"Wavebuild - Balsam podkre\u015blaj\u0105cy fale do w\u0142os\u00f3w naturalnych.\"},{\"@type\":\"BreadcrumbList\",\"@id\":\"https:\/\/paulrivera.it\/pl\/prodotti\/dzial-techniczny-pl\/wavebuild-plyn-do-trwalej-ondulacji\/wavebuild-balsam-podkreslajacy-fale-do-wlosow-naturalnych\/#breadcrumb\",\"itemListElement\":[{\"@type\":\"ListItem\",\"position\":1,\"name\":\"Home\",\"item\":\"https:\/\/paulrivera.it\/pl\/\"},{\"@type\":\"ListItem\",\"position\":2,\"name\":\"Pagina shop\",\"item\":\"https:\/\/paulrivera.it\/prodotti\/\"},{\"@type\":\"ListItem\",\"position\":3,\"name\":\"Wavebuild &#8211; Balsam podkre\u015blaj\u0105cy fale do w\u0142os\u00f3w naturalnych\"}]},{\"@type\":\"WebSite\",\"@id\":\"https:\/\/paulrivera.it\/pl\/#website\",\"url\":\"https:\/\/paulrivera.it\/pl\/\",\"name\":\"Paul Rivera\",\"description\":\"Hair Beauty Celebration\",\"publisher\":{\"@id\":\"https:\/\/paulrivera.it\/pl\/#organization\"},\"potentialAction\":[{\"@type\":\"SearchAction\",\"target\":{\"@type\":\"EntryPoint\",\"urlTemplate\":\"https:\/\/paulrivera.it\/pl\/?s={search_term_string}\"},\"query-input\":{\"@type\":\"PropertyValueSpecification\",\"valueRequired\":true,\"valueName\":\"search_term_string\"}}],\"inLanguage\":\"pl-PL\"},{\"@type\":\"Organization\",\"@id\":\"https:\/\/paulrivera.it\/pl\/#organization\",\"name\":\"Paul Rivera\",\"url\":\"https:\/\/paulrivera.it\/pl\/\",\"logo\":{\"@type\":\"ImageObject\",\"inLanguage\":\"pl-PL\",\"@id\":\"https:\/\/paulrivera.it\/pl\/#\/schema\/logo\/image\/\",\"url\":\"https:\/\/paulrivera.it\/wp-content\/uploads\/2020\/02\/paul_rivera_logo_header_x2.png\",\"contentUrl\":\"https:\/\/paulrivera.it\/wp-content\/uploads\/2020\/02\/paul_rivera_logo_header_x2.png\",\"width\":470,\"height\":60,\"caption\":\"Paul Rivera\"},\"image\":{\"@id\":\"https:\/\/paulrivera.it\/pl\/#\/schema\/logo\/image\/\"}}]}<\/script>\n<!-- \/ Yoast SEO plugin. -->","yoast_head_json":{"title":"Wavebuild - Balsam podkre\u015blaj\u0105cy fale do w\u0142os\u00f3w naturalnych | Paul Rivera","description":"Balsam podkre\u015blaj\u0105cy fale Wavebuild \u00a0pozwala uzyska\u0107 mi\u0119kkie fale na naturalnych w\u0142osach.","robots":{"index":"index","follow":"follow","max-snippet":"max-snippet:-1","max-image-preview":"max-image-preview:large","max-video-preview":"max-video-preview:-1"},"canonical":"https:\/\/paulrivera.it\/pl\/prodotti\/dzial-techniczny-pl\/wavebuild-plyn-do-trwalej-ondulacji\/wavebuild-balsam-podkreslajacy-fale-do-wlosow-naturalnych\/","og_locale":"pl_PL","og_type":"article","og_title":"Wavebuild - Balsam podkre\u015blaj\u0105cy fale do w\u0142os\u00f3w naturalnych | Paul Rivera","og_description":"Balsam podkre\u015blaj\u0105cy fale Wavebuild \u00a0pozwala uzyska\u0107 mi\u0119kkie fale na naturalnych w\u0142osach.","og_url":"https:\/\/paulrivera.it\/pl\/prodotti\/dzial-techniczny-pl\/wavebuild-plyn-do-trwalej-ondulacji\/wavebuild-balsam-podkreslajacy-fale-do-wlosow-naturalnych\/","og_site_name":"Paul Rivera","article_modified_time":"2024-05-13T08:09:52+00:00","og_image":[{"width":800,"height":800,"url":"https:\/\/paulrivera.it\/wp-content\/uploads\/2020\/02\/604248_paul_rivera_wavebuild_waving_lotion_natural_hair_1_250ml.png","type":"image\/png"}],"twitter_card":"summary_large_image","twitter_misc":{"Est. reading time":"4 minutes"},"schema":{"@context":"https:\/\/schema.org","@graph":[{"@type":"WebPage","@id":"https:\/\/paulrivera.it\/pl\/prodotti\/dzial-techniczny-pl\/wavebuild-plyn-do-trwalej-ondulacji\/wavebuild-balsam-podkreslajacy-fale-do-wlosow-naturalnych\/","url":"https:\/\/paulrivera.it\/pl\/prodotti\/dzial-techniczny-pl\/wavebuild-plyn-do-trwalej-ondulacji\/wavebuild-balsam-podkreslajacy-fale-do-wlosow-naturalnych\/","name":"Wavebuild - Balsam podkre\u015blaj\u0105cy fale do w\u0142os\u00f3w naturalnych | Paul Rivera","isPartOf":{"@id":"https:\/\/paulrivera.it\/pl\/#website"},"primaryImageOfPage":{"@id":"https:\/\/paulrivera.it\/pl\/prodotti\/dzial-techniczny-pl\/wavebuild-plyn-do-trwalej-ondulacji\/wavebuild-balsam-podkreslajacy-fale-do-wlosow-naturalnych\/#primaryimage"},"image":{"@id":"https:\/\/paulrivera.it\/pl\/prodotti\/dzial-techniczny-pl\/wavebuild-plyn-do-trwalej-ondulacji\/wavebuild-balsam-podkreslajacy-fale-do-wlosow-naturalnych\/#primaryimage"},"thumbnailUrl":"https:\/\/paulrivera.it\/wp-content\/uploads\/2020\/02\/604248_paul_rivera_wavebuild_waving_lotion_natural_hair_1_250ml.png","datePublished":"2020-02-18T08:26:35+00:00","dateModified":"2024-05-13T08:09:52+00:00","description":"Balsam podkre\u015blaj\u0105cy fale Wavebuild \u00a0pozwala uzyska\u0107 mi\u0119kkie fale na naturalnych w\u0142osach.","breadcrumb":{"@id":"https:\/\/paulrivera.it\/pl\/prodotti\/dzial-techniczny-pl\/wavebuild-plyn-do-trwalej-ondulacji\/wavebuild-balsam-podkreslajacy-fale-do-wlosow-naturalnych\/#breadcrumb"},"inLanguage":"pl-PL","potentialAction":[{"@type":"ReadAction","target":["https:\/\/paulrivera.it\/pl\/prodotti\/dzial-techniczny-pl\/wavebuild-plyn-do-trwalej-ondulacji\/wavebuild-balsam-podkreslajacy-fale-do-wlosow-naturalnych\/"]}]},{"@type":"ImageObject","inLanguage":"pl-PL","@id":"https:\/\/paulrivera.it\/pl\/prodotti\/dzial-techniczny-pl\/wavebuild-plyn-do-trwalej-ondulacji\/wavebuild-balsam-podkreslajacy-fale-do-wlosow-naturalnych\/#primaryimage","url":"https:\/\/paulrivera.it\/wp-content\/uploads\/2020\/02\/604248_paul_rivera_wavebuild_waving_lotion_natural_hair_1_250ml.png","contentUrl":"https:\/\/paulrivera.it\/wp-content\/uploads\/2020\/02\/604248_paul_rivera_wavebuild_waving_lotion_natural_hair_1_250ml.png","width":800,"height":800,"caption":"Wavebuild - Balsam podkre\u015blaj\u0105cy fale do w\u0142os\u00f3w naturalnych."},{"@type":"BreadcrumbList","@id":"https:\/\/paulrivera.it\/pl\/prodotti\/dzial-techniczny-pl\/wavebuild-plyn-do-trwalej-ondulacji\/wavebuild-balsam-podkreslajacy-fale-do-wlosow-naturalnych\/#breadcrumb","itemListElement":[{"@type":"ListItem","position":1,"name":"Home","item":"https:\/\/paulrivera.it\/pl\/"},{"@type":"ListItem","position":2,"name":"Pagina shop","item":"https:\/\/paulrivera.it\/prodotti\/"},{"@type":"ListItem","position":3,"name":"Wavebuild &#8211; Balsam podkre\u015blaj\u0105cy fale do w\u0142os\u00f3w naturalnych"}]},{"@type":"WebSite","@id":"https:\/\/paulrivera.it\/pl\/#website","url":"https:\/\/paulrivera.it\/pl\/","name":"Paul Rivera","description":"Hair Beauty Celebration","publisher":{"@id":"https:\/\/paulrivera.it\/pl\/#organization"},"potentialAction":[{"@type":"SearchAction","target":{"@type":"EntryPoint","urlTemplate":"https:\/\/paulrivera.it\/pl\/?s={search_term_string}"},"query-input":{"@type":"PropertyValueSpecification","valueRequired":true,"valueName":"search_term_string"}}],"inLanguage":"pl-PL"},{"@type":"Organization","@id":"https:\/\/paulrivera.it\/pl\/#organization","name":"Paul Rivera","url":"https:\/\/paulrivera.it\/pl\/","logo":{"@type":"ImageObject","inLanguage":"pl-PL","@id":"https:\/\/paulrivera.it\/pl\/#\/schema\/logo\/image\/","url":"https:\/\/paulrivera.it\/wp-content\/uploads\/2020\/02\/paul_rivera_logo_header_x2.png","contentUrl":"https:\/\/paulrivera.it\/wp-content\/uploads\/2020\/02\/paul_rivera_logo_header_x2.png","width":470,"height":60,"caption":"Paul Rivera"},"image":{"@id":"https:\/\/paulrivera.it\/pl\/#\/schema\/logo\/image\/"}}]}},"_links":{"self":[{"href":"https:\/\/paulrivera.it\/pl\/wp-json\/wp\/v2\/product\/3985","targetHints":{"allow":["GET"]}}],"collection":[{"href":"https:\/\/paulrivera.it\/pl\/wp-json\/wp\/v2\/product"}],"about":[{"href":"https:\/\/paulrivera.it\/pl\/wp-json\/wp\/v2\/types\/product"}],"wp:featuredmedia":[{"embeddable":true,"href":"https:\/\/paulrivera.it\/pl\/wp-json\/wp\/v2\/media\/3986"}],"wp:attachment":[{"href":"https:\/\/paulrivera.it\/pl\/wp-json\/wp\/v2\/media?parent=3985"}],"wp:term":[{"taxonomy":"product_brand","embeddable":true,"href":"https:\/\/paulrivera.it\/pl\/wp-json\/wp\/v2\/product_brand?post=3985"},{"taxonomy":"product_cat","embeddable":true,"href":"https:\/\/paulrivera.it\/pl\/wp-json\/wp\/v2\/product_cat?post=3985"},{"taxonomy":"product_tag","embeddable":true,"href":"https:\/\/paulrivera.it\/pl\/wp-json\/wp\/v2\/product_tag?post=3985"}],"curies":[{"name":"wp","href":"https:\/\/api.w.org\/{rel}","templated":true}]}}