{"id":4027,"date":"2020-02-18T09:30:54","date_gmt":"2020-02-18T08:30:54","guid":{"rendered":"https:\/\/paulrivera.it\/product\/perfect-all-krem-nadajacy-miekkosc-do-czestego-stosowania-2\/"},"modified":"2024-05-13T10:08:08","modified_gmt":"2024-05-13T08:08:08","slug":"perfect-all-krem-nadajacy-miekkosc-do-czestego-stosowania-2","status":"publish","type":"product","link":"https:\/\/paulrivera.it\/pl\/prodotti\/kuracje\/perfect-all-do-czestego-stosowania\/perfect-all-krem-nadajacy-miekkosc-do-czestego-stosowania-2\/","title":{"rendered":"Perfect All &#8211; Krem nadaj\u0105cy mi\u0119kko\u015b\u0107"},"content":{"rendered":"<div class=\"wpb-content-wrapper\"><p>[vc_row full_width=&#8221;stretch_row&#8221;][vc_column][vc_row_inner el_id=&#8221;desktop&#8221;][vc_column_inner width=&#8221;1\/2&#8243; css=&#8221;.vc_custom_1582194227194{padding-top: 10% !important;padding-right: 10% !important;padding-bottom: 10% !important;padding-left: 30% !important;}&#8221; offset=&#8221;vc_hidden-md vc_hidden-sm vc_hidden-xs&#8221;][vc_column_text]<\/p>\n<h1>Pokochasz ten produkt za to, \u017ce<\/h1>\n<ul>\n<li><span style=\"font-weight: 400;\">Ma delikatn\u0105 formu\u0142\u0119, kt\u00f3ra piel\u0119gnuje w\u0142osy<\/span><\/li>\n<li>Sprawdzi si\u0119 idealnie do codziennej piel\u0119gnacji Twoich w\u0142os\u00f3w<\/li>\n<li>Zapewnia intensywne nawil\u017cenie i od\u017cywienie<\/li>\n<\/ul>\n<p>[\/vc_column_text][vc_column_text]<\/p>\n<h1>Sk\u0142adniki aktywne zawarte w formule<\/h1>\n<ul>\n<li><span style=\"font-weight: 400;\">Wyci\u0105g z oczaru wirginijskiego: p<\/span>oprawia kondycj\u0119 w\u0142os\u00f3w, oczyszczaj\u0105c je i wspieraj\u0105c od\u017cywienie i utlenienie<\/li>\n<li>\u017burawina: ma silne dzia\u0142anie koj\u0105ce i tonizuj\u0105ce, kt\u00f3re przywraca w\u0142osom naturaln\u0105 mi\u0119kko\u015b\u0107.<\/li>\n<\/ul>\n<p>[\/vc_column_text][vc_column_text]<\/p>\n<h1>Jak stosowa\u0107?<\/h1>\n<p><span style=\"font-weight: 400;\">Na\u0142o\u017cy\u0107 <a href=\"https:\/\/paulrivera.it\/pl\/produkt\/perfect-all-szampon-nadajacy-miekkosc-do-czestego-stosowania\/\">szampon do cz\u0119stego stosowania<\/a> na osuszone r\u0119cznikiem w\u0142osy, pozostawi\u0107 na 2 do 3 minut, a nast\u0119pnie dok\u0142adnie sp\u0142uka\u0107.<\/span>[\/vc_column_text][\/vc_column_inner][vc_column_inner width=&#8221;1\/2&#8243; css=&#8221;.vc_custom_1582809823638{background-image: url(https:\/\/paulrivera.it\/wp-content\/uploads\/2020\/02\/background_adv_product_perfect_all.png?id=862) !important;background-position: center !important;background-repeat: no-repeat !important;background-size: cover !important;}&#8221; offset=&#8221;vc_hidden-md vc_hidden-sm vc_hidden-xs&#8221;][vc_single_image image=&#8221;4022&#8243; img_size=&#8221;large&#8221; alignment=&#8221;center&#8221;][\/vc_column_inner][\/vc_row_inner][vc_row_inner el_id=&#8221;tablet&#8221;][vc_column_inner offset=&#8221;vc_hidden-lg vc_hidden-xs&#8221;][vc_column_text]<\/p>\n<h1>Pokochasz ten produkt za to, \u017ce<\/h1>\n<ul>\n<li><span style=\"font-weight: 400;\">Ma delikatn\u0105 formu\u0142\u0119, kt\u00f3ra piel\u0119gnuje w\u0142osy<\/span><\/li>\n<li>Sprawdzi si\u0119 idealnie do codziennej piel\u0119gnacji Twoich w\u0142os\u00f3w<\/li>\n<li>Zapewnia intensywne nawil\u017cenie i od\u017cywienie<\/li>\n<\/ul>\n<p>[\/vc_column_text][vc_column_text]<\/p>\n<h1>Sk\u0142adniki aktywne zawarte w formule<\/h1>\n<ul>\n<li><span style=\"font-weight: 400;\">Wyci\u0105g z oczaru wirginijskiego: p<\/span>oprawia kondycj\u0119 w\u0142os\u00f3w, oczyszczaj\u0105c je i wspieraj\u0105c od\u017cywienie i utlenienie<\/li>\n<li>\u017burawina: ma silne dzia\u0142anie koj\u0105ce i tonizuj\u0105ce, kt\u00f3re przywraca w\u0142osom naturaln\u0105 mi\u0119kko\u015b\u0107.<\/li>\n<\/ul>\n<p>[\/vc_column_text][vc_column_text]<\/p>\n<h1>Jak stosowa\u0107?<\/h1>\n<p><span style=\"font-weight: 400;\">Na\u0142o\u017cy\u0107 <a href=\"https:\/\/paulrivera.it\/pl\/produkt\/perfect-all-szampon-nadajacy-miekkosc-do-czestego-stosowania\/\">szampon do cz\u0119stego stosowania<\/a> na osuszone r\u0119cznikiem w\u0142osy, pozostawi\u0107 na 2 do 3 minut, a nast\u0119pnie dok\u0142adnie sp\u0142uka\u0107.<\/span>[\/vc_column_text][\/vc_column_inner][\/vc_row_inner][vc_row_inner el_id=&#8221;mobile&#8221;][vc_column_inner width=&#8221;1\/2&#8243; offset=&#8221;vc_hidden-lg vc_hidden-md vc_hidden-sm&#8221;][vc_column_text]<\/p>\n<h1>Pokochasz ten produkt za to, \u017ce<\/h1>\n<ul>\n<li><span style=\"font-weight: 400;\">Ma delikatn\u0105 formu\u0142\u0119, kt\u00f3ra piel\u0119gnuje w\u0142osy<\/span><\/li>\n<li>Sprawdzi si\u0119 idealnie do codziennej piel\u0119gnacji Twoich w\u0142os\u00f3w<\/li>\n<li>Zapewnia intensywne nawil\u017cenie i od\u017cywienie<\/li>\n<\/ul>\n<p>[\/vc_column_text][vc_column_text]<\/p>\n<h1>Sk\u0142adniki aktywne zawarte w formule<\/h1>\n<ul>\n<li><span style=\"font-weight: 400;\">Wyci\u0105g z oczaru wirginijskiego: p<\/span>oprawia kondycj\u0119 w\u0142os\u00f3w, oczyszczaj\u0105c je i wspieraj\u0105c od\u017cywienie i utlenienie<\/li>\n<li>\u017burawina: ma silne dzia\u0142anie koj\u0105ce i tonizuj\u0105ce, kt\u00f3re przywraca w\u0142osom naturaln\u0105 mi\u0119kko\u015b\u0107.<\/li>\n<\/ul>\n<p>[\/vc_column_text][vc_column_text]<\/p>\n<h1>Jak stosowa\u0107?<\/h1>\n<p><span style=\"font-weight: 400;\">Na\u0142o\u017cy\u0107 <a href=\"https:\/\/paulrivera.it\/pl\/produkt\/perfect-all-szampon-nadajacy-miekkosc-do-czestego-stosowania\/\">szampon do cz\u0119stego stosowania<\/a> na osuszone r\u0119cznikiem w\u0142osy, pozostawi\u0107 na 2 do 3 minut, a nast\u0119pnie dok\u0142adnie sp\u0142uka\u0107.<\/span>[\/vc_column_text][\/vc_column_inner][vc_column_inner width=&#8221;1\/2&#8243; css=&#8221;.vc_custom_1582809847612{background-image: url(https:\/\/paulrivera.it\/wp-content\/uploads\/2020\/02\/background_adv_product_perfect_all.png?id=862) !important;background-position: center !important;background-repeat: no-repeat !important;background-size: cover !important;}&#8221; offset=&#8221;vc_hidden-lg vc_hidden-md vc_hidden-sm&#8221;][vc_single_image image=&#8221;4022&#8243; img_size=&#8221;large&#8221; alignment=&#8221;center&#8221;][\/vc_column_inner][\/vc_row_inner][\/vc_column][\/vc_row][vc_row css=&#8221;.vc_custom_1582192829011{padding-top: 50px !important;}&#8221;][vc_column][vc_row_inner][vc_column_inner][vc_column_text]<\/p>\n<h1 style=\"text-align: center;\"><span style=\"font-weight: 400;\">Mo\u017cesz wypr\u00f3bowa\u0107 ten produkt z<\/span><\/h1>\n<p>[\/vc_column_text][\/vc_column_inner][\/vc_row_inner][vc_raw_html]JTVCd3BiLXByb2R1Y3Qtc2xpZGVyLXNob3J0Y29kZSUyMGlkJTNEJTIyMjU1JTIyJTVE[\/vc_raw_html][\/vc_column][\/vc_row]<\/p>\n<\/div>","protected":false},"excerpt":{"rendered":"<p><span style=\"font-weight: 400;\">Dzi\u0119ki w\u0142a\u015bciwo\u015bciom zmi\u0119kczaj\u0105cym krem <\/span><span style=\"font-weight: 400;\">Perfect All<\/span><span style=\"font-weight: 400;\"> delikatnie <strong>piel\u0119gnuje w\u0142osy na co dzie\u0144, nie obci\u0105\u017caj\u0105c ich<\/strong>.<\/span><\/p>\n<p><span style=\"font-weight: 400;\">Lekka formu\u0142a o natychmiastowym dzia\u0142aniu sprawia, \u017ce w\u0142osy s\u0105 mi\u0119kkie i \u0142atwe do rozczesania. <strong>Ekstrakty z oczaru<\/strong> wirginijskiego i <strong>\u017curawiny<\/strong> \u0142\u0105cz\u0105 si\u0142y, gwarantuj\u0105c doskona\u0142e nawil\u017cenie, od\u017cywienie i popraw\u0119 kondycji w\u0142os\u00f3w.<\/span><\/p>\n<p><span style=\"font-weight: 400;\">500 ml<\/span><\/p>\n<p>&nbsp;<\/p>\n[maxbutton id=\"8\"]\n","protected":false},"featured_media":4028,"template":"","meta":[],"product_brand":[],"product_cat":[701],"product_tag":[],"class_list":{"0":"post-4027","1":"product","2":"type-product","3":"status-publish","4":"has-post-thumbnail","6":"product_cat-perfect-all-do-czestego-stosowania","7":"description-off","9":"first","10":"instock","11":"shipping-taxable","12":"product-type-simple"},"yoast_head":"<!-- This site is optimized with the Yoast SEO plugin v27.2 - https:\/\/yoast.com\/product\/yoast-seo-wordpress\/ -->\n<title>Perfect All - Krem nadaj\u0105cy mi\u0119kko\u015b\u0107 do cz\u0119stego stosowania | Paul Rivera<\/title>\n<meta name=\"description\" content=\"Dzi\u0119ki w\u0142a\u015bciwo\u015bciom zmi\u0119kczaj\u0105cym krem Perfect All delikatnie piel\u0119gnuje w\u0142osy na co dzie\u0144, nie obci\u0105\u017caj\u0105c ich.\" \/>\n<meta name=\"robots\" content=\"index, follow, max-snippet:-1, max-image-preview:large, max-video-preview:-1\" \/>\n<link rel=\"canonical\" href=\"https:\/\/paulrivera.it\/pl\/prodotti\/kuracje\/perfect-all-do-czestego-stosowania\/perfect-all-krem-nadajacy-miekkosc-do-czestego-stosowania-2\/\" \/>\n<meta property=\"og:locale\" content=\"pl_PL\" \/>\n<meta property=\"og:type\" content=\"article\" \/>\n<meta property=\"og:title\" content=\"Perfect All - Krem nadaj\u0105cy mi\u0119kko\u015b\u0107 do cz\u0119stego stosowania | Paul Rivera\" \/>\n<meta property=\"og:description\" content=\"Dzi\u0119ki w\u0142a\u015bciwo\u015bciom zmi\u0119kczaj\u0105cym krem Perfect All delikatnie piel\u0119gnuje w\u0142osy na co dzie\u0144, nie obci\u0105\u017caj\u0105c ich.\" \/>\n<meta property=\"og:url\" content=\"https:\/\/paulrivera.it\/pl\/prodotti\/kuracje\/perfect-all-do-czestego-stosowania\/perfect-all-krem-nadajacy-miekkosc-do-czestego-stosowania-2\/\" \/>\n<meta property=\"og:site_name\" content=\"Paul Rivera\" \/>\n<meta property=\"article:modified_time\" content=\"2024-05-13T08:08:08+00:00\" \/>\n<meta property=\"og:image\" content=\"https:\/\/paulrivera.it\/wp-content\/uploads\/2020\/02\/604439_paul_rivera_perfect_all_softening_cream_frequent_use_500ml.png\" \/>\n\t<meta property=\"og:image:width\" content=\"800\" \/>\n\t<meta property=\"og:image:height\" content=\"800\" \/>\n\t<meta property=\"og:image:type\" content=\"image\/png\" \/>\n<meta name=\"twitter:card\" content=\"summary_large_image\" \/>\n<meta name=\"twitter:label1\" content=\"Est. reading time\" \/>\n\t<meta name=\"twitter:data1\" content=\"3 minutes\" \/>\n<script type=\"application\/ld+json\" class=\"yoast-schema-graph\">{\"@context\":\"https:\/\/schema.org\",\"@graph\":[{\"@type\":\"WebPage\",\"@id\":\"https:\/\/paulrivera.it\/pl\/prodotti\/kuracje\/perfect-all-do-czestego-stosowania\/perfect-all-krem-nadajacy-miekkosc-do-czestego-stosowania-2\/\",\"url\":\"https:\/\/paulrivera.it\/pl\/prodotti\/kuracje\/perfect-all-do-czestego-stosowania\/perfect-all-krem-nadajacy-miekkosc-do-czestego-stosowania-2\/\",\"name\":\"Perfect All - Krem nadaj\u0105cy mi\u0119kko\u015b\u0107 do cz\u0119stego stosowania | Paul Rivera\",\"isPartOf\":{\"@id\":\"https:\/\/paulrivera.it\/pl\/#website\"},\"primaryImageOfPage\":{\"@id\":\"https:\/\/paulrivera.it\/pl\/prodotti\/kuracje\/perfect-all-do-czestego-stosowania\/perfect-all-krem-nadajacy-miekkosc-do-czestego-stosowania-2\/#primaryimage\"},\"image\":{\"@id\":\"https:\/\/paulrivera.it\/pl\/prodotti\/kuracje\/perfect-all-do-czestego-stosowania\/perfect-all-krem-nadajacy-miekkosc-do-czestego-stosowania-2\/#primaryimage\"},\"thumbnailUrl\":\"https:\/\/paulrivera.it\/wp-content\/uploads\/2020\/02\/604439_paul_rivera_perfect_all_softening_cream_frequent_use_500ml.png\",\"datePublished\":\"2020-02-18T08:30:54+00:00\",\"dateModified\":\"2024-05-13T08:08:08+00:00\",\"description\":\"Dzi\u0119ki w\u0142a\u015bciwo\u015bciom zmi\u0119kczaj\u0105cym krem Perfect All delikatnie piel\u0119gnuje w\u0142osy na co dzie\u0144, nie obci\u0105\u017caj\u0105c ich.\",\"breadcrumb\":{\"@id\":\"https:\/\/paulrivera.it\/pl\/prodotti\/kuracje\/perfect-all-do-czestego-stosowania\/perfect-all-krem-nadajacy-miekkosc-do-czestego-stosowania-2\/#breadcrumb\"},\"inLanguage\":\"pl-PL\",\"potentialAction\":[{\"@type\":\"ReadAction\",\"target\":[\"https:\/\/paulrivera.it\/pl\/prodotti\/kuracje\/perfect-all-do-czestego-stosowania\/perfect-all-krem-nadajacy-miekkosc-do-czestego-stosowania-2\/\"]}]},{\"@type\":\"ImageObject\",\"inLanguage\":\"pl-PL\",\"@id\":\"https:\/\/paulrivera.it\/pl\/prodotti\/kuracje\/perfect-all-do-czestego-stosowania\/perfect-all-krem-nadajacy-miekkosc-do-czestego-stosowania-2\/#primaryimage\",\"url\":\"https:\/\/paulrivera.it\/wp-content\/uploads\/2020\/02\/604439_paul_rivera_perfect_all_softening_cream_frequent_use_500ml.png\",\"contentUrl\":\"https:\/\/paulrivera.it\/wp-content\/uploads\/2020\/02\/604439_paul_rivera_perfect_all_softening_cream_frequent_use_500ml.png\",\"width\":800,\"height\":800,\"caption\":\"Perfect All - Krem nadaj\u0105cy mi\u0119kko\u015b\u0107 do cz\u0119stego stosowania\"},{\"@type\":\"BreadcrumbList\",\"@id\":\"https:\/\/paulrivera.it\/pl\/prodotti\/kuracje\/perfect-all-do-czestego-stosowania\/perfect-all-krem-nadajacy-miekkosc-do-czestego-stosowania-2\/#breadcrumb\",\"itemListElement\":[{\"@type\":\"ListItem\",\"position\":1,\"name\":\"Home\",\"item\":\"https:\/\/paulrivera.it\/pl\/\"},{\"@type\":\"ListItem\",\"position\":2,\"name\":\"Pagina shop\",\"item\":\"https:\/\/paulrivera.it\/prodotti\/\"},{\"@type\":\"ListItem\",\"position\":3,\"name\":\"Perfect All &#8211; Krem nadaj\u0105cy mi\u0119kko\u015b\u0107\"}]},{\"@type\":\"WebSite\",\"@id\":\"https:\/\/paulrivera.it\/pl\/#website\",\"url\":\"https:\/\/paulrivera.it\/pl\/\",\"name\":\"Paul Rivera\",\"description\":\"Hair Beauty Celebration\",\"publisher\":{\"@id\":\"https:\/\/paulrivera.it\/pl\/#organization\"},\"potentialAction\":[{\"@type\":\"SearchAction\",\"target\":{\"@type\":\"EntryPoint\",\"urlTemplate\":\"https:\/\/paulrivera.it\/pl\/?s={search_term_string}\"},\"query-input\":{\"@type\":\"PropertyValueSpecification\",\"valueRequired\":true,\"valueName\":\"search_term_string\"}}],\"inLanguage\":\"pl-PL\"},{\"@type\":\"Organization\",\"@id\":\"https:\/\/paulrivera.it\/pl\/#organization\",\"name\":\"Paul Rivera\",\"url\":\"https:\/\/paulrivera.it\/pl\/\",\"logo\":{\"@type\":\"ImageObject\",\"inLanguage\":\"pl-PL\",\"@id\":\"https:\/\/paulrivera.it\/pl\/#\/schema\/logo\/image\/\",\"url\":\"https:\/\/paulrivera.it\/wp-content\/uploads\/2020\/02\/paul_rivera_logo_header_x2.png\",\"contentUrl\":\"https:\/\/paulrivera.it\/wp-content\/uploads\/2020\/02\/paul_rivera_logo_header_x2.png\",\"width\":470,\"height\":60,\"caption\":\"Paul Rivera\"},\"image\":{\"@id\":\"https:\/\/paulrivera.it\/pl\/#\/schema\/logo\/image\/\"}}]}<\/script>\n<!-- \/ Yoast SEO plugin. -->","yoast_head_json":{"title":"Perfect All - Krem nadaj\u0105cy mi\u0119kko\u015b\u0107 do cz\u0119stego stosowania | Paul Rivera","description":"Dzi\u0119ki w\u0142a\u015bciwo\u015bciom zmi\u0119kczaj\u0105cym krem Perfect All delikatnie piel\u0119gnuje w\u0142osy na co dzie\u0144, nie obci\u0105\u017caj\u0105c ich.","robots":{"index":"index","follow":"follow","max-snippet":"max-snippet:-1","max-image-preview":"max-image-preview:large","max-video-preview":"max-video-preview:-1"},"canonical":"https:\/\/paulrivera.it\/pl\/prodotti\/kuracje\/perfect-all-do-czestego-stosowania\/perfect-all-krem-nadajacy-miekkosc-do-czestego-stosowania-2\/","og_locale":"pl_PL","og_type":"article","og_title":"Perfect All - Krem nadaj\u0105cy mi\u0119kko\u015b\u0107 do cz\u0119stego stosowania | Paul Rivera","og_description":"Dzi\u0119ki w\u0142a\u015bciwo\u015bciom zmi\u0119kczaj\u0105cym krem Perfect All delikatnie piel\u0119gnuje w\u0142osy na co dzie\u0144, nie obci\u0105\u017caj\u0105c ich.","og_url":"https:\/\/paulrivera.it\/pl\/prodotti\/kuracje\/perfect-all-do-czestego-stosowania\/perfect-all-krem-nadajacy-miekkosc-do-czestego-stosowania-2\/","og_site_name":"Paul Rivera","article_modified_time":"2024-05-13T08:08:08+00:00","og_image":[{"width":800,"height":800,"url":"https:\/\/paulrivera.it\/wp-content\/uploads\/2020\/02\/604439_paul_rivera_perfect_all_softening_cream_frequent_use_500ml.png","type":"image\/png"}],"twitter_card":"summary_large_image","twitter_misc":{"Est. reading time":"3 minutes"},"schema":{"@context":"https:\/\/schema.org","@graph":[{"@type":"WebPage","@id":"https:\/\/paulrivera.it\/pl\/prodotti\/kuracje\/perfect-all-do-czestego-stosowania\/perfect-all-krem-nadajacy-miekkosc-do-czestego-stosowania-2\/","url":"https:\/\/paulrivera.it\/pl\/prodotti\/kuracje\/perfect-all-do-czestego-stosowania\/perfect-all-krem-nadajacy-miekkosc-do-czestego-stosowania-2\/","name":"Perfect All - Krem nadaj\u0105cy mi\u0119kko\u015b\u0107 do cz\u0119stego stosowania | Paul Rivera","isPartOf":{"@id":"https:\/\/paulrivera.it\/pl\/#website"},"primaryImageOfPage":{"@id":"https:\/\/paulrivera.it\/pl\/prodotti\/kuracje\/perfect-all-do-czestego-stosowania\/perfect-all-krem-nadajacy-miekkosc-do-czestego-stosowania-2\/#primaryimage"},"image":{"@id":"https:\/\/paulrivera.it\/pl\/prodotti\/kuracje\/perfect-all-do-czestego-stosowania\/perfect-all-krem-nadajacy-miekkosc-do-czestego-stosowania-2\/#primaryimage"},"thumbnailUrl":"https:\/\/paulrivera.it\/wp-content\/uploads\/2020\/02\/604439_paul_rivera_perfect_all_softening_cream_frequent_use_500ml.png","datePublished":"2020-02-18T08:30:54+00:00","dateModified":"2024-05-13T08:08:08+00:00","description":"Dzi\u0119ki w\u0142a\u015bciwo\u015bciom zmi\u0119kczaj\u0105cym krem Perfect All delikatnie piel\u0119gnuje w\u0142osy na co dzie\u0144, nie obci\u0105\u017caj\u0105c ich.","breadcrumb":{"@id":"https:\/\/paulrivera.it\/pl\/prodotti\/kuracje\/perfect-all-do-czestego-stosowania\/perfect-all-krem-nadajacy-miekkosc-do-czestego-stosowania-2\/#breadcrumb"},"inLanguage":"pl-PL","potentialAction":[{"@type":"ReadAction","target":["https:\/\/paulrivera.it\/pl\/prodotti\/kuracje\/perfect-all-do-czestego-stosowania\/perfect-all-krem-nadajacy-miekkosc-do-czestego-stosowania-2\/"]}]},{"@type":"ImageObject","inLanguage":"pl-PL","@id":"https:\/\/paulrivera.it\/pl\/prodotti\/kuracje\/perfect-all-do-czestego-stosowania\/perfect-all-krem-nadajacy-miekkosc-do-czestego-stosowania-2\/#primaryimage","url":"https:\/\/paulrivera.it\/wp-content\/uploads\/2020\/02\/604439_paul_rivera_perfect_all_softening_cream_frequent_use_500ml.png","contentUrl":"https:\/\/paulrivera.it\/wp-content\/uploads\/2020\/02\/604439_paul_rivera_perfect_all_softening_cream_frequent_use_500ml.png","width":800,"height":800,"caption":"Perfect All - Krem nadaj\u0105cy mi\u0119kko\u015b\u0107 do cz\u0119stego stosowania"},{"@type":"BreadcrumbList","@id":"https:\/\/paulrivera.it\/pl\/prodotti\/kuracje\/perfect-all-do-czestego-stosowania\/perfect-all-krem-nadajacy-miekkosc-do-czestego-stosowania-2\/#breadcrumb","itemListElement":[{"@type":"ListItem","position":1,"name":"Home","item":"https:\/\/paulrivera.it\/pl\/"},{"@type":"ListItem","position":2,"name":"Pagina shop","item":"https:\/\/paulrivera.it\/prodotti\/"},{"@type":"ListItem","position":3,"name":"Perfect All &#8211; Krem nadaj\u0105cy mi\u0119kko\u015b\u0107"}]},{"@type":"WebSite","@id":"https:\/\/paulrivera.it\/pl\/#website","url":"https:\/\/paulrivera.it\/pl\/","name":"Paul Rivera","description":"Hair Beauty Celebration","publisher":{"@id":"https:\/\/paulrivera.it\/pl\/#organization"},"potentialAction":[{"@type":"SearchAction","target":{"@type":"EntryPoint","urlTemplate":"https:\/\/paulrivera.it\/pl\/?s={search_term_string}"},"query-input":{"@type":"PropertyValueSpecification","valueRequired":true,"valueName":"search_term_string"}}],"inLanguage":"pl-PL"},{"@type":"Organization","@id":"https:\/\/paulrivera.it\/pl\/#organization","name":"Paul Rivera","url":"https:\/\/paulrivera.it\/pl\/","logo":{"@type":"ImageObject","inLanguage":"pl-PL","@id":"https:\/\/paulrivera.it\/pl\/#\/schema\/logo\/image\/","url":"https:\/\/paulrivera.it\/wp-content\/uploads\/2020\/02\/paul_rivera_logo_header_x2.png","contentUrl":"https:\/\/paulrivera.it\/wp-content\/uploads\/2020\/02\/paul_rivera_logo_header_x2.png","width":470,"height":60,"caption":"Paul Rivera"},"image":{"@id":"https:\/\/paulrivera.it\/pl\/#\/schema\/logo\/image\/"}}]}},"_links":{"self":[{"href":"https:\/\/paulrivera.it\/pl\/wp-json\/wp\/v2\/product\/4027","targetHints":{"allow":["GET"]}}],"collection":[{"href":"https:\/\/paulrivera.it\/pl\/wp-json\/wp\/v2\/product"}],"about":[{"href":"https:\/\/paulrivera.it\/pl\/wp-json\/wp\/v2\/types\/product"}],"wp:featuredmedia":[{"embeddable":true,"href":"https:\/\/paulrivera.it\/pl\/wp-json\/wp\/v2\/media\/4028"}],"wp:attachment":[{"href":"https:\/\/paulrivera.it\/pl\/wp-json\/wp\/v2\/media?parent=4027"}],"wp:term":[{"taxonomy":"product_brand","embeddable":true,"href":"https:\/\/paulrivera.it\/pl\/wp-json\/wp\/v2\/product_brand?post=4027"},{"taxonomy":"product_cat","embeddable":true,"href":"https:\/\/paulrivera.it\/pl\/wp-json\/wp\/v2\/product_cat?post=4027"},{"taxonomy":"product_tag","embeddable":true,"href":"https:\/\/paulrivera.it\/pl\/wp-json\/wp\/v2\/product_tag?post=4027"}],"curies":[{"name":"wp","href":"https:\/\/api.w.org\/{rel}","templated":true}]}}