{"id":4047,"date":"2020-02-18T09:32:14","date_gmt":"2020-02-18T08:32:14","guid":{"rendered":"https:\/\/paulrivera.it\/product\/true-color-szampon-rozswietlajacy-do-wlosow-farbowanych-2\/"},"modified":"2024-05-13T10:07:43","modified_gmt":"2024-05-13T08:07:43","slug":"true-color-szampon-rozswietlajacy-do-wlosow-farbowanych-2","status":"publish","type":"product","link":"https:\/\/paulrivera.it\/pl\/prodotti\/kuracje\/true-color-wlosy-farbowane\/true-color-szampon-rozswietlajacy-do-wlosow-farbowanych-2\/","title":{"rendered":"True Color  &#8211; Szampon roz\u015bwietlaj\u0105cy"},"content":{"rendered":"<div class=\"wpb-content-wrapper\"><p>[vc_row full_width=&#8221;stretch_row&#8221;][vc_column][vc_row_inner el_id=&#8221;desktop&#8221;][vc_column_inner width=&#8221;1\/2&#8243; css=&#8221;.vc_custom_1582194227194{padding-top: 10% !important;padding-right: 10% !important;padding-bottom: 10% !important;padding-left: 30% !important;}&#8221; offset=&#8221;vc_hidden-md vc_hidden-sm vc_hidden-xs&#8221;][vc_column_text]<\/p>\n<h1>Pokochasz ten produkt za to, \u017ce<\/h1>\n<ul>\n<li><span style=\"font-weight: 400;\">Przed\u0142u\u017ca trwa\u0142o\u015b\u0107 koloru<\/span><\/li>\n<li>Nie obci\u0105\u017ca w\u0142os\u00f3w<\/li>\n<li>Piel\u0119gnuje w\u0142osy farbowane<\/li>\n<\/ul>\n<p>[\/vc_column_text][vc_column_text]<\/p>\n<h1>Sk\u0142adniki aktywne zawarte w formule<\/h1>\n<ul>\n<li><span style=\"font-weight: 400;\">Czerwona winoro\u015bl: d<\/span><span style=\"font-weight: 400;\">zi\u0119ki du\u017cej zawarto\u015bci witamin i minera\u0142\u00f3w nawil\u017ca i ma silne dzia\u0142anie antyoksydacyjne, kt\u00f3re przeciwdzia\u0142a starzeniu si\u0119 w\u0142os\u00f3w.<\/span><\/li>\n<li><span style=\"font-weight: 400;\">Wyci\u0105g z magnolii: w<\/span><span style=\"font-weight: 400;\">\u015br\u00f3d jej g\u0142\u00f3wnych w\u0142a\u015bciwo\u015bci jest dzia\u0142anie ochronne przed czynnikami zewn\u0119trznymi i zdolno\u015b\u0107 do uszczelniania \u0142usek w\u0142os\u00f3w, zapewniaj\u0105c im d\u0142ugotrwa\u0142y blask.<\/span><\/li>\n<\/ul>\n<p>[\/vc_column_text][vc_column_text]<\/p>\n<h1>Jak stosowa\u0107?<\/h1>\n<p><span style=\"font-weight: 400;\">Na\u0142o\u017cy\u0107 na mokre w\u0142osy i wmasowa\u0107. Sp\u0142uka\u0107 i w razie potrzeby powt\u00f3rzy\u0107 czynno\u015b\u0107. Zako\u0144czy\u0107 piel\u0119gnacj\u0119, nak\u0142adaj\u0105c <a href=\"https:\/\/paulrivera.it\/pl\/produkt\/true-color-maska-rozswietlajaca-do-wlosow-farbowanych\/\">mask\u0119 do w\u0142os\u00f3w farbowanych <\/a><\/span><span style=\"font-weight: 400;\">True Color<\/span><span style=\"font-weight: 400;\">.<\/span>[\/vc_column_text][\/vc_column_inner][vc_column_inner width=&#8221;1\/2&#8243; css=&#8221;.vc_custom_1582813415777{background-image: url(https:\/\/paulrivera.it\/wp-content\/uploads\/2020\/02\/background_adv_product_true_color.png?id=867) !important;background-position: center !important;background-repeat: no-repeat !important;background-size: cover !important;}&#8221; offset=&#8221;vc_hidden-md vc_hidden-sm vc_hidden-xs&#8221;][vc_single_image image=&#8221;4040&#8243; img_size=&#8221;large&#8221; alignment=&#8221;center&#8221;][\/vc_column_inner][\/vc_row_inner][vc_row_inner el_id=&#8221;tablet&#8221;][vc_column_inner offset=&#8221;vc_hidden-lg vc_hidden-xs&#8221;][vc_column_text]<\/p>\n<h1>Pokochasz ten produkt za to, \u017ce<\/h1>\n<ul>\n<li><span style=\"font-weight: 400;\">Przed\u0142u\u017ca trwa\u0142o\u015b\u0107 koloru<\/span><\/li>\n<li>Nie obci\u0105\u017ca w\u0142os\u00f3w<\/li>\n<li>Piel\u0119gnuje w\u0142osy farbowane<\/li>\n<\/ul>\n<p>[\/vc_column_text][vc_column_text]<\/p>\n<h1>Sk\u0142adniki aktywne zawarte w formule<\/h1>\n<ul>\n<li><span style=\"font-weight: 400;\">Czerwona winoro\u015bl: d<\/span><span style=\"font-weight: 400;\">zi\u0119ki du\u017cej zawarto\u015bci witamin i minera\u0142\u00f3w nawil\u017ca i ma silne dzia\u0142anie antyoksydacyjne, kt\u00f3re przeciwdzia\u0142a starzeniu si\u0119 w\u0142os\u00f3w.<\/span><\/li>\n<li><span style=\"font-weight: 400;\">Wyci\u0105g z magnolii: w<\/span><span style=\"font-weight: 400;\">\u015br\u00f3d jej g\u0142\u00f3wnych w\u0142a\u015bciwo\u015bci jest dzia\u0142anie ochronne przed czynnikami zewn\u0119trznymi i zdolno\u015b\u0107 do uszczelniania \u0142usek w\u0142os\u00f3w, zapewniaj\u0105c im d\u0142ugotrwa\u0142y blask.<\/span><\/li>\n<\/ul>\n<p>[\/vc_column_text][vc_column_text]<\/p>\n<h1>Jak stosowa\u0107?<\/h1>\n<p><span style=\"font-weight: 400;\">Na\u0142o\u017cy\u0107 na mokre w\u0142osy i wmasowa\u0107. Sp\u0142uka\u0107 i w razie potrzeby powt\u00f3rzy\u0107 czynno\u015b\u0107. Zako\u0144czy\u0107 piel\u0119gnacj\u0119, nak\u0142adaj\u0105c <a href=\"https:\/\/paulrivera.it\/pl\/produkt\/true-color-maska-rozswietlajaca-do-wlosow-farbowanych\/\">mask\u0119 do w\u0142os\u00f3w farbowanych <\/a><\/span><span style=\"font-weight: 400;\">True Color<\/span><span style=\"font-weight: 400;\">.<\/span>[\/vc_column_text][\/vc_column_inner][\/vc_row_inner][vc_row_inner el_id=&#8221;mobile&#8221;][vc_column_inner width=&#8221;1\/2&#8243; offset=&#8221;vc_hidden-lg vc_hidden-md vc_hidden-sm&#8221;][vc_column_text]<\/p>\n<h1>Pokochasz ten produkt za to, \u017ce<\/h1>\n<ul>\n<li><span style=\"font-weight: 400;\">Przed\u0142u\u017ca trwa\u0142o\u015b\u0107 koloru<\/span><\/li>\n<li>Nie obci\u0105\u017ca w\u0142os\u00f3w<\/li>\n<li>Piel\u0119gnuje w\u0142osy farbowane<\/li>\n<\/ul>\n<p>[\/vc_column_text][vc_column_text]<\/p>\n<h1>Sk\u0142adniki aktywne zawarte w formule<\/h1>\n<ul>\n<li><span style=\"font-weight: 400;\">Czerwona winoro\u015bl: d<\/span><span style=\"font-weight: 400;\">zi\u0119ki du\u017cej zawarto\u015bci witamin i minera\u0142\u00f3w nawil\u017ca i ma silne dzia\u0142anie antyoksydacyjne, kt\u00f3re przeciwdzia\u0142a starzeniu si\u0119 w\u0142os\u00f3w.<\/span><\/li>\n<li><span style=\"font-weight: 400;\">Wyci\u0105g z magnolii: w<\/span><span style=\"font-weight: 400;\">\u015br\u00f3d jej g\u0142\u00f3wnych w\u0142a\u015bciwo\u015bci jest dzia\u0142anie ochronne przed czynnikami zewn\u0119trznymi i zdolno\u015b\u0107 do uszczelniania \u0142usek w\u0142os\u00f3w, zapewniaj\u0105c im d\u0142ugotrwa\u0142y blask.<\/span><\/li>\n<\/ul>\n<p>[\/vc_column_text][vc_column_text]<\/p>\n<h1>Jak stosowa\u0107?<\/h1>\n<p><span style=\"font-weight: 400;\">Na\u0142o\u017cy\u0107 na mokre w\u0142osy i wmasowa\u0107. Sp\u0142uka\u0107 i w razie potrzeby powt\u00f3rzy\u0107 czynno\u015b\u0107. Zako\u0144czy\u0107 piel\u0119gnacj\u0119, nak\u0142adaj\u0105c <a href=\"https:\/\/paulrivera.it\/pl\/produkt\/true-color-maska-rozswietlajaca-do-wlosow-farbowanych\/\">mask\u0119 do w\u0142os\u00f3w farbowanych <\/a><\/span><span style=\"font-weight: 400;\">True Color<\/span><span style=\"font-weight: 400;\">.<\/span>[\/vc_column_text][\/vc_column_inner][vc_column_inner width=&#8221;1\/2&#8243; css=&#8221;.vc_custom_1582813438490{background-image: url(https:\/\/paulrivera.it\/wp-content\/uploads\/2020\/02\/background_adv_product_true_color.png?id=867) !important;background-position: center !important;background-repeat: no-repeat !important;background-size: cover !important;}&#8221; offset=&#8221;vc_hidden-lg vc_hidden-md vc_hidden-sm&#8221;][vc_single_image image=&#8221;4040&#8243; img_size=&#8221;large&#8221; alignment=&#8221;center&#8221;][\/vc_column_inner][\/vc_row_inner][\/vc_column][\/vc_row][vc_row css=&#8221;.vc_custom_1582192829011{padding-top: 50px !important;}&#8221;][vc_column][vc_row_inner][vc_column_inner][vc_column_text]<\/p>\n<h1 style=\"text-align: center;\"><span style=\"font-weight: 400;\">Mo\u017cesz wypr\u00f3bowa\u0107 ten produkt z<\/span><\/h1>\n<p>[\/vc_column_text][\/vc_column_inner][\/vc_row_inner][vc_raw_html]JTVCd3BiLXByb2R1Y3Qtc2xpZGVyLXNob3J0Y29kZSUyMGlkJTNEJTIyMjY2JTIyJTVE[\/vc_raw_html][\/vc_column][\/vc_row]<\/p>\n<\/div>","protected":false},"excerpt":{"rendered":"<p><span style=\"font-weight: 400;\">Szampon <\/span><span style=\"font-weight: 400;\">True Color<\/span><span style=\"font-weight: 400;\"> jest przeznaczony do w\u0142os\u00f3w farbowanych. Po\u0142\u0105czyli\u015bmy <strong>w\u0142a\u015bciwo\u015bci przeciwutleniaj\u0105ce<\/strong> czerwonej winoro\u015bli z od\u017cywczymi <strong>w\u0142a\u015bciwo\u015bciami wyci\u0105gu z magnolii<\/strong> w formule o dzia\u0142aniu roz\u015bwietlaj\u0105cym i ochronnym, kt\u00f3ra podkre\u015bla kolor w\u0142os\u00f3w naturalnych i farbowanych i zapobiega utracie blasku.<\/span><\/p>\n<p><span style=\"font-weight: 400;\">Przy regularnym stosowaniu kolor jest l\u015bni\u0105cy i nasycony.<strong>W po\u0142\u0105czeniu z mask\u0105 roz\u015bwietlaj\u0105c\u0105 nadaje w\u0142osom <\/strong><\/span><strong>\u00a0now\u0105 witalno\u015b\u0107 i blask.<\/strong><\/p>\n<p><span style=\"font-weight: 400;\">1000 ml<\/span><\/p>\n<p>&nbsp;<\/p>\n[maxbutton id=\"8\"]\n","protected":false},"featured_media":4048,"template":"","meta":[],"product_brand":[],"product_cat":[702],"product_tag":[],"class_list":{"0":"post-4047","1":"product","2":"type-product","3":"status-publish","4":"has-post-thumbnail","6":"product_cat-true-color-wlosy-farbowane","7":"description-off","9":"first","10":"instock","11":"shipping-taxable","12":"product-type-simple"},"yoast_head":"<!-- This site is optimized with the Yoast SEO plugin v27.2 - https:\/\/yoast.com\/product\/yoast-seo-wordpress\/ -->\n<title>True Color - Szampon roz\u015bwietlaj\u0105cy do w\u0142os\u00f3w farbowanych | Paul Rivera<\/title>\n<meta name=\"description\" content=\"Szampon True Color jest przeznaczony do w\u0142os\u00f3w farbowanych.\" \/>\n<meta name=\"robots\" content=\"index, follow, max-snippet:-1, max-image-preview:large, max-video-preview:-1\" \/>\n<link rel=\"canonical\" href=\"https:\/\/paulrivera.it\/pl\/prodotti\/kuracje\/true-color-wlosy-farbowane\/true-color-szampon-rozswietlajacy-do-wlosow-farbowanych-2\/\" \/>\n<meta property=\"og:locale\" content=\"pl_PL\" \/>\n<meta property=\"og:type\" content=\"article\" \/>\n<meta property=\"og:title\" content=\"True Color - Szampon roz\u015bwietlaj\u0105cy do w\u0142os\u00f3w farbowanych | Paul Rivera\" \/>\n<meta property=\"og:description\" content=\"Szampon True Color jest przeznaczony do w\u0142os\u00f3w farbowanych.\" \/>\n<meta property=\"og:url\" content=\"https:\/\/paulrivera.it\/pl\/prodotti\/kuracje\/true-color-wlosy-farbowane\/true-color-szampon-rozswietlajacy-do-wlosow-farbowanych-2\/\" \/>\n<meta property=\"og:site_name\" content=\"Paul Rivera\" \/>\n<meta property=\"article:modified_time\" content=\"2024-05-13T08:07:43+00:00\" \/>\n<meta property=\"og:image\" content=\"https:\/\/paulrivera.it\/wp-content\/uploads\/2020\/02\/604668_paul_rivera_true_color_bleaching_shampoo_coloured_hair_1000ml.png\" \/>\n\t<meta property=\"og:image:width\" content=\"800\" \/>\n\t<meta property=\"og:image:height\" content=\"800\" \/>\n\t<meta property=\"og:image:type\" content=\"image\/png\" \/>\n<meta name=\"twitter:card\" content=\"summary_large_image\" \/>\n<meta name=\"twitter:label1\" content=\"Est. reading time\" \/>\n\t<meta name=\"twitter:data1\" content=\"3 minutes\" \/>\n<script type=\"application\/ld+json\" class=\"yoast-schema-graph\">{\"@context\":\"https:\/\/schema.org\",\"@graph\":[{\"@type\":\"WebPage\",\"@id\":\"https:\/\/paulrivera.it\/pl\/prodotti\/kuracje\/true-color-wlosy-farbowane\/true-color-szampon-rozswietlajacy-do-wlosow-farbowanych-2\/\",\"url\":\"https:\/\/paulrivera.it\/pl\/prodotti\/kuracje\/true-color-wlosy-farbowane\/true-color-szampon-rozswietlajacy-do-wlosow-farbowanych-2\/\",\"name\":\"True Color - Szampon roz\u015bwietlaj\u0105cy do w\u0142os\u00f3w farbowanych | Paul Rivera\",\"isPartOf\":{\"@id\":\"https:\/\/paulrivera.it\/pl\/#website\"},\"primaryImageOfPage\":{\"@id\":\"https:\/\/paulrivera.it\/pl\/prodotti\/kuracje\/true-color-wlosy-farbowane\/true-color-szampon-rozswietlajacy-do-wlosow-farbowanych-2\/#primaryimage\"},\"image\":{\"@id\":\"https:\/\/paulrivera.it\/pl\/prodotti\/kuracje\/true-color-wlosy-farbowane\/true-color-szampon-rozswietlajacy-do-wlosow-farbowanych-2\/#primaryimage\"},\"thumbnailUrl\":\"https:\/\/paulrivera.it\/wp-content\/uploads\/2020\/02\/604668_paul_rivera_true_color_bleaching_shampoo_coloured_hair_1000ml.png\",\"datePublished\":\"2020-02-18T08:32:14+00:00\",\"dateModified\":\"2024-05-13T08:07:43+00:00\",\"description\":\"Szampon True Color jest przeznaczony do w\u0142os\u00f3w farbowanych.\",\"breadcrumb\":{\"@id\":\"https:\/\/paulrivera.it\/pl\/prodotti\/kuracje\/true-color-wlosy-farbowane\/true-color-szampon-rozswietlajacy-do-wlosow-farbowanych-2\/#breadcrumb\"},\"inLanguage\":\"pl-PL\",\"potentialAction\":[{\"@type\":\"ReadAction\",\"target\":[\"https:\/\/paulrivera.it\/pl\/prodotti\/kuracje\/true-color-wlosy-farbowane\/true-color-szampon-rozswietlajacy-do-wlosow-farbowanych-2\/\"]}]},{\"@type\":\"ImageObject\",\"inLanguage\":\"pl-PL\",\"@id\":\"https:\/\/paulrivera.it\/pl\/prodotti\/kuracje\/true-color-wlosy-farbowane\/true-color-szampon-rozswietlajacy-do-wlosow-farbowanych-2\/#primaryimage\",\"url\":\"https:\/\/paulrivera.it\/wp-content\/uploads\/2020\/02\/604668_paul_rivera_true_color_bleaching_shampoo_coloured_hair_1000ml.png\",\"contentUrl\":\"https:\/\/paulrivera.it\/wp-content\/uploads\/2020\/02\/604668_paul_rivera_true_color_bleaching_shampoo_coloured_hair_1000ml.png\",\"width\":800,\"height\":800,\"caption\":\"True Color - Szampon roz\u015bwietlaj\u0105cy do w\u0142os\u00f3w farbowanych\"},{\"@type\":\"BreadcrumbList\",\"@id\":\"https:\/\/paulrivera.it\/pl\/prodotti\/kuracje\/true-color-wlosy-farbowane\/true-color-szampon-rozswietlajacy-do-wlosow-farbowanych-2\/#breadcrumb\",\"itemListElement\":[{\"@type\":\"ListItem\",\"position\":1,\"name\":\"Home\",\"item\":\"https:\/\/paulrivera.it\/pl\/\"},{\"@type\":\"ListItem\",\"position\":2,\"name\":\"Pagina shop\",\"item\":\"https:\/\/paulrivera.it\/prodotti\/\"},{\"@type\":\"ListItem\",\"position\":3,\"name\":\"True Color &#8211; Szampon roz\u015bwietlaj\u0105cy\"}]},{\"@type\":\"WebSite\",\"@id\":\"https:\/\/paulrivera.it\/pl\/#website\",\"url\":\"https:\/\/paulrivera.it\/pl\/\",\"name\":\"Paul Rivera\",\"description\":\"Hair Beauty Celebration\",\"publisher\":{\"@id\":\"https:\/\/paulrivera.it\/pl\/#organization\"},\"potentialAction\":[{\"@type\":\"SearchAction\",\"target\":{\"@type\":\"EntryPoint\",\"urlTemplate\":\"https:\/\/paulrivera.it\/pl\/?s={search_term_string}\"},\"query-input\":{\"@type\":\"PropertyValueSpecification\",\"valueRequired\":true,\"valueName\":\"search_term_string\"}}],\"inLanguage\":\"pl-PL\"},{\"@type\":\"Organization\",\"@id\":\"https:\/\/paulrivera.it\/pl\/#organization\",\"name\":\"Paul Rivera\",\"url\":\"https:\/\/paulrivera.it\/pl\/\",\"logo\":{\"@type\":\"ImageObject\",\"inLanguage\":\"pl-PL\",\"@id\":\"https:\/\/paulrivera.it\/pl\/#\/schema\/logo\/image\/\",\"url\":\"https:\/\/paulrivera.it\/wp-content\/uploads\/2020\/02\/paul_rivera_logo_header_x2.png\",\"contentUrl\":\"https:\/\/paulrivera.it\/wp-content\/uploads\/2020\/02\/paul_rivera_logo_header_x2.png\",\"width\":470,\"height\":60,\"caption\":\"Paul Rivera\"},\"image\":{\"@id\":\"https:\/\/paulrivera.it\/pl\/#\/schema\/logo\/image\/\"}}]}<\/script>\n<!-- \/ Yoast SEO plugin. -->","yoast_head_json":{"title":"True Color - Szampon roz\u015bwietlaj\u0105cy do w\u0142os\u00f3w farbowanych | Paul Rivera","description":"Szampon True Color jest przeznaczony do w\u0142os\u00f3w farbowanych.","robots":{"index":"index","follow":"follow","max-snippet":"max-snippet:-1","max-image-preview":"max-image-preview:large","max-video-preview":"max-video-preview:-1"},"canonical":"https:\/\/paulrivera.it\/pl\/prodotti\/kuracje\/true-color-wlosy-farbowane\/true-color-szampon-rozswietlajacy-do-wlosow-farbowanych-2\/","og_locale":"pl_PL","og_type":"article","og_title":"True Color - Szampon roz\u015bwietlaj\u0105cy do w\u0142os\u00f3w farbowanych | Paul Rivera","og_description":"Szampon True Color jest przeznaczony do w\u0142os\u00f3w farbowanych.","og_url":"https:\/\/paulrivera.it\/pl\/prodotti\/kuracje\/true-color-wlosy-farbowane\/true-color-szampon-rozswietlajacy-do-wlosow-farbowanych-2\/","og_site_name":"Paul Rivera","article_modified_time":"2024-05-13T08:07:43+00:00","og_image":[{"width":800,"height":800,"url":"https:\/\/paulrivera.it\/wp-content\/uploads\/2020\/02\/604668_paul_rivera_true_color_bleaching_shampoo_coloured_hair_1000ml.png","type":"image\/png"}],"twitter_card":"summary_large_image","twitter_misc":{"Est. reading time":"3 minutes"},"schema":{"@context":"https:\/\/schema.org","@graph":[{"@type":"WebPage","@id":"https:\/\/paulrivera.it\/pl\/prodotti\/kuracje\/true-color-wlosy-farbowane\/true-color-szampon-rozswietlajacy-do-wlosow-farbowanych-2\/","url":"https:\/\/paulrivera.it\/pl\/prodotti\/kuracje\/true-color-wlosy-farbowane\/true-color-szampon-rozswietlajacy-do-wlosow-farbowanych-2\/","name":"True Color - Szampon roz\u015bwietlaj\u0105cy do w\u0142os\u00f3w farbowanych | Paul Rivera","isPartOf":{"@id":"https:\/\/paulrivera.it\/pl\/#website"},"primaryImageOfPage":{"@id":"https:\/\/paulrivera.it\/pl\/prodotti\/kuracje\/true-color-wlosy-farbowane\/true-color-szampon-rozswietlajacy-do-wlosow-farbowanych-2\/#primaryimage"},"image":{"@id":"https:\/\/paulrivera.it\/pl\/prodotti\/kuracje\/true-color-wlosy-farbowane\/true-color-szampon-rozswietlajacy-do-wlosow-farbowanych-2\/#primaryimage"},"thumbnailUrl":"https:\/\/paulrivera.it\/wp-content\/uploads\/2020\/02\/604668_paul_rivera_true_color_bleaching_shampoo_coloured_hair_1000ml.png","datePublished":"2020-02-18T08:32:14+00:00","dateModified":"2024-05-13T08:07:43+00:00","description":"Szampon True Color jest przeznaczony do w\u0142os\u00f3w farbowanych.","breadcrumb":{"@id":"https:\/\/paulrivera.it\/pl\/prodotti\/kuracje\/true-color-wlosy-farbowane\/true-color-szampon-rozswietlajacy-do-wlosow-farbowanych-2\/#breadcrumb"},"inLanguage":"pl-PL","potentialAction":[{"@type":"ReadAction","target":["https:\/\/paulrivera.it\/pl\/prodotti\/kuracje\/true-color-wlosy-farbowane\/true-color-szampon-rozswietlajacy-do-wlosow-farbowanych-2\/"]}]},{"@type":"ImageObject","inLanguage":"pl-PL","@id":"https:\/\/paulrivera.it\/pl\/prodotti\/kuracje\/true-color-wlosy-farbowane\/true-color-szampon-rozswietlajacy-do-wlosow-farbowanych-2\/#primaryimage","url":"https:\/\/paulrivera.it\/wp-content\/uploads\/2020\/02\/604668_paul_rivera_true_color_bleaching_shampoo_coloured_hair_1000ml.png","contentUrl":"https:\/\/paulrivera.it\/wp-content\/uploads\/2020\/02\/604668_paul_rivera_true_color_bleaching_shampoo_coloured_hair_1000ml.png","width":800,"height":800,"caption":"True Color - Szampon roz\u015bwietlaj\u0105cy do w\u0142os\u00f3w farbowanych"},{"@type":"BreadcrumbList","@id":"https:\/\/paulrivera.it\/pl\/prodotti\/kuracje\/true-color-wlosy-farbowane\/true-color-szampon-rozswietlajacy-do-wlosow-farbowanych-2\/#breadcrumb","itemListElement":[{"@type":"ListItem","position":1,"name":"Home","item":"https:\/\/paulrivera.it\/pl\/"},{"@type":"ListItem","position":2,"name":"Pagina shop","item":"https:\/\/paulrivera.it\/prodotti\/"},{"@type":"ListItem","position":3,"name":"True Color &#8211; Szampon roz\u015bwietlaj\u0105cy"}]},{"@type":"WebSite","@id":"https:\/\/paulrivera.it\/pl\/#website","url":"https:\/\/paulrivera.it\/pl\/","name":"Paul Rivera","description":"Hair Beauty Celebration","publisher":{"@id":"https:\/\/paulrivera.it\/pl\/#organization"},"potentialAction":[{"@type":"SearchAction","target":{"@type":"EntryPoint","urlTemplate":"https:\/\/paulrivera.it\/pl\/?s={search_term_string}"},"query-input":{"@type":"PropertyValueSpecification","valueRequired":true,"valueName":"search_term_string"}}],"inLanguage":"pl-PL"},{"@type":"Organization","@id":"https:\/\/paulrivera.it\/pl\/#organization","name":"Paul Rivera","url":"https:\/\/paulrivera.it\/pl\/","logo":{"@type":"ImageObject","inLanguage":"pl-PL","@id":"https:\/\/paulrivera.it\/pl\/#\/schema\/logo\/image\/","url":"https:\/\/paulrivera.it\/wp-content\/uploads\/2020\/02\/paul_rivera_logo_header_x2.png","contentUrl":"https:\/\/paulrivera.it\/wp-content\/uploads\/2020\/02\/paul_rivera_logo_header_x2.png","width":470,"height":60,"caption":"Paul Rivera"},"image":{"@id":"https:\/\/paulrivera.it\/pl\/#\/schema\/logo\/image\/"}}]}},"_links":{"self":[{"href":"https:\/\/paulrivera.it\/pl\/wp-json\/wp\/v2\/product\/4047","targetHints":{"allow":["GET"]}}],"collection":[{"href":"https:\/\/paulrivera.it\/pl\/wp-json\/wp\/v2\/product"}],"about":[{"href":"https:\/\/paulrivera.it\/pl\/wp-json\/wp\/v2\/types\/product"}],"wp:featuredmedia":[{"embeddable":true,"href":"https:\/\/paulrivera.it\/pl\/wp-json\/wp\/v2\/media\/4048"}],"wp:attachment":[{"href":"https:\/\/paulrivera.it\/pl\/wp-json\/wp\/v2\/media?parent=4047"}],"wp:term":[{"taxonomy":"product_brand","embeddable":true,"href":"https:\/\/paulrivera.it\/pl\/wp-json\/wp\/v2\/product_brand?post=4047"},{"taxonomy":"product_cat","embeddable":true,"href":"https:\/\/paulrivera.it\/pl\/wp-json\/wp\/v2\/product_cat?post=4047"},{"taxonomy":"product_tag","embeddable":true,"href":"https:\/\/paulrivera.it\/pl\/wp-json\/wp\/v2\/product_tag?post=4047"}],"curies":[{"name":"wp","href":"https:\/\/api.w.org\/{rel}","templated":true}]}}