{"id":4143,"date":"2020-02-18T09:43:18","date_gmt":"2020-02-18T08:43:18","guid":{"rendered":"https:\/\/paulrivera.it\/product\/dual-true-maska-przeciw-zoltym-i-miedzianym-refleksom\/"},"modified":"2024-05-13T09:57:28","modified_gmt":"2024-05-13T07:57:28","slug":"dual-true-maska-przeciw-zoltym-i-miedzianym-refleksom","status":"publish","type":"product","link":"https:\/\/paulrivera.it\/pl\/prodotti\/kuracje\/true-orange-kuracja-przeciw-miedzianym-odcieniom\/dual-true-maska-przeciw-zoltym-i-miedzianym-refleksom\/","title":{"rendered":"Dual True &#8211; Maska przeciw \u017c\u00f3\u0142tym i miedzianym refleksom"},"content":{"rendered":"<div class=\"wpb-content-wrapper\"><p>[vc_row full_width=&#8221;stretch_row&#8221;][vc_column][vc_row_inner el_id=&#8221;desktop&#8221;][vc_column_inner width=&#8221;1\/2&#8243; css=&#8221;.vc_custom_1582194227194{padding-top: 10% !important;padding-right: 10% !important;padding-bottom: 10% !important;padding-left: 30% !important;}&#8221; offset=&#8221;vc_hidden-md vc_hidden-sm vc_hidden-xs&#8221;][vc_column_text]<\/p>\n<h1>Pokochasz ten produkt za to, \u017ce<\/h1>\n<ul>\n<li><span style=\"font-weight: 400;\">Usuwa niechciane \u017c\u00f3\u0142te i miedziane refleksy<\/span><\/li>\n<li>Nawil\u017ca i odbudowuje w\u0142osy na ca\u0142ej d\u0142ugo\u015bci<\/li>\n<li>Sprawia, \u017ce w\u0142osy s\u0105 mi\u0119kkie i l\u015bni\u0105ce<\/li>\n<\/ul>\n<p>[\/vc_column_text][vc_column_text]<\/p>\n<h1>Sk\u0142adniki aktywne zawarte w formule<\/h1>\n<ul>\n<li><span style=\"font-weight: 400;\">Olej z orzech\u00f3w makadamia: n<\/span>iesamowita mieszanka kwasu oleopalmitynowego, kwasu oleinowego, kwasu linolowego, Omega 3 i Omega 6 sprawia, \u017ce olej makadamia jest silnym przeciwutleniaczem o w\u0142a\u015bciwo\u015bciach od\u017cywczych i regeneruj\u0105cych.<\/li>\n<li>Wyci\u0105g z bor\u00f3wki: bogata w witaminy i polifenole bor\u00f3wka ameryka\u0144ska jest cennym przeciwutleniaczem, kt\u00f3ry zwalcza wolne rodniki odpowiedzialne za starzenie si\u0119 kom\u00f3rek.<\/li>\n<\/ul>\n<p>[\/vc_column_text][vc_column_text]<\/p>\n<h1>Jak stosowa\u0107?<\/h1>\n<p><span style=\"font-weight: 400;\">Za\u0142o\u017cy\u0107 r\u0119kawice ochronne i na\u0142o\u017cy\u0107 mask\u0119 na umyte i osuszone r\u0119cznikiem w\u0142osy, pomagaj\u0105c sobie grzebieniem. Pozostawi\u0107 na 5 do 20 minut w zale\u017cno\u015bci od po\u017c\u0105danego efektu, a nast\u0119pnie dok\u0142adnie sp\u0142uka\u0107.<\/span>[\/vc_column_text][\/vc_column_inner][vc_column_inner width=&#8221;1\/2&#8243; css=&#8221;.vc_custom_1582813949713{background-image: url(https:\/\/paulrivera.it\/wp-content\/uploads\/2020\/02\/background_adv_product_dual_true.png?id=869) !important;background-position: center !important;background-repeat: no-repeat !important;background-size: cover !important;}&#8221; offset=&#8221;vc_hidden-md vc_hidden-sm vc_hidden-xs&#8221;][vc_single_image image=&#8221;4144&#8243; img_size=&#8221;large&#8221; alignment=&#8221;center&#8221;][\/vc_column_inner][\/vc_row_inner][vc_row_inner el_id=&#8221;tablet&#8221;][vc_column_inner offset=&#8221;vc_hidden-lg vc_hidden-xs&#8221;][vc_column_text]<\/p>\n<h1>Pokochasz ten produkt za to, \u017ce<\/h1>\n<ul>\n<li><span style=\"font-weight: 400;\">Usuwa niechciane \u017c\u00f3\u0142te i miedziane refleksy<\/span><\/li>\n<li>Nawil\u017ca i odbudowuje w\u0142osy na ca\u0142ej d\u0142ugo\u015bci<\/li>\n<li>Sprawia, \u017ce w\u0142osy s\u0105 mi\u0119kkie i l\u015bni\u0105ce<\/li>\n<\/ul>\n<p>[\/vc_column_text][vc_column_text]<\/p>\n<h1>Sk\u0142adniki aktywne zawarte w formule<\/h1>\n<ul>\n<li><span style=\"font-weight: 400;\">Olej z orzech\u00f3w makadamia: n<\/span>iesamowita mieszanka kwasu oleopalmitynowego, kwasu oleinowego, kwasu linolowego, Omega 3 i Omega 6 sprawia, \u017ce olej makadamia jest silnym przeciwutleniaczem o w\u0142a\u015bciwo\u015bciach od\u017cywczych i regeneruj\u0105cych.<\/li>\n<li>Wyci\u0105g z bor\u00f3wki: bogata w witaminy i polifenole bor\u00f3wka ameryka\u0144ska jest cennym przeciwutleniaczem, kt\u00f3ry zwalcza wolne rodniki odpowiedzialne za starzenie si\u0119 kom\u00f3rek.<\/li>\n<\/ul>\n<p>[\/vc_column_text][vc_column_text]<\/p>\n<h1>Jak stosowa\u0107?<\/h1>\n<p><span style=\"font-weight: 400;\">Za\u0142o\u017cy\u0107 r\u0119kawice ochronne i na\u0142o\u017cy\u0107 mask\u0119 na umyte i osuszone r\u0119cznikiem w\u0142osy, pomagaj\u0105c sobie grzebieniem. Pozostawi\u0107 na 5 do 20 minut w zale\u017cno\u015bci od po\u017c\u0105danego efektu, a nast\u0119pnie dok\u0142adnie sp\u0142uka\u0107.<\/span>[\/vc_column_text][\/vc_column_inner][\/vc_row_inner][vc_row_inner el_id=&#8221;mobile&#8221;][vc_column_inner width=&#8221;1\/2&#8243; offset=&#8221;vc_hidden-lg vc_hidden-md vc_hidden-sm&#8221;][vc_column_text]<\/p>\n<h1>Pokochasz ten produkt za to, \u017ce<\/h1>\n<ul>\n<li><span style=\"font-weight: 400;\">Usuwa niechciane \u017c\u00f3\u0142te i miedziane refleksy<\/span><\/li>\n<li>Nawil\u017ca i odbudowuje w\u0142osy na ca\u0142ej d\u0142ugo\u015bci<\/li>\n<li>Sprawia, \u017ce w\u0142osy s\u0105 mi\u0119kkie i l\u015bni\u0105ce<\/li>\n<\/ul>\n<p>[\/vc_column_text][vc_column_text]<\/p>\n<h1>Sk\u0142adniki aktywne zawarte w formule<\/h1>\n<ul>\n<li><span style=\"font-weight: 400;\">Olej z orzech\u00f3w makadamia: n<\/span>iesamowita mieszanka kwasu oleopalmitynowego, kwasu oleinowego, kwasu linolowego, Omega 3 i Omega 6 sprawia, \u017ce olej makadamia jest silnym przeciwutleniaczem o w\u0142a\u015bciwo\u015bciach od\u017cywczych i regeneruj\u0105cych.<\/li>\n<li>Wyci\u0105g z bor\u00f3wki: bogata w witaminy i polifenole bor\u00f3wka ameryka\u0144ska jest cennym przeciwutleniaczem, kt\u00f3ry zwalcza wolne rodniki odpowiedzialne za starzenie si\u0119 kom\u00f3rek.<\/li>\n<\/ul>\n<p>[\/vc_column_text][vc_column_text]<\/p>\n<h1>Jak stosowa\u0107?<\/h1>\n<p><span style=\"font-weight: 400;\">Za\u0142o\u017cy\u0107 r\u0119kawice ochronne i na\u0142o\u017cy\u0107 mask\u0119 na umyte i osuszone r\u0119cznikiem w\u0142osy, pomagaj\u0105c sobie grzebieniem. Pozostawi\u0107 na 5 do 20 minut w zale\u017cno\u015bci od po\u017c\u0105danego efektu, a nast\u0119pnie dok\u0142adnie sp\u0142uka\u0107.<\/span>[\/vc_column_text][\/vc_column_inner][vc_column_inner width=&#8221;1\/2&#8243; css=&#8221;.vc_custom_1582813991653{background-image: url(https:\/\/paulrivera.it\/wp-content\/uploads\/2020\/02\/background_adv_product_dual_true.png?id=869) !important;background-position: center !important;background-repeat: no-repeat !important;background-size: cover !important;}&#8221; offset=&#8221;vc_hidden-lg vc_hidden-md vc_hidden-sm&#8221;][vc_single_image image=&#8221;4144&#8243; img_size=&#8221;large&#8221; alignment=&#8221;center&#8221;][\/vc_column_inner][\/vc_row_inner][\/vc_column][\/vc_row][vc_row css=&#8221;.vc_custom_1582192829011{padding-top: 50px !important;}&#8221;][vc_column][vc_row_inner][vc_column_inner][vc_column_text]<\/p>\n<h1 style=\"text-align: center;\"><span style=\"font-weight: 400;\">Mo\u017cesz wypr\u00f3bowa\u0107 ten produkt z<\/span><\/h1>\n<p>[\/vc_column_text][\/vc_column_inner][\/vc_row_inner][vc_raw_html]JTVCd3BiLXByb2R1Y3Qtc2xpZGVyLXNob3J0Y29kZSUyMGlkJTNEJTIyMjY4JTIyJTVE[\/vc_raw_html][\/vc_column][\/vc_row]<\/p>\n<\/div>","protected":false},"excerpt":{"rendered":"<p><span style=\"font-weight: 400;\">Dual True<\/span><span style=\"font-weight: 400;\"> to maska koryguj\u0105ca kolor, kt\u00f3ra <strong>eliminuje niepo\u017c\u0105dane \u017c\u00f3\u0142te i miedziane refleksy<\/strong>.<\/span><\/p>\n<p><span style=\"font-weight: 400;\">Mieszanka oleju makadamia i wyci\u0105gu z bor\u00f3wki chroni i odbudowuje w\u0142osy. <strong>W\u0142osy nawil\u017cone i zregenerowane pi\u0119knie l\u015bni\u0105!<\/strong><\/span><\/p>\n<p><span style=\"font-weight: 400;\">Przy regularnym stosowaniu maska przeciw refleksom chroni w\u0142osy przed czynnikami oksydacyjnymi, kt\u00f3re pozbawiaj\u0105 je blasku. Dzi\u0119ki piel\u0119gnacji w\u0142osy s\u0105 mi\u0119kkie i l\u015bni\u0105ce.<\/span><\/p>\n<p><span style=\"font-weight: 400;\">500 ml<\/span><\/p>\n<p>&nbsp;<\/p>\n[maxbutton id=\"8\"]\n","protected":false},"featured_media":4145,"template":"","meta":[],"product_brand":[],"product_cat":[703,704],"product_tag":[],"class_list":{"0":"post-4143","1":"product","2":"type-product","3":"status-publish","4":"has-post-thumbnail","6":"product_cat-true-orange-kuracja-przeciw-miedzianym-odcieniom","7":"product_cat-true-silver-kuracja-przeciw-zolknieciu-wlosow","8":"description-off","10":"first","11":"instock","12":"shipping-taxable","13":"product-type-simple"},"yoast_head":"<!-- This site is optimized with the Yoast SEO plugin v27.2 - https:\/\/yoast.com\/product\/yoast-seo-wordpress\/ -->\n<title>Dual True - Maska przeciw \u017c\u00f3\u0142tym i miedzianym refleksom | Paul Rivera<\/title>\n<meta name=\"description\" content=\"Dual True to maska koryguj\u0105ca kolor, kt\u00f3ra eliminuje niepo\u017c\u0105dane \u017c\u00f3\u0142te i miedziane refleksy.\" \/>\n<meta name=\"robots\" content=\"index, follow, max-snippet:-1, max-image-preview:large, max-video-preview:-1\" \/>\n<link rel=\"canonical\" href=\"https:\/\/paulrivera.it\/pl\/prodotti\/kuracje\/true-orange-kuracja-przeciw-miedzianym-odcieniom\/dual-true-maska-przeciw-zoltym-i-miedzianym-refleksom\/\" \/>\n<meta property=\"og:locale\" content=\"pl_PL\" \/>\n<meta property=\"og:type\" content=\"article\" \/>\n<meta property=\"og:title\" content=\"Dual True - Maska przeciw \u017c\u00f3\u0142tym i miedzianym refleksom | Paul Rivera\" \/>\n<meta property=\"og:description\" content=\"Dual True to maska koryguj\u0105ca kolor, kt\u00f3ra eliminuje niepo\u017c\u0105dane \u017c\u00f3\u0142te i miedziane refleksy.\" \/>\n<meta property=\"og:url\" content=\"https:\/\/paulrivera.it\/pl\/prodotti\/kuracje\/true-orange-kuracja-przeciw-miedzianym-odcieniom\/dual-true-maska-przeciw-zoltym-i-miedzianym-refleksom\/\" \/>\n<meta property=\"og:site_name\" content=\"Paul Rivera\" \/>\n<meta property=\"article:modified_time\" content=\"2024-05-13T07:57:28+00:00\" \/>\n<meta property=\"og:image\" content=\"https:\/\/paulrivera.it\/wp-content\/uploads\/2020\/02\/604743_paul_rivera_dual_true_anti_reflection_mask_500ml.png\" \/>\n\t<meta property=\"og:image:width\" content=\"800\" \/>\n\t<meta property=\"og:image:height\" content=\"800\" \/>\n\t<meta property=\"og:image:type\" content=\"image\/png\" \/>\n<meta name=\"twitter:card\" content=\"summary_large_image\" \/>\n<meta name=\"twitter:label1\" content=\"Est. reading time\" \/>\n\t<meta name=\"twitter:data1\" content=\"3 minutes\" \/>\n<script type=\"application\/ld+json\" class=\"yoast-schema-graph\">{\"@context\":\"https:\/\/schema.org\",\"@graph\":[{\"@type\":\"WebPage\",\"@id\":\"https:\/\/paulrivera.it\/pl\/prodotti\/kuracje\/true-orange-kuracja-przeciw-miedzianym-odcieniom\/dual-true-maska-przeciw-zoltym-i-miedzianym-refleksom\/\",\"url\":\"https:\/\/paulrivera.it\/pl\/prodotti\/kuracje\/true-orange-kuracja-przeciw-miedzianym-odcieniom\/dual-true-maska-przeciw-zoltym-i-miedzianym-refleksom\/\",\"name\":\"Dual True - Maska przeciw \u017c\u00f3\u0142tym i miedzianym refleksom | Paul Rivera\",\"isPartOf\":{\"@id\":\"https:\/\/paulrivera.it\/pl\/#website\"},\"primaryImageOfPage\":{\"@id\":\"https:\/\/paulrivera.it\/pl\/prodotti\/kuracje\/true-orange-kuracja-przeciw-miedzianym-odcieniom\/dual-true-maska-przeciw-zoltym-i-miedzianym-refleksom\/#primaryimage\"},\"image\":{\"@id\":\"https:\/\/paulrivera.it\/pl\/prodotti\/kuracje\/true-orange-kuracja-przeciw-miedzianym-odcieniom\/dual-true-maska-przeciw-zoltym-i-miedzianym-refleksom\/#primaryimage\"},\"thumbnailUrl\":\"https:\/\/paulrivera.it\/wp-content\/uploads\/2020\/02\/604743_paul_rivera_dual_true_anti_reflection_mask_500ml.png\",\"datePublished\":\"2020-02-18T08:43:18+00:00\",\"dateModified\":\"2024-05-13T07:57:28+00:00\",\"description\":\"Dual True to maska koryguj\u0105ca kolor, kt\u00f3ra eliminuje niepo\u017c\u0105dane \u017c\u00f3\u0142te i miedziane refleksy.\",\"breadcrumb\":{\"@id\":\"https:\/\/paulrivera.it\/pl\/prodotti\/kuracje\/true-orange-kuracja-przeciw-miedzianym-odcieniom\/dual-true-maska-przeciw-zoltym-i-miedzianym-refleksom\/#breadcrumb\"},\"inLanguage\":\"pl-PL\",\"potentialAction\":[{\"@type\":\"ReadAction\",\"target\":[\"https:\/\/paulrivera.it\/pl\/prodotti\/kuracje\/true-orange-kuracja-przeciw-miedzianym-odcieniom\/dual-true-maska-przeciw-zoltym-i-miedzianym-refleksom\/\"]}]},{\"@type\":\"ImageObject\",\"inLanguage\":\"pl-PL\",\"@id\":\"https:\/\/paulrivera.it\/pl\/prodotti\/kuracje\/true-orange-kuracja-przeciw-miedzianym-odcieniom\/dual-true-maska-przeciw-zoltym-i-miedzianym-refleksom\/#primaryimage\",\"url\":\"https:\/\/paulrivera.it\/wp-content\/uploads\/2020\/02\/604743_paul_rivera_dual_true_anti_reflection_mask_500ml.png\",\"contentUrl\":\"https:\/\/paulrivera.it\/wp-content\/uploads\/2020\/02\/604743_paul_rivera_dual_true_anti_reflection_mask_500ml.png\",\"width\":800,\"height\":800,\"caption\":\"Dual True - Maska przeciw \u017c\u00f3\u0142tym i miedzianym refleksom\"},{\"@type\":\"BreadcrumbList\",\"@id\":\"https:\/\/paulrivera.it\/pl\/prodotti\/kuracje\/true-orange-kuracja-przeciw-miedzianym-odcieniom\/dual-true-maska-przeciw-zoltym-i-miedzianym-refleksom\/#breadcrumb\",\"itemListElement\":[{\"@type\":\"ListItem\",\"position\":1,\"name\":\"Home\",\"item\":\"https:\/\/paulrivera.it\/pl\/\"},{\"@type\":\"ListItem\",\"position\":2,\"name\":\"Pagina shop\",\"item\":\"https:\/\/paulrivera.it\/prodotti\/\"},{\"@type\":\"ListItem\",\"position\":3,\"name\":\"Dual True &#8211; Maska przeciw \u017c\u00f3\u0142tym i miedzianym refleksom\"}]},{\"@type\":\"WebSite\",\"@id\":\"https:\/\/paulrivera.it\/pl\/#website\",\"url\":\"https:\/\/paulrivera.it\/pl\/\",\"name\":\"Paul Rivera\",\"description\":\"Hair Beauty Celebration\",\"publisher\":{\"@id\":\"https:\/\/paulrivera.it\/pl\/#organization\"},\"potentialAction\":[{\"@type\":\"SearchAction\",\"target\":{\"@type\":\"EntryPoint\",\"urlTemplate\":\"https:\/\/paulrivera.it\/pl\/?s={search_term_string}\"},\"query-input\":{\"@type\":\"PropertyValueSpecification\",\"valueRequired\":true,\"valueName\":\"search_term_string\"}}],\"inLanguage\":\"pl-PL\"},{\"@type\":\"Organization\",\"@id\":\"https:\/\/paulrivera.it\/pl\/#organization\",\"name\":\"Paul Rivera\",\"url\":\"https:\/\/paulrivera.it\/pl\/\",\"logo\":{\"@type\":\"ImageObject\",\"inLanguage\":\"pl-PL\",\"@id\":\"https:\/\/paulrivera.it\/pl\/#\/schema\/logo\/image\/\",\"url\":\"https:\/\/paulrivera.it\/wp-content\/uploads\/2020\/02\/paul_rivera_logo_header_x2.png\",\"contentUrl\":\"https:\/\/paulrivera.it\/wp-content\/uploads\/2020\/02\/paul_rivera_logo_header_x2.png\",\"width\":470,\"height\":60,\"caption\":\"Paul Rivera\"},\"image\":{\"@id\":\"https:\/\/paulrivera.it\/pl\/#\/schema\/logo\/image\/\"}}]}<\/script>\n<!-- \/ Yoast SEO plugin. -->","yoast_head_json":{"title":"Dual True - Maska przeciw \u017c\u00f3\u0142tym i miedzianym refleksom | Paul Rivera","description":"Dual True to maska koryguj\u0105ca kolor, kt\u00f3ra eliminuje niepo\u017c\u0105dane \u017c\u00f3\u0142te i miedziane refleksy.","robots":{"index":"index","follow":"follow","max-snippet":"max-snippet:-1","max-image-preview":"max-image-preview:large","max-video-preview":"max-video-preview:-1"},"canonical":"https:\/\/paulrivera.it\/pl\/prodotti\/kuracje\/true-orange-kuracja-przeciw-miedzianym-odcieniom\/dual-true-maska-przeciw-zoltym-i-miedzianym-refleksom\/","og_locale":"pl_PL","og_type":"article","og_title":"Dual True - Maska przeciw \u017c\u00f3\u0142tym i miedzianym refleksom | Paul Rivera","og_description":"Dual True to maska koryguj\u0105ca kolor, kt\u00f3ra eliminuje niepo\u017c\u0105dane \u017c\u00f3\u0142te i miedziane refleksy.","og_url":"https:\/\/paulrivera.it\/pl\/prodotti\/kuracje\/true-orange-kuracja-przeciw-miedzianym-odcieniom\/dual-true-maska-przeciw-zoltym-i-miedzianym-refleksom\/","og_site_name":"Paul Rivera","article_modified_time":"2024-05-13T07:57:28+00:00","og_image":[{"width":800,"height":800,"url":"https:\/\/paulrivera.it\/wp-content\/uploads\/2020\/02\/604743_paul_rivera_dual_true_anti_reflection_mask_500ml.png","type":"image\/png"}],"twitter_card":"summary_large_image","twitter_misc":{"Est. reading time":"3 minutes"},"schema":{"@context":"https:\/\/schema.org","@graph":[{"@type":"WebPage","@id":"https:\/\/paulrivera.it\/pl\/prodotti\/kuracje\/true-orange-kuracja-przeciw-miedzianym-odcieniom\/dual-true-maska-przeciw-zoltym-i-miedzianym-refleksom\/","url":"https:\/\/paulrivera.it\/pl\/prodotti\/kuracje\/true-orange-kuracja-przeciw-miedzianym-odcieniom\/dual-true-maska-przeciw-zoltym-i-miedzianym-refleksom\/","name":"Dual True - Maska przeciw \u017c\u00f3\u0142tym i miedzianym refleksom | Paul Rivera","isPartOf":{"@id":"https:\/\/paulrivera.it\/pl\/#website"},"primaryImageOfPage":{"@id":"https:\/\/paulrivera.it\/pl\/prodotti\/kuracje\/true-orange-kuracja-przeciw-miedzianym-odcieniom\/dual-true-maska-przeciw-zoltym-i-miedzianym-refleksom\/#primaryimage"},"image":{"@id":"https:\/\/paulrivera.it\/pl\/prodotti\/kuracje\/true-orange-kuracja-przeciw-miedzianym-odcieniom\/dual-true-maska-przeciw-zoltym-i-miedzianym-refleksom\/#primaryimage"},"thumbnailUrl":"https:\/\/paulrivera.it\/wp-content\/uploads\/2020\/02\/604743_paul_rivera_dual_true_anti_reflection_mask_500ml.png","datePublished":"2020-02-18T08:43:18+00:00","dateModified":"2024-05-13T07:57:28+00:00","description":"Dual True to maska koryguj\u0105ca kolor, kt\u00f3ra eliminuje niepo\u017c\u0105dane \u017c\u00f3\u0142te i miedziane refleksy.","breadcrumb":{"@id":"https:\/\/paulrivera.it\/pl\/prodotti\/kuracje\/true-orange-kuracja-przeciw-miedzianym-odcieniom\/dual-true-maska-przeciw-zoltym-i-miedzianym-refleksom\/#breadcrumb"},"inLanguage":"pl-PL","potentialAction":[{"@type":"ReadAction","target":["https:\/\/paulrivera.it\/pl\/prodotti\/kuracje\/true-orange-kuracja-przeciw-miedzianym-odcieniom\/dual-true-maska-przeciw-zoltym-i-miedzianym-refleksom\/"]}]},{"@type":"ImageObject","inLanguage":"pl-PL","@id":"https:\/\/paulrivera.it\/pl\/prodotti\/kuracje\/true-orange-kuracja-przeciw-miedzianym-odcieniom\/dual-true-maska-przeciw-zoltym-i-miedzianym-refleksom\/#primaryimage","url":"https:\/\/paulrivera.it\/wp-content\/uploads\/2020\/02\/604743_paul_rivera_dual_true_anti_reflection_mask_500ml.png","contentUrl":"https:\/\/paulrivera.it\/wp-content\/uploads\/2020\/02\/604743_paul_rivera_dual_true_anti_reflection_mask_500ml.png","width":800,"height":800,"caption":"Dual True - Maska przeciw \u017c\u00f3\u0142tym i miedzianym refleksom"},{"@type":"BreadcrumbList","@id":"https:\/\/paulrivera.it\/pl\/prodotti\/kuracje\/true-orange-kuracja-przeciw-miedzianym-odcieniom\/dual-true-maska-przeciw-zoltym-i-miedzianym-refleksom\/#breadcrumb","itemListElement":[{"@type":"ListItem","position":1,"name":"Home","item":"https:\/\/paulrivera.it\/pl\/"},{"@type":"ListItem","position":2,"name":"Pagina shop","item":"https:\/\/paulrivera.it\/prodotti\/"},{"@type":"ListItem","position":3,"name":"Dual True &#8211; Maska przeciw \u017c\u00f3\u0142tym i miedzianym refleksom"}]},{"@type":"WebSite","@id":"https:\/\/paulrivera.it\/pl\/#website","url":"https:\/\/paulrivera.it\/pl\/","name":"Paul Rivera","description":"Hair Beauty Celebration","publisher":{"@id":"https:\/\/paulrivera.it\/pl\/#organization"},"potentialAction":[{"@type":"SearchAction","target":{"@type":"EntryPoint","urlTemplate":"https:\/\/paulrivera.it\/pl\/?s={search_term_string}"},"query-input":{"@type":"PropertyValueSpecification","valueRequired":true,"valueName":"search_term_string"}}],"inLanguage":"pl-PL"},{"@type":"Organization","@id":"https:\/\/paulrivera.it\/pl\/#organization","name":"Paul Rivera","url":"https:\/\/paulrivera.it\/pl\/","logo":{"@type":"ImageObject","inLanguage":"pl-PL","@id":"https:\/\/paulrivera.it\/pl\/#\/schema\/logo\/image\/","url":"https:\/\/paulrivera.it\/wp-content\/uploads\/2020\/02\/paul_rivera_logo_header_x2.png","contentUrl":"https:\/\/paulrivera.it\/wp-content\/uploads\/2020\/02\/paul_rivera_logo_header_x2.png","width":470,"height":60,"caption":"Paul Rivera"},"image":{"@id":"https:\/\/paulrivera.it\/pl\/#\/schema\/logo\/image\/"}}]}},"_links":{"self":[{"href":"https:\/\/paulrivera.it\/pl\/wp-json\/wp\/v2\/product\/4143","targetHints":{"allow":["GET"]}}],"collection":[{"href":"https:\/\/paulrivera.it\/pl\/wp-json\/wp\/v2\/product"}],"about":[{"href":"https:\/\/paulrivera.it\/pl\/wp-json\/wp\/v2\/types\/product"}],"wp:featuredmedia":[{"embeddable":true,"href":"https:\/\/paulrivera.it\/pl\/wp-json\/wp\/v2\/media\/4145"}],"wp:attachment":[{"href":"https:\/\/paulrivera.it\/pl\/wp-json\/wp\/v2\/media?parent=4143"}],"wp:term":[{"taxonomy":"product_brand","embeddable":true,"href":"https:\/\/paulrivera.it\/pl\/wp-json\/wp\/v2\/product_brand?post=4143"},{"taxonomy":"product_cat","embeddable":true,"href":"https:\/\/paulrivera.it\/pl\/wp-json\/wp\/v2\/product_cat?post=4143"},{"taxonomy":"product_tag","embeddable":true,"href":"https:\/\/paulrivera.it\/pl\/wp-json\/wp\/v2\/product_tag?post=4143"}],"curies":[{"name":"wp","href":"https:\/\/api.w.org\/{rel}","templated":true}]}}