{"id":4749,"date":"2022-01-24T09:00:23","date_gmt":"2021-12-23T09:37:23","guid":{"rendered":"https:\/\/paulrivera.it\/?post_type=product&#038;p=4749"},"modified":"2024-05-13T09:37:18","modified_gmt":"2024-05-13T07:37:18","slug":"hydra-dream-olejek-extra-dry","status":"publish","type":"product","link":"https:\/\/paulrivera.it\/pl\/prodotti\/kuracje\/hydra-dream-wlosy-przesuszone\/hydra-dream-olejek-extra-dry\/","title":{"rendered":"Hydra Dream &#8211; Olejek Extra Dry"},"content":{"rendered":"<div class=\"wpb-content-wrapper\"><p>[vc_row full_width=&#8221;stretch_row&#8221;][vc_column][vc_row_inner el_id=&#8221;desktop&#8221;][vc_column_inner width=&#8221;1\/2&#8243; css=&#8221;.vc_custom_1582194227194{padding-top: 10% !important;padding-right: 10% !important;padding-bottom: 10% !important;padding-left: 30% !important;}&#8221; offset=&#8221;vc_hidden-md vc_hidden-sm vc_hidden-xs&#8221;][vc_column_text]<\/p>\n<h1>Pokochasz ten produkt za to, \u017ce<\/h1>\n<ul>\n<li style=\"font-weight: 400;\" aria-level=\"1\"><span style=\"font-weight: 400;\">Pozostawia w\u0142osy mi\u0119kkie i l\u015bni\u0105ce<\/span><\/li>\n<li style=\"font-weight: 400;\" aria-level=\"1\"><span style=\"font-weight: 400;\">Zapobiega rozdwajaniu si\u0119 ko\u0144c\u00f3wek<\/span><\/li>\n<li style=\"font-weight: 400;\" aria-level=\"1\"><span style=\"font-weight: 400;\">G\u0142\u0119boko nawil\u017ca i od\u017cywia suche w\u0142osy\u00a0<\/span><\/li>\n<li style=\"font-weight: 400;\" aria-level=\"1\"><span style=\"font-weight: 400;\">Nie t\u0142u\u015bci i nie obci\u0105\u017ca w\u0142os\u00f3w<\/span><\/li>\n<\/ul>\n<p>[\/vc_column_text][vc_column_text]<\/p>\n<h1>Sk\u0142adniki aktywne zawarte w formule<\/h1>\n<ul>\n<li><span style=\"font-weight: 400;\">Mas\u0142o shea: <\/span><span style=\"font-weight: 400;\">bogate w witaminy A i E, regeneruje w\u0142osy, nawil\u017ca je i uelastycznia. G\u0142\u0119boko od\u017cywia \u0142amliwe w\u0142osy.<\/span><\/li>\n<li><span style=\"font-weight: 400;\">Olej arganowy: w<\/span><span style=\"font-weight: 400;\">yj\u0105tkowe w\u0142a\u015bciwo\u015bci zmi\u0119kczaj\u0105ce i nawil\u017caj\u0105ce olejku arganowego wynikaj\u0105 z jego sk\u0142adu. Bogaty w kwasy t\u0142uszczowe i witamin\u0119 E, od\u017cywia kruche i przesuszone w\u0142osy oraz zwalcza powstawanie rozdwojonych ko\u0144c\u00f3wek.<\/span><\/li>\n<\/ul>\n<p>[\/vc_column_text][vc_column_text]<\/p>\n<h1>Jak stosowa\u0107?<\/h1>\n<p><span style=\"font-weight: 400;\">Nanie\u015b\u0107 niewielk\u0105 ilo\u015b\u0107 produktu na d\u0142ugo\u015bci i ko\u0144c\u00f3wki osuszonych lub suchych w\u0142os\u00f3w. Nie sp\u0142ukiwa\u0107. Nast\u0119pnie przyst\u0105pi\u0107 do uk\u0142adania w\u0142os\u00f3w.<\/span>[\/vc_column_text][\/vc_column_inner][vc_column_inner width=&#8221;1\/2&#8243; css=&#8221;.vc_custom_1582802843311{background-image: url(https:\/\/paulrivera.it\/wp-content\/uploads\/2020\/02\/background_adv_product_hydra_dream.png?id=856) !important;background-position: center !important;background-repeat: no-repeat !important;background-size: cover !important;}&#8221; offset=&#8221;vc_hidden-md vc_hidden-sm vc_hidden-xs&#8221;][vc_single_image image=&#8221;4844&#8243; img_size=&#8221;full&#8221;][\/vc_column_inner][\/vc_row_inner][vc_row_inner el_id=&#8221;tablet&#8221;][vc_column_inner offset=&#8221;vc_hidden-lg vc_hidden-xs&#8221;][vc_column_text]<\/p>\n<h1>Pokochasz ten produkt za to, \u017ce<\/h1>\n<ul>\n<li style=\"font-weight: 400;\" aria-level=\"1\"><span style=\"font-weight: 400;\">Pozostawia w\u0142osy mi\u0119kkie i l\u015bni\u0105ce<\/span><\/li>\n<li style=\"font-weight: 400;\" aria-level=\"1\"><span style=\"font-weight: 400;\">Zapobiega rozdwajaniu si\u0119 ko\u0144c\u00f3wek<\/span><\/li>\n<li style=\"font-weight: 400;\" aria-level=\"1\"><span style=\"font-weight: 400;\">G\u0142\u0119boko nawil\u017ca i od\u017cywia suche w\u0142osy\u00a0<\/span><\/li>\n<li style=\"font-weight: 400;\" aria-level=\"1\"><span style=\"font-weight: 400;\">Nie t\u0142u\u015bci i nie obci\u0105\u017ca w\u0142os\u00f3w<\/span><\/li>\n<\/ul>\n<p>[\/vc_column_text][vc_column_text]<\/p>\n<h1>Sk\u0142adniki aktywne zawarte w formule<\/h1>\n<ul>\n<li><span style=\"font-weight: 400;\">Mas\u0142o shea: <\/span><span style=\"font-weight: 400;\">bogate w witaminy A i E, regeneruje w\u0142osy, nawil\u017ca je i uelastycznia. G\u0142\u0119boko od\u017cywia \u0142amliwe w\u0142osy.<\/span><\/li>\n<li><span style=\"font-weight: 400;\">Olej arganowy: w<\/span><span style=\"font-weight: 400;\">yj\u0105tkowe w\u0142a\u015bciwo\u015bci zmi\u0119kczaj\u0105ce i nawil\u017caj\u0105ce olejku arganowego wynikaj\u0105 z jego sk\u0142adu. Bogaty w kwasy t\u0142uszczowe i witamin\u0119 E, od\u017cywia kruche i przesuszone w\u0142osy oraz zwalcza powstawanie rozdwojonych ko\u0144c\u00f3wek.<\/span><\/li>\n<\/ul>\n<p>[\/vc_column_text][vc_column_text]<\/p>\n<h1>Jak stosowa\u0107?<\/h1>\n<p><span style=\"font-weight: 400;\">Nanie\u015b\u0107 niewielk\u0105 ilo\u015b\u0107 produktu na d\u0142ugo\u015bci i ko\u0144c\u00f3wki osuszonych lub suchych w\u0142os\u00f3w. Nie sp\u0142ukiwa\u0107. Nast\u0119pnie przyst\u0105pi\u0107 do uk\u0142adania w\u0142os\u00f3w.<\/span>[\/vc_column_text][\/vc_column_inner][\/vc_row_inner][vc_row_inner el_id=&#8221;mobile&#8221;][vc_column_inner width=&#8221;1\/2&#8243; offset=&#8221;vc_hidden-lg vc_hidden-md vc_hidden-sm&#8221;][vc_column_text]<\/p>\n<h1>Pokochasz ten produkt za to, \u017ce<\/h1>\n<ul>\n<li style=\"font-weight: 400;\" aria-level=\"1\"><span style=\"font-weight: 400;\">Pozostawia w\u0142osy mi\u0119kkie i l\u015bni\u0105ce<\/span><\/li>\n<li style=\"font-weight: 400;\" aria-level=\"1\"><span style=\"font-weight: 400;\">Zapobiega rozdwajaniu si\u0119 ko\u0144c\u00f3wek<\/span><\/li>\n<li style=\"font-weight: 400;\" aria-level=\"1\"><span style=\"font-weight: 400;\">G\u0142\u0119boko nawil\u017ca i od\u017cywia suche w\u0142osy\u00a0<\/span><\/li>\n<li style=\"font-weight: 400;\" aria-level=\"1\"><span style=\"font-weight: 400;\">Nie t\u0142u\u015bci i nie obci\u0105\u017ca w\u0142os\u00f3w<\/span><\/li>\n<\/ul>\n<p>[\/vc_column_text][vc_column_text]<\/p>\n<h1>Sk\u0142adniki aktywne zawarte w formule<\/h1>\n<ul>\n<li><span style=\"font-weight: 400;\">Mas\u0142o shea: <\/span><span style=\"font-weight: 400;\">bogate w witaminy A i E, regeneruje w\u0142osy, nawil\u017ca je i uelastycznia. G\u0142\u0119boko od\u017cywia \u0142amliwe w\u0142osy.<\/span><\/li>\n<li><span style=\"font-weight: 400;\">Olej arganowy: w<\/span><span style=\"font-weight: 400;\">yj\u0105tkowe w\u0142a\u015bciwo\u015bci zmi\u0119kczaj\u0105ce i nawil\u017caj\u0105ce olejku arganowego wynikaj\u0105 z jego sk\u0142adu. Bogaty w kwasy t\u0142uszczowe i witamin\u0119 E, od\u017cywia kruche i przesuszone w\u0142osy oraz zwalcza powstawanie rozdwojonych ko\u0144c\u00f3wek.<\/span><\/li>\n<\/ul>\n<p>[\/vc_column_text][vc_column_text]<\/p>\n<h1>Jak stosowa\u0107?<\/h1>\n<p><span style=\"font-weight: 400;\">Nanie\u015b\u0107 niewielk\u0105 ilo\u015b\u0107 produktu na d\u0142ugo\u015bci i ko\u0144c\u00f3wki osuszonych lub suchych w\u0142os\u00f3w. Nie sp\u0142ukiwa\u0107. Nast\u0119pnie przyst\u0105pi\u0107 do uk\u0142adania w\u0142os\u00f3w.<\/span>[\/vc_column_text][\/vc_column_inner][vc_column_inner width=&#8221;1\/2&#8243; css=&#8221;.vc_custom_1582802885395{background-image: url(https:\/\/paulrivera.it\/wp-content\/uploads\/2020\/02\/background_adv_product_hydra_dream.png?id=856) !important;background-position: center !important;background-repeat: no-repeat !important;background-size: cover !important;}&#8221; offset=&#8221;vc_hidden-lg vc_hidden-md vc_hidden-sm&#8221;][vc_single_image image=&#8221;4844&#8243; img_size=&#8221;full&#8221;][\/vc_column_inner][\/vc_row_inner][\/vc_column][\/vc_row][vc_row css=&#8221;.vc_custom_1582192829011{padding-top: 50px !important;}&#8221;][vc_column][vc_row_inner][vc_column_inner][vc_column_text]<\/p>\n<h1 style=\"text-align: center;\"><span style=\"font-weight: 400;\">Mo\u017cesz wypr\u00f3bowa\u0107 ten produkt z<\/span><\/h1>\n<p>[\/vc_column_text][\/vc_column_inner][\/vc_row_inner][vc_raw_html]JTVCd3BiLXByb2R1Y3Qtc2xpZGVyLXNob3J0Y29kZSUyMGlkJTNEJTIyNDc1MiUyMiU1RA==[\/vc_raw_html][\/vc_column][\/vc_row]<\/p>\n<\/div>","protected":false},"excerpt":{"rendered":"<p><span style=\"font-weight: 400;\">Hydra Dream to szybkowch\u0142aniajacy si\u0119 olejek extra dry <\/span><b>o jedwabistej konsystencji<\/b><span style=\"font-weight: 400;\">, kt\u00f3ry <\/span><b>chroni w\u0142osy przed przesuszeniem<\/b><span style=\"font-weight: 400;\">, a tak\u017ce nadaje mi\u0119kko\u015b\u0107 i nawil\u017cenie.\u00a0<\/span><\/p>\n<p><span style=\"font-weight: 400;\">Stosowany przed u\u0142o\u017ceniem w\u0142os\u00f3w <\/span><b>\u00a0przeciwdzia\u0142ania puszczeniu<\/b><span style=\"font-weight: 400;\">, a jako finish zapewnia l\u015bni\u0105cy efekt. Jego formu\u0142a zawiera Mas\u0142o Shea oraz Olejek Arganowy, co sprawia, \u017ce sprawdza si\u0119 idealnie w przypadku matowych i zm\u0119czonych w\u0142os\u00f3w, pozostawiaj\u0105c je <\/span><b>wyj\u0105tkowo pe\u0142nymi blasku<\/b><span style=\"font-weight: 400;\">, nie t\u0142u\u015bci.<\/span><\/p>\n<p><span style=\"font-weight: 400;\">150 ml<\/span><\/p>\n<p>&nbsp;<\/p>\n[maxbutton id=\"8\"]\n","protected":false},"featured_media":4735,"template":"","meta":[],"product_brand":[],"product_cat":[700],"product_tag":[],"class_list":{"0":"post-4749","1":"product","2":"type-product","3":"status-publish","4":"has-post-thumbnail","6":"product_cat-hydra-dream-wlosy-przesuszone","7":"description-off","9":"first","10":"instock","11":"shipping-taxable","12":"product-type-simple"},"yoast_head":"<!-- This site is optimized with the Yoast SEO plugin v27.2 - https:\/\/yoast.com\/product\/yoast-seo-wordpress\/ -->\n<title>Hydra Dream - Olejek Extra Dry | Paul Rivera<\/title>\n<meta name=\"description\" content=\"Hydra Dream to szybkowch\u0142aniajacy si\u0119 olejek extra dry o jedwabistej konsystencji, kt\u00f3ry chroni w\u0142osy przed przesuszeniem, a tak\u017ce nadaje mi\u0119kko\u015b\u0107 i nawil\u017cenie.\u00a0\" \/>\n<meta name=\"robots\" content=\"index, follow, max-snippet:-1, max-image-preview:large, max-video-preview:-1\" \/>\n<link rel=\"canonical\" href=\"https:\/\/paulrivera.it\/pl\/prodotti\/kuracje\/hydra-dream-wlosy-przesuszone\/hydra-dream-olejek-extra-dry\/\" \/>\n<meta property=\"og:locale\" content=\"pl_PL\" \/>\n<meta property=\"og:type\" content=\"article\" \/>\n<meta property=\"og:title\" content=\"Hydra Dream - Olejek Extra Dry | Paul Rivera\" \/>\n<meta property=\"og:description\" content=\"Hydra Dream to szybkowch\u0142aniajacy si\u0119 olejek extra dry o jedwabistej konsystencji, kt\u00f3ry chroni w\u0142osy przed przesuszeniem, a tak\u017ce nadaje mi\u0119kko\u015b\u0107 i nawil\u017cenie.\u00a0\" \/>\n<meta property=\"og:url\" content=\"https:\/\/paulrivera.it\/pl\/prodotti\/kuracje\/hydra-dream-wlosy-przesuszone\/hydra-dream-olejek-extra-dry\/\" \/>\n<meta property=\"og:site_name\" content=\"Paul Rivera\" \/>\n<meta property=\"article:modified_time\" content=\"2024-05-13T07:37:18+00:00\" \/>\n<meta property=\"og:image\" content=\"https:\/\/paulrivera.it\/wp-content\/uploads\/2021\/12\/604521_paul_rivera_hydra_dream_extra_dry_oil_150ml-1.png\" \/>\n\t<meta property=\"og:image:width\" content=\"800\" \/>\n\t<meta property=\"og:image:height\" content=\"800\" \/>\n\t<meta property=\"og:image:type\" content=\"image\/png\" \/>\n<meta name=\"twitter:card\" content=\"summary_large_image\" \/>\n<meta name=\"twitter:label1\" content=\"Est. reading time\" \/>\n\t<meta name=\"twitter:data1\" content=\"3 minutes\" \/>\n<script type=\"application\/ld+json\" class=\"yoast-schema-graph\">{\"@context\":\"https:\/\/schema.org\",\"@graph\":[{\"@type\":\"WebPage\",\"@id\":\"https:\/\/paulrivera.it\/pl\/prodotti\/kuracje\/hydra-dream-wlosy-przesuszone\/hydra-dream-olejek-extra-dry\/\",\"url\":\"https:\/\/paulrivera.it\/pl\/prodotti\/kuracje\/hydra-dream-wlosy-przesuszone\/hydra-dream-olejek-extra-dry\/\",\"name\":\"Hydra Dream - Olejek Extra Dry | Paul Rivera\",\"isPartOf\":{\"@id\":\"https:\/\/paulrivera.it\/pl\/#website\"},\"primaryImageOfPage\":{\"@id\":\"https:\/\/paulrivera.it\/pl\/prodotti\/kuracje\/hydra-dream-wlosy-przesuszone\/hydra-dream-olejek-extra-dry\/#primaryimage\"},\"image\":{\"@id\":\"https:\/\/paulrivera.it\/pl\/prodotti\/kuracje\/hydra-dream-wlosy-przesuszone\/hydra-dream-olejek-extra-dry\/#primaryimage\"},\"thumbnailUrl\":\"https:\/\/paulrivera.it\/wp-content\/uploads\/2021\/12\/604521_paul_rivera_hydra_dream_extra_dry_oil_150ml-1.png\",\"datePublished\":\"2021-12-23T09:37:23+00:00\",\"dateModified\":\"2024-05-13T07:37:18+00:00\",\"description\":\"Hydra Dream to szybkowch\u0142aniajacy si\u0119 olejek extra dry o jedwabistej konsystencji, kt\u00f3ry chroni w\u0142osy przed przesuszeniem, a tak\u017ce nadaje mi\u0119kko\u015b\u0107 i nawil\u017cenie.\u00a0\",\"breadcrumb\":{\"@id\":\"https:\/\/paulrivera.it\/pl\/prodotti\/kuracje\/hydra-dream-wlosy-przesuszone\/hydra-dream-olejek-extra-dry\/#breadcrumb\"},\"inLanguage\":\"pl-PL\",\"potentialAction\":[{\"@type\":\"ReadAction\",\"target\":[\"https:\/\/paulrivera.it\/pl\/prodotti\/kuracje\/hydra-dream-wlosy-przesuszone\/hydra-dream-olejek-extra-dry\/\"]}]},{\"@type\":\"ImageObject\",\"inLanguage\":\"pl-PL\",\"@id\":\"https:\/\/paulrivera.it\/pl\/prodotti\/kuracje\/hydra-dream-wlosy-przesuszone\/hydra-dream-olejek-extra-dry\/#primaryimage\",\"url\":\"https:\/\/paulrivera.it\/wp-content\/uploads\/2021\/12\/604521_paul_rivera_hydra_dream_extra_dry_oil_150ml-1.png\",\"contentUrl\":\"https:\/\/paulrivera.it\/wp-content\/uploads\/2021\/12\/604521_paul_rivera_hydra_dream_extra_dry_oil_150ml-1.png\",\"width\":800,\"height\":800},{\"@type\":\"BreadcrumbList\",\"@id\":\"https:\/\/paulrivera.it\/pl\/prodotti\/kuracje\/hydra-dream-wlosy-przesuszone\/hydra-dream-olejek-extra-dry\/#breadcrumb\",\"itemListElement\":[{\"@type\":\"ListItem\",\"position\":1,\"name\":\"Home\",\"item\":\"https:\/\/paulrivera.it\/pl\/\"},{\"@type\":\"ListItem\",\"position\":2,\"name\":\"Pagina shop\",\"item\":\"https:\/\/paulrivera.it\/prodotti\/\"},{\"@type\":\"ListItem\",\"position\":3,\"name\":\"Hydra Dream &#8211; Olejek Extra Dry\"}]},{\"@type\":\"WebSite\",\"@id\":\"https:\/\/paulrivera.it\/pl\/#website\",\"url\":\"https:\/\/paulrivera.it\/pl\/\",\"name\":\"Paul Rivera\",\"description\":\"Hair Beauty Celebration\",\"publisher\":{\"@id\":\"https:\/\/paulrivera.it\/pl\/#organization\"},\"potentialAction\":[{\"@type\":\"SearchAction\",\"target\":{\"@type\":\"EntryPoint\",\"urlTemplate\":\"https:\/\/paulrivera.it\/pl\/?s={search_term_string}\"},\"query-input\":{\"@type\":\"PropertyValueSpecification\",\"valueRequired\":true,\"valueName\":\"search_term_string\"}}],\"inLanguage\":\"pl-PL\"},{\"@type\":\"Organization\",\"@id\":\"https:\/\/paulrivera.it\/pl\/#organization\",\"name\":\"Paul Rivera\",\"url\":\"https:\/\/paulrivera.it\/pl\/\",\"logo\":{\"@type\":\"ImageObject\",\"inLanguage\":\"pl-PL\",\"@id\":\"https:\/\/paulrivera.it\/pl\/#\/schema\/logo\/image\/\",\"url\":\"https:\/\/paulrivera.it\/wp-content\/uploads\/2020\/02\/paul_rivera_logo_header_x2.png\",\"contentUrl\":\"https:\/\/paulrivera.it\/wp-content\/uploads\/2020\/02\/paul_rivera_logo_header_x2.png\",\"width\":470,\"height\":60,\"caption\":\"Paul Rivera\"},\"image\":{\"@id\":\"https:\/\/paulrivera.it\/pl\/#\/schema\/logo\/image\/\"}}]}<\/script>\n<!-- \/ Yoast SEO plugin. -->","yoast_head_json":{"title":"Hydra Dream - Olejek Extra Dry | Paul Rivera","description":"Hydra Dream to szybkowch\u0142aniajacy si\u0119 olejek extra dry o jedwabistej konsystencji, kt\u00f3ry chroni w\u0142osy przed przesuszeniem, a tak\u017ce nadaje mi\u0119kko\u015b\u0107 i nawil\u017cenie.\u00a0","robots":{"index":"index","follow":"follow","max-snippet":"max-snippet:-1","max-image-preview":"max-image-preview:large","max-video-preview":"max-video-preview:-1"},"canonical":"https:\/\/paulrivera.it\/pl\/prodotti\/kuracje\/hydra-dream-wlosy-przesuszone\/hydra-dream-olejek-extra-dry\/","og_locale":"pl_PL","og_type":"article","og_title":"Hydra Dream - Olejek Extra Dry | Paul Rivera","og_description":"Hydra Dream to szybkowch\u0142aniajacy si\u0119 olejek extra dry o jedwabistej konsystencji, kt\u00f3ry chroni w\u0142osy przed przesuszeniem, a tak\u017ce nadaje mi\u0119kko\u015b\u0107 i nawil\u017cenie.\u00a0","og_url":"https:\/\/paulrivera.it\/pl\/prodotti\/kuracje\/hydra-dream-wlosy-przesuszone\/hydra-dream-olejek-extra-dry\/","og_site_name":"Paul Rivera","article_modified_time":"2024-05-13T07:37:18+00:00","og_image":[{"width":800,"height":800,"url":"https:\/\/paulrivera.it\/wp-content\/uploads\/2021\/12\/604521_paul_rivera_hydra_dream_extra_dry_oil_150ml-1.png","type":"image\/png"}],"twitter_card":"summary_large_image","twitter_misc":{"Est. reading time":"3 minutes"},"schema":{"@context":"https:\/\/schema.org","@graph":[{"@type":"WebPage","@id":"https:\/\/paulrivera.it\/pl\/prodotti\/kuracje\/hydra-dream-wlosy-przesuszone\/hydra-dream-olejek-extra-dry\/","url":"https:\/\/paulrivera.it\/pl\/prodotti\/kuracje\/hydra-dream-wlosy-przesuszone\/hydra-dream-olejek-extra-dry\/","name":"Hydra Dream - Olejek Extra Dry | Paul Rivera","isPartOf":{"@id":"https:\/\/paulrivera.it\/pl\/#website"},"primaryImageOfPage":{"@id":"https:\/\/paulrivera.it\/pl\/prodotti\/kuracje\/hydra-dream-wlosy-przesuszone\/hydra-dream-olejek-extra-dry\/#primaryimage"},"image":{"@id":"https:\/\/paulrivera.it\/pl\/prodotti\/kuracje\/hydra-dream-wlosy-przesuszone\/hydra-dream-olejek-extra-dry\/#primaryimage"},"thumbnailUrl":"https:\/\/paulrivera.it\/wp-content\/uploads\/2021\/12\/604521_paul_rivera_hydra_dream_extra_dry_oil_150ml-1.png","datePublished":"2021-12-23T09:37:23+00:00","dateModified":"2024-05-13T07:37:18+00:00","description":"Hydra Dream to szybkowch\u0142aniajacy si\u0119 olejek extra dry o jedwabistej konsystencji, kt\u00f3ry chroni w\u0142osy przed przesuszeniem, a tak\u017ce nadaje mi\u0119kko\u015b\u0107 i nawil\u017cenie.\u00a0","breadcrumb":{"@id":"https:\/\/paulrivera.it\/pl\/prodotti\/kuracje\/hydra-dream-wlosy-przesuszone\/hydra-dream-olejek-extra-dry\/#breadcrumb"},"inLanguage":"pl-PL","potentialAction":[{"@type":"ReadAction","target":["https:\/\/paulrivera.it\/pl\/prodotti\/kuracje\/hydra-dream-wlosy-przesuszone\/hydra-dream-olejek-extra-dry\/"]}]},{"@type":"ImageObject","inLanguage":"pl-PL","@id":"https:\/\/paulrivera.it\/pl\/prodotti\/kuracje\/hydra-dream-wlosy-przesuszone\/hydra-dream-olejek-extra-dry\/#primaryimage","url":"https:\/\/paulrivera.it\/wp-content\/uploads\/2021\/12\/604521_paul_rivera_hydra_dream_extra_dry_oil_150ml-1.png","contentUrl":"https:\/\/paulrivera.it\/wp-content\/uploads\/2021\/12\/604521_paul_rivera_hydra_dream_extra_dry_oil_150ml-1.png","width":800,"height":800},{"@type":"BreadcrumbList","@id":"https:\/\/paulrivera.it\/pl\/prodotti\/kuracje\/hydra-dream-wlosy-przesuszone\/hydra-dream-olejek-extra-dry\/#breadcrumb","itemListElement":[{"@type":"ListItem","position":1,"name":"Home","item":"https:\/\/paulrivera.it\/pl\/"},{"@type":"ListItem","position":2,"name":"Pagina shop","item":"https:\/\/paulrivera.it\/prodotti\/"},{"@type":"ListItem","position":3,"name":"Hydra Dream &#8211; Olejek Extra Dry"}]},{"@type":"WebSite","@id":"https:\/\/paulrivera.it\/pl\/#website","url":"https:\/\/paulrivera.it\/pl\/","name":"Paul Rivera","description":"Hair Beauty Celebration","publisher":{"@id":"https:\/\/paulrivera.it\/pl\/#organization"},"potentialAction":[{"@type":"SearchAction","target":{"@type":"EntryPoint","urlTemplate":"https:\/\/paulrivera.it\/pl\/?s={search_term_string}"},"query-input":{"@type":"PropertyValueSpecification","valueRequired":true,"valueName":"search_term_string"}}],"inLanguage":"pl-PL"},{"@type":"Organization","@id":"https:\/\/paulrivera.it\/pl\/#organization","name":"Paul Rivera","url":"https:\/\/paulrivera.it\/pl\/","logo":{"@type":"ImageObject","inLanguage":"pl-PL","@id":"https:\/\/paulrivera.it\/pl\/#\/schema\/logo\/image\/","url":"https:\/\/paulrivera.it\/wp-content\/uploads\/2020\/02\/paul_rivera_logo_header_x2.png","contentUrl":"https:\/\/paulrivera.it\/wp-content\/uploads\/2020\/02\/paul_rivera_logo_header_x2.png","width":470,"height":60,"caption":"Paul Rivera"},"image":{"@id":"https:\/\/paulrivera.it\/pl\/#\/schema\/logo\/image\/"}}]}},"_links":{"self":[{"href":"https:\/\/paulrivera.it\/pl\/wp-json\/wp\/v2\/product\/4749","targetHints":{"allow":["GET"]}}],"collection":[{"href":"https:\/\/paulrivera.it\/pl\/wp-json\/wp\/v2\/product"}],"about":[{"href":"https:\/\/paulrivera.it\/pl\/wp-json\/wp\/v2\/types\/product"}],"wp:featuredmedia":[{"embeddable":true,"href":"https:\/\/paulrivera.it\/pl\/wp-json\/wp\/v2\/media\/4735"}],"wp:attachment":[{"href":"https:\/\/paulrivera.it\/pl\/wp-json\/wp\/v2\/media?parent=4749"}],"wp:term":[{"taxonomy":"product_brand","embeddable":true,"href":"https:\/\/paulrivera.it\/pl\/wp-json\/wp\/v2\/product_brand?post=4749"},{"taxonomy":"product_cat","embeddable":true,"href":"https:\/\/paulrivera.it\/pl\/wp-json\/wp\/v2\/product_cat?post=4749"},{"taxonomy":"product_tag","embeddable":true,"href":"https:\/\/paulrivera.it\/pl\/wp-json\/wp\/v2\/product_tag?post=4749"}],"curies":[{"name":"wp","href":"https:\/\/api.w.org\/{rel}","templated":true}]}}