{"id":5390,"date":"2023-02-08T12:17:41","date_gmt":"2023-02-08T11:17:42","guid":{"rendered":"https:\/\/paulrivera.it\/?post_type=product&#038;p=5390"},"modified":"2024-05-13T09:29:20","modified_gmt":"2024-05-13T07:29:20","slug":"loud-volume-maska-zwiekszajaca-objetosc-2","status":"publish","type":"product","link":"https:\/\/paulrivera.it\/pl\/prodotti\/kuracje\/loud-volume-wlosy-cienkie\/loud-volume-maska-zwiekszajaca-objetosc-2\/","title":{"rendered":"Loud Volume &#8211; Maska zwi\u0119kszaj\u0105ca obj\u0119to\u015b\u0107"},"content":{"rendered":"<div class=\"wpb-content-wrapper\"><p>[vc_row full_width=&#8221;stretch_row&#8221;][vc_column][vc_row_inner el_id=&#8221;desktop&#8221;][vc_column_inner width=&#8221;1\/2&#8243; css=&#8221;.vc_custom_1582194227194{padding-top: 10% !important;padding-right: 10% !important;padding-bottom: 10% !important;padding-left: 30% !important;}&#8221; offset=&#8221;vc_hidden-md vc_hidden-sm vc_hidden-xs&#8221;][vc_column_text]<\/p>\n<h1>Pokochasz ten produkt za to, \u017ce<\/h1>\n<ul>\n<li style=\"font-weight: 400;\" aria-level=\"1\"><b>Nadaje obj\u0119to\u015b\u0107<\/b><span style=\"font-weight: 400;\"> cienkim w\u0142osom<\/span><\/li>\n<li style=\"font-weight: 400;\" aria-level=\"1\"><b>Zwi\u0119ksza ich spr\u0119\u017cysto\u015b\u0107<\/b><\/li>\n<li style=\"font-weight: 400;\" aria-level=\"1\">W\u0142osy <b>odzyskuj\u0105 mi\u0119kko\u015b\u0107 i blask<\/b><\/li>\n<\/ul>\n<p>[\/vc_column_text][vc_column_text]<\/p>\n<h1>Sk\u0142adniki aktywne zawarte w formule<\/h1>\n<ul>\n<li style=\"font-weight: 400;\" aria-level=\"1\"><b>Wyci\u0105g z b\u0142awatka<\/b><span style=\"font-weight: 400;\">: ma dzia\u0142anie antyoksydacyjne i rewitalizuj\u0105ce na w\u0142osy, pozostawiaj\u0105c je mi\u0119kkie i lekkie.<\/span><\/li>\n<li style=\"font-weight: 400;\" aria-level=\"1\"><b>Aloes<\/b>: wzmacnia cienkie struktury w\u0142os\u00f3w i zapewnia delikatnym w\u0142osom maksymalne nawil\u017cenie i blask<\/li>\n<\/ul>\n<p>[\/vc_column_text][\/vc_column_inner][vc_column_inner width=&#8221;1\/2&#8243; css=&#8221;.vc_custom_1675849255613{background-image: url(https:\/\/paulrivera.it\/wp-content\/uploads\/2022\/11\/background_adv_product_loud_volume.png?id=5190) !important;background-position: center !important;background-repeat: no-repeat !important;background-size: cover !important;}&#8221; offset=&#8221;vc_hidden-md vc_hidden-sm vc_hidden-xs&#8221;][vc_single_image image=&#8221;5200&#8243; img_size=&#8221;large&#8221; alignment=&#8221;center&#8221;][\/vc_column_inner][\/vc_row_inner][vc_row_inner el_id=&#8221;tablet&#8221;][vc_column_inner offset=&#8221;vc_hidden-lg vc_hidden-xs&#8221;][vc_column_text]<\/p>\n<h1>Pokochasz ten produkt za to, \u017ce<\/h1>\n<ul>\n<li style=\"font-weight: 400;\" aria-level=\"1\"><b>Nadaje obj\u0119to\u015b\u0107<\/b><span style=\"font-weight: 400;\"> cienkim w\u0142osom<\/span><\/li>\n<li style=\"font-weight: 400;\" aria-level=\"1\"><b>Zwi\u0119ksza ich spr\u0119\u017cysto\u015b\u0107<\/b><\/li>\n<li style=\"font-weight: 400;\" aria-level=\"1\">W\u0142osy <b>odzyskuj\u0105 mi\u0119kko\u015b\u0107 i blask<\/b><\/li>\n<\/ul>\n<p>[\/vc_column_text][vc_column_text]<\/p>\n<h1>Sk\u0142adniki aktywne zawarte w formule<\/h1>\n<ul>\n<li style=\"font-weight: 400;\" aria-level=\"1\"><b>Wyci\u0105g z b\u0142awatka<\/b><span style=\"font-weight: 400;\">: ma dzia\u0142anie antyoksydacyjne i rewitalizuj\u0105ce na w\u0142osy, pozostawiaj\u0105c je mi\u0119kkie i lekkie.<\/span><\/li>\n<li style=\"font-weight: 400;\" aria-level=\"1\"><b>Aloes<\/b>: wzmacnia cienkie struktury w\u0142os\u00f3w i zapewnia delikatnym w\u0142osom maksymalne nawil\u017cenie i blask<\/li>\n<\/ul>\n<p>[\/vc_column_text][vc_column_text]<\/p>\n<h1>Jak stosowa\u0107?<\/h1>\n<p><span style=\"font-weight: 400;\">Na\u0142o\u017cy\u0107 Mask\u0119 zwi\u0119kszaj\u0105c\u0105 obj\u0119to\u015b\u0107 na osuszone r\u0119cznikiem w\u0142osy i pozostawi\u0107 na 1-2 minuty. Sp\u0142uka\u0107 du\u017c\u0105 ilo\u015bci\u0105 wody. <\/span>[\/vc_column_text][\/vc_column_inner][\/vc_row_inner][vc_row_inner el_id=&#8221;mobile&#8221;][vc_column_inner width=&#8221;1\/2&#8243; offset=&#8221;vc_hidden-lg vc_hidden-md vc_hidden-sm&#8221;][vc_column_text]<\/p>\n<h1>Pokochasz ten produkt za to, \u017ce<\/h1>\n<ul>\n<li style=\"font-weight: 400;\" aria-level=\"1\"><b>Nadaje obj\u0119to\u015b\u0107<\/b><span style=\"font-weight: 400;\"> cienkim w\u0142osom<\/span><\/li>\n<li style=\"font-weight: 400;\" aria-level=\"1\"><b>Zwi\u0119ksza ich spr\u0119\u017cysto\u015b\u0107<\/b><\/li>\n<li style=\"font-weight: 400;\" aria-level=\"1\">W\u0142osy <b>odzyskuj\u0105 mi\u0119kko\u015b\u0107 i blask<\/b><\/li>\n<\/ul>\n<p>[\/vc_column_text][vc_column_text]<\/p>\n<h1>Sk\u0142adniki aktywne zawarte w formule<\/h1>\n<ul>\n<li style=\"font-weight: 400;\" aria-level=\"1\"><b>Wyci\u0105g z b\u0142awatka<\/b><span style=\"font-weight: 400;\">: ma dzia\u0142anie antyoksydacyjne i rewitalizuj\u0105ce na w\u0142osy, pozostawiaj\u0105c je mi\u0119kkie i lekkie.<\/span><\/li>\n<li style=\"font-weight: 400;\" aria-level=\"1\"><b>Aloes<\/b>: wzmacnia cienkie struktury w\u0142os\u00f3w i zapewnia delikatnym w\u0142osom maksymalne nawil\u017cenie i blask<\/li>\n<\/ul>\n<p>[\/vc_column_text][vc_column_text]<\/p>\n<h1>Jak stosowa\u0107?<\/h1>\n<p><span style=\"font-weight: 400;\">Na\u0142o\u017cy\u0107 Mask\u0119 zwi\u0119kszaj\u0105c\u0105 obj\u0119to\u015b\u0107 na osuszone r\u0119cznikiem w\u0142osy i pozostawi\u0107 na 1-2 minuty. Sp\u0142uka\u0107 du\u017c\u0105 ilo\u015bci\u0105 wody. <\/span>[\/vc_column_text][\/vc_column_inner][vc_column_inner width=&#8221;1\/2&#8243; css=&#8221;.vc_custom_1675849280808{background-image: url(https:\/\/paulrivera.it\/wp-content\/uploads\/2022\/11\/background_adv_product_loud_volume.png?id=5190) !important;background-position: center !important;background-repeat: no-repeat !important;background-size: cover !important;}&#8221; offset=&#8221;vc_hidden-lg vc_hidden-md vc_hidden-sm&#8221;][vc_single_image image=&#8221;5200&#8243; img_size=&#8221;large&#8221; alignment=&#8221;center&#8221;][\/vc_column_inner][\/vc_row_inner][\/vc_column][\/vc_row][vc_row css=&#8221;.vc_custom_1582192829011{padding-top: 50px !important;}&#8221;][vc_column][vc_row_inner][vc_column_inner][vc_column_text]<\/p>\n<h1 style=\"text-align: center;\"><span style=\"font-weight: 400;\">Spodoba Ci si\u0119 r\u00f3wnie\u017c<\/span><\/h1>\n<p>[\/vc_column_text][\/vc_column_inner][\/vc_row_inner][vc_raw_html]JTVCd3BiLXByb2R1Y3Qtc2xpZGVyLXNob3J0Y29kZSUyMGlkJTNEJTIyNTQxMCUyMiU1RA==[\/vc_raw_html][\/vc_column][\/vc_row]<\/p>\n<\/div>","protected":false},"excerpt":{"rendered":"<p><span style=\"font-weight: 400;\">Loud Volume to maska zwi\u0119kszaj\u0105ca obj\u0119to\u015b\u0107 dla w\u0142os\u00f3w cienkich i pozbawionych obj\u0119to\u015bci, kt\u00f3re potrzebuj\u0105 o\u017cywienia i uniesienia.\u00a0<\/span><\/p>\n<p><span style=\"font-weight: 400;\">Wzmacniaj\u0105ce dzia\u0142anie wyci\u0105gu z b\u0142awatka \u0142\u0105czy si\u0119 z od\u017cywczymi w\u0142a\u015bciwo\u015bciami aloesu i <\/span><b>dzia\u0142a antyoksydacyjnie na w\u0142osy<\/b><span style=\"font-weight: 400;\">, sprawiaj\u0105c, \u017ce s\u0105 <\/span><b>mi\u0119kkie i pe\u0142ne blasku.<\/b><span style=\"font-weight: 400;\">\u00a0<\/span><\/p>\n<p>&nbsp;<\/p>\n<p><span style=\"font-weight: 400;\">300 ml<\/span><\/p>\n<p>&nbsp;<\/p>\n[maxbutton id=\"8\"]\n","protected":false},"featured_media":5235,"template":"","meta":[],"product_brand":[],"product_cat":[969],"product_tag":[],"class_list":{"0":"post-5390","1":"product","2":"type-product","3":"status-publish","4":"has-post-thumbnail","6":"product_cat-loud-volume-wlosy-cienkie","7":"description-off","9":"first","10":"instock","11":"shipping-taxable","12":"product-type-simple"},"yoast_head":"<!-- This site is optimized with the Yoast SEO plugin v27.2 - https:\/\/yoast.com\/product\/yoast-seo-wordpress\/ -->\n<title>Loud Volume - Szampon zwi\u0119kszaj\u0105cy obj\u0119to\u015b\u0107 | Paul Rivera<\/title>\n<meta name=\"description\" content=\"Loud Volume to maska zwi\u0119kszaj\u0105ca obj\u0119to\u015b\u0107 dla w\u0142os\u00f3w cienkich i pozbawionych obj\u0119to\u015bci, kt\u00f3re potrzebuj\u0105 o\u017cywienia i uniesienia.\u00a0\" \/>\n<meta name=\"robots\" content=\"index, follow, max-snippet:-1, max-image-preview:large, max-video-preview:-1\" \/>\n<link rel=\"canonical\" href=\"https:\/\/paulrivera.it\/pl\/prodotti\/kuracje\/loud-volume-wlosy-cienkie\/loud-volume-maska-zwiekszajaca-objetosc-2\/\" \/>\n<meta property=\"og:locale\" content=\"pl_PL\" \/>\n<meta property=\"og:type\" content=\"article\" \/>\n<meta property=\"og:title\" content=\"Loud Volume - Szampon zwi\u0119kszaj\u0105cy obj\u0119to\u015b\u0107 | Paul Rivera\" \/>\n<meta property=\"og:description\" content=\"Loud Volume to maska zwi\u0119kszaj\u0105ca obj\u0119to\u015b\u0107 dla w\u0142os\u00f3w cienkich i pozbawionych obj\u0119to\u015bci, kt\u00f3re potrzebuj\u0105 o\u017cywienia i uniesienia.\u00a0\" \/>\n<meta property=\"og:url\" content=\"https:\/\/paulrivera.it\/pl\/prodotti\/kuracje\/loud-volume-wlosy-cienkie\/loud-volume-maska-zwiekszajaca-objetosc-2\/\" \/>\n<meta property=\"og:site_name\" content=\"Paul Rivera\" \/>\n<meta property=\"article:modified_time\" content=\"2024-05-13T07:29:20+00:00\" \/>\n<meta property=\"og:image\" content=\"https:\/\/paulrivera.it\/wp-content\/uploads\/2022\/11\/605009_paul_rivera_loud_volume_mask_300ml.png\" \/>\n\t<meta property=\"og:image:width\" content=\"800\" \/>\n\t<meta property=\"og:image:height\" content=\"800\" \/>\n\t<meta property=\"og:image:type\" content=\"image\/png\" \/>\n<meta name=\"twitter:card\" content=\"summary_large_image\" \/>\n<meta name=\"twitter:label1\" content=\"Est. reading time\" \/>\n\t<meta name=\"twitter:data1\" content=\"2 minutes\" \/>\n<script type=\"application\/ld+json\" class=\"yoast-schema-graph\">{\"@context\":\"https:\/\/schema.org\",\"@graph\":[{\"@type\":\"WebPage\",\"@id\":\"https:\/\/paulrivera.it\/pl\/prodotti\/kuracje\/loud-volume-wlosy-cienkie\/loud-volume-maska-zwiekszajaca-objetosc-2\/\",\"url\":\"https:\/\/paulrivera.it\/pl\/prodotti\/kuracje\/loud-volume-wlosy-cienkie\/loud-volume-maska-zwiekszajaca-objetosc-2\/\",\"name\":\"Loud Volume - Szampon zwi\u0119kszaj\u0105cy obj\u0119to\u015b\u0107 | Paul Rivera\",\"isPartOf\":{\"@id\":\"https:\/\/paulrivera.it\/pl\/#website\"},\"primaryImageOfPage\":{\"@id\":\"https:\/\/paulrivera.it\/pl\/prodotti\/kuracje\/loud-volume-wlosy-cienkie\/loud-volume-maska-zwiekszajaca-objetosc-2\/#primaryimage\"},\"image\":{\"@id\":\"https:\/\/paulrivera.it\/pl\/prodotti\/kuracje\/loud-volume-wlosy-cienkie\/loud-volume-maska-zwiekszajaca-objetosc-2\/#primaryimage\"},\"thumbnailUrl\":\"https:\/\/paulrivera.it\/wp-content\/uploads\/2022\/11\/605009_paul_rivera_loud_volume_mask_300ml.png\",\"datePublished\":\"2023-02-08T11:17:42+00:00\",\"dateModified\":\"2024-05-13T07:29:20+00:00\",\"description\":\"Loud Volume to maska zwi\u0119kszaj\u0105ca obj\u0119to\u015b\u0107 dla w\u0142os\u00f3w cienkich i pozbawionych obj\u0119to\u015bci, kt\u00f3re potrzebuj\u0105 o\u017cywienia i uniesienia.\u00a0\",\"breadcrumb\":{\"@id\":\"https:\/\/paulrivera.it\/pl\/prodotti\/kuracje\/loud-volume-wlosy-cienkie\/loud-volume-maska-zwiekszajaca-objetosc-2\/#breadcrumb\"},\"inLanguage\":\"pl-PL\",\"potentialAction\":[{\"@type\":\"ReadAction\",\"target\":[\"https:\/\/paulrivera.it\/pl\/prodotti\/kuracje\/loud-volume-wlosy-cienkie\/loud-volume-maska-zwiekszajaca-objetosc-2\/\"]}]},{\"@type\":\"ImageObject\",\"inLanguage\":\"pl-PL\",\"@id\":\"https:\/\/paulrivera.it\/pl\/prodotti\/kuracje\/loud-volume-wlosy-cienkie\/loud-volume-maska-zwiekszajaca-objetosc-2\/#primaryimage\",\"url\":\"https:\/\/paulrivera.it\/wp-content\/uploads\/2022\/11\/605009_paul_rivera_loud_volume_mask_300ml.png\",\"contentUrl\":\"https:\/\/paulrivera.it\/wp-content\/uploads\/2022\/11\/605009_paul_rivera_loud_volume_mask_300ml.png\",\"width\":800,\"height\":800},{\"@type\":\"BreadcrumbList\",\"@id\":\"https:\/\/paulrivera.it\/pl\/prodotti\/kuracje\/loud-volume-wlosy-cienkie\/loud-volume-maska-zwiekszajaca-objetosc-2\/#breadcrumb\",\"itemListElement\":[{\"@type\":\"ListItem\",\"position\":1,\"name\":\"Home\",\"item\":\"https:\/\/paulrivera.it\/pl\/\"},{\"@type\":\"ListItem\",\"position\":2,\"name\":\"Pagina shop\",\"item\":\"https:\/\/paulrivera.it\/prodotti\/\"},{\"@type\":\"ListItem\",\"position\":3,\"name\":\"Loud Volume &#8211; Maska zwi\u0119kszaj\u0105ca obj\u0119to\u015b\u0107\"}]},{\"@type\":\"WebSite\",\"@id\":\"https:\/\/paulrivera.it\/pl\/#website\",\"url\":\"https:\/\/paulrivera.it\/pl\/\",\"name\":\"Paul Rivera\",\"description\":\"Hair Beauty Celebration\",\"publisher\":{\"@id\":\"https:\/\/paulrivera.it\/pl\/#organization\"},\"potentialAction\":[{\"@type\":\"SearchAction\",\"target\":{\"@type\":\"EntryPoint\",\"urlTemplate\":\"https:\/\/paulrivera.it\/pl\/?s={search_term_string}\"},\"query-input\":{\"@type\":\"PropertyValueSpecification\",\"valueRequired\":true,\"valueName\":\"search_term_string\"}}],\"inLanguage\":\"pl-PL\"},{\"@type\":\"Organization\",\"@id\":\"https:\/\/paulrivera.it\/pl\/#organization\",\"name\":\"Paul Rivera\",\"url\":\"https:\/\/paulrivera.it\/pl\/\",\"logo\":{\"@type\":\"ImageObject\",\"inLanguage\":\"pl-PL\",\"@id\":\"https:\/\/paulrivera.it\/pl\/#\/schema\/logo\/image\/\",\"url\":\"https:\/\/paulrivera.it\/wp-content\/uploads\/2020\/02\/paul_rivera_logo_header_x2.png\",\"contentUrl\":\"https:\/\/paulrivera.it\/wp-content\/uploads\/2020\/02\/paul_rivera_logo_header_x2.png\",\"width\":470,\"height\":60,\"caption\":\"Paul Rivera\"},\"image\":{\"@id\":\"https:\/\/paulrivera.it\/pl\/#\/schema\/logo\/image\/\"}}]}<\/script>\n<!-- \/ Yoast SEO plugin. -->","yoast_head_json":{"title":"Loud Volume - Szampon zwi\u0119kszaj\u0105cy obj\u0119to\u015b\u0107 | Paul Rivera","description":"Loud Volume to maska zwi\u0119kszaj\u0105ca obj\u0119to\u015b\u0107 dla w\u0142os\u00f3w cienkich i pozbawionych obj\u0119to\u015bci, kt\u00f3re potrzebuj\u0105 o\u017cywienia i uniesienia.\u00a0","robots":{"index":"index","follow":"follow","max-snippet":"max-snippet:-1","max-image-preview":"max-image-preview:large","max-video-preview":"max-video-preview:-1"},"canonical":"https:\/\/paulrivera.it\/pl\/prodotti\/kuracje\/loud-volume-wlosy-cienkie\/loud-volume-maska-zwiekszajaca-objetosc-2\/","og_locale":"pl_PL","og_type":"article","og_title":"Loud Volume - Szampon zwi\u0119kszaj\u0105cy obj\u0119to\u015b\u0107 | Paul Rivera","og_description":"Loud Volume to maska zwi\u0119kszaj\u0105ca obj\u0119to\u015b\u0107 dla w\u0142os\u00f3w cienkich i pozbawionych obj\u0119to\u015bci, kt\u00f3re potrzebuj\u0105 o\u017cywienia i uniesienia.\u00a0","og_url":"https:\/\/paulrivera.it\/pl\/prodotti\/kuracje\/loud-volume-wlosy-cienkie\/loud-volume-maska-zwiekszajaca-objetosc-2\/","og_site_name":"Paul Rivera","article_modified_time":"2024-05-13T07:29:20+00:00","og_image":[{"width":800,"height":800,"url":"https:\/\/paulrivera.it\/wp-content\/uploads\/2022\/11\/605009_paul_rivera_loud_volume_mask_300ml.png","type":"image\/png"}],"twitter_card":"summary_large_image","twitter_misc":{"Est. reading time":"2 minutes"},"schema":{"@context":"https:\/\/schema.org","@graph":[{"@type":"WebPage","@id":"https:\/\/paulrivera.it\/pl\/prodotti\/kuracje\/loud-volume-wlosy-cienkie\/loud-volume-maska-zwiekszajaca-objetosc-2\/","url":"https:\/\/paulrivera.it\/pl\/prodotti\/kuracje\/loud-volume-wlosy-cienkie\/loud-volume-maska-zwiekszajaca-objetosc-2\/","name":"Loud Volume - Szampon zwi\u0119kszaj\u0105cy obj\u0119to\u015b\u0107 | Paul Rivera","isPartOf":{"@id":"https:\/\/paulrivera.it\/pl\/#website"},"primaryImageOfPage":{"@id":"https:\/\/paulrivera.it\/pl\/prodotti\/kuracje\/loud-volume-wlosy-cienkie\/loud-volume-maska-zwiekszajaca-objetosc-2\/#primaryimage"},"image":{"@id":"https:\/\/paulrivera.it\/pl\/prodotti\/kuracje\/loud-volume-wlosy-cienkie\/loud-volume-maska-zwiekszajaca-objetosc-2\/#primaryimage"},"thumbnailUrl":"https:\/\/paulrivera.it\/wp-content\/uploads\/2022\/11\/605009_paul_rivera_loud_volume_mask_300ml.png","datePublished":"2023-02-08T11:17:42+00:00","dateModified":"2024-05-13T07:29:20+00:00","description":"Loud Volume to maska zwi\u0119kszaj\u0105ca obj\u0119to\u015b\u0107 dla w\u0142os\u00f3w cienkich i pozbawionych obj\u0119to\u015bci, kt\u00f3re potrzebuj\u0105 o\u017cywienia i uniesienia.\u00a0","breadcrumb":{"@id":"https:\/\/paulrivera.it\/pl\/prodotti\/kuracje\/loud-volume-wlosy-cienkie\/loud-volume-maska-zwiekszajaca-objetosc-2\/#breadcrumb"},"inLanguage":"pl-PL","potentialAction":[{"@type":"ReadAction","target":["https:\/\/paulrivera.it\/pl\/prodotti\/kuracje\/loud-volume-wlosy-cienkie\/loud-volume-maska-zwiekszajaca-objetosc-2\/"]}]},{"@type":"ImageObject","inLanguage":"pl-PL","@id":"https:\/\/paulrivera.it\/pl\/prodotti\/kuracje\/loud-volume-wlosy-cienkie\/loud-volume-maska-zwiekszajaca-objetosc-2\/#primaryimage","url":"https:\/\/paulrivera.it\/wp-content\/uploads\/2022\/11\/605009_paul_rivera_loud_volume_mask_300ml.png","contentUrl":"https:\/\/paulrivera.it\/wp-content\/uploads\/2022\/11\/605009_paul_rivera_loud_volume_mask_300ml.png","width":800,"height":800},{"@type":"BreadcrumbList","@id":"https:\/\/paulrivera.it\/pl\/prodotti\/kuracje\/loud-volume-wlosy-cienkie\/loud-volume-maska-zwiekszajaca-objetosc-2\/#breadcrumb","itemListElement":[{"@type":"ListItem","position":1,"name":"Home","item":"https:\/\/paulrivera.it\/pl\/"},{"@type":"ListItem","position":2,"name":"Pagina shop","item":"https:\/\/paulrivera.it\/prodotti\/"},{"@type":"ListItem","position":3,"name":"Loud Volume &#8211; Maska zwi\u0119kszaj\u0105ca obj\u0119to\u015b\u0107"}]},{"@type":"WebSite","@id":"https:\/\/paulrivera.it\/pl\/#website","url":"https:\/\/paulrivera.it\/pl\/","name":"Paul Rivera","description":"Hair Beauty Celebration","publisher":{"@id":"https:\/\/paulrivera.it\/pl\/#organization"},"potentialAction":[{"@type":"SearchAction","target":{"@type":"EntryPoint","urlTemplate":"https:\/\/paulrivera.it\/pl\/?s={search_term_string}"},"query-input":{"@type":"PropertyValueSpecification","valueRequired":true,"valueName":"search_term_string"}}],"inLanguage":"pl-PL"},{"@type":"Organization","@id":"https:\/\/paulrivera.it\/pl\/#organization","name":"Paul Rivera","url":"https:\/\/paulrivera.it\/pl\/","logo":{"@type":"ImageObject","inLanguage":"pl-PL","@id":"https:\/\/paulrivera.it\/pl\/#\/schema\/logo\/image\/","url":"https:\/\/paulrivera.it\/wp-content\/uploads\/2020\/02\/paul_rivera_logo_header_x2.png","contentUrl":"https:\/\/paulrivera.it\/wp-content\/uploads\/2020\/02\/paul_rivera_logo_header_x2.png","width":470,"height":60,"caption":"Paul Rivera"},"image":{"@id":"https:\/\/paulrivera.it\/pl\/#\/schema\/logo\/image\/"}}]}},"_links":{"self":[{"href":"https:\/\/paulrivera.it\/pl\/wp-json\/wp\/v2\/product\/5390","targetHints":{"allow":["GET"]}}],"collection":[{"href":"https:\/\/paulrivera.it\/pl\/wp-json\/wp\/v2\/product"}],"about":[{"href":"https:\/\/paulrivera.it\/pl\/wp-json\/wp\/v2\/types\/product"}],"wp:featuredmedia":[{"embeddable":true,"href":"https:\/\/paulrivera.it\/pl\/wp-json\/wp\/v2\/media\/5235"}],"wp:attachment":[{"href":"https:\/\/paulrivera.it\/pl\/wp-json\/wp\/v2\/media?parent=5390"}],"wp:term":[{"taxonomy":"product_brand","embeddable":true,"href":"https:\/\/paulrivera.it\/pl\/wp-json\/wp\/v2\/product_brand?post=5390"},{"taxonomy":"product_cat","embeddable":true,"href":"https:\/\/paulrivera.it\/pl\/wp-json\/wp\/v2\/product_cat?post=5390"},{"taxonomy":"product_tag","embeddable":true,"href":"https:\/\/paulrivera.it\/pl\/wp-json\/wp\/v2\/product_tag?post=5390"}],"curies":[{"name":"wp","href":"https:\/\/api.w.org\/{rel}","templated":true}]}}