{"id":6345,"date":"2023-04-17T09:00:51","date_gmt":"2023-03-31T07:32:33","guid":{"rendered":"https:\/\/paulrivera.it\/?post_type=product&#038;p=6345"},"modified":"2024-05-13T09:23:12","modified_gmt":"2024-05-13T07:23:12","slug":"crystalia-krem-koloryzujacy-do-wlosow-ton-w-ton-bez-amoniaku","status":"publish","type":"product","link":"https:\/\/paulrivera.it\/pl\/prodotti\/koloryzacja\/crystalia-krem-koloryzujacy-do-wlosow-ton-w-ton-bez-amoniaku\/","title":{"rendered":"Crystalia &#8211; Krem koloryzuj\u0105cy do w\u0142os\u00f3w Ton w Ton \/ Bez amoniaku"},"content":{"rendered":"<div class=\"wpb-content-wrapper\"><p>[vc_row full_width=&#8221;stretch_row&#8221;][vc_column][vc_row_inner el_id=&#8221;desktop&#8221;][vc_column_inner width=&#8221;1\/2&#8243; css=&#8221;.vc_custom_1583137813038{padding-right: 10% !important;padding-left: 30% !important;}&#8221; offset=&#8221;vc_hidden-md vc_hidden-sm vc_hidden-xs&#8221;][vc_column_text]<\/p>\n<h1><span style=\"font-weight: 400;\">Pokochasz ten produkt za to, \u017ce<\/span><\/h1>\n<ul>\n<li style=\"font-weight: 400;\" aria-level=\"1\"><span style=\"font-weight: 400;\">Doskonale maskuje pierwsze siwe w\u0142osy\u00a0<\/span><\/li>\n<li style=\"font-weight: 400;\" aria-level=\"1\"><span style=\"font-weight: 400;\">Formu\u0142a bez amoniaku\u00a0<\/span><\/li>\n<li style=\"font-weight: 400;\" aria-level=\"1\"><span style=\"font-weight: 400;\">Podkre\u015bla naturalny kolor, czyni\u0105c go ja\u015bniejszym i bardziej wyrazistym<\/span><\/li>\n<li style=\"font-weight: 400;\" aria-level=\"1\"><span style=\"font-weight: 400;\">Koryguje niechciane refleksy spowodowane zabiegami chemicznymi, dbaj\u0105c o dobry stan w\u0142\u00f3kien w\u0142os\u00f3w<\/span><\/li>\n<li style=\"font-weight: 400;\" aria-level=\"1\"><span style=\"font-weight: 400;\">Odcienie mo\u017cna miesza\u0107, aby dostosowa\u0107 i zr\u00f3wnowa\u017cy\u0107 kolor oraz refleksy.<\/span><\/li>\n<\/ul>\n<p>[\/vc_column_text][vc_column_text]<\/p>\n<h1><span style=\"font-weight: 400;\">Sk\u0142adniki aktywne zawarte w formule<\/span><\/h1>\n<ul>\n<li style=\"font-weight: 400;\" aria-level=\"1\"><span style=\"font-weight: 400;\">Ceramidy A2: wykazuj\u0105 takie samo dzia\u0142anie jak Ceramidy i aminokwasy znajduj\u0105ce si\u0119 we w\u0142osach, aktywuj\u0105c procesy regeneracyjne zewn\u0119trznej otoczki i naprawiaj\u0105c w\u0142osy na ca\u0142ej ich d\u0142ugo\u015bci. Co wi\u0119cej, tworz\u0105 barier\u0119 ochronn\u0105, chroni\u0105c w\u0142osy wysychaniem i szkodliwymi czynnikami zewn\u0119trznymi.<\/span><\/li>\n<li style=\"font-weight: 400;\" aria-level=\"1\"><span style=\"font-weight: 400;\">Mas\u0142o Shea: bogate w witaminy A, D i E, wykazuje silne w\u0142a\u015bciwo\u015bci od\u017cywcze, antyoksydacyjne i nawil\u017caj\u0105ce. Nadaje po\u0142ysk i mi\u0119kko\u015b\u0107 w\u0142\u00f3kom w\u0142os\u00f3w oraz pomaga zapobiega\u0107 rozdwajaniu si\u0119 ko\u0144c\u00f3wek, a tak\u017ce \u0142amaniu si\u0119 w\u0142os\u00f3w, podkre\u015blaj\u0105c ich kolor, wzmacniaj\u0105c \u0142odygi i zapobiegaj\u0105c puszeniu si\u0119 w\u0142os\u00f3w.\u00a0<\/span><\/li>\n<li style=\"font-weight: 400;\" aria-level=\"1\"><span style=\"font-weight: 400;\">Ekstrakt z \u017ce\u0144-szenia: bogaty w witaminy i antyoksydanty, pobudza kr\u0105\u017cenie krwi, sprzyjaj\u0105c dotlenieniu tkanek. Zapewnia od\u017cywienie, wzmacnia mieszki w\u0142osowe i korzenie, sprzyja wzrostowi nowych w\u0142os\u00f3w oraz zapobiega ich os\u0142abieniu i \u0142amaniu. <\/span><\/li>\n<\/ul>\n<p>[\/vc_column_text][vc_column_text]<\/p>\n<h1><span style=\"font-weight: 400;\">Jak stosowa\u0107?<\/span><\/h1>\n<p><span style=\"font-weight: 400;\">W niemetalowej miseczce wymieszaj Krem Koloryzuj\u0105cy Crystalia z wybran\u0105 Emulsj\u0105 Utleniaj\u0105c\u0105 Ultra Vox, zgodnie z proporcj\u0105 (1:2) w celu: o\u017cywienia koloru i skorygowania niechcianych refleks\u00f3w (Ultravox 5 vol.), zamaskowania pierwszych siwych w\u0142os\u00f3w lub utrzymania poziomu tonacji pocz\u0105tkowej bazy (Ultravox 10 vol.).<\/span><\/p>\n<p><span style=\"font-weight: 400;\">Mo\u017cna r\u00f3wnie\u017c wymiesza\u0107 kilka odcieniu kremu, dodatkowo dodaj\u0105c Crystalia Clear, aby stworzy\u0107 niestandardowe kolory.\u00a0<\/span><\/p>\n<p><span style=\"font-weight: 400;\">Uwaga: produkt przeznaczony jest wy\u0142\u0105cznie do u\u017cytku profesjonalnego.<\/span>[\/vc_column_text][\/vc_column_inner][vc_column_inner width=&#8221;1\/2&#8243; css=&#8221;.vc_custom_1680256839322{background-image: url(https:\/\/paulrivera.it\/wp-content\/uploads\/2023\/03\/background_adv_produc_crystalia.png?id=5952) !important;background-position: center !important;background-repeat: no-repeat !important;background-size: cover !important;}&#8221; offset=&#8221;vc_hidden-md vc_hidden-sm vc_hidden-xs&#8221;][vc_single_image image=&#8221;6192&#8243; img_size=&#8221;large&#8221; alignment=&#8221;center&#8221;][\/vc_column_inner][\/vc_row_inner][vc_row_inner el_id=&#8221;tablet&#8221;][vc_column_inner offset=&#8221;vc_hidden-lg vc_hidden-xs&#8221;][vc_column_text]<\/p>\n<h1><span style=\"font-weight: 400;\">Pokochasz ten produkt za to, \u017ce<\/span><\/h1>\n<ul>\n<li style=\"font-weight: 400;\" aria-level=\"1\"><span style=\"font-weight: 400;\">Doskonale maskuje pierwsze siwe w\u0142osy\u00a0<\/span><\/li>\n<li style=\"font-weight: 400;\" aria-level=\"1\"><span style=\"font-weight: 400;\">Formu\u0142a bez amoniaku\u00a0<\/span><\/li>\n<li style=\"font-weight: 400;\" aria-level=\"1\"><span style=\"font-weight: 400;\">Podkre\u015bla naturalny kolor, czyni\u0105c go ja\u015bniejszym i bardziej wyrazistym<\/span><\/li>\n<li style=\"font-weight: 400;\" aria-level=\"1\"><span style=\"font-weight: 400;\">Koryguje niechciane refleksy spowodowane zabiegami chemicznymi, dbaj\u0105c o dobry stan w\u0142\u00f3kien w\u0142os\u00f3w<\/span><\/li>\n<li style=\"font-weight: 400;\" aria-level=\"1\"><span style=\"font-weight: 400;\">Odcienie mo\u017cna miesza\u0107, aby dostosowa\u0107 i zr\u00f3wnowa\u017cy\u0107 kolor oraz refleksy.<\/span><\/li>\n<\/ul>\n<p>[\/vc_column_text][vc_column_text]<\/p>\n<h1><span style=\"font-weight: 400;\">Sk\u0142adniki aktywne zawarte w formule<\/span><\/h1>\n<ul>\n<li style=\"font-weight: 400;\" aria-level=\"1\"><span style=\"font-weight: 400;\">Ceramidy A2: wykazuj\u0105 takie samo dzia\u0142anie jak Ceramidy i aminokwasy znajduj\u0105ce si\u0119 we w\u0142osach, aktywuj\u0105c procesy regeneracyjne zewn\u0119trznej otoczki i naprawiaj\u0105c w\u0142osy na ca\u0142ej ich d\u0142ugo\u015bci. Co wi\u0119cej, tworz\u0105 barier\u0119 ochronn\u0105, chroni\u0105c w\u0142osy wysychaniem i szkodliwymi czynnikami zewn\u0119trznymi.<\/span><\/li>\n<li style=\"font-weight: 400;\" aria-level=\"1\"><span style=\"font-weight: 400;\">Mas\u0142o Shea: bogate w witaminy A, D i E, wykazuje silne w\u0142a\u015bciwo\u015bci od\u017cywcze, antyoksydacyjne i nawil\u017caj\u0105ce. Nadaje po\u0142ysk i mi\u0119kko\u015b\u0107 w\u0142\u00f3kom w\u0142os\u00f3w oraz pomaga zapobiega\u0107 rozdwajaniu si\u0119 ko\u0144c\u00f3wek, a tak\u017ce \u0142amaniu si\u0119 w\u0142os\u00f3w, podkre\u015blaj\u0105c ich kolor, wzmacniaj\u0105c \u0142odygi i zapobiegaj\u0105c puszeniu si\u0119 w\u0142os\u00f3w.\u00a0<\/span><\/li>\n<li style=\"font-weight: 400;\" aria-level=\"1\"><span style=\"font-weight: 400;\">Ekstrakt z \u017ce\u0144-szenia: bogaty w witaminy i antyoksydanty, pobudza kr\u0105\u017cenie krwi, sprzyjaj\u0105c dotlenieniu tkanek. Zapewnia od\u017cywienie, wzmacnia mieszki w\u0142osowe i korzenie, sprzyja wzrostowi nowych w\u0142os\u00f3w oraz zapobiega ich os\u0142abieniu i \u0142amaniu. <\/span><\/li>\n<\/ul>\n<p>[\/vc_column_text][vc_column_text]<\/p>\n<h1><span style=\"font-weight: 400;\">Jak stosowa\u0107?<\/span><\/h1>\n<p><span style=\"font-weight: 400;\">W niemetalowej miseczce wymieszaj Krem Koloryzuj\u0105cy Crystalia z wybran\u0105 Emulsj\u0105 Utleniaj\u0105c\u0105 Ultra Vox, zgodnie z proporcj\u0105 (1:2) w celu: o\u017cywienia koloru i skorygowania niechcianych refleks\u00f3w (Ultravox 5 vol.), zamaskowania pierwszych siwych w\u0142os\u00f3w lub utrzymania poziomu tonacji pocz\u0105tkowej bazy (Ultravox 10 vol.).<\/span><\/p>\n<p><span style=\"font-weight: 400;\">Mo\u017cna r\u00f3wnie\u017c wymiesza\u0107 kilka odcieniu kremu, dodatkowo dodaj\u0105c Crystalia Clear, aby stworzy\u0107 niestandardowe kolory.\u00a0<\/span><\/p>\n<p><span style=\"font-weight: 400;\">Uwaga: produkt przeznaczony jest wy\u0142\u0105cznie do u\u017cytku profesjonalnego.<\/span>[\/vc_column_text][\/vc_column_inner][\/vc_row_inner][vc_row_inner el_id=&#8221;mobile&#8221;][vc_column_inner width=&#8221;1\/2&#8243; offset=&#8221;vc_hidden-lg vc_hidden-md vc_hidden-sm&#8221;][vc_column_text]<\/p>\n<h1><span style=\"font-weight: 400;\">Pokochasz ten produkt za to, \u017ce<\/span><\/h1>\n<ul>\n<li style=\"font-weight: 400;\" aria-level=\"1\"><span style=\"font-weight: 400;\">Doskonale maskuje pierwsze siwe w\u0142osy\u00a0<\/span><\/li>\n<li style=\"font-weight: 400;\" aria-level=\"1\"><span style=\"font-weight: 400;\">Formu\u0142a bez amoniaku\u00a0<\/span><\/li>\n<li style=\"font-weight: 400;\" aria-level=\"1\"><span style=\"font-weight: 400;\">Podkre\u015bla naturalny kolor, czyni\u0105c go ja\u015bniejszym i bardziej wyrazistym<\/span><\/li>\n<li style=\"font-weight: 400;\" aria-level=\"1\"><span style=\"font-weight: 400;\">Koryguje niechciane refleksy spowodowane zabiegami chemicznymi, dbaj\u0105c o dobry stan w\u0142\u00f3kien w\u0142os\u00f3w<\/span><\/li>\n<li style=\"font-weight: 400;\" aria-level=\"1\"><span style=\"font-weight: 400;\">Odcienie mo\u017cna miesza\u0107, aby dostosowa\u0107 i zr\u00f3wnowa\u017cy\u0107 kolor oraz refleksy.<\/span><\/li>\n<\/ul>\n<p>[\/vc_column_text][vc_column_text]<\/p>\n<h1><span style=\"font-weight: 400;\">Sk\u0142adniki aktywne zawarte w formule<\/span><\/h1>\n<ul>\n<li style=\"font-weight: 400;\" aria-level=\"1\"><span style=\"font-weight: 400;\">Ceramidy A2: wykazuj\u0105 takie samo dzia\u0142anie jak Ceramidy i aminokwasy znajduj\u0105ce si\u0119 we w\u0142osach, aktywuj\u0105c procesy regeneracyjne zewn\u0119trznej otoczki i naprawiaj\u0105c w\u0142osy na ca\u0142ej ich d\u0142ugo\u015bci. Co wi\u0119cej, tworz\u0105 barier\u0119 ochronn\u0105, chroni\u0105c w\u0142osy wysychaniem i szkodliwymi czynnikami zewn\u0119trznymi.<\/span><\/li>\n<li style=\"font-weight: 400;\" aria-level=\"1\"><span style=\"font-weight: 400;\">Mas\u0142o Shea: bogate w witaminy A, D i E, wykazuje silne w\u0142a\u015bciwo\u015bci od\u017cywcze, antyoksydacyjne i nawil\u017caj\u0105ce. Nadaje po\u0142ysk i mi\u0119kko\u015b\u0107 w\u0142\u00f3kom w\u0142os\u00f3w oraz pomaga zapobiega\u0107 rozdwajaniu si\u0119 ko\u0144c\u00f3wek, a tak\u017ce \u0142amaniu si\u0119 w\u0142os\u00f3w, podkre\u015blaj\u0105c ich kolor, wzmacniaj\u0105c \u0142odygi i zapobiegaj\u0105c puszeniu si\u0119 w\u0142os\u00f3w.\u00a0<\/span><\/li>\n<li style=\"font-weight: 400;\" aria-level=\"1\"><span style=\"font-weight: 400;\">Ekstrakt z \u017ce\u0144-szenia: bogaty w witaminy i antyoksydanty, pobudza kr\u0105\u017cenie krwi, sprzyjaj\u0105c dotlenieniu tkanek. Zapewnia od\u017cywienie, wzmacnia mieszki w\u0142osowe i korzenie, sprzyja wzrostowi nowych w\u0142os\u00f3w oraz zapobiega ich os\u0142abieniu i \u0142amaniu. <\/span><\/li>\n<\/ul>\n<p>[\/vc_column_text][vc_column_text]<\/p>\n<h1><span style=\"font-weight: 400;\">Jak stosowa\u0107?<\/span><\/h1>\n<p><span style=\"font-weight: 400;\">W niemetalowej miseczce wymieszaj Krem Koloryzuj\u0105cy Crystalia z wybran\u0105 Emulsj\u0105 Utleniaj\u0105c\u0105 Ultra Vox, zgodnie z proporcj\u0105 (1:2) w celu: o\u017cywienia koloru i skorygowania niechcianych refleks\u00f3w (Ultravox 5 vol.), zamaskowania pierwszych siwych w\u0142os\u00f3w lub utrzymania poziomu tonacji pocz\u0105tkowej bazy (Ultravox 10 vol.).<\/span><\/p>\n<p><span style=\"font-weight: 400;\">Mo\u017cna r\u00f3wnie\u017c wymiesza\u0107 kilka odcieniu kremu, dodatkowo dodaj\u0105c Crystalia Clear, aby stworzy\u0107 niestandardowe kolory.\u00a0<\/span><\/p>\n<p><span style=\"font-weight: 400;\">Uwaga: produkt przeznaczony jest wy\u0142\u0105cznie do u\u017cytku profesjonalnego.<\/span>[\/vc_column_text][\/vc_column_inner][vc_column_inner width=&#8221;1\/2&#8243; css=&#8221;.vc_custom_1680257132236{background-image: url(https:\/\/paulrivera.it\/wp-content\/uploads\/2023\/03\/background_adv_produc_crystalia.png?id=5952) !important;background-position: center !important;background-repeat: no-repeat !important;background-size: cover !important;}&#8221; offset=&#8221;vc_hidden-lg vc_hidden-md vc_hidden-sm&#8221;][vc_single_image image=&#8221;6192&#8243; img_size=&#8221;large&#8221; alignment=&#8221;center&#8221;][\/vc_column_inner][\/vc_row_inner][\/vc_column][\/vc_row][vc_row css=&#8221;.vc_custom_1582192829011{padding-top: 50px !important;}&#8221;][vc_column][vc_row_inner][vc_column_inner][vc_column_text]<\/p>\n<h1 style=\"text-align: center;\"><span style=\"font-weight: 400;\">Spodoba Ci si\u0119 r\u00f3wnie\u017c<\/span><\/h1>\n<p>[\/vc_column_text][\/vc_column_inner][\/vc_row_inner][vc_raw_html]JTVCd3BiLXByb2R1Y3Qtc2xpZGVyLXNob3J0Y29kZSUyMGlkJTNEJTIyMTY4JTIyJTVE[\/vc_raw_html][\/vc_column][\/vc_row]<\/p>\n<\/div>","protected":false},"excerpt":{"rendered":"<p><b>Crystalia<\/b><span style=\"font-weight: 400;\"> to <\/span><b>krem koloryzuj\u0105cy ton w ton bez amoniaku<\/b><span style=\"font-weight: 400;\">, kt\u00f3ry spersonalizuje Twoje w\u0142osy, nadaj\u0105c im <\/span><b>r\u00f3wnomierny wygl\u0105d pe\u0142en blasku.<\/b><span style=\"font-weight: 400;\">\u00a0<\/span><\/p>\n<p><span style=\"font-weight: 400;\">Dzi\u0119ki <\/span><b>delikatnemu dzia\u0142aniu<\/b><span style=\"font-weight: 400;\">, jest to nie tylko idealna koloryzacja w przypadku <\/span><b>pierwszych siwych w\u0142os\u00f3w<\/b><span style=\"font-weight: 400;\">, ale tak\u017ce idealny sprzymierzeniec w <\/span><b>barwieniu<\/b><span style=\"font-weight: 400;\">, <\/span><b>tonowaniu i o\u017cywianiu koloru refleks\u00f3w farbowanych w\u0142os\u00f3w.<\/b><\/p>\n<p><span style=\"font-weight: 400;\">Formu\u0142a najnowszej generacji zosta\u0142a wzbogacona o <\/span><b>Multi-Crystal Power<\/b><span style=\"font-weight: 400;\">: cenne po\u0142\u0105czenie sk\u0142adnik\u00f3w aktywnych, kt\u00f3re wraz z <\/span><b>Mas\u0142em Shea, \u017be\u0144-szeniem<\/b><span style=\"font-weight: 400;\"> i <\/span><b>Ceramidami A<\/b><b>2<\/b><span style=\"font-weight: 400;\">, sprawia, \u017ce koloryzacja jest lekka, a jej dzia\u0142anie nieagresywne, co gwarantuje wysok\u0105 wydajno\u015b\u0107 i maksymaln\u0105 dba\u0142o\u015b\u0107 o stan w\u0142\u00f3kien w\u0142os\u00f3w.\u00a0<\/span><\/p>\n<p><span style=\"font-weight: 400;\">100 ml<\/span><\/p>\n<p>&nbsp;<\/p>\n[maxbutton id=\"8\"]\n<p><span style=\"font-weight: 400;\">44 odcieni podzielonych na 12 rodzin kolorystycznych<\/span><\/p>\n<p><span style=\"font-weight: 400;\">Mieszanie 1:2<\/span><\/p>\n","protected":false},"featured_media":5967,"template":"","meta":[],"product_brand":[],"product_cat":[693],"product_tag":[],"class_list":{"0":"post-6345","1":"product","2":"type-product","3":"status-publish","4":"has-post-thumbnail","6":"product_cat-koloryzacja","7":"description-off","9":"first","10":"instock","11":"shipping-taxable","12":"purchasable","13":"product-type-variable"},"yoast_head":"<!-- This site is optimized with the Yoast SEO plugin v27.2 - https:\/\/yoast.com\/product\/yoast-seo-wordpress\/ -->\n<title>Crystalia - Krem koloryzuj\u0105cy do w\u0142os\u00f3w Ton w Ton \/ Bez amoniaku<\/title>\n<meta name=\"description\" content=\"Crystalia to krem koloryzuj\u0105cy ton w ton bez amoniaku, kt\u00f3ry spersonalizuje Twoje w\u0142osy, nadaj\u0105c im r\u00f3wnomierny wygl\u0105d pe\u0142en blasku.\" \/>\n<meta name=\"robots\" content=\"index, follow, max-snippet:-1, max-image-preview:large, max-video-preview:-1\" \/>\n<link rel=\"canonical\" href=\"https:\/\/paulrivera.it\/pl\/prodotti\/koloryzacja\/crystalia-krem-koloryzujacy-do-wlosow-ton-w-ton-bez-amoniaku\/\" \/>\n<meta property=\"og:locale\" content=\"pl_PL\" \/>\n<meta property=\"og:type\" content=\"article\" \/>\n<meta property=\"og:title\" content=\"Crystalia - Krem koloryzuj\u0105cy do w\u0142os\u00f3w Ton w Ton \/ Bez amoniaku\" \/>\n<meta property=\"og:description\" content=\"Crystalia to krem koloryzuj\u0105cy ton w ton bez amoniaku, kt\u00f3ry spersonalizuje Twoje w\u0142osy, nadaj\u0105c im r\u00f3wnomierny wygl\u0105d pe\u0142en blasku.\" \/>\n<meta property=\"og:url\" content=\"https:\/\/paulrivera.it\/pl\/prodotti\/koloryzacja\/crystalia-krem-koloryzujacy-do-wlosow-ton-w-ton-bez-amoniaku\/\" \/>\n<meta property=\"og:site_name\" content=\"Paul Rivera\" \/>\n<meta property=\"article:modified_time\" content=\"2024-05-13T07:23:12+00:00\" \/>\n<meta property=\"og:image\" content=\"https:\/\/paulrivera.it\/wp-content\/uploads\/2023\/03\/6033xx_paul_rivera_crystalia_100ml_-1.png\" \/>\n\t<meta property=\"og:image:width\" content=\"800\" \/>\n\t<meta property=\"og:image:height\" content=\"800\" \/>\n\t<meta property=\"og:image:type\" content=\"image\/png\" \/>\n<meta name=\"twitter:card\" content=\"summary_large_image\" \/>\n<meta name=\"twitter:label1\" content=\"Est. reading time\" \/>\n\t<meta name=\"twitter:data1\" content=\"5 minutes\" \/>\n<script type=\"application\/ld+json\" class=\"yoast-schema-graph\">{\"@context\":\"https:\/\/schema.org\",\"@graph\":[{\"@type\":\"WebPage\",\"@id\":\"https:\/\/paulrivera.it\/pl\/prodotti\/koloryzacja\/crystalia-krem-koloryzujacy-do-wlosow-ton-w-ton-bez-amoniaku\/\",\"url\":\"https:\/\/paulrivera.it\/pl\/prodotti\/koloryzacja\/crystalia-krem-koloryzujacy-do-wlosow-ton-w-ton-bez-amoniaku\/\",\"name\":\"Crystalia - Krem koloryzuj\u0105cy do w\u0142os\u00f3w Ton w Ton \/ Bez amoniaku\",\"isPartOf\":{\"@id\":\"https:\/\/paulrivera.it\/pl\/#website\"},\"primaryImageOfPage\":{\"@id\":\"https:\/\/paulrivera.it\/pl\/prodotti\/koloryzacja\/crystalia-krem-koloryzujacy-do-wlosow-ton-w-ton-bez-amoniaku\/#primaryimage\"},\"image\":{\"@id\":\"https:\/\/paulrivera.it\/pl\/prodotti\/koloryzacja\/crystalia-krem-koloryzujacy-do-wlosow-ton-w-ton-bez-amoniaku\/#primaryimage\"},\"thumbnailUrl\":\"https:\/\/paulrivera.it\/wp-content\/uploads\/2023\/03\/6033xx_paul_rivera_crystalia_100ml_-1.png\",\"datePublished\":\"2023-03-31T07:32:33+00:00\",\"dateModified\":\"2024-05-13T07:23:12+00:00\",\"description\":\"Crystalia to krem koloryzuj\u0105cy ton w ton bez amoniaku, kt\u00f3ry spersonalizuje Twoje w\u0142osy, nadaj\u0105c im r\u00f3wnomierny wygl\u0105d pe\u0142en blasku.\",\"breadcrumb\":{\"@id\":\"https:\/\/paulrivera.it\/pl\/prodotti\/koloryzacja\/crystalia-krem-koloryzujacy-do-wlosow-ton-w-ton-bez-amoniaku\/#breadcrumb\"},\"inLanguage\":\"pl-PL\",\"potentialAction\":[{\"@type\":\"ReadAction\",\"target\":[\"https:\/\/paulrivera.it\/pl\/prodotti\/koloryzacja\/crystalia-krem-koloryzujacy-do-wlosow-ton-w-ton-bez-amoniaku\/\"]}]},{\"@type\":\"ImageObject\",\"inLanguage\":\"pl-PL\",\"@id\":\"https:\/\/paulrivera.it\/pl\/prodotti\/koloryzacja\/crystalia-krem-koloryzujacy-do-wlosow-ton-w-ton-bez-amoniaku\/#primaryimage\",\"url\":\"https:\/\/paulrivera.it\/wp-content\/uploads\/2023\/03\/6033xx_paul_rivera_crystalia_100ml_-1.png\",\"contentUrl\":\"https:\/\/paulrivera.it\/wp-content\/uploads\/2023\/03\/6033xx_paul_rivera_crystalia_100ml_-1.png\",\"width\":800,\"height\":800},{\"@type\":\"BreadcrumbList\",\"@id\":\"https:\/\/paulrivera.it\/pl\/prodotti\/koloryzacja\/crystalia-krem-koloryzujacy-do-wlosow-ton-w-ton-bez-amoniaku\/#breadcrumb\",\"itemListElement\":[{\"@type\":\"ListItem\",\"position\":1,\"name\":\"Home\",\"item\":\"https:\/\/paulrivera.it\/pl\/\"},{\"@type\":\"ListItem\",\"position\":2,\"name\":\"Pagina shop\",\"item\":\"https:\/\/paulrivera.it\/prodotti\/\"},{\"@type\":\"ListItem\",\"position\":3,\"name\":\"Crystalia &#8211; Krem koloryzuj\u0105cy do w\u0142os\u00f3w Ton w Ton \/ Bez amoniaku\"}]},{\"@type\":\"WebSite\",\"@id\":\"https:\/\/paulrivera.it\/pl\/#website\",\"url\":\"https:\/\/paulrivera.it\/pl\/\",\"name\":\"Paul Rivera\",\"description\":\"Hair Beauty Celebration\",\"publisher\":{\"@id\":\"https:\/\/paulrivera.it\/pl\/#organization\"},\"potentialAction\":[{\"@type\":\"SearchAction\",\"target\":{\"@type\":\"EntryPoint\",\"urlTemplate\":\"https:\/\/paulrivera.it\/pl\/?s={search_term_string}\"},\"query-input\":{\"@type\":\"PropertyValueSpecification\",\"valueRequired\":true,\"valueName\":\"search_term_string\"}}],\"inLanguage\":\"pl-PL\"},{\"@type\":\"Organization\",\"@id\":\"https:\/\/paulrivera.it\/pl\/#organization\",\"name\":\"Paul Rivera\",\"url\":\"https:\/\/paulrivera.it\/pl\/\",\"logo\":{\"@type\":\"ImageObject\",\"inLanguage\":\"pl-PL\",\"@id\":\"https:\/\/paulrivera.it\/pl\/#\/schema\/logo\/image\/\",\"url\":\"https:\/\/paulrivera.it\/wp-content\/uploads\/2020\/02\/paul_rivera_logo_header_x2.png\",\"contentUrl\":\"https:\/\/paulrivera.it\/wp-content\/uploads\/2020\/02\/paul_rivera_logo_header_x2.png\",\"width\":470,\"height\":60,\"caption\":\"Paul Rivera\"},\"image\":{\"@id\":\"https:\/\/paulrivera.it\/pl\/#\/schema\/logo\/image\/\"}}]}<\/script>\n<!-- \/ Yoast SEO plugin. -->","yoast_head_json":{"title":"Crystalia - Krem koloryzuj\u0105cy do w\u0142os\u00f3w Ton w Ton \/ Bez amoniaku","description":"Crystalia to krem koloryzuj\u0105cy ton w ton bez amoniaku, kt\u00f3ry spersonalizuje Twoje w\u0142osy, nadaj\u0105c im r\u00f3wnomierny wygl\u0105d pe\u0142en blasku.","robots":{"index":"index","follow":"follow","max-snippet":"max-snippet:-1","max-image-preview":"max-image-preview:large","max-video-preview":"max-video-preview:-1"},"canonical":"https:\/\/paulrivera.it\/pl\/prodotti\/koloryzacja\/crystalia-krem-koloryzujacy-do-wlosow-ton-w-ton-bez-amoniaku\/","og_locale":"pl_PL","og_type":"article","og_title":"Crystalia - Krem koloryzuj\u0105cy do w\u0142os\u00f3w Ton w Ton \/ Bez amoniaku","og_description":"Crystalia to krem koloryzuj\u0105cy ton w ton bez amoniaku, kt\u00f3ry spersonalizuje Twoje w\u0142osy, nadaj\u0105c im r\u00f3wnomierny wygl\u0105d pe\u0142en blasku.","og_url":"https:\/\/paulrivera.it\/pl\/prodotti\/koloryzacja\/crystalia-krem-koloryzujacy-do-wlosow-ton-w-ton-bez-amoniaku\/","og_site_name":"Paul Rivera","article_modified_time":"2024-05-13T07:23:12+00:00","og_image":[{"width":800,"height":800,"url":"https:\/\/paulrivera.it\/wp-content\/uploads\/2023\/03\/6033xx_paul_rivera_crystalia_100ml_-1.png","type":"image\/png"}],"twitter_card":"summary_large_image","twitter_misc":{"Est. reading time":"5 minutes"},"schema":{"@context":"https:\/\/schema.org","@graph":[{"@type":"WebPage","@id":"https:\/\/paulrivera.it\/pl\/prodotti\/koloryzacja\/crystalia-krem-koloryzujacy-do-wlosow-ton-w-ton-bez-amoniaku\/","url":"https:\/\/paulrivera.it\/pl\/prodotti\/koloryzacja\/crystalia-krem-koloryzujacy-do-wlosow-ton-w-ton-bez-amoniaku\/","name":"Crystalia - Krem koloryzuj\u0105cy do w\u0142os\u00f3w Ton w Ton \/ Bez amoniaku","isPartOf":{"@id":"https:\/\/paulrivera.it\/pl\/#website"},"primaryImageOfPage":{"@id":"https:\/\/paulrivera.it\/pl\/prodotti\/koloryzacja\/crystalia-krem-koloryzujacy-do-wlosow-ton-w-ton-bez-amoniaku\/#primaryimage"},"image":{"@id":"https:\/\/paulrivera.it\/pl\/prodotti\/koloryzacja\/crystalia-krem-koloryzujacy-do-wlosow-ton-w-ton-bez-amoniaku\/#primaryimage"},"thumbnailUrl":"https:\/\/paulrivera.it\/wp-content\/uploads\/2023\/03\/6033xx_paul_rivera_crystalia_100ml_-1.png","datePublished":"2023-03-31T07:32:33+00:00","dateModified":"2024-05-13T07:23:12+00:00","description":"Crystalia to krem koloryzuj\u0105cy ton w ton bez amoniaku, kt\u00f3ry spersonalizuje Twoje w\u0142osy, nadaj\u0105c im r\u00f3wnomierny wygl\u0105d pe\u0142en blasku.","breadcrumb":{"@id":"https:\/\/paulrivera.it\/pl\/prodotti\/koloryzacja\/crystalia-krem-koloryzujacy-do-wlosow-ton-w-ton-bez-amoniaku\/#breadcrumb"},"inLanguage":"pl-PL","potentialAction":[{"@type":"ReadAction","target":["https:\/\/paulrivera.it\/pl\/prodotti\/koloryzacja\/crystalia-krem-koloryzujacy-do-wlosow-ton-w-ton-bez-amoniaku\/"]}]},{"@type":"ImageObject","inLanguage":"pl-PL","@id":"https:\/\/paulrivera.it\/pl\/prodotti\/koloryzacja\/crystalia-krem-koloryzujacy-do-wlosow-ton-w-ton-bez-amoniaku\/#primaryimage","url":"https:\/\/paulrivera.it\/wp-content\/uploads\/2023\/03\/6033xx_paul_rivera_crystalia_100ml_-1.png","contentUrl":"https:\/\/paulrivera.it\/wp-content\/uploads\/2023\/03\/6033xx_paul_rivera_crystalia_100ml_-1.png","width":800,"height":800},{"@type":"BreadcrumbList","@id":"https:\/\/paulrivera.it\/pl\/prodotti\/koloryzacja\/crystalia-krem-koloryzujacy-do-wlosow-ton-w-ton-bez-amoniaku\/#breadcrumb","itemListElement":[{"@type":"ListItem","position":1,"name":"Home","item":"https:\/\/paulrivera.it\/pl\/"},{"@type":"ListItem","position":2,"name":"Pagina shop","item":"https:\/\/paulrivera.it\/prodotti\/"},{"@type":"ListItem","position":3,"name":"Crystalia &#8211; Krem koloryzuj\u0105cy do w\u0142os\u00f3w Ton w Ton \/ Bez amoniaku"}]},{"@type":"WebSite","@id":"https:\/\/paulrivera.it\/pl\/#website","url":"https:\/\/paulrivera.it\/pl\/","name":"Paul Rivera","description":"Hair Beauty Celebration","publisher":{"@id":"https:\/\/paulrivera.it\/pl\/#organization"},"potentialAction":[{"@type":"SearchAction","target":{"@type":"EntryPoint","urlTemplate":"https:\/\/paulrivera.it\/pl\/?s={search_term_string}"},"query-input":{"@type":"PropertyValueSpecification","valueRequired":true,"valueName":"search_term_string"}}],"inLanguage":"pl-PL"},{"@type":"Organization","@id":"https:\/\/paulrivera.it\/pl\/#organization","name":"Paul Rivera","url":"https:\/\/paulrivera.it\/pl\/","logo":{"@type":"ImageObject","inLanguage":"pl-PL","@id":"https:\/\/paulrivera.it\/pl\/#\/schema\/logo\/image\/","url":"https:\/\/paulrivera.it\/wp-content\/uploads\/2020\/02\/paul_rivera_logo_header_x2.png","contentUrl":"https:\/\/paulrivera.it\/wp-content\/uploads\/2020\/02\/paul_rivera_logo_header_x2.png","width":470,"height":60,"caption":"Paul Rivera"},"image":{"@id":"https:\/\/paulrivera.it\/pl\/#\/schema\/logo\/image\/"}}]}},"_links":{"self":[{"href":"https:\/\/paulrivera.it\/pl\/wp-json\/wp\/v2\/product\/6345","targetHints":{"allow":["GET"]}}],"collection":[{"href":"https:\/\/paulrivera.it\/pl\/wp-json\/wp\/v2\/product"}],"about":[{"href":"https:\/\/paulrivera.it\/pl\/wp-json\/wp\/v2\/types\/product"}],"wp:featuredmedia":[{"embeddable":true,"href":"https:\/\/paulrivera.it\/pl\/wp-json\/wp\/v2\/media\/5967"}],"wp:attachment":[{"href":"https:\/\/paulrivera.it\/pl\/wp-json\/wp\/v2\/media?parent=6345"}],"wp:term":[{"taxonomy":"product_brand","embeddable":true,"href":"https:\/\/paulrivera.it\/pl\/wp-json\/wp\/v2\/product_brand?post=6345"},{"taxonomy":"product_cat","embeddable":true,"href":"https:\/\/paulrivera.it\/pl\/wp-json\/wp\/v2\/product_cat?post=6345"},{"taxonomy":"product_tag","embeddable":true,"href":"https:\/\/paulrivera.it\/pl\/wp-json\/wp\/v2\/product_tag?post=6345"}],"curies":[{"name":"wp","href":"https:\/\/api.w.org\/{rel}","templated":true}]}}