{"id":7406,"date":"2023-04-17T09:00:17","date_gmt":"2023-03-31T10:58:24","guid":{"rendered":"https:\/\/paulrivera.it\/?post_type=product&#038;p=7406"},"modified":"2024-05-13T09:23:46","modified_gmt":"2024-05-13T07:23:46","slug":"crystalia-clear-rozswietlajacy-nablyszczacz","status":"publish","type":"product","link":"https:\/\/paulrivera.it\/pl\/prodotti\/koloryzacja\/crystalia-clear-rozswietlajacy-nablyszczacz\/","title":{"rendered":"Crystalia Clear &#8211; Roz\u015bwietlaj\u0105cy Nab\u0142yszczacz"},"content":{"rendered":"<div class=\"wpb-content-wrapper\"><p>[vc_row full_width=&#8221;stretch_row&#8221;][vc_column][vc_row_inner el_id=&#8221;desktop&#8221;][vc_column_inner width=&#8221;1\/2&#8243; css=&#8221;.vc_custom_1583138468649{padding-right: 10% !important;padding-left: 30% !important;}&#8221; offset=&#8221;vc_hidden-md vc_hidden-sm vc_hidden-xs&#8221;][vc_column_text]<\/p>\n<h1>Pokochasz ten produkt za to, \u017ce<\/h1>\n<ul>\n<li style=\"font-weight: 400;\" aria-level=\"1\"><span style=\"font-weight: 400;\">Formu\u0142a bez amoniaku\u00a0<\/span><\/li>\n<li style=\"font-weight: 400;\" aria-level=\"1\"><span style=\"font-weight: 400;\">Mo\u017cliwo\u015b\u0107 personalizacji kolor\u00f3w refleks\u00f3w oraz efekt extra gloss<\/span><\/li>\n<li style=\"font-weight: 400;\" aria-level=\"1\"><span style=\"font-weight: 400;\">P\u0142ynna konsystencja, \u0142atwa i szybka w aplikacji<\/span><\/li>\n<li style=\"font-weight: 400;\" aria-level=\"1\"><span style=\"font-weight: 400;\">Natychmiastowa regeneracja i efekt kosmetyczny<\/span><\/li>\n<li style=\"font-weight: 400;\" aria-level=\"1\"><span style=\"font-weight: 400;\">Idealny do przed\u0142u\u017cenia trwa\u0142o\u015bci koloru<\/span><\/li>\n<\/ul>\n<p>[\/vc_column_text][vc_column_text]<\/p>\n<h1>Sk\u0142adniki aktywne zawarte w formule<\/h1>\n<ul>\n<li style=\"font-weight: 400;\" aria-level=\"1\"><span style=\"font-weight: 400;\">Ceramidy A<\/span><span style=\"font-weight: 400;\">2<\/span><span style=\"font-weight: 400;\">: o wyj\u0105tkowych w\u0142a\u015bciwo\u015bciach regeneracyjnych i ochronnych, odtwarzaj\u0105 dzia\u0142anie ceramid\u00f3w i aminokwas\u00f3w zawartych we w\u0142osach.<\/span><\/li>\n<li style=\"font-weight: 400;\" aria-level=\"1\"><span style=\"font-weight: 400;\">Mas\u0142o Shea: bogate w witaminy A, D i E, wykazuje silne dzia\u0142anie antyoksydacyjne i wzmacniaj\u0105ce w\u0142osy.<\/span><\/li>\n<li style=\"font-weight: 400;\" aria-level=\"1\"><span style=\"font-weight: 400;\">Ekstrakt z \u017ce\u0144-szenia: bogaty w witaminy i antyoksydanty, o wyj\u0105tkowych w\u0142a\u015bciwo\u015bciach od\u017cywczych, antyoksydacyjnych i nawil\u017caj\u0105cych. Wzmacnia mieszki w\u0142osowe i korzenie, sprzyjaj\u0105c wzrostowi nowych w\u0142os\u00f3w oraz zapobiegaj\u0105c ich os\u0142abieniu i \u0142amaniu. <\/span><\/li>\n<\/ul>\n<p>[\/vc_column_text][vc_column_text]<\/p>\n<h1>Jak stosowa\u0107?<\/h1>\n<p><span style=\"font-weight: 400;\">Na\u0142o\u017cy\u0107 na ca\u0142\u0105 d\u0142ugo\u015b\u0107 w\u0142os\u00f3w i pozostawi\u0107 na 20\/30 minut.\u00a0<\/span><\/p>\n<p><span style=\"font-weight: 400;\">Produkt mo\u017ce by\u0107 stosowany samodzielnie, po zabiegach koloryzacji i dekoloryzacji lub w po\u0142\u0105czeniu z odcieniami Crystalia, a tak\u017ce ze wszystkimi pozosta\u0142ymi zabiegami marki Paul Rivera, aby uzyska\u0107 osza\u0142amiaj\u0105cy efekt pe\u0142en blasku.<\/span>[\/vc_column_text][\/vc_column_inner][vc_column_inner width=&#8221;1\/2&#8243; css=&#8221;.vc_custom_1680266117318{background-image: url(https:\/\/paulrivera.it\/wp-content\/uploads\/2023\/03\/background_adv_produc_crystalia.png?id=5952) !important;background-position: center !important;background-repeat: no-repeat !important;background-size: cover !important;}&#8221; offset=&#8221;vc_hidden-md vc_hidden-sm vc_hidden-xs&#8221;][vc_single_image image=&#8221;5962&#8243; img_size=&#8221;large&#8221; alignment=&#8221;center&#8221;][\/vc_column_inner][\/vc_row_inner][vc_row_inner el_id=&#8221;tablet&#8221;][vc_column_inner offset=&#8221;vc_hidden-lg vc_hidden-xs&#8221;][vc_column_text]<\/p>\n<h1>Pokochasz ten produkt za to, \u017ce<\/h1>\n<ul>\n<li style=\"font-weight: 400;\" aria-level=\"1\"><span style=\"font-weight: 400;\">Formu\u0142a bez amoniaku\u00a0<\/span><\/li>\n<li style=\"font-weight: 400;\" aria-level=\"1\"><span style=\"font-weight: 400;\">Mo\u017cliwo\u015b\u0107 personalizacji kolor\u00f3w refleks\u00f3w oraz efekt extra gloss<\/span><\/li>\n<li style=\"font-weight: 400;\" aria-level=\"1\"><span style=\"font-weight: 400;\">P\u0142ynna konsystencja, \u0142atwa i szybka w aplikacji<\/span><\/li>\n<li style=\"font-weight: 400;\" aria-level=\"1\"><span style=\"font-weight: 400;\">Natychmiastowa regeneracja i efekt kosmetyczny<\/span><\/li>\n<li style=\"font-weight: 400;\" aria-level=\"1\"><span style=\"font-weight: 400;\">Idealny do przed\u0142u\u017cenia trwa\u0142o\u015bci koloru<\/span><\/li>\n<\/ul>\n<p>[\/vc_column_text][vc_column_text]<\/p>\n<h1>Sk\u0142adniki aktywne zawarte w formule<\/h1>\n<ul>\n<li style=\"font-weight: 400;\" aria-level=\"1\"><span style=\"font-weight: 400;\">Ceramidy A<\/span><span style=\"font-weight: 400;\">2<\/span><span style=\"font-weight: 400;\">: o wyj\u0105tkowych w\u0142a\u015bciwo\u015bciach regeneracyjnych i ochronnych, odtwarzaj\u0105 dzia\u0142anie ceramid\u00f3w i aminokwas\u00f3w zawartych we w\u0142osach.<\/span><\/li>\n<li style=\"font-weight: 400;\" aria-level=\"1\"><span style=\"font-weight: 400;\">Mas\u0142o Shea: bogate w witaminy A, D i E, wykazuje silne dzia\u0142anie antyoksydacyjne i wzmacniaj\u0105ce w\u0142osy.<\/span><\/li>\n<li style=\"font-weight: 400;\" aria-level=\"1\"><span style=\"font-weight: 400;\">Ekstrakt z \u017ce\u0144-szenia: bogaty w witaminy i antyoksydanty, o wyj\u0105tkowych w\u0142a\u015bciwo\u015bciach od\u017cywczych, antyoksydacyjnych i nawil\u017caj\u0105cych. Wzmacnia mieszki w\u0142osowe i korzenie, sprzyjaj\u0105c wzrostowi nowych w\u0142os\u00f3w oraz zapobiegaj\u0105c ich os\u0142abieniu i \u0142amaniu. <\/span><\/li>\n<\/ul>\n<p>[\/vc_column_text][vc_column_text]<\/p>\n<h1>Jak stosowa\u0107?<\/h1>\n<p><span style=\"font-weight: 400;\">Na\u0142o\u017cy\u0107 na ca\u0142\u0105 d\u0142ugo\u015b\u0107 w\u0142os\u00f3w i pozostawi\u0107 na 20\/30 minut.\u00a0<\/span><\/p>\n<p><span style=\"font-weight: 400;\">Produkt mo\u017ce by\u0107 stosowany samodzielnie, po zabiegach koloryzacji i dekoloryzacji lub w po\u0142\u0105czeniu z odcieniami Crystalia, a tak\u017ce ze wszystkimi pozosta\u0142ymi zabiegami marki Paul Rivera, aby uzyska\u0107 osza\u0142amiaj\u0105cy efekt pe\u0142en blasku.<\/span>[\/vc_column_text][\/vc_column_inner][\/vc_row_inner][vc_row_inner el_id=&#8221;mobile&#8221;][vc_column_inner width=&#8221;1\/2&#8243; offset=&#8221;vc_hidden-lg vc_hidden-md vc_hidden-sm&#8221;][vc_column_text]<\/p>\n<h1>Pokochasz ten produkt za to, \u017ce<\/h1>\n<ul>\n<li style=\"font-weight: 400;\" aria-level=\"1\"><span style=\"font-weight: 400;\">Formu\u0142a bez amoniaku\u00a0<\/span><\/li>\n<li style=\"font-weight: 400;\" aria-level=\"1\"><span style=\"font-weight: 400;\">Mo\u017cliwo\u015b\u0107 personalizacji kolor\u00f3w refleks\u00f3w oraz efekt extra gloss<\/span><\/li>\n<li style=\"font-weight: 400;\" aria-level=\"1\"><span style=\"font-weight: 400;\">P\u0142ynna konsystencja, \u0142atwa i szybka w aplikacji<\/span><\/li>\n<li style=\"font-weight: 400;\" aria-level=\"1\"><span style=\"font-weight: 400;\">Natychmiastowa regeneracja i efekt kosmetyczny<\/span><\/li>\n<li style=\"font-weight: 400;\" aria-level=\"1\"><span style=\"font-weight: 400;\">Idealny do przed\u0142u\u017cenia trwa\u0142o\u015bci koloru<\/span><\/li>\n<\/ul>\n<p>[\/vc_column_text][vc_column_text]<\/p>\n<h1>Sk\u0142adniki aktywne zawarte w formule<\/h1>\n<ul>\n<li style=\"font-weight: 400;\" aria-level=\"1\"><span style=\"font-weight: 400;\">Ceramidy A<\/span><span style=\"font-weight: 400;\">2<\/span><span style=\"font-weight: 400;\">: o wyj\u0105tkowych w\u0142a\u015bciwo\u015bciach regeneracyjnych i ochronnych, odtwarzaj\u0105 dzia\u0142anie ceramid\u00f3w i aminokwas\u00f3w zawartych we w\u0142osach.<\/span><\/li>\n<li style=\"font-weight: 400;\" aria-level=\"1\"><span style=\"font-weight: 400;\">Mas\u0142o Shea: bogate w witaminy A, D i E, wykazuje silne dzia\u0142anie antyoksydacyjne i wzmacniaj\u0105ce w\u0142osy.<\/span><\/li>\n<li style=\"font-weight: 400;\" aria-level=\"1\"><span style=\"font-weight: 400;\">Ekstrakt z \u017ce\u0144-szenia: bogaty w witaminy i antyoksydanty, o wyj\u0105tkowych w\u0142a\u015bciwo\u015bciach od\u017cywczych, antyoksydacyjnych i nawil\u017caj\u0105cych. Wzmacnia mieszki w\u0142osowe i korzenie, sprzyjaj\u0105c wzrostowi nowych w\u0142os\u00f3w oraz zapobiegaj\u0105c ich os\u0142abieniu i \u0142amaniu. <\/span><\/li>\n<\/ul>\n<p>[\/vc_column_text][vc_column_text]<\/p>\n<h1>Jak stosowa\u0107?<\/h1>\n<p><span style=\"font-weight: 400;\">Na\u0142o\u017cy\u0107 na ca\u0142\u0105 d\u0142ugo\u015b\u0107 w\u0142os\u00f3w i pozostawi\u0107 na 20\/30 minut.\u00a0<\/span><\/p>\n<p><span style=\"font-weight: 400;\">Produkt mo\u017ce by\u0107 stosowany samodzielnie, po zabiegach koloryzacji i dekoloryzacji lub w po\u0142\u0105czeniu z odcieniami Crystalia, a tak\u017ce ze wszystkimi pozosta\u0142ymi zabiegami marki Paul Rivera, aby uzyska\u0107 osza\u0142amiaj\u0105cy efekt pe\u0142en blasku.<\/span>[\/vc_column_text][\/vc_column_inner][vc_column_inner width=&#8221;1\/2&#8243; css=&#8221;.vc_custom_1680266366981{background-image: url(https:\/\/paulrivera.it\/wp-content\/uploads\/2023\/03\/background_adv_produc_crystalia.png?id=5952) !important;background-position: center !important;background-repeat: no-repeat !important;background-size: cover !important;}&#8221; offset=&#8221;vc_hidden-lg vc_hidden-md vc_hidden-sm&#8221;][vc_single_image image=&#8221;5962&#8243; img_size=&#8221;large&#8221; alignment=&#8221;center&#8221;][\/vc_column_inner][\/vc_row_inner][\/vc_column][\/vc_row][vc_row css=&#8221;.vc_custom_1582192829011{padding-top: 50px !important;}&#8221;][vc_column][vc_row_inner][vc_column_inner][vc_column_text]<\/p>\n<h1 style=\"text-align: center;\"><span style=\"font-weight: 400;\">Spodoba Ci si\u0119 r\u00f3wnie\u017c<\/span><\/h1>\n<p>[\/vc_column_text][\/vc_column_inner][\/vc_row_inner]<style type=\"text\/css\" data-type=\"the7_shortcodes-inline-css\">.products-carousel-shortcode.products-carousel-shortcode-id-a996c0099667252eec5c198d1286a349 .owl-nav a {\n  width: 36px;\n  height: 36px;\n  border-radius: 500px;\n}\n.dt-arrow-border-on.products-carousel-shortcode.products-carousel-shortcode-id-a996c0099667252eec5c198d1286a349 .owl-nav a:not(:hover):before {\n  border-width: 0px;\n}\n.dt-arrow-hover-border-on.products-carousel-shortcode.products-carousel-shortcode-id-a996c0099667252eec5c198d1286a349 .owl-nav a:hover:after {\n  border-width: 0px;\n}\n.products-carousel-shortcode.products-carousel-shortcode-id-a996c0099667252eec5c198d1286a349 .owl-nav a.owl-prev {\n  top: 50%;\n  transform: translateY(calc(-50% + 0px));\n  left: -43px;\n}\n@media all and (-ms-high-contrast: none) {\n  .products-carousel-shortcode.products-carousel-shortcode-id-a996c0099667252eec5c198d1286a349 .owl-nav a.owl-prev {\n    transform: translateY(-50%);\n    margin-top: 0px;\n  }\n}\n.products-carousel-shortcode.products-carousel-shortcode-id-a996c0099667252eec5c198d1286a349 .owl-nav a.owl-prev i {\n  padding: 0px 0px 0px 0px;\n}\n.products-carousel-shortcode.products-carousel-shortcode-id-a996c0099667252eec5c198d1286a349 .owl-nav a.owl-next {\n  top: 50%;\n  transform: translateY(calc(-50% + 0px));\n  right: -43px;\n}\n@media all and (-ms-high-contrast: none) {\n  .products-carousel-shortcode.products-carousel-shortcode-id-a996c0099667252eec5c198d1286a349 .owl-nav a.owl-next {\n    transform: translateY(-50%);\n    margin-top: 0px;\n  }\n}\n.products-carousel-shortcode.products-carousel-shortcode-id-a996c0099667252eec5c198d1286a349 .owl-nav a.owl-next i {\n  padding: 0px 0px 0px 0px;\n}\n.products-carousel-shortcode.products-carousel-shortcode-id-a996c0099667252eec5c198d1286a349 .owl-nav i {\n  font-size: 18px;\n}\n.products-carousel-shortcode.products-carousel-shortcode-id-a996c0099667252eec5c198d1286a349 .owl-nav a:not(:hover) i,\n.products-carousel-shortcode.products-carousel-shortcode-id-a996c0099667252eec5c198d1286a349 .owl-nav a:not(:hover) i:before {\n  color: #ffffff;\n  background: none;\n}\n.products-carousel-shortcode.products-carousel-shortcode-id-a996c0099667252eec5c198d1286a349 .owl-nav a:hover i,\n.products-carousel-shortcode.products-carousel-shortcode-id-a996c0099667252eec5c198d1286a349 .owl-nav a:hover i:before {\n  color: rgba(255,255,255,0.75);\n  background: none;\n}\n.products-carousel-shortcode.products-carousel-shortcode-id-a996c0099667252eec5c198d1286a349 .owl-dots {\n  top: calc(100% + 20px);\n  left: 50%;\n  transform: translateX(calc(-50% + 0px));\n}\n@media all and (-ms-high-contrast: none) {\n  .products-carousel-shortcode.products-carousel-shortcode-id-a996c0099667252eec5c198d1286a349 .owl-dots {\n    transform: translateX(-50%);\n    margin-left: 0px;\n  }\n}\n.products-carousel-shortcode.products-carousel-shortcode-id-a996c0099667252eec5c198d1286a349 .owl-dot {\n  width: 10px;\n  height: 10px;\n  margin: 0 8px;\n}\n@media screen and (max-width: 778px) {\n  .products-carousel-shortcode.products-carousel-shortcode-id-a996c0099667252eec5c198d1286a349.hide-arrows .owl-nav a {\n    display: none;\n  }\n}\n@media screen and (max-width: 778px) {\n  .products-carousel-shortcode.products-carousel-shortcode-id-a996c0099667252eec5c198d1286a349.reposition-arrows .owl-nav .owl-prev {\n    top: 50%;\n    transform: translateY(calc(-50% + 0px));\n    left: 10px;\n  }\n  .products-carousel-shortcode.products-carousel-shortcode-id-a996c0099667252eec5c198d1286a349.reposition-arrows .owl-nav .owl-next {\n    top: 50%;\n    transform: translateY(calc(-50% + 0px));\n    right: 10px;\n  }\n}\n@media screen and (max-width: 778px) and all and (-ms-high-contrast: none) {\n  .products-carousel-shortcode.products-carousel-shortcode-id-a996c0099667252eec5c198d1286a349.reposition-arrows .owl-nav .owl-prev {\n    transform: translateY(-50%);\n    margin-top: 0px;\n  }\n}\n@media screen and (max-width: 778px) and all and (-ms-high-contrast: none) {\n  .products-carousel-shortcode.products-carousel-shortcode-id-a996c0099667252eec5c198d1286a349.reposition-arrows .owl-nav .owl-next {\n    transform: translateY(-50%);\n    margin-top: 0px;\n  }\n}<\/style><div class=\"owl-carousel products-carousel-shortcode dt-owl-carousel-call products-carousel-shortcode-id-a996c0099667252eec5c198d1286a349 cart-btn-below-img bullets-small-dot-stroke reposition-arrows arrows-bg-on dt-arrow-border-on dt-arrow-hover-border-on disable-arrows-hover-bg arrows-hover-bg-on  hide-description \" data-scroll-mode=\"1\" data-wide-col-num=\"4\" data-col-num=\"3\" data-laptop-col=\"3\" data-h-tablet-columns-num=\"3\" data-v-tablet-columns-num=\"2\" data-phone-columns-num=\"1\" data-auto-height=\"true\" data-col-gap=\"30\" data-stage-padding=\"0\" data-speed=\"600\" data-autoplay=\"false\" data-autoplay_speed=\"6000\" data-arrows=\"true\" data-bullet=\"false\" data-next-icon=\"icon-ar-017-r\" data-prev-icon=\"icon-ar-017-l\"><article class=\"post post-6345 product type-product status-publish has-post-thumbnail product_cat-koloryzacja description-off first instock shipping-taxable purchasable product-type-variable\" ><figure class=\"woocom-project\">\n\t<div class=\"woo-buttons-on-img\">\n\n\t\t<a href=\"https:\/\/paulrivera.it\/pl\/prodotti\/koloryzacja\/crystalia-krem-koloryzujacy-do-wlosow-ton-w-ton-bez-amoniaku\/\" class=\"alignnone layzr-bg\"><img loading=\"lazy\" decoding=\"async\" width=\"300\" height=\"300\" src=\"data:image\/svg+xml;charset=utf-8,%3Csvg xmlns%3D&#039;http%3A%2F%2Fwww.w3.org%2F2000%2Fsvg&#039; viewBox%3D&#039;0 0 300 300&#039;%2F%3E\" class=\"attachment-woocommerce_thumbnail size-woocommerce_thumbnail owl-lazy-load preload-me\" alt=\"Crystalia - Krem koloryzuj\u0105cy do w\u0142os\u00f3w Ton w Ton \/ Bez amoniaku\" data-src=\"https:\/\/paulrivera.it\/wp-content\/uploads\/2023\/03\/6033xx_paul_rivera_crystalia_100ml_-1-300x300.png\" data-srcset=\"https:\/\/paulrivera.it\/wp-content\/uploads\/2023\/03\/6033xx_paul_rivera_crystalia_100ml_-1-300x300.png 300w, https:\/\/paulrivera.it\/wp-content\/uploads\/2023\/03\/6033xx_paul_rivera_crystalia_100ml_-1-150x150.png 150w, https:\/\/paulrivera.it\/wp-content\/uploads\/2023\/03\/6033xx_paul_rivera_crystalia_100ml_-1-24x24.png 24w, https:\/\/paulrivera.it\/wp-content\/uploads\/2023\/03\/6033xx_paul_rivera_crystalia_100ml_-1-36x36.png 36w, https:\/\/paulrivera.it\/wp-content\/uploads\/2023\/03\/6033xx_paul_rivera_crystalia_100ml_-1-48x48.png 48w, https:\/\/paulrivera.it\/wp-content\/uploads\/2023\/03\/6033xx_paul_rivera_crystalia_100ml_-1-600x600.png 600w, https:\/\/paulrivera.it\/wp-content\/uploads\/2023\/03\/6033xx_paul_rivera_crystalia_100ml_-1-200x200.png 200w, https:\/\/paulrivera.it\/wp-content\/uploads\/2023\/03\/6033xx_paul_rivera_crystalia_100ml_-1.png 800w\" \/><\/a>\n\t<\/div>\n\t<figcaption class=\"woocom-list-content\">\n\n\t\t<div class=\"woo-buttons\"><a href=\"https:\/\/paulrivera.it\/pl\/prodotti\/koloryzacja\/crystalia-krem-koloryzujacy-do-wlosow-ton-w-ton-bez-amoniaku\/\" aria-describedby=\"woocommerce_loop_add_to_cart_link_describedby_6345\" data-quantity=\"1\" class=\"product_type_variable add_to_cart_button\" data-product_id=\"6345\" data-product_sku=\"\" aria-label=\"Select options for &ldquo;Crystalia - Krem koloryzuj\u0105cy do w\u0142os\u00f3w Ton w Ton \/ Bez amoniaku&rdquo;\" rel=\"nofollow\">Select options<\/a>\t<span id=\"woocommerce_loop_add_to_cart_link_describedby_6345\" class=\"screen-reader-text\">\n\t\tThis product has multiple variants. The options may be chosen on the product page\t<\/span>\n<\/div>\n\t<\/figcaption>\n<\/figure>\n<\/article><article class=\"post post-3701 product type-product status-publish has-post-thumbnail product_cat-koloryzacja description-off  instock shipping-taxable purchasable product-type-variable\" ><figure class=\"woocom-project\">\n\t<div class=\"woo-buttons-on-img\">\n\n\t\t<a href=\"https:\/\/paulrivera.it\/pl\/prodotti\/koloryzacja\/irida-krem-koloryzujacy-bez-amoniaku\/\" class=\"alignnone layzr-bg\"><img loading=\"lazy\" decoding=\"async\" width=\"300\" height=\"300\" src=\"data:image\/svg+xml;charset=utf-8,%3Csvg xmlns%3D&#039;http%3A%2F%2Fwww.w3.org%2F2000%2Fsvg&#039; viewBox%3D&#039;0 0 300 300&#039;%2F%3E\" class=\"attachment-woocommerce_thumbnail size-woocommerce_thumbnail owl-lazy-load preload-me\" alt=\"Irida - Krem koloryzuj\u0105cy bez amoniaku\" data-src=\"https:\/\/paulrivera.it\/wp-content\/uploads\/2020\/02\/602503_paul_rivera_irida_hair_color_cream_ammonia_free_100ml-300x300.png\" data-srcset=\"https:\/\/paulrivera.it\/wp-content\/uploads\/2020\/02\/602503_paul_rivera_irida_hair_color_cream_ammonia_free_100ml-300x300.png 300w, https:\/\/paulrivera.it\/wp-content\/uploads\/2020\/02\/602503_paul_rivera_irida_hair_color_cream_ammonia_free_100ml-200x200.png 200w, https:\/\/paulrivera.it\/wp-content\/uploads\/2020\/02\/602503_paul_rivera_irida_hair_color_cream_ammonia_free_100ml-600x600.png 600w, https:\/\/paulrivera.it\/wp-content\/uploads\/2020\/02\/602503_paul_rivera_irida_hair_color_cream_ammonia_free_100ml-150x150.png 150w, https:\/\/paulrivera.it\/wp-content\/uploads\/2020\/02\/602503_paul_rivera_irida_hair_color_cream_ammonia_free_100ml-768x768.png 768w, https:\/\/paulrivera.it\/wp-content\/uploads\/2020\/02\/602503_paul_rivera_irida_hair_color_cream_ammonia_free_100ml.png 800w\" \/><\/a>\n\t<\/div>\n\t<figcaption class=\"woocom-list-content\">\n\n\t\t<div class=\"woo-buttons\"><a href=\"https:\/\/paulrivera.it\/pl\/prodotti\/koloryzacja\/irida-krem-koloryzujacy-bez-amoniaku\/\" aria-describedby=\"woocommerce_loop_add_to_cart_link_describedby_3701\" data-quantity=\"1\" class=\"product_type_variable add_to_cart_button\" data-product_id=\"3701\" data-product_sku=\"\" aria-label=\"Select options for &ldquo;Irida - Krem koloryzuj\u0105cy bez amoniaku&rdquo;\" rel=\"nofollow\">Select options<\/a>\t<span id=\"woocommerce_loop_add_to_cart_link_describedby_3701\" class=\"screen-reader-text\">\n\t\tThis product has multiple variants. The options may be chosen on the product page\t<\/span>\n<\/div>\n\t<\/figcaption>\n<\/figure>\n<\/article><article class=\"post post-3805 product type-product status-publish has-post-thumbnail product_cat-koloryzacja product_cat-optica-pl description-off  instock shipping-taxable purchasable product-type-variable\" ><figure class=\"woocom-project\">\n\t<div class=\"woo-buttons-on-img\">\n\n\t\t<a href=\"https:\/\/paulrivera.it\/pl\/prodotti\/koloryzacja\/optica-krem-koloryzujacy\/\" class=\"alignnone layzr-bg\"><img loading=\"lazy\" decoding=\"async\" width=\"300\" height=\"300\" src=\"data:image\/svg+xml;charset=utf-8,%3Csvg xmlns%3D&#039;http%3A%2F%2Fwww.w3.org%2F2000%2Fsvg&#039; viewBox%3D&#039;0 0 300 300&#039;%2F%3E\" class=\"attachment-woocommerce_thumbnail size-woocommerce_thumbnail owl-lazy-load preload-me\" alt=\"Optica - Krem koloryzuj\u0105cy \" data-src=\"https:\/\/paulrivera.it\/wp-content\/uploads\/2020\/02\/600004_paul_rivera_optica_hair_color_cream_100ml-300x300.png\" data-srcset=\"https:\/\/paulrivera.it\/wp-content\/uploads\/2020\/02\/600004_paul_rivera_optica_hair_color_cream_100ml-300x300.png 300w, https:\/\/paulrivera.it\/wp-content\/uploads\/2020\/02\/600004_paul_rivera_optica_hair_color_cream_100ml-200x200.png 200w, https:\/\/paulrivera.it\/wp-content\/uploads\/2020\/02\/600004_paul_rivera_optica_hair_color_cream_100ml-600x600.png 600w, https:\/\/paulrivera.it\/wp-content\/uploads\/2020\/02\/600004_paul_rivera_optica_hair_color_cream_100ml-150x150.png 150w, https:\/\/paulrivera.it\/wp-content\/uploads\/2020\/02\/600004_paul_rivera_optica_hair_color_cream_100ml-768x768.png 768w, https:\/\/paulrivera.it\/wp-content\/uploads\/2020\/02\/600004_paul_rivera_optica_hair_color_cream_100ml.png 800w\" \/><\/a>\n\t<\/div>\n\t<figcaption class=\"woocom-list-content\">\n\n\t\t<div class=\"woo-buttons\"><a href=\"https:\/\/paulrivera.it\/pl\/prodotti\/koloryzacja\/optica-krem-koloryzujacy\/\" aria-describedby=\"woocommerce_loop_add_to_cart_link_describedby_3805\" data-quantity=\"1\" class=\"product_type_variable add_to_cart_button\" data-product_id=\"3805\" data-product_sku=\"\" aria-label=\"Select options for &ldquo;Optica - Krem koloryzuj\u0105cy&rdquo;\" rel=\"nofollow\">Select options<\/a>\t<span id=\"woocommerce_loop_add_to_cart_link_describedby_3805\" class=\"screen-reader-text\">\n\t\tThis product has multiple variants. The options may be chosen on the product page\t<\/span>\n<\/div>\n\t<\/figcaption>\n<\/figure>\n<\/article><\/div>[\/vc_column][\/vc_row]<\/p>\n<\/div>","protected":false},"excerpt":{"rendered":"<p><b>Crystalia Clear<\/b><span style=\"font-weight: 400;\"> to <\/span><b>Roz\u015bwietlaj\u0105cy Nab\u0142yszczacz Ton w Ton <\/b><span style=\"font-weight: 400;\">do w\u0142os\u00f3w, kt\u00f3ry mo\u017ce by\u0107 stosowany samodzielnie, a zmieszany z odcieniami Crystalia dzia\u0142a jak <\/span><b>booster blasku<\/b><span style=\"font-weight: 400;\">. Odpowiedni zar\u00f3wno w przypadku w\u0142os\u00f3w naturalnych, jak i poddanych zabiegom, nadaje w\u0142osom <\/span><b>efekt pe\u0142en blasku<\/b><span style=\"font-weight: 400;\"> i podkre\u015bla refleksy.\u00a0<\/span><\/p>\n<p><span style=\"font-weight: 400;\">Konsystencja produktu jest<\/span><b> \u0142atwa w aplikacji<\/b><span style=\"font-weight: 400;\">, a po zmieszaniu z innymi odcieniami zwi\u0119ksza swoj\u0105 p\u0142ynno\u015b\u0107, co dodatkowo u\u0142atwia i przyspiesza jego nak\u0142adanie. Co wi\u0119cej, w produkcie zosta\u0142a zastosowana technologia <\/span><b>Multi-Crystal Power<\/b><span style=\"font-weight: 400;\">, kt\u00f3ra wzmacnia w\u0142osy, uszczelnia \u0142uski i zapewnia niezwyk\u0142y blask.\u00a0<\/span><\/p>\n<p>&nbsp;<\/p>\n<p><span style=\"font-weight: 400;\">200 ml<\/span><\/p>\n<p>&nbsp;<\/p>\n[maxbutton id=\"8\"]\n","protected":false},"featured_media":5957,"template":"","meta":[],"product_brand":[],"product_cat":[693],"product_tag":[],"class_list":{"0":"post-7406","1":"product","2":"type-product","3":"status-publish","4":"has-post-thumbnail","6":"product_cat-koloryzacja","7":"description-off","9":"last","10":"instock","11":"shipping-taxable","12":"product-type-simple"},"yoast_head":"<!-- This site is optimized with the Yoast SEO plugin v27.2 - https:\/\/yoast.com\/product\/yoast-seo-wordpress\/ -->\n<title>Crystalia Clear - Roz\u015bwietlaj\u0105cy Nab\u0142yszczacz | Paul Rivera<\/title>\n<meta name=\"description\" content=\"Crystalia Clear to Roz\u015bwietlaj\u0105cy Nab\u0142yszczacz Ton w Ton do w\u0142os\u00f3w, kt\u00f3ry mo\u017ce by\u0107 stosowany samodzielnie, a zmieszany z odcieniami Crystalia dzia\u0142a jak booster blasku.\" \/>\n<meta name=\"robots\" content=\"index, follow, max-snippet:-1, max-image-preview:large, max-video-preview:-1\" \/>\n<link rel=\"canonical\" href=\"https:\/\/paulrivera.it\/pl\/prodotti\/koloryzacja\/crystalia-clear-rozswietlajacy-nablyszczacz\/\" \/>\n<meta property=\"og:locale\" content=\"pl_PL\" \/>\n<meta property=\"og:type\" content=\"article\" \/>\n<meta property=\"og:title\" content=\"Crystalia Clear - Roz\u015bwietlaj\u0105cy Nab\u0142yszczacz | Paul Rivera\" \/>\n<meta property=\"og:description\" content=\"Crystalia Clear to Roz\u015bwietlaj\u0105cy Nab\u0142yszczacz Ton w Ton do w\u0142os\u00f3w, kt\u00f3ry mo\u017ce by\u0107 stosowany samodzielnie, a zmieszany z odcieniami Crystalia dzia\u0142a jak booster blasku.\" \/>\n<meta property=\"og:url\" content=\"https:\/\/paulrivera.it\/pl\/prodotti\/koloryzacja\/crystalia-clear-rozswietlajacy-nablyszczacz\/\" \/>\n<meta property=\"og:site_name\" content=\"Paul Rivera\" \/>\n<meta property=\"article:modified_time\" content=\"2024-05-13T07:23:46+00:00\" \/>\n<meta property=\"og:image\" content=\"https:\/\/paulrivera.it\/wp-content\/uploads\/2023\/03\/603302_paul_rivera_crystalia_gloss_200ml.png\" \/>\n\t<meta property=\"og:image:width\" content=\"800\" \/>\n\t<meta property=\"og:image:height\" content=\"800\" \/>\n\t<meta property=\"og:image:type\" content=\"image\/png\" \/>\n<meta name=\"twitter:card\" content=\"summary_large_image\" \/>\n<meta name=\"twitter:label1\" content=\"Est. reading time\" \/>\n\t<meta name=\"twitter:data1\" content=\"4 minutes\" \/>\n<script type=\"application\/ld+json\" class=\"yoast-schema-graph\">{\"@context\":\"https:\/\/schema.org\",\"@graph\":[{\"@type\":\"WebPage\",\"@id\":\"https:\/\/paulrivera.it\/pl\/prodotti\/koloryzacja\/crystalia-clear-rozswietlajacy-nablyszczacz\/\",\"url\":\"https:\/\/paulrivera.it\/pl\/prodotti\/koloryzacja\/crystalia-clear-rozswietlajacy-nablyszczacz\/\",\"name\":\"Crystalia Clear - Roz\u015bwietlaj\u0105cy Nab\u0142yszczacz | Paul Rivera\",\"isPartOf\":{\"@id\":\"https:\/\/paulrivera.it\/pl\/#website\"},\"primaryImageOfPage\":{\"@id\":\"https:\/\/paulrivera.it\/pl\/prodotti\/koloryzacja\/crystalia-clear-rozswietlajacy-nablyszczacz\/#primaryimage\"},\"image\":{\"@id\":\"https:\/\/paulrivera.it\/pl\/prodotti\/koloryzacja\/crystalia-clear-rozswietlajacy-nablyszczacz\/#primaryimage\"},\"thumbnailUrl\":\"https:\/\/paulrivera.it\/wp-content\/uploads\/2023\/03\/603302_paul_rivera_crystalia_gloss_200ml.png\",\"datePublished\":\"2023-03-31T10:58:24+00:00\",\"dateModified\":\"2024-05-13T07:23:46+00:00\",\"description\":\"Crystalia Clear to Roz\u015bwietlaj\u0105cy Nab\u0142yszczacz Ton w Ton do w\u0142os\u00f3w, kt\u00f3ry mo\u017ce by\u0107 stosowany samodzielnie, a zmieszany z odcieniami Crystalia dzia\u0142a jak booster blasku.\",\"breadcrumb\":{\"@id\":\"https:\/\/paulrivera.it\/pl\/prodotti\/koloryzacja\/crystalia-clear-rozswietlajacy-nablyszczacz\/#breadcrumb\"},\"inLanguage\":\"pl-PL\",\"potentialAction\":[{\"@type\":\"ReadAction\",\"target\":[\"https:\/\/paulrivera.it\/pl\/prodotti\/koloryzacja\/crystalia-clear-rozswietlajacy-nablyszczacz\/\"]}]},{\"@type\":\"ImageObject\",\"inLanguage\":\"pl-PL\",\"@id\":\"https:\/\/paulrivera.it\/pl\/prodotti\/koloryzacja\/crystalia-clear-rozswietlajacy-nablyszczacz\/#primaryimage\",\"url\":\"https:\/\/paulrivera.it\/wp-content\/uploads\/2023\/03\/603302_paul_rivera_crystalia_gloss_200ml.png\",\"contentUrl\":\"https:\/\/paulrivera.it\/wp-content\/uploads\/2023\/03\/603302_paul_rivera_crystalia_gloss_200ml.png\",\"width\":800,\"height\":800},{\"@type\":\"BreadcrumbList\",\"@id\":\"https:\/\/paulrivera.it\/pl\/prodotti\/koloryzacja\/crystalia-clear-rozswietlajacy-nablyszczacz\/#breadcrumb\",\"itemListElement\":[{\"@type\":\"ListItem\",\"position\":1,\"name\":\"Home\",\"item\":\"https:\/\/paulrivera.it\/pl\/\"},{\"@type\":\"ListItem\",\"position\":2,\"name\":\"Pagina shop\",\"item\":\"https:\/\/paulrivera.it\/prodotti\/\"},{\"@type\":\"ListItem\",\"position\":3,\"name\":\"Crystalia Clear &#8211; Roz\u015bwietlaj\u0105cy Nab\u0142yszczacz\"}]},{\"@type\":\"WebSite\",\"@id\":\"https:\/\/paulrivera.it\/pl\/#website\",\"url\":\"https:\/\/paulrivera.it\/pl\/\",\"name\":\"Paul Rivera\",\"description\":\"Hair Beauty Celebration\",\"publisher\":{\"@id\":\"https:\/\/paulrivera.it\/pl\/#organization\"},\"potentialAction\":[{\"@type\":\"SearchAction\",\"target\":{\"@type\":\"EntryPoint\",\"urlTemplate\":\"https:\/\/paulrivera.it\/pl\/?s={search_term_string}\"},\"query-input\":{\"@type\":\"PropertyValueSpecification\",\"valueRequired\":true,\"valueName\":\"search_term_string\"}}],\"inLanguage\":\"pl-PL\"},{\"@type\":\"Organization\",\"@id\":\"https:\/\/paulrivera.it\/pl\/#organization\",\"name\":\"Paul Rivera\",\"url\":\"https:\/\/paulrivera.it\/pl\/\",\"logo\":{\"@type\":\"ImageObject\",\"inLanguage\":\"pl-PL\",\"@id\":\"https:\/\/paulrivera.it\/pl\/#\/schema\/logo\/image\/\",\"url\":\"https:\/\/paulrivera.it\/wp-content\/uploads\/2020\/02\/paul_rivera_logo_header_x2.png\",\"contentUrl\":\"https:\/\/paulrivera.it\/wp-content\/uploads\/2020\/02\/paul_rivera_logo_header_x2.png\",\"width\":470,\"height\":60,\"caption\":\"Paul Rivera\"},\"image\":{\"@id\":\"https:\/\/paulrivera.it\/pl\/#\/schema\/logo\/image\/\"}}]}<\/script>\n<!-- \/ Yoast SEO plugin. -->","yoast_head_json":{"title":"Crystalia Clear - Roz\u015bwietlaj\u0105cy Nab\u0142yszczacz | Paul Rivera","description":"Crystalia Clear to Roz\u015bwietlaj\u0105cy Nab\u0142yszczacz Ton w Ton do w\u0142os\u00f3w, kt\u00f3ry mo\u017ce by\u0107 stosowany samodzielnie, a zmieszany z odcieniami Crystalia dzia\u0142a jak booster blasku.","robots":{"index":"index","follow":"follow","max-snippet":"max-snippet:-1","max-image-preview":"max-image-preview:large","max-video-preview":"max-video-preview:-1"},"canonical":"https:\/\/paulrivera.it\/pl\/prodotti\/koloryzacja\/crystalia-clear-rozswietlajacy-nablyszczacz\/","og_locale":"pl_PL","og_type":"article","og_title":"Crystalia Clear - Roz\u015bwietlaj\u0105cy Nab\u0142yszczacz | Paul Rivera","og_description":"Crystalia Clear to Roz\u015bwietlaj\u0105cy Nab\u0142yszczacz Ton w Ton do w\u0142os\u00f3w, kt\u00f3ry mo\u017ce by\u0107 stosowany samodzielnie, a zmieszany z odcieniami Crystalia dzia\u0142a jak booster blasku.","og_url":"https:\/\/paulrivera.it\/pl\/prodotti\/koloryzacja\/crystalia-clear-rozswietlajacy-nablyszczacz\/","og_site_name":"Paul Rivera","article_modified_time":"2024-05-13T07:23:46+00:00","og_image":[{"width":800,"height":800,"url":"https:\/\/paulrivera.it\/wp-content\/uploads\/2023\/03\/603302_paul_rivera_crystalia_gloss_200ml.png","type":"image\/png"}],"twitter_card":"summary_large_image","twitter_misc":{"Est. reading time":"4 minutes"},"schema":{"@context":"https:\/\/schema.org","@graph":[{"@type":"WebPage","@id":"https:\/\/paulrivera.it\/pl\/prodotti\/koloryzacja\/crystalia-clear-rozswietlajacy-nablyszczacz\/","url":"https:\/\/paulrivera.it\/pl\/prodotti\/koloryzacja\/crystalia-clear-rozswietlajacy-nablyszczacz\/","name":"Crystalia Clear - Roz\u015bwietlaj\u0105cy Nab\u0142yszczacz | Paul Rivera","isPartOf":{"@id":"https:\/\/paulrivera.it\/pl\/#website"},"primaryImageOfPage":{"@id":"https:\/\/paulrivera.it\/pl\/prodotti\/koloryzacja\/crystalia-clear-rozswietlajacy-nablyszczacz\/#primaryimage"},"image":{"@id":"https:\/\/paulrivera.it\/pl\/prodotti\/koloryzacja\/crystalia-clear-rozswietlajacy-nablyszczacz\/#primaryimage"},"thumbnailUrl":"https:\/\/paulrivera.it\/wp-content\/uploads\/2023\/03\/603302_paul_rivera_crystalia_gloss_200ml.png","datePublished":"2023-03-31T10:58:24+00:00","dateModified":"2024-05-13T07:23:46+00:00","description":"Crystalia Clear to Roz\u015bwietlaj\u0105cy Nab\u0142yszczacz Ton w Ton do w\u0142os\u00f3w, kt\u00f3ry mo\u017ce by\u0107 stosowany samodzielnie, a zmieszany z odcieniami Crystalia dzia\u0142a jak booster blasku.","breadcrumb":{"@id":"https:\/\/paulrivera.it\/pl\/prodotti\/koloryzacja\/crystalia-clear-rozswietlajacy-nablyszczacz\/#breadcrumb"},"inLanguage":"pl-PL","potentialAction":[{"@type":"ReadAction","target":["https:\/\/paulrivera.it\/pl\/prodotti\/koloryzacja\/crystalia-clear-rozswietlajacy-nablyszczacz\/"]}]},{"@type":"ImageObject","inLanguage":"pl-PL","@id":"https:\/\/paulrivera.it\/pl\/prodotti\/koloryzacja\/crystalia-clear-rozswietlajacy-nablyszczacz\/#primaryimage","url":"https:\/\/paulrivera.it\/wp-content\/uploads\/2023\/03\/603302_paul_rivera_crystalia_gloss_200ml.png","contentUrl":"https:\/\/paulrivera.it\/wp-content\/uploads\/2023\/03\/603302_paul_rivera_crystalia_gloss_200ml.png","width":800,"height":800},{"@type":"BreadcrumbList","@id":"https:\/\/paulrivera.it\/pl\/prodotti\/koloryzacja\/crystalia-clear-rozswietlajacy-nablyszczacz\/#breadcrumb","itemListElement":[{"@type":"ListItem","position":1,"name":"Home","item":"https:\/\/paulrivera.it\/pl\/"},{"@type":"ListItem","position":2,"name":"Pagina shop","item":"https:\/\/paulrivera.it\/prodotti\/"},{"@type":"ListItem","position":3,"name":"Crystalia Clear &#8211; Roz\u015bwietlaj\u0105cy Nab\u0142yszczacz"}]},{"@type":"WebSite","@id":"https:\/\/paulrivera.it\/pl\/#website","url":"https:\/\/paulrivera.it\/pl\/","name":"Paul Rivera","description":"Hair Beauty Celebration","publisher":{"@id":"https:\/\/paulrivera.it\/pl\/#organization"},"potentialAction":[{"@type":"SearchAction","target":{"@type":"EntryPoint","urlTemplate":"https:\/\/paulrivera.it\/pl\/?s={search_term_string}"},"query-input":{"@type":"PropertyValueSpecification","valueRequired":true,"valueName":"search_term_string"}}],"inLanguage":"pl-PL"},{"@type":"Organization","@id":"https:\/\/paulrivera.it\/pl\/#organization","name":"Paul Rivera","url":"https:\/\/paulrivera.it\/pl\/","logo":{"@type":"ImageObject","inLanguage":"pl-PL","@id":"https:\/\/paulrivera.it\/pl\/#\/schema\/logo\/image\/","url":"https:\/\/paulrivera.it\/wp-content\/uploads\/2020\/02\/paul_rivera_logo_header_x2.png","contentUrl":"https:\/\/paulrivera.it\/wp-content\/uploads\/2020\/02\/paul_rivera_logo_header_x2.png","width":470,"height":60,"caption":"Paul Rivera"},"image":{"@id":"https:\/\/paulrivera.it\/pl\/#\/schema\/logo\/image\/"}}]}},"_links":{"self":[{"href":"https:\/\/paulrivera.it\/pl\/wp-json\/wp\/v2\/product\/7406","targetHints":{"allow":["GET"]}}],"collection":[{"href":"https:\/\/paulrivera.it\/pl\/wp-json\/wp\/v2\/product"}],"about":[{"href":"https:\/\/paulrivera.it\/pl\/wp-json\/wp\/v2\/types\/product"}],"wp:featuredmedia":[{"embeddable":true,"href":"https:\/\/paulrivera.it\/pl\/wp-json\/wp\/v2\/media\/5957"}],"wp:attachment":[{"href":"https:\/\/paulrivera.it\/pl\/wp-json\/wp\/v2\/media?parent=7406"}],"wp:term":[{"taxonomy":"product_brand","embeddable":true,"href":"https:\/\/paulrivera.it\/pl\/wp-json\/wp\/v2\/product_brand?post=7406"},{"taxonomy":"product_cat","embeddable":true,"href":"https:\/\/paulrivera.it\/pl\/wp-json\/wp\/v2\/product_cat?post=7406"},{"taxonomy":"product_tag","embeddable":true,"href":"https:\/\/paulrivera.it\/pl\/wp-json\/wp\/v2\/product_tag?post=7406"}],"curies":[{"name":"wp","href":"https:\/\/api.w.org\/{rel}","templated":true}]}}