{"id":11365,"date":"2024-11-29T12:12:28","date_gmt":"2024-11-29T11:12:54","guid":{"rendered":"https:\/\/paulrivera.it\/?post_type=product&#038;p=11365"},"modified":"2025-01-20T12:29:51","modified_gmt":"2025-01-20T11:29:51","slug":"spherica-creme-de-coloracao-ultrarrapido","status":"publish","type":"product","link":"https:\/\/paulrivera.it\/pt-pt\/prodotti\/coloracao\/spherica-creme-de-coloracao-ultrarrapido\/","title":{"rendered":"Spherica &#8211; Creme de colora\u00e7\u00e3o ultrarr\u00e1pido"},"content":{"rendered":"<div class=\"wpb-content-wrapper\"><p>[vc_row full_width=&#8221;stretch_row&#8221;][vc_column][vc_row_inner el_id=&#8221;desktop&#8221;][vc_column_inner width=&#8221;1\/2&#8243; css=&#8221;.vc_custom_1583136274138{padding-right: 10% !important;padding-left: 30% !important;}&#8221; offset=&#8221;vc_hidden-md vc_hidden-sm vc_hidden-xs&#8221;][vc_column_text css=&#8221;&#8221;]<\/p>\n<h1>Ir\u00e1 am\u00e1-lo porque<\/h1>\n<ul>\n<li>Ferece cobertura total dos cabelos brancos<\/li>\n<li>Garante um servi\u00e7o de cor em apenas 10 minutos<\/li>\n<li>Proporciona um resultado imediato e sem falhas<\/li>\n<li>D\u00e1 um resultado uniforme<\/li>\n<\/ul>\n<p>[\/vc_column_text][vc_column_text css=&#8221;&#8221;]<\/p>\n<h1>Ativos na f\u00f3rmula<\/h1>\n<ul>\n<li><strong>Extrato de camomila<\/strong>: ajuda a conferir brilho, suavidade e hidrata\u00e7\u00e3o, protegendo o cabelo do envelhecimento.<\/li>\n<li><strong>\u00d3leo de Arg\u00e3o<\/strong>: promove a hidrata\u00e7\u00e3o dos cabelos, melhorando o brilho e combatendo o frizz.<\/li>\n<li><strong>Extrato proteico de sementes de ab\u00f3bora<\/strong>: ajuda a melhorar a hidrata\u00e7\u00e3o do cabelo e a selar as cut\u00edculas para uma cor brilhante e duradoura.<\/li>\n<li><strong>\u00c1cido hialur\u00f3nico<\/strong>: ajuda a manter o cabelo hidratado, macio e sedoso.<\/li>\n<\/ul>\n<p>[\/vc_column_text][vc_column_text css=&#8221;&#8221;]<\/p>\n<h1>Como usar<\/h1>\n<p class=\"Standard\"><span lang=\"it\">Num recipiente n\u00e3o met\u00e1lico, misture o Creme de colora\u00e7\u00e3o Spherica com a emuls\u00e3o oxidante Ultra Vox de acordo com o r\u00e1cio (1:1,5 &#8211; 1:2).<br \/>\n<\/span><\/p>\n<p class=\"Standard\"><span lang=\"it\">Observa\u00e7\u00e3o: o produto est\u00e1 estudado exclusivamente para uso profissional.<\/span><\/p>\n<p>[\/vc_column_text][\/vc_column_inner][vc_column_inner width=&#8221;1\/2&#8243; css=&#8221;.vc_custom_1733305651266{background-image: url(https:\/\/paulrivera.it\/wp-content\/uploads\/2024\/11\/background_adv_produc_spherica.png?id=15377) !important;background-position: center !important;background-repeat: no-repeat !important;background-size: cover !important;}&#8221; offset=&#8221;vc_hidden-md vc_hidden-sm vc_hidden-xs&#8221;][vc_empty_space height=&#8221;50px&#8221;][vc_single_image image=&#8221;15410&#8243; img_size=&#8221;large&#8221; alignment=&#8221;center&#8221; css=&#8221;&#8221;][vc_empty_space height=&#8221;50px&#8221;][\/vc_column_inner][\/vc_row_inner][vc_row_inner el_id=&#8221;tablet&#8221;][vc_column_inner offset=&#8221;vc_hidden-lg vc_hidden-xs&#8221;][vc_column_text css=&#8221;&#8221;]<\/p>\n<h1>Ir\u00e1 am\u00e1-lo porque<\/h1>\n<ul>\n<li>Ferece cobertura total dos cabelos brancos<\/li>\n<li>Garante um servi\u00e7o de cor em apenas 10 minutos<\/li>\n<li>Proporciona um resultado imediato e sem falhas<\/li>\n<li>D\u00e1 um resultado uniforme<\/li>\n<\/ul>\n<p>[\/vc_column_text][vc_column_text css=&#8221;&#8221;]<\/p>\n<h1>Ativos na f\u00f3rmula<\/h1>\n<ul>\n<li><strong>Extrato de camomila<\/strong>: ajuda a conferir brilho, suavidade e hidrata\u00e7\u00e3o, protegendo o cabelo do envelhecimento.<\/li>\n<li><strong>\u00d3leo de Arg\u00e3o<\/strong>: promove a hidrata\u00e7\u00e3o dos cabelos, melhorando o brilho e combatendo o frizz.<\/li>\n<li><strong>Extrato proteico de sementes de ab\u00f3bora<\/strong>: ajuda a melhorar a hidrata\u00e7\u00e3o do cabelo e a selar as cut\u00edculas para uma cor brilhante e duradoura.<\/li>\n<li><strong>\u00c1cido hialur\u00f3nico<\/strong>: ajuda a manter o cabelo hidratado, macio e sedoso.<\/li>\n<\/ul>\n<p>[\/vc_column_text][vc_column_text css=&#8221;&#8221;]<\/p>\n<h1>Como usar<\/h1>\n<p><span lang=\"it\">Num recipiente n\u00e3o met\u00e1lico, misture o Creme de colora\u00e7\u00e3o Spherica com a emuls\u00e3o oxidante Ultra Vox de acordo com o r\u00e1cio (1:1,5 &#8211; 1:2).<br \/>\n<\/span><\/p>\n<p class=\"Standard\"><span lang=\"it\">Observa\u00e7\u00e3o: o produto est\u00e1 estudado exclusivamente para uso profissional.<\/span><\/p>\n<p><span lang=\"it\">\u00a0<\/span>[\/vc_column_text][\/vc_column_inner][\/vc_row_inner][vc_row_inner el_id=&#8221;mobile&#8221;][vc_column_inner width=&#8221;1\/2&#8243; offset=&#8221;vc_hidden-lg vc_hidden-md vc_hidden-sm&#8221;][vc_column_text css=&#8221;&#8221;]<\/p>\n<h1>Ir\u00e1 am\u00e1-lo porque<\/h1>\n<ul>\n<li>Ferece cobertura total dos cabelos brancos<\/li>\n<li>Garante um servi\u00e7o de cor em apenas 10 minutos<\/li>\n<li>Proporciona um resultado imediato e sem falhas<\/li>\n<li>D\u00e1 um resultado uniforme<\/li>\n<\/ul>\n<p>[\/vc_column_text][vc_column_text css=&#8221;&#8221;]<\/p>\n<h1>Ativos na f\u00f3rmula<\/h1>\n<ul>\n<li><strong>Extrato de camomila<\/strong>: ajuda a conferir brilho, suavidade e hidrata\u00e7\u00e3o, protegendo o cabelo do envelhecimento.<\/li>\n<li><strong>\u00d3leo de Arg\u00e3o<\/strong>: promove a hidrata\u00e7\u00e3o dos cabelos, melhorando o brilho e combatendo o frizz.<\/li>\n<li><strong>Extrato proteico de sementes de ab\u00f3bora<\/strong>: ajuda a melhorar a hidrata\u00e7\u00e3o do cabelo e a selar as cut\u00edculas para uma cor brilhante e duradoura.<\/li>\n<li><strong>\u00c1cido hialur\u00f3nico<\/strong>: ajuda a manter o cabelo hidratado, macio e sedoso.<\/li>\n<\/ul>\n<p>[\/vc_column_text][vc_column_text css=&#8221;&#8221;]<\/p>\n<h1>Como usar<\/h1>\n<p><span lang=\"it\">Num recipiente n\u00e3o met\u00e1lico, misture o Creme de colora\u00e7\u00e3o Spherica com a emuls\u00e3o oxidante Ultra Vox de acordo com o r\u00e1cio (1:1,5 &#8211; 1:2).<br \/>\n<\/span><\/p>\n<p class=\"Standard\"><span lang=\"it\">Observa\u00e7\u00e3o: o produto est\u00e1 estudado exclusivamente para uso profissional.<\/span><\/p>\n<p><span lang=\"it\">\u00a0<\/span>[\/vc_column_text][\/vc_column_inner][vc_column_inner width=&#8221;1\/2&#8243; css=&#8221;.vc_custom_1733305693417{background-image: url(https:\/\/paulrivera.it\/wp-content\/uploads\/2024\/11\/background_adv_produc_spherica.png?id=15377) !important;background-position: center !important;background-repeat: no-repeat !important;background-size: cover !important;}&#8221; offset=&#8221;vc_hidden-lg vc_hidden-md vc_hidden-sm&#8221;][vc_single_image image=&#8221;15410&#8243; img_size=&#8221;large&#8221; alignment=&#8221;center&#8221; css=&#8221;&#8221;][\/vc_column_inner][\/vc_row_inner][\/vc_column][\/vc_row][vc_row css=&#8221;.vc_custom_1582192829011{padding-top: 50px !important;}&#8221;][vc_column][vc_row_inner][vc_column_inner][vc_column_text]<\/p>\n<h1 style=\"text-align: center;\">Produtos relacionados<\/h1>\n<p>[\/vc_column_text][\/vc_column_inner][\/vc_row_inner][vc_raw_html css=&#8221;&#8221;]JTVCd3BiLXByb2R1Y3Qtc2xpZGVyLXNob3J0Y29kZSUyMGlkJTNEJTIyMTUzODYlMjIlNUQ=[\/vc_raw_html][\/vc_column][\/vc_row]<\/p>\n<\/div>","protected":false},"excerpt":{"rendered":"<p>Spherica \u00e9 o creme de colora\u00e7\u00e3o ultrarr\u00e1pido que proporciona um efeito <strong>extraordin\u00e1rio<\/strong>e um resultado <strong>excelente em apenas 10 minutos<\/strong>.<\/p>\n<p>Gra\u00e7as \u00e0 sua <strong>f\u00f3rmula inovadora<\/strong>, oferece um <strong>servi\u00e7o de colora\u00e7\u00e3o r\u00e1pido<\/strong> dando aos cabelos <strong>brilho<\/strong> e <strong>luminosidade excecional<\/strong> e um <strong>clareamento at\u00e9 4 tons<\/strong>.<\/p>\n<p>&nbsp;<\/p>\n<p>O processo inovador <strong>HR System <\/strong>tira partido da <strong>combina\u00e7\u00e3o sin\u00e9rgica dos ingredientes ativos<\/strong> do Extrato de Prote\u00edna de Semente de Ab\u00f3bora, do \u00d3leo de Arg\u00e3o, do Extrato de Camomila e do \u00c1cido Hialur\u00f3nico para proporcionar uma<strong> experi\u00eancia de colora\u00e7\u00e3o eficaz<\/strong>, <strong>r\u00e1pida<\/strong> e <strong>segura<\/strong>, ao mesmo tempo que <strong>hidrata<\/strong> o cabelo.<\/p>\n<p>&nbsp;<\/p>\n<p>100 ml<\/p>\n<p>50 nuances<\/p>\n<p>Mistura: Standard 1:1,5 | Super-descolorante 1:2<\/p>\n<p>&nbsp;<\/p>\n[maxbutton id=\"6\"]\n","protected":false},"featured_media":14620,"template":"","meta":[],"product_brand":[],"product_cat":[361],"product_tag":[],"class_list":{"0":"post-11365","1":"product","2":"type-product","3":"status-publish","4":"has-post-thumbnail","6":"product_cat-coloracao","7":"description-off","9":"first","10":"instock","11":"shipping-taxable","12":"product-type-variable"},"yoast_head":"<!-- This site is optimized with the Yoast SEO plugin v27.2 - https:\/\/yoast.com\/product\/yoast-seo-wordpress\/ -->\n<title>Spherica - Creme de colora\u00e7\u00e3o ultrarr\u00e1pido<\/title>\n<meta name=\"description\" content=\"Spherica \u00e9 o creme de colora\u00e7\u00e3o ultrarr\u00e1pido que proporciona um efeito extraordin\u00e1rioe um resultado excelente em apenas 10 minutos.\" \/>\n<meta name=\"robots\" content=\"index, follow, max-snippet:-1, max-image-preview:large, max-video-preview:-1\" \/>\n<link rel=\"canonical\" href=\"https:\/\/paulrivera.it\/pt-pt\/prodotti\/coloracao\/spherica-creme-de-coloracao-ultrarrapido\/\" \/>\n<meta property=\"og:locale\" content=\"pt_PT\" \/>\n<meta property=\"og:type\" content=\"article\" \/>\n<meta property=\"og:title\" content=\"Spherica - Creme de colora\u00e7\u00e3o ultrarr\u00e1pido\" \/>\n<meta property=\"og:description\" content=\"Spherica \u00e9 o creme de colora\u00e7\u00e3o ultrarr\u00e1pido que proporciona um efeito extraordin\u00e1rioe um resultado excelente em apenas 10 minutos.\" \/>\n<meta property=\"og:url\" content=\"https:\/\/paulrivera.it\/pt-pt\/prodotti\/coloracao\/spherica-creme-de-coloracao-ultrarrapido\/\" \/>\n<meta property=\"og:site_name\" content=\"Paul Rivera\" \/>\n<meta property=\"article:modified_time\" content=\"2025-01-20T11:29:51+00:00\" \/>\n<meta property=\"og:image\" content=\"https:\/\/paulrivera.it\/wp-content\/uploads\/2024\/12\/6017xx_paul_rivera_spherica_100ml.png\" \/>\n\t<meta property=\"og:image:width\" content=\"800\" \/>\n\t<meta property=\"og:image:height\" content=\"800\" \/>\n\t<meta property=\"og:image:type\" content=\"image\/png\" \/>\n<meta name=\"twitter:card\" content=\"summary_large_image\" \/>\n<meta name=\"twitter:label1\" content=\"Est. reading time\" \/>\n\t<meta name=\"twitter:data1\" content=\"3 minutes\" \/>\n<script type=\"application\/ld+json\" class=\"yoast-schema-graph\">{\"@context\":\"https:\/\/schema.org\",\"@graph\":[{\"@type\":\"WebPage\",\"@id\":\"https:\/\/paulrivera.it\/pt-pt\/prodotti\/coloracao\/spherica-creme-de-coloracao-ultrarrapido\/\",\"url\":\"https:\/\/paulrivera.it\/pt-pt\/prodotti\/coloracao\/spherica-creme-de-coloracao-ultrarrapido\/\",\"name\":\"Spherica - Creme de colora\u00e7\u00e3o ultrarr\u00e1pido\",\"isPartOf\":{\"@id\":\"https:\/\/paulrivera.it\/pt-pt\/#website\"},\"primaryImageOfPage\":{\"@id\":\"https:\/\/paulrivera.it\/pt-pt\/prodotti\/coloracao\/spherica-creme-de-coloracao-ultrarrapido\/#primaryimage\"},\"image\":{\"@id\":\"https:\/\/paulrivera.it\/pt-pt\/prodotti\/coloracao\/spherica-creme-de-coloracao-ultrarrapido\/#primaryimage\"},\"thumbnailUrl\":\"https:\/\/paulrivera.it\/wp-content\/uploads\/2024\/12\/6017xx_paul_rivera_spherica_100ml.png\",\"datePublished\":\"2024-11-29T11:12:54+00:00\",\"dateModified\":\"2025-01-20T11:29:51+00:00\",\"description\":\"Spherica \u00e9 o creme de colora\u00e7\u00e3o ultrarr\u00e1pido que proporciona um efeito extraordin\u00e1rioe um resultado excelente em apenas 10 minutos.\",\"breadcrumb\":{\"@id\":\"https:\/\/paulrivera.it\/pt-pt\/prodotti\/coloracao\/spherica-creme-de-coloracao-ultrarrapido\/#breadcrumb\"},\"inLanguage\":\"pt-PT\",\"potentialAction\":[{\"@type\":\"ReadAction\",\"target\":[\"https:\/\/paulrivera.it\/pt-pt\/prodotti\/coloracao\/spherica-creme-de-coloracao-ultrarrapido\/\"]}]},{\"@type\":\"ImageObject\",\"inLanguage\":\"pt-PT\",\"@id\":\"https:\/\/paulrivera.it\/pt-pt\/prodotti\/coloracao\/spherica-creme-de-coloracao-ultrarrapido\/#primaryimage\",\"url\":\"https:\/\/paulrivera.it\/wp-content\/uploads\/2024\/12\/6017xx_paul_rivera_spherica_100ml.png\",\"contentUrl\":\"https:\/\/paulrivera.it\/wp-content\/uploads\/2024\/12\/6017xx_paul_rivera_spherica_100ml.png\",\"width\":800,\"height\":800},{\"@type\":\"BreadcrumbList\",\"@id\":\"https:\/\/paulrivera.it\/pt-pt\/prodotti\/coloracao\/spherica-creme-de-coloracao-ultrarrapido\/#breadcrumb\",\"itemListElement\":[{\"@type\":\"ListItem\",\"position\":1,\"name\":\"Home\",\"item\":\"https:\/\/paulrivera.it\/pt-pt\/\"},{\"@type\":\"ListItem\",\"position\":2,\"name\":\"Pagina shop\",\"item\":\"https:\/\/paulrivera.it\/prodotti\/\"},{\"@type\":\"ListItem\",\"position\":3,\"name\":\"Spherica &#8211; Creme de colora\u00e7\u00e3o ultrarr\u00e1pido\"}]},{\"@type\":\"WebSite\",\"@id\":\"https:\/\/paulrivera.it\/pt-pt\/#website\",\"url\":\"https:\/\/paulrivera.it\/pt-pt\/\",\"name\":\"Paul Rivera\",\"description\":\"Hair Beauty Celebration\",\"publisher\":{\"@id\":\"https:\/\/paulrivera.it\/pt-pt\/#organization\"},\"potentialAction\":[{\"@type\":\"SearchAction\",\"target\":{\"@type\":\"EntryPoint\",\"urlTemplate\":\"https:\/\/paulrivera.it\/pt-pt\/?s={search_term_string}\"},\"query-input\":{\"@type\":\"PropertyValueSpecification\",\"valueRequired\":true,\"valueName\":\"search_term_string\"}}],\"inLanguage\":\"pt-PT\"},{\"@type\":\"Organization\",\"@id\":\"https:\/\/paulrivera.it\/pt-pt\/#organization\",\"name\":\"Paul Rivera\",\"url\":\"https:\/\/paulrivera.it\/pt-pt\/\",\"logo\":{\"@type\":\"ImageObject\",\"inLanguage\":\"pt-PT\",\"@id\":\"https:\/\/paulrivera.it\/pt-pt\/#\/schema\/logo\/image\/\",\"url\":\"https:\/\/paulrivera.it\/wp-content\/uploads\/2020\/02\/paul_rivera_logo_header_x2.png\",\"contentUrl\":\"https:\/\/paulrivera.it\/wp-content\/uploads\/2020\/02\/paul_rivera_logo_header_x2.png\",\"width\":470,\"height\":60,\"caption\":\"Paul Rivera\"},\"image\":{\"@id\":\"https:\/\/paulrivera.it\/pt-pt\/#\/schema\/logo\/image\/\"}}]}<\/script>\n<!-- \/ Yoast SEO plugin. -->","yoast_head_json":{"title":"Spherica - Creme de colora\u00e7\u00e3o ultrarr\u00e1pido","description":"Spherica \u00e9 o creme de colora\u00e7\u00e3o ultrarr\u00e1pido que proporciona um efeito extraordin\u00e1rioe um resultado excelente em apenas 10 minutos.","robots":{"index":"index","follow":"follow","max-snippet":"max-snippet:-1","max-image-preview":"max-image-preview:large","max-video-preview":"max-video-preview:-1"},"canonical":"https:\/\/paulrivera.it\/pt-pt\/prodotti\/coloracao\/spherica-creme-de-coloracao-ultrarrapido\/","og_locale":"pt_PT","og_type":"article","og_title":"Spherica - Creme de colora\u00e7\u00e3o ultrarr\u00e1pido","og_description":"Spherica \u00e9 o creme de colora\u00e7\u00e3o ultrarr\u00e1pido que proporciona um efeito extraordin\u00e1rioe um resultado excelente em apenas 10 minutos.","og_url":"https:\/\/paulrivera.it\/pt-pt\/prodotti\/coloracao\/spherica-creme-de-coloracao-ultrarrapido\/","og_site_name":"Paul Rivera","article_modified_time":"2025-01-20T11:29:51+00:00","og_image":[{"width":800,"height":800,"url":"https:\/\/paulrivera.it\/wp-content\/uploads\/2024\/12\/6017xx_paul_rivera_spherica_100ml.png","type":"image\/png"}],"twitter_card":"summary_large_image","twitter_misc":{"Est. reading time":"3 minutes"},"schema":{"@context":"https:\/\/schema.org","@graph":[{"@type":"WebPage","@id":"https:\/\/paulrivera.it\/pt-pt\/prodotti\/coloracao\/spherica-creme-de-coloracao-ultrarrapido\/","url":"https:\/\/paulrivera.it\/pt-pt\/prodotti\/coloracao\/spherica-creme-de-coloracao-ultrarrapido\/","name":"Spherica - Creme de colora\u00e7\u00e3o ultrarr\u00e1pido","isPartOf":{"@id":"https:\/\/paulrivera.it\/pt-pt\/#website"},"primaryImageOfPage":{"@id":"https:\/\/paulrivera.it\/pt-pt\/prodotti\/coloracao\/spherica-creme-de-coloracao-ultrarrapido\/#primaryimage"},"image":{"@id":"https:\/\/paulrivera.it\/pt-pt\/prodotti\/coloracao\/spherica-creme-de-coloracao-ultrarrapido\/#primaryimage"},"thumbnailUrl":"https:\/\/paulrivera.it\/wp-content\/uploads\/2024\/12\/6017xx_paul_rivera_spherica_100ml.png","datePublished":"2024-11-29T11:12:54+00:00","dateModified":"2025-01-20T11:29:51+00:00","description":"Spherica \u00e9 o creme de colora\u00e7\u00e3o ultrarr\u00e1pido que proporciona um efeito extraordin\u00e1rioe um resultado excelente em apenas 10 minutos.","breadcrumb":{"@id":"https:\/\/paulrivera.it\/pt-pt\/prodotti\/coloracao\/spherica-creme-de-coloracao-ultrarrapido\/#breadcrumb"},"inLanguage":"pt-PT","potentialAction":[{"@type":"ReadAction","target":["https:\/\/paulrivera.it\/pt-pt\/prodotti\/coloracao\/spherica-creme-de-coloracao-ultrarrapido\/"]}]},{"@type":"ImageObject","inLanguage":"pt-PT","@id":"https:\/\/paulrivera.it\/pt-pt\/prodotti\/coloracao\/spherica-creme-de-coloracao-ultrarrapido\/#primaryimage","url":"https:\/\/paulrivera.it\/wp-content\/uploads\/2024\/12\/6017xx_paul_rivera_spherica_100ml.png","contentUrl":"https:\/\/paulrivera.it\/wp-content\/uploads\/2024\/12\/6017xx_paul_rivera_spherica_100ml.png","width":800,"height":800},{"@type":"BreadcrumbList","@id":"https:\/\/paulrivera.it\/pt-pt\/prodotti\/coloracao\/spherica-creme-de-coloracao-ultrarrapido\/#breadcrumb","itemListElement":[{"@type":"ListItem","position":1,"name":"Home","item":"https:\/\/paulrivera.it\/pt-pt\/"},{"@type":"ListItem","position":2,"name":"Pagina shop","item":"https:\/\/paulrivera.it\/prodotti\/"},{"@type":"ListItem","position":3,"name":"Spherica &#8211; Creme de colora\u00e7\u00e3o ultrarr\u00e1pido"}]},{"@type":"WebSite","@id":"https:\/\/paulrivera.it\/pt-pt\/#website","url":"https:\/\/paulrivera.it\/pt-pt\/","name":"Paul Rivera","description":"Hair Beauty Celebration","publisher":{"@id":"https:\/\/paulrivera.it\/pt-pt\/#organization"},"potentialAction":[{"@type":"SearchAction","target":{"@type":"EntryPoint","urlTemplate":"https:\/\/paulrivera.it\/pt-pt\/?s={search_term_string}"},"query-input":{"@type":"PropertyValueSpecification","valueRequired":true,"valueName":"search_term_string"}}],"inLanguage":"pt-PT"},{"@type":"Organization","@id":"https:\/\/paulrivera.it\/pt-pt\/#organization","name":"Paul Rivera","url":"https:\/\/paulrivera.it\/pt-pt\/","logo":{"@type":"ImageObject","inLanguage":"pt-PT","@id":"https:\/\/paulrivera.it\/pt-pt\/#\/schema\/logo\/image\/","url":"https:\/\/paulrivera.it\/wp-content\/uploads\/2020\/02\/paul_rivera_logo_header_x2.png","contentUrl":"https:\/\/paulrivera.it\/wp-content\/uploads\/2020\/02\/paul_rivera_logo_header_x2.png","width":470,"height":60,"caption":"Paul Rivera"},"image":{"@id":"https:\/\/paulrivera.it\/pt-pt\/#\/schema\/logo\/image\/"}}]}},"_links":{"self":[{"href":"https:\/\/paulrivera.it\/pt-pt\/wp-json\/wp\/v2\/product\/11365","targetHints":{"allow":["GET"]}}],"collection":[{"href":"https:\/\/paulrivera.it\/pt-pt\/wp-json\/wp\/v2\/product"}],"about":[{"href":"https:\/\/paulrivera.it\/pt-pt\/wp-json\/wp\/v2\/types\/product"}],"wp:featuredmedia":[{"embeddable":true,"href":"https:\/\/paulrivera.it\/pt-pt\/wp-json\/wp\/v2\/media\/14620"}],"wp:attachment":[{"href":"https:\/\/paulrivera.it\/pt-pt\/wp-json\/wp\/v2\/media?parent=11365"}],"wp:term":[{"taxonomy":"product_brand","embeddable":true,"href":"https:\/\/paulrivera.it\/pt-pt\/wp-json\/wp\/v2\/product_brand?post=11365"},{"taxonomy":"product_cat","embeddable":true,"href":"https:\/\/paulrivera.it\/pt-pt\/wp-json\/wp\/v2\/product_cat?post=11365"},{"taxonomy":"product_tag","embeddable":true,"href":"https:\/\/paulrivera.it\/pt-pt\/wp-json\/wp\/v2\/product_tag?post=11365"}],"curies":[{"name":"wp","href":"https:\/\/api.w.org\/{rel}","templated":true}]}}