{"id":15921,"date":"2025-09-24T15:04:28","date_gmt":"2025-09-24T13:04:28","guid":{"rendered":"https:\/\/paulrivera.it\/?post_type=product&#038;p=15921"},"modified":"2025-09-25T10:14:31","modified_gmt":"2025-09-25T08:14:31","slug":"purifyze-mascara-purificante-2","status":"publish","type":"product","link":"https:\/\/paulrivera.it\/pt-pt\/prodotti\/tratamentos\/purifyze-couro-cabeludo-com-caspa-seca\/purifyze-mascara-purificante-2\/","title":{"rendered":"Purifyze \u2013 M\u00e1scara Purificante"},"content":{"rendered":"<div class=\"wpb-content-wrapper\"><p>[vc_row full_width=&#8221;stretch_row&#8221;][vc_column][vc_row_inner el_id=&#8221;desktop&#8221;][vc_column_inner width=&#8221;1\/2&#8243; css=&#8221;.vc_custom_1582194227194{padding-top: 10% !important;padding-right: 10% !important;padding-bottom: 10% !important;padding-left: 30% !important;}&#8221; offset=&#8221;vc_hidden-md vc_hidden-sm vc_hidden-xs&#8221;][vc_column_text css=&#8221;&#8221;]<\/p>\n<h1>Ir\u00e1 am\u00e1-lo porque<\/h1>\n<ul>\n<li><span style=\"font-weight: 400;\">Proporciona hidrata\u00e7\u00e3o intensa sem pesar<\/span><\/li>\n<li><span style=\"font-weight: 400;\">Deixa os cabelos macios e luminosos<\/span><\/li>\n<li><span style=\"font-weight: 400;\">Respeita a sensibilidade do couro cabeludo<\/span><\/li>\n<\/ul>\n<p>[\/vc_column_text][vc_column_text css=&#8221;&#8221;]<\/p>\n<h1>Ativos na f\u00f3rmula<\/h1>\n<ul>\n<li><span style=\"font-weight: 400;\">Gengibre: reativa a microcircula\u00e7\u00e3o cut\u00e2nea, estimula a renova\u00e7\u00e3o celular e acalma coceiras e vermelhid\u00f5es.<\/span><\/li>\n<li><span style=\"font-weight: 400;\">Piroctona Olamina: atua de forma direcionada contra a caspa seca com propriedades antif\u00fangicas e antibacterianas, ajudando a manter o couro cabeludo limpo e equilibrado.<\/span><\/li>\n<\/ul>\n<p>[\/vc_column_text][vc_column_text css=&#8221;&#8221;]<\/p>\n<h1>Como usar<\/h1>\n<p><span style=\"font-weight: 400;\">Ap\u00f3s o shampoo, aplicar uma quantidade generosa do produto nos fios. Deixar agir por 3 a 5 minutos para permitir que os ativos penetrem profundamente e, em seguida, enxaguar abundantemente.<\/span>[\/vc_column_text][\/vc_column_inner][vc_column_inner width=&#8221;1\/2&#8243; css=&#8221;.vc_custom_1758701652190{background-color: #5F319D !important;background-position: center !important;background-repeat: no-repeat !important;background-size: cover !important;}&#8221; offset=&#8221;vc_hidden-md vc_hidden-sm vc_hidden-xs&#8221;][vc_single_image image=&#8221;15702&#8243; img_size=&#8221;large&#8221; alignment=&#8221;center&#8221; css=&#8221;&#8221;][\/vc_column_inner][\/vc_row_inner][vc_row_inner el_id=&#8221;tablet&#8221;][vc_column_inner offset=&#8221;vc_hidden-lg vc_hidden-xs&#8221;][vc_column_text css=&#8221;&#8221;]<\/p>\n<h1>Ir\u00e1 am\u00e1-lo porque<\/h1>\n<ul>\n<li><span style=\"font-weight: 400;\">Proporciona hidrata\u00e7\u00e3o intensa sem pesar<\/span><\/li>\n<li><span style=\"font-weight: 400;\">Deixa os cabelos macios e luminosos<\/span><\/li>\n<li><span style=\"font-weight: 400;\">Respeita a sensibilidade do couro cabeludo<\/span><\/li>\n<\/ul>\n<p>[\/vc_column_text][vc_column_text css=&#8221;&#8221;]<\/p>\n<h1>Ativos na f\u00f3rmula<\/h1>\n<ul>\n<li><span style=\"font-weight: 400;\">Gengibre: reativa a microcircula\u00e7\u00e3o cut\u00e2nea, estimula a renova\u00e7\u00e3o celular e acalma coceiras e vermelhid\u00f5es.<\/span><\/li>\n<li><span style=\"font-weight: 400;\">Piroctona Olamina: atua de forma direcionada contra a caspa seca com propriedades antif\u00fangicas e antibacterianas, ajudando a manter o couro cabeludo limpo e equilibrado.<\/span><\/li>\n<\/ul>\n<p>[\/vc_column_text][vc_column_text css=&#8221;&#8221;]<\/p>\n<h1>Como usar<\/h1>\n<p><span style=\"font-weight: 400;\">Ap\u00f3s o shampoo, aplicar uma quantidade generosa do produto nos fios. Deixar agir por 3 a 5 minutos para permitir que os ativos penetrem profundamente e, em seguida, enxaguar abundantemente.<\/span>[\/vc_column_text][\/vc_column_inner][\/vc_row_inner][vc_row_inner el_id=&#8221;mobile&#8221;][vc_column_inner width=&#8221;1\/2&#8243; offset=&#8221;vc_hidden-lg vc_hidden-md vc_hidden-sm&#8221;][vc_column_text css=&#8221;&#8221;]<\/p>\n<h1>Ir\u00e1 am\u00e1-lo porque<\/h1>\n<ul>\n<li><span style=\"font-weight: 400;\">Proporciona hidrata\u00e7\u00e3o intensa sem pesar<\/span><\/li>\n<li><span style=\"font-weight: 400;\">Deixa os cabelos macios e luminosos<\/span><\/li>\n<li><span style=\"font-weight: 400;\">Respeita a sensibilidade do couro cabeludo<\/span><\/li>\n<\/ul>\n<p>[\/vc_column_text][vc_column_text css=&#8221;&#8221;]<\/p>\n<h1>Ativos na f\u00f3rmula<\/h1>\n<ul>\n<li><span style=\"font-weight: 400;\">Gengibre: reativa a microcircula\u00e7\u00e3o cut\u00e2nea, estimula a renova\u00e7\u00e3o celular e acalma coceiras e vermelhid\u00f5es.<\/span><\/li>\n<li><span style=\"font-weight: 400;\">Piroctona Olamina: atua de forma direcionada contra a caspa seca com propriedades antif\u00fangicas e antibacterianas, ajudando a manter o couro cabeludo limpo e equilibrado.<\/span><\/li>\n<\/ul>\n<p>[\/vc_column_text][vc_column_text css=&#8221;&#8221;]<\/p>\n<h1>Como usar<\/h1>\n<p><span style=\"font-weight: 400;\">Ap\u00f3s o shampoo, aplicar uma quantidade generosa do produto nos fios. Deixar agir por 3 a 5 minutos para permitir que os ativos penetrem profundamente e, em seguida, enxaguar abundantemente.<\/span>[\/vc_column_text][\/vc_column_inner][vc_column_inner width=&#8221;1\/2&#8243; css=&#8221;.vc_custom_1758701660518{background-color: #5F319D !important;background-position: center !important;background-repeat: no-repeat !important;background-size: cover !important;}&#8221; offset=&#8221;vc_hidden-lg vc_hidden-md vc_hidden-sm&#8221;][vc_single_image image=&#8221;15702&#8243; img_size=&#8221;large&#8221; alignment=&#8221;center&#8221; css=&#8221;&#8221;][\/vc_column_inner][\/vc_row_inner][\/vc_column][\/vc_row][vc_row css=&#8221;.vc_custom_1582192829011{padding-top: 50px !important;}&#8221;][vc_column][vc_row_inner][vc_column_inner][vc_column_text]<\/p>\n<h1 style=\"text-align: center;\">Produtos relacionados<\/h1>\n<p>[\/vc_column_text][\/vc_column_inner][\/vc_row_inner][vc_raw_html css=&#8221;&#8221;]JTVCd3BiLXByb2R1Y3Qtc2xpZGVyLXNob3J0Y29kZSUyMGlkJTNEJTIyMTU5NDclMjIlNUQ=[\/vc_raw_html][\/vc_column][\/vc_row]<\/p>\n<\/div>","protected":false},"excerpt":{"rendered":"<p><span style=\"font-weight: 400;\">A m\u00e1scara purificante Purifyze <strong>combina nutri\u00e7\u00e3o e hidrata\u00e7\u00e3o, devolvendo vitalidade aos cabelos e ao couro cabeludo sujeitos \u00e0 caspa seca<\/strong> ou descama\u00e7\u00e3o. Sua textura cremosa envolve os fios sem pesar, proporcionando maciez e brilho vis\u00edveis desde as primeiras aplica\u00e7\u00f5es. Um gesto de cuidado que completa a limpeza.<\/span><\/p>\n<p><span style=\"font-weight: 400;\">300 ml<\/span><\/p>\n<p>&nbsp;<\/p>\n<p class=\"p1\">[maxbutton id=\"6\"]<\/p>\n","protected":false},"featured_media":15674,"template":"","meta":[],"product_brand":[],"product_cat":[2102,376],"product_tag":[],"class_list":{"0":"post-15921","1":"product","2":"type-product","3":"status-publish","4":"has-post-thumbnail","6":"product_cat-purifyze-couro-cabeludo-com-caspa-seca","7":"product_cat-tratamentos","8":"description-off","10":"first","11":"instock","12":"shipping-taxable","13":"product-type-simple"},"yoast_head":"<!-- This site is optimized with the Yoast SEO plugin v27.2 - https:\/\/yoast.com\/product\/yoast-seo-wordpress\/ -->\n<title>Purifyze \u2013 M\u00e1scara Purificante - Paul Rivera<\/title>\n<meta name=\"description\" content=\"Purifyze combina nutri\u00e7\u00e3o e hidrata\u00e7\u00e3o, devolvendo vitalidade aos cabelos e ao couro cabeludo sujeitos \u00e0 caspa seca ou descama\u00e7\u00e3o.\" \/>\n<meta name=\"robots\" content=\"index, follow, max-snippet:-1, max-image-preview:large, max-video-preview:-1\" \/>\n<link rel=\"canonical\" href=\"https:\/\/paulrivera.it\/pt-pt\/prodotti\/tratamentos\/purifyze-couro-cabeludo-com-caspa-seca\/purifyze-mascara-purificante-2\/\" \/>\n<meta property=\"og:locale\" content=\"pt_PT\" \/>\n<meta property=\"og:type\" content=\"article\" \/>\n<meta property=\"og:title\" content=\"Purifyze \u2013 M\u00e1scara Purificante - Paul Rivera\" \/>\n<meta property=\"og:description\" content=\"Purifyze combina nutri\u00e7\u00e3o e hidrata\u00e7\u00e3o, devolvendo vitalidade aos cabelos e ao couro cabeludo sujeitos \u00e0 caspa seca ou descama\u00e7\u00e3o.\" \/>\n<meta property=\"og:url\" content=\"https:\/\/paulrivera.it\/pt-pt\/prodotti\/tratamentos\/purifyze-couro-cabeludo-com-caspa-seca\/purifyze-mascara-purificante-2\/\" \/>\n<meta property=\"og:site_name\" content=\"Paul Rivera\" \/>\n<meta property=\"article:modified_time\" content=\"2025-09-25T08:14:31+00:00\" \/>\n<meta property=\"og:image\" content=\"https:\/\/paulrivera.it\/wp-content\/uploads\/2025\/09\/605139-paul-rivera-purifyze-mask-300ml.png\" \/>\n\t<meta property=\"og:image:width\" content=\"800\" \/>\n\t<meta property=\"og:image:height\" content=\"800\" \/>\n\t<meta property=\"og:image:type\" content=\"image\/png\" \/>\n<meta name=\"twitter:card\" content=\"summary_large_image\" \/>\n<meta name=\"twitter:label1\" content=\"Est. reading time\" \/>\n\t<meta name=\"twitter:data1\" content=\"3 minutes\" \/>\n<script type=\"application\/ld+json\" class=\"yoast-schema-graph\">{\"@context\":\"https:\/\/schema.org\",\"@graph\":[{\"@type\":\"WebPage\",\"@id\":\"https:\/\/paulrivera.it\/pt-pt\/prodotti\/tratamentos\/purifyze-couro-cabeludo-com-caspa-seca\/purifyze-mascara-purificante-2\/\",\"url\":\"https:\/\/paulrivera.it\/pt-pt\/prodotti\/tratamentos\/purifyze-couro-cabeludo-com-caspa-seca\/purifyze-mascara-purificante-2\/\",\"name\":\"Purifyze \u2013 M\u00e1scara Purificante - Paul Rivera\",\"isPartOf\":{\"@id\":\"https:\/\/paulrivera.it\/pt-pt\/#website\"},\"primaryImageOfPage\":{\"@id\":\"https:\/\/paulrivera.it\/pt-pt\/prodotti\/tratamentos\/purifyze-couro-cabeludo-com-caspa-seca\/purifyze-mascara-purificante-2\/#primaryimage\"},\"image\":{\"@id\":\"https:\/\/paulrivera.it\/pt-pt\/prodotti\/tratamentos\/purifyze-couro-cabeludo-com-caspa-seca\/purifyze-mascara-purificante-2\/#primaryimage\"},\"thumbnailUrl\":\"https:\/\/paulrivera.it\/wp-content\/uploads\/2025\/09\/605139-paul-rivera-purifyze-mask-300ml.png\",\"datePublished\":\"2025-09-24T13:04:28+00:00\",\"dateModified\":\"2025-09-25T08:14:31+00:00\",\"description\":\"Purifyze combina nutri\u00e7\u00e3o e hidrata\u00e7\u00e3o, devolvendo vitalidade aos cabelos e ao couro cabeludo sujeitos \u00e0 caspa seca ou descama\u00e7\u00e3o.\",\"breadcrumb\":{\"@id\":\"https:\/\/paulrivera.it\/pt-pt\/prodotti\/tratamentos\/purifyze-couro-cabeludo-com-caspa-seca\/purifyze-mascara-purificante-2\/#breadcrumb\"},\"inLanguage\":\"pt-PT\",\"potentialAction\":[{\"@type\":\"ReadAction\",\"target\":[\"https:\/\/paulrivera.it\/pt-pt\/prodotti\/tratamentos\/purifyze-couro-cabeludo-com-caspa-seca\/purifyze-mascara-purificante-2\/\"]}]},{\"@type\":\"ImageObject\",\"inLanguage\":\"pt-PT\",\"@id\":\"https:\/\/paulrivera.it\/pt-pt\/prodotti\/tratamentos\/purifyze-couro-cabeludo-com-caspa-seca\/purifyze-mascara-purificante-2\/#primaryimage\",\"url\":\"https:\/\/paulrivera.it\/wp-content\/uploads\/2025\/09\/605139-paul-rivera-purifyze-mask-300ml.png\",\"contentUrl\":\"https:\/\/paulrivera.it\/wp-content\/uploads\/2025\/09\/605139-paul-rivera-purifyze-mask-300ml.png\",\"width\":800,\"height\":800},{\"@type\":\"BreadcrumbList\",\"@id\":\"https:\/\/paulrivera.it\/pt-pt\/prodotti\/tratamentos\/purifyze-couro-cabeludo-com-caspa-seca\/purifyze-mascara-purificante-2\/#breadcrumb\",\"itemListElement\":[{\"@type\":\"ListItem\",\"position\":1,\"name\":\"Home\",\"item\":\"https:\/\/paulrivera.it\/pt-pt\/\"},{\"@type\":\"ListItem\",\"position\":2,\"name\":\"Pagina shop\",\"item\":\"https:\/\/paulrivera.it\/prodotti\/\"},{\"@type\":\"ListItem\",\"position\":3,\"name\":\"Purifyze \u2013 M\u00e1scara Purificante\"}]},{\"@type\":\"WebSite\",\"@id\":\"https:\/\/paulrivera.it\/pt-pt\/#website\",\"url\":\"https:\/\/paulrivera.it\/pt-pt\/\",\"name\":\"Paul Rivera\",\"description\":\"Hair Beauty Celebration\",\"publisher\":{\"@id\":\"https:\/\/paulrivera.it\/pt-pt\/#organization\"},\"potentialAction\":[{\"@type\":\"SearchAction\",\"target\":{\"@type\":\"EntryPoint\",\"urlTemplate\":\"https:\/\/paulrivera.it\/pt-pt\/?s={search_term_string}\"},\"query-input\":{\"@type\":\"PropertyValueSpecification\",\"valueRequired\":true,\"valueName\":\"search_term_string\"}}],\"inLanguage\":\"pt-PT\"},{\"@type\":\"Organization\",\"@id\":\"https:\/\/paulrivera.it\/pt-pt\/#organization\",\"name\":\"Paul Rivera\",\"url\":\"https:\/\/paulrivera.it\/pt-pt\/\",\"logo\":{\"@type\":\"ImageObject\",\"inLanguage\":\"pt-PT\",\"@id\":\"https:\/\/paulrivera.it\/pt-pt\/#\/schema\/logo\/image\/\",\"url\":\"https:\/\/paulrivera.it\/wp-content\/uploads\/2020\/02\/paul_rivera_logo_header_x2.png\",\"contentUrl\":\"https:\/\/paulrivera.it\/wp-content\/uploads\/2020\/02\/paul_rivera_logo_header_x2.png\",\"width\":470,\"height\":60,\"caption\":\"Paul Rivera\"},\"image\":{\"@id\":\"https:\/\/paulrivera.it\/pt-pt\/#\/schema\/logo\/image\/\"}}]}<\/script>\n<!-- \/ Yoast SEO plugin. -->","yoast_head_json":{"title":"Purifyze \u2013 M\u00e1scara Purificante - Paul Rivera","description":"Purifyze combina nutri\u00e7\u00e3o e hidrata\u00e7\u00e3o, devolvendo vitalidade aos cabelos e ao couro cabeludo sujeitos \u00e0 caspa seca ou descama\u00e7\u00e3o.","robots":{"index":"index","follow":"follow","max-snippet":"max-snippet:-1","max-image-preview":"max-image-preview:large","max-video-preview":"max-video-preview:-1"},"canonical":"https:\/\/paulrivera.it\/pt-pt\/prodotti\/tratamentos\/purifyze-couro-cabeludo-com-caspa-seca\/purifyze-mascara-purificante-2\/","og_locale":"pt_PT","og_type":"article","og_title":"Purifyze \u2013 M\u00e1scara Purificante - Paul Rivera","og_description":"Purifyze combina nutri\u00e7\u00e3o e hidrata\u00e7\u00e3o, devolvendo vitalidade aos cabelos e ao couro cabeludo sujeitos \u00e0 caspa seca ou descama\u00e7\u00e3o.","og_url":"https:\/\/paulrivera.it\/pt-pt\/prodotti\/tratamentos\/purifyze-couro-cabeludo-com-caspa-seca\/purifyze-mascara-purificante-2\/","og_site_name":"Paul Rivera","article_modified_time":"2025-09-25T08:14:31+00:00","og_image":[{"width":800,"height":800,"url":"https:\/\/paulrivera.it\/wp-content\/uploads\/2025\/09\/605139-paul-rivera-purifyze-mask-300ml.png","type":"image\/png"}],"twitter_card":"summary_large_image","twitter_misc":{"Est. reading time":"3 minutes"},"schema":{"@context":"https:\/\/schema.org","@graph":[{"@type":"WebPage","@id":"https:\/\/paulrivera.it\/pt-pt\/prodotti\/tratamentos\/purifyze-couro-cabeludo-com-caspa-seca\/purifyze-mascara-purificante-2\/","url":"https:\/\/paulrivera.it\/pt-pt\/prodotti\/tratamentos\/purifyze-couro-cabeludo-com-caspa-seca\/purifyze-mascara-purificante-2\/","name":"Purifyze \u2013 M\u00e1scara Purificante - Paul Rivera","isPartOf":{"@id":"https:\/\/paulrivera.it\/pt-pt\/#website"},"primaryImageOfPage":{"@id":"https:\/\/paulrivera.it\/pt-pt\/prodotti\/tratamentos\/purifyze-couro-cabeludo-com-caspa-seca\/purifyze-mascara-purificante-2\/#primaryimage"},"image":{"@id":"https:\/\/paulrivera.it\/pt-pt\/prodotti\/tratamentos\/purifyze-couro-cabeludo-com-caspa-seca\/purifyze-mascara-purificante-2\/#primaryimage"},"thumbnailUrl":"https:\/\/paulrivera.it\/wp-content\/uploads\/2025\/09\/605139-paul-rivera-purifyze-mask-300ml.png","datePublished":"2025-09-24T13:04:28+00:00","dateModified":"2025-09-25T08:14:31+00:00","description":"Purifyze combina nutri\u00e7\u00e3o e hidrata\u00e7\u00e3o, devolvendo vitalidade aos cabelos e ao couro cabeludo sujeitos \u00e0 caspa seca ou descama\u00e7\u00e3o.","breadcrumb":{"@id":"https:\/\/paulrivera.it\/pt-pt\/prodotti\/tratamentos\/purifyze-couro-cabeludo-com-caspa-seca\/purifyze-mascara-purificante-2\/#breadcrumb"},"inLanguage":"pt-PT","potentialAction":[{"@type":"ReadAction","target":["https:\/\/paulrivera.it\/pt-pt\/prodotti\/tratamentos\/purifyze-couro-cabeludo-com-caspa-seca\/purifyze-mascara-purificante-2\/"]}]},{"@type":"ImageObject","inLanguage":"pt-PT","@id":"https:\/\/paulrivera.it\/pt-pt\/prodotti\/tratamentos\/purifyze-couro-cabeludo-com-caspa-seca\/purifyze-mascara-purificante-2\/#primaryimage","url":"https:\/\/paulrivera.it\/wp-content\/uploads\/2025\/09\/605139-paul-rivera-purifyze-mask-300ml.png","contentUrl":"https:\/\/paulrivera.it\/wp-content\/uploads\/2025\/09\/605139-paul-rivera-purifyze-mask-300ml.png","width":800,"height":800},{"@type":"BreadcrumbList","@id":"https:\/\/paulrivera.it\/pt-pt\/prodotti\/tratamentos\/purifyze-couro-cabeludo-com-caspa-seca\/purifyze-mascara-purificante-2\/#breadcrumb","itemListElement":[{"@type":"ListItem","position":1,"name":"Home","item":"https:\/\/paulrivera.it\/pt-pt\/"},{"@type":"ListItem","position":2,"name":"Pagina shop","item":"https:\/\/paulrivera.it\/prodotti\/"},{"@type":"ListItem","position":3,"name":"Purifyze \u2013 M\u00e1scara Purificante"}]},{"@type":"WebSite","@id":"https:\/\/paulrivera.it\/pt-pt\/#website","url":"https:\/\/paulrivera.it\/pt-pt\/","name":"Paul Rivera","description":"Hair Beauty Celebration","publisher":{"@id":"https:\/\/paulrivera.it\/pt-pt\/#organization"},"potentialAction":[{"@type":"SearchAction","target":{"@type":"EntryPoint","urlTemplate":"https:\/\/paulrivera.it\/pt-pt\/?s={search_term_string}"},"query-input":{"@type":"PropertyValueSpecification","valueRequired":true,"valueName":"search_term_string"}}],"inLanguage":"pt-PT"},{"@type":"Organization","@id":"https:\/\/paulrivera.it\/pt-pt\/#organization","name":"Paul Rivera","url":"https:\/\/paulrivera.it\/pt-pt\/","logo":{"@type":"ImageObject","inLanguage":"pt-PT","@id":"https:\/\/paulrivera.it\/pt-pt\/#\/schema\/logo\/image\/","url":"https:\/\/paulrivera.it\/wp-content\/uploads\/2020\/02\/paul_rivera_logo_header_x2.png","contentUrl":"https:\/\/paulrivera.it\/wp-content\/uploads\/2020\/02\/paul_rivera_logo_header_x2.png","width":470,"height":60,"caption":"Paul Rivera"},"image":{"@id":"https:\/\/paulrivera.it\/pt-pt\/#\/schema\/logo\/image\/"}}]}},"_links":{"self":[{"href":"https:\/\/paulrivera.it\/pt-pt\/wp-json\/wp\/v2\/product\/15921","targetHints":{"allow":["GET"]}}],"collection":[{"href":"https:\/\/paulrivera.it\/pt-pt\/wp-json\/wp\/v2\/product"}],"about":[{"href":"https:\/\/paulrivera.it\/pt-pt\/wp-json\/wp\/v2\/types\/product"}],"wp:featuredmedia":[{"embeddable":true,"href":"https:\/\/paulrivera.it\/pt-pt\/wp-json\/wp\/v2\/media\/15674"}],"wp:attachment":[{"href":"https:\/\/paulrivera.it\/pt-pt\/wp-json\/wp\/v2\/media?parent=15921"}],"wp:term":[{"taxonomy":"product_brand","embeddable":true,"href":"https:\/\/paulrivera.it\/pt-pt\/wp-json\/wp\/v2\/product_brand?post=15921"},{"taxonomy":"product_cat","embeddable":true,"href":"https:\/\/paulrivera.it\/pt-pt\/wp-json\/wp\/v2\/product_cat?post=15921"},{"taxonomy":"product_tag","embeddable":true,"href":"https:\/\/paulrivera.it\/pt-pt\/wp-json\/wp\/v2\/product_tag?post=15921"}],"curies":[{"name":"wp","href":"https:\/\/api.w.org\/{rel}","templated":true}]}}