{"id":16470,"date":"2026-03-23T10:21:31","date_gmt":"2026-03-23T09:21:31","guid":{"rendered":"https:\/\/paulrivera.it\/?post_type=product&#038;p=16470"},"modified":"2026-03-23T10:29:54","modified_gmt":"2026-03-23T09:29:54","slug":"vip-perfume-para-cabelo","status":"publish","type":"product","link":"https:\/\/paulrivera.it\/pt-pt\/prodotti\/finish-styling-pt\/vip-perfume-para-cabelo\/","title":{"rendered":"VIP &#8211; Perfume para Cabelo"},"content":{"rendered":"<div class=\"wpb-content-wrapper\"><p>[vc_row full_width=&#8221;stretch_row&#8221;][vc_column][vc_row_inner el_id=&#8221;desktop&#8221;][vc_column_inner width=&#8221;1\/2&#8243; css=&#8221;.vc_custom_1582194227194{padding-top: 10% !important;padding-right: 10% !important;padding-bottom: 10% !important;padding-left: 30% !important;}&#8221; offset=&#8221;vc_hidden-md vc_hidden-sm vc_hidden-xs&#8221;][vc_column_text css=&#8221;&#8221;]<\/p>\n<h1>Ir\u00e1 am\u00e1-lo porque<\/h1>\n<p>&nbsp;<\/p>\n<ul>\n<li style=\"font-weight: 400;\" aria-level=\"1\"><span style=\"font-weight: 400;\">Perfuma delicadamente os cabelos sem os pesar<\/span><\/li>\n<li style=\"font-weight: 400;\" aria-level=\"1\"><span style=\"font-weight: 400;\">Deixa um rasto elegante e duradouro<\/span><\/li>\n<li style=\"font-weight: 400;\" aria-level=\"1\"><span style=\"font-weight: 400;\">\u00c9 o toque final perfeito ap\u00f3s o styling<\/span><\/li>\n<li style=\"font-weight: 400;\" aria-level=\"1\"><span style=\"font-weight: 400;\">A fragr\u00e2ncia gourmand \u00e9 quente e sofisticada<\/span><\/li>\n<li style=\"font-weight: 400;\" aria-level=\"1\"><span style=\"font-weight: 400;\">Transforma cada movimento do cabelo numa experi\u00eancia sensorial<\/span><\/li>\n<\/ul>\n<p>[\/vc_column_text][vc_column_text css=&#8221;&#8221;]<\/p>\n<h1>Pir\u00e2mide olfativa<\/h1>\n<p><strong>Notas de topo<\/strong><span style=\"font-weight: 400;\"><br \/>\n<\/span><span style=\"font-weight: 400;\">Jasmim \u2013 Fava de Baunilha \u2013 Acorde Gourmand<\/span><\/p>\n<p><strong>Notas de cora\u00e7\u00e3o<\/strong><span style=\"font-weight: 400;\"><br \/>\n<\/span><span style=\"font-weight: 400;\">Caramelo \u2013 \u00c2mbar \u2013 Acorde Leitoso<\/span><\/p>\n<p><strong>Notas de fundo<\/strong><span style=\"font-weight: 400;\"><br \/>\n<\/span><span style=\"font-weight: 400;\">Baunilha \u2013 Fava Tonka \u2013 Alm\u00edscar Branco<\/span>[\/vc_column_text][vc_column_text css=&#8221;&#8221;]<\/p>\n<h1>Como usar<\/h1>\n<p><span style=\"font-weight: 400;\">Vaporizar sobre o cabelo seco a cerca de 30 cm de dist\u00e2ncia. Aplicar nos comprimentos e pontas como \u00faltimo passo do styling para envolver o cabelo numa fragr\u00e2ncia elegante e sofisticada.<\/span>[\/vc_column_text][\/vc_column_inner][vc_column_inner width=&#8221;1\/2&#8243; css=&#8221;.vc_custom_1774255532711{background-image: url(https:\/\/paulrivera.it\/wp-content\/uploads\/2026\/03\/background_adv_produc_VIP.jpg?id=16443) !important;background-position: center !important;background-repeat: no-repeat !important;background-size: cover !important;}&#8221; offset=&#8221;vc_hidden-md vc_hidden-sm vc_hidden-xs&#8221;][vc_single_image image=&#8221;16455&#8243; img_size=&#8221;large&#8221; alignment=&#8221;center&#8221; css=&#8221;&#8221;][\/vc_column_inner][\/vc_row_inner][vc_row_inner el_id=&#8221;tablet&#8221;][vc_column_inner offset=&#8221;vc_hidden-lg vc_hidden-xs&#8221;][vc_column_text css=&#8221;&#8221;]<\/p>\n<h1>Ir\u00e1 am\u00e1-lo porque<\/h1>\n<p>&nbsp;<\/p>\n<ul>\n<li style=\"font-weight: 400;\" aria-level=\"1\"><span style=\"font-weight: 400;\">Perfuma delicadamente os cabelos sem os pesar<\/span><\/li>\n<li style=\"font-weight: 400;\" aria-level=\"1\"><span style=\"font-weight: 400;\">Deixa um rasto elegante e duradouro<\/span><\/li>\n<li style=\"font-weight: 400;\" aria-level=\"1\"><span style=\"font-weight: 400;\">\u00c9 o toque final perfeito ap\u00f3s o styling<\/span><\/li>\n<li style=\"font-weight: 400;\" aria-level=\"1\"><span style=\"font-weight: 400;\">A fragr\u00e2ncia gourmand \u00e9 quente e sofisticada<\/span><\/li>\n<li style=\"font-weight: 400;\" aria-level=\"1\"><span style=\"font-weight: 400;\">Transforma cada movimento do cabelo numa experi\u00eancia sensorial<\/span><\/li>\n<\/ul>\n<p>[\/vc_column_text][vc_column_text css=&#8221;&#8221;]<\/p>\n<h1>Pir\u00e2mide olfativa<\/h1>\n<p><strong>Notas de topo<\/strong><span style=\"font-weight: 400;\"><br \/>\n<\/span><span style=\"font-weight: 400;\">Jasmim \u2013 Fava de Baunilha \u2013 Acorde Gourmand<\/span><\/p>\n<p><strong>Notas de cora\u00e7\u00e3o<\/strong><span style=\"font-weight: 400;\"><br \/>\n<\/span><span style=\"font-weight: 400;\">Caramelo \u2013 \u00c2mbar \u2013 Acorde Leitoso<\/span><\/p>\n<p><strong>Notas de fundo<\/strong><span style=\"font-weight: 400;\"><br \/>\n<\/span><span style=\"font-weight: 400;\">Baunilha \u2013 Fava Tonka \u2013 Alm\u00edscar Branco<\/span>[\/vc_column_text][vc_column_text css=&#8221;&#8221;]<\/p>\n<h1>Como usar<\/h1>\n<p><span style=\"font-weight: 400;\">Vaporizar sobre o cabelo seco a cerca de 30 cm de dist\u00e2ncia. Aplicar nos comprimentos e pontas como \u00faltimo passo do styling para envolver o cabelo numa fragr\u00e2ncia elegante e sofisticada.<\/span>[\/vc_column_text][\/vc_column_inner][\/vc_row_inner][vc_row_inner el_id=&#8221;mobile&#8221;][vc_column_inner width=&#8221;1\/2&#8243; offset=&#8221;vc_hidden-lg vc_hidden-md vc_hidden-sm&#8221;][vc_column_text css=&#8221;&#8221;]<\/p>\n<h1>Ir\u00e1 am\u00e1-lo porque<\/h1>\n<p>&nbsp;<\/p>\n<ul>\n<li style=\"font-weight: 400;\" aria-level=\"1\"><span style=\"font-weight: 400;\">Perfuma delicadamente os cabelos sem os pesar<\/span><\/li>\n<li style=\"font-weight: 400;\" aria-level=\"1\"><span style=\"font-weight: 400;\">Deixa um rasto elegante e duradouro<\/span><\/li>\n<li style=\"font-weight: 400;\" aria-level=\"1\"><span style=\"font-weight: 400;\">\u00c9 o toque final perfeito ap\u00f3s o styling<\/span><\/li>\n<li style=\"font-weight: 400;\" aria-level=\"1\"><span style=\"font-weight: 400;\">A fragr\u00e2ncia gourmand \u00e9 quente e sofisticada<\/span><\/li>\n<li style=\"font-weight: 400;\" aria-level=\"1\"><span style=\"font-weight: 400;\">Transforma cada movimento do cabelo numa experi\u00eancia sensorial<\/span><\/li>\n<\/ul>\n<p>[\/vc_column_text][vc_column_text css=&#8221;&#8221;]<\/p>\n<h1>Pir\u00e2mide olfativa<\/h1>\n<p><strong>Notas de topo<\/strong><span style=\"font-weight: 400;\"><br \/>\n<\/span><span style=\"font-weight: 400;\">Jasmim \u2013 Fava de Baunilha \u2013 Acorde Gourmand<\/span><\/p>\n<p><strong>Notas de cora\u00e7\u00e3o<\/strong><span style=\"font-weight: 400;\"><br \/>\n<\/span><span style=\"font-weight: 400;\">Caramelo \u2013 \u00c2mbar \u2013 Acorde Leitoso<\/span><\/p>\n<p><strong>Notas de fundo<\/strong><span style=\"font-weight: 400;\"><br \/>\n<\/span><span style=\"font-weight: 400;\">Baunilha \u2013 Fava Tonka \u2013 Alm\u00edscar Branco<\/span>[\/vc_column_text][vc_column_text css=&#8221;&#8221;]<\/p>\n<h1>Como usar<\/h1>\n<p><span style=\"font-weight: 400;\">Vaporizar sobre o cabelo seco a cerca de 30 cm de dist\u00e2ncia. Aplicar nos comprimentos e pontas como \u00faltimo passo do styling para envolver o cabelo numa fragr\u00e2ncia elegante e sofisticada.<\/span>[\/vc_column_text][\/vc_column_inner][vc_column_inner width=&#8221;1\/2&#8243; css=&#8221;.vc_custom_1774255545758{background-image: url(https:\/\/paulrivera.it\/wp-content\/uploads\/2026\/03\/background_adv_produc_VIP.jpg?id=16443) !important;background-position: center !important;background-repeat: no-repeat !important;background-size: cover !important;}&#8221; offset=&#8221;vc_hidden-lg vc_hidden-md vc_hidden-sm&#8221;][vc_single_image image=&#8221;16455&#8243; img_size=&#8221;large&#8221; alignment=&#8221;center&#8221; css=&#8221;&#8221;][\/vc_column_inner][\/vc_row_inner][\/vc_column][\/vc_row][vc_row css=&#8221;.vc_custom_1582192829011{padding-top: 50px !important;}&#8221;][vc_column][vc_row_inner][vc_column_inner][vc_column_text]<\/p>\n<h1 style=\"text-align: center;\">Produtos relacionados<\/h1>\n<p>[\/vc_column_text][\/vc_column_inner][\/vc_row_inner][vc_raw_html css=&#8221;&#8221;]W3dwYi1wcm9kdWN0LXNsaWRlci1zaG9ydGNvZGUgaWQ9IjExMDk2Il0=[\/vc_raw_html][\/vc_column][\/vc_row]<\/p>\n<\/div>","protected":false},"excerpt":{"rendered":"<p><b><i>VIP, Very Important Perfume<\/i><\/b><\/p>\n<p>O perfume para cabelo VIP \u00e9 o toque final perfeito ap\u00f3s o styling. Uma fragr\u00e2ncia sofisticada que envolve os cabelos numa aura elegante e sensual, deixando uma impress\u00e3o refinada a cada movimento.<\/p>\n<p>As suas notas gourmand de \u00e2mbar e baunilha fundem-se com acordes quentes e envolventes, criando uma composi\u00e7\u00e3o olfativa intensa, mas equilibrada. O resultado \u00e9 uma fragr\u00e2ncia luminosa, feminina e irresist\u00edvel que acompanha os cabelos com naturalidade, sem os pesar.<\/p>\n<p>Um detalhe invis\u00edvel, mas poderoso, capaz de transformar qualquer look num momento de passadeira vermelha.<\/p>\n<p>30 ml<\/p>\n<p>&nbsp;<\/p>\n[maxbutton id=\"6\"]\n","protected":false},"featured_media":16462,"template":"","meta":[],"product_brand":[],"product_cat":[374],"product_tag":[],"class_list":{"0":"post-16470","1":"product","2":"type-product","3":"status-publish","4":"has-post-thumbnail","6":"product_cat-finish-styling-pt","7":"description-off","9":"first","10":"instock","11":"shipping-taxable","12":"product-type-simple"},"yoast_head":"<!-- This site is optimized with the Yoast SEO plugin v27.2 - https:\/\/yoast.com\/product\/yoast-seo-wordpress\/ -->\n<title>VIP - Perfume para Cabelo - Paul Rivera<\/title>\n<meta name=\"description\" content=\"Uma fragr\u00e2ncia sofisticada que envolve os cabelos numa aura elegante e sensual, deixando uma impress\u00e3o refinada a cada movimento.\" \/>\n<meta name=\"robots\" content=\"index, follow, max-snippet:-1, max-image-preview:large, max-video-preview:-1\" \/>\n<link rel=\"canonical\" href=\"https:\/\/paulrivera.it\/pt-pt\/prodotti\/finish-styling-pt\/vip-perfume-para-cabelo\/\" \/>\n<meta property=\"og:locale\" content=\"pt_PT\" \/>\n<meta property=\"og:type\" content=\"article\" \/>\n<meta property=\"og:title\" content=\"VIP - Perfume para Cabelo - Paul Rivera\" \/>\n<meta property=\"og:description\" content=\"Uma fragr\u00e2ncia sofisticada que envolve os cabelos numa aura elegante e sensual, deixando uma impress\u00e3o refinada a cada movimento.\" \/>\n<meta property=\"og:url\" content=\"https:\/\/paulrivera.it\/pt-pt\/prodotti\/finish-styling-pt\/vip-perfume-para-cabelo\/\" \/>\n<meta property=\"og:site_name\" content=\"Paul Rivera\" \/>\n<meta property=\"article:modified_time\" content=\"2026-03-23T09:29:54+00:00\" \/>\n<meta property=\"og:image\" content=\"https:\/\/paulrivera.it\/wp-content\/uploads\/2026\/03\/606211-paul-rivera-vip-profumo-capelli-30ml.png\" \/>\n\t<meta property=\"og:image:width\" content=\"800\" \/>\n\t<meta property=\"og:image:height\" content=\"800\" \/>\n\t<meta property=\"og:image:type\" content=\"image\/png\" \/>\n<meta name=\"twitter:card\" content=\"summary_large_image\" \/>\n<meta name=\"twitter:label1\" content=\"Est. reading time\" \/>\n\t<meta name=\"twitter:data1\" content=\"3 minutes\" \/>\n<script type=\"application\/ld+json\" class=\"yoast-schema-graph\">{\"@context\":\"https:\/\/schema.org\",\"@graph\":[{\"@type\":\"WebPage\",\"@id\":\"https:\/\/paulrivera.it\/pt-pt\/prodotti\/finish-styling-pt\/vip-perfume-para-cabelo\/\",\"url\":\"https:\/\/paulrivera.it\/pt-pt\/prodotti\/finish-styling-pt\/vip-perfume-para-cabelo\/\",\"name\":\"VIP - Perfume para Cabelo - Paul Rivera\",\"isPartOf\":{\"@id\":\"https:\/\/paulrivera.it\/pt-pt\/#website\"},\"primaryImageOfPage\":{\"@id\":\"https:\/\/paulrivera.it\/pt-pt\/prodotti\/finish-styling-pt\/vip-perfume-para-cabelo\/#primaryimage\"},\"image\":{\"@id\":\"https:\/\/paulrivera.it\/pt-pt\/prodotti\/finish-styling-pt\/vip-perfume-para-cabelo\/#primaryimage\"},\"thumbnailUrl\":\"https:\/\/paulrivera.it\/wp-content\/uploads\/2026\/03\/606211-paul-rivera-vip-profumo-capelli-30ml.png\",\"datePublished\":\"2026-03-23T09:21:31+00:00\",\"dateModified\":\"2026-03-23T09:29:54+00:00\",\"description\":\"Uma fragr\u00e2ncia sofisticada que envolve os cabelos numa aura elegante e sensual, deixando uma impress\u00e3o refinada a cada movimento.\",\"breadcrumb\":{\"@id\":\"https:\/\/paulrivera.it\/pt-pt\/prodotti\/finish-styling-pt\/vip-perfume-para-cabelo\/#breadcrumb\"},\"inLanguage\":\"pt-PT\",\"potentialAction\":[{\"@type\":\"ReadAction\",\"target\":[\"https:\/\/paulrivera.it\/pt-pt\/prodotti\/finish-styling-pt\/vip-perfume-para-cabelo\/\"]}]},{\"@type\":\"ImageObject\",\"inLanguage\":\"pt-PT\",\"@id\":\"https:\/\/paulrivera.it\/pt-pt\/prodotti\/finish-styling-pt\/vip-perfume-para-cabelo\/#primaryimage\",\"url\":\"https:\/\/paulrivera.it\/wp-content\/uploads\/2026\/03\/606211-paul-rivera-vip-profumo-capelli-30ml.png\",\"contentUrl\":\"https:\/\/paulrivera.it\/wp-content\/uploads\/2026\/03\/606211-paul-rivera-vip-profumo-capelli-30ml.png\",\"width\":800,\"height\":800},{\"@type\":\"BreadcrumbList\",\"@id\":\"https:\/\/paulrivera.it\/pt-pt\/prodotti\/finish-styling-pt\/vip-perfume-para-cabelo\/#breadcrumb\",\"itemListElement\":[{\"@type\":\"ListItem\",\"position\":1,\"name\":\"Home\",\"item\":\"https:\/\/paulrivera.it\/pt-pt\/\"},{\"@type\":\"ListItem\",\"position\":2,\"name\":\"Pagina shop\",\"item\":\"https:\/\/paulrivera.it\/prodotti\/\"},{\"@type\":\"ListItem\",\"position\":3,\"name\":\"VIP &#8211; Perfume para Cabelo\"}]},{\"@type\":\"WebSite\",\"@id\":\"https:\/\/paulrivera.it\/pt-pt\/#website\",\"url\":\"https:\/\/paulrivera.it\/pt-pt\/\",\"name\":\"Paul Rivera\",\"description\":\"Hair Beauty Celebration\",\"publisher\":{\"@id\":\"https:\/\/paulrivera.it\/pt-pt\/#organization\"},\"potentialAction\":[{\"@type\":\"SearchAction\",\"target\":{\"@type\":\"EntryPoint\",\"urlTemplate\":\"https:\/\/paulrivera.it\/pt-pt\/?s={search_term_string}\"},\"query-input\":{\"@type\":\"PropertyValueSpecification\",\"valueRequired\":true,\"valueName\":\"search_term_string\"}}],\"inLanguage\":\"pt-PT\"},{\"@type\":\"Organization\",\"@id\":\"https:\/\/paulrivera.it\/pt-pt\/#organization\",\"name\":\"Paul Rivera\",\"url\":\"https:\/\/paulrivera.it\/pt-pt\/\",\"logo\":{\"@type\":\"ImageObject\",\"inLanguage\":\"pt-PT\",\"@id\":\"https:\/\/paulrivera.it\/pt-pt\/#\/schema\/logo\/image\/\",\"url\":\"https:\/\/paulrivera.it\/wp-content\/uploads\/2020\/02\/paul_rivera_logo_header_x2.png\",\"contentUrl\":\"https:\/\/paulrivera.it\/wp-content\/uploads\/2020\/02\/paul_rivera_logo_header_x2.png\",\"width\":470,\"height\":60,\"caption\":\"Paul Rivera\"},\"image\":{\"@id\":\"https:\/\/paulrivera.it\/pt-pt\/#\/schema\/logo\/image\/\"}}]}<\/script>\n<!-- \/ Yoast SEO plugin. -->","yoast_head_json":{"title":"VIP - Perfume para Cabelo - Paul Rivera","description":"Uma fragr\u00e2ncia sofisticada que envolve os cabelos numa aura elegante e sensual, deixando uma impress\u00e3o refinada a cada movimento.","robots":{"index":"index","follow":"follow","max-snippet":"max-snippet:-1","max-image-preview":"max-image-preview:large","max-video-preview":"max-video-preview:-1"},"canonical":"https:\/\/paulrivera.it\/pt-pt\/prodotti\/finish-styling-pt\/vip-perfume-para-cabelo\/","og_locale":"pt_PT","og_type":"article","og_title":"VIP - Perfume para Cabelo - Paul Rivera","og_description":"Uma fragr\u00e2ncia sofisticada que envolve os cabelos numa aura elegante e sensual, deixando uma impress\u00e3o refinada a cada movimento.","og_url":"https:\/\/paulrivera.it\/pt-pt\/prodotti\/finish-styling-pt\/vip-perfume-para-cabelo\/","og_site_name":"Paul Rivera","article_modified_time":"2026-03-23T09:29:54+00:00","og_image":[{"width":800,"height":800,"url":"https:\/\/paulrivera.it\/wp-content\/uploads\/2026\/03\/606211-paul-rivera-vip-profumo-capelli-30ml.png","type":"image\/png"}],"twitter_card":"summary_large_image","twitter_misc":{"Est. reading time":"3 minutes"},"schema":{"@context":"https:\/\/schema.org","@graph":[{"@type":"WebPage","@id":"https:\/\/paulrivera.it\/pt-pt\/prodotti\/finish-styling-pt\/vip-perfume-para-cabelo\/","url":"https:\/\/paulrivera.it\/pt-pt\/prodotti\/finish-styling-pt\/vip-perfume-para-cabelo\/","name":"VIP - Perfume para Cabelo - Paul Rivera","isPartOf":{"@id":"https:\/\/paulrivera.it\/pt-pt\/#website"},"primaryImageOfPage":{"@id":"https:\/\/paulrivera.it\/pt-pt\/prodotti\/finish-styling-pt\/vip-perfume-para-cabelo\/#primaryimage"},"image":{"@id":"https:\/\/paulrivera.it\/pt-pt\/prodotti\/finish-styling-pt\/vip-perfume-para-cabelo\/#primaryimage"},"thumbnailUrl":"https:\/\/paulrivera.it\/wp-content\/uploads\/2026\/03\/606211-paul-rivera-vip-profumo-capelli-30ml.png","datePublished":"2026-03-23T09:21:31+00:00","dateModified":"2026-03-23T09:29:54+00:00","description":"Uma fragr\u00e2ncia sofisticada que envolve os cabelos numa aura elegante e sensual, deixando uma impress\u00e3o refinada a cada movimento.","breadcrumb":{"@id":"https:\/\/paulrivera.it\/pt-pt\/prodotti\/finish-styling-pt\/vip-perfume-para-cabelo\/#breadcrumb"},"inLanguage":"pt-PT","potentialAction":[{"@type":"ReadAction","target":["https:\/\/paulrivera.it\/pt-pt\/prodotti\/finish-styling-pt\/vip-perfume-para-cabelo\/"]}]},{"@type":"ImageObject","inLanguage":"pt-PT","@id":"https:\/\/paulrivera.it\/pt-pt\/prodotti\/finish-styling-pt\/vip-perfume-para-cabelo\/#primaryimage","url":"https:\/\/paulrivera.it\/wp-content\/uploads\/2026\/03\/606211-paul-rivera-vip-profumo-capelli-30ml.png","contentUrl":"https:\/\/paulrivera.it\/wp-content\/uploads\/2026\/03\/606211-paul-rivera-vip-profumo-capelli-30ml.png","width":800,"height":800},{"@type":"BreadcrumbList","@id":"https:\/\/paulrivera.it\/pt-pt\/prodotti\/finish-styling-pt\/vip-perfume-para-cabelo\/#breadcrumb","itemListElement":[{"@type":"ListItem","position":1,"name":"Home","item":"https:\/\/paulrivera.it\/pt-pt\/"},{"@type":"ListItem","position":2,"name":"Pagina shop","item":"https:\/\/paulrivera.it\/prodotti\/"},{"@type":"ListItem","position":3,"name":"VIP &#8211; Perfume para Cabelo"}]},{"@type":"WebSite","@id":"https:\/\/paulrivera.it\/pt-pt\/#website","url":"https:\/\/paulrivera.it\/pt-pt\/","name":"Paul Rivera","description":"Hair Beauty Celebration","publisher":{"@id":"https:\/\/paulrivera.it\/pt-pt\/#organization"},"potentialAction":[{"@type":"SearchAction","target":{"@type":"EntryPoint","urlTemplate":"https:\/\/paulrivera.it\/pt-pt\/?s={search_term_string}"},"query-input":{"@type":"PropertyValueSpecification","valueRequired":true,"valueName":"search_term_string"}}],"inLanguage":"pt-PT"},{"@type":"Organization","@id":"https:\/\/paulrivera.it\/pt-pt\/#organization","name":"Paul Rivera","url":"https:\/\/paulrivera.it\/pt-pt\/","logo":{"@type":"ImageObject","inLanguage":"pt-PT","@id":"https:\/\/paulrivera.it\/pt-pt\/#\/schema\/logo\/image\/","url":"https:\/\/paulrivera.it\/wp-content\/uploads\/2020\/02\/paul_rivera_logo_header_x2.png","contentUrl":"https:\/\/paulrivera.it\/wp-content\/uploads\/2020\/02\/paul_rivera_logo_header_x2.png","width":470,"height":60,"caption":"Paul Rivera"},"image":{"@id":"https:\/\/paulrivera.it\/pt-pt\/#\/schema\/logo\/image\/"}}]}},"_links":{"self":[{"href":"https:\/\/paulrivera.it\/pt-pt\/wp-json\/wp\/v2\/product\/16470","targetHints":{"allow":["GET"]}}],"collection":[{"href":"https:\/\/paulrivera.it\/pt-pt\/wp-json\/wp\/v2\/product"}],"about":[{"href":"https:\/\/paulrivera.it\/pt-pt\/wp-json\/wp\/v2\/types\/product"}],"wp:featuredmedia":[{"embeddable":true,"href":"https:\/\/paulrivera.it\/pt-pt\/wp-json\/wp\/v2\/media\/16462"}],"wp:attachment":[{"href":"https:\/\/paulrivera.it\/pt-pt\/wp-json\/wp\/v2\/media?parent=16470"}],"wp:term":[{"taxonomy":"product_brand","embeddable":true,"href":"https:\/\/paulrivera.it\/pt-pt\/wp-json\/wp\/v2\/product_brand?post=16470"},{"taxonomy":"product_cat","embeddable":true,"href":"https:\/\/paulrivera.it\/pt-pt\/wp-json\/wp\/v2\/product_cat?post=16470"},{"taxonomy":"product_tag","embeddable":true,"href":"https:\/\/paulrivera.it\/pt-pt\/wp-json\/wp\/v2\/product_tag?post=16470"}],"curies":[{"name":"wp","href":"https:\/\/api.w.org\/{rel}","templated":true}]}}