{"id":16554,"date":"2026-03-25T14:26:43","date_gmt":"2026-03-25T13:26:43","guid":{"rendered":"https:\/\/paulrivera.it\/?post_type=product&#038;p=16554"},"modified":"2026-03-25T14:41:40","modified_gmt":"2026-03-25T13:41:40","slug":"sunny-sfaction-olio-protettivo-per-capelli-40ml","status":"publish","type":"product","link":"https:\/\/paulrivera.it\/pt-pt\/prodotti\/tratamentos\/sunny-sfaction-tratamento-para-cabelos-expostos-ao-sol\/sunny-sfaction-olio-protettivo-per-capelli-40ml\/","title":{"rendered":"Sunny Sfaction \u2013 \u00d3leo protetor capilar"},"content":{"rendered":"<div class=\"wpb-content-wrapper\"><p>[vc_row full_width=&#8221;stretch_row&#8221;][vc_column][vc_row_inner el_id=&#8221;desktop&#8221;][vc_column_inner width=&#8221;1\/2&#8243; css=&#8221;.vc_custom_1582194227194{padding-top: 10% !important;padding-right: 10% !important;padding-bottom: 10% !important;padding-left: 30% !important;}&#8221; offset=&#8221;vc_hidden-md vc_hidden-sm vc_hidden-xs&#8221;][vc_column_text]<\/p>\n<h1>Ir\u00e1 am\u00e1-lo porque<\/h1>\n<p><\/p>\n<ul>\n<li aria-level=\"1\">F\u00f3rmula Waterproof, resistente \u00e0 \u00e1gua<\/li>\n<li aria-level=\"1\">Exerce uma a\u00e7\u00e3o fotoprotetora e anti-envelhecimento no cabelo<\/li>\n<li aria-level=\"1\">Pode ser aplicado no cabelo molhado ou seco<\/li>\n<li aria-level=\"1\">Facilita o styling<\/li>\n<\/ul>\n<p>[\/vc_column_text][vc_column_text]<\/p>\n<h1>Ativos na f\u00f3rmula<\/h1>\n<p><\/p>\n<ul>\n<li aria-level=\"1\">Extrato de Coco: rico em minerais e vitaminas, tem um excecional poder de hidratar e nutrir o cabelo.<\/li>\n<li aria-level=\"1\">\u00d3leo de c\u00e2nhamo: a sua a\u00e7\u00e3o emoliente ajuda a prevenir a secura e a desidrata\u00e7\u00e3o enquanto a a\u00e7\u00e3o reestruturante torna o cabelo saud\u00e1vel e luminoso.<\/li>\n<li aria-level=\"1\">Filtros UV e UVB: ajudam a proteger o cabelo dos danos causados pela exposi\u00e7\u00e3o ao sol.<\/li>\n<li aria-level=\"1\">Vitamina E: luta contra os radicais livres, produzidos em quantidade significativa por fatores externos, como os raios UV.<\/li>\n<\/ul>\n<p>[\/vc_column_text][vc_column_text]<\/p>\n<h1>Como usar<\/h1>\n<p>Aplicar no cabelo molhado ou seco, antes, durante e ap\u00f3s a exposi\u00e7\u00e3o ao sol.[\/vc_column_text][\/vc_column_inner][vc_column_inner width=&#8221;1\/2&#8243; css=&#8221;.vc_custom_1649854361020{background-image: url(https:\/\/paulrivera.it\/wp-content\/uploads\/2022\/03\/background_paul_rivera_adv_prodotti_sunny_sfaction.png?id=4848) !important;background-position: center !important;background-repeat: no-repeat !important;background-size: cover !important;}&#8221; offset=&#8221;vc_hidden-md vc_hidden-sm vc_hidden-xs&#8221;][vc_single_image image=&#8221;16541&#8243; img_size=&#8221;full&#8221; css=&#8221;&#8221;][\/vc_column_inner][\/vc_row_inner][vc_row_inner el_id=&#8221;tablet&#8221;][vc_column_inner offset=&#8221;vc_hidden-lg vc_hidden-xs&#8221;][vc_column_text]<\/p>\n<h1>Ir\u00e1 am\u00e1-lo porque<\/h1>\n<p><\/p>\n<ul>\n<li aria-level=\"1\">F\u00f3rmula Waterproof, resistente \u00e0 \u00e1gua<\/li>\n<li aria-level=\"1\">Exerce uma a\u00e7\u00e3o fotoprotetora e anti-envelhecimento no cabelo<\/li>\n<li aria-level=\"1\">Pode ser aplicado no cabelo molhado ou seco<\/li>\n<li aria-level=\"1\">Facilita o styling<\/li>\n<\/ul>\n<p>[\/vc_column_text][vc_column_text]<\/p>\n<h1>Ativos na f\u00f3rmula<\/h1>\n<p><\/p>\n<ul>\n<li aria-level=\"1\">Extrato de Coco: rico em minerais e vitaminas, tem um excecional poder de hidratar e nutrir o cabelo.<\/li>\n<li aria-level=\"1\">\u00d3leo de c\u00e2nhamo: a sua a\u00e7\u00e3o emoliente ajuda a prevenir a secura e a desidrata\u00e7\u00e3o enquanto a a\u00e7\u00e3o reestruturante torna o cabelo saud\u00e1vel e luminoso.<\/li>\n<li aria-level=\"1\">Filtros UV e UVB: ajudam a proteger o cabelo dos danos causados pela exposi\u00e7\u00e3o ao sol.<\/li>\n<li aria-level=\"1\">Vitamina E: luta contra os radicais livres, produzidos em quantidade significativa por fatores externos, como os raios UV.<\/li>\n<\/ul>\n<p>[\/vc_column_text][vc_column_text]<\/p>\n<h1>Como usar<\/h1>\n<p>Aplicar no cabelo molhado ou seco, antes, durante e ap\u00f3s a exposi\u00e7\u00e3o ao sol.[\/vc_column_text][\/vc_column_inner][\/vc_row_inner][vc_row_inner el_id=&#8221;mobile&#8221;][vc_column_inner width=&#8221;1\/2&#8243; offset=&#8221;vc_hidden-lg vc_hidden-md vc_hidden-sm&#8221;][vc_column_text]<\/p>\n<h1>Ir\u00e1 am\u00e1-lo porque<\/h1>\n<p><\/p>\n<ul>\n<li aria-level=\"1\">F\u00f3rmula Waterproof, resistente \u00e0 \u00e1gua<\/li>\n<li aria-level=\"1\">Exerce uma a\u00e7\u00e3o fotoprotetora e anti-envelhecimento no cabelo<\/li>\n<li aria-level=\"1\">Pode ser aplicado no cabelo molhado ou seco<\/li>\n<li aria-level=\"1\">Facilita o styling<\/li>\n<\/ul>\n<p>[\/vc_column_text][vc_column_text]<\/p>\n<h1>Ativos na f\u00f3rmula<\/h1>\n<p><\/p>\n<ul>\n<li aria-level=\"1\">Extrato de Coco: rico em minerais e vitaminas, tem um excecional poder de hidratar e nutrir o cabelo.<\/li>\n<li aria-level=\"1\">\u00d3leo de c\u00e2nhamo: a sua a\u00e7\u00e3o emoliente ajuda a prevenir a secura e a desidrata\u00e7\u00e3o enquanto a a\u00e7\u00e3o reestruturante torna o cabelo saud\u00e1vel e luminoso.<\/li>\n<li aria-level=\"1\">Filtros UV e UVB: ajudam a proteger o cabelo dos danos causados pela exposi\u00e7\u00e3o ao sol.<\/li>\n<li aria-level=\"1\">Vitamina E: luta contra os radicais livres, produzidos em quantidade significativa por fatores externos, como os raios UV.<\/li>\n<\/ul>\n<p>[\/vc_column_text][vc_column_text]<\/p>\n<h1>Como usar<\/h1>\n<p>Aplicar no cabelo molhado ou seco, antes, durante e ap\u00f3s a exposi\u00e7\u00e3o ao sol.[\/vc_column_text][\/vc_column_inner][vc_column_inner width=&#8221;1\/2&#8243; css=&#8221;.vc_custom_1649854391418{background-image: url(https:\/\/paulrivera.it\/wp-content\/uploads\/2022\/03\/background_paul_rivera_adv_prodotti_sunny_sfaction.png?id=4848) !important;background-position: center !important;background-repeat: no-repeat !important;background-size: cover !important;}&#8221; offset=&#8221;vc_hidden-lg vc_hidden-md vc_hidden-sm&#8221;][vc_single_image image=&#8221;16541&#8243; img_size=&#8221;full&#8221; css=&#8221;&#8221;][\/vc_column_inner][\/vc_row_inner][\/vc_column][\/vc_row][vc_row css=&#8221;.vc_custom_1582192829011{padding-top: 50px !important;}&#8221;][vc_column][vc_row_inner][vc_column_inner][vc_column_text]<\/p>\n<h1 style=\"text-align: center;\">Produtos relacionados<\/h1>\n<p>[\/vc_column_text][\/vc_column_inner][\/vc_row_inner][vc_raw_html]W3dwYi1wcm9kdWN0LXNsaWRlci1zaG9ydGNvZGUgaWQ9IjQ5MjMiXQ==[\/vc_raw_html][\/vc_column][\/vc_row]<\/p>\n<\/div>","protected":false},"excerpt":{"rendered":"<p>O \u00d3leo protetor capilar Sunny Sfaction tem uma f\u00f3rmula especial resistente \u00e0 \u00e1gua e enriquecida com Filtros UV e Vitamina E, para prevenir os danos causados pela exposi\u00e7\u00e3o ao sol, cloro e sal.<\/p>\n<p>Aplicado no cabelo molhado ou seco, a sua a\u00e7\u00e3o regenerante confere ao cabelo um aspeto visivelmente mais saud\u00e1vel, sem sobrecarreg\u00e1-lo.<\/p>\n<p>40 ml<\/p>\n<p>\u00a0<\/p>\n<p><img loading=\"lazy\" decoding=\"async\" class=\"alignnone size-full wp-image-4895\" src=\"https:\/\/paulrivera.it\/wp-content\/uploads\/2022\/04\/paul_rivera_bollino_filtri.png\" alt=\"\" width=\"150\" height=\"150\" srcset=\"https:\/\/paulrivera.it\/wp-content\/uploads\/2022\/04\/paul_rivera_bollino_filtri.png 150w, https:\/\/paulrivera.it\/wp-content\/uploads\/2022\/04\/paul_rivera_bollino_filtri-24x24.png 24w, https:\/\/paulrivera.it\/wp-content\/uploads\/2022\/04\/paul_rivera_bollino_filtri-36x36.png 36w, https:\/\/paulrivera.it\/wp-content\/uploads\/2022\/04\/paul_rivera_bollino_filtri-48x48.png 48w\" sizes=\"auto, (max-width: 150px) 100vw, 150px\" \/><\/p>\n<p>\u00a0<\/p>\n[maxbutton id=\"6\"]\n","protected":false},"featured_media":16548,"template":"","meta":[],"product_brand":[],"product_cat":[929],"product_tag":[],"class_list":{"0":"post-16554","1":"product","2":"type-product","3":"status-publish","4":"has-post-thumbnail","6":"product_cat-sunny-sfaction-tratamento-para-cabelos-expostos-ao-sol","7":"description-off","9":"first","10":"instock","11":"shipping-taxable","12":"product-type-simple"},"yoast_head":"<!-- This site is optimized with the Yoast SEO plugin v27.2 - https:\/\/yoast.com\/product\/yoast-seo-wordpress\/ -->\n<title>Sunny Sfaction \u2013 \u00d3leo protetor capilar<\/title>\n<meta name=\"description\" content=\"O \u00d3leo protetor capilar Sunny Sfaction tem uma f\u00f3rmula especial resistente \u00e0 \u00e1gua e enriquecida com Filtros UV e Vitamina E, para prevenir os danos causados pela exposi\u00e7\u00e3o ao sol, cloro e sal.\" \/>\n<meta name=\"robots\" content=\"index, follow, max-snippet:-1, max-image-preview:large, max-video-preview:-1\" \/>\n<link rel=\"canonical\" href=\"https:\/\/paulrivera.it\/pt-pt\/prodotti\/tratamentos\/sunny-sfaction-tratamento-para-cabelos-expostos-ao-sol\/sunny-sfaction-olio-protettivo-per-capelli-40ml\/\" \/>\n<meta property=\"og:locale\" content=\"pt_PT\" \/>\n<meta property=\"og:type\" content=\"article\" \/>\n<meta property=\"og:title\" content=\"Sunny Sfaction \u2013 \u00d3leo protetor capilar\" \/>\n<meta property=\"og:description\" content=\"O \u00d3leo protetor capilar Sunny Sfaction tem uma f\u00f3rmula especial resistente \u00e0 \u00e1gua e enriquecida com Filtros UV e Vitamina E, para prevenir os danos causados pela exposi\u00e7\u00e3o ao sol, cloro e sal.\" \/>\n<meta property=\"og:url\" content=\"https:\/\/paulrivera.it\/pt-pt\/prodotti\/tratamentos\/sunny-sfaction-tratamento-para-cabelos-expostos-ao-sol\/sunny-sfaction-olio-protettivo-per-capelli-40ml\/\" \/>\n<meta property=\"og:site_name\" content=\"Paul Rivera\" \/>\n<meta property=\"article:modified_time\" content=\"2026-03-25T13:41:40+00:00\" \/>\n<meta property=\"og:image\" content=\"https:\/\/paulrivera.it\/wp-content\/uploads\/2026\/03\/olio_sunny_40ml.png\" \/>\n\t<meta property=\"og:image:width\" content=\"800\" \/>\n\t<meta property=\"og:image:height\" content=\"800\" \/>\n\t<meta property=\"og:image:type\" content=\"image\/png\" \/>\n<meta name=\"twitter:card\" content=\"summary_large_image\" \/>\n<meta name=\"twitter:label1\" content=\"Est. reading time\" \/>\n\t<meta name=\"twitter:data1\" content=\"3 minutes\" \/>\n<script type=\"application\/ld+json\" class=\"yoast-schema-graph\">{\"@context\":\"https:\/\/schema.org\",\"@graph\":[{\"@type\":\"WebPage\",\"@id\":\"https:\/\/paulrivera.it\/pt-pt\/prodotti\/tratamentos\/sunny-sfaction-tratamento-para-cabelos-expostos-ao-sol\/sunny-sfaction-olio-protettivo-per-capelli-40ml\/\",\"url\":\"https:\/\/paulrivera.it\/pt-pt\/prodotti\/tratamentos\/sunny-sfaction-tratamento-para-cabelos-expostos-ao-sol\/sunny-sfaction-olio-protettivo-per-capelli-40ml\/\",\"name\":\"Sunny Sfaction \u2013 \u00d3leo protetor capilar\",\"isPartOf\":{\"@id\":\"https:\/\/paulrivera.it\/pt-pt\/#website\"},\"primaryImageOfPage\":{\"@id\":\"https:\/\/paulrivera.it\/pt-pt\/prodotti\/tratamentos\/sunny-sfaction-tratamento-para-cabelos-expostos-ao-sol\/sunny-sfaction-olio-protettivo-per-capelli-40ml\/#primaryimage\"},\"image\":{\"@id\":\"https:\/\/paulrivera.it\/pt-pt\/prodotti\/tratamentos\/sunny-sfaction-tratamento-para-cabelos-expostos-ao-sol\/sunny-sfaction-olio-protettivo-per-capelli-40ml\/#primaryimage\"},\"thumbnailUrl\":\"https:\/\/paulrivera.it\/wp-content\/uploads\/2026\/03\/olio_sunny_40ml.png\",\"datePublished\":\"2026-03-25T13:26:43+00:00\",\"dateModified\":\"2026-03-25T13:41:40+00:00\",\"description\":\"O \u00d3leo protetor capilar Sunny Sfaction tem uma f\u00f3rmula especial resistente \u00e0 \u00e1gua e enriquecida com Filtros UV e Vitamina E, para prevenir os danos causados pela exposi\u00e7\u00e3o ao sol, cloro e sal.\",\"breadcrumb\":{\"@id\":\"https:\/\/paulrivera.it\/pt-pt\/prodotti\/tratamentos\/sunny-sfaction-tratamento-para-cabelos-expostos-ao-sol\/sunny-sfaction-olio-protettivo-per-capelli-40ml\/#breadcrumb\"},\"inLanguage\":\"pt-PT\",\"potentialAction\":[{\"@type\":\"ReadAction\",\"target\":[\"https:\/\/paulrivera.it\/pt-pt\/prodotti\/tratamentos\/sunny-sfaction-tratamento-para-cabelos-expostos-ao-sol\/sunny-sfaction-olio-protettivo-per-capelli-40ml\/\"]}]},{\"@type\":\"ImageObject\",\"inLanguage\":\"pt-PT\",\"@id\":\"https:\/\/paulrivera.it\/pt-pt\/prodotti\/tratamentos\/sunny-sfaction-tratamento-para-cabelos-expostos-ao-sol\/sunny-sfaction-olio-protettivo-per-capelli-40ml\/#primaryimage\",\"url\":\"https:\/\/paulrivera.it\/wp-content\/uploads\/2026\/03\/olio_sunny_40ml.png\",\"contentUrl\":\"https:\/\/paulrivera.it\/wp-content\/uploads\/2026\/03\/olio_sunny_40ml.png\",\"width\":800,\"height\":800},{\"@type\":\"BreadcrumbList\",\"@id\":\"https:\/\/paulrivera.it\/pt-pt\/prodotti\/tratamentos\/sunny-sfaction-tratamento-para-cabelos-expostos-ao-sol\/sunny-sfaction-olio-protettivo-per-capelli-40ml\/#breadcrumb\",\"itemListElement\":[{\"@type\":\"ListItem\",\"position\":1,\"name\":\"Home\",\"item\":\"https:\/\/paulrivera.it\/pt-pt\/\"},{\"@type\":\"ListItem\",\"position\":2,\"name\":\"Pagina shop\",\"item\":\"https:\/\/paulrivera.it\/prodotti\/\"},{\"@type\":\"ListItem\",\"position\":3,\"name\":\"Sunny Sfaction \u2013 \u00d3leo protetor capilar\"}]},{\"@type\":\"WebSite\",\"@id\":\"https:\/\/paulrivera.it\/pt-pt\/#website\",\"url\":\"https:\/\/paulrivera.it\/pt-pt\/\",\"name\":\"Paul Rivera\",\"description\":\"Hair Beauty Celebration\",\"publisher\":{\"@id\":\"https:\/\/paulrivera.it\/pt-pt\/#organization\"},\"potentialAction\":[{\"@type\":\"SearchAction\",\"target\":{\"@type\":\"EntryPoint\",\"urlTemplate\":\"https:\/\/paulrivera.it\/pt-pt\/?s={search_term_string}\"},\"query-input\":{\"@type\":\"PropertyValueSpecification\",\"valueRequired\":true,\"valueName\":\"search_term_string\"}}],\"inLanguage\":\"pt-PT\"},{\"@type\":\"Organization\",\"@id\":\"https:\/\/paulrivera.it\/pt-pt\/#organization\",\"name\":\"Paul Rivera\",\"url\":\"https:\/\/paulrivera.it\/pt-pt\/\",\"logo\":{\"@type\":\"ImageObject\",\"inLanguage\":\"pt-PT\",\"@id\":\"https:\/\/paulrivera.it\/pt-pt\/#\/schema\/logo\/image\/\",\"url\":\"https:\/\/paulrivera.it\/wp-content\/uploads\/2020\/02\/paul_rivera_logo_header_x2.png\",\"contentUrl\":\"https:\/\/paulrivera.it\/wp-content\/uploads\/2020\/02\/paul_rivera_logo_header_x2.png\",\"width\":470,\"height\":60,\"caption\":\"Paul Rivera\"},\"image\":{\"@id\":\"https:\/\/paulrivera.it\/pt-pt\/#\/schema\/logo\/image\/\"}}]}<\/script>\n<!-- \/ Yoast SEO plugin. -->","yoast_head_json":{"title":"Sunny Sfaction \u2013 \u00d3leo protetor capilar","description":"O \u00d3leo protetor capilar Sunny Sfaction tem uma f\u00f3rmula especial resistente \u00e0 \u00e1gua e enriquecida com Filtros UV e Vitamina E, para prevenir os danos causados pela exposi\u00e7\u00e3o ao sol, cloro e sal.","robots":{"index":"index","follow":"follow","max-snippet":"max-snippet:-1","max-image-preview":"max-image-preview:large","max-video-preview":"max-video-preview:-1"},"canonical":"https:\/\/paulrivera.it\/pt-pt\/prodotti\/tratamentos\/sunny-sfaction-tratamento-para-cabelos-expostos-ao-sol\/sunny-sfaction-olio-protettivo-per-capelli-40ml\/","og_locale":"pt_PT","og_type":"article","og_title":"Sunny Sfaction \u2013 \u00d3leo protetor capilar","og_description":"O \u00d3leo protetor capilar Sunny Sfaction tem uma f\u00f3rmula especial resistente \u00e0 \u00e1gua e enriquecida com Filtros UV e Vitamina E, para prevenir os danos causados pela exposi\u00e7\u00e3o ao sol, cloro e sal.","og_url":"https:\/\/paulrivera.it\/pt-pt\/prodotti\/tratamentos\/sunny-sfaction-tratamento-para-cabelos-expostos-ao-sol\/sunny-sfaction-olio-protettivo-per-capelli-40ml\/","og_site_name":"Paul Rivera","article_modified_time":"2026-03-25T13:41:40+00:00","og_image":[{"width":800,"height":800,"url":"https:\/\/paulrivera.it\/wp-content\/uploads\/2026\/03\/olio_sunny_40ml.png","type":"image\/png"}],"twitter_card":"summary_large_image","twitter_misc":{"Est. reading time":"3 minutes"},"schema":{"@context":"https:\/\/schema.org","@graph":[{"@type":"WebPage","@id":"https:\/\/paulrivera.it\/pt-pt\/prodotti\/tratamentos\/sunny-sfaction-tratamento-para-cabelos-expostos-ao-sol\/sunny-sfaction-olio-protettivo-per-capelli-40ml\/","url":"https:\/\/paulrivera.it\/pt-pt\/prodotti\/tratamentos\/sunny-sfaction-tratamento-para-cabelos-expostos-ao-sol\/sunny-sfaction-olio-protettivo-per-capelli-40ml\/","name":"Sunny Sfaction \u2013 \u00d3leo protetor capilar","isPartOf":{"@id":"https:\/\/paulrivera.it\/pt-pt\/#website"},"primaryImageOfPage":{"@id":"https:\/\/paulrivera.it\/pt-pt\/prodotti\/tratamentos\/sunny-sfaction-tratamento-para-cabelos-expostos-ao-sol\/sunny-sfaction-olio-protettivo-per-capelli-40ml\/#primaryimage"},"image":{"@id":"https:\/\/paulrivera.it\/pt-pt\/prodotti\/tratamentos\/sunny-sfaction-tratamento-para-cabelos-expostos-ao-sol\/sunny-sfaction-olio-protettivo-per-capelli-40ml\/#primaryimage"},"thumbnailUrl":"https:\/\/paulrivera.it\/wp-content\/uploads\/2026\/03\/olio_sunny_40ml.png","datePublished":"2026-03-25T13:26:43+00:00","dateModified":"2026-03-25T13:41:40+00:00","description":"O \u00d3leo protetor capilar Sunny Sfaction tem uma f\u00f3rmula especial resistente \u00e0 \u00e1gua e enriquecida com Filtros UV e Vitamina E, para prevenir os danos causados pela exposi\u00e7\u00e3o ao sol, cloro e sal.","breadcrumb":{"@id":"https:\/\/paulrivera.it\/pt-pt\/prodotti\/tratamentos\/sunny-sfaction-tratamento-para-cabelos-expostos-ao-sol\/sunny-sfaction-olio-protettivo-per-capelli-40ml\/#breadcrumb"},"inLanguage":"pt-PT","potentialAction":[{"@type":"ReadAction","target":["https:\/\/paulrivera.it\/pt-pt\/prodotti\/tratamentos\/sunny-sfaction-tratamento-para-cabelos-expostos-ao-sol\/sunny-sfaction-olio-protettivo-per-capelli-40ml\/"]}]},{"@type":"ImageObject","inLanguage":"pt-PT","@id":"https:\/\/paulrivera.it\/pt-pt\/prodotti\/tratamentos\/sunny-sfaction-tratamento-para-cabelos-expostos-ao-sol\/sunny-sfaction-olio-protettivo-per-capelli-40ml\/#primaryimage","url":"https:\/\/paulrivera.it\/wp-content\/uploads\/2026\/03\/olio_sunny_40ml.png","contentUrl":"https:\/\/paulrivera.it\/wp-content\/uploads\/2026\/03\/olio_sunny_40ml.png","width":800,"height":800},{"@type":"BreadcrumbList","@id":"https:\/\/paulrivera.it\/pt-pt\/prodotti\/tratamentos\/sunny-sfaction-tratamento-para-cabelos-expostos-ao-sol\/sunny-sfaction-olio-protettivo-per-capelli-40ml\/#breadcrumb","itemListElement":[{"@type":"ListItem","position":1,"name":"Home","item":"https:\/\/paulrivera.it\/pt-pt\/"},{"@type":"ListItem","position":2,"name":"Pagina shop","item":"https:\/\/paulrivera.it\/prodotti\/"},{"@type":"ListItem","position":3,"name":"Sunny Sfaction \u2013 \u00d3leo protetor capilar"}]},{"@type":"WebSite","@id":"https:\/\/paulrivera.it\/pt-pt\/#website","url":"https:\/\/paulrivera.it\/pt-pt\/","name":"Paul Rivera","description":"Hair Beauty Celebration","publisher":{"@id":"https:\/\/paulrivera.it\/pt-pt\/#organization"},"potentialAction":[{"@type":"SearchAction","target":{"@type":"EntryPoint","urlTemplate":"https:\/\/paulrivera.it\/pt-pt\/?s={search_term_string}"},"query-input":{"@type":"PropertyValueSpecification","valueRequired":true,"valueName":"search_term_string"}}],"inLanguage":"pt-PT"},{"@type":"Organization","@id":"https:\/\/paulrivera.it\/pt-pt\/#organization","name":"Paul Rivera","url":"https:\/\/paulrivera.it\/pt-pt\/","logo":{"@type":"ImageObject","inLanguage":"pt-PT","@id":"https:\/\/paulrivera.it\/pt-pt\/#\/schema\/logo\/image\/","url":"https:\/\/paulrivera.it\/wp-content\/uploads\/2020\/02\/paul_rivera_logo_header_x2.png","contentUrl":"https:\/\/paulrivera.it\/wp-content\/uploads\/2020\/02\/paul_rivera_logo_header_x2.png","width":470,"height":60,"caption":"Paul Rivera"},"image":{"@id":"https:\/\/paulrivera.it\/pt-pt\/#\/schema\/logo\/image\/"}}]}},"_links":{"self":[{"href":"https:\/\/paulrivera.it\/pt-pt\/wp-json\/wp\/v2\/product\/16554","targetHints":{"allow":["GET"]}}],"collection":[{"href":"https:\/\/paulrivera.it\/pt-pt\/wp-json\/wp\/v2\/product"}],"about":[{"href":"https:\/\/paulrivera.it\/pt-pt\/wp-json\/wp\/v2\/types\/product"}],"wp:featuredmedia":[{"embeddable":true,"href":"https:\/\/paulrivera.it\/pt-pt\/wp-json\/wp\/v2\/media\/16548"}],"wp:attachment":[{"href":"https:\/\/paulrivera.it\/pt-pt\/wp-json\/wp\/v2\/media?parent=16554"}],"wp:term":[{"taxonomy":"product_brand","embeddable":true,"href":"https:\/\/paulrivera.it\/pt-pt\/wp-json\/wp\/v2\/product_brand?post=16554"},{"taxonomy":"product_cat","embeddable":true,"href":"https:\/\/paulrivera.it\/pt-pt\/wp-json\/wp\/v2\/product_cat?post=16554"},{"taxonomy":"product_tag","embeddable":true,"href":"https:\/\/paulrivera.it\/pt-pt\/wp-json\/wp\/v2\/product_tag?post=16554"}],"curies":[{"name":"wp","href":"https:\/\/api.w.org\/{rel}","templated":true}]}}