{"id":2435,"date":"2020-02-18T09:14:17","date_gmt":"2020-02-18T08:14:17","guid":{"rendered":"https:\/\/paulrivera.it\/product\/optica-creme-de-coloracao-para-cabelos\/"},"modified":"2024-05-13T14:06:57","modified_gmt":"2024-05-13T12:06:57","slug":"optica-creme-de-coloracao-para-cabelos","status":"publish","type":"product","link":"https:\/\/paulrivera.it\/pt-pt\/prodotti\/coloracao\/optica-creme-de-coloracao-para-cabelos\/","title":{"rendered":"Optica &#8211; Creme de colora\u00e7\u00e3o para cabelos"},"content":{"rendered":"<div class=\"wpb-content-wrapper\"><p>[vc_row full_width=&#8221;stretch_row&#8221;][vc_column][vc_row_inner el_id=&#8221;desktop&#8221;][vc_column_inner width=&#8221;1\/2&#8243; css=&#8221;.vc_custom_1583136274138{padding-right: 10% !important;padding-left: 30% !important;}&#8221; offset=&#8221;vc_hidden-md vc_hidden-sm vc_hidden-xs&#8221;][vc_column_text]<\/p>\n<h1>Ir\u00e1 am\u00e1-lo porque<\/h1>\n<ul>\n<li>Proporciona uma cor harmoniosa e vibrante<\/li>\n<li>Cobre perfeitamente todos os cabelos brancos<\/li>\n<li>Suaviza e nutre gra\u00e7as \u00e0 f\u00f3rmula rica em ativos<\/li>\n<li>Proporciona um clareamento at\u00e9 4 tons<\/li>\n<\/ul>\n<p>[\/vc_column_text][vc_column_text]<\/p>\n<h1>Ativos na f\u00f3rmula<\/h1>\n<ul>\n<li>\u00d3leo de Jojoba: rico em \u00e1cidos gordos, previne a desidrata\u00e7\u00e3o, revitaliza e melhora o brilho de todos os tipos de cabelos, e em particular dos cabelos secos e sensibilizados.<\/li>\n<li>Queratina: \u00e9 uma das prote\u00ednas constituintes dos cabelos, das unhas e do corpo: gra\u00e7as \u00e0s suas propriedades, favorece a resist\u00eancia, a elasticidade e a consist\u00eancia da fibra.<\/li>\n<li>Provitamina B5: a &#8220;vitamina da beleza&#8221;, tamb\u00e9m conhecida por Pantenol, hidrata em profundidade: os cabelos s\u00e3o fortalecidos, suavizados e regenerados.<\/li>\n<\/ul>\n<p>[\/vc_column_text][vc_column_text]<\/p>\n<h1>Como usar<\/h1>\n<p>Num recipiente n\u00e3o met\u00e1lico, misture o Creme de colora\u00e7\u00e3o Optica com a emuls\u00e3o oxidante Ultra Vox de acordo com o r\u00e1cio (1:1,5). NB. O produto \u00e9 estudado exclusivamente para uso profissional.<\/p>\n<p>[\/vc_column_text][\/vc_column_inner][vc_column_inner width=&#8221;1\/2&#8243; css=&#8221;.vc_custom_1592815567216{background-image: url(https:\/\/paulrivera.it\/wp-content\/uploads\/2020\/06\/background_adv_produc_optica_home_2-1.png?id=1322) !important;background-position: center !important;background-repeat: no-repeat !important;background-size: cover !important;}&#8221; offset=&#8221;vc_hidden-md vc_hidden-sm vc_hidden-xs&#8221;][vc_empty_space height=&#8221;50px&#8221;][vc_single_image image=&#8221;2437&#8243; img_size=&#8221;large&#8221; alignment=&#8221;center&#8221;][vc_empty_space height=&#8221;50px&#8221;][\/vc_column_inner][\/vc_row_inner][vc_row_inner el_id=&#8221;tablet&#8221;][vc_column_inner offset=&#8221;vc_hidden-lg vc_hidden-xs&#8221;][vc_column_text]<\/p>\n<h1>Ir\u00e1 am\u00e1-lo porque<\/h1>\n<ul>\n<li>Proporciona uma cor harmoniosa e vibrante<\/li>\n<li>Cobre perfeitamente todos os cabelos brancos<\/li>\n<li>Suaviza e nutre gra\u00e7as \u00e0 f\u00f3rmula rica em ativos<\/li>\n<li>Proporciona um clareamento at\u00e9 4 tons<\/li>\n<\/ul>\n<p>[\/vc_column_text][vc_column_text]<\/p>\n<h1>Ativos na f\u00f3rmula<\/h1>\n<ul>\n<li>\u00d3leo de Jojoba: rico em \u00e1cidos gordos, previne a desidrata\u00e7\u00e3o, revitaliza e melhora o brilho de todos os tipos de cabelos, e em particular dos cabelos secos e sensibilizados.<\/li>\n<li>Queratina: \u00e9 uma das prote\u00ednas constituintes dos cabelos, das unhas e do corpo: gra\u00e7as \u00e0s suas propriedades, favorece a resist\u00eancia, a elasticidade e a consist\u00eancia da fibra.<\/li>\n<li>Provitamina B5: a &#8220;vitamina da beleza&#8221;, tamb\u00e9m conhecida por Pantenol, hidrata em profundidade: os cabelos s\u00e3o fortalecidos, suavizados e regenerados.<\/li>\n<\/ul>\n<p>[\/vc_column_text][vc_column_text]<\/p>\n<h1>Como usar<\/h1>\n<p>Num recipiente n\u00e3o met\u00e1lico, misture o Creme de colora\u00e7\u00e3o Optica com a emuls\u00e3o oxidante Ultra Vox de acordo com o r\u00e1cio (1:1,5). NB. O produto \u00e9 estudado exclusivamente para uso profissional.<\/p>\n<p>[\/vc_column_text][\/vc_column_inner][\/vc_row_inner][vc_row_inner el_id=&#8221;mobile&#8221;][vc_column_inner width=&#8221;1\/2&#8243; offset=&#8221;vc_hidden-lg vc_hidden-md vc_hidden-sm&#8221;][vc_column_text]<\/p>\n<h1>Ir\u00e1 am\u00e1-lo porque<\/h1>\n<ul>\n<li>Proporciona uma cor harmoniosa e vibrante<\/li>\n<li>Cobre perfeitamente todos os cabelos brancos<\/li>\n<li>Suaviza e nutre gra\u00e7as \u00e0 f\u00f3rmula rica em ativos<\/li>\n<li>Proporciona um clareamento at\u00e9 4 tons<\/li>\n<\/ul>\n<p>[\/vc_column_text][vc_column_text]<\/p>\n<h1>Ativos na f\u00f3rmula<\/h1>\n<ul>\n<li>\u00d3leo de Jojoba: rico em \u00e1cidos gordos, previne a desidrata\u00e7\u00e3o, revitaliza e melhora o brilho de todos os tipos de cabelos, e em particular dos cabelos secos e sensibilizados.<\/li>\n<li>Queratina: \u00e9 uma das prote\u00ednas constituintes dos cabelos, das unhas e do corpo: gra\u00e7as \u00e0s suas propriedades, favorece a resist\u00eancia, a elasticidade e a consist\u00eancia da fibra.<\/li>\n<li>Provitamina B5: a &#8220;vitamina da beleza&#8221;, tamb\u00e9m conhecida por Pantenol, hidrata em profundidade: os cabelos s\u00e3o fortalecidos, suavizados e regenerados.<\/li>\n<\/ul>\n<p>[\/vc_column_text][vc_column_text]<\/p>\n<h1>Como usar<\/h1>\n<p>Num recipiente n\u00e3o met\u00e1lico, misture o Creme de colora\u00e7\u00e3o Optica com a emuls\u00e3o oxidante Ultra Vox de acordo com o r\u00e1cio (1:1,5). NB. O produto \u00e9 estudado exclusivamente para uso profissional.<\/p>\n<p>[\/vc_column_text][\/vc_column_inner][vc_column_inner width=&#8221;1\/2&#8243; css=&#8221;.vc_custom_1592815578432{background-image: url(https:\/\/paulrivera.it\/wp-content\/uploads\/2020\/06\/background_adv_produc_optica_home_2-1.png?id=1322) !important;background-position: center !important;background-repeat: no-repeat !important;background-size: cover !important;}&#8221; offset=&#8221;vc_hidden-lg vc_hidden-md vc_hidden-sm&#8221;][vc_single_image image=&#8221;2437&#8243; img_size=&#8221;large&#8221; alignment=&#8221;center&#8221;][\/vc_column_inner][\/vc_row_inner][\/vc_column][\/vc_row][vc_row css=&#8221;.vc_custom_1582192829011{padding-top: 50px !important;}&#8221;][vc_column][vc_row_inner][vc_column_inner][vc_column_text]<\/p>\n<h1 style=\"text-align: center;\">Produtos relacionados<\/h1>\n<p>[\/vc_column_text][\/vc_column_inner][\/vc_row_inner][vc_raw_html]W3dwYi1wcm9kdWN0LXNsaWRlci1zaG9ydGNvZGUgaWQ9IjE2OCJd[\/vc_raw_html][\/vc_column][\/vc_row]<\/p>\n<\/div>","protected":false},"excerpt":{"rendered":"<p><strong>Optica<\/strong> \u00e9 o <strong>creme de colora\u00e7\u00e3o permanente<\/strong> de oxida\u00e7\u00e3o dedicado aos profissionais em busca de uma experi\u00eancia de colora\u00e7\u00e3o \u00fanica: <strong>cobertura perfeita<\/strong> dos cabelos brancos, <strong>cor luminosa <\/strong>e proporciona<strong> reflexos harmoniosos<\/strong> e<strong> clareamento at\u00e9 4 tons<\/strong>.<\/p>\n<p>A colora\u00e7\u00e3o Paul Rivera respeita o couro cabeludo e a fibra capilar: a f\u00f3rmula de Optica \u00e9 enriquecida com <strong>\u00f3leo de jojoba, queratina <\/strong>e<strong> provitamina B5<\/strong>, ingredientes ativos das propriedades hidratantes e regenerativas. Resultado: protegidos durante o servi\u00e7o t\u00e9cnico, os cabelos recuperam vitalidade gra\u00e7as a uma <strong>cor vibrante <\/strong>e<strong> duradoura<\/strong>.<\/p>\n<p>100 ml<\/p>\n<p>103 nuances subdivididas em 12 fam\u00edlias<\/p>\n<p>&nbsp;<\/p>\n[maxbutton id=\"6\"]\n<p>1:1,5<\/p>\n","protected":false},"featured_media":2438,"template":"","meta":[],"product_brand":[],"product_cat":[361,1730],"product_tag":[],"class_list":{"0":"post-2435","1":"product","2":"type-product","3":"status-publish","4":"has-post-thumbnail","6":"product_cat-coloracao","7":"product_cat-optica-pt-pt","8":"description-off","10":"first","11":"instock","12":"shipping-taxable","13":"purchasable","14":"product-type-variable"},"yoast_head":"<!-- This site is optimized with the Yoast SEO plugin v27.2 - https:\/\/yoast.com\/product\/yoast-seo-wordpress\/ -->\n<title>Optica - Optica - Creme de colora\u00e7\u00e3o para cabelos | Paul Rivera<\/title>\n<meta name=\"description\" content=\"Optica \u00e9 o creme de colora\u00e7\u00e3o permanente de oxida\u00e7\u00e3o dedicado aos profissionais em busca de uma experi\u00eancia de colora\u00e7\u00e3o \u00fanica.\" \/>\n<meta name=\"robots\" content=\"index, follow, max-snippet:-1, max-image-preview:large, max-video-preview:-1\" \/>\n<link rel=\"canonical\" href=\"https:\/\/paulrivera.it\/pt-pt\/prodotti\/coloracao\/optica-creme-de-coloracao-para-cabelos\/\" \/>\n<meta property=\"og:locale\" content=\"pt_PT\" \/>\n<meta property=\"og:type\" content=\"article\" \/>\n<meta property=\"og:title\" content=\"Optica - Optica - Creme de colora\u00e7\u00e3o para cabelos | Paul Rivera\" \/>\n<meta property=\"og:description\" content=\"Optica \u00e9 o creme de colora\u00e7\u00e3o permanente de oxida\u00e7\u00e3o dedicado aos profissionais em busca de uma experi\u00eancia de colora\u00e7\u00e3o \u00fanica.\" \/>\n<meta property=\"og:url\" content=\"https:\/\/paulrivera.it\/pt-pt\/prodotti\/coloracao\/optica-creme-de-coloracao-para-cabelos\/\" \/>\n<meta property=\"og:site_name\" content=\"Paul Rivera\" \/>\n<meta property=\"article:modified_time\" content=\"2024-05-13T12:06:57+00:00\" \/>\n<meta property=\"og:image\" content=\"https:\/\/paulrivera.it\/wp-content\/uploads\/2020\/02\/600004_paul_rivera_optica_hair_color_cream_100ml.png\" \/>\n\t<meta property=\"og:image:width\" content=\"800\" \/>\n\t<meta property=\"og:image:height\" content=\"800\" \/>\n\t<meta property=\"og:image:type\" content=\"image\/png\" \/>\n<meta name=\"twitter:card\" content=\"summary_large_image\" \/>\n<meta name=\"twitter:label1\" content=\"Est. reading time\" \/>\n\t<meta name=\"twitter:data1\" content=\"4 minutes\" \/>\n<script type=\"application\/ld+json\" class=\"yoast-schema-graph\">{\"@context\":\"https:\/\/schema.org\",\"@graph\":[{\"@type\":\"WebPage\",\"@id\":\"https:\/\/paulrivera.it\/pt-pt\/prodotti\/coloracao\/optica-creme-de-coloracao-para-cabelos\/\",\"url\":\"https:\/\/paulrivera.it\/pt-pt\/prodotti\/coloracao\/optica-creme-de-coloracao-para-cabelos\/\",\"name\":\"Optica - Optica - Creme de colora\u00e7\u00e3o para cabelos | Paul Rivera\",\"isPartOf\":{\"@id\":\"https:\/\/paulrivera.it\/pt-pt\/#website\"},\"primaryImageOfPage\":{\"@id\":\"https:\/\/paulrivera.it\/pt-pt\/prodotti\/coloracao\/optica-creme-de-coloracao-para-cabelos\/#primaryimage\"},\"image\":{\"@id\":\"https:\/\/paulrivera.it\/pt-pt\/prodotti\/coloracao\/optica-creme-de-coloracao-para-cabelos\/#primaryimage\"},\"thumbnailUrl\":\"https:\/\/paulrivera.it\/wp-content\/uploads\/2020\/02\/600004_paul_rivera_optica_hair_color_cream_100ml.png\",\"datePublished\":\"2020-02-18T08:14:17+00:00\",\"dateModified\":\"2024-05-13T12:06:57+00:00\",\"description\":\"Optica \u00e9 o creme de colora\u00e7\u00e3o permanente de oxida\u00e7\u00e3o dedicado aos profissionais em busca de uma experi\u00eancia de colora\u00e7\u00e3o \u00fanica.\",\"breadcrumb\":{\"@id\":\"https:\/\/paulrivera.it\/pt-pt\/prodotti\/coloracao\/optica-creme-de-coloracao-para-cabelos\/#breadcrumb\"},\"inLanguage\":\"pt-PT\",\"potentialAction\":[{\"@type\":\"ReadAction\",\"target\":[\"https:\/\/paulrivera.it\/pt-pt\/prodotti\/coloracao\/optica-creme-de-coloracao-para-cabelos\/\"]}]},{\"@type\":\"ImageObject\",\"inLanguage\":\"pt-PT\",\"@id\":\"https:\/\/paulrivera.it\/pt-pt\/prodotti\/coloracao\/optica-creme-de-coloracao-para-cabelos\/#primaryimage\",\"url\":\"https:\/\/paulrivera.it\/wp-content\/uploads\/2020\/02\/600004_paul_rivera_optica_hair_color_cream_100ml.png\",\"contentUrl\":\"https:\/\/paulrivera.it\/wp-content\/uploads\/2020\/02\/600004_paul_rivera_optica_hair_color_cream_100ml.png\",\"width\":800,\"height\":800,\"caption\":\"Optica - Creme de colora\u00e7\u00e3o para cabelos\"},{\"@type\":\"BreadcrumbList\",\"@id\":\"https:\/\/paulrivera.it\/pt-pt\/prodotti\/coloracao\/optica-creme-de-coloracao-para-cabelos\/#breadcrumb\",\"itemListElement\":[{\"@type\":\"ListItem\",\"position\":1,\"name\":\"Home\",\"item\":\"https:\/\/paulrivera.it\/pt-pt\/\"},{\"@type\":\"ListItem\",\"position\":2,\"name\":\"Pagina shop\",\"item\":\"https:\/\/paulrivera.it\/prodotti\/\"},{\"@type\":\"ListItem\",\"position\":3,\"name\":\"Optica &#8211; Creme de colora\u00e7\u00e3o para cabelos\"}]},{\"@type\":\"WebSite\",\"@id\":\"https:\/\/paulrivera.it\/pt-pt\/#website\",\"url\":\"https:\/\/paulrivera.it\/pt-pt\/\",\"name\":\"Paul Rivera\",\"description\":\"Hair Beauty Celebration\",\"publisher\":{\"@id\":\"https:\/\/paulrivera.it\/pt-pt\/#organization\"},\"potentialAction\":[{\"@type\":\"SearchAction\",\"target\":{\"@type\":\"EntryPoint\",\"urlTemplate\":\"https:\/\/paulrivera.it\/pt-pt\/?s={search_term_string}\"},\"query-input\":{\"@type\":\"PropertyValueSpecification\",\"valueRequired\":true,\"valueName\":\"search_term_string\"}}],\"inLanguage\":\"pt-PT\"},{\"@type\":\"Organization\",\"@id\":\"https:\/\/paulrivera.it\/pt-pt\/#organization\",\"name\":\"Paul Rivera\",\"url\":\"https:\/\/paulrivera.it\/pt-pt\/\",\"logo\":{\"@type\":\"ImageObject\",\"inLanguage\":\"pt-PT\",\"@id\":\"https:\/\/paulrivera.it\/pt-pt\/#\/schema\/logo\/image\/\",\"url\":\"https:\/\/paulrivera.it\/wp-content\/uploads\/2020\/02\/paul_rivera_logo_header_x2.png\",\"contentUrl\":\"https:\/\/paulrivera.it\/wp-content\/uploads\/2020\/02\/paul_rivera_logo_header_x2.png\",\"width\":470,\"height\":60,\"caption\":\"Paul Rivera\"},\"image\":{\"@id\":\"https:\/\/paulrivera.it\/pt-pt\/#\/schema\/logo\/image\/\"}}]}<\/script>\n<!-- \/ Yoast SEO plugin. -->","yoast_head_json":{"title":"Optica - Optica - Creme de colora\u00e7\u00e3o para cabelos | Paul Rivera","description":"Optica \u00e9 o creme de colora\u00e7\u00e3o permanente de oxida\u00e7\u00e3o dedicado aos profissionais em busca de uma experi\u00eancia de colora\u00e7\u00e3o \u00fanica.","robots":{"index":"index","follow":"follow","max-snippet":"max-snippet:-1","max-image-preview":"max-image-preview:large","max-video-preview":"max-video-preview:-1"},"canonical":"https:\/\/paulrivera.it\/pt-pt\/prodotti\/coloracao\/optica-creme-de-coloracao-para-cabelos\/","og_locale":"pt_PT","og_type":"article","og_title":"Optica - Optica - Creme de colora\u00e7\u00e3o para cabelos | Paul Rivera","og_description":"Optica \u00e9 o creme de colora\u00e7\u00e3o permanente de oxida\u00e7\u00e3o dedicado aos profissionais em busca de uma experi\u00eancia de colora\u00e7\u00e3o \u00fanica.","og_url":"https:\/\/paulrivera.it\/pt-pt\/prodotti\/coloracao\/optica-creme-de-coloracao-para-cabelos\/","og_site_name":"Paul Rivera","article_modified_time":"2024-05-13T12:06:57+00:00","og_image":[{"width":800,"height":800,"url":"https:\/\/paulrivera.it\/wp-content\/uploads\/2020\/02\/600004_paul_rivera_optica_hair_color_cream_100ml.png","type":"image\/png"}],"twitter_card":"summary_large_image","twitter_misc":{"Est. reading time":"4 minutes"},"schema":{"@context":"https:\/\/schema.org","@graph":[{"@type":"WebPage","@id":"https:\/\/paulrivera.it\/pt-pt\/prodotti\/coloracao\/optica-creme-de-coloracao-para-cabelos\/","url":"https:\/\/paulrivera.it\/pt-pt\/prodotti\/coloracao\/optica-creme-de-coloracao-para-cabelos\/","name":"Optica - Optica - Creme de colora\u00e7\u00e3o para cabelos | Paul Rivera","isPartOf":{"@id":"https:\/\/paulrivera.it\/pt-pt\/#website"},"primaryImageOfPage":{"@id":"https:\/\/paulrivera.it\/pt-pt\/prodotti\/coloracao\/optica-creme-de-coloracao-para-cabelos\/#primaryimage"},"image":{"@id":"https:\/\/paulrivera.it\/pt-pt\/prodotti\/coloracao\/optica-creme-de-coloracao-para-cabelos\/#primaryimage"},"thumbnailUrl":"https:\/\/paulrivera.it\/wp-content\/uploads\/2020\/02\/600004_paul_rivera_optica_hair_color_cream_100ml.png","datePublished":"2020-02-18T08:14:17+00:00","dateModified":"2024-05-13T12:06:57+00:00","description":"Optica \u00e9 o creme de colora\u00e7\u00e3o permanente de oxida\u00e7\u00e3o dedicado aos profissionais em busca de uma experi\u00eancia de colora\u00e7\u00e3o \u00fanica.","breadcrumb":{"@id":"https:\/\/paulrivera.it\/pt-pt\/prodotti\/coloracao\/optica-creme-de-coloracao-para-cabelos\/#breadcrumb"},"inLanguage":"pt-PT","potentialAction":[{"@type":"ReadAction","target":["https:\/\/paulrivera.it\/pt-pt\/prodotti\/coloracao\/optica-creme-de-coloracao-para-cabelos\/"]}]},{"@type":"ImageObject","inLanguage":"pt-PT","@id":"https:\/\/paulrivera.it\/pt-pt\/prodotti\/coloracao\/optica-creme-de-coloracao-para-cabelos\/#primaryimage","url":"https:\/\/paulrivera.it\/wp-content\/uploads\/2020\/02\/600004_paul_rivera_optica_hair_color_cream_100ml.png","contentUrl":"https:\/\/paulrivera.it\/wp-content\/uploads\/2020\/02\/600004_paul_rivera_optica_hair_color_cream_100ml.png","width":800,"height":800,"caption":"Optica - Creme de colora\u00e7\u00e3o para cabelos"},{"@type":"BreadcrumbList","@id":"https:\/\/paulrivera.it\/pt-pt\/prodotti\/coloracao\/optica-creme-de-coloracao-para-cabelos\/#breadcrumb","itemListElement":[{"@type":"ListItem","position":1,"name":"Home","item":"https:\/\/paulrivera.it\/pt-pt\/"},{"@type":"ListItem","position":2,"name":"Pagina shop","item":"https:\/\/paulrivera.it\/prodotti\/"},{"@type":"ListItem","position":3,"name":"Optica &#8211; Creme de colora\u00e7\u00e3o para cabelos"}]},{"@type":"WebSite","@id":"https:\/\/paulrivera.it\/pt-pt\/#website","url":"https:\/\/paulrivera.it\/pt-pt\/","name":"Paul Rivera","description":"Hair Beauty Celebration","publisher":{"@id":"https:\/\/paulrivera.it\/pt-pt\/#organization"},"potentialAction":[{"@type":"SearchAction","target":{"@type":"EntryPoint","urlTemplate":"https:\/\/paulrivera.it\/pt-pt\/?s={search_term_string}"},"query-input":{"@type":"PropertyValueSpecification","valueRequired":true,"valueName":"search_term_string"}}],"inLanguage":"pt-PT"},{"@type":"Organization","@id":"https:\/\/paulrivera.it\/pt-pt\/#organization","name":"Paul Rivera","url":"https:\/\/paulrivera.it\/pt-pt\/","logo":{"@type":"ImageObject","inLanguage":"pt-PT","@id":"https:\/\/paulrivera.it\/pt-pt\/#\/schema\/logo\/image\/","url":"https:\/\/paulrivera.it\/wp-content\/uploads\/2020\/02\/paul_rivera_logo_header_x2.png","contentUrl":"https:\/\/paulrivera.it\/wp-content\/uploads\/2020\/02\/paul_rivera_logo_header_x2.png","width":470,"height":60,"caption":"Paul Rivera"},"image":{"@id":"https:\/\/paulrivera.it\/pt-pt\/#\/schema\/logo\/image\/"}}]}},"_links":{"self":[{"href":"https:\/\/paulrivera.it\/pt-pt\/wp-json\/wp\/v2\/product\/2435","targetHints":{"allow":["GET"]}}],"collection":[{"href":"https:\/\/paulrivera.it\/pt-pt\/wp-json\/wp\/v2\/product"}],"about":[{"href":"https:\/\/paulrivera.it\/pt-pt\/wp-json\/wp\/v2\/types\/product"}],"wp:featuredmedia":[{"embeddable":true,"href":"https:\/\/paulrivera.it\/pt-pt\/wp-json\/wp\/v2\/media\/2438"}],"wp:attachment":[{"href":"https:\/\/paulrivera.it\/pt-pt\/wp-json\/wp\/v2\/media?parent=2435"}],"wp:term":[{"taxonomy":"product_brand","embeddable":true,"href":"https:\/\/paulrivera.it\/pt-pt\/wp-json\/wp\/v2\/product_brand?post=2435"},{"taxonomy":"product_cat","embeddable":true,"href":"https:\/\/paulrivera.it\/pt-pt\/wp-json\/wp\/v2\/product_cat?post=2435"},{"taxonomy":"product_tag","embeddable":true,"href":"https:\/\/paulrivera.it\/pt-pt\/wp-json\/wp\/v2\/product_tag?post=2435"}],"curies":[{"name":"wp","href":"https:\/\/api.w.org\/{rel}","templated":true}]}}