{"id":2617,"date":"2020-02-18T09:24:29","date_gmt":"2020-02-18T08:24:29","guid":{"rendered":"https:\/\/paulrivera.it\/product\/limelight-po-descolorante-azul-compacto\/"},"modified":"2024-05-13T12:58:17","modified_gmt":"2024-05-13T10:58:17","slug":"limelight-po-descolorante-azul-compacto","status":"publish","type":"product","link":"https:\/\/paulrivera.it\/pt-pt\/prodotti\/tecnicos\/descoloracoes\/limelight-po-descolorante-azul-compacto\/","title":{"rendered":"Limelight &#8211; P\u00f3 descolorante azul compacto"},"content":{"rendered":"<div class=\"wpb-content-wrapper\"><p>[vc_row full_width=&#8221;stretch_row&#8221;][vc_column][vc_row_inner el_id=&#8221;desktop&#8221;][vc_column_inner width=&#8221;1\/2&#8243; css=&#8221;.vc_custom_1582194227194{padding-top: 10% !important;padding-right: 10% !important;padding-bottom: 10% !important;padding-left: 30% !important;}&#8221; offset=&#8221;vc_hidden-md vc_hidden-sm vc_hidden-xs&#8221;][vc_column_text]<\/p>\n<h1>Ir\u00e1 am\u00e1-lo porque<\/h1>\n<ul>\n<li>\u00c9 ideal para todas as t\u00e9cnicas de descoloramento<\/li>\n<li>Agrad\u00e1vel aroma a ma\u00e7\u00e3<\/li>\n<li>Textura compacta e n\u00e3o vol\u00e1til<\/li>\n<li>Aclara os cabelos at\u00e9 7 tons<\/li>\n<\/ul>\n<p>[\/vc_column_text][vc_column_text]<\/p>\n<h1>Como usar<\/h1>\n<p>Aplique o p\u00f3 descolorante Limelight com o pente em cabelo seco e n\u00e3o lavado. Deixe atuar entre 10 a 40 minutos at\u00e9 alcan\u00e7ar a descolora\u00e7\u00e3o pretendida. Enxague com \u00e1gua morna em abund\u00e2ncia e aplique de seguida o champ\u00f4. NB. O produto \u00e9 estudado exclusivamente para uso profissional.[\/vc_column_text][\/vc_column_inner][vc_column_inner width=&#8221;1\/2&#8243; css=&#8221;.vc_custom_1582194232021{background-image: url(https:\/\/paulrivera.it\/wp-content\/uploads\/2020\/02\/background_adv_product.png?id=296) !important;background-position: center !important;background-repeat: no-repeat !important;background-size: cover !important;}&#8221; offset=&#8221;vc_hidden-md vc_hidden-sm vc_hidden-xs&#8221;][vc_single_image image=&#8221;10756&#8243; img_size=&#8221;large&#8221; alignment=&#8221;center&#8221;][\/vc_column_inner][\/vc_row_inner][vc_row_inner el_id=&#8221;tablet&#8221;][vc_column_inner offset=&#8221;vc_hidden-lg vc_hidden-xs&#8221;][vc_column_text]<\/p>\n<h1>Ir\u00e1 am\u00e1-lo porque<\/h1>\n<ul>\n<li>\u00c9 ideal para todas as t\u00e9cnicas de descoloramento<\/li>\n<li>Agrad\u00e1vel aroma a ma\u00e7\u00e3<\/li>\n<li>Textura compacta e n\u00e3o vol\u00e1til<\/li>\n<li>Aclara os cabelos at\u00e9 7 tons<\/li>\n<\/ul>\n<p>[\/vc_column_text][vc_column_text]<\/p>\n<h1>Como usar<\/h1>\n<p>Aplique o p\u00f3 descolorante Limelight com o pente em cabelo seco e n\u00e3o lavado. Deixe atuar entre 10 a 40 minutos at\u00e9 alcan\u00e7ar a descolora\u00e7\u00e3o pretendida. Enxague com \u00e1gua morna em abund\u00e2ncia e aplique de seguida o champ\u00f4. NB. O produto \u00e9 estudado exclusivamente para uso profissional.[\/vc_column_text][\/vc_column_inner][\/vc_row_inner][vc_row_inner el_id=&#8221;mobile&#8221;][vc_column_inner width=&#8221;1\/2&#8243; offset=&#8221;vc_hidden-lg vc_hidden-md vc_hidden-sm&#8221;][vc_column_text]<\/p>\n<h1>Ir\u00e1 am\u00e1-lo porque<\/h1>\n<ul>\n<li>\u00c9 ideal para todas as t\u00e9cnicas de descoloramento<\/li>\n<li>Agrad\u00e1vel aroma a ma\u00e7\u00e3<\/li>\n<li>Textura compacta e n\u00e3o vol\u00e1til<\/li>\n<li>Aclara os cabelos at\u00e9 7 tons<\/li>\n<\/ul>\n<p>[\/vc_column_text][vc_column_text]<\/p>\n<h1>Como usar<\/h1>\n<p>Aplique o p\u00f3 descolorante Limelight com o pente em cabelo seco e n\u00e3o lavado. Deixe atuar entre 10 a 40 minutos at\u00e9 alcan\u00e7ar a descolora\u00e7\u00e3o pretendida. Enxague com \u00e1gua morna em abund\u00e2ncia e aplique de seguida o champ\u00f4. NB. O produto \u00e9 estudado exclusivamente para uso profissional.[\/vc_column_text][\/vc_column_inner][vc_column_inner width=&#8221;1\/2&#8243; css=&#8221;.vc_custom_1582194178853{background-image: url(https:\/\/paulrivera.it\/wp-content\/uploads\/2020\/02\/background_adv_product.png?id=296) !important;background-position: center !important;background-repeat: no-repeat !important;background-size: cover !important;}&#8221; offset=&#8221;vc_hidden-lg vc_hidden-md vc_hidden-sm&#8221;][vc_single_image image=&#8221;10756&#8243; img_size=&#8221;large&#8221; alignment=&#8221;center&#8221;][\/vc_column_inner][\/vc_row_inner][\/vc_column][\/vc_row][vc_row css=&#8221;.vc_custom_1582192829011{padding-top: 50px !important;}&#8221;][vc_column][vc_row_inner][vc_column_inner][vc_column_text]<\/p>\n<h1 style=\"text-align: center;\">Produtos relacionados<\/h1>\n<p>[\/vc_column_text][\/vc_column_inner][\/vc_row_inner][vc_raw_html]W3dwYi1wcm9kdWN0LXNsaWRlci1zaG9ydGNvZGUgaWQ9IjIwOCJd[\/vc_raw_html][\/vc_column][\/vc_row]<\/p>\n<\/div>","protected":false},"excerpt":{"rendered":"<p>Excecional poder de clareamento, delicado aroma a ma\u00e7\u00e3: <strong>Limelight<\/strong> \u00e9 um p\u00f3 <strong>descolorante azul compacto<\/strong> que permite realizar qualquer tipo de descolora\u00e7\u00e3o.<\/p>\n<p>Excelente ader\u00eancia e <strong>f\u00f3rmula n\u00e3o vol\u00e1til <\/strong>que impedem a forma\u00e7\u00e3o de ep\u00f3 durante a prepara\u00e7\u00e3o: o resultado \u00e9 homog\u00e9neo e uniforme, os clareamentos s\u00e3o intensos e progressivos at\u00e9 <strong>7 tons<\/strong>.<\/p>\n<p>500 g<\/p>\n<p>&nbsp;<\/p>\n[maxbutton id=\"6\"]\n","protected":false},"featured_media":10763,"template":"","meta":[],"product_brand":[],"product_cat":[919],"product_tag":[],"class_list":{"0":"post-2617","1":"product","2":"type-product","3":"status-publish","4":"has-post-thumbnail","6":"product_cat-descoloracoes","7":"description-off","9":"first","10":"instock","11":"shipping-taxable","12":"product-type-simple"},"yoast_head":"<!-- This site is optimized with the Yoast SEO plugin v27.2 - https:\/\/yoast.com\/product\/yoast-seo-wordpress\/ -->\n<title>Limelight - P\u00f3 descolorante azul compacto | Paul RIvera<\/title>\n<meta name=\"description\" content=\"Limelight \u00e9 um p\u00f3 descolorante azul compacto que permite realizar qualquer tipo de descolora\u00e7\u00e3o.\" \/>\n<meta name=\"robots\" content=\"index, follow, max-snippet:-1, max-image-preview:large, max-video-preview:-1\" \/>\n<link rel=\"canonical\" href=\"https:\/\/paulrivera.it\/pt-pt\/prodotti\/tecnicos\/descoloracoes\/limelight-po-descolorante-azul-compacto\/\" \/>\n<meta property=\"og:locale\" content=\"pt_PT\" \/>\n<meta property=\"og:type\" content=\"article\" \/>\n<meta property=\"og:title\" content=\"Limelight - P\u00f3 descolorante azul compacto | Paul RIvera\" \/>\n<meta property=\"og:description\" content=\"Limelight \u00e9 um p\u00f3 descolorante azul compacto que permite realizar qualquer tipo de descolora\u00e7\u00e3o.\" \/>\n<meta property=\"og:url\" content=\"https:\/\/paulrivera.it\/pt-pt\/prodotti\/tecnicos\/descoloracoes\/limelight-po-descolorante-azul-compacto\/\" \/>\n<meta property=\"og:site_name\" content=\"Paul Rivera\" \/>\n<meta property=\"article:modified_time\" content=\"2024-05-13T10:58:17+00:00\" \/>\n<meta property=\"og:image\" content=\"https:\/\/paulrivera.it\/wp-content\/uploads\/2024\/01\/605054_paul_rivera_limelight_500g.png\" \/>\n\t<meta property=\"og:image:width\" content=\"800\" \/>\n\t<meta property=\"og:image:height\" content=\"800\" \/>\n\t<meta property=\"og:image:type\" content=\"image\/png\" \/>\n<meta name=\"twitter:card\" content=\"summary_large_image\" \/>\n<meta name=\"twitter:label1\" content=\"Est. reading time\" \/>\n\t<meta name=\"twitter:data1\" content=\"2 minutes\" \/>\n<script type=\"application\/ld+json\" class=\"yoast-schema-graph\">{\"@context\":\"https:\/\/schema.org\",\"@graph\":[{\"@type\":\"WebPage\",\"@id\":\"https:\/\/paulrivera.it\/pt-pt\/prodotti\/tecnicos\/descoloracoes\/limelight-po-descolorante-azul-compacto\/\",\"url\":\"https:\/\/paulrivera.it\/pt-pt\/prodotti\/tecnicos\/descoloracoes\/limelight-po-descolorante-azul-compacto\/\",\"name\":\"Limelight - P\u00f3 descolorante azul compacto | Paul RIvera\",\"isPartOf\":{\"@id\":\"https:\/\/paulrivera.it\/pt-pt\/#website\"},\"primaryImageOfPage\":{\"@id\":\"https:\/\/paulrivera.it\/pt-pt\/prodotti\/tecnicos\/descoloracoes\/limelight-po-descolorante-azul-compacto\/#primaryimage\"},\"image\":{\"@id\":\"https:\/\/paulrivera.it\/pt-pt\/prodotti\/tecnicos\/descoloracoes\/limelight-po-descolorante-azul-compacto\/#primaryimage\"},\"thumbnailUrl\":\"https:\/\/paulrivera.it\/wp-content\/uploads\/2024\/01\/605054_paul_rivera_limelight_500g.png\",\"datePublished\":\"2020-02-18T08:24:29+00:00\",\"dateModified\":\"2024-05-13T10:58:17+00:00\",\"description\":\"Limelight \u00e9 um p\u00f3 descolorante azul compacto que permite realizar qualquer tipo de descolora\u00e7\u00e3o.\",\"breadcrumb\":{\"@id\":\"https:\/\/paulrivera.it\/pt-pt\/prodotti\/tecnicos\/descoloracoes\/limelight-po-descolorante-azul-compacto\/#breadcrumb\"},\"inLanguage\":\"pt-PT\",\"potentialAction\":[{\"@type\":\"ReadAction\",\"target\":[\"https:\/\/paulrivera.it\/pt-pt\/prodotti\/tecnicos\/descoloracoes\/limelight-po-descolorante-azul-compacto\/\"]}]},{\"@type\":\"ImageObject\",\"inLanguage\":\"pt-PT\",\"@id\":\"https:\/\/paulrivera.it\/pt-pt\/prodotti\/tecnicos\/descoloracoes\/limelight-po-descolorante-azul-compacto\/#primaryimage\",\"url\":\"https:\/\/paulrivera.it\/wp-content\/uploads\/2024\/01\/605054_paul_rivera_limelight_500g.png\",\"contentUrl\":\"https:\/\/paulrivera.it\/wp-content\/uploads\/2024\/01\/605054_paul_rivera_limelight_500g.png\",\"width\":800,\"height\":800},{\"@type\":\"BreadcrumbList\",\"@id\":\"https:\/\/paulrivera.it\/pt-pt\/prodotti\/tecnicos\/descoloracoes\/limelight-po-descolorante-azul-compacto\/#breadcrumb\",\"itemListElement\":[{\"@type\":\"ListItem\",\"position\":1,\"name\":\"Home\",\"item\":\"https:\/\/paulrivera.it\/pt-pt\/\"},{\"@type\":\"ListItem\",\"position\":2,\"name\":\"Pagina shop\",\"item\":\"https:\/\/paulrivera.it\/prodotti\/\"},{\"@type\":\"ListItem\",\"position\":3,\"name\":\"Limelight &#8211; P\u00f3 descolorante azul compacto\"}]},{\"@type\":\"WebSite\",\"@id\":\"https:\/\/paulrivera.it\/pt-pt\/#website\",\"url\":\"https:\/\/paulrivera.it\/pt-pt\/\",\"name\":\"Paul Rivera\",\"description\":\"Hair Beauty Celebration\",\"publisher\":{\"@id\":\"https:\/\/paulrivera.it\/pt-pt\/#organization\"},\"potentialAction\":[{\"@type\":\"SearchAction\",\"target\":{\"@type\":\"EntryPoint\",\"urlTemplate\":\"https:\/\/paulrivera.it\/pt-pt\/?s={search_term_string}\"},\"query-input\":{\"@type\":\"PropertyValueSpecification\",\"valueRequired\":true,\"valueName\":\"search_term_string\"}}],\"inLanguage\":\"pt-PT\"},{\"@type\":\"Organization\",\"@id\":\"https:\/\/paulrivera.it\/pt-pt\/#organization\",\"name\":\"Paul Rivera\",\"url\":\"https:\/\/paulrivera.it\/pt-pt\/\",\"logo\":{\"@type\":\"ImageObject\",\"inLanguage\":\"pt-PT\",\"@id\":\"https:\/\/paulrivera.it\/pt-pt\/#\/schema\/logo\/image\/\",\"url\":\"https:\/\/paulrivera.it\/wp-content\/uploads\/2020\/02\/paul_rivera_logo_header_x2.png\",\"contentUrl\":\"https:\/\/paulrivera.it\/wp-content\/uploads\/2020\/02\/paul_rivera_logo_header_x2.png\",\"width\":470,\"height\":60,\"caption\":\"Paul Rivera\"},\"image\":{\"@id\":\"https:\/\/paulrivera.it\/pt-pt\/#\/schema\/logo\/image\/\"}}]}<\/script>\n<!-- \/ Yoast SEO plugin. -->","yoast_head_json":{"title":"Limelight - P\u00f3 descolorante azul compacto | Paul RIvera","description":"Limelight \u00e9 um p\u00f3 descolorante azul compacto que permite realizar qualquer tipo de descolora\u00e7\u00e3o.","robots":{"index":"index","follow":"follow","max-snippet":"max-snippet:-1","max-image-preview":"max-image-preview:large","max-video-preview":"max-video-preview:-1"},"canonical":"https:\/\/paulrivera.it\/pt-pt\/prodotti\/tecnicos\/descoloracoes\/limelight-po-descolorante-azul-compacto\/","og_locale":"pt_PT","og_type":"article","og_title":"Limelight - P\u00f3 descolorante azul compacto | Paul RIvera","og_description":"Limelight \u00e9 um p\u00f3 descolorante azul compacto que permite realizar qualquer tipo de descolora\u00e7\u00e3o.","og_url":"https:\/\/paulrivera.it\/pt-pt\/prodotti\/tecnicos\/descoloracoes\/limelight-po-descolorante-azul-compacto\/","og_site_name":"Paul Rivera","article_modified_time":"2024-05-13T10:58:17+00:00","og_image":[{"width":800,"height":800,"url":"https:\/\/paulrivera.it\/wp-content\/uploads\/2024\/01\/605054_paul_rivera_limelight_500g.png","type":"image\/png"}],"twitter_card":"summary_large_image","twitter_misc":{"Est. reading time":"2 minutes"},"schema":{"@context":"https:\/\/schema.org","@graph":[{"@type":"WebPage","@id":"https:\/\/paulrivera.it\/pt-pt\/prodotti\/tecnicos\/descoloracoes\/limelight-po-descolorante-azul-compacto\/","url":"https:\/\/paulrivera.it\/pt-pt\/prodotti\/tecnicos\/descoloracoes\/limelight-po-descolorante-azul-compacto\/","name":"Limelight - P\u00f3 descolorante azul compacto | Paul RIvera","isPartOf":{"@id":"https:\/\/paulrivera.it\/pt-pt\/#website"},"primaryImageOfPage":{"@id":"https:\/\/paulrivera.it\/pt-pt\/prodotti\/tecnicos\/descoloracoes\/limelight-po-descolorante-azul-compacto\/#primaryimage"},"image":{"@id":"https:\/\/paulrivera.it\/pt-pt\/prodotti\/tecnicos\/descoloracoes\/limelight-po-descolorante-azul-compacto\/#primaryimage"},"thumbnailUrl":"https:\/\/paulrivera.it\/wp-content\/uploads\/2024\/01\/605054_paul_rivera_limelight_500g.png","datePublished":"2020-02-18T08:24:29+00:00","dateModified":"2024-05-13T10:58:17+00:00","description":"Limelight \u00e9 um p\u00f3 descolorante azul compacto que permite realizar qualquer tipo de descolora\u00e7\u00e3o.","breadcrumb":{"@id":"https:\/\/paulrivera.it\/pt-pt\/prodotti\/tecnicos\/descoloracoes\/limelight-po-descolorante-azul-compacto\/#breadcrumb"},"inLanguage":"pt-PT","potentialAction":[{"@type":"ReadAction","target":["https:\/\/paulrivera.it\/pt-pt\/prodotti\/tecnicos\/descoloracoes\/limelight-po-descolorante-azul-compacto\/"]}]},{"@type":"ImageObject","inLanguage":"pt-PT","@id":"https:\/\/paulrivera.it\/pt-pt\/prodotti\/tecnicos\/descoloracoes\/limelight-po-descolorante-azul-compacto\/#primaryimage","url":"https:\/\/paulrivera.it\/wp-content\/uploads\/2024\/01\/605054_paul_rivera_limelight_500g.png","contentUrl":"https:\/\/paulrivera.it\/wp-content\/uploads\/2024\/01\/605054_paul_rivera_limelight_500g.png","width":800,"height":800},{"@type":"BreadcrumbList","@id":"https:\/\/paulrivera.it\/pt-pt\/prodotti\/tecnicos\/descoloracoes\/limelight-po-descolorante-azul-compacto\/#breadcrumb","itemListElement":[{"@type":"ListItem","position":1,"name":"Home","item":"https:\/\/paulrivera.it\/pt-pt\/"},{"@type":"ListItem","position":2,"name":"Pagina shop","item":"https:\/\/paulrivera.it\/prodotti\/"},{"@type":"ListItem","position":3,"name":"Limelight &#8211; P\u00f3 descolorante azul compacto"}]},{"@type":"WebSite","@id":"https:\/\/paulrivera.it\/pt-pt\/#website","url":"https:\/\/paulrivera.it\/pt-pt\/","name":"Paul Rivera","description":"Hair Beauty Celebration","publisher":{"@id":"https:\/\/paulrivera.it\/pt-pt\/#organization"},"potentialAction":[{"@type":"SearchAction","target":{"@type":"EntryPoint","urlTemplate":"https:\/\/paulrivera.it\/pt-pt\/?s={search_term_string}"},"query-input":{"@type":"PropertyValueSpecification","valueRequired":true,"valueName":"search_term_string"}}],"inLanguage":"pt-PT"},{"@type":"Organization","@id":"https:\/\/paulrivera.it\/pt-pt\/#organization","name":"Paul Rivera","url":"https:\/\/paulrivera.it\/pt-pt\/","logo":{"@type":"ImageObject","inLanguage":"pt-PT","@id":"https:\/\/paulrivera.it\/pt-pt\/#\/schema\/logo\/image\/","url":"https:\/\/paulrivera.it\/wp-content\/uploads\/2020\/02\/paul_rivera_logo_header_x2.png","contentUrl":"https:\/\/paulrivera.it\/wp-content\/uploads\/2020\/02\/paul_rivera_logo_header_x2.png","width":470,"height":60,"caption":"Paul Rivera"},"image":{"@id":"https:\/\/paulrivera.it\/pt-pt\/#\/schema\/logo\/image\/"}}]}},"_links":{"self":[{"href":"https:\/\/paulrivera.it\/pt-pt\/wp-json\/wp\/v2\/product\/2617","targetHints":{"allow":["GET"]}}],"collection":[{"href":"https:\/\/paulrivera.it\/pt-pt\/wp-json\/wp\/v2\/product"}],"about":[{"href":"https:\/\/paulrivera.it\/pt-pt\/wp-json\/wp\/v2\/types\/product"}],"wp:featuredmedia":[{"embeddable":true,"href":"https:\/\/paulrivera.it\/pt-pt\/wp-json\/wp\/v2\/media\/10763"}],"wp:attachment":[{"href":"https:\/\/paulrivera.it\/pt-pt\/wp-json\/wp\/v2\/media?parent=2617"}],"wp:term":[{"taxonomy":"product_brand","embeddable":true,"href":"https:\/\/paulrivera.it\/pt-pt\/wp-json\/wp\/v2\/product_brand?post=2617"},{"taxonomy":"product_cat","embeddable":true,"href":"https:\/\/paulrivera.it\/pt-pt\/wp-json\/wp\/v2\/product_cat?post=2617"},{"taxonomy":"product_tag","embeddable":true,"href":"https:\/\/paulrivera.it\/pt-pt\/wp-json\/wp\/v2\/product_tag?post=2617"}],"curies":[{"name":"wp","href":"https:\/\/api.w.org\/{rel}","templated":true}]}}