{"id":2636,"date":"2020-02-18T14:05:48","date_gmt":"2020-02-18T13:05:48","guid":{"rendered":"https:\/\/paulrivera.it\/product\/perfect-all-creme-para-uso-frequente-300-ml\/"},"modified":"2024-05-13T12:36:57","modified_gmt":"2024-05-13T10:36:57","slug":"perfect-all-creme-para-uso-frequente-300-ml","status":"publish","type":"product","link":"https:\/\/paulrivera.it\/pt-pt\/prodotti\/tratamentos\/perfect-all-uso-frequente\/perfect-all-creme-para-uso-frequente-300-ml\/","title":{"rendered":"Perfect All &#8211; Creme Suavizante"},"content":{"rendered":"<div class=\"wpb-content-wrapper\"><p>[vc_row full_width=&#8221;stretch_row&#8221;][vc_column][vc_row_inner el_id=&#8221;desktop&#8221;][vc_column_inner width=&#8221;1\/2&#8243; css=&#8221;.vc_custom_1582194227194{padding-top: 10% !important;padding-right: 10% !important;padding-bottom: 10% !important;padding-left: 30% !important;}&#8221; offset=&#8221;vc_hidden-md vc_hidden-sm vc_hidden-xs&#8221;][vc_column_text]<\/p>\n<h1>Ir\u00e1 am\u00e1-lo porque<\/h1>\n<ul>\n<li>F\u00f3rmula delicada que mima o cabelo<\/li>\n<li>Ideal para a sua rotina de cuidados capilares<\/li>\n<li>Garante uma hidrata\u00e7\u00e3o e nutri\u00e7\u00e3o intensas<\/li>\n<\/ul>\n<p>[\/vc_column_text][vc_column_text]<\/p>\n<h1>Ativos na f\u00f3rmula<\/h1>\n<ul>\n<li>Extratos de hamam\u00e9lis: combatem a fragilidade capilar, purificando e favorecendo a nutri\u00e7\u00e3o e a oxigena\u00e7\u00e3o<\/li>\n<li>Mirto: poderoso efeito calmante e tonificante que restaura a suavidade natural<\/li>\n<\/ul>\n<p>[\/vc_column_text][vc_column_text]<\/p>\n<h1>Como usar<\/h1>\n<p>Aplique depois do <u>champ\u00f4 para uso frequente<\/u> em cabelo h\u00famido, deixe atuar 2\/3 minutos e enxague.[\/vc_column_text][\/vc_column_inner][vc_column_inner width=&#8221;1\/2&#8243; css=&#8221;.vc_custom_1582809655800{background-image: url(https:\/\/paulrivera.it\/wp-content\/uploads\/2020\/02\/background_adv_product_perfect_all.png?id=862) !important;background-position: center !important;background-repeat: no-repeat !important;background-size: cover !important;}&#8221; offset=&#8221;vc_hidden-md vc_hidden-sm vc_hidden-xs&#8221;][vc_single_image image=&#8221;2639&#8243; img_size=&#8221;large&#8221; alignment=&#8221;center&#8221;][\/vc_column_inner][\/vc_row_inner][vc_row_inner el_id=&#8221;tablet&#8221;][vc_column_inner offset=&#8221;vc_hidden-lg vc_hidden-xs&#8221;][vc_column_text]<\/p>\n<h1>Ir\u00e1 am\u00e1-lo porque<\/h1>\n<ul>\n<li>F\u00f3rmula delicada que mima o cabelo<\/li>\n<li>Ideal para a sua rotina de cuidados capilares<\/li>\n<li>Garante uma hidrata\u00e7\u00e3o e nutri\u00e7\u00e3o intensas<\/li>\n<\/ul>\n<p>[\/vc_column_text][vc_column_text]<\/p>\n<h1>Ativos na f\u00f3rmula<\/h1>\n<ul>\n<li>Extratos de hamam\u00e9lis: combatem a fragilidade capilar, purificando e favorecendo a nutri\u00e7\u00e3o e a oxigena\u00e7\u00e3o<\/li>\n<li>Mirto: poderoso efeito calmante e tonificante que restaura a suavidade natural<\/li>\n<\/ul>\n<p>[\/vc_column_text][vc_column_text]<\/p>\n<h1>Como usar<\/h1>\n<p>Aplique depois do <u>champ\u00f4 para uso frequente<\/u> em cabelo h\u00famido, deixe atuar 2\/3 minutos e enxague.[\/vc_column_text][\/vc_column_inner][\/vc_row_inner][vc_row_inner el_id=&#8221;mobile&#8221;][vc_column_inner width=&#8221;1\/2&#8243; offset=&#8221;vc_hidden-lg vc_hidden-md vc_hidden-sm&#8221;][vc_column_text]<\/p>\n<h1>Ir\u00e1 am\u00e1-lo porque<\/h1>\n<ul>\n<li>F\u00f3rmula delicada que mima o cabelo<\/li>\n<li>Ideal para a sua rotina de cuidados capilares<\/li>\n<li>Garante uma hidrata\u00e7\u00e3o e nutri\u00e7\u00e3o intensas<\/li>\n<\/ul>\n<p>[\/vc_column_text][vc_column_text]<\/p>\n<h1>Ativos na f\u00f3rmula<\/h1>\n<ul>\n<li>Extratos de hamam\u00e9lis: combatem a fragilidade capilar, purificando e favorecendo a nutri\u00e7\u00e3o e a oxigena\u00e7\u00e3o<\/li>\n<li>Mirto: poderoso efeito calmante e tonificante que restaura a suavidade natural<\/li>\n<\/ul>\n<p>[\/vc_column_text][vc_column_text]<\/p>\n<h1>Como usar<\/h1>\n<p>Aplique depois do <u>champ\u00f4 para uso frequente<\/u> em cabelo h\u00famido, deixe atuar 2\/3 minutos e enxague.[\/vc_column_text][\/vc_column_inner][vc_column_inner width=&#8221;1\/2&#8243; css=&#8221;.vc_custom_1582809691833{background-image: url(https:\/\/paulrivera.it\/wp-content\/uploads\/2020\/02\/background_adv_product_perfect_all.png?id=862) !important;background-position: center !important;background-repeat: no-repeat !important;background-size: cover !important;}&#8221; offset=&#8221;vc_hidden-lg vc_hidden-md vc_hidden-sm&#8221;][vc_single_image image=&#8221;2639&#8243; img_size=&#8221;large&#8221; alignment=&#8221;center&#8221;][\/vc_column_inner][\/vc_row_inner][\/vc_column][\/vc_row][vc_row css=&#8221;.vc_custom_1582192829011{padding-top: 50px !important;}&#8221;][vc_column][vc_row_inner][vc_column_inner][vc_column_text]<\/p>\n<h1 style=\"text-align: center;\">Produtos relacionados<\/h1>\n<p>[\/vc_column_text][\/vc_column_inner][\/vc_row_inner][vc_raw_html]W3dwYi1wcm9kdWN0LXNsaWRlci1zaG9ydGNvZGUgaWQ9IjI1MSJd[\/vc_raw_html][\/vc_column][\/vc_row]<\/p>\n<\/div>","protected":false},"excerpt":{"rendered":"<p>Gra\u00e7as \u00e0s suas <strong>propriedades<\/strong>, o creme Perfect All envolve o cabelo num tratamento delicado indicado para um <strong>uso frequente<\/strong> e sem o tornar pesado.<\/p>\n<p>A f\u00f3rmula leve com a\u00e7\u00e3o ultra r\u00e1pida <strong>suaviza e hidrata o cabelo ao pentea-lo<\/strong>: <strong>extrato de hamam\u00e9lis <\/strong>e<strong> mirto <\/strong>cooperam em sinergia, garantindo uma hidrata\u00e7\u00e3o e uma nutri\u00e7\u00e3o \u00f3timas, bem como um not\u00e1vel efeito suavizante.<\/p>\n<p>300 ml<\/p>\n<p>&nbsp;<\/p>\n[maxbutton id=\"6\"]\n","protected":false},"featured_media":2642,"template":"","meta":[],"product_brand":[],"product_cat":[381],"product_tag":[],"class_list":{"0":"post-2636","1":"product","2":"type-product","3":"status-publish","4":"has-post-thumbnail","6":"product_cat-perfect-all-uso-frequente","7":"description-off","9":"first","10":"instock","11":"shipping-taxable","12":"product-type-simple"},"yoast_head":"<!-- This site is optimized with the Yoast SEO plugin v27.2 - https:\/\/yoast.com\/product\/yoast-seo-wordpress\/ -->\n<title>Perfect All - Creme para uso frequente | Paul Rivera<\/title>\n<meta name=\"description\" content=\"Gra\u00e7as \u00e0s suas propriedades hidratantes, o creme Perfect All envolve o cabelo num tratamento delicado indicado para um uso frequente e sem o tornar pesado.\" \/>\n<meta name=\"robots\" content=\"index, follow, max-snippet:-1, max-image-preview:large, max-video-preview:-1\" \/>\n<link rel=\"canonical\" href=\"https:\/\/paulrivera.it\/pt-pt\/prodotti\/tratamentos\/perfect-all-uso-frequente\/perfect-all-creme-para-uso-frequente-300-ml\/\" \/>\n<meta property=\"og:locale\" content=\"pt_PT\" \/>\n<meta property=\"og:type\" content=\"article\" \/>\n<meta property=\"og:title\" content=\"Perfect All - Creme para uso frequente | Paul Rivera\" \/>\n<meta property=\"og:description\" content=\"Gra\u00e7as \u00e0s suas propriedades hidratantes, o creme Perfect All envolve o cabelo num tratamento delicado indicado para um uso frequente e sem o tornar pesado.\" \/>\n<meta property=\"og:url\" content=\"https:\/\/paulrivera.it\/pt-pt\/prodotti\/tratamentos\/perfect-all-uso-frequente\/perfect-all-creme-para-uso-frequente-300-ml\/\" \/>\n<meta property=\"og:site_name\" content=\"Paul Rivera\" \/>\n<meta property=\"article:modified_time\" content=\"2024-05-13T10:36:57+00:00\" \/>\n<meta property=\"og:image\" content=\"https:\/\/paulrivera.it\/wp-content\/uploads\/2020\/02\/604446_paul_rivera_perfect_all_softening_cream_frequent_use_300ml.png\" \/>\n\t<meta property=\"og:image:width\" content=\"800\" \/>\n\t<meta property=\"og:image:height\" content=\"800\" \/>\n\t<meta property=\"og:image:type\" content=\"image\/png\" \/>\n<meta name=\"twitter:card\" content=\"summary_large_image\" \/>\n<meta name=\"twitter:label1\" content=\"Est. reading time\" \/>\n\t<meta name=\"twitter:data1\" content=\"2 minutes\" \/>\n<script type=\"application\/ld+json\" class=\"yoast-schema-graph\">{\"@context\":\"https:\/\/schema.org\",\"@graph\":[{\"@type\":\"WebPage\",\"@id\":\"https:\/\/paulrivera.it\/pt-pt\/prodotti\/tratamentos\/perfect-all-uso-frequente\/perfect-all-creme-para-uso-frequente-300-ml\/\",\"url\":\"https:\/\/paulrivera.it\/pt-pt\/prodotti\/tratamentos\/perfect-all-uso-frequente\/perfect-all-creme-para-uso-frequente-300-ml\/\",\"name\":\"Perfect All - Creme para uso frequente | Paul Rivera\",\"isPartOf\":{\"@id\":\"https:\/\/paulrivera.it\/pt-pt\/#website\"},\"primaryImageOfPage\":{\"@id\":\"https:\/\/paulrivera.it\/pt-pt\/prodotti\/tratamentos\/perfect-all-uso-frequente\/perfect-all-creme-para-uso-frequente-300-ml\/#primaryimage\"},\"image\":{\"@id\":\"https:\/\/paulrivera.it\/pt-pt\/prodotti\/tratamentos\/perfect-all-uso-frequente\/perfect-all-creme-para-uso-frequente-300-ml\/#primaryimage\"},\"thumbnailUrl\":\"https:\/\/paulrivera.it\/wp-content\/uploads\/2020\/02\/604446_paul_rivera_perfect_all_softening_cream_frequent_use_300ml.png\",\"datePublished\":\"2020-02-18T13:05:48+00:00\",\"dateModified\":\"2024-05-13T10:36:57+00:00\",\"description\":\"Gra\u00e7as \u00e0s suas propriedades hidratantes, o creme Perfect All envolve o cabelo num tratamento delicado indicado para um uso frequente e sem o tornar pesado.\",\"breadcrumb\":{\"@id\":\"https:\/\/paulrivera.it\/pt-pt\/prodotti\/tratamentos\/perfect-all-uso-frequente\/perfect-all-creme-para-uso-frequente-300-ml\/#breadcrumb\"},\"inLanguage\":\"pt-PT\",\"potentialAction\":[{\"@type\":\"ReadAction\",\"target\":[\"https:\/\/paulrivera.it\/pt-pt\/prodotti\/tratamentos\/perfect-all-uso-frequente\/perfect-all-creme-para-uso-frequente-300-ml\/\"]}]},{\"@type\":\"ImageObject\",\"inLanguage\":\"pt-PT\",\"@id\":\"https:\/\/paulrivera.it\/pt-pt\/prodotti\/tratamentos\/perfect-all-uso-frequente\/perfect-all-creme-para-uso-frequente-300-ml\/#primaryimage\",\"url\":\"https:\/\/paulrivera.it\/wp-content\/uploads\/2020\/02\/604446_paul_rivera_perfect_all_softening_cream_frequent_use_300ml.png\",\"contentUrl\":\"https:\/\/paulrivera.it\/wp-content\/uploads\/2020\/02\/604446_paul_rivera_perfect_all_softening_cream_frequent_use_300ml.png\",\"width\":800,\"height\":800,\"caption\":\"Perfect All - Creme para uso frequente\"},{\"@type\":\"BreadcrumbList\",\"@id\":\"https:\/\/paulrivera.it\/pt-pt\/prodotti\/tratamentos\/perfect-all-uso-frequente\/perfect-all-creme-para-uso-frequente-300-ml\/#breadcrumb\",\"itemListElement\":[{\"@type\":\"ListItem\",\"position\":1,\"name\":\"Home\",\"item\":\"https:\/\/paulrivera.it\/pt-pt\/\"},{\"@type\":\"ListItem\",\"position\":2,\"name\":\"Pagina shop\",\"item\":\"https:\/\/paulrivera.it\/prodotti\/\"},{\"@type\":\"ListItem\",\"position\":3,\"name\":\"Perfect All &#8211; Creme Suavizante\"}]},{\"@type\":\"WebSite\",\"@id\":\"https:\/\/paulrivera.it\/pt-pt\/#website\",\"url\":\"https:\/\/paulrivera.it\/pt-pt\/\",\"name\":\"Paul Rivera\",\"description\":\"Hair Beauty Celebration\",\"publisher\":{\"@id\":\"https:\/\/paulrivera.it\/pt-pt\/#organization\"},\"potentialAction\":[{\"@type\":\"SearchAction\",\"target\":{\"@type\":\"EntryPoint\",\"urlTemplate\":\"https:\/\/paulrivera.it\/pt-pt\/?s={search_term_string}\"},\"query-input\":{\"@type\":\"PropertyValueSpecification\",\"valueRequired\":true,\"valueName\":\"search_term_string\"}}],\"inLanguage\":\"pt-PT\"},{\"@type\":\"Organization\",\"@id\":\"https:\/\/paulrivera.it\/pt-pt\/#organization\",\"name\":\"Paul Rivera\",\"url\":\"https:\/\/paulrivera.it\/pt-pt\/\",\"logo\":{\"@type\":\"ImageObject\",\"inLanguage\":\"pt-PT\",\"@id\":\"https:\/\/paulrivera.it\/pt-pt\/#\/schema\/logo\/image\/\",\"url\":\"https:\/\/paulrivera.it\/wp-content\/uploads\/2020\/02\/paul_rivera_logo_header_x2.png\",\"contentUrl\":\"https:\/\/paulrivera.it\/wp-content\/uploads\/2020\/02\/paul_rivera_logo_header_x2.png\",\"width\":470,\"height\":60,\"caption\":\"Paul Rivera\"},\"image\":{\"@id\":\"https:\/\/paulrivera.it\/pt-pt\/#\/schema\/logo\/image\/\"}}]}<\/script>\n<!-- \/ Yoast SEO plugin. -->","yoast_head_json":{"title":"Perfect All - Creme para uso frequente | Paul Rivera","description":"Gra\u00e7as \u00e0s suas propriedades hidratantes, o creme Perfect All envolve o cabelo num tratamento delicado indicado para um uso frequente e sem o tornar pesado.","robots":{"index":"index","follow":"follow","max-snippet":"max-snippet:-1","max-image-preview":"max-image-preview:large","max-video-preview":"max-video-preview:-1"},"canonical":"https:\/\/paulrivera.it\/pt-pt\/prodotti\/tratamentos\/perfect-all-uso-frequente\/perfect-all-creme-para-uso-frequente-300-ml\/","og_locale":"pt_PT","og_type":"article","og_title":"Perfect All - Creme para uso frequente | Paul Rivera","og_description":"Gra\u00e7as \u00e0s suas propriedades hidratantes, o creme Perfect All envolve o cabelo num tratamento delicado indicado para um uso frequente e sem o tornar pesado.","og_url":"https:\/\/paulrivera.it\/pt-pt\/prodotti\/tratamentos\/perfect-all-uso-frequente\/perfect-all-creme-para-uso-frequente-300-ml\/","og_site_name":"Paul Rivera","article_modified_time":"2024-05-13T10:36:57+00:00","og_image":[{"width":800,"height":800,"url":"https:\/\/paulrivera.it\/wp-content\/uploads\/2020\/02\/604446_paul_rivera_perfect_all_softening_cream_frequent_use_300ml.png","type":"image\/png"}],"twitter_card":"summary_large_image","twitter_misc":{"Est. reading time":"2 minutes"},"schema":{"@context":"https:\/\/schema.org","@graph":[{"@type":"WebPage","@id":"https:\/\/paulrivera.it\/pt-pt\/prodotti\/tratamentos\/perfect-all-uso-frequente\/perfect-all-creme-para-uso-frequente-300-ml\/","url":"https:\/\/paulrivera.it\/pt-pt\/prodotti\/tratamentos\/perfect-all-uso-frequente\/perfect-all-creme-para-uso-frequente-300-ml\/","name":"Perfect All - Creme para uso frequente | Paul Rivera","isPartOf":{"@id":"https:\/\/paulrivera.it\/pt-pt\/#website"},"primaryImageOfPage":{"@id":"https:\/\/paulrivera.it\/pt-pt\/prodotti\/tratamentos\/perfect-all-uso-frequente\/perfect-all-creme-para-uso-frequente-300-ml\/#primaryimage"},"image":{"@id":"https:\/\/paulrivera.it\/pt-pt\/prodotti\/tratamentos\/perfect-all-uso-frequente\/perfect-all-creme-para-uso-frequente-300-ml\/#primaryimage"},"thumbnailUrl":"https:\/\/paulrivera.it\/wp-content\/uploads\/2020\/02\/604446_paul_rivera_perfect_all_softening_cream_frequent_use_300ml.png","datePublished":"2020-02-18T13:05:48+00:00","dateModified":"2024-05-13T10:36:57+00:00","description":"Gra\u00e7as \u00e0s suas propriedades hidratantes, o creme Perfect All envolve o cabelo num tratamento delicado indicado para um uso frequente e sem o tornar pesado.","breadcrumb":{"@id":"https:\/\/paulrivera.it\/pt-pt\/prodotti\/tratamentos\/perfect-all-uso-frequente\/perfect-all-creme-para-uso-frequente-300-ml\/#breadcrumb"},"inLanguage":"pt-PT","potentialAction":[{"@type":"ReadAction","target":["https:\/\/paulrivera.it\/pt-pt\/prodotti\/tratamentos\/perfect-all-uso-frequente\/perfect-all-creme-para-uso-frequente-300-ml\/"]}]},{"@type":"ImageObject","inLanguage":"pt-PT","@id":"https:\/\/paulrivera.it\/pt-pt\/prodotti\/tratamentos\/perfect-all-uso-frequente\/perfect-all-creme-para-uso-frequente-300-ml\/#primaryimage","url":"https:\/\/paulrivera.it\/wp-content\/uploads\/2020\/02\/604446_paul_rivera_perfect_all_softening_cream_frequent_use_300ml.png","contentUrl":"https:\/\/paulrivera.it\/wp-content\/uploads\/2020\/02\/604446_paul_rivera_perfect_all_softening_cream_frequent_use_300ml.png","width":800,"height":800,"caption":"Perfect All - Creme para uso frequente"},{"@type":"BreadcrumbList","@id":"https:\/\/paulrivera.it\/pt-pt\/prodotti\/tratamentos\/perfect-all-uso-frequente\/perfect-all-creme-para-uso-frequente-300-ml\/#breadcrumb","itemListElement":[{"@type":"ListItem","position":1,"name":"Home","item":"https:\/\/paulrivera.it\/pt-pt\/"},{"@type":"ListItem","position":2,"name":"Pagina shop","item":"https:\/\/paulrivera.it\/prodotti\/"},{"@type":"ListItem","position":3,"name":"Perfect All &#8211; Creme Suavizante"}]},{"@type":"WebSite","@id":"https:\/\/paulrivera.it\/pt-pt\/#website","url":"https:\/\/paulrivera.it\/pt-pt\/","name":"Paul Rivera","description":"Hair Beauty Celebration","publisher":{"@id":"https:\/\/paulrivera.it\/pt-pt\/#organization"},"potentialAction":[{"@type":"SearchAction","target":{"@type":"EntryPoint","urlTemplate":"https:\/\/paulrivera.it\/pt-pt\/?s={search_term_string}"},"query-input":{"@type":"PropertyValueSpecification","valueRequired":true,"valueName":"search_term_string"}}],"inLanguage":"pt-PT"},{"@type":"Organization","@id":"https:\/\/paulrivera.it\/pt-pt\/#organization","name":"Paul Rivera","url":"https:\/\/paulrivera.it\/pt-pt\/","logo":{"@type":"ImageObject","inLanguage":"pt-PT","@id":"https:\/\/paulrivera.it\/pt-pt\/#\/schema\/logo\/image\/","url":"https:\/\/paulrivera.it\/wp-content\/uploads\/2020\/02\/paul_rivera_logo_header_x2.png","contentUrl":"https:\/\/paulrivera.it\/wp-content\/uploads\/2020\/02\/paul_rivera_logo_header_x2.png","width":470,"height":60,"caption":"Paul Rivera"},"image":{"@id":"https:\/\/paulrivera.it\/pt-pt\/#\/schema\/logo\/image\/"}}]}},"_links":{"self":[{"href":"https:\/\/paulrivera.it\/pt-pt\/wp-json\/wp\/v2\/product\/2636","targetHints":{"allow":["GET"]}}],"collection":[{"href":"https:\/\/paulrivera.it\/pt-pt\/wp-json\/wp\/v2\/product"}],"about":[{"href":"https:\/\/paulrivera.it\/pt-pt\/wp-json\/wp\/v2\/types\/product"}],"wp:featuredmedia":[{"embeddable":true,"href":"https:\/\/paulrivera.it\/pt-pt\/wp-json\/wp\/v2\/media\/2642"}],"wp:attachment":[{"href":"https:\/\/paulrivera.it\/pt-pt\/wp-json\/wp\/v2\/media?parent=2636"}],"wp:term":[{"taxonomy":"product_brand","embeddable":true,"href":"https:\/\/paulrivera.it\/pt-pt\/wp-json\/wp\/v2\/product_brand?post=2636"},{"taxonomy":"product_cat","embeddable":true,"href":"https:\/\/paulrivera.it\/pt-pt\/wp-json\/wp\/v2\/product_cat?post=2636"},{"taxonomy":"product_tag","embeddable":true,"href":"https:\/\/paulrivera.it\/pt-pt\/wp-json\/wp\/v2\/product_tag?post=2636"}],"curies":[{"name":"wp","href":"https:\/\/api.w.org\/{rel}","templated":true}]}}