{"id":2675,"date":"2020-02-18T09:33:59","date_gmt":"2020-02-18T08:33:59","guid":{"rendered":"https:\/\/paulrivera.it\/product\/hydra-dream-mascara-nutritiva-500-ml\/"},"modified":"2024-05-13T12:52:37","modified_gmt":"2024-05-13T10:52:37","slug":"hydra-dream-mascara-nutritiva-500-ml","status":"publish","type":"product","link":"https:\/\/paulrivera.it\/pt-pt\/prodotti\/tratamentos\/hydra-dream-cabelos-secos\/hydra-dream-mascara-nutritiva-500-ml\/","title":{"rendered":"Hydra Dream &#8211; M\u00e1scara nutritiva"},"content":{"rendered":"<div class=\"wpb-content-wrapper\"><p>[vc_row full_width=&#8221;stretch_row&#8221;][vc_column][vc_row_inner el_id=&#8221;desktop&#8221;][vc_column_inner width=&#8221;1\/2&#8243; css=&#8221;.vc_custom_1582194227194{padding-top: 10% !important;padding-right: 10% !important;padding-bottom: 10% !important;padding-left: 30% !important;}&#8221; offset=&#8221;vc_hidden-md vc_hidden-sm vc_hidden-xs&#8221;][vc_column_text]<\/p>\n<h1>Ir\u00e1 am\u00e1-lo porque<\/h1>\n<ul>\n<li>Hidrata e nutre em profundidade os cabelos secos<\/li>\n<li>F\u00f3rmula altamente emoliente<\/li>\n<li>Previne os emaranhados e desembara\u00e7a<\/li>\n<\/ul>\n<p>[\/vc_column_text][vc_column_text]<\/p>\n<h1>Ativos na f\u00f3rmula<\/h1>\n<ul>\n<li>Manteiga de karit\u00e9: rico em vitamina A e E, regenera o cabelo, hidrata e suaviza a fibra capilar. Alimento ultranutritivo para cabelos danificados.<\/li>\n<li>\u00d3leo de arg\u00e3o: as excecionais propriedades emolientes e hidratantes do \u00f3leo de arg\u00e3o resultam da sua composi\u00e7\u00e3o: rico em \u00e1cidos gordos e vitamina E, nutrem os cabelos danificados e secos e luta contra a forma\u00e7\u00e3o de pontas espigadas.<\/li>\n<\/ul>\n<p>[\/vc_column_text][vc_column_text]<\/p>\n<h1>Como usar<\/h1>\n<p>Depois de lavar com o champ\u00f4 nutritivo Hydra Dream, aplique a m\u00e1scara no cabelo molhado, deixando atuar 5 a 10 minutos. Enxaguar bem.[\/vc_column_text][\/vc_column_inner][vc_column_inner width=&#8221;1\/2&#8243; css=&#8221;.vc_custom_1582803125280{background-image: url(https:\/\/paulrivera.it\/wp-content\/uploads\/2020\/02\/background_adv_product_hydra_dream.png?id=856) !important;background-position: center !important;background-repeat: no-repeat !important;background-size: cover !important;}&#8221; offset=&#8221;vc_hidden-md vc_hidden-sm vc_hidden-xs&#8221;][vc_single_image image=&#8221;2666&#8243; img_size=&#8221;large&#8221; alignment=&#8221;center&#8221;][\/vc_column_inner][\/vc_row_inner][vc_row_inner el_id=&#8221;tablet&#8221;][vc_column_inner offset=&#8221;vc_hidden-lg vc_hidden-xs&#8221;][vc_column_text]<\/p>\n<h1>Ir\u00e1 am\u00e1-lo porque<\/h1>\n<ul>\n<li>Hidrata e nutre em profundidade os cabelos secos<\/li>\n<li>F\u00f3rmula altamente emoliente<\/li>\n<li>Previne os emaranhados e desembara\u00e7a<\/li>\n<\/ul>\n<p>[\/vc_column_text][vc_column_text]<\/p>\n<h1>Ativos na f\u00f3rmula<\/h1>\n<ul>\n<li>Manteiga de karit\u00e9: rico em vitamina A e E, regenera o cabelo, hidrata e suaviza a fibra capilar. Alimento ultranutritivo para cabelos danificados.<\/li>\n<li>\u00d3leo de arg\u00e3o: as excecionais propriedades emolientes e hidratantes do \u00f3leo de arg\u00e3o resultam da sua composi\u00e7\u00e3o: rico em \u00e1cidos gordos e vitamina E, nutrem os cabelos danificados e secos e luta contra a forma\u00e7\u00e3o de pontas espigadas.<\/li>\n<\/ul>\n<p>[\/vc_column_text][vc_column_text]<\/p>\n<h1>Como usar<\/h1>\n<p>Depois de lavar com o champ\u00f4 nutritivo Hydra Dream, aplique a m\u00e1scara no cabelo molhado, deixando atuar 5 a 10 minutos. Enxaguar bem.[\/vc_column_text][\/vc_column_inner][\/vc_row_inner][vc_row_inner el_id=&#8221;mobile&#8221;][vc_column_inner width=&#8221;1\/2&#8243; offset=&#8221;vc_hidden-lg vc_hidden-md vc_hidden-sm&#8221;][vc_column_text]<\/p>\n<h1>Ir\u00e1 am\u00e1-lo porque<\/h1>\n<ul>\n<li>Hidrata e nutre em profundidade os cabelos secos<\/li>\n<li>F\u00f3rmula altamente emoliente<\/li>\n<li>Previne os emaranhados e desembara\u00e7a<\/li>\n<\/ul>\n<p>[\/vc_column_text][vc_column_text]<\/p>\n<h1>Ativos na f\u00f3rmula<\/h1>\n<ul>\n<li>Manteiga de karit\u00e9: rico em vitamina A e E, regenera o cabelo, hidrata e suaviza a fibra capilar. Alimento ultranutritivo para cabelos danificados.<\/li>\n<li>\u00d3leo de arg\u00e3o: as excecionais propriedades emolientes e hidratantes do \u00f3leo de arg\u00e3o resultam da sua composi\u00e7\u00e3o: rico em \u00e1cidos gordos e vitamina E, nutrem os cabelos danificados e secos e luta contra a forma\u00e7\u00e3o de pontas espigadas.<\/li>\n<\/ul>\n<p>[\/vc_column_text][vc_column_text]<\/p>\n<h1>Como usar<\/h1>\n<p>Depois de lavar com o champ\u00f4 nutritivo Hydra Dream, aplique a m\u00e1scara no cabelo molhado, deixando atuar 5 a 10 minutos. Enxaguar bem.[\/vc_column_text][\/vc_column_inner][vc_column_inner width=&#8221;1\/2&#8243; css=&#8221;.vc_custom_1582803160048{background-image: url(https:\/\/paulrivera.it\/wp-content\/uploads\/2020\/02\/background_adv_product_hydra_dream.png?id=856) !important;background-position: center !important;background-repeat: no-repeat !important;background-size: cover !important;}&#8221; offset=&#8221;vc_hidden-lg vc_hidden-md vc_hidden-sm&#8221;][vc_single_image image=&#8221;2666&#8243; img_size=&#8221;large&#8221; alignment=&#8221;center&#8221;][\/vc_column_inner][\/vc_row_inner][\/vc_column][\/vc_row][vc_row css=&#8221;.vc_custom_1582192829011{padding-top: 50px !important;}&#8221;][vc_column][vc_row_inner][vc_column_inner][vc_column_text]<\/p>\n<h1 style=\"text-align: center;\">Produtos relacionados<\/h1>\n<p>[\/vc_column_text][\/vc_column_inner][\/vc_row_inner][vc_raw_html]W3dwYi1wcm9kdWN0LXNsaWRlci1zaG9ydGNvZGUgaWQ9IjI0NyJd[\/vc_raw_html][\/vc_column][\/vc_row]<\/p>\n<\/div>","protected":false},"excerpt":{"rendered":"<p>Uma combina\u00e7\u00e3o de luxo que <strong>transforma os cabelos secos<\/strong>: rica em <strong>manteiga de karit\u00e9<\/strong> e<strong> \u00f3leo de arg\u00e3o<\/strong>, a <strong>m\u00e1scara Hydra Dream<\/strong> completa a rotina nutritiva e regenerativa para os cabelos. A f\u00f3rmula altamente <strong>emoliente e desembara\u00e7ante<\/strong> luta contra o efeito crespo e ajuda os cabelos a recuperarem volume e brilho.<\/p>\n<p>Os resultados s\u00e3o vis\u00edveis. O uso constante da m\u00e1scara para cabelos secos melhora a textura: mais <strong>suave ao toque<\/strong> e naturalmente macio, o cabelo fica fluido e vaporoso.<\/p>\n<p>500 ml<\/p>\n<p>&nbsp;<\/p>\n[maxbutton id=\"6\"]\n","protected":false},"featured_media":2676,"template":"","meta":[],"product_brand":[],"product_cat":[380],"product_tag":[],"class_list":{"0":"post-2675","1":"product","2":"type-product","3":"status-publish","4":"has-post-thumbnail","6":"product_cat-hydra-dream-cabelos-secos","7":"description-off","9":"first","10":"instock","11":"shipping-taxable","12":"product-type-simple"},"yoast_head":"<!-- This site is optimized with the Yoast SEO plugin v27.2 - https:\/\/yoast.com\/product\/yoast-seo-wordpress\/ -->\n<title>Hydra Dream - M\u00e1scara nutritiva para cabelos secos | Paul Rivera<\/title>\n<meta name=\"description\" content=\"Uma combina\u00e7\u00e3o de luxo que transforma os cabelos secos: rica em manteiga de karit\u00e9 e \u00f3leo de arg\u00e3o, a m\u00e1scara Hydra Dream completa a rotina nutritiva e regenerativa para os cabelosUma combina\u00e7\u00e3o de luxo que transforma os cabelos secos: rica em manteiga de karit\u00e9 e \u00f3leo de arg\u00e3o, a m\u00e1scara Hydra Dream completa a rotina nutritiva e regenerativa para os cabelos.\" \/>\n<meta name=\"robots\" content=\"index, follow, max-snippet:-1, max-image-preview:large, max-video-preview:-1\" \/>\n<link rel=\"canonical\" href=\"https:\/\/paulrivera.it\/pt-pt\/prodotti\/tratamentos\/hydra-dream-cabelos-secos\/hydra-dream-mascara-nutritiva-500-ml\/\" \/>\n<meta property=\"og:locale\" content=\"pt_PT\" \/>\n<meta property=\"og:type\" content=\"article\" \/>\n<meta property=\"og:title\" content=\"Hydra Dream - M\u00e1scara nutritiva para cabelos secos | Paul Rivera\" \/>\n<meta property=\"og:description\" content=\"Uma combina\u00e7\u00e3o de luxo que transforma os cabelos secos: rica em manteiga de karit\u00e9 e \u00f3leo de arg\u00e3o, a m\u00e1scara Hydra Dream completa a rotina nutritiva e regenerativa para os cabelosUma combina\u00e7\u00e3o de luxo que transforma os cabelos secos: rica em manteiga de karit\u00e9 e \u00f3leo de arg\u00e3o, a m\u00e1scara Hydra Dream completa a rotina nutritiva e regenerativa para os cabelos.\" \/>\n<meta property=\"og:url\" content=\"https:\/\/paulrivera.it\/pt-pt\/prodotti\/tratamentos\/hydra-dream-cabelos-secos\/hydra-dream-mascara-nutritiva-500-ml\/\" \/>\n<meta property=\"og:site_name\" content=\"Paul Rivera\" \/>\n<meta property=\"article:modified_time\" content=\"2024-05-13T10:52:37+00:00\" \/>\n<meta property=\"og:image\" content=\"https:\/\/paulrivera.it\/wp-content\/uploads\/2020\/02\/604491_paul_rivera_hydra_dream_nourishing_mask_dry_hair_500ml.png\" \/>\n\t<meta property=\"og:image:width\" content=\"800\" \/>\n\t<meta property=\"og:image:height\" content=\"800\" \/>\n\t<meta property=\"og:image:type\" content=\"image\/png\" \/>\n<meta name=\"twitter:card\" content=\"summary_large_image\" \/>\n<meta name=\"twitter:label1\" content=\"Est. reading time\" \/>\n\t<meta name=\"twitter:data1\" content=\"3 minutes\" \/>\n<script type=\"application\/ld+json\" class=\"yoast-schema-graph\">{\"@context\":\"https:\/\/schema.org\",\"@graph\":[{\"@type\":\"WebPage\",\"@id\":\"https:\/\/paulrivera.it\/pt-pt\/prodotti\/tratamentos\/hydra-dream-cabelos-secos\/hydra-dream-mascara-nutritiva-500-ml\/\",\"url\":\"https:\/\/paulrivera.it\/pt-pt\/prodotti\/tratamentos\/hydra-dream-cabelos-secos\/hydra-dream-mascara-nutritiva-500-ml\/\",\"name\":\"Hydra Dream - M\u00e1scara nutritiva para cabelos secos | Paul Rivera\",\"isPartOf\":{\"@id\":\"https:\/\/paulrivera.it\/pt-pt\/#website\"},\"primaryImageOfPage\":{\"@id\":\"https:\/\/paulrivera.it\/pt-pt\/prodotti\/tratamentos\/hydra-dream-cabelos-secos\/hydra-dream-mascara-nutritiva-500-ml\/#primaryimage\"},\"image\":{\"@id\":\"https:\/\/paulrivera.it\/pt-pt\/prodotti\/tratamentos\/hydra-dream-cabelos-secos\/hydra-dream-mascara-nutritiva-500-ml\/#primaryimage\"},\"thumbnailUrl\":\"https:\/\/paulrivera.it\/wp-content\/uploads\/2020\/02\/604491_paul_rivera_hydra_dream_nourishing_mask_dry_hair_500ml.png\",\"datePublished\":\"2020-02-18T08:33:59+00:00\",\"dateModified\":\"2024-05-13T10:52:37+00:00\",\"description\":\"Uma combina\u00e7\u00e3o de luxo que transforma os cabelos secos: rica em manteiga de karit\u00e9 e \u00f3leo de arg\u00e3o, a m\u00e1scara Hydra Dream completa a rotina nutritiva e regenerativa para os cabelosUma combina\u00e7\u00e3o de luxo que transforma os cabelos secos: rica em manteiga de karit\u00e9 e \u00f3leo de arg\u00e3o, a m\u00e1scara Hydra Dream completa a rotina nutritiva e regenerativa para os cabelos.\",\"breadcrumb\":{\"@id\":\"https:\/\/paulrivera.it\/pt-pt\/prodotti\/tratamentos\/hydra-dream-cabelos-secos\/hydra-dream-mascara-nutritiva-500-ml\/#breadcrumb\"},\"inLanguage\":\"pt-PT\",\"potentialAction\":[{\"@type\":\"ReadAction\",\"target\":[\"https:\/\/paulrivera.it\/pt-pt\/prodotti\/tratamentos\/hydra-dream-cabelos-secos\/hydra-dream-mascara-nutritiva-500-ml\/\"]}]},{\"@type\":\"ImageObject\",\"inLanguage\":\"pt-PT\",\"@id\":\"https:\/\/paulrivera.it\/pt-pt\/prodotti\/tratamentos\/hydra-dream-cabelos-secos\/hydra-dream-mascara-nutritiva-500-ml\/#primaryimage\",\"url\":\"https:\/\/paulrivera.it\/wp-content\/uploads\/2020\/02\/604491_paul_rivera_hydra_dream_nourishing_mask_dry_hair_500ml.png\",\"contentUrl\":\"https:\/\/paulrivera.it\/wp-content\/uploads\/2020\/02\/604491_paul_rivera_hydra_dream_nourishing_mask_dry_hair_500ml.png\",\"width\":800,\"height\":800,\"caption\":\"Hydra Dream - M\u00e1scara nutritiva para cabelos secos\"},{\"@type\":\"BreadcrumbList\",\"@id\":\"https:\/\/paulrivera.it\/pt-pt\/prodotti\/tratamentos\/hydra-dream-cabelos-secos\/hydra-dream-mascara-nutritiva-500-ml\/#breadcrumb\",\"itemListElement\":[{\"@type\":\"ListItem\",\"position\":1,\"name\":\"Home\",\"item\":\"https:\/\/paulrivera.it\/pt-pt\/\"},{\"@type\":\"ListItem\",\"position\":2,\"name\":\"Pagina shop\",\"item\":\"https:\/\/paulrivera.it\/prodotti\/\"},{\"@type\":\"ListItem\",\"position\":3,\"name\":\"Hydra Dream &#8211; M\u00e1scara nutritiva\"}]},{\"@type\":\"WebSite\",\"@id\":\"https:\/\/paulrivera.it\/pt-pt\/#website\",\"url\":\"https:\/\/paulrivera.it\/pt-pt\/\",\"name\":\"Paul Rivera\",\"description\":\"Hair Beauty Celebration\",\"publisher\":{\"@id\":\"https:\/\/paulrivera.it\/pt-pt\/#organization\"},\"potentialAction\":[{\"@type\":\"SearchAction\",\"target\":{\"@type\":\"EntryPoint\",\"urlTemplate\":\"https:\/\/paulrivera.it\/pt-pt\/?s={search_term_string}\"},\"query-input\":{\"@type\":\"PropertyValueSpecification\",\"valueRequired\":true,\"valueName\":\"search_term_string\"}}],\"inLanguage\":\"pt-PT\"},{\"@type\":\"Organization\",\"@id\":\"https:\/\/paulrivera.it\/pt-pt\/#organization\",\"name\":\"Paul Rivera\",\"url\":\"https:\/\/paulrivera.it\/pt-pt\/\",\"logo\":{\"@type\":\"ImageObject\",\"inLanguage\":\"pt-PT\",\"@id\":\"https:\/\/paulrivera.it\/pt-pt\/#\/schema\/logo\/image\/\",\"url\":\"https:\/\/paulrivera.it\/wp-content\/uploads\/2020\/02\/paul_rivera_logo_header_x2.png\",\"contentUrl\":\"https:\/\/paulrivera.it\/wp-content\/uploads\/2020\/02\/paul_rivera_logo_header_x2.png\",\"width\":470,\"height\":60,\"caption\":\"Paul Rivera\"},\"image\":{\"@id\":\"https:\/\/paulrivera.it\/pt-pt\/#\/schema\/logo\/image\/\"}}]}<\/script>\n<!-- \/ Yoast SEO plugin. -->","yoast_head_json":{"title":"Hydra Dream - M\u00e1scara nutritiva para cabelos secos | Paul Rivera","description":"Uma combina\u00e7\u00e3o de luxo que transforma os cabelos secos: rica em manteiga de karit\u00e9 e \u00f3leo de arg\u00e3o, a m\u00e1scara Hydra Dream completa a rotina nutritiva e regenerativa para os cabelosUma combina\u00e7\u00e3o de luxo que transforma os cabelos secos: rica em manteiga de karit\u00e9 e \u00f3leo de arg\u00e3o, a m\u00e1scara Hydra Dream completa a rotina nutritiva e regenerativa para os cabelos.","robots":{"index":"index","follow":"follow","max-snippet":"max-snippet:-1","max-image-preview":"max-image-preview:large","max-video-preview":"max-video-preview:-1"},"canonical":"https:\/\/paulrivera.it\/pt-pt\/prodotti\/tratamentos\/hydra-dream-cabelos-secos\/hydra-dream-mascara-nutritiva-500-ml\/","og_locale":"pt_PT","og_type":"article","og_title":"Hydra Dream - M\u00e1scara nutritiva para cabelos secos | Paul Rivera","og_description":"Uma combina\u00e7\u00e3o de luxo que transforma os cabelos secos: rica em manteiga de karit\u00e9 e \u00f3leo de arg\u00e3o, a m\u00e1scara Hydra Dream completa a rotina nutritiva e regenerativa para os cabelosUma combina\u00e7\u00e3o de luxo que transforma os cabelos secos: rica em manteiga de karit\u00e9 e \u00f3leo de arg\u00e3o, a m\u00e1scara Hydra Dream completa a rotina nutritiva e regenerativa para os cabelos.","og_url":"https:\/\/paulrivera.it\/pt-pt\/prodotti\/tratamentos\/hydra-dream-cabelos-secos\/hydra-dream-mascara-nutritiva-500-ml\/","og_site_name":"Paul Rivera","article_modified_time":"2024-05-13T10:52:37+00:00","og_image":[{"width":800,"height":800,"url":"https:\/\/paulrivera.it\/wp-content\/uploads\/2020\/02\/604491_paul_rivera_hydra_dream_nourishing_mask_dry_hair_500ml.png","type":"image\/png"}],"twitter_card":"summary_large_image","twitter_misc":{"Est. reading time":"3 minutes"},"schema":{"@context":"https:\/\/schema.org","@graph":[{"@type":"WebPage","@id":"https:\/\/paulrivera.it\/pt-pt\/prodotti\/tratamentos\/hydra-dream-cabelos-secos\/hydra-dream-mascara-nutritiva-500-ml\/","url":"https:\/\/paulrivera.it\/pt-pt\/prodotti\/tratamentos\/hydra-dream-cabelos-secos\/hydra-dream-mascara-nutritiva-500-ml\/","name":"Hydra Dream - M\u00e1scara nutritiva para cabelos secos | Paul Rivera","isPartOf":{"@id":"https:\/\/paulrivera.it\/pt-pt\/#website"},"primaryImageOfPage":{"@id":"https:\/\/paulrivera.it\/pt-pt\/prodotti\/tratamentos\/hydra-dream-cabelos-secos\/hydra-dream-mascara-nutritiva-500-ml\/#primaryimage"},"image":{"@id":"https:\/\/paulrivera.it\/pt-pt\/prodotti\/tratamentos\/hydra-dream-cabelos-secos\/hydra-dream-mascara-nutritiva-500-ml\/#primaryimage"},"thumbnailUrl":"https:\/\/paulrivera.it\/wp-content\/uploads\/2020\/02\/604491_paul_rivera_hydra_dream_nourishing_mask_dry_hair_500ml.png","datePublished":"2020-02-18T08:33:59+00:00","dateModified":"2024-05-13T10:52:37+00:00","description":"Uma combina\u00e7\u00e3o de luxo que transforma os cabelos secos: rica em manteiga de karit\u00e9 e \u00f3leo de arg\u00e3o, a m\u00e1scara Hydra Dream completa a rotina nutritiva e regenerativa para os cabelosUma combina\u00e7\u00e3o de luxo que transforma os cabelos secos: rica em manteiga de karit\u00e9 e \u00f3leo de arg\u00e3o, a m\u00e1scara Hydra Dream completa a rotina nutritiva e regenerativa para os cabelos.","breadcrumb":{"@id":"https:\/\/paulrivera.it\/pt-pt\/prodotti\/tratamentos\/hydra-dream-cabelos-secos\/hydra-dream-mascara-nutritiva-500-ml\/#breadcrumb"},"inLanguage":"pt-PT","potentialAction":[{"@type":"ReadAction","target":["https:\/\/paulrivera.it\/pt-pt\/prodotti\/tratamentos\/hydra-dream-cabelos-secos\/hydra-dream-mascara-nutritiva-500-ml\/"]}]},{"@type":"ImageObject","inLanguage":"pt-PT","@id":"https:\/\/paulrivera.it\/pt-pt\/prodotti\/tratamentos\/hydra-dream-cabelos-secos\/hydra-dream-mascara-nutritiva-500-ml\/#primaryimage","url":"https:\/\/paulrivera.it\/wp-content\/uploads\/2020\/02\/604491_paul_rivera_hydra_dream_nourishing_mask_dry_hair_500ml.png","contentUrl":"https:\/\/paulrivera.it\/wp-content\/uploads\/2020\/02\/604491_paul_rivera_hydra_dream_nourishing_mask_dry_hair_500ml.png","width":800,"height":800,"caption":"Hydra Dream - M\u00e1scara nutritiva para cabelos secos"},{"@type":"BreadcrumbList","@id":"https:\/\/paulrivera.it\/pt-pt\/prodotti\/tratamentos\/hydra-dream-cabelos-secos\/hydra-dream-mascara-nutritiva-500-ml\/#breadcrumb","itemListElement":[{"@type":"ListItem","position":1,"name":"Home","item":"https:\/\/paulrivera.it\/pt-pt\/"},{"@type":"ListItem","position":2,"name":"Pagina shop","item":"https:\/\/paulrivera.it\/prodotti\/"},{"@type":"ListItem","position":3,"name":"Hydra Dream &#8211; M\u00e1scara nutritiva"}]},{"@type":"WebSite","@id":"https:\/\/paulrivera.it\/pt-pt\/#website","url":"https:\/\/paulrivera.it\/pt-pt\/","name":"Paul Rivera","description":"Hair Beauty Celebration","publisher":{"@id":"https:\/\/paulrivera.it\/pt-pt\/#organization"},"potentialAction":[{"@type":"SearchAction","target":{"@type":"EntryPoint","urlTemplate":"https:\/\/paulrivera.it\/pt-pt\/?s={search_term_string}"},"query-input":{"@type":"PropertyValueSpecification","valueRequired":true,"valueName":"search_term_string"}}],"inLanguage":"pt-PT"},{"@type":"Organization","@id":"https:\/\/paulrivera.it\/pt-pt\/#organization","name":"Paul Rivera","url":"https:\/\/paulrivera.it\/pt-pt\/","logo":{"@type":"ImageObject","inLanguage":"pt-PT","@id":"https:\/\/paulrivera.it\/pt-pt\/#\/schema\/logo\/image\/","url":"https:\/\/paulrivera.it\/wp-content\/uploads\/2020\/02\/paul_rivera_logo_header_x2.png","contentUrl":"https:\/\/paulrivera.it\/wp-content\/uploads\/2020\/02\/paul_rivera_logo_header_x2.png","width":470,"height":60,"caption":"Paul Rivera"},"image":{"@id":"https:\/\/paulrivera.it\/pt-pt\/#\/schema\/logo\/image\/"}}]}},"_links":{"self":[{"href":"https:\/\/paulrivera.it\/pt-pt\/wp-json\/wp\/v2\/product\/2675","targetHints":{"allow":["GET"]}}],"collection":[{"href":"https:\/\/paulrivera.it\/pt-pt\/wp-json\/wp\/v2\/product"}],"about":[{"href":"https:\/\/paulrivera.it\/pt-pt\/wp-json\/wp\/v2\/types\/product"}],"wp:featuredmedia":[{"embeddable":true,"href":"https:\/\/paulrivera.it\/pt-pt\/wp-json\/wp\/v2\/media\/2676"}],"wp:attachment":[{"href":"https:\/\/paulrivera.it\/pt-pt\/wp-json\/wp\/v2\/media?parent=2675"}],"wp:term":[{"taxonomy":"product_brand","embeddable":true,"href":"https:\/\/paulrivera.it\/pt-pt\/wp-json\/wp\/v2\/product_brand?post=2675"},{"taxonomy":"product_cat","embeddable":true,"href":"https:\/\/paulrivera.it\/pt-pt\/wp-json\/wp\/v2\/product_cat?post=2675"},{"taxonomy":"product_tag","embeddable":true,"href":"https:\/\/paulrivera.it\/pt-pt\/wp-json\/wp\/v2\/product_tag?post=2675"}],"curies":[{"name":"wp","href":"https:\/\/api.w.org\/{rel}","templated":true}]}}