{"id":2737,"date":"2020-02-18T09:42:29","date_gmt":"2020-02-18T08:42:29","guid":{"rendered":"https:\/\/paulrivera.it\/product\/true-silver-champo-antiamarelecimento\/"},"modified":"2024-05-13T12:46:23","modified_gmt":"2024-05-13T10:46:23","slug":"true-silver-champo-antiamarelecimento","status":"publish","type":"product","link":"https:\/\/paulrivera.it\/pt-pt\/prodotti\/tratamentos\/true-silver-antiamarelecimento\/true-silver-champo-antiamarelecimento\/","title":{"rendered":"True Silver &#8211;  Champ\u00f4 antiamarelecimento"},"content":{"rendered":"<div class=\"wpb-content-wrapper\"><p>[vc_row full_width=&#8221;stretch_row&#8221;][vc_column][vc_row_inner el_id=&#8221;desktop&#8221;][vc_column_inner width=&#8221;1\/2&#8243; css=&#8221;.vc_custom_1582194227194{padding-top: 10% !important;padding-right: 10% !important;padding-bottom: 10% !important;padding-left: 30% !important;}&#8221; offset=&#8221;vc_hidden-md vc_hidden-sm vc_hidden-xs&#8221;][vc_column_text]<\/p>\n<h1>Ir\u00e1 am\u00e1-lo porque<\/h1>\n<ul>\n<li>Luta contra os tons amarelos indesejados<\/li>\n<li>Real\u00e7a os reflexos frios<\/li>\n<li>Lava delicadamente<\/li>\n<\/ul>\n<p>[\/vc_column_text][vc_column_text]<\/p>\n<h1>Ativos na f\u00f3rmula<\/h1>\n<ul>\n<li>\u00d3leo de macad\u00e2mia: a incr\u00edvel mistura de \u00e1cido palmitol\u00e9ico, \u00e1cido ol\u00e9ico, \u00e1cido linol\u00e9ico, \u00f3mega 3 e 6, faz com que o \u00f3leo de macad\u00e2mia seja um poderoso antioxidante com propriedades nutritivas e regeneradoras.<\/li>\n<li>Extrato de mirtilo: rico em vitaminas e polifen\u00f3is, o mirtilo \u00e9 um precioso antioxidante que luta contra os radicais livres, respons\u00e1veis pelo envelhecimento celular.<\/li>\n<\/ul>\n<p>[\/vc_column_text][vc_column_text]<\/p>\n<h1>Como usar<\/h1>\n<p>Coloque luvas de prote\u00e7\u00e3o e aplique no cabelho molhado. Deixe atuar durante alguns minutos e enxague abundantemente. Repita se necess\u00e1rio.<\/p>\n<p>[\/vc_column_text][\/vc_column_inner][vc_column_inner width=&#8221;1\/2&#8243; css=&#8221;.vc_custom_1582814926979{background-image: url(https:\/\/paulrivera.it\/wp-content\/uploads\/2020\/02\/background_adv_product_true_silver.png?id=874) !important;background-position: center !important;background-repeat: no-repeat !important;background-size: cover !important;}&#8221; offset=&#8221;vc_hidden-md vc_hidden-sm vc_hidden-xs&#8221;][vc_single_image image=&#8221;5045&#8243; img_size=&#8221;large&#8221; alignment=&#8221;center&#8221;][\/vc_column_inner][\/vc_row_inner][vc_row_inner el_id=&#8221;tablet&#8221;][vc_column_inner offset=&#8221;vc_hidden-lg vc_hidden-xs&#8221;][vc_column_text]<\/p>\n<h1>Ir\u00e1 am\u00e1-lo porque<\/h1>\n<ul>\n<li>Luta contra os tons amarelos indesejados<\/li>\n<li>Real\u00e7a os reflexos frios<\/li>\n<li>Lava delicadamente<\/li>\n<\/ul>\n<p>[\/vc_column_text][vc_column_text]<\/p>\n<h1>Ativos na f\u00f3rmula<\/h1>\n<ul>\n<li>\u00d3leo de macad\u00e2mia: a incr\u00edvel mistura de \u00e1cido palmitol\u00e9ico, \u00e1cido ol\u00e9ico, \u00e1cido linol\u00e9ico, \u00f3mega 3 e 6, faz com que o \u00f3leo de macad\u00e2mia seja um poderoso antioxidante com propriedades nutritivas e regeneradoras.<\/li>\n<li>Extrato de mirtilo: rico em vitaminas e polifen\u00f3is, o mirtilo \u00e9 um precioso antioxidante que luta contra os radicais livres, respons\u00e1veis pelo envelhecimento celular.<\/li>\n<\/ul>\n<p>[\/vc_column_text][vc_column_text]<\/p>\n<h1>Como usar<\/h1>\n<p>Coloque luvas de prote\u00e7\u00e3o e aplique no cabelho molhado. Deixe atuar durante alguns minutos e enxague abundantemente. Repita se necess\u00e1rio.<\/p>\n<p>[\/vc_column_text][\/vc_column_inner][\/vc_row_inner][vc_row_inner el_id=&#8221;mobile&#8221;][vc_column_inner width=&#8221;1\/2&#8243; offset=&#8221;vc_hidden-lg vc_hidden-md vc_hidden-sm&#8221;][vc_column_text]<\/p>\n<h1>Ir\u00e1 am\u00e1-lo porque<\/h1>\n<ul>\n<li>Luta contra os tons amarelos indesejados<\/li>\n<li>Real\u00e7a os reflexos frios<\/li>\n<li>Lava delicadamente<\/li>\n<\/ul>\n<p>[\/vc_column_text][vc_column_text]<\/p>\n<h1>Ativos na f\u00f3rmula<\/h1>\n<ul>\n<li>\u00d3leo de macad\u00e2mia: a incr\u00edvel mistura de \u00e1cido palmitol\u00e9ico, \u00e1cido ol\u00e9ico, \u00e1cido linol\u00e9ico, \u00f3mega 3 e 6, faz com que o \u00f3leo de macad\u00e2mia seja um poderoso antioxidante com propriedades nutritivas e regeneradoras.<\/li>\n<li>Extrato de mirtilo: rico em vitaminas e polifen\u00f3is, o mirtilo \u00e9 um precioso antioxidante que luta contra os radicais livres, respons\u00e1veis pelo envelhecimento celular.<\/li>\n<\/ul>\n<p>[\/vc_column_text][vc_column_text]<\/p>\n<h1>Como usar<\/h1>\n<p>Coloque luvas de prote\u00e7\u00e3o e aplique no cabelho molhado. Deixe atuar durante alguns minutos e enxague abundantemente. Repita se necess\u00e1rio.<\/p>\n<p>[\/vc_column_text][\/vc_column_inner][vc_column_inner width=&#8221;1\/2&#8243; css=&#8221;.vc_custom_1582814941243{background-image: url(https:\/\/paulrivera.it\/wp-content\/uploads\/2020\/02\/background_adv_product_true_silver.png?id=874) !important;background-position: center !important;background-repeat: no-repeat !important;background-size: cover !important;}&#8221; offset=&#8221;vc_hidden-lg vc_hidden-md vc_hidden-sm&#8221;][vc_single_image image=&#8221;5045&#8243; img_size=&#8221;large&#8221; alignment=&#8221;center&#8221;][\/vc_column_inner][\/vc_row_inner][\/vc_column][\/vc_row][vc_row css=&#8221;.vc_custom_1582192829011{padding-top: 50px !important;}&#8221;][vc_column][vc_row_inner][vc_column_inner][vc_column_text]<\/p>\n<h1 style=\"text-align: center;\">Produtos relacionados<\/h1>\n<p>[\/vc_column_text][\/vc_column_inner][\/vc_row_inner][vc_raw_html]W3dwYi1wcm9kdWN0LXNsaWRlci1zaG9ydGNvZGUgaWQ9IjI3MiJd[\/vc_raw_html][\/vc_column][\/vc_row]<\/p>\n<\/div>","protected":false},"excerpt":{"rendered":"<p>True Silver \u00e9 o <strong>champ\u00f4 antiamarelecimento<\/strong> que oferece uma nova vida aos cabelos brancos, cinzentos, com tons claros naturais ou descolorados, lutando contra o estresse oxidativo que causa o <strong>processo de amarelecimento<\/strong>.<\/p>\n<p>Os cabelos s\u00e3o mimados com uma formula\u00e7\u00e3o preciosa enriquecida com <strong>\u00f3leo de macad\u00e2mia <\/strong>e<strong> extrato de mirtilo<\/strong>, princ\u00edpios ativos com propriedades antioxidantes, nutritivas e restruturantes. O champ\u00f4 antiamarelecimento True Silver lava delicadamente, real\u00e7ando os <strong>reflexos frios<\/strong>, deixando os <strong>cabelos suaves e brilhantes<\/strong>.<\/p>\n<p>1000 ml<\/p>\n<p>&nbsp;<\/p>\n[maxbutton id=\"6\"]\n","protected":false},"featured_media":5030,"template":"","meta":[],"product_brand":[],"product_cat":[384],"product_tag":[],"class_list":{"0":"post-2737","1":"product","2":"type-product","3":"status-publish","4":"has-post-thumbnail","6":"product_cat-true-silver-antiamarelecimento","7":"description-off","9":"first","10":"instock","11":"shipping-taxable","12":"product-type-simple"},"yoast_head":"<!-- This site is optimized with the Yoast SEO plugin v27.2 - https:\/\/yoast.com\/product\/yoast-seo-wordpress\/ -->\n<title>True Silver - Champ\u00f4 antiamarelecimento | Paul Rivera<\/title>\n<meta name=\"description\" content=\"True Silver \u00e9 o champ\u00f4 antiamarelecimento que oferece uma nova vida aos cabelos brancos, cinzentos, com tons claros naturais ou descolorados.\" \/>\n<meta name=\"robots\" content=\"index, follow, max-snippet:-1, max-image-preview:large, max-video-preview:-1\" \/>\n<link rel=\"canonical\" href=\"https:\/\/paulrivera.it\/pt-pt\/prodotti\/tratamentos\/true-silver-antiamarelecimento\/true-silver-champo-antiamarelecimento\/\" \/>\n<meta property=\"og:locale\" content=\"pt_PT\" \/>\n<meta property=\"og:type\" content=\"article\" \/>\n<meta property=\"og:title\" content=\"True Silver - Champ\u00f4 antiamarelecimento | Paul Rivera\" \/>\n<meta property=\"og:description\" content=\"True Silver \u00e9 o champ\u00f4 antiamarelecimento que oferece uma nova vida aos cabelos brancos, cinzentos, com tons claros naturais ou descolorados.\" \/>\n<meta property=\"og:url\" content=\"https:\/\/paulrivera.it\/pt-pt\/prodotti\/tratamentos\/true-silver-antiamarelecimento\/true-silver-champo-antiamarelecimento\/\" \/>\n<meta property=\"og:site_name\" content=\"Paul Rivera\" \/>\n<meta property=\"article:modified_time\" content=\"2024-05-13T10:46:23+00:00\" \/>\n<meta property=\"og:image\" content=\"https:\/\/paulrivera.it\/wp-content\/uploads\/2022\/06\/604767_paul_rivera_true_anti_yellow_shampoo_1000ml.png\" \/>\n\t<meta property=\"og:image:width\" content=\"800\" \/>\n\t<meta property=\"og:image:height\" content=\"800\" \/>\n\t<meta property=\"og:image:type\" content=\"image\/png\" \/>\n<meta name=\"twitter:card\" content=\"summary_large_image\" \/>\n<meta name=\"twitter:label1\" content=\"Est. reading time\" \/>\n\t<meta name=\"twitter:data1\" content=\"3 minutes\" \/>\n<script type=\"application\/ld+json\" class=\"yoast-schema-graph\">{\"@context\":\"https:\/\/schema.org\",\"@graph\":[{\"@type\":\"WebPage\",\"@id\":\"https:\/\/paulrivera.it\/pt-pt\/prodotti\/tratamentos\/true-silver-antiamarelecimento\/true-silver-champo-antiamarelecimento\/\",\"url\":\"https:\/\/paulrivera.it\/pt-pt\/prodotti\/tratamentos\/true-silver-antiamarelecimento\/true-silver-champo-antiamarelecimento\/\",\"name\":\"True Silver - Champ\u00f4 antiamarelecimento | Paul Rivera\",\"isPartOf\":{\"@id\":\"https:\/\/paulrivera.it\/pt-pt\/#website\"},\"primaryImageOfPage\":{\"@id\":\"https:\/\/paulrivera.it\/pt-pt\/prodotti\/tratamentos\/true-silver-antiamarelecimento\/true-silver-champo-antiamarelecimento\/#primaryimage\"},\"image\":{\"@id\":\"https:\/\/paulrivera.it\/pt-pt\/prodotti\/tratamentos\/true-silver-antiamarelecimento\/true-silver-champo-antiamarelecimento\/#primaryimage\"},\"thumbnailUrl\":\"https:\/\/paulrivera.it\/wp-content\/uploads\/2022\/06\/604767_paul_rivera_true_anti_yellow_shampoo_1000ml.png\",\"datePublished\":\"2020-02-18T08:42:29+00:00\",\"dateModified\":\"2024-05-13T10:46:23+00:00\",\"description\":\"True Silver \u00e9 o champ\u00f4 antiamarelecimento que oferece uma nova vida aos cabelos brancos, cinzentos, com tons claros naturais ou descolorados.\",\"breadcrumb\":{\"@id\":\"https:\/\/paulrivera.it\/pt-pt\/prodotti\/tratamentos\/true-silver-antiamarelecimento\/true-silver-champo-antiamarelecimento\/#breadcrumb\"},\"inLanguage\":\"pt-PT\",\"potentialAction\":[{\"@type\":\"ReadAction\",\"target\":[\"https:\/\/paulrivera.it\/pt-pt\/prodotti\/tratamentos\/true-silver-antiamarelecimento\/true-silver-champo-antiamarelecimento\/\"]}]},{\"@type\":\"ImageObject\",\"inLanguage\":\"pt-PT\",\"@id\":\"https:\/\/paulrivera.it\/pt-pt\/prodotti\/tratamentos\/true-silver-antiamarelecimento\/true-silver-champo-antiamarelecimento\/#primaryimage\",\"url\":\"https:\/\/paulrivera.it\/wp-content\/uploads\/2022\/06\/604767_paul_rivera_true_anti_yellow_shampoo_1000ml.png\",\"contentUrl\":\"https:\/\/paulrivera.it\/wp-content\/uploads\/2022\/06\/604767_paul_rivera_true_anti_yellow_shampoo_1000ml.png\",\"width\":800,\"height\":800,\"caption\":\"True Silver - Shampoo antigiallo\"},{\"@type\":\"BreadcrumbList\",\"@id\":\"https:\/\/paulrivera.it\/pt-pt\/prodotti\/tratamentos\/true-silver-antiamarelecimento\/true-silver-champo-antiamarelecimento\/#breadcrumb\",\"itemListElement\":[{\"@type\":\"ListItem\",\"position\":1,\"name\":\"Home\",\"item\":\"https:\/\/paulrivera.it\/pt-pt\/\"},{\"@type\":\"ListItem\",\"position\":2,\"name\":\"Pagina shop\",\"item\":\"https:\/\/paulrivera.it\/prodotti\/\"},{\"@type\":\"ListItem\",\"position\":3,\"name\":\"True Silver &#8211; Champ\u00f4 antiamarelecimento\"}]},{\"@type\":\"WebSite\",\"@id\":\"https:\/\/paulrivera.it\/pt-pt\/#website\",\"url\":\"https:\/\/paulrivera.it\/pt-pt\/\",\"name\":\"Paul Rivera\",\"description\":\"Hair Beauty Celebration\",\"publisher\":{\"@id\":\"https:\/\/paulrivera.it\/pt-pt\/#organization\"},\"potentialAction\":[{\"@type\":\"SearchAction\",\"target\":{\"@type\":\"EntryPoint\",\"urlTemplate\":\"https:\/\/paulrivera.it\/pt-pt\/?s={search_term_string}\"},\"query-input\":{\"@type\":\"PropertyValueSpecification\",\"valueRequired\":true,\"valueName\":\"search_term_string\"}}],\"inLanguage\":\"pt-PT\"},{\"@type\":\"Organization\",\"@id\":\"https:\/\/paulrivera.it\/pt-pt\/#organization\",\"name\":\"Paul Rivera\",\"url\":\"https:\/\/paulrivera.it\/pt-pt\/\",\"logo\":{\"@type\":\"ImageObject\",\"inLanguage\":\"pt-PT\",\"@id\":\"https:\/\/paulrivera.it\/pt-pt\/#\/schema\/logo\/image\/\",\"url\":\"https:\/\/paulrivera.it\/wp-content\/uploads\/2020\/02\/paul_rivera_logo_header_x2.png\",\"contentUrl\":\"https:\/\/paulrivera.it\/wp-content\/uploads\/2020\/02\/paul_rivera_logo_header_x2.png\",\"width\":470,\"height\":60,\"caption\":\"Paul Rivera\"},\"image\":{\"@id\":\"https:\/\/paulrivera.it\/pt-pt\/#\/schema\/logo\/image\/\"}}]}<\/script>\n<!-- \/ Yoast SEO plugin. -->","yoast_head_json":{"title":"True Silver - Champ\u00f4 antiamarelecimento | Paul Rivera","description":"True Silver \u00e9 o champ\u00f4 antiamarelecimento que oferece uma nova vida aos cabelos brancos, cinzentos, com tons claros naturais ou descolorados.","robots":{"index":"index","follow":"follow","max-snippet":"max-snippet:-1","max-image-preview":"max-image-preview:large","max-video-preview":"max-video-preview:-1"},"canonical":"https:\/\/paulrivera.it\/pt-pt\/prodotti\/tratamentos\/true-silver-antiamarelecimento\/true-silver-champo-antiamarelecimento\/","og_locale":"pt_PT","og_type":"article","og_title":"True Silver - Champ\u00f4 antiamarelecimento | Paul Rivera","og_description":"True Silver \u00e9 o champ\u00f4 antiamarelecimento que oferece uma nova vida aos cabelos brancos, cinzentos, com tons claros naturais ou descolorados.","og_url":"https:\/\/paulrivera.it\/pt-pt\/prodotti\/tratamentos\/true-silver-antiamarelecimento\/true-silver-champo-antiamarelecimento\/","og_site_name":"Paul Rivera","article_modified_time":"2024-05-13T10:46:23+00:00","og_image":[{"width":800,"height":800,"url":"https:\/\/paulrivera.it\/wp-content\/uploads\/2022\/06\/604767_paul_rivera_true_anti_yellow_shampoo_1000ml.png","type":"image\/png"}],"twitter_card":"summary_large_image","twitter_misc":{"Est. reading time":"3 minutes"},"schema":{"@context":"https:\/\/schema.org","@graph":[{"@type":"WebPage","@id":"https:\/\/paulrivera.it\/pt-pt\/prodotti\/tratamentos\/true-silver-antiamarelecimento\/true-silver-champo-antiamarelecimento\/","url":"https:\/\/paulrivera.it\/pt-pt\/prodotti\/tratamentos\/true-silver-antiamarelecimento\/true-silver-champo-antiamarelecimento\/","name":"True Silver - Champ\u00f4 antiamarelecimento | Paul Rivera","isPartOf":{"@id":"https:\/\/paulrivera.it\/pt-pt\/#website"},"primaryImageOfPage":{"@id":"https:\/\/paulrivera.it\/pt-pt\/prodotti\/tratamentos\/true-silver-antiamarelecimento\/true-silver-champo-antiamarelecimento\/#primaryimage"},"image":{"@id":"https:\/\/paulrivera.it\/pt-pt\/prodotti\/tratamentos\/true-silver-antiamarelecimento\/true-silver-champo-antiamarelecimento\/#primaryimage"},"thumbnailUrl":"https:\/\/paulrivera.it\/wp-content\/uploads\/2022\/06\/604767_paul_rivera_true_anti_yellow_shampoo_1000ml.png","datePublished":"2020-02-18T08:42:29+00:00","dateModified":"2024-05-13T10:46:23+00:00","description":"True Silver \u00e9 o champ\u00f4 antiamarelecimento que oferece uma nova vida aos cabelos brancos, cinzentos, com tons claros naturais ou descolorados.","breadcrumb":{"@id":"https:\/\/paulrivera.it\/pt-pt\/prodotti\/tratamentos\/true-silver-antiamarelecimento\/true-silver-champo-antiamarelecimento\/#breadcrumb"},"inLanguage":"pt-PT","potentialAction":[{"@type":"ReadAction","target":["https:\/\/paulrivera.it\/pt-pt\/prodotti\/tratamentos\/true-silver-antiamarelecimento\/true-silver-champo-antiamarelecimento\/"]}]},{"@type":"ImageObject","inLanguage":"pt-PT","@id":"https:\/\/paulrivera.it\/pt-pt\/prodotti\/tratamentos\/true-silver-antiamarelecimento\/true-silver-champo-antiamarelecimento\/#primaryimage","url":"https:\/\/paulrivera.it\/wp-content\/uploads\/2022\/06\/604767_paul_rivera_true_anti_yellow_shampoo_1000ml.png","contentUrl":"https:\/\/paulrivera.it\/wp-content\/uploads\/2022\/06\/604767_paul_rivera_true_anti_yellow_shampoo_1000ml.png","width":800,"height":800,"caption":"True Silver - Shampoo antigiallo"},{"@type":"BreadcrumbList","@id":"https:\/\/paulrivera.it\/pt-pt\/prodotti\/tratamentos\/true-silver-antiamarelecimento\/true-silver-champo-antiamarelecimento\/#breadcrumb","itemListElement":[{"@type":"ListItem","position":1,"name":"Home","item":"https:\/\/paulrivera.it\/pt-pt\/"},{"@type":"ListItem","position":2,"name":"Pagina shop","item":"https:\/\/paulrivera.it\/prodotti\/"},{"@type":"ListItem","position":3,"name":"True Silver &#8211; Champ\u00f4 antiamarelecimento"}]},{"@type":"WebSite","@id":"https:\/\/paulrivera.it\/pt-pt\/#website","url":"https:\/\/paulrivera.it\/pt-pt\/","name":"Paul Rivera","description":"Hair Beauty Celebration","publisher":{"@id":"https:\/\/paulrivera.it\/pt-pt\/#organization"},"potentialAction":[{"@type":"SearchAction","target":{"@type":"EntryPoint","urlTemplate":"https:\/\/paulrivera.it\/pt-pt\/?s={search_term_string}"},"query-input":{"@type":"PropertyValueSpecification","valueRequired":true,"valueName":"search_term_string"}}],"inLanguage":"pt-PT"},{"@type":"Organization","@id":"https:\/\/paulrivera.it\/pt-pt\/#organization","name":"Paul Rivera","url":"https:\/\/paulrivera.it\/pt-pt\/","logo":{"@type":"ImageObject","inLanguage":"pt-PT","@id":"https:\/\/paulrivera.it\/pt-pt\/#\/schema\/logo\/image\/","url":"https:\/\/paulrivera.it\/wp-content\/uploads\/2020\/02\/paul_rivera_logo_header_x2.png","contentUrl":"https:\/\/paulrivera.it\/wp-content\/uploads\/2020\/02\/paul_rivera_logo_header_x2.png","width":470,"height":60,"caption":"Paul Rivera"},"image":{"@id":"https:\/\/paulrivera.it\/pt-pt\/#\/schema\/logo\/image\/"}}]}},"_links":{"self":[{"href":"https:\/\/paulrivera.it\/pt-pt\/wp-json\/wp\/v2\/product\/2737","targetHints":{"allow":["GET"]}}],"collection":[{"href":"https:\/\/paulrivera.it\/pt-pt\/wp-json\/wp\/v2\/product"}],"about":[{"href":"https:\/\/paulrivera.it\/pt-pt\/wp-json\/wp\/v2\/types\/product"}],"wp:featuredmedia":[{"embeddable":true,"href":"https:\/\/paulrivera.it\/pt-pt\/wp-json\/wp\/v2\/media\/5030"}],"wp:attachment":[{"href":"https:\/\/paulrivera.it\/pt-pt\/wp-json\/wp\/v2\/media?parent=2737"}],"wp:term":[{"taxonomy":"product_brand","embeddable":true,"href":"https:\/\/paulrivera.it\/pt-pt\/wp-json\/wp\/v2\/product_brand?post=2737"},{"taxonomy":"product_cat","embeddable":true,"href":"https:\/\/paulrivera.it\/pt-pt\/wp-json\/wp\/v2\/product_cat?post=2737"},{"taxonomy":"product_tag","embeddable":true,"href":"https:\/\/paulrivera.it\/pt-pt\/wp-json\/wp\/v2\/product_tag?post=2737"}],"curies":[{"name":"wp","href":"https:\/\/api.w.org\/{rel}","templated":true}]}}