{"id":2750,"date":"2020-02-18T09:52:15","date_gmt":"2020-02-18T08:52:15","guid":{"rendered":"https:\/\/paulrivera.it\/product\/onda-rock-creme-de-definicao\/"},"modified":"2024-05-13T12:38:22","modified_gmt":"2024-05-13T10:38:22","slug":"onda-rock-creme-de-definicao","status":"publish","type":"product","link":"https:\/\/paulrivera.it\/pt-pt\/prodotti\/finish-styling-pt\/onda-rock-creme-de-definicao\/","title":{"rendered":"Onda Rock &#8211; Creme de defini\u00e7\u00e3o"},"content":{"rendered":"<div class=\"wpb-content-wrapper\"><p>[vc_row full_width=&#8221;stretch_row&#8221;][vc_column][vc_row_inner el_id=&#8221;desktop&#8221;][vc_column_inner width=&#8221;1\/2&#8243; css=&#8221;.vc_custom_1582194227194{padding-top: 10% !important;padding-right: 10% !important;padding-bottom: 10% !important;padding-left: 30% !important;}&#8221; offset=&#8221;vc_hidden-md vc_hidden-sm vc_hidden-xs&#8221;][vc_column_text]<\/p>\n<h1>Ir\u00e1 am\u00e1-lo porque<\/h1>\n<ul>\n<li>Separa e define perfeitamente os carac\u00f3is e ondula\u00e7\u00f5es<\/li>\n<li>Confere volume e elasticidade<\/li>\n<li>N\u00e3o deixa o cabelo pegajoso nem oleoso<\/li>\n<\/ul>\n<p>[\/vc_column_text][vc_column_text]<\/p>\n<h1>Ativos na f\u00f3rmula<\/h1>\n<ul>\n<li>\u00d3leo de abacate: \u00e1cidos gordos, vitaminas e sais minerais fazem do \u00f3leo de abacate um elixir reestruturante e hidratante para o cabelo, com incr\u00edvel poder anti-crespo.<\/li>\n<li>Extrato de papaia: elevado poder antioxidante e antienvelhecimento gra\u00e7as \u00e0 presen\u00e7a de caroteno, vitamina C, flavon\u00f3ides e amino\u00e1cidos essenciais.<\/li>\n<\/ul>\n<p>[\/vc_column_text][vc_column_text]<\/p>\n<h1>Como usar<\/h1>\n<p>Distribua o creme de defini\u00e7\u00e3o para carac\u00f3is em cabelo secado com toalha e proceda \u00e0 dobra, sem enxaguar.<\/p>\n<p>[\/vc_column_text][\/vc_column_inner][vc_column_inner width=&#8221;1\/2&#8243; css=&#8221;.vc_custom_1582888748614{background-image: url(https:\/\/paulrivera.it\/wp-content\/uploads\/2020\/02\/background_adv_produc_onda_rock.png?id=922) !important;background-position: center !important;background-repeat: no-repeat !important;background-size: cover !important;}&#8221; offset=&#8221;vc_hidden-md vc_hidden-sm vc_hidden-xs&#8221;][vc_single_image image=&#8221;2773&#8243; img_size=&#8221;large&#8221; alignment=&#8221;center&#8221;][\/vc_column_inner][\/vc_row_inner][vc_row_inner el_id=&#8221;tablet&#8221;][vc_column_inner offset=&#8221;vc_hidden-lg vc_hidden-xs&#8221;][vc_column_text]<\/p>\n<h1>Ir\u00e1 am\u00e1-lo porque<\/h1>\n<ul>\n<li>Separa e define perfeitamente os carac\u00f3is e ondula\u00e7\u00f5es<\/li>\n<li>Confere volume e elasticidade<\/li>\n<li>N\u00e3o deixa o cabelo pegajoso nem oleoso<\/li>\n<\/ul>\n<p>[\/vc_column_text][vc_column_text]<\/p>\n<h1>Ativos na f\u00f3rmula<\/h1>\n<ul>\n<li>\u00d3leo de abacate: \u00e1cidos gordos, vitaminas e sais minerais fazem do \u00f3leo de abacate um elixir reestruturante e hidratante para o cabelo, com incr\u00edvel poder anti-crespo.<\/li>\n<li>Extrato de papaia: elevado poder antioxidante e antienvelhecimento gra\u00e7as \u00e0 presen\u00e7a de caroteno, vitamina C, flavon\u00f3ides e amino\u00e1cidos essenciais.<\/li>\n<\/ul>\n<p>[\/vc_column_text][vc_column_text]<\/p>\n<h1>Como usar<\/h1>\n<p>Distribua o creme de defini\u00e7\u00e3o para carac\u00f3is em cabelo secado com toalha e proceda \u00e0 dobra, sem enxaguar.<\/p>\n<p>[\/vc_column_text][\/vc_column_inner][\/vc_row_inner][vc_row_inner el_id=&#8221;mobile&#8221;][vc_column_inner width=&#8221;1\/2&#8243; offset=&#8221;vc_hidden-lg vc_hidden-md vc_hidden-sm&#8221;][vc_column_text]<\/p>\n<h1>Ir\u00e1 am\u00e1-lo porque<\/h1>\n<ul>\n<li>Separa e define perfeitamente os carac\u00f3is e ondula\u00e7\u00f5es<\/li>\n<li>Confere volume e elasticidade<\/li>\n<li>N\u00e3o deixa o cabelo pegajoso nem oleoso<\/li>\n<\/ul>\n<p>[\/vc_column_text][vc_column_text]<\/p>\n<h1>Ativos na f\u00f3rmula<\/h1>\n<ul>\n<li>\u00d3leo de abacate: \u00e1cidos gordos, vitaminas e sais minerais fazem do \u00f3leo de abacate um elixir reestruturante e hidratante para o cabelo, com incr\u00edvel poder anti-crespo.<\/li>\n<li>Extrato de papaia: elevado poder antioxidante e antienvelhecimento gra\u00e7as \u00e0 presen\u00e7a de caroteno, vitamina C, flavon\u00f3ides e amino\u00e1cidos essenciais.<\/li>\n<\/ul>\n<p>[\/vc_column_text][vc_column_text]<\/p>\n<h1>Como usar<\/h1>\n<p>Distribua o creme de defini\u00e7\u00e3o para carac\u00f3is em cabelo secado com toalha e proceda \u00e0 dobra, sem enxaguar.<\/p>\n<p>[\/vc_column_text][\/vc_column_inner][vc_column_inner width=&#8221;1\/2&#8243; css=&#8221;.vc_custom_1582888774253{background-image: url(https:\/\/paulrivera.it\/wp-content\/uploads\/2020\/02\/background_adv_produc_onda_rock.png?id=922) !important;background-position: center !important;background-repeat: no-repeat !important;background-size: cover !important;}&#8221; offset=&#8221;vc_hidden-lg vc_hidden-md vc_hidden-sm&#8221;][vc_single_image image=&#8221;2773&#8243; img_size=&#8221;large&#8221; alignment=&#8221;center&#8221;][\/vc_column_inner][\/vc_row_inner][\/vc_column][\/vc_row][vc_row css=&#8221;.vc_custom_1582192829011{padding-top: 50px !important;}&#8221;][vc_column][vc_row_inner][vc_column_inner][vc_column_text]<\/p>\n<h1 style=\"text-align: center;\">Produtos relacionados<\/h1>\n<p>[\/vc_column_text][\/vc_column_inner][\/vc_row_inner][vc_raw_html]W3dwYi1wcm9kdWN0LXNsaWRlci1zaG9ydGNvZGUgaWQ9IjE3MyJd[\/vc_raw_html][\/vc_column][\/vc_row]<\/p>\n<\/div>","protected":false},"excerpt":{"rendered":"<p>Para carac\u00f3is definidos e ondula\u00e7\u00f5es perfeitamente separadas. A textura inovadora do <strong>creme Onda Rock<\/strong> ativa um efeito mem\u00f3ria que oferece <strong>elasticidade e suavidade aos carac\u00f3is<\/strong> durante o dia todo: carac\u00f3is cheios de volume e com uma ondula\u00e7\u00e3o perfeita, os cabelos encaracolados ganham um aspeto natural.<\/p>\n<p>A f\u00f3rmula com <strong>\u00f3leo de abacate <\/strong>e<strong> extrato de papaia<\/strong> luta contra o efeito crespo, para uma fibra hidratada, suave e brilhante. O creme garante uma fixa\u00e7\u00e3o e corpo m\u00e1ximos at\u00e9 para os carac\u00f3is mais rebeldes, sem pesar ou endurecer.<\/p>\n<p>100 ml<\/p>\n<p>&nbsp;<\/p>\n[maxbutton id=\"6\"]\n","protected":false},"featured_media":2774,"template":"","meta":[],"product_brand":[],"product_cat":[374],"product_tag":[],"class_list":{"0":"post-2750","1":"product","2":"type-product","3":"status-publish","4":"has-post-thumbnail","6":"product_cat-finish-styling-pt","7":"description-off","9":"first","10":"instock","11":"shipping-taxable","12":"product-type-simple"},"yoast_head":"<!-- This site is optimized with the Yoast SEO plugin v27.2 - https:\/\/yoast.com\/product\/yoast-seo-wordpress\/ -->\n<title>Onda Rock - Creme de defini\u00e7\u00e3o | Paul Rivera<\/title>\n<meta name=\"description\" content=\"A textura inovadora do creme Onda Rock ativa um efeito mem\u00f3ria que oferece elasticidade e suavidade aos carac\u00f3is durante o dia todo.\" \/>\n<meta name=\"robots\" content=\"index, follow, max-snippet:-1, max-image-preview:large, max-video-preview:-1\" \/>\n<link rel=\"canonical\" href=\"https:\/\/paulrivera.it\/pt-pt\/prodotti\/finish-styling-pt\/onda-rock-creme-de-definicao\/\" \/>\n<meta property=\"og:locale\" content=\"pt_PT\" \/>\n<meta property=\"og:type\" content=\"article\" \/>\n<meta property=\"og:title\" content=\"Onda Rock - Creme de defini\u00e7\u00e3o | Paul Rivera\" \/>\n<meta property=\"og:description\" content=\"A textura inovadora do creme Onda Rock ativa um efeito mem\u00f3ria que oferece elasticidade e suavidade aos carac\u00f3is durante o dia todo.\" \/>\n<meta property=\"og:url\" content=\"https:\/\/paulrivera.it\/pt-pt\/prodotti\/finish-styling-pt\/onda-rock-creme-de-definicao\/\" \/>\n<meta property=\"og:site_name\" content=\"Paul Rivera\" \/>\n<meta property=\"article:modified_time\" content=\"2024-05-13T10:38:22+00:00\" \/>\n<meta property=\"og:image\" content=\"https:\/\/paulrivera.it\/wp-content\/uploads\/2020\/02\/606105_paul_rivera_onda_rock_defining_cream_200ml.png\" \/>\n\t<meta property=\"og:image:width\" content=\"800\" \/>\n\t<meta property=\"og:image:height\" content=\"800\" \/>\n\t<meta property=\"og:image:type\" content=\"image\/png\" \/>\n<meta name=\"twitter:card\" content=\"summary_large_image\" \/>\n<meta name=\"twitter:label1\" content=\"Est. reading time\" \/>\n\t<meta name=\"twitter:data1\" content=\"3 minutes\" \/>\n<script type=\"application\/ld+json\" class=\"yoast-schema-graph\">{\"@context\":\"https:\/\/schema.org\",\"@graph\":[{\"@type\":\"WebPage\",\"@id\":\"https:\/\/paulrivera.it\/pt-pt\/prodotti\/finish-styling-pt\/onda-rock-creme-de-definicao\/\",\"url\":\"https:\/\/paulrivera.it\/pt-pt\/prodotti\/finish-styling-pt\/onda-rock-creme-de-definicao\/\",\"name\":\"Onda Rock - Creme de defini\u00e7\u00e3o | Paul Rivera\",\"isPartOf\":{\"@id\":\"https:\/\/paulrivera.it\/pt-pt\/#website\"},\"primaryImageOfPage\":{\"@id\":\"https:\/\/paulrivera.it\/pt-pt\/prodotti\/finish-styling-pt\/onda-rock-creme-de-definicao\/#primaryimage\"},\"image\":{\"@id\":\"https:\/\/paulrivera.it\/pt-pt\/prodotti\/finish-styling-pt\/onda-rock-creme-de-definicao\/#primaryimage\"},\"thumbnailUrl\":\"https:\/\/paulrivera.it\/wp-content\/uploads\/2020\/02\/606105_paul_rivera_onda_rock_defining_cream_200ml.png\",\"datePublished\":\"2020-02-18T08:52:15+00:00\",\"dateModified\":\"2024-05-13T10:38:22+00:00\",\"description\":\"A textura inovadora do creme Onda Rock ativa um efeito mem\u00f3ria que oferece elasticidade e suavidade aos carac\u00f3is durante o dia todo.\",\"breadcrumb\":{\"@id\":\"https:\/\/paulrivera.it\/pt-pt\/prodotti\/finish-styling-pt\/onda-rock-creme-de-definicao\/#breadcrumb\"},\"inLanguage\":\"pt-PT\",\"potentialAction\":[{\"@type\":\"ReadAction\",\"target\":[\"https:\/\/paulrivera.it\/pt-pt\/prodotti\/finish-styling-pt\/onda-rock-creme-de-definicao\/\"]}]},{\"@type\":\"ImageObject\",\"inLanguage\":\"pt-PT\",\"@id\":\"https:\/\/paulrivera.it\/pt-pt\/prodotti\/finish-styling-pt\/onda-rock-creme-de-definicao\/#primaryimage\",\"url\":\"https:\/\/paulrivera.it\/wp-content\/uploads\/2020\/02\/606105_paul_rivera_onda_rock_defining_cream_200ml.png\",\"contentUrl\":\"https:\/\/paulrivera.it\/wp-content\/uploads\/2020\/02\/606105_paul_rivera_onda_rock_defining_cream_200ml.png\",\"width\":800,\"height\":800,\"caption\":\"Onda Rock - Creme de defini\u00e7\u00e3o\"},{\"@type\":\"BreadcrumbList\",\"@id\":\"https:\/\/paulrivera.it\/pt-pt\/prodotti\/finish-styling-pt\/onda-rock-creme-de-definicao\/#breadcrumb\",\"itemListElement\":[{\"@type\":\"ListItem\",\"position\":1,\"name\":\"Home\",\"item\":\"https:\/\/paulrivera.it\/pt-pt\/\"},{\"@type\":\"ListItem\",\"position\":2,\"name\":\"Pagina shop\",\"item\":\"https:\/\/paulrivera.it\/prodotti\/\"},{\"@type\":\"ListItem\",\"position\":3,\"name\":\"Onda Rock &#8211; Creme de defini\u00e7\u00e3o\"}]},{\"@type\":\"WebSite\",\"@id\":\"https:\/\/paulrivera.it\/pt-pt\/#website\",\"url\":\"https:\/\/paulrivera.it\/pt-pt\/\",\"name\":\"Paul Rivera\",\"description\":\"Hair Beauty Celebration\",\"publisher\":{\"@id\":\"https:\/\/paulrivera.it\/pt-pt\/#organization\"},\"potentialAction\":[{\"@type\":\"SearchAction\",\"target\":{\"@type\":\"EntryPoint\",\"urlTemplate\":\"https:\/\/paulrivera.it\/pt-pt\/?s={search_term_string}\"},\"query-input\":{\"@type\":\"PropertyValueSpecification\",\"valueRequired\":true,\"valueName\":\"search_term_string\"}}],\"inLanguage\":\"pt-PT\"},{\"@type\":\"Organization\",\"@id\":\"https:\/\/paulrivera.it\/pt-pt\/#organization\",\"name\":\"Paul Rivera\",\"url\":\"https:\/\/paulrivera.it\/pt-pt\/\",\"logo\":{\"@type\":\"ImageObject\",\"inLanguage\":\"pt-PT\",\"@id\":\"https:\/\/paulrivera.it\/pt-pt\/#\/schema\/logo\/image\/\",\"url\":\"https:\/\/paulrivera.it\/wp-content\/uploads\/2020\/02\/paul_rivera_logo_header_x2.png\",\"contentUrl\":\"https:\/\/paulrivera.it\/wp-content\/uploads\/2020\/02\/paul_rivera_logo_header_x2.png\",\"width\":470,\"height\":60,\"caption\":\"Paul Rivera\"},\"image\":{\"@id\":\"https:\/\/paulrivera.it\/pt-pt\/#\/schema\/logo\/image\/\"}}]}<\/script>\n<!-- \/ Yoast SEO plugin. -->","yoast_head_json":{"title":"Onda Rock - Creme de defini\u00e7\u00e3o | Paul Rivera","description":"A textura inovadora do creme Onda Rock ativa um efeito mem\u00f3ria que oferece elasticidade e suavidade aos carac\u00f3is durante o dia todo.","robots":{"index":"index","follow":"follow","max-snippet":"max-snippet:-1","max-image-preview":"max-image-preview:large","max-video-preview":"max-video-preview:-1"},"canonical":"https:\/\/paulrivera.it\/pt-pt\/prodotti\/finish-styling-pt\/onda-rock-creme-de-definicao\/","og_locale":"pt_PT","og_type":"article","og_title":"Onda Rock - Creme de defini\u00e7\u00e3o | Paul Rivera","og_description":"A textura inovadora do creme Onda Rock ativa um efeito mem\u00f3ria que oferece elasticidade e suavidade aos carac\u00f3is durante o dia todo.","og_url":"https:\/\/paulrivera.it\/pt-pt\/prodotti\/finish-styling-pt\/onda-rock-creme-de-definicao\/","og_site_name":"Paul Rivera","article_modified_time":"2024-05-13T10:38:22+00:00","og_image":[{"width":800,"height":800,"url":"https:\/\/paulrivera.it\/wp-content\/uploads\/2020\/02\/606105_paul_rivera_onda_rock_defining_cream_200ml.png","type":"image\/png"}],"twitter_card":"summary_large_image","twitter_misc":{"Est. reading time":"3 minutes"},"schema":{"@context":"https:\/\/schema.org","@graph":[{"@type":"WebPage","@id":"https:\/\/paulrivera.it\/pt-pt\/prodotti\/finish-styling-pt\/onda-rock-creme-de-definicao\/","url":"https:\/\/paulrivera.it\/pt-pt\/prodotti\/finish-styling-pt\/onda-rock-creme-de-definicao\/","name":"Onda Rock - Creme de defini\u00e7\u00e3o | Paul Rivera","isPartOf":{"@id":"https:\/\/paulrivera.it\/pt-pt\/#website"},"primaryImageOfPage":{"@id":"https:\/\/paulrivera.it\/pt-pt\/prodotti\/finish-styling-pt\/onda-rock-creme-de-definicao\/#primaryimage"},"image":{"@id":"https:\/\/paulrivera.it\/pt-pt\/prodotti\/finish-styling-pt\/onda-rock-creme-de-definicao\/#primaryimage"},"thumbnailUrl":"https:\/\/paulrivera.it\/wp-content\/uploads\/2020\/02\/606105_paul_rivera_onda_rock_defining_cream_200ml.png","datePublished":"2020-02-18T08:52:15+00:00","dateModified":"2024-05-13T10:38:22+00:00","description":"A textura inovadora do creme Onda Rock ativa um efeito mem\u00f3ria que oferece elasticidade e suavidade aos carac\u00f3is durante o dia todo.","breadcrumb":{"@id":"https:\/\/paulrivera.it\/pt-pt\/prodotti\/finish-styling-pt\/onda-rock-creme-de-definicao\/#breadcrumb"},"inLanguage":"pt-PT","potentialAction":[{"@type":"ReadAction","target":["https:\/\/paulrivera.it\/pt-pt\/prodotti\/finish-styling-pt\/onda-rock-creme-de-definicao\/"]}]},{"@type":"ImageObject","inLanguage":"pt-PT","@id":"https:\/\/paulrivera.it\/pt-pt\/prodotti\/finish-styling-pt\/onda-rock-creme-de-definicao\/#primaryimage","url":"https:\/\/paulrivera.it\/wp-content\/uploads\/2020\/02\/606105_paul_rivera_onda_rock_defining_cream_200ml.png","contentUrl":"https:\/\/paulrivera.it\/wp-content\/uploads\/2020\/02\/606105_paul_rivera_onda_rock_defining_cream_200ml.png","width":800,"height":800,"caption":"Onda Rock - Creme de defini\u00e7\u00e3o"},{"@type":"BreadcrumbList","@id":"https:\/\/paulrivera.it\/pt-pt\/prodotti\/finish-styling-pt\/onda-rock-creme-de-definicao\/#breadcrumb","itemListElement":[{"@type":"ListItem","position":1,"name":"Home","item":"https:\/\/paulrivera.it\/pt-pt\/"},{"@type":"ListItem","position":2,"name":"Pagina shop","item":"https:\/\/paulrivera.it\/prodotti\/"},{"@type":"ListItem","position":3,"name":"Onda Rock &#8211; Creme de defini\u00e7\u00e3o"}]},{"@type":"WebSite","@id":"https:\/\/paulrivera.it\/pt-pt\/#website","url":"https:\/\/paulrivera.it\/pt-pt\/","name":"Paul Rivera","description":"Hair Beauty Celebration","publisher":{"@id":"https:\/\/paulrivera.it\/pt-pt\/#organization"},"potentialAction":[{"@type":"SearchAction","target":{"@type":"EntryPoint","urlTemplate":"https:\/\/paulrivera.it\/pt-pt\/?s={search_term_string}"},"query-input":{"@type":"PropertyValueSpecification","valueRequired":true,"valueName":"search_term_string"}}],"inLanguage":"pt-PT"},{"@type":"Organization","@id":"https:\/\/paulrivera.it\/pt-pt\/#organization","name":"Paul Rivera","url":"https:\/\/paulrivera.it\/pt-pt\/","logo":{"@type":"ImageObject","inLanguage":"pt-PT","@id":"https:\/\/paulrivera.it\/pt-pt\/#\/schema\/logo\/image\/","url":"https:\/\/paulrivera.it\/wp-content\/uploads\/2020\/02\/paul_rivera_logo_header_x2.png","contentUrl":"https:\/\/paulrivera.it\/wp-content\/uploads\/2020\/02\/paul_rivera_logo_header_x2.png","width":470,"height":60,"caption":"Paul Rivera"},"image":{"@id":"https:\/\/paulrivera.it\/pt-pt\/#\/schema\/logo\/image\/"}}]}},"_links":{"self":[{"href":"https:\/\/paulrivera.it\/pt-pt\/wp-json\/wp\/v2\/product\/2750","targetHints":{"allow":["GET"]}}],"collection":[{"href":"https:\/\/paulrivera.it\/pt-pt\/wp-json\/wp\/v2\/product"}],"about":[{"href":"https:\/\/paulrivera.it\/pt-pt\/wp-json\/wp\/v2\/types\/product"}],"wp:featuredmedia":[{"embeddable":true,"href":"https:\/\/paulrivera.it\/pt-pt\/wp-json\/wp\/v2\/media\/2774"}],"wp:attachment":[{"href":"https:\/\/paulrivera.it\/pt-pt\/wp-json\/wp\/v2\/media?parent=2750"}],"wp:term":[{"taxonomy":"product_brand","embeddable":true,"href":"https:\/\/paulrivera.it\/pt-pt\/wp-json\/wp\/v2\/product_brand?post=2750"},{"taxonomy":"product_cat","embeddable":true,"href":"https:\/\/paulrivera.it\/pt-pt\/wp-json\/wp\/v2\/product_cat?post=2750"},{"taxonomy":"product_tag","embeddable":true,"href":"https:\/\/paulrivera.it\/pt-pt\/wp-json\/wp\/v2\/product_tag?post=2750"}],"curies":[{"name":"wp","href":"https:\/\/api.w.org\/{rel}","templated":true}]}}