{"id":2784,"date":"2020-02-18T09:50:14","date_gmt":"2020-02-18T08:50:14","guid":{"rendered":"https:\/\/paulrivera.it\/product\/clash-mousse-forte\/"},"modified":"2024-05-13T12:40:54","modified_gmt":"2024-05-13T10:40:54","slug":"clash-mousse-forte","status":"publish","type":"product","link":"https:\/\/paulrivera.it\/pt-pt\/prodotti\/finish-styling-pt\/clash-mousse-forte\/","title":{"rendered":"Clash &#8211; Mousse forte"},"content":{"rendered":"<div class=\"wpb-content-wrapper\"><p>[vc_row full_width=&#8221;stretch_row&#8221;][vc_column][vc_row_inner el_id=&#8221;desktop&#8221;][vc_column_inner width=&#8221;1\/2&#8243; css=&#8221;.vc_custom_1582194227194{padding-top: 10% !important;padding-right: 10% !important;padding-bottom: 10% !important;padding-left: 30% !important;}&#8221; offset=&#8221;vc_hidden-md vc_hidden-sm vc_hidden-xs&#8221;][vc_column_text]<\/p>\n<h1>Ir\u00e1 am\u00e1-lo porque<\/h1>\n<ul>\n<li>Define e modela o penteado<\/li>\n<li>D\u00e1 elasticidade e brilho ao cabelo<\/li>\n<li>N\u00e3o endurece e elimina-se facilmente<\/li>\n<\/ul>\n<p>[\/vc_column_text][vc_column_text]<\/p>\n<h1>Ativos na f\u00f3rmula<\/h1>\n<ul>\n<li>\u00d3leo de abacate: \u00e1cidos gordos, vitaminas e sais minerais fazem do \u00f3leo de abacate um elixir reestruturante e hidratante para o cabelo, com incr\u00edvel poder anti-crespo.<\/li>\n<li>Extrato de cent\u00e1urea: a cent\u00e1urea possui propriedades descongestionantes, condicionantes, calmantes e hidratantes devido \u00e0 presen\u00e7a de flavon\u00f3ides e antocianinas.<\/li>\n<\/ul>\n<p>[\/vc_column_text][vc_column_text]<\/p>\n<h1>Como usar<\/h1>\n<p>Agitar antes de utilizar e aplicar em cabelo h\u00famido ou seco. Proceder ao styling pretendido.[\/vc_column_text][\/vc_column_inner][vc_column_inner width=&#8221;1\/2&#8243; css=&#8221;.vc_custom_1582889846159{background-image: url(https:\/\/paulrivera.it\/wp-content\/uploads\/2020\/02\/background_adv_produc_clash.png?id=909) !important;background-position: center !important;background-repeat: no-repeat !important;background-size: cover !important;}&#8221; offset=&#8221;vc_hidden-md vc_hidden-sm vc_hidden-xs&#8221;][vc_single_image image=&#8221;2760&#8243; img_size=&#8221;large&#8221; alignment=&#8221;center&#8221;][\/vc_column_inner][\/vc_row_inner][vc_row_inner el_id=&#8221;tablet&#8221;][vc_column_inner offset=&#8221;vc_hidden-lg vc_hidden-xs&#8221;][vc_column_text]<\/p>\n<h1>Ir\u00e1 am\u00e1-lo porque<\/h1>\n<ul>\n<li>Define e modela o penteado<\/li>\n<li>D\u00e1 elasticidade e brilho ao cabelo<\/li>\n<li>N\u00e3o endurece e elimina-se facilmente<\/li>\n<\/ul>\n<p>[\/vc_column_text][vc_column_text]<\/p>\n<h1>Ativos na f\u00f3rmula<\/h1>\n<ul>\n<li>\u00d3leo de abacate: \u00e1cidos gordos, vitaminas e sais minerais fazem do \u00f3leo de abacate um elixir reestruturante e hidratante para o cabelo, com incr\u00edvel poder anti-crespo.<\/li>\n<li>Extrato de cent\u00e1urea: a cent\u00e1urea possui propriedades descongestionantes, condicionantes, calmantes e hidratantes devido \u00e0 presen\u00e7a de flavon\u00f3ides e antocianinas.<\/li>\n<\/ul>\n<p>[\/vc_column_text][vc_column_text]<\/p>\n<h1>Como usar<\/h1>\n<p>Agitar antes de utilizar e aplicar em cabelo h\u00famido ou seco. Proceder ao styling pretendido.[\/vc_column_text][\/vc_column_inner][\/vc_row_inner][vc_row_inner el_id=&#8221;mobile&#8221;][vc_column_inner width=&#8221;1\/2&#8243; offset=&#8221;vc_hidden-lg vc_hidden-md vc_hidden-sm&#8221;][vc_column_text]<\/p>\n<h1>Ir\u00e1 am\u00e1-lo porque<\/h1>\n<ul>\n<li>Define e modela o penteado<\/li>\n<li>D\u00e1 elasticidade e brilho ao cabelo<\/li>\n<li>N\u00e3o endurece e elimina-se facilmente<\/li>\n<\/ul>\n<p>[\/vc_column_text][vc_column_text]<\/p>\n<h1>Ativos na f\u00f3rmula<\/h1>\n<ul>\n<li>\u00d3leo de abacate: \u00e1cidos gordos, vitaminas e sais minerais fazem do \u00f3leo de abacate um elixir reestruturante e hidratante para o cabelo, com incr\u00edvel poder anti-crespo.<\/li>\n<li>Extrato de cent\u00e1urea: a cent\u00e1urea possui propriedades descongestionantes, condicionantes, calmantes e hidratantes devido \u00e0 presen\u00e7a de flavon\u00f3ides e antocianinas.<\/li>\n<\/ul>\n<p>[\/vc_column_text][vc_column_text]<\/p>\n<h1>Como usar<\/h1>\n<p>Agitar antes de utilizar e aplicar em cabelo h\u00famido ou seco. Proceder ao styling pretendido.[\/vc_column_text][\/vc_column_inner][vc_column_inner width=&#8221;1\/2&#8243; css=&#8221;.vc_custom_1582889869119{background-image: url(https:\/\/paulrivera.it\/wp-content\/uploads\/2020\/02\/background_adv_produc_clash.png?id=909) !important;background-position: center !important;background-repeat: no-repeat !important;background-size: cover !important;}&#8221; offset=&#8221;vc_hidden-lg vc_hidden-md vc_hidden-sm&#8221;][vc_single_image image=&#8221;2760&#8243; img_size=&#8221;large&#8221; alignment=&#8221;center&#8221;][\/vc_column_inner][\/vc_row_inner][\/vc_column][\/vc_row][vc_row css=&#8221;.vc_custom_1582192829011{padding-top: 50px !important;}&#8221;][vc_column][vc_row_inner][vc_column_inner][vc_column_text]<\/p>\n<h1 style=\"text-align: center;\">Produtos relacionados<\/h1>\n<p>[\/vc_column_text][\/vc_column_inner][\/vc_row_inner][vc_raw_html]W3dwYi1wcm9kdWN0LXNsaWRlci1zaG9ydGNvZGUgaWQ9IjE4MyJd[\/vc_raw_html][\/vc_column][\/vc_row]<\/p>\n<\/div>","protected":false},"excerpt":{"rendered":"<p>Define e protege os cabelos compridos, confere corpo e elasticidade <strong>Clash<\/strong> \u00e9 a espuma para o styling profissional com <strong>fixa\u00e7\u00e3o forte<\/strong>, pensada para oferecer-lhe a m\u00e1xima liberdade criativa. A sua textura leve e cremosa <strong>protege os cabelos<\/strong>, deixando-os suaves ao toque.<\/p>\n<p>Enriquecida com <strong>\u00f3leo de abacate<\/strong> e <strong>extrato de cent\u00e1ureo<\/strong>, a espuma permite criar um penteado com um incr\u00edvel efeito molhado. Seca rapidamente, n\u00e3o deixa res\u00edduos e \u00e9 f\u00e1cil de eliminar, para permitir <strong>recriar penteados novos<\/strong> sempre que quiser.<\/p>\n<p>300 ml<\/p>\n<p>&nbsp;<\/p>\n[maxbutton id=\"6\"]\n","protected":false},"featured_media":2785,"template":"","meta":[],"product_brand":[],"product_cat":[374],"product_tag":[],"class_list":{"0":"post-2784","1":"product","2":"type-product","3":"status-publish","4":"has-post-thumbnail","6":"product_cat-finish-styling-pt","7":"description-off","9":"first","10":"instock","11":"shipping-taxable","12":"product-type-simple"},"yoast_head":"<!-- This site is optimized with the Yoast SEO plugin v27.2 - https:\/\/yoast.com\/product\/yoast-seo-wordpress\/ -->\n<title>Clash - Mousse forte | Paul Rivera<\/title>\n<meta name=\"description\" content=\"Define e protege os cabelos compridos, confere corpo e elasticidade Clash \u00e9 a espuma para o styling profissional com fixa\u00e7\u00e3o forte.\" \/>\n<meta name=\"robots\" content=\"index, follow, max-snippet:-1, max-image-preview:large, max-video-preview:-1\" \/>\n<link rel=\"canonical\" href=\"https:\/\/paulrivera.it\/pt-pt\/prodotti\/finish-styling-pt\/clash-mousse-forte\/\" \/>\n<meta property=\"og:locale\" content=\"pt_PT\" \/>\n<meta property=\"og:type\" content=\"article\" \/>\n<meta property=\"og:title\" content=\"Clash - Mousse forte | Paul Rivera\" \/>\n<meta property=\"og:description\" content=\"Define e protege os cabelos compridos, confere corpo e elasticidade Clash \u00e9 a espuma para o styling profissional com fixa\u00e7\u00e3o forte.\" \/>\n<meta property=\"og:url\" content=\"https:\/\/paulrivera.it\/pt-pt\/prodotti\/finish-styling-pt\/clash-mousse-forte\/\" \/>\n<meta property=\"og:site_name\" content=\"Paul Rivera\" \/>\n<meta property=\"article:modified_time\" content=\"2024-05-13T10:40:54+00:00\" \/>\n<meta property=\"og:image\" content=\"https:\/\/paulrivera.it\/wp-content\/uploads\/2020\/02\/606044_paul_rivera_clash_strong_mousse_100ml.png\" \/>\n\t<meta property=\"og:image:width\" content=\"800\" \/>\n\t<meta property=\"og:image:height\" content=\"800\" \/>\n\t<meta property=\"og:image:type\" content=\"image\/png\" \/>\n<meta name=\"twitter:card\" content=\"summary_large_image\" \/>\n<meta name=\"twitter:label1\" content=\"Est. reading time\" \/>\n\t<meta name=\"twitter:data1\" content=\"2 minutes\" \/>\n<script type=\"application\/ld+json\" class=\"yoast-schema-graph\">{\"@context\":\"https:\/\/schema.org\",\"@graph\":[{\"@type\":\"WebPage\",\"@id\":\"https:\/\/paulrivera.it\/pt-pt\/prodotti\/finish-styling-pt\/clash-mousse-forte\/\",\"url\":\"https:\/\/paulrivera.it\/pt-pt\/prodotti\/finish-styling-pt\/clash-mousse-forte\/\",\"name\":\"Clash - Mousse forte | Paul Rivera\",\"isPartOf\":{\"@id\":\"https:\/\/paulrivera.it\/pt-pt\/#website\"},\"primaryImageOfPage\":{\"@id\":\"https:\/\/paulrivera.it\/pt-pt\/prodotti\/finish-styling-pt\/clash-mousse-forte\/#primaryimage\"},\"image\":{\"@id\":\"https:\/\/paulrivera.it\/pt-pt\/prodotti\/finish-styling-pt\/clash-mousse-forte\/#primaryimage\"},\"thumbnailUrl\":\"https:\/\/paulrivera.it\/wp-content\/uploads\/2020\/02\/606044_paul_rivera_clash_strong_mousse_100ml.png\",\"datePublished\":\"2020-02-18T08:50:14+00:00\",\"dateModified\":\"2024-05-13T10:40:54+00:00\",\"description\":\"Define e protege os cabelos compridos, confere corpo e elasticidade Clash \u00e9 a espuma para o styling profissional com fixa\u00e7\u00e3o forte.\",\"breadcrumb\":{\"@id\":\"https:\/\/paulrivera.it\/pt-pt\/prodotti\/finish-styling-pt\/clash-mousse-forte\/#breadcrumb\"},\"inLanguage\":\"pt-PT\",\"potentialAction\":[{\"@type\":\"ReadAction\",\"target\":[\"https:\/\/paulrivera.it\/pt-pt\/prodotti\/finish-styling-pt\/clash-mousse-forte\/\"]}]},{\"@type\":\"ImageObject\",\"inLanguage\":\"pt-PT\",\"@id\":\"https:\/\/paulrivera.it\/pt-pt\/prodotti\/finish-styling-pt\/clash-mousse-forte\/#primaryimage\",\"url\":\"https:\/\/paulrivera.it\/wp-content\/uploads\/2020\/02\/606044_paul_rivera_clash_strong_mousse_100ml.png\",\"contentUrl\":\"https:\/\/paulrivera.it\/wp-content\/uploads\/2020\/02\/606044_paul_rivera_clash_strong_mousse_100ml.png\",\"width\":800,\"height\":800,\"caption\":\"Clash - Mousse forte\"},{\"@type\":\"BreadcrumbList\",\"@id\":\"https:\/\/paulrivera.it\/pt-pt\/prodotti\/finish-styling-pt\/clash-mousse-forte\/#breadcrumb\",\"itemListElement\":[{\"@type\":\"ListItem\",\"position\":1,\"name\":\"Home\",\"item\":\"https:\/\/paulrivera.it\/pt-pt\/\"},{\"@type\":\"ListItem\",\"position\":2,\"name\":\"Pagina shop\",\"item\":\"https:\/\/paulrivera.it\/prodotti\/\"},{\"@type\":\"ListItem\",\"position\":3,\"name\":\"Clash &#8211; Mousse forte\"}]},{\"@type\":\"WebSite\",\"@id\":\"https:\/\/paulrivera.it\/pt-pt\/#website\",\"url\":\"https:\/\/paulrivera.it\/pt-pt\/\",\"name\":\"Paul Rivera\",\"description\":\"Hair Beauty Celebration\",\"publisher\":{\"@id\":\"https:\/\/paulrivera.it\/pt-pt\/#organization\"},\"potentialAction\":[{\"@type\":\"SearchAction\",\"target\":{\"@type\":\"EntryPoint\",\"urlTemplate\":\"https:\/\/paulrivera.it\/pt-pt\/?s={search_term_string}\"},\"query-input\":{\"@type\":\"PropertyValueSpecification\",\"valueRequired\":true,\"valueName\":\"search_term_string\"}}],\"inLanguage\":\"pt-PT\"},{\"@type\":\"Organization\",\"@id\":\"https:\/\/paulrivera.it\/pt-pt\/#organization\",\"name\":\"Paul Rivera\",\"url\":\"https:\/\/paulrivera.it\/pt-pt\/\",\"logo\":{\"@type\":\"ImageObject\",\"inLanguage\":\"pt-PT\",\"@id\":\"https:\/\/paulrivera.it\/pt-pt\/#\/schema\/logo\/image\/\",\"url\":\"https:\/\/paulrivera.it\/wp-content\/uploads\/2020\/02\/paul_rivera_logo_header_x2.png\",\"contentUrl\":\"https:\/\/paulrivera.it\/wp-content\/uploads\/2020\/02\/paul_rivera_logo_header_x2.png\",\"width\":470,\"height\":60,\"caption\":\"Paul Rivera\"},\"image\":{\"@id\":\"https:\/\/paulrivera.it\/pt-pt\/#\/schema\/logo\/image\/\"}}]}<\/script>\n<!-- \/ Yoast SEO plugin. -->","yoast_head_json":{"title":"Clash - Mousse forte | Paul Rivera","description":"Define e protege os cabelos compridos, confere corpo e elasticidade Clash \u00e9 a espuma para o styling profissional com fixa\u00e7\u00e3o forte.","robots":{"index":"index","follow":"follow","max-snippet":"max-snippet:-1","max-image-preview":"max-image-preview:large","max-video-preview":"max-video-preview:-1"},"canonical":"https:\/\/paulrivera.it\/pt-pt\/prodotti\/finish-styling-pt\/clash-mousse-forte\/","og_locale":"pt_PT","og_type":"article","og_title":"Clash - Mousse forte | Paul Rivera","og_description":"Define e protege os cabelos compridos, confere corpo e elasticidade Clash \u00e9 a espuma para o styling profissional com fixa\u00e7\u00e3o forte.","og_url":"https:\/\/paulrivera.it\/pt-pt\/prodotti\/finish-styling-pt\/clash-mousse-forte\/","og_site_name":"Paul Rivera","article_modified_time":"2024-05-13T10:40:54+00:00","og_image":[{"width":800,"height":800,"url":"https:\/\/paulrivera.it\/wp-content\/uploads\/2020\/02\/606044_paul_rivera_clash_strong_mousse_100ml.png","type":"image\/png"}],"twitter_card":"summary_large_image","twitter_misc":{"Est. reading time":"2 minutes"},"schema":{"@context":"https:\/\/schema.org","@graph":[{"@type":"WebPage","@id":"https:\/\/paulrivera.it\/pt-pt\/prodotti\/finish-styling-pt\/clash-mousse-forte\/","url":"https:\/\/paulrivera.it\/pt-pt\/prodotti\/finish-styling-pt\/clash-mousse-forte\/","name":"Clash - Mousse forte | Paul Rivera","isPartOf":{"@id":"https:\/\/paulrivera.it\/pt-pt\/#website"},"primaryImageOfPage":{"@id":"https:\/\/paulrivera.it\/pt-pt\/prodotti\/finish-styling-pt\/clash-mousse-forte\/#primaryimage"},"image":{"@id":"https:\/\/paulrivera.it\/pt-pt\/prodotti\/finish-styling-pt\/clash-mousse-forte\/#primaryimage"},"thumbnailUrl":"https:\/\/paulrivera.it\/wp-content\/uploads\/2020\/02\/606044_paul_rivera_clash_strong_mousse_100ml.png","datePublished":"2020-02-18T08:50:14+00:00","dateModified":"2024-05-13T10:40:54+00:00","description":"Define e protege os cabelos compridos, confere corpo e elasticidade Clash \u00e9 a espuma para o styling profissional com fixa\u00e7\u00e3o forte.","breadcrumb":{"@id":"https:\/\/paulrivera.it\/pt-pt\/prodotti\/finish-styling-pt\/clash-mousse-forte\/#breadcrumb"},"inLanguage":"pt-PT","potentialAction":[{"@type":"ReadAction","target":["https:\/\/paulrivera.it\/pt-pt\/prodotti\/finish-styling-pt\/clash-mousse-forte\/"]}]},{"@type":"ImageObject","inLanguage":"pt-PT","@id":"https:\/\/paulrivera.it\/pt-pt\/prodotti\/finish-styling-pt\/clash-mousse-forte\/#primaryimage","url":"https:\/\/paulrivera.it\/wp-content\/uploads\/2020\/02\/606044_paul_rivera_clash_strong_mousse_100ml.png","contentUrl":"https:\/\/paulrivera.it\/wp-content\/uploads\/2020\/02\/606044_paul_rivera_clash_strong_mousse_100ml.png","width":800,"height":800,"caption":"Clash - Mousse forte"},{"@type":"BreadcrumbList","@id":"https:\/\/paulrivera.it\/pt-pt\/prodotti\/finish-styling-pt\/clash-mousse-forte\/#breadcrumb","itemListElement":[{"@type":"ListItem","position":1,"name":"Home","item":"https:\/\/paulrivera.it\/pt-pt\/"},{"@type":"ListItem","position":2,"name":"Pagina shop","item":"https:\/\/paulrivera.it\/prodotti\/"},{"@type":"ListItem","position":3,"name":"Clash &#8211; Mousse forte"}]},{"@type":"WebSite","@id":"https:\/\/paulrivera.it\/pt-pt\/#website","url":"https:\/\/paulrivera.it\/pt-pt\/","name":"Paul Rivera","description":"Hair Beauty Celebration","publisher":{"@id":"https:\/\/paulrivera.it\/pt-pt\/#organization"},"potentialAction":[{"@type":"SearchAction","target":{"@type":"EntryPoint","urlTemplate":"https:\/\/paulrivera.it\/pt-pt\/?s={search_term_string}"},"query-input":{"@type":"PropertyValueSpecification","valueRequired":true,"valueName":"search_term_string"}}],"inLanguage":"pt-PT"},{"@type":"Organization","@id":"https:\/\/paulrivera.it\/pt-pt\/#organization","name":"Paul Rivera","url":"https:\/\/paulrivera.it\/pt-pt\/","logo":{"@type":"ImageObject","inLanguage":"pt-PT","@id":"https:\/\/paulrivera.it\/pt-pt\/#\/schema\/logo\/image\/","url":"https:\/\/paulrivera.it\/wp-content\/uploads\/2020\/02\/paul_rivera_logo_header_x2.png","contentUrl":"https:\/\/paulrivera.it\/wp-content\/uploads\/2020\/02\/paul_rivera_logo_header_x2.png","width":470,"height":60,"caption":"Paul Rivera"},"image":{"@id":"https:\/\/paulrivera.it\/pt-pt\/#\/schema\/logo\/image\/"}}]}},"_links":{"self":[{"href":"https:\/\/paulrivera.it\/pt-pt\/wp-json\/wp\/v2\/product\/2784","targetHints":{"allow":["GET"]}}],"collection":[{"href":"https:\/\/paulrivera.it\/pt-pt\/wp-json\/wp\/v2\/product"}],"about":[{"href":"https:\/\/paulrivera.it\/pt-pt\/wp-json\/wp\/v2\/types\/product"}],"wp:featuredmedia":[{"embeddable":true,"href":"https:\/\/paulrivera.it\/pt-pt\/wp-json\/wp\/v2\/media\/2785"}],"wp:attachment":[{"href":"https:\/\/paulrivera.it\/pt-pt\/wp-json\/wp\/v2\/media?parent=2784"}],"wp:term":[{"taxonomy":"product_brand","embeddable":true,"href":"https:\/\/paulrivera.it\/pt-pt\/wp-json\/wp\/v2\/product_brand?post=2784"},{"taxonomy":"product_cat","embeddable":true,"href":"https:\/\/paulrivera.it\/pt-pt\/wp-json\/wp\/v2\/product_cat?post=2784"},{"taxonomy":"product_tag","embeddable":true,"href":"https:\/\/paulrivera.it\/pt-pt\/wp-json\/wp\/v2\/product_tag?post=2784"}],"curies":[{"name":"wp","href":"https:\/\/api.w.org\/{rel}","templated":true}]}}