{"id":3547,"date":"2021-09-22T14:48:15","date_gmt":"2021-09-22T12:48:15","guid":{"rendered":"https:\/\/paulrivera.it\/?post_type=product&#038;p=3547"},"modified":"2024-05-13T12:30:53","modified_gmt":"2024-05-13T10:30:53","slug":"activize-kit-prevencao-de-queda-com-champo-e-ampola","status":"publish","type":"product","link":"https:\/\/paulrivera.it\/pt-pt\/prodotti\/tratamentos\/activize-prevencao-antiqueda\/activize-kit-prevencao-de-queda-com-champo-e-ampola\/","title":{"rendered":"Activize &#8211; Kit preven\u00e7\u00e3o de queda com champ\u00f4 e ampola"},"content":{"rendered":"<div class=\"wpb-content-wrapper\"><p>[vc_row full_width=&#8221;stretch_row&#8221;][vc_column][vc_row_inner el_id=&#8221;desktop&#8221;][vc_column_inner width=&#8221;1\/2&#8243; css=&#8221;.vc_custom_1582194227194{padding-top: 10% !important;padding-right: 10% !important;padding-bottom: 10% !important;padding-left: 30% !important;}&#8221; offset=&#8221;vc_hidden-md vc_hidden-sm vc_hidden-xs&#8221;][vc_column_text]<\/p>\n<h1><span style=\"font-weight: 400;\">Ir\u00e1 am\u00e1-lo porque<\/span><\/h1>\n<ul>\n<li style=\"font-weight: 400;\" aria-level=\"1\"><span style=\"font-weight: 400;\">\u00c9 ideal para cabelos <\/span><b>com tend\u00eancia \u00e0 queda<\/b><\/li>\n<li style=\"font-weight: 400;\" aria-level=\"1\"><span style=\"font-weight: 400;\">Reativa a microcircul\u00e7\u00e3o do couro cabeludo<\/span><\/li>\n<li style=\"font-weight: 400;\" aria-level=\"1\"><b>Revitaliza o cabelo<\/b><span style=\"font-weight: 400;\">, combatendo o enfraquecimento<\/span><\/li>\n<li style=\"font-weight: 400;\" aria-level=\"1\"><span style=\"font-weight: 400;\">Os cabelos recuperam for\u00e7a e vitalidade<\/span><\/li>\n<\/ul>\n<p>[\/vc_column_text][vc_column_text]<\/p>\n<h1>Ativos na f\u00f3rmula<\/h1>\n<ul>\n<li style=\"font-weight: 400;\" aria-level=\"1\"><b>Canela<\/b><span style=\"font-weight: 400;\">: especiaria com propriedades antimicrobianas, elimina em profundidade a acumula\u00e7\u00e3o de placa nos fol\u00edculos capilares e estimula o crescimento dos cabelos fortes e saud\u00e1veis.<\/span><\/li>\n<li style=\"font-weight: 400;\" aria-level=\"1\"><b>S\u00e1lvia<\/b><span style=\"font-weight: 400;\">: restauro intenso de energia para o cabelo gra\u00e7as \u00e0s propriedades estimulantes e \u00e0 capacidade de reativar a circula\u00e7\u00e3o sangu\u00ednea localizada.<\/span><\/li>\n<li style=\"font-weight: 400;\" aria-level=\"1\"><b>Ginkgo Biloba<\/b><span style=\"font-weight: 400;\">: extremamente rico em sais minerais e vitaminas, ativas as trocas intercelulares e favorece a irriga\u00e7\u00e3o dos fol\u00edculos pilosos, estimulando a microcircula\u00e7\u00e3o sangu\u00ednea.<\/span><\/li>\n<\/ul>\n<ul>\n<li style=\"list-style-type: none;\"><\/li>\n<\/ul>\n<p>[\/vc_column_text][vc_column_text]<\/p>\n<h1><span style=\"font-weight: 400;\">O ritual<\/span><\/h1>\n<ol>\n<li><span style=\"font-weight: 400;\">Aplica o Shampoo Energizzante Activize no cabelo molhado e fa\u00e7a uma massagem delicada<\/span><\/li>\n<li>Enxague e repita se necess\u00e1rio<\/li>\n<li>Depois do champ\u00f4, aplique a lo\u00e7\u00e3o Energizzante Activize na raiz<\/li>\n<li>Fa\u00e7a uma massagem com movimentos circulares at\u00e9 absorver<\/li>\n<li>N\u00e3o enxaguar<\/li>\n<\/ol>\n<p><span style=\"font-weight: 400;\">\u00a0<\/span><\/p>\n<p><b>Frequ\u00eancia de utiliza\u00e7\u00e3o<\/b><\/p>\n<p>Tratamento intensivo:<\/p>\n<p><span style=\"font-weight: 400;\">aplique 3 ampolas por semana durante 5-6 semanas<\/span><\/p>\n<p>Manuten\u00e7\u00e3o\/preven\u00e7\u00e3o:<\/p>\n<p><span style=\"font-weight: 400;\">aplique 1-2 ampolas por semana durante 8 semanas\u00a0<\/span>[\/vc_column_text][\/vc_column_inner][vc_column_inner width=&#8221;1\/2&#8243; css=&#8221;.vc_custom_1592902052865{background-color: #e2585a !important;background-position: center !important;background-repeat: no-repeat !important;background-size: cover !important;}&#8221; offset=&#8221;vc_hidden-md vc_hidden-sm vc_hidden-xs&#8221;][vc_single_image image=&#8221;5082&#8243; img_size=&#8221;large&#8221; alignment=&#8221;center&#8221;][\/vc_column_inner][\/vc_row_inner][vc_row_inner el_id=&#8221;tablet&#8221;][vc_column_inner offset=&#8221;vc_hidden-lg vc_hidden-xs&#8221;][vc_column_text]<\/p>\n<h1><span style=\"font-weight: 400;\">Ir\u00e1 am\u00e1-lo porque<\/span><\/h1>\n<ul>\n<li style=\"font-weight: 400;\" aria-level=\"1\"><span style=\"font-weight: 400;\">\u00c9 ideal para cabelos <\/span><b>com tend\u00eancia \u00e0 queda<\/b><\/li>\n<li style=\"font-weight: 400;\" aria-level=\"1\"><span style=\"font-weight: 400;\">Reativa a microcircul\u00e7\u00e3o do couro cabeludo<\/span><\/li>\n<li style=\"font-weight: 400;\" aria-level=\"1\"><b>Revitaliza o cabelo<\/b><span style=\"font-weight: 400;\">, combatendo o enfraquecimento<\/span><\/li>\n<li style=\"font-weight: 400;\" aria-level=\"1\"><span style=\"font-weight: 400;\">Os cabelos recuperam for\u00e7a e vitalidade<\/span><\/li>\n<\/ul>\n<p>[\/vc_column_text][vc_column_text]<\/p>\n<h1>Ativos na f\u00f3rmula<\/h1>\n<ul>\n<li style=\"font-weight: 400;\" aria-level=\"1\"><b>Canela<\/b><span style=\"font-weight: 400;\">: especiaria com propriedades antimicrobianas, elimina em profundidade a acumula\u00e7\u00e3o de placa nos fol\u00edculos capilares e estimula o crescimento dos cabelos fortes e saud\u00e1veis.<\/span><\/li>\n<li style=\"font-weight: 400;\" aria-level=\"1\"><b>S\u00e1lvia<\/b><span style=\"font-weight: 400;\">: restauro intenso de energia para o cabelo gra\u00e7as \u00e0s propriedades estimulantes e \u00e0 capacidade de reativar a circula\u00e7\u00e3o sangu\u00ednea localizada.<\/span><\/li>\n<li style=\"font-weight: 400;\" aria-level=\"1\"><b>Ginkgo Biloba<\/b><span style=\"font-weight: 400;\">: extremamente rico em sais minerais e vitaminas, ativas as trocas intercelulares e favorece a irriga\u00e7\u00e3o dos fol\u00edculos pilosos, estimulando a microcircula\u00e7\u00e3o sangu\u00ednea.<\/span><\/li>\n<\/ul>\n<ul>\n<li style=\"list-style-type: none;\"><\/li>\n<\/ul>\n<p>[\/vc_column_text][vc_column_text]<\/p>\n<h1><span style=\"font-weight: 400;\">O ritual<\/span><\/h1>\n<ol>\n<li><span style=\"font-weight: 400;\">Aplica o Shampoo Energizzante Activize no cabelo molhado e fa\u00e7a uma massagem delicada<\/span><\/li>\n<li>Enxague e repita se necess\u00e1rio<\/li>\n<li>Depois do champ\u00f4, aplique a lo\u00e7\u00e3o Energizzante Activize na raiz<\/li>\n<li>Fa\u00e7a uma massagem com movimentos circulares at\u00e9 absorver<\/li>\n<li>N\u00e3o enxaguar<\/li>\n<\/ol>\n<p><span style=\"font-weight: 400;\">\u00a0<\/span><\/p>\n<p><b>Frequ\u00eancia de utiliza\u00e7\u00e3o<\/b><\/p>\n<p>Tratamento intensivo:<\/p>\n<p><span style=\"font-weight: 400;\">aplique 3 ampolas por semana durante 5-6 semanas<\/span><\/p>\n<p>Manuten\u00e7\u00e3o\/preven\u00e7\u00e3o:<\/p>\n<p><span style=\"font-weight: 400;\">aplique 1-2 ampolas por semana durante 8 semanas\u00a0<\/span>[\/vc_column_text][\/vc_column_inner][\/vc_row_inner][vc_row_inner el_id=&#8221;mobile&#8221;][vc_column_inner width=&#8221;1\/2&#8243; offset=&#8221;vc_hidden-lg vc_hidden-md vc_hidden-sm&#8221;][vc_column_text]<\/p>\n<h1><span style=\"font-weight: 400;\">Ir\u00e1 am\u00e1-lo porque<\/span><\/h1>\n<ul>\n<li style=\"font-weight: 400;\" aria-level=\"1\"><span style=\"font-weight: 400;\">\u00c9 ideal para cabelos <\/span><b>com tend\u00eancia \u00e0 queda<\/b><\/li>\n<li style=\"font-weight: 400;\" aria-level=\"1\"><span style=\"font-weight: 400;\">Reativa a microcircul\u00e7\u00e3o do couro cabeludo<\/span><\/li>\n<li style=\"font-weight: 400;\" aria-level=\"1\"><b>Revitaliza o cabelo<\/b><span style=\"font-weight: 400;\">, combatendo o enfraquecimento<\/span><\/li>\n<li style=\"font-weight: 400;\" aria-level=\"1\"><span style=\"font-weight: 400;\">Os cabelos recuperam for\u00e7a e vitalidade<\/span><\/li>\n<\/ul>\n<p>[\/vc_column_text][vc_column_text]<\/p>\n<h1>Ativos na f\u00f3rmula<\/h1>\n<ul>\n<li style=\"font-weight: 400;\" aria-level=\"1\"><b>Canela<\/b><span style=\"font-weight: 400;\">: especiaria com propriedades antimicrobianas, elimina em profundidade a acumula\u00e7\u00e3o de placa nos fol\u00edculos capilares e estimula o crescimento dos cabelos fortes e saud\u00e1veis.<\/span><\/li>\n<li style=\"font-weight: 400;\" aria-level=\"1\"><b>S\u00e1lvia<\/b><span style=\"font-weight: 400;\">: restauro intenso de energia para o cabelo gra\u00e7as \u00e0s propriedades estimulantes e \u00e0 capacidade de reativar a circula\u00e7\u00e3o sangu\u00ednea localizada.<\/span><\/li>\n<li style=\"font-weight: 400;\" aria-level=\"1\"><b>Ginkgo Biloba<\/b><span style=\"font-weight: 400;\">: extremamente rico em sais minerais e vitaminas, ativas as trocas intercelulares e favorece a irriga\u00e7\u00e3o dos fol\u00edculos pilosos, estimulando a microcircula\u00e7\u00e3o sangu\u00ednea.<\/span><\/li>\n<\/ul>\n<ul>\n<li style=\"list-style-type: none;\"><\/li>\n<\/ul>\n<p>[\/vc_column_text][vc_column_text]<\/p>\n<h1><span style=\"font-weight: 400;\">O ritual<\/span><\/h1>\n<ol>\n<li><span style=\"font-weight: 400;\">Aplica o Shampoo Energizzante Activize no cabelo molhado e fa\u00e7a uma massagem delicada<\/span><\/li>\n<li>Enxague e repita se necess\u00e1rio<\/li>\n<li>Depois do champ\u00f4, aplique a lo\u00e7\u00e3o Energizzante Activize na raiz<\/li>\n<li>Fa\u00e7a uma massagem com movimentos circulares at\u00e9 absorver<\/li>\n<li>N\u00e3o enxaguar<\/li>\n<\/ol>\n<p><span style=\"font-weight: 400;\">\u00a0<\/span><\/p>\n<p><b>Frequ\u00eancia de utiliza\u00e7\u00e3o<\/b><\/p>\n<p>Tratamento intensivo:<\/p>\n<p><span style=\"font-weight: 400;\">aplique 3 ampolas por semana durante 5-6 semanas<\/span><\/p>\n<p>Manuten\u00e7\u00e3o\/preven\u00e7\u00e3o:<\/p>\n<p><span style=\"font-weight: 400;\">aplique 1-2 ampolas por semana durante 8 semanas\u00a0<\/span>[\/vc_column_text][\/vc_column_inner][vc_column_inner width=&#8221;1\/2&#8243; css=&#8221;.vc_custom_1592902061201{background-color: #e2585a !important;background-position: center !important;background-repeat: no-repeat !important;background-size: cover !important;}&#8221; offset=&#8221;vc_hidden-lg vc_hidden-md vc_hidden-sm&#8221;][vc_single_image image=&#8221;5082&#8243; img_size=&#8221;large&#8221; alignment=&#8221;center&#8221;][\/vc_column_inner][\/vc_row_inner][\/vc_column][\/vc_row][vc_row css=&#8221;.vc_custom_1582192829011{padding-top: 50px !important;}&#8221;][vc_column][vc_row_inner][vc_column_inner][vc_column_text]<\/p>\n<div class=\"vc_row wpb_row vc_inner vc_row-fluid\">\n<div class=\"wpb_column vc_column_container vc_col-sm-12\">\n<div class=\"vc_column-inner\">\n<div class=\"wpb_wrapper\">\n<div class=\"wpb_text_column wpb_content_element \">\n<div class=\"wpb_wrapper\">\n<h1 style=\"text-align: center;\">Produtos relacionados<\/h1>\n<\/div>\n<\/div>\n<\/div>\n<\/div>\n<\/div>\n<\/div>\n<div class=\"wpb_raw_code wpb_content_element wpb_raw_html\">\n<div class=\"wpb_wrapper\">\n<div class=\"wpb_slider_area wpb_fix_cart wpb_slider_no_title wpb-wps-onsale-style theme-fashion\">\n<div class=\"wpb_woo_slider owl-carousel owl-theme fashion wpb-wps-same-height owl-loaded owl-drag\" data-margin=\"10\" data-autoplay=\"false\" data-hoverpause=\"false\" data-loop=\"false\" data-autoplayspeed=\"3000\" data-navigation=\"true\" data-slideby=\"1\" data-pagination=\"false\" data-items=\"4\" data-itemsdesktop=\"3\" data-desktopsmall=\"2\" data-tablet=\"2\" data-mobile=\"1\" data-direction=\"false\">\n<div class=\"owl-stage-outer\">\n<div class=\"owl-stage\">\n<div class=\"owl-item active\">\n<div class=\"item post-2679 product type-product status-publish has-post-thumbnail product_cat-twister-curl-cabelos-encaracolados description-off instock shipping-taxable product-type-simple\">\n<figure><figcaption>\n<div class=\"wpb-wps-quickview-wishlist-compare wpb-wps-button-group\"><\/div>\n<\/figcaption><\/figure>\n<\/div>\n<\/div>\n<\/div>\n<\/div>\n<\/div>\n<\/div>\n<\/div>\n<\/div>\n<p>[\/vc_column_text][\/vc_column_inner][\/vc_row_inner][vc_raw_html]JTVCd3BiLXByb2R1Y3Qtc2xpZGVyLXNob3J0Y29kZSUyMGlkJTNEJTIyMjI3JTIyJTVE[\/vc_raw_html][\/vc_column][\/vc_row]<\/p>\n<\/div>","protected":false},"excerpt":{"rendered":"<p><b>Mais fortes, por mais tempo<\/b><span style=\"font-weight: 400;\">. <\/span><span style=\"font-weight: 400;\">Activize<\/span><span style=\"font-weight: 400;\"> Champ\u00f4 e tratamento energizante favorece o ciclo vital natural do cabelo, estimulando o crescimento e <\/span><b>lutando contra o enfraquecimento<\/b><span style=\"font-weight: 400;\">.\u00a0<\/span><\/p>\n<p><span style=\"font-weight: 400;\">Desenvolvidos para responder \u00e0s exig\u00eancias dos cabelos fr\u00e1geis, os produtos <\/span><span style=\"font-weight: 400;\">Activize<\/span><span style=\"font-weight: 400;\"> beneficiam de intensas <\/span><b>propriedades estimulantes e revigorantes, <\/b><span style=\"font-weight: 400;\">gra\u00e7as \u00e0 f\u00f3rmula rica em ingredientes ativos: canela, s\u00e1lvia e ginkgo biloba.<\/span><\/p>\n<p><span style=\"font-weight: 400;\">O Kit \u00e9 composto pelo Champ\u00f4 Energizante 350 ml, uma caixa com 12 ampolas de 8 ml e o Massajador do couro cabeludo, que promove o crescimento do cabelo, tornando-o mais forte e brilhante.<\/span><\/p>\n<p><b>*A efic\u00e1cia do tratamento foi testada junto do Instituto Universit\u00e1rio Italiano.\u00a0<\/b><\/p>\n<p>&nbsp;<\/p>\n[maxbutton id=\"6\"]\n","protected":false},"featured_media":5082,"template":"","meta":[],"product_brand":[],"product_cat":[378],"product_tag":[],"class_list":{"0":"post-3547","1":"product","2":"type-product","3":"status-publish","4":"has-post-thumbnail","6":"product_cat-activize-prevencao-antiqueda","7":"description-off","9":"first","10":"instock","11":"shipping-taxable","12":"product-type-simple"},"yoast_head":"<!-- This site is optimized with the Yoast SEO plugin v27.2 - https:\/\/yoast.com\/product\/yoast-seo-wordpress\/ -->\n<title>Activize - Kit preven\u00e7\u00e3o de queda com champ\u00f4 e ampola | Paul Rivera<\/title>\n<meta name=\"description\" content=\"Mais fortes, por mais tempo. Activize Champ\u00f4 e tratamento energizante favorece o ciclo vital natural do cabelo, estimulando o crescimento e lutando contra o enfraquecimento.\u00a0\" \/>\n<meta name=\"robots\" content=\"index, follow, max-snippet:-1, max-image-preview:large, max-video-preview:-1\" \/>\n<link rel=\"canonical\" href=\"https:\/\/paulrivera.it\/pt-pt\/prodotti\/tratamentos\/activize-prevencao-antiqueda\/activize-kit-prevencao-de-queda-com-champo-e-ampola\/\" \/>\n<meta property=\"og:locale\" content=\"pt_PT\" \/>\n<meta property=\"og:type\" content=\"article\" \/>\n<meta property=\"og:title\" content=\"Activize - Kit preven\u00e7\u00e3o de queda com champ\u00f4 e ampola | Paul Rivera\" \/>\n<meta property=\"og:description\" content=\"Mais fortes, por mais tempo. Activize Champ\u00f4 e tratamento energizante favorece o ciclo vital natural do cabelo, estimulando o crescimento e lutando contra o enfraquecimento.\u00a0\" \/>\n<meta property=\"og:url\" content=\"https:\/\/paulrivera.it\/pt-pt\/prodotti\/tratamentos\/activize-prevencao-antiqueda\/activize-kit-prevencao-de-queda-com-champo-e-ampola\/\" \/>\n<meta property=\"og:site_name\" content=\"Paul Rivera\" \/>\n<meta property=\"article:modified_time\" content=\"2024-05-13T10:30:53+00:00\" \/>\n<meta property=\"og:image\" content=\"https:\/\/paulrivera.it\/wp-content\/uploads\/2022\/08\/paul_rivera_activize_kit_massaggiatore.png\" \/>\n\t<meta property=\"og:image:width\" content=\"800\" \/>\n\t<meta property=\"og:image:height\" content=\"800\" \/>\n\t<meta property=\"og:image:type\" content=\"image\/png\" \/>\n<meta name=\"twitter:card\" content=\"summary_large_image\" \/>\n<meta name=\"twitter:label1\" content=\"Est. reading time\" \/>\n\t<meta name=\"twitter:data1\" content=\"4 minutes\" \/>\n<script type=\"application\/ld+json\" class=\"yoast-schema-graph\">{\"@context\":\"https:\/\/schema.org\",\"@graph\":[{\"@type\":\"WebPage\",\"@id\":\"https:\/\/paulrivera.it\/pt-pt\/prodotti\/tratamentos\/activize-prevencao-antiqueda\/activize-kit-prevencao-de-queda-com-champo-e-ampola\/\",\"url\":\"https:\/\/paulrivera.it\/pt-pt\/prodotti\/tratamentos\/activize-prevencao-antiqueda\/activize-kit-prevencao-de-queda-com-champo-e-ampola\/\",\"name\":\"Activize - Kit preven\u00e7\u00e3o de queda com champ\u00f4 e ampola | Paul Rivera\",\"isPartOf\":{\"@id\":\"https:\/\/paulrivera.it\/pt-pt\/#website\"},\"primaryImageOfPage\":{\"@id\":\"https:\/\/paulrivera.it\/pt-pt\/prodotti\/tratamentos\/activize-prevencao-antiqueda\/activize-kit-prevencao-de-queda-com-champo-e-ampola\/#primaryimage\"},\"image\":{\"@id\":\"https:\/\/paulrivera.it\/pt-pt\/prodotti\/tratamentos\/activize-prevencao-antiqueda\/activize-kit-prevencao-de-queda-com-champo-e-ampola\/#primaryimage\"},\"thumbnailUrl\":\"https:\/\/paulrivera.it\/wp-content\/uploads\/2022\/08\/paul_rivera_activize_kit_massaggiatore.png\",\"datePublished\":\"2021-09-22T12:48:15+00:00\",\"dateModified\":\"2024-05-13T10:30:53+00:00\",\"description\":\"Mais fortes, por mais tempo. Activize Champ\u00f4 e tratamento energizante favorece o ciclo vital natural do cabelo, estimulando o crescimento e lutando contra o enfraquecimento.\u00a0\",\"breadcrumb\":{\"@id\":\"https:\/\/paulrivera.it\/pt-pt\/prodotti\/tratamentos\/activize-prevencao-antiqueda\/activize-kit-prevencao-de-queda-com-champo-e-ampola\/#breadcrumb\"},\"inLanguage\":\"pt-PT\",\"potentialAction\":[{\"@type\":\"ReadAction\",\"target\":[\"https:\/\/paulrivera.it\/pt-pt\/prodotti\/tratamentos\/activize-prevencao-antiqueda\/activize-kit-prevencao-de-queda-com-champo-e-ampola\/\"]}]},{\"@type\":\"ImageObject\",\"inLanguage\":\"pt-PT\",\"@id\":\"https:\/\/paulrivera.it\/pt-pt\/prodotti\/tratamentos\/activize-prevencao-antiqueda\/activize-kit-prevencao-de-queda-com-champo-e-ampola\/#primaryimage\",\"url\":\"https:\/\/paulrivera.it\/wp-content\/uploads\/2022\/08\/paul_rivera_activize_kit_massaggiatore.png\",\"contentUrl\":\"https:\/\/paulrivera.it\/wp-content\/uploads\/2022\/08\/paul_rivera_activize_kit_massaggiatore.png\",\"width\":800,\"height\":800},{\"@type\":\"BreadcrumbList\",\"@id\":\"https:\/\/paulrivera.it\/pt-pt\/prodotti\/tratamentos\/activize-prevencao-antiqueda\/activize-kit-prevencao-de-queda-com-champo-e-ampola\/#breadcrumb\",\"itemListElement\":[{\"@type\":\"ListItem\",\"position\":1,\"name\":\"Home\",\"item\":\"https:\/\/paulrivera.it\/pt-pt\/\"},{\"@type\":\"ListItem\",\"position\":2,\"name\":\"Pagina shop\",\"item\":\"https:\/\/paulrivera.it\/prodotti\/\"},{\"@type\":\"ListItem\",\"position\":3,\"name\":\"Activize &#8211; Kit preven\u00e7\u00e3o de queda com champ\u00f4 e ampola\"}]},{\"@type\":\"WebSite\",\"@id\":\"https:\/\/paulrivera.it\/pt-pt\/#website\",\"url\":\"https:\/\/paulrivera.it\/pt-pt\/\",\"name\":\"Paul Rivera\",\"description\":\"Hair Beauty Celebration\",\"publisher\":{\"@id\":\"https:\/\/paulrivera.it\/pt-pt\/#organization\"},\"potentialAction\":[{\"@type\":\"SearchAction\",\"target\":{\"@type\":\"EntryPoint\",\"urlTemplate\":\"https:\/\/paulrivera.it\/pt-pt\/?s={search_term_string}\"},\"query-input\":{\"@type\":\"PropertyValueSpecification\",\"valueRequired\":true,\"valueName\":\"search_term_string\"}}],\"inLanguage\":\"pt-PT\"},{\"@type\":\"Organization\",\"@id\":\"https:\/\/paulrivera.it\/pt-pt\/#organization\",\"name\":\"Paul Rivera\",\"url\":\"https:\/\/paulrivera.it\/pt-pt\/\",\"logo\":{\"@type\":\"ImageObject\",\"inLanguage\":\"pt-PT\",\"@id\":\"https:\/\/paulrivera.it\/pt-pt\/#\/schema\/logo\/image\/\",\"url\":\"https:\/\/paulrivera.it\/wp-content\/uploads\/2020\/02\/paul_rivera_logo_header_x2.png\",\"contentUrl\":\"https:\/\/paulrivera.it\/wp-content\/uploads\/2020\/02\/paul_rivera_logo_header_x2.png\",\"width\":470,\"height\":60,\"caption\":\"Paul Rivera\"},\"image\":{\"@id\":\"https:\/\/paulrivera.it\/pt-pt\/#\/schema\/logo\/image\/\"}}]}<\/script>\n<!-- \/ Yoast SEO plugin. -->","yoast_head_json":{"title":"Activize - Kit preven\u00e7\u00e3o de queda com champ\u00f4 e ampola | Paul Rivera","description":"Mais fortes, por mais tempo. Activize Champ\u00f4 e tratamento energizante favorece o ciclo vital natural do cabelo, estimulando o crescimento e lutando contra o enfraquecimento.\u00a0","robots":{"index":"index","follow":"follow","max-snippet":"max-snippet:-1","max-image-preview":"max-image-preview:large","max-video-preview":"max-video-preview:-1"},"canonical":"https:\/\/paulrivera.it\/pt-pt\/prodotti\/tratamentos\/activize-prevencao-antiqueda\/activize-kit-prevencao-de-queda-com-champo-e-ampola\/","og_locale":"pt_PT","og_type":"article","og_title":"Activize - Kit preven\u00e7\u00e3o de queda com champ\u00f4 e ampola | Paul Rivera","og_description":"Mais fortes, por mais tempo. Activize Champ\u00f4 e tratamento energizante favorece o ciclo vital natural do cabelo, estimulando o crescimento e lutando contra o enfraquecimento.\u00a0","og_url":"https:\/\/paulrivera.it\/pt-pt\/prodotti\/tratamentos\/activize-prevencao-antiqueda\/activize-kit-prevencao-de-queda-com-champo-e-ampola\/","og_site_name":"Paul Rivera","article_modified_time":"2024-05-13T10:30:53+00:00","og_image":[{"width":800,"height":800,"url":"https:\/\/paulrivera.it\/wp-content\/uploads\/2022\/08\/paul_rivera_activize_kit_massaggiatore.png","type":"image\/png"}],"twitter_card":"summary_large_image","twitter_misc":{"Est. reading time":"4 minutes"},"schema":{"@context":"https:\/\/schema.org","@graph":[{"@type":"WebPage","@id":"https:\/\/paulrivera.it\/pt-pt\/prodotti\/tratamentos\/activize-prevencao-antiqueda\/activize-kit-prevencao-de-queda-com-champo-e-ampola\/","url":"https:\/\/paulrivera.it\/pt-pt\/prodotti\/tratamentos\/activize-prevencao-antiqueda\/activize-kit-prevencao-de-queda-com-champo-e-ampola\/","name":"Activize - Kit preven\u00e7\u00e3o de queda com champ\u00f4 e ampola | Paul Rivera","isPartOf":{"@id":"https:\/\/paulrivera.it\/pt-pt\/#website"},"primaryImageOfPage":{"@id":"https:\/\/paulrivera.it\/pt-pt\/prodotti\/tratamentos\/activize-prevencao-antiqueda\/activize-kit-prevencao-de-queda-com-champo-e-ampola\/#primaryimage"},"image":{"@id":"https:\/\/paulrivera.it\/pt-pt\/prodotti\/tratamentos\/activize-prevencao-antiqueda\/activize-kit-prevencao-de-queda-com-champo-e-ampola\/#primaryimage"},"thumbnailUrl":"https:\/\/paulrivera.it\/wp-content\/uploads\/2022\/08\/paul_rivera_activize_kit_massaggiatore.png","datePublished":"2021-09-22T12:48:15+00:00","dateModified":"2024-05-13T10:30:53+00:00","description":"Mais fortes, por mais tempo. Activize Champ\u00f4 e tratamento energizante favorece o ciclo vital natural do cabelo, estimulando o crescimento e lutando contra o enfraquecimento.\u00a0","breadcrumb":{"@id":"https:\/\/paulrivera.it\/pt-pt\/prodotti\/tratamentos\/activize-prevencao-antiqueda\/activize-kit-prevencao-de-queda-com-champo-e-ampola\/#breadcrumb"},"inLanguage":"pt-PT","potentialAction":[{"@type":"ReadAction","target":["https:\/\/paulrivera.it\/pt-pt\/prodotti\/tratamentos\/activize-prevencao-antiqueda\/activize-kit-prevencao-de-queda-com-champo-e-ampola\/"]}]},{"@type":"ImageObject","inLanguage":"pt-PT","@id":"https:\/\/paulrivera.it\/pt-pt\/prodotti\/tratamentos\/activize-prevencao-antiqueda\/activize-kit-prevencao-de-queda-com-champo-e-ampola\/#primaryimage","url":"https:\/\/paulrivera.it\/wp-content\/uploads\/2022\/08\/paul_rivera_activize_kit_massaggiatore.png","contentUrl":"https:\/\/paulrivera.it\/wp-content\/uploads\/2022\/08\/paul_rivera_activize_kit_massaggiatore.png","width":800,"height":800},{"@type":"BreadcrumbList","@id":"https:\/\/paulrivera.it\/pt-pt\/prodotti\/tratamentos\/activize-prevencao-antiqueda\/activize-kit-prevencao-de-queda-com-champo-e-ampola\/#breadcrumb","itemListElement":[{"@type":"ListItem","position":1,"name":"Home","item":"https:\/\/paulrivera.it\/pt-pt\/"},{"@type":"ListItem","position":2,"name":"Pagina shop","item":"https:\/\/paulrivera.it\/prodotti\/"},{"@type":"ListItem","position":3,"name":"Activize &#8211; Kit preven\u00e7\u00e3o de queda com champ\u00f4 e ampola"}]},{"@type":"WebSite","@id":"https:\/\/paulrivera.it\/pt-pt\/#website","url":"https:\/\/paulrivera.it\/pt-pt\/","name":"Paul Rivera","description":"Hair Beauty Celebration","publisher":{"@id":"https:\/\/paulrivera.it\/pt-pt\/#organization"},"potentialAction":[{"@type":"SearchAction","target":{"@type":"EntryPoint","urlTemplate":"https:\/\/paulrivera.it\/pt-pt\/?s={search_term_string}"},"query-input":{"@type":"PropertyValueSpecification","valueRequired":true,"valueName":"search_term_string"}}],"inLanguage":"pt-PT"},{"@type":"Organization","@id":"https:\/\/paulrivera.it\/pt-pt\/#organization","name":"Paul Rivera","url":"https:\/\/paulrivera.it\/pt-pt\/","logo":{"@type":"ImageObject","inLanguage":"pt-PT","@id":"https:\/\/paulrivera.it\/pt-pt\/#\/schema\/logo\/image\/","url":"https:\/\/paulrivera.it\/wp-content\/uploads\/2020\/02\/paul_rivera_logo_header_x2.png","contentUrl":"https:\/\/paulrivera.it\/wp-content\/uploads\/2020\/02\/paul_rivera_logo_header_x2.png","width":470,"height":60,"caption":"Paul Rivera"},"image":{"@id":"https:\/\/paulrivera.it\/pt-pt\/#\/schema\/logo\/image\/"}}]}},"_links":{"self":[{"href":"https:\/\/paulrivera.it\/pt-pt\/wp-json\/wp\/v2\/product\/3547","targetHints":{"allow":["GET"]}}],"collection":[{"href":"https:\/\/paulrivera.it\/pt-pt\/wp-json\/wp\/v2\/product"}],"about":[{"href":"https:\/\/paulrivera.it\/pt-pt\/wp-json\/wp\/v2\/types\/product"}],"wp:featuredmedia":[{"embeddable":true,"href":"https:\/\/paulrivera.it\/pt-pt\/wp-json\/wp\/v2\/media\/5082"}],"wp:attachment":[{"href":"https:\/\/paulrivera.it\/pt-pt\/wp-json\/wp\/v2\/media?parent=3547"}],"wp:term":[{"taxonomy":"product_brand","embeddable":true,"href":"https:\/\/paulrivera.it\/pt-pt\/wp-json\/wp\/v2\/product_brand?post=3547"},{"taxonomy":"product_cat","embeddable":true,"href":"https:\/\/paulrivera.it\/pt-pt\/wp-json\/wp\/v2\/product_cat?post=3547"},{"taxonomy":"product_tag","embeddable":true,"href":"https:\/\/paulrivera.it\/pt-pt\/wp-json\/wp\/v2\/product_tag?post=3547"}],"curies":[{"name":"wp","href":"https:\/\/api.w.org\/{rel}","templated":true}]}}