{"id":4601,"date":"2021-12-13T09:00:26","date_gmt":"2021-11-24T13:46:26","guid":{"rendered":"https:\/\/paulrivera.it\/?post_type=product&#038;p=4601"},"modified":"2024-05-13T12:25:11","modified_gmt":"2024-05-13T10:25:11","slug":"plex-us-n-o-2-mascara-protetora-para-servicos-tecnicos","status":"publish","type":"product","link":"https:\/\/paulrivera.it\/pt-pt\/prodotti\/tecnicos\/plex-us-tratamento-protetor-multifuncoes\/plex-us-n-o-2-mascara-protetora-para-servicos-tecnicos\/","title":{"rendered":"PLEX-US N.\u00ba 2 &#8211; M\u00e1scara protetora para servi\u00e7os t\u00e9cnicos"},"content":{"rendered":"<div class=\"wpb-content-wrapper\"><p>[vc_row full_width=&#8221;stretch_row&#8221;][vc_column][vc_row_inner el_id=&#8221;desktop&#8221;][vc_column_inner width=&#8221;1\/2&#8243; css=&#8221;.vc_custom_1582194227194{padding-top: 10% !important;padding-right: 10% !important;padding-bottom: 10% !important;padding-left: 30% !important;}&#8221; offset=&#8221;vc_hidden-md vc_hidden-sm vc_hidden-xs&#8221;][vc_column_text]<\/p>\n<h1>Ir\u00e1 am\u00e1-lo porque<\/h1>\n<ul>\n<li style=\"font-weight: 400;\" aria-level=\"1\"><span style=\"font-weight: 400;\">Ajuda a proteger o cabelo durante o servi\u00e7o t\u00e9cnico<\/span><\/li>\n<li style=\"font-weight: 400;\" aria-level=\"1\"><span style=\"font-weight: 400;\">Os cabelos recupera\u00e7\u00e3o vitalidade e brilho\u00a0<\/span><\/li>\n<li style=\"font-weight: 400;\" aria-level=\"1\"><span style=\"font-weight: 400;\">N\u00e3o influencia o tempo de atua\u00e7\u00e3o standard dos servi\u00e7os t\u00e9cnicos<\/span><\/li>\n<li style=\"font-weight: 400;\" aria-level=\"1\"><span style=\"font-weight: 400;\">Permite reconstruir a integridade do cabelo<\/span><\/li>\n<\/ul>\n<p>[\/vc_column_text][vc_column_text]<\/p>\n<h1>F\u00f3rmula<\/h1>\n<ul>\n<li><span style=\"font-weight: 400;\">BOND INFUSION: complexo funcional de base proteica que atua na resist\u00eancia \u00e0 rotura do cabelo, elasticidade e compacidade das cut\u00edculas. Proporciona ao cabelo efeitos filmog\u00e9neos para refor\u00e7ar, lubrificar e proteger a superf\u00edcie dos cabelos. <\/span><\/li>\n<\/ul>\n<p>[\/vc_column_text][vc_column_text]<\/p>\n<h1>Como usar<\/h1>\n<p><span style=\"font-weight: 400;\">Aplicar PLEX-US N.\u00ba 2 e deixar atuar pelo tempo indicado no esquema de utiliza\u00e7\u00e3o, consoante o tipo de servi\u00e7o e de cabelo. Proceder ao styling.<\/span>[\/vc_column_text][\/vc_column_inner][vc_column_inner width=&#8221;1\/2&#8243; css=&#8221;.vc_custom_1638804852019{background-color: #d08eb8 !important;background-position: center !important;background-repeat: no-repeat !important;background-size: cover !important;}&#8221; offset=&#8221;vc_hidden-md vc_hidden-sm vc_hidden-xs&#8221;][vc_single_image image=&#8221;7670&#8243; img_size=&#8221;full&#8221; css=&#8221;.vc_custom_1685009163720{background-color: #d08eb8 !important;}&#8221;][\/vc_column_inner][\/vc_row_inner][vc_row_inner el_id=&#8221;tablet&#8221;][vc_column_inner offset=&#8221;vc_hidden-lg vc_hidden-xs&#8221;][vc_column_text]<\/p>\n<h1>Ir\u00e1 am\u00e1-lo porque<\/h1>\n<ul>\n<li style=\"font-weight: 400;\" aria-level=\"1\"><span style=\"font-weight: 400;\">Ajuda a proteger o cabelo durante o servi\u00e7o t\u00e9cnico<\/span><\/li>\n<li style=\"font-weight: 400;\" aria-level=\"1\"><span style=\"font-weight: 400;\">Os cabelos recupera\u00e7\u00e3o vitalidade e brilho\u00a0<\/span><\/li>\n<li style=\"font-weight: 400;\" aria-level=\"1\"><span style=\"font-weight: 400;\">N\u00e3o influencia o tempo de atua\u00e7\u00e3o standard dos servi\u00e7os t\u00e9cnicos<\/span><\/li>\n<li style=\"font-weight: 400;\" aria-level=\"1\"><span style=\"font-weight: 400;\">Permite reconstruir a integridade do cabelo<\/span><\/li>\n<\/ul>\n<p>[\/vc_column_text][vc_column_text]<\/p>\n<h1>F\u00f3rmula<\/h1>\n<ul>\n<li><span style=\"font-weight: 400;\">BOND INFUSION: complexo funcional de base proteica que atua na resist\u00eancia \u00e0 rotura do cabelo, elasticidade e compacidade das cut\u00edculas. Proporciona ao cabelo efeitos filmog\u00e9neos para refor\u00e7ar, lubrificar e proteger a superf\u00edcie dos cabelos. <\/span><\/li>\n<\/ul>\n<p>[\/vc_column_text][vc_column_text]<\/p>\n<h1>Como usar<\/h1>\n<p><span style=\"font-weight: 400;\">Aplicar PLEX-US N.\u00ba 2 e deixar atuar pelo tempo indicado no esquema de utiliza\u00e7\u00e3o, consoante o tipo de servi\u00e7o e de cabelo. Proceder ao styling.<\/span>[\/vc_column_text][\/vc_column_inner][\/vc_row_inner][vc_row_inner el_id=&#8221;mobile&#8221;][vc_column_inner width=&#8221;1\/2&#8243; offset=&#8221;vc_hidden-lg vc_hidden-md vc_hidden-sm&#8221;][vc_column_text]<\/p>\n<h1>Ir\u00e1 am\u00e1-lo porque<\/h1>\n<ul>\n<li style=\"font-weight: 400;\" aria-level=\"1\"><span style=\"font-weight: 400;\">Ajuda a proteger o cabelo durante o servi\u00e7o t\u00e9cnico<\/span><\/li>\n<li style=\"font-weight: 400;\" aria-level=\"1\"><span style=\"font-weight: 400;\">Os cabelos recupera\u00e7\u00e3o vitalidade e brilho\u00a0<\/span><\/li>\n<li style=\"font-weight: 400;\" aria-level=\"1\"><span style=\"font-weight: 400;\">N\u00e3o influencia o tempo de atua\u00e7\u00e3o standard dos servi\u00e7os t\u00e9cnicos<\/span><\/li>\n<li style=\"font-weight: 400;\" aria-level=\"1\"><span style=\"font-weight: 400;\">Permite reconstruir a integridade do cabelo<\/span><\/li>\n<\/ul>\n<p>[\/vc_column_text][vc_column_text]<\/p>\n<h1>F\u00f3rmula<\/h1>\n<ul>\n<li><span style=\"font-weight: 400;\">BOND INFUSION: complexo funcional de base proteica que atua na resist\u00eancia \u00e0 rotura do cabelo, elasticidade e compacidade das cut\u00edculas. Proporciona ao cabelo efeitos filmog\u00e9neos para refor\u00e7ar, lubrificar e proteger a superf\u00edcie dos cabelos. <\/span><\/li>\n<\/ul>\n<p>[\/vc_column_text][vc_column_text]<\/p>\n<h1>Como usar<\/h1>\n<p><span style=\"font-weight: 400;\">Aplicar PLEX-US N.\u00ba 2 e deixar atuar pelo tempo indicado no esquema de utiliza\u00e7\u00e3o, consoante o tipo de servi\u00e7o e de cabelo. Proceder ao styling.<\/span>[\/vc_column_text][\/vc_column_inner][vc_column_inner width=&#8221;1\/2&#8243; css=&#8221;.vc_custom_1638804884366{background-color: #d08eb8 !important;background-position: center !important;background-repeat: no-repeat !important;background-size: cover !important;}&#8221; offset=&#8221;vc_hidden-lg vc_hidden-md vc_hidden-sm&#8221;][vc_single_image image=&#8221;7670&#8243; img_size=&#8221;full&#8221; css=&#8221;.vc_custom_1685009361940{background-color: #d08eb8 !important;}&#8221;][\/vc_column_inner][\/vc_row_inner][\/vc_column][\/vc_row][vc_row][vc_column][vc_empty_space height=&#8221;50px&#8221;][\/vc_column][\/vc_row][vc_row][vc_column][vc_column_text]<\/p>\n<h1 style=\"text-align: center;\">Esquema de utiliza\u00e7\u00e3o<\/h1>\n<p>[\/vc_column_text][vc_raw_html]JTVCd3B0YiUyMGlkJTNENDYyNyU1RA==[\/vc_raw_html][\/vc_column][\/vc_row][vc_row css=&#8221;.vc_custom_1582192829011{padding-top: 50px !important;}&#8221;][vc_column][vc_row_inner][vc_column_inner][vc_column_text]<\/p>\n<h1 style=\"text-align: center;\">Produtos relacionados<\/h1>\n<p>[\/vc_column_text][\/vc_column_inner][\/vc_row_inner][vc_raw_html]JTVCd3BiLXByb2R1Y3Qtc2xpZGVyLXNob3J0Y29kZSUyMGlkJTNEJTIyNDY1MSUyMiU1RA==[\/vc_raw_html][\/vc_column][\/vc_row]<\/p>\n<\/div>","protected":false},"excerpt":{"rendered":"<p><span style=\"font-weight: 400;\">PLEX-US N.\u00ba 2 \u00e9 a m\u00e1scara protetora que <\/span><b>completa a a\u00e7\u00e3o de PLEX-US N.\u00ba 1<\/b><span style=\"font-weight: 400;\"> e melhora os resultados cosm\u00e9ticos dos tratamentos t\u00e9cnicos. Aplicada a seguir ao champ\u00f4, <\/span><b>reconstr\u00f3i a estrutura da fibra capilar<\/b><span style=\"font-weight: 400;\"> e <\/span><b>refor\u00e7a os cabelos<\/b><span style=\"font-weight: 400;\"> sucessivamente sujeitos aos servi\u00e7os de colora\u00e7\u00e3o, descolora\u00e7\u00e3o ou permanente. A composi\u00e7\u00e3o exclusiva de <\/span><b>BOND INFUSION<\/b><span style=\"font-weight: 400;\"> permite uma penetra\u00e7\u00e3o na cut\u00edcula do cabelo, para um cabelo forte e brilhante.<\/span><\/p>\n<p><span style=\"font-weight: 400;\">500 ml<\/span><\/p>\n<p>&nbsp;<\/p>\n[maxbutton id=\"6\"]\n","protected":false},"featured_media":7640,"template":"","meta":[],"product_brand":[],"product_cat":[908],"product_tag":[],"class_list":{"0":"post-4601","1":"product","2":"type-product","3":"status-publish","4":"has-post-thumbnail","6":"product_cat-plex-us-tratamento-protetor-multifuncoes","7":"description-off","9":"first","10":"instock","11":"shipping-taxable","12":"product-type-simple"},"yoast_head":"<!-- This site is optimized with the Yoast SEO plugin v27.2 - https:\/\/yoast.com\/product\/yoast-seo-wordpress\/ -->\n<title>PLEX-US N.\u00ba 2 - M\u00e1scara protetora para servi\u00e7os t\u00e9cnicos | Paul Rivera<\/title>\n<meta name=\"description\" content=\"PLEX-US N.\u00ba 2 \u00e9 a m\u00e1scara protetora que completa a a\u00e7\u00e3o de PLEX-US N.\u00ba 1 e melhora os resultados cosm\u00e9ticos dos tratamentos t\u00e9cnicos.\" \/>\n<meta name=\"robots\" content=\"index, follow, max-snippet:-1, max-image-preview:large, max-video-preview:-1\" \/>\n<link rel=\"canonical\" href=\"https:\/\/paulrivera.it\/pt-pt\/prodotti\/tecnicos\/plex-us-tratamento-protetor-multifuncoes\/plex-us-n-o-2-mascara-protetora-para-servicos-tecnicos\/\" \/>\n<meta property=\"og:locale\" content=\"pt_PT\" \/>\n<meta property=\"og:type\" content=\"article\" \/>\n<meta property=\"og:title\" content=\"PLEX-US N.\u00ba 2 - M\u00e1scara protetora para servi\u00e7os t\u00e9cnicos | Paul Rivera\" \/>\n<meta property=\"og:description\" content=\"PLEX-US N.\u00ba 2 \u00e9 a m\u00e1scara protetora que completa a a\u00e7\u00e3o de PLEX-US N.\u00ba 1 e melhora os resultados cosm\u00e9ticos dos tratamentos t\u00e9cnicos.\" \/>\n<meta property=\"og:url\" content=\"https:\/\/paulrivera.it\/pt-pt\/prodotti\/tecnicos\/plex-us-tratamento-protetor-multifuncoes\/plex-us-n-o-2-mascara-protetora-para-servicos-tecnicos\/\" \/>\n<meta property=\"og:site_name\" content=\"Paul Rivera\" \/>\n<meta property=\"article:modified_time\" content=\"2024-05-13T10:25:11+00:00\" \/>\n<meta property=\"og:image\" content=\"https:\/\/paulrivera.it\/wp-content\/uploads\/2023\/05\/604323_paul_rivera_plex_use_sealing_mask_500ml.png\" \/>\n\t<meta property=\"og:image:width\" content=\"800\" \/>\n\t<meta property=\"og:image:height\" content=\"800\" \/>\n\t<meta property=\"og:image:type\" content=\"image\/png\" \/>\n<meta name=\"twitter:card\" content=\"summary_large_image\" \/>\n<meta name=\"twitter:label1\" content=\"Est. reading time\" \/>\n\t<meta name=\"twitter:data1\" content=\"3 minutes\" \/>\n<script type=\"application\/ld+json\" class=\"yoast-schema-graph\">{\"@context\":\"https:\/\/schema.org\",\"@graph\":[{\"@type\":\"WebPage\",\"@id\":\"https:\/\/paulrivera.it\/pt-pt\/prodotti\/tecnicos\/plex-us-tratamento-protetor-multifuncoes\/plex-us-n-o-2-mascara-protetora-para-servicos-tecnicos\/\",\"url\":\"https:\/\/paulrivera.it\/pt-pt\/prodotti\/tecnicos\/plex-us-tratamento-protetor-multifuncoes\/plex-us-n-o-2-mascara-protetora-para-servicos-tecnicos\/\",\"name\":\"PLEX-US N.\u00ba 2 - M\u00e1scara protetora para servi\u00e7os t\u00e9cnicos | Paul Rivera\",\"isPartOf\":{\"@id\":\"https:\/\/paulrivera.it\/pt-pt\/#website\"},\"primaryImageOfPage\":{\"@id\":\"https:\/\/paulrivera.it\/pt-pt\/prodotti\/tecnicos\/plex-us-tratamento-protetor-multifuncoes\/plex-us-n-o-2-mascara-protetora-para-servicos-tecnicos\/#primaryimage\"},\"image\":{\"@id\":\"https:\/\/paulrivera.it\/pt-pt\/prodotti\/tecnicos\/plex-us-tratamento-protetor-multifuncoes\/plex-us-n-o-2-mascara-protetora-para-servicos-tecnicos\/#primaryimage\"},\"thumbnailUrl\":\"https:\/\/paulrivera.it\/wp-content\/uploads\/2023\/05\/604323_paul_rivera_plex_use_sealing_mask_500ml.png\",\"datePublished\":\"2021-11-24T13:46:26+00:00\",\"dateModified\":\"2024-05-13T10:25:11+00:00\",\"description\":\"PLEX-US N.\u00ba 2 \u00e9 a m\u00e1scara protetora que completa a a\u00e7\u00e3o de PLEX-US N.\u00ba 1 e melhora os resultados cosm\u00e9ticos dos tratamentos t\u00e9cnicos.\",\"breadcrumb\":{\"@id\":\"https:\/\/paulrivera.it\/pt-pt\/prodotti\/tecnicos\/plex-us-tratamento-protetor-multifuncoes\/plex-us-n-o-2-mascara-protetora-para-servicos-tecnicos\/#breadcrumb\"},\"inLanguage\":\"pt-PT\",\"potentialAction\":[{\"@type\":\"ReadAction\",\"target\":[\"https:\/\/paulrivera.it\/pt-pt\/prodotti\/tecnicos\/plex-us-tratamento-protetor-multifuncoes\/plex-us-n-o-2-mascara-protetora-para-servicos-tecnicos\/\"]}]},{\"@type\":\"ImageObject\",\"inLanguage\":\"pt-PT\",\"@id\":\"https:\/\/paulrivera.it\/pt-pt\/prodotti\/tecnicos\/plex-us-tratamento-protetor-multifuncoes\/plex-us-n-o-2-mascara-protetora-para-servicos-tecnicos\/#primaryimage\",\"url\":\"https:\/\/paulrivera.it\/wp-content\/uploads\/2023\/05\/604323_paul_rivera_plex_use_sealing_mask_500ml.png\",\"contentUrl\":\"https:\/\/paulrivera.it\/wp-content\/uploads\/2023\/05\/604323_paul_rivera_plex_use_sealing_mask_500ml.png\",\"width\":800,\"height\":800},{\"@type\":\"BreadcrumbList\",\"@id\":\"https:\/\/paulrivera.it\/pt-pt\/prodotti\/tecnicos\/plex-us-tratamento-protetor-multifuncoes\/plex-us-n-o-2-mascara-protetora-para-servicos-tecnicos\/#breadcrumb\",\"itemListElement\":[{\"@type\":\"ListItem\",\"position\":1,\"name\":\"Home\",\"item\":\"https:\/\/paulrivera.it\/pt-pt\/\"},{\"@type\":\"ListItem\",\"position\":2,\"name\":\"Pagina shop\",\"item\":\"https:\/\/paulrivera.it\/prodotti\/\"},{\"@type\":\"ListItem\",\"position\":3,\"name\":\"PLEX-US N.\u00ba 2 &#8211; M\u00e1scara protetora para servi\u00e7os t\u00e9cnicos\"}]},{\"@type\":\"WebSite\",\"@id\":\"https:\/\/paulrivera.it\/pt-pt\/#website\",\"url\":\"https:\/\/paulrivera.it\/pt-pt\/\",\"name\":\"Paul Rivera\",\"description\":\"Hair Beauty Celebration\",\"publisher\":{\"@id\":\"https:\/\/paulrivera.it\/pt-pt\/#organization\"},\"potentialAction\":[{\"@type\":\"SearchAction\",\"target\":{\"@type\":\"EntryPoint\",\"urlTemplate\":\"https:\/\/paulrivera.it\/pt-pt\/?s={search_term_string}\"},\"query-input\":{\"@type\":\"PropertyValueSpecification\",\"valueRequired\":true,\"valueName\":\"search_term_string\"}}],\"inLanguage\":\"pt-PT\"},{\"@type\":\"Organization\",\"@id\":\"https:\/\/paulrivera.it\/pt-pt\/#organization\",\"name\":\"Paul Rivera\",\"url\":\"https:\/\/paulrivera.it\/pt-pt\/\",\"logo\":{\"@type\":\"ImageObject\",\"inLanguage\":\"pt-PT\",\"@id\":\"https:\/\/paulrivera.it\/pt-pt\/#\/schema\/logo\/image\/\",\"url\":\"https:\/\/paulrivera.it\/wp-content\/uploads\/2020\/02\/paul_rivera_logo_header_x2.png\",\"contentUrl\":\"https:\/\/paulrivera.it\/wp-content\/uploads\/2020\/02\/paul_rivera_logo_header_x2.png\",\"width\":470,\"height\":60,\"caption\":\"Paul Rivera\"},\"image\":{\"@id\":\"https:\/\/paulrivera.it\/pt-pt\/#\/schema\/logo\/image\/\"}}]}<\/script>\n<!-- \/ Yoast SEO plugin. -->","yoast_head_json":{"title":"PLEX-US N.\u00ba 2 - M\u00e1scara protetora para servi\u00e7os t\u00e9cnicos | Paul Rivera","description":"PLEX-US N.\u00ba 2 \u00e9 a m\u00e1scara protetora que completa a a\u00e7\u00e3o de PLEX-US N.\u00ba 1 e melhora os resultados cosm\u00e9ticos dos tratamentos t\u00e9cnicos.","robots":{"index":"index","follow":"follow","max-snippet":"max-snippet:-1","max-image-preview":"max-image-preview:large","max-video-preview":"max-video-preview:-1"},"canonical":"https:\/\/paulrivera.it\/pt-pt\/prodotti\/tecnicos\/plex-us-tratamento-protetor-multifuncoes\/plex-us-n-o-2-mascara-protetora-para-servicos-tecnicos\/","og_locale":"pt_PT","og_type":"article","og_title":"PLEX-US N.\u00ba 2 - M\u00e1scara protetora para servi\u00e7os t\u00e9cnicos | Paul Rivera","og_description":"PLEX-US N.\u00ba 2 \u00e9 a m\u00e1scara protetora que completa a a\u00e7\u00e3o de PLEX-US N.\u00ba 1 e melhora os resultados cosm\u00e9ticos dos tratamentos t\u00e9cnicos.","og_url":"https:\/\/paulrivera.it\/pt-pt\/prodotti\/tecnicos\/plex-us-tratamento-protetor-multifuncoes\/plex-us-n-o-2-mascara-protetora-para-servicos-tecnicos\/","og_site_name":"Paul Rivera","article_modified_time":"2024-05-13T10:25:11+00:00","og_image":[{"width":800,"height":800,"url":"https:\/\/paulrivera.it\/wp-content\/uploads\/2023\/05\/604323_paul_rivera_plex_use_sealing_mask_500ml.png","type":"image\/png"}],"twitter_card":"summary_large_image","twitter_misc":{"Est. reading time":"3 minutes"},"schema":{"@context":"https:\/\/schema.org","@graph":[{"@type":"WebPage","@id":"https:\/\/paulrivera.it\/pt-pt\/prodotti\/tecnicos\/plex-us-tratamento-protetor-multifuncoes\/plex-us-n-o-2-mascara-protetora-para-servicos-tecnicos\/","url":"https:\/\/paulrivera.it\/pt-pt\/prodotti\/tecnicos\/plex-us-tratamento-protetor-multifuncoes\/plex-us-n-o-2-mascara-protetora-para-servicos-tecnicos\/","name":"PLEX-US N.\u00ba 2 - M\u00e1scara protetora para servi\u00e7os t\u00e9cnicos | Paul Rivera","isPartOf":{"@id":"https:\/\/paulrivera.it\/pt-pt\/#website"},"primaryImageOfPage":{"@id":"https:\/\/paulrivera.it\/pt-pt\/prodotti\/tecnicos\/plex-us-tratamento-protetor-multifuncoes\/plex-us-n-o-2-mascara-protetora-para-servicos-tecnicos\/#primaryimage"},"image":{"@id":"https:\/\/paulrivera.it\/pt-pt\/prodotti\/tecnicos\/plex-us-tratamento-protetor-multifuncoes\/plex-us-n-o-2-mascara-protetora-para-servicos-tecnicos\/#primaryimage"},"thumbnailUrl":"https:\/\/paulrivera.it\/wp-content\/uploads\/2023\/05\/604323_paul_rivera_plex_use_sealing_mask_500ml.png","datePublished":"2021-11-24T13:46:26+00:00","dateModified":"2024-05-13T10:25:11+00:00","description":"PLEX-US N.\u00ba 2 \u00e9 a m\u00e1scara protetora que completa a a\u00e7\u00e3o de PLEX-US N.\u00ba 1 e melhora os resultados cosm\u00e9ticos dos tratamentos t\u00e9cnicos.","breadcrumb":{"@id":"https:\/\/paulrivera.it\/pt-pt\/prodotti\/tecnicos\/plex-us-tratamento-protetor-multifuncoes\/plex-us-n-o-2-mascara-protetora-para-servicos-tecnicos\/#breadcrumb"},"inLanguage":"pt-PT","potentialAction":[{"@type":"ReadAction","target":["https:\/\/paulrivera.it\/pt-pt\/prodotti\/tecnicos\/plex-us-tratamento-protetor-multifuncoes\/plex-us-n-o-2-mascara-protetora-para-servicos-tecnicos\/"]}]},{"@type":"ImageObject","inLanguage":"pt-PT","@id":"https:\/\/paulrivera.it\/pt-pt\/prodotti\/tecnicos\/plex-us-tratamento-protetor-multifuncoes\/plex-us-n-o-2-mascara-protetora-para-servicos-tecnicos\/#primaryimage","url":"https:\/\/paulrivera.it\/wp-content\/uploads\/2023\/05\/604323_paul_rivera_plex_use_sealing_mask_500ml.png","contentUrl":"https:\/\/paulrivera.it\/wp-content\/uploads\/2023\/05\/604323_paul_rivera_plex_use_sealing_mask_500ml.png","width":800,"height":800},{"@type":"BreadcrumbList","@id":"https:\/\/paulrivera.it\/pt-pt\/prodotti\/tecnicos\/plex-us-tratamento-protetor-multifuncoes\/plex-us-n-o-2-mascara-protetora-para-servicos-tecnicos\/#breadcrumb","itemListElement":[{"@type":"ListItem","position":1,"name":"Home","item":"https:\/\/paulrivera.it\/pt-pt\/"},{"@type":"ListItem","position":2,"name":"Pagina shop","item":"https:\/\/paulrivera.it\/prodotti\/"},{"@type":"ListItem","position":3,"name":"PLEX-US N.\u00ba 2 &#8211; M\u00e1scara protetora para servi\u00e7os t\u00e9cnicos"}]},{"@type":"WebSite","@id":"https:\/\/paulrivera.it\/pt-pt\/#website","url":"https:\/\/paulrivera.it\/pt-pt\/","name":"Paul Rivera","description":"Hair Beauty Celebration","publisher":{"@id":"https:\/\/paulrivera.it\/pt-pt\/#organization"},"potentialAction":[{"@type":"SearchAction","target":{"@type":"EntryPoint","urlTemplate":"https:\/\/paulrivera.it\/pt-pt\/?s={search_term_string}"},"query-input":{"@type":"PropertyValueSpecification","valueRequired":true,"valueName":"search_term_string"}}],"inLanguage":"pt-PT"},{"@type":"Organization","@id":"https:\/\/paulrivera.it\/pt-pt\/#organization","name":"Paul Rivera","url":"https:\/\/paulrivera.it\/pt-pt\/","logo":{"@type":"ImageObject","inLanguage":"pt-PT","@id":"https:\/\/paulrivera.it\/pt-pt\/#\/schema\/logo\/image\/","url":"https:\/\/paulrivera.it\/wp-content\/uploads\/2020\/02\/paul_rivera_logo_header_x2.png","contentUrl":"https:\/\/paulrivera.it\/wp-content\/uploads\/2020\/02\/paul_rivera_logo_header_x2.png","width":470,"height":60,"caption":"Paul Rivera"},"image":{"@id":"https:\/\/paulrivera.it\/pt-pt\/#\/schema\/logo\/image\/"}}]}},"_links":{"self":[{"href":"https:\/\/paulrivera.it\/pt-pt\/wp-json\/wp\/v2\/product\/4601","targetHints":{"allow":["GET"]}}],"collection":[{"href":"https:\/\/paulrivera.it\/pt-pt\/wp-json\/wp\/v2\/product"}],"about":[{"href":"https:\/\/paulrivera.it\/pt-pt\/wp-json\/wp\/v2\/types\/product"}],"wp:featuredmedia":[{"embeddable":true,"href":"https:\/\/paulrivera.it\/pt-pt\/wp-json\/wp\/v2\/media\/7640"}],"wp:attachment":[{"href":"https:\/\/paulrivera.it\/pt-pt\/wp-json\/wp\/v2\/media?parent=4601"}],"wp:term":[{"taxonomy":"product_brand","embeddable":true,"href":"https:\/\/paulrivera.it\/pt-pt\/wp-json\/wp\/v2\/product_brand?post=4601"},{"taxonomy":"product_cat","embeddable":true,"href":"https:\/\/paulrivera.it\/pt-pt\/wp-json\/wp\/v2\/product_cat?post=4601"},{"taxonomy":"product_tag","embeddable":true,"href":"https:\/\/paulrivera.it\/pt-pt\/wp-json\/wp\/v2\/product_tag?post=4601"}],"curies":[{"name":"wp","href":"https:\/\/api.w.org\/{rel}","templated":true}]}}