{"id":4750,"date":"2022-01-24T09:00:23","date_gmt":"2021-12-23T09:37:24","guid":{"rendered":"https:\/\/paulrivera.it\/?post_type=product&#038;p=4750"},"modified":"2024-05-13T12:23:50","modified_gmt":"2024-05-13T10:23:50","slug":"hydra-dream-oleo-extra-dry","status":"publish","type":"product","link":"https:\/\/paulrivera.it\/pt-pt\/prodotti\/tratamentos\/hydra-dream-cabelos-secos\/hydra-dream-oleo-extra-dry\/","title":{"rendered":"Hydra Dream &#8211; \u00d3leo Extra Dry"},"content":{"rendered":"<div class=\"wpb-content-wrapper\"><p>[vc_row full_width=&#8221;stretch_row&#8221;][vc_column][vc_row_inner el_id=&#8221;desktop&#8221;][vc_column_inner width=&#8221;1\/2&#8243; css=&#8221;.vc_custom_1582194227194{padding-top: 10% !important;padding-right: 10% !important;padding-bottom: 10% !important;padding-left: 30% !important;}&#8221; offset=&#8221;vc_hidden-md vc_hidden-sm vc_hidden-xs&#8221;][vc_column_text]<\/p>\n<h1>Ir\u00e1 am\u00e1-lo porque<\/h1>\n<ul>\n<li style=\"font-weight: 400;\" aria-level=\"1\"><span style=\"font-weight: 400;\">Deixa a cabeleira suave e brilhante<\/span><\/li>\n<li style=\"font-weight: 400;\" aria-level=\"1\"><span style=\"font-weight: 400;\">Elimina as pontas espigadas<\/span><\/li>\n<li style=\"font-weight: 400;\" aria-level=\"1\"><span style=\"font-weight: 400;\">Hidrata e nutre em profundidade os cabelos secos\u00a0<\/span><\/li>\n<li style=\"font-weight: 400;\" aria-level=\"1\"><span style=\"font-weight: 400;\">N\u00e3o torna o cabelo oleoso nem pesado<\/span><\/li>\n<\/ul>\n<p>[\/vc_column_text][vc_column_text]<\/p>\n<h1>Ativos na f\u00f3rmula<\/h1>\n<ul>\n<li>Manteiga de karit\u00e9: rico em vitamina A e E, regenera o cabelo, hidrata e suaviza a fibra capilar. Alimento ultranutritivo para cabelos danificados.<\/li>\n<li>\u00d3leo de arg\u00e3o: as excecionais propriedades emolientes e hidratantes do \u00f3leo de arg\u00e3o resultam da sua composi\u00e7\u00e3o: rico em \u00e1cidos gordos e vitamina E, nutrem os cabelos danificados e secos e luta contra a forma\u00e7\u00e3o de pontas espigadas.<\/li>\n<\/ul>\n<p>[\/vc_column_text][vc_column_text]<\/p>\n<h1>Como usar<\/h1>\n<p><span style=\"font-weight: 400;\">Aplique uma pequena dose de produto nos comprimentos e pontas do cabelo enxuto com a toalha. N\u00e3o enxaguar. Proceda \u00e0 secagem com secador.<\/span>[\/vc_column_text][\/vc_column_inner][vc_column_inner width=&#8221;1\/2&#8243; css=&#8221;.vc_custom_1582802843311{background-image: url(https:\/\/paulrivera.it\/wp-content\/uploads\/2020\/02\/background_adv_product_hydra_dream.png?id=856) !important;background-position: center !important;background-repeat: no-repeat !important;background-size: cover !important;}&#8221; offset=&#8221;vc_hidden-md vc_hidden-sm vc_hidden-xs&#8221;][vc_single_image image=&#8221;4845&#8243; img_size=&#8221;full&#8221;][\/vc_column_inner][\/vc_row_inner][vc_row_inner el_id=&#8221;tablet&#8221;][vc_column_inner offset=&#8221;vc_hidden-lg vc_hidden-xs&#8221;][vc_column_text]<\/p>\n<h1>Ir\u00e1 am\u00e1-lo porque<\/h1>\n<ul>\n<li style=\"font-weight: 400;\" aria-level=\"1\"><span style=\"font-weight: 400;\">Deixa a cabeleira suave e brilhante<\/span><\/li>\n<li style=\"font-weight: 400;\" aria-level=\"1\"><span style=\"font-weight: 400;\">Elimina as pontas espigadas<\/span><\/li>\n<li style=\"font-weight: 400;\" aria-level=\"1\"><span style=\"font-weight: 400;\">Hidrata e nutre em profundidade os cabelos secos\u00a0<\/span><\/li>\n<li style=\"font-weight: 400;\" aria-level=\"1\"><span style=\"font-weight: 400;\">N\u00e3o torna o cabelo oleoso nem pesado<\/span><\/li>\n<\/ul>\n<p>[\/vc_column_text][vc_column_text]<\/p>\n<h1>Ativos na f\u00f3rmula<\/h1>\n<ul>\n<li>Manteiga de karit\u00e9: rico em vitamina A e E, regenera o cabelo, hidrata e suaviza a fibra capilar. Alimento ultranutritivo para cabelos danificados.<\/li>\n<li>\u00d3leo de arg\u00e3o: as excecionais propriedades emolientes e hidratantes do \u00f3leo de arg\u00e3o resultam da sua composi\u00e7\u00e3o: rico em \u00e1cidos gordos e vitamina E, nutrem os cabelos danificados e secos e luta contra a forma\u00e7\u00e3o de pontas espigadas.<\/li>\n<\/ul>\n<p>[\/vc_column_text][vc_column_text]<\/p>\n<h1>Como usar<\/h1>\n<p><span style=\"font-weight: 400;\">Aplique uma pequena dose de produto nos comprimentos e pontas do cabelo enxuto com a toalha. N\u00e3o enxaguar. Proceda \u00e0 secagem com secador.<\/span>[\/vc_column_text][\/vc_column_inner][\/vc_row_inner][vc_row_inner el_id=&#8221;mobile&#8221;][vc_column_inner width=&#8221;1\/2&#8243; offset=&#8221;vc_hidden-lg vc_hidden-md vc_hidden-sm&#8221;][vc_column_text]<\/p>\n<h1>Ir\u00e1 am\u00e1-lo porque<\/h1>\n<ul>\n<li style=\"font-weight: 400;\" aria-level=\"1\"><span style=\"font-weight: 400;\">Deixa a cabeleira suave e brilhante<\/span><\/li>\n<li style=\"font-weight: 400;\" aria-level=\"1\"><span style=\"font-weight: 400;\">Elimina as pontas espigadas<\/span><\/li>\n<li style=\"font-weight: 400;\" aria-level=\"1\"><span style=\"font-weight: 400;\">Hidrata e nutre em profundidade os cabelos secos\u00a0<\/span><\/li>\n<li style=\"font-weight: 400;\" aria-level=\"1\"><span style=\"font-weight: 400;\">N\u00e3o torna o cabelo oleoso nem pesado<\/span><\/li>\n<\/ul>\n<p>[\/vc_column_text][vc_column_text]<\/p>\n<h1>Ativos na f\u00f3rmula<\/h1>\n<ul>\n<li>Manteiga de karit\u00e9: rico em vitamina A e E, regenera o cabelo, hidrata e suaviza a fibra capilar. Alimento ultranutritivo para cabelos danificados.<\/li>\n<li>\u00d3leo de arg\u00e3o: as excecionais propriedades emolientes e hidratantes do \u00f3leo de arg\u00e3o resultam da sua composi\u00e7\u00e3o: rico em \u00e1cidos gordos e vitamina E, nutrem os cabelos danificados e secos e luta contra a forma\u00e7\u00e3o de pontas espigadas.<\/li>\n<\/ul>\n<p>[\/vc_column_text][vc_column_text]<\/p>\n<h1>Como usar<\/h1>\n<p><span style=\"font-weight: 400;\">Aplique uma pequena dose de produto nos comprimentos e pontas do cabelo enxuto com a toalha. N\u00e3o enxaguar. Proceda \u00e0 secagem com secador.<\/span>[\/vc_column_text][\/vc_column_inner][vc_column_inner width=&#8221;1\/2&#8243; css=&#8221;.vc_custom_1582802885395{background-image: url(https:\/\/paulrivera.it\/wp-content\/uploads\/2020\/02\/background_adv_product_hydra_dream.png?id=856) !important;background-position: center !important;background-repeat: no-repeat !important;background-size: cover !important;}&#8221; offset=&#8221;vc_hidden-lg vc_hidden-md vc_hidden-sm&#8221;][vc_single_image image=&#8221;4845&#8243; img_size=&#8221;full&#8221;][\/vc_column_inner][\/vc_row_inner][\/vc_column][\/vc_row][vc_row css=&#8221;.vc_custom_1582192829011{padding-top: 50px !important;}&#8221;][vc_column][vc_row_inner][vc_column_inner][vc_column_text]<\/p>\n<h1 style=\"text-align: center;\">Produtos relacionados<\/h1>\n<p>[\/vc_column_text][\/vc_column_inner][\/vc_row_inner][vc_raw_html]JTVCd3BiLXByb2R1Y3Qtc2xpZGVyLXNob3J0Y29kZSUyMGlkJTNEJTIyNDc1MiUyMiU1RA==[\/vc_raw_html][\/vc_column][\/vc_row]<\/p>\n<\/div>","protected":false},"excerpt":{"rendered":"<p><span style=\"font-weight: 400;\">Hydra Dream \u00e9 o \u00f3leo extra dry de <\/span><b>textura sedosa <\/b><span style=\"font-weight: 400;\">e de r\u00e1pida absor\u00e7\u00e3o que <\/span><b>protege contra o cabelo seco<\/b><span style=\"font-weight: 400;\"> e confere suavidade e hidrata\u00e7\u00e3o.\u00a0<\/span><\/p>\n<p><span style=\"font-weight: 400;\">A utilizar antes de secar ao secador para um<\/span><b> efeito anti-frizz<\/b><span style=\"font-weight: 400;\"> ou como acabamento, para um resultado brilhante. Tem uma f\u00f3rmula com Manteiga de Karit\u00e9 e \u00d3leo de Arg\u00e3o que \u00e9 perfeita para tratar cabelos ba\u00e7os e cansados, tornando-os <\/span><b>excecionalmente luminosos<\/b><span style=\"font-weight: 400;\">, sem deixar o cabelo oleoso.<\/span><\/p>\n<p><span style=\"font-weight: 400;\">150 ml<\/span><\/p>\n<p>&nbsp;<\/p>\n[maxbutton id=\"6\"]\n","protected":false},"featured_media":4736,"template":"","meta":[],"product_brand":[],"product_cat":[380],"product_tag":[],"class_list":{"0":"post-4750","1":"product","2":"type-product","3":"status-publish","4":"has-post-thumbnail","6":"product_cat-hydra-dream-cabelos-secos","7":"description-off","9":"first","10":"instock","11":"shipping-taxable","12":"product-type-simple"},"yoast_head":"<!-- This site is optimized with the Yoast SEO plugin v27.2 - https:\/\/yoast.com\/product\/yoast-seo-wordpress\/ -->\n<title>Hydra Dream - \u00d3leo Extra Dry | Paul Rivera<\/title>\n<meta name=\"description\" content=\"Hydra Dream \u00e9 o \u00f3leo extra dry de textura sedosa e de r\u00e1pida absor\u00e7\u00e3o que protege contra o cabelo seco e confere suavidade e hidrata\u00e7\u00e3o.\u00a0\" \/>\n<meta name=\"robots\" content=\"index, follow, max-snippet:-1, max-image-preview:large, max-video-preview:-1\" \/>\n<link rel=\"canonical\" href=\"https:\/\/paulrivera.it\/pt-pt\/prodotti\/tratamentos\/hydra-dream-cabelos-secos\/hydra-dream-oleo-extra-dry\/\" \/>\n<meta property=\"og:locale\" content=\"pt_PT\" \/>\n<meta property=\"og:type\" content=\"article\" \/>\n<meta property=\"og:title\" content=\"Hydra Dream - \u00d3leo Extra Dry | Paul Rivera\" \/>\n<meta property=\"og:description\" content=\"Hydra Dream \u00e9 o \u00f3leo extra dry de textura sedosa e de r\u00e1pida absor\u00e7\u00e3o que protege contra o cabelo seco e confere suavidade e hidrata\u00e7\u00e3o.\u00a0\" \/>\n<meta property=\"og:url\" content=\"https:\/\/paulrivera.it\/pt-pt\/prodotti\/tratamentos\/hydra-dream-cabelos-secos\/hydra-dream-oleo-extra-dry\/\" \/>\n<meta property=\"og:site_name\" content=\"Paul Rivera\" \/>\n<meta property=\"article:modified_time\" content=\"2024-05-13T10:23:50+00:00\" \/>\n<meta property=\"og:image\" content=\"https:\/\/paulrivera.it\/wp-content\/uploads\/2021\/12\/604521_paul_rivera_hydra_dream_extra_dry_oil_150ml-1.png\" \/>\n\t<meta property=\"og:image:width\" content=\"800\" \/>\n\t<meta property=\"og:image:height\" content=\"800\" \/>\n\t<meta property=\"og:image:type\" content=\"image\/png\" \/>\n<meta name=\"twitter:card\" content=\"summary_large_image\" \/>\n<meta name=\"twitter:label1\" content=\"Est. reading time\" \/>\n\t<meta name=\"twitter:data1\" content=\"3 minutes\" \/>\n<script type=\"application\/ld+json\" class=\"yoast-schema-graph\">{\"@context\":\"https:\/\/schema.org\",\"@graph\":[{\"@type\":\"WebPage\",\"@id\":\"https:\/\/paulrivera.it\/pt-pt\/prodotti\/tratamentos\/hydra-dream-cabelos-secos\/hydra-dream-oleo-extra-dry\/\",\"url\":\"https:\/\/paulrivera.it\/pt-pt\/prodotti\/tratamentos\/hydra-dream-cabelos-secos\/hydra-dream-oleo-extra-dry\/\",\"name\":\"Hydra Dream - \u00d3leo Extra Dry | Paul Rivera\",\"isPartOf\":{\"@id\":\"https:\/\/paulrivera.it\/pt-pt\/#website\"},\"primaryImageOfPage\":{\"@id\":\"https:\/\/paulrivera.it\/pt-pt\/prodotti\/tratamentos\/hydra-dream-cabelos-secos\/hydra-dream-oleo-extra-dry\/#primaryimage\"},\"image\":{\"@id\":\"https:\/\/paulrivera.it\/pt-pt\/prodotti\/tratamentos\/hydra-dream-cabelos-secos\/hydra-dream-oleo-extra-dry\/#primaryimage\"},\"thumbnailUrl\":\"https:\/\/paulrivera.it\/wp-content\/uploads\/2021\/12\/604521_paul_rivera_hydra_dream_extra_dry_oil_150ml-1.png\",\"datePublished\":\"2021-12-23T09:37:24+00:00\",\"dateModified\":\"2024-05-13T10:23:50+00:00\",\"description\":\"Hydra Dream \u00e9 o \u00f3leo extra dry de textura sedosa e de r\u00e1pida absor\u00e7\u00e3o que protege contra o cabelo seco e confere suavidade e hidrata\u00e7\u00e3o.\u00a0\",\"breadcrumb\":{\"@id\":\"https:\/\/paulrivera.it\/pt-pt\/prodotti\/tratamentos\/hydra-dream-cabelos-secos\/hydra-dream-oleo-extra-dry\/#breadcrumb\"},\"inLanguage\":\"pt-PT\",\"potentialAction\":[{\"@type\":\"ReadAction\",\"target\":[\"https:\/\/paulrivera.it\/pt-pt\/prodotti\/tratamentos\/hydra-dream-cabelos-secos\/hydra-dream-oleo-extra-dry\/\"]}]},{\"@type\":\"ImageObject\",\"inLanguage\":\"pt-PT\",\"@id\":\"https:\/\/paulrivera.it\/pt-pt\/prodotti\/tratamentos\/hydra-dream-cabelos-secos\/hydra-dream-oleo-extra-dry\/#primaryimage\",\"url\":\"https:\/\/paulrivera.it\/wp-content\/uploads\/2021\/12\/604521_paul_rivera_hydra_dream_extra_dry_oil_150ml-1.png\",\"contentUrl\":\"https:\/\/paulrivera.it\/wp-content\/uploads\/2021\/12\/604521_paul_rivera_hydra_dream_extra_dry_oil_150ml-1.png\",\"width\":800,\"height\":800},{\"@type\":\"BreadcrumbList\",\"@id\":\"https:\/\/paulrivera.it\/pt-pt\/prodotti\/tratamentos\/hydra-dream-cabelos-secos\/hydra-dream-oleo-extra-dry\/#breadcrumb\",\"itemListElement\":[{\"@type\":\"ListItem\",\"position\":1,\"name\":\"Home\",\"item\":\"https:\/\/paulrivera.it\/pt-pt\/\"},{\"@type\":\"ListItem\",\"position\":2,\"name\":\"Pagina shop\",\"item\":\"https:\/\/paulrivera.it\/prodotti\/\"},{\"@type\":\"ListItem\",\"position\":3,\"name\":\"Hydra Dream &#8211; \u00d3leo Extra Dry\"}]},{\"@type\":\"WebSite\",\"@id\":\"https:\/\/paulrivera.it\/pt-pt\/#website\",\"url\":\"https:\/\/paulrivera.it\/pt-pt\/\",\"name\":\"Paul Rivera\",\"description\":\"Hair Beauty Celebration\",\"publisher\":{\"@id\":\"https:\/\/paulrivera.it\/pt-pt\/#organization\"},\"potentialAction\":[{\"@type\":\"SearchAction\",\"target\":{\"@type\":\"EntryPoint\",\"urlTemplate\":\"https:\/\/paulrivera.it\/pt-pt\/?s={search_term_string}\"},\"query-input\":{\"@type\":\"PropertyValueSpecification\",\"valueRequired\":true,\"valueName\":\"search_term_string\"}}],\"inLanguage\":\"pt-PT\"},{\"@type\":\"Organization\",\"@id\":\"https:\/\/paulrivera.it\/pt-pt\/#organization\",\"name\":\"Paul Rivera\",\"url\":\"https:\/\/paulrivera.it\/pt-pt\/\",\"logo\":{\"@type\":\"ImageObject\",\"inLanguage\":\"pt-PT\",\"@id\":\"https:\/\/paulrivera.it\/pt-pt\/#\/schema\/logo\/image\/\",\"url\":\"https:\/\/paulrivera.it\/wp-content\/uploads\/2020\/02\/paul_rivera_logo_header_x2.png\",\"contentUrl\":\"https:\/\/paulrivera.it\/wp-content\/uploads\/2020\/02\/paul_rivera_logo_header_x2.png\",\"width\":470,\"height\":60,\"caption\":\"Paul Rivera\"},\"image\":{\"@id\":\"https:\/\/paulrivera.it\/pt-pt\/#\/schema\/logo\/image\/\"}}]}<\/script>\n<!-- \/ Yoast SEO plugin. -->","yoast_head_json":{"title":"Hydra Dream - \u00d3leo Extra Dry | Paul Rivera","description":"Hydra Dream \u00e9 o \u00f3leo extra dry de textura sedosa e de r\u00e1pida absor\u00e7\u00e3o que protege contra o cabelo seco e confere suavidade e hidrata\u00e7\u00e3o.\u00a0","robots":{"index":"index","follow":"follow","max-snippet":"max-snippet:-1","max-image-preview":"max-image-preview:large","max-video-preview":"max-video-preview:-1"},"canonical":"https:\/\/paulrivera.it\/pt-pt\/prodotti\/tratamentos\/hydra-dream-cabelos-secos\/hydra-dream-oleo-extra-dry\/","og_locale":"pt_PT","og_type":"article","og_title":"Hydra Dream - \u00d3leo Extra Dry | Paul Rivera","og_description":"Hydra Dream \u00e9 o \u00f3leo extra dry de textura sedosa e de r\u00e1pida absor\u00e7\u00e3o que protege contra o cabelo seco e confere suavidade e hidrata\u00e7\u00e3o.\u00a0","og_url":"https:\/\/paulrivera.it\/pt-pt\/prodotti\/tratamentos\/hydra-dream-cabelos-secos\/hydra-dream-oleo-extra-dry\/","og_site_name":"Paul Rivera","article_modified_time":"2024-05-13T10:23:50+00:00","og_image":[{"width":800,"height":800,"url":"https:\/\/paulrivera.it\/wp-content\/uploads\/2021\/12\/604521_paul_rivera_hydra_dream_extra_dry_oil_150ml-1.png","type":"image\/png"}],"twitter_card":"summary_large_image","twitter_misc":{"Est. reading time":"3 minutes"},"schema":{"@context":"https:\/\/schema.org","@graph":[{"@type":"WebPage","@id":"https:\/\/paulrivera.it\/pt-pt\/prodotti\/tratamentos\/hydra-dream-cabelos-secos\/hydra-dream-oleo-extra-dry\/","url":"https:\/\/paulrivera.it\/pt-pt\/prodotti\/tratamentos\/hydra-dream-cabelos-secos\/hydra-dream-oleo-extra-dry\/","name":"Hydra Dream - \u00d3leo Extra Dry | Paul Rivera","isPartOf":{"@id":"https:\/\/paulrivera.it\/pt-pt\/#website"},"primaryImageOfPage":{"@id":"https:\/\/paulrivera.it\/pt-pt\/prodotti\/tratamentos\/hydra-dream-cabelos-secos\/hydra-dream-oleo-extra-dry\/#primaryimage"},"image":{"@id":"https:\/\/paulrivera.it\/pt-pt\/prodotti\/tratamentos\/hydra-dream-cabelos-secos\/hydra-dream-oleo-extra-dry\/#primaryimage"},"thumbnailUrl":"https:\/\/paulrivera.it\/wp-content\/uploads\/2021\/12\/604521_paul_rivera_hydra_dream_extra_dry_oil_150ml-1.png","datePublished":"2021-12-23T09:37:24+00:00","dateModified":"2024-05-13T10:23:50+00:00","description":"Hydra Dream \u00e9 o \u00f3leo extra dry de textura sedosa e de r\u00e1pida absor\u00e7\u00e3o que protege contra o cabelo seco e confere suavidade e hidrata\u00e7\u00e3o.\u00a0","breadcrumb":{"@id":"https:\/\/paulrivera.it\/pt-pt\/prodotti\/tratamentos\/hydra-dream-cabelos-secos\/hydra-dream-oleo-extra-dry\/#breadcrumb"},"inLanguage":"pt-PT","potentialAction":[{"@type":"ReadAction","target":["https:\/\/paulrivera.it\/pt-pt\/prodotti\/tratamentos\/hydra-dream-cabelos-secos\/hydra-dream-oleo-extra-dry\/"]}]},{"@type":"ImageObject","inLanguage":"pt-PT","@id":"https:\/\/paulrivera.it\/pt-pt\/prodotti\/tratamentos\/hydra-dream-cabelos-secos\/hydra-dream-oleo-extra-dry\/#primaryimage","url":"https:\/\/paulrivera.it\/wp-content\/uploads\/2021\/12\/604521_paul_rivera_hydra_dream_extra_dry_oil_150ml-1.png","contentUrl":"https:\/\/paulrivera.it\/wp-content\/uploads\/2021\/12\/604521_paul_rivera_hydra_dream_extra_dry_oil_150ml-1.png","width":800,"height":800},{"@type":"BreadcrumbList","@id":"https:\/\/paulrivera.it\/pt-pt\/prodotti\/tratamentos\/hydra-dream-cabelos-secos\/hydra-dream-oleo-extra-dry\/#breadcrumb","itemListElement":[{"@type":"ListItem","position":1,"name":"Home","item":"https:\/\/paulrivera.it\/pt-pt\/"},{"@type":"ListItem","position":2,"name":"Pagina shop","item":"https:\/\/paulrivera.it\/prodotti\/"},{"@type":"ListItem","position":3,"name":"Hydra Dream &#8211; \u00d3leo Extra Dry"}]},{"@type":"WebSite","@id":"https:\/\/paulrivera.it\/pt-pt\/#website","url":"https:\/\/paulrivera.it\/pt-pt\/","name":"Paul Rivera","description":"Hair Beauty Celebration","publisher":{"@id":"https:\/\/paulrivera.it\/pt-pt\/#organization"},"potentialAction":[{"@type":"SearchAction","target":{"@type":"EntryPoint","urlTemplate":"https:\/\/paulrivera.it\/pt-pt\/?s={search_term_string}"},"query-input":{"@type":"PropertyValueSpecification","valueRequired":true,"valueName":"search_term_string"}}],"inLanguage":"pt-PT"},{"@type":"Organization","@id":"https:\/\/paulrivera.it\/pt-pt\/#organization","name":"Paul Rivera","url":"https:\/\/paulrivera.it\/pt-pt\/","logo":{"@type":"ImageObject","inLanguage":"pt-PT","@id":"https:\/\/paulrivera.it\/pt-pt\/#\/schema\/logo\/image\/","url":"https:\/\/paulrivera.it\/wp-content\/uploads\/2020\/02\/paul_rivera_logo_header_x2.png","contentUrl":"https:\/\/paulrivera.it\/wp-content\/uploads\/2020\/02\/paul_rivera_logo_header_x2.png","width":470,"height":60,"caption":"Paul Rivera"},"image":{"@id":"https:\/\/paulrivera.it\/pt-pt\/#\/schema\/logo\/image\/"}}]}},"_links":{"self":[{"href":"https:\/\/paulrivera.it\/pt-pt\/wp-json\/wp\/v2\/product\/4750","targetHints":{"allow":["GET"]}}],"collection":[{"href":"https:\/\/paulrivera.it\/pt-pt\/wp-json\/wp\/v2\/product"}],"about":[{"href":"https:\/\/paulrivera.it\/pt-pt\/wp-json\/wp\/v2\/types\/product"}],"wp:featuredmedia":[{"embeddable":true,"href":"https:\/\/paulrivera.it\/pt-pt\/wp-json\/wp\/v2\/media\/4736"}],"wp:attachment":[{"href":"https:\/\/paulrivera.it\/pt-pt\/wp-json\/wp\/v2\/media?parent=4750"}],"wp:term":[{"taxonomy":"product_brand","embeddable":true,"href":"https:\/\/paulrivera.it\/pt-pt\/wp-json\/wp\/v2\/product_brand?post=4750"},{"taxonomy":"product_cat","embeddable":true,"href":"https:\/\/paulrivera.it\/pt-pt\/wp-json\/wp\/v2\/product_cat?post=4750"},{"taxonomy":"product_tag","embeddable":true,"href":"https:\/\/paulrivera.it\/pt-pt\/wp-json\/wp\/v2\/product_tag?post=4750"}],"curies":[{"name":"wp","href":"https:\/\/api.w.org\/{rel}","templated":true}]}}