{"id":4914,"date":"2022-05-15T14:00:50","date_gmt":"2022-04-13T10:41:51","guid":{"rendered":"https:\/\/paulrivera.it\/?post_type=product&#038;p=4914"},"modified":"2024-05-13T12:22:56","modified_gmt":"2024-05-13T10:22:56","slug":"sunny-sfaction-mascara-pos-sol","status":"publish","type":"product","link":"https:\/\/paulrivera.it\/pt-pt\/prodotti\/tratamentos\/sunny-sfaction-tratamento-para-cabelos-expostos-ao-sol\/sunny-sfaction-mascara-pos-sol\/","title":{"rendered":"Sunny Sfaction &#8211; M\u00e1scara p\u00f3s-sol"},"content":{"rendered":"<div class=\"wpb-content-wrapper\"><p>[vc_row full_width=&#8221;stretch_row&#8221;][vc_column][vc_row_inner el_id=&#8221;desktop&#8221;][vc_column_inner width=&#8221;1\/2&#8243; css=&#8221;.vc_custom_1582194227194{padding-top: 10% !important;padding-right: 10% !important;padding-bottom: 10% !important;padding-left: 30% !important;}&#8221; offset=&#8221;vc_hidden-md vc_hidden-sm vc_hidden-xs&#8221;][vc_column_text]<\/p>\n<h1>Ir\u00e1 am\u00e1-lo porque<\/h1>\n<ul>\n<li style=\"font-weight: 400;\" aria-level=\"1\"><span style=\"font-weight: 400;\">Nutre e repara os cabelos agredidos pelo sol, sal e cloro.<\/span><\/li>\n<li style=\"font-weight: 400;\" aria-level=\"1\"><span style=\"font-weight: 400;\">Deixa os cabelos macios e luminosos<\/span><\/li>\n<li style=\"font-weight: 400;\" aria-level=\"1\"><span style=\"font-weight: 400;\">Melhora a penteabilidade do cabelo<\/span><\/li>\n<li style=\"font-weight: 400;\" aria-level=\"1\"><span style=\"font-weight: 400;\">Ajuda a prevenir o desvanecimento da cor<\/span><\/li>\n<\/ul>\n<p>[\/vc_column_text][vc_column_text]<\/p>\n<h1>Ativos na f\u00f3rmula<\/h1>\n<ul>\n<li style=\"font-weight: 400;\" aria-level=\"1\"><span style=\"font-weight: 400;\">Extrato de Coco: rico em minerais e vitaminas, tem um excecional poder de hidratar e nutrir o cabelo.<\/span><\/li>\n<li style=\"font-weight: 400;\" aria-level=\"1\"><span style=\"font-weight: 400;\">\u00d3leo de c\u00e2nhamo: a sua a\u00e7\u00e3o emoliente ajuda a prevenir a secura e a desidrata\u00e7\u00e3o enquanto a a\u00e7\u00e3o reestruturante torna o cabelo saud\u00e1vel e luminoso.<\/span><\/li>\n<\/ul>\n<p>[\/vc_column_text][vc_column_text]<\/p>\n<h1>Como usar<\/h1>\n<p><span style=\"font-weight: 400;\">Aplicar ap\u00f3s o champ\u00f4 em todo o comprimento do cabelo, deixar atuar 2\/3 minutos e enxaguar. <\/span>[\/vc_column_text][\/vc_column_inner][vc_column_inner width=&#8221;1\/2&#8243; css=&#8221;.vc_custom_1649847005921{background-image: url(https:\/\/paulrivera.it\/wp-content\/uploads\/2022\/03\/background_paul_rivera_adv_prodotti_sunny_sfaction.png?id=4851) !important;background-position: center !important;background-repeat: no-repeat !important;background-size: cover !important;}&#8221; offset=&#8221;vc_hidden-md vc_hidden-sm vc_hidden-xs&#8221;][vc_single_image image=&#8221;4866&#8243; img_size=&#8221;full&#8221;][\/vc_column_inner][\/vc_row_inner][vc_row_inner el_id=&#8221;tablet&#8221;][vc_column_inner offset=&#8221;vc_hidden-lg vc_hidden-xs&#8221;][vc_column_text]<\/p>\n<h1>Ir\u00e1 am\u00e1-lo porque<\/h1>\n<ul>\n<li style=\"font-weight: 400;\" aria-level=\"1\"><span style=\"font-weight: 400;\">Nutre e repara os cabelos agredidos pelo sol, sal e cloro.<\/span><\/li>\n<li style=\"font-weight: 400;\" aria-level=\"1\"><span style=\"font-weight: 400;\">Deixa os cabelos macios e luminosos<\/span><\/li>\n<li style=\"font-weight: 400;\" aria-level=\"1\"><span style=\"font-weight: 400;\">Melhora a penteabilidade do cabelo<\/span><\/li>\n<li style=\"font-weight: 400;\" aria-level=\"1\"><span style=\"font-weight: 400;\">Ajuda a prevenir o desvanecimento da cor<\/span><\/li>\n<\/ul>\n<p>[\/vc_column_text][vc_column_text]<\/p>\n<h1>Ativos na f\u00f3rmula<\/h1>\n<ul>\n<li style=\"font-weight: 400;\" aria-level=\"1\"><span style=\"font-weight: 400;\">Extrato de Coco: rico em minerais e vitaminas, tem um excecional poder de hidratar e nutrir o cabelo.<\/span><\/li>\n<li style=\"font-weight: 400;\" aria-level=\"1\"><span style=\"font-weight: 400;\">\u00d3leo de c\u00e2nhamo: a sua a\u00e7\u00e3o emoliente ajuda a prevenir a secura e a desidrata\u00e7\u00e3o enquanto a a\u00e7\u00e3o reestruturante torna o cabelo saud\u00e1vel e luminoso.<\/span><\/li>\n<\/ul>\n<p>[\/vc_column_text][vc_column_text]<\/p>\n<h1>Como usar<\/h1>\n<p><span style=\"font-weight: 400;\">Aplicar ap\u00f3s o champ\u00f4 em todo o comprimento do cabelo, deixar atuar 2\/3 minutos e enxaguar. <\/span>[\/vc_column_text][\/vc_column_inner][\/vc_row_inner][vc_row_inner el_id=&#8221;mobile&#8221;][vc_column_inner width=&#8221;1\/2&#8243; offset=&#8221;vc_hidden-lg vc_hidden-md vc_hidden-sm&#8221;][vc_column_text]<\/p>\n<h1>Ir\u00e1 am\u00e1-lo porque<\/h1>\n<ul>\n<li style=\"font-weight: 400;\" aria-level=\"1\"><span style=\"font-weight: 400;\">Nutre e repara os cabelos agredidos pelo sol, sal e cloro.<\/span><\/li>\n<li style=\"font-weight: 400;\" aria-level=\"1\"><span style=\"font-weight: 400;\">Deixa os cabelos macios e luminosos<\/span><\/li>\n<li style=\"font-weight: 400;\" aria-level=\"1\"><span style=\"font-weight: 400;\">Melhora a penteabilidade do cabelo<\/span><\/li>\n<li style=\"font-weight: 400;\" aria-level=\"1\"><span style=\"font-weight: 400;\">Ajuda a prevenir o desvanecimento da cor<\/span><\/li>\n<\/ul>\n<p>[\/vc_column_text][vc_column_text]<\/p>\n<h1>Ativos na f\u00f3rmula<\/h1>\n<ul>\n<li style=\"font-weight: 400;\" aria-level=\"1\"><span style=\"font-weight: 400;\">Extrato de Coco: rico em minerais e vitaminas, tem um excecional poder de hidratar e nutrir o cabelo.<\/span><\/li>\n<li style=\"font-weight: 400;\" aria-level=\"1\"><span style=\"font-weight: 400;\">\u00d3leo de c\u00e2nhamo: a sua a\u00e7\u00e3o emoliente ajuda a prevenir a secura e a desidrata\u00e7\u00e3o enquanto a a\u00e7\u00e3o reestruturante torna o cabelo saud\u00e1vel e luminoso.<\/span><\/li>\n<\/ul>\n<p>[\/vc_column_text][vc_column_text]<\/p>\n<h1>Como usar<\/h1>\n<p><span style=\"font-weight: 400;\">Aplicar ap\u00f3s o champ\u00f4 em todo o comprimento do cabelo, deixar atuar 2\/3 minutos e enxaguar. <\/span>[\/vc_column_text][\/vc_column_inner][vc_column_inner width=&#8221;1\/2&#8243; css=&#8221;.vc_custom_1649847034841{background-image: url(https:\/\/paulrivera.it\/wp-content\/uploads\/2022\/03\/background_paul_rivera_adv_prodotti_sunny_sfaction.png?id=4851) !important;background-position: center !important;background-repeat: no-repeat !important;background-size: cover !important;}&#8221; offset=&#8221;vc_hidden-lg vc_hidden-md vc_hidden-sm&#8221;][vc_single_image image=&#8221;4866&#8243; img_size=&#8221;full&#8221;][\/vc_column_inner][\/vc_row_inner][\/vc_column][\/vc_row][vc_row css=&#8221;.vc_custom_1582192829011{padding-top: 50px !important;}&#8221;][vc_column][vc_row_inner][vc_column_inner][vc_column_text]<\/p>\n<h1 style=\"text-align: center;\">Produtos relacionados<\/h1>\n<p>[\/vc_column_text][\/vc_column_inner][\/vc_row_inner][vc_raw_html]JTVCd3BiLXByb2R1Y3Qtc2xpZGVyLXNob3J0Y29kZSUyMGlkJTNEJTIyNDkyMiUyMiU1RA==[\/vc_raw_html][\/vc_column][\/vc_row]<\/p>\n<\/div>","protected":false},"excerpt":{"rendered":"<p><span style=\"font-weight: 400;\">A m\u00e1scara Sunny Sfaction \u00e9 perfeita para nutrir e <strong>reparar profundamente os cabelos agredidos pelo sol, sal ou cloro. <\/strong><\/span><\/p>\n<p><span style=\"font-weight: 400;\">A sua a\u00e7\u00e3o garante um efeito luminoso instant\u00e2neo e ajuda a preservar a cor do cabelo, enquanto a f\u00f3rmula de Extrato de Coco e \u00d3leo de C\u00e2nhamo, <strong>facilita o desembara\u00e7o, deixando o cabelo macio e brilhante.<\/strong><\/span><\/p>\n<p><span style=\"font-weight: 400;\">200 ml<\/span><\/p>\n<p>&nbsp;<\/p>\n[maxbutton id=\"6\"]\n","protected":false},"featured_media":4825,"template":"","meta":[],"product_brand":[],"product_cat":[929],"product_tag":[],"class_list":{"0":"post-4914","1":"product","2":"type-product","3":"status-publish","4":"has-post-thumbnail","6":"product_cat-sunny-sfaction-tratamento-para-cabelos-expostos-ao-sol","7":"description-off","9":"first","10":"instock","11":"shipping-taxable","12":"product-type-simple"},"yoast_head":"<!-- This site is optimized with the Yoast SEO plugin v27.2 - https:\/\/yoast.com\/product\/yoast-seo-wordpress\/ -->\n<title>Sunny Sfaction - M\u00e1scara p\u00f3s-sol | Paul Rivera<\/title>\n<meta name=\"description\" content=\"A m\u00e1scara Sunny Sfaction \u00e9 perfeita para nutrir e reparar profundamente os cabelos agredidos pelo sol, sal ou cloro.\" \/>\n<meta name=\"robots\" content=\"index, follow, max-snippet:-1, max-image-preview:large, max-video-preview:-1\" \/>\n<link rel=\"canonical\" href=\"https:\/\/paulrivera.it\/pt-pt\/prodotti\/tratamentos\/sunny-sfaction-tratamento-para-cabelos-expostos-ao-sol\/sunny-sfaction-mascara-pos-sol\/\" \/>\n<meta property=\"og:locale\" content=\"pt_PT\" \/>\n<meta property=\"og:type\" content=\"article\" \/>\n<meta property=\"og:title\" content=\"Sunny Sfaction - M\u00e1scara p\u00f3s-sol | Paul Rivera\" \/>\n<meta property=\"og:description\" content=\"A m\u00e1scara Sunny Sfaction \u00e9 perfeita para nutrir e reparar profundamente os cabelos agredidos pelo sol, sal ou cloro.\" \/>\n<meta property=\"og:url\" content=\"https:\/\/paulrivera.it\/pt-pt\/prodotti\/tratamentos\/sunny-sfaction-tratamento-para-cabelos-expostos-ao-sol\/sunny-sfaction-mascara-pos-sol\/\" \/>\n<meta property=\"og:site_name\" content=\"Paul Rivera\" \/>\n<meta property=\"article:modified_time\" content=\"2024-05-13T10:22:56+00:00\" \/>\n<meta property=\"og:image\" content=\"https:\/\/paulrivera.it\/wp-content\/uploads\/2022\/03\/604958_paul_rivera_sunny_sfaction_mask_200ml.png\" \/>\n\t<meta property=\"og:image:width\" content=\"800\" \/>\n\t<meta property=\"og:image:height\" content=\"800\" \/>\n\t<meta property=\"og:image:type\" content=\"image\/png\" \/>\n<meta name=\"twitter:card\" content=\"summary_large_image\" \/>\n<meta name=\"twitter:label1\" content=\"Est. reading time\" \/>\n\t<meta name=\"twitter:data1\" content=\"3 minutes\" \/>\n<script type=\"application\/ld+json\" class=\"yoast-schema-graph\">{\"@context\":\"https:\/\/schema.org\",\"@graph\":[{\"@type\":\"WebPage\",\"@id\":\"https:\/\/paulrivera.it\/pt-pt\/prodotti\/tratamentos\/sunny-sfaction-tratamento-para-cabelos-expostos-ao-sol\/sunny-sfaction-mascara-pos-sol\/\",\"url\":\"https:\/\/paulrivera.it\/pt-pt\/prodotti\/tratamentos\/sunny-sfaction-tratamento-para-cabelos-expostos-ao-sol\/sunny-sfaction-mascara-pos-sol\/\",\"name\":\"Sunny Sfaction - M\u00e1scara p\u00f3s-sol | Paul Rivera\",\"isPartOf\":{\"@id\":\"https:\/\/paulrivera.it\/pt-pt\/#website\"},\"primaryImageOfPage\":{\"@id\":\"https:\/\/paulrivera.it\/pt-pt\/prodotti\/tratamentos\/sunny-sfaction-tratamento-para-cabelos-expostos-ao-sol\/sunny-sfaction-mascara-pos-sol\/#primaryimage\"},\"image\":{\"@id\":\"https:\/\/paulrivera.it\/pt-pt\/prodotti\/tratamentos\/sunny-sfaction-tratamento-para-cabelos-expostos-ao-sol\/sunny-sfaction-mascara-pos-sol\/#primaryimage\"},\"thumbnailUrl\":\"https:\/\/paulrivera.it\/wp-content\/uploads\/2022\/03\/604958_paul_rivera_sunny_sfaction_mask_200ml.png\",\"datePublished\":\"2022-04-13T10:41:51+00:00\",\"dateModified\":\"2024-05-13T10:22:56+00:00\",\"description\":\"A m\u00e1scara Sunny Sfaction \u00e9 perfeita para nutrir e reparar profundamente os cabelos agredidos pelo sol, sal ou cloro.\",\"breadcrumb\":{\"@id\":\"https:\/\/paulrivera.it\/pt-pt\/prodotti\/tratamentos\/sunny-sfaction-tratamento-para-cabelos-expostos-ao-sol\/sunny-sfaction-mascara-pos-sol\/#breadcrumb\"},\"inLanguage\":\"pt-PT\",\"potentialAction\":[{\"@type\":\"ReadAction\",\"target\":[\"https:\/\/paulrivera.it\/pt-pt\/prodotti\/tratamentos\/sunny-sfaction-tratamento-para-cabelos-expostos-ao-sol\/sunny-sfaction-mascara-pos-sol\/\"]}]},{\"@type\":\"ImageObject\",\"inLanguage\":\"pt-PT\",\"@id\":\"https:\/\/paulrivera.it\/pt-pt\/prodotti\/tratamentos\/sunny-sfaction-tratamento-para-cabelos-expostos-ao-sol\/sunny-sfaction-mascara-pos-sol\/#primaryimage\",\"url\":\"https:\/\/paulrivera.it\/wp-content\/uploads\/2022\/03\/604958_paul_rivera_sunny_sfaction_mask_200ml.png\",\"contentUrl\":\"https:\/\/paulrivera.it\/wp-content\/uploads\/2022\/03\/604958_paul_rivera_sunny_sfaction_mask_200ml.png\",\"width\":800,\"height\":800},{\"@type\":\"BreadcrumbList\",\"@id\":\"https:\/\/paulrivera.it\/pt-pt\/prodotti\/tratamentos\/sunny-sfaction-tratamento-para-cabelos-expostos-ao-sol\/sunny-sfaction-mascara-pos-sol\/#breadcrumb\",\"itemListElement\":[{\"@type\":\"ListItem\",\"position\":1,\"name\":\"Home\",\"item\":\"https:\/\/paulrivera.it\/pt-pt\/\"},{\"@type\":\"ListItem\",\"position\":2,\"name\":\"Pagina shop\",\"item\":\"https:\/\/paulrivera.it\/prodotti\/\"},{\"@type\":\"ListItem\",\"position\":3,\"name\":\"Sunny Sfaction &#8211; M\u00e1scara p\u00f3s-sol\"}]},{\"@type\":\"WebSite\",\"@id\":\"https:\/\/paulrivera.it\/pt-pt\/#website\",\"url\":\"https:\/\/paulrivera.it\/pt-pt\/\",\"name\":\"Paul Rivera\",\"description\":\"Hair Beauty Celebration\",\"publisher\":{\"@id\":\"https:\/\/paulrivera.it\/pt-pt\/#organization\"},\"potentialAction\":[{\"@type\":\"SearchAction\",\"target\":{\"@type\":\"EntryPoint\",\"urlTemplate\":\"https:\/\/paulrivera.it\/pt-pt\/?s={search_term_string}\"},\"query-input\":{\"@type\":\"PropertyValueSpecification\",\"valueRequired\":true,\"valueName\":\"search_term_string\"}}],\"inLanguage\":\"pt-PT\"},{\"@type\":\"Organization\",\"@id\":\"https:\/\/paulrivera.it\/pt-pt\/#organization\",\"name\":\"Paul Rivera\",\"url\":\"https:\/\/paulrivera.it\/pt-pt\/\",\"logo\":{\"@type\":\"ImageObject\",\"inLanguage\":\"pt-PT\",\"@id\":\"https:\/\/paulrivera.it\/pt-pt\/#\/schema\/logo\/image\/\",\"url\":\"https:\/\/paulrivera.it\/wp-content\/uploads\/2020\/02\/paul_rivera_logo_header_x2.png\",\"contentUrl\":\"https:\/\/paulrivera.it\/wp-content\/uploads\/2020\/02\/paul_rivera_logo_header_x2.png\",\"width\":470,\"height\":60,\"caption\":\"Paul Rivera\"},\"image\":{\"@id\":\"https:\/\/paulrivera.it\/pt-pt\/#\/schema\/logo\/image\/\"}}]}<\/script>\n<!-- \/ Yoast SEO plugin. -->","yoast_head_json":{"title":"Sunny Sfaction - M\u00e1scara p\u00f3s-sol | Paul Rivera","description":"A m\u00e1scara Sunny Sfaction \u00e9 perfeita para nutrir e reparar profundamente os cabelos agredidos pelo sol, sal ou cloro.","robots":{"index":"index","follow":"follow","max-snippet":"max-snippet:-1","max-image-preview":"max-image-preview:large","max-video-preview":"max-video-preview:-1"},"canonical":"https:\/\/paulrivera.it\/pt-pt\/prodotti\/tratamentos\/sunny-sfaction-tratamento-para-cabelos-expostos-ao-sol\/sunny-sfaction-mascara-pos-sol\/","og_locale":"pt_PT","og_type":"article","og_title":"Sunny Sfaction - M\u00e1scara p\u00f3s-sol | Paul Rivera","og_description":"A m\u00e1scara Sunny Sfaction \u00e9 perfeita para nutrir e reparar profundamente os cabelos agredidos pelo sol, sal ou cloro.","og_url":"https:\/\/paulrivera.it\/pt-pt\/prodotti\/tratamentos\/sunny-sfaction-tratamento-para-cabelos-expostos-ao-sol\/sunny-sfaction-mascara-pos-sol\/","og_site_name":"Paul Rivera","article_modified_time":"2024-05-13T10:22:56+00:00","og_image":[{"width":800,"height":800,"url":"https:\/\/paulrivera.it\/wp-content\/uploads\/2022\/03\/604958_paul_rivera_sunny_sfaction_mask_200ml.png","type":"image\/png"}],"twitter_card":"summary_large_image","twitter_misc":{"Est. reading time":"3 minutes"},"schema":{"@context":"https:\/\/schema.org","@graph":[{"@type":"WebPage","@id":"https:\/\/paulrivera.it\/pt-pt\/prodotti\/tratamentos\/sunny-sfaction-tratamento-para-cabelos-expostos-ao-sol\/sunny-sfaction-mascara-pos-sol\/","url":"https:\/\/paulrivera.it\/pt-pt\/prodotti\/tratamentos\/sunny-sfaction-tratamento-para-cabelos-expostos-ao-sol\/sunny-sfaction-mascara-pos-sol\/","name":"Sunny Sfaction - M\u00e1scara p\u00f3s-sol | Paul Rivera","isPartOf":{"@id":"https:\/\/paulrivera.it\/pt-pt\/#website"},"primaryImageOfPage":{"@id":"https:\/\/paulrivera.it\/pt-pt\/prodotti\/tratamentos\/sunny-sfaction-tratamento-para-cabelos-expostos-ao-sol\/sunny-sfaction-mascara-pos-sol\/#primaryimage"},"image":{"@id":"https:\/\/paulrivera.it\/pt-pt\/prodotti\/tratamentos\/sunny-sfaction-tratamento-para-cabelos-expostos-ao-sol\/sunny-sfaction-mascara-pos-sol\/#primaryimage"},"thumbnailUrl":"https:\/\/paulrivera.it\/wp-content\/uploads\/2022\/03\/604958_paul_rivera_sunny_sfaction_mask_200ml.png","datePublished":"2022-04-13T10:41:51+00:00","dateModified":"2024-05-13T10:22:56+00:00","description":"A m\u00e1scara Sunny Sfaction \u00e9 perfeita para nutrir e reparar profundamente os cabelos agredidos pelo sol, sal ou cloro.","breadcrumb":{"@id":"https:\/\/paulrivera.it\/pt-pt\/prodotti\/tratamentos\/sunny-sfaction-tratamento-para-cabelos-expostos-ao-sol\/sunny-sfaction-mascara-pos-sol\/#breadcrumb"},"inLanguage":"pt-PT","potentialAction":[{"@type":"ReadAction","target":["https:\/\/paulrivera.it\/pt-pt\/prodotti\/tratamentos\/sunny-sfaction-tratamento-para-cabelos-expostos-ao-sol\/sunny-sfaction-mascara-pos-sol\/"]}]},{"@type":"ImageObject","inLanguage":"pt-PT","@id":"https:\/\/paulrivera.it\/pt-pt\/prodotti\/tratamentos\/sunny-sfaction-tratamento-para-cabelos-expostos-ao-sol\/sunny-sfaction-mascara-pos-sol\/#primaryimage","url":"https:\/\/paulrivera.it\/wp-content\/uploads\/2022\/03\/604958_paul_rivera_sunny_sfaction_mask_200ml.png","contentUrl":"https:\/\/paulrivera.it\/wp-content\/uploads\/2022\/03\/604958_paul_rivera_sunny_sfaction_mask_200ml.png","width":800,"height":800},{"@type":"BreadcrumbList","@id":"https:\/\/paulrivera.it\/pt-pt\/prodotti\/tratamentos\/sunny-sfaction-tratamento-para-cabelos-expostos-ao-sol\/sunny-sfaction-mascara-pos-sol\/#breadcrumb","itemListElement":[{"@type":"ListItem","position":1,"name":"Home","item":"https:\/\/paulrivera.it\/pt-pt\/"},{"@type":"ListItem","position":2,"name":"Pagina shop","item":"https:\/\/paulrivera.it\/prodotti\/"},{"@type":"ListItem","position":3,"name":"Sunny Sfaction &#8211; M\u00e1scara p\u00f3s-sol"}]},{"@type":"WebSite","@id":"https:\/\/paulrivera.it\/pt-pt\/#website","url":"https:\/\/paulrivera.it\/pt-pt\/","name":"Paul Rivera","description":"Hair Beauty Celebration","publisher":{"@id":"https:\/\/paulrivera.it\/pt-pt\/#organization"},"potentialAction":[{"@type":"SearchAction","target":{"@type":"EntryPoint","urlTemplate":"https:\/\/paulrivera.it\/pt-pt\/?s={search_term_string}"},"query-input":{"@type":"PropertyValueSpecification","valueRequired":true,"valueName":"search_term_string"}}],"inLanguage":"pt-PT"},{"@type":"Organization","@id":"https:\/\/paulrivera.it\/pt-pt\/#organization","name":"Paul Rivera","url":"https:\/\/paulrivera.it\/pt-pt\/","logo":{"@type":"ImageObject","inLanguage":"pt-PT","@id":"https:\/\/paulrivera.it\/pt-pt\/#\/schema\/logo\/image\/","url":"https:\/\/paulrivera.it\/wp-content\/uploads\/2020\/02\/paul_rivera_logo_header_x2.png","contentUrl":"https:\/\/paulrivera.it\/wp-content\/uploads\/2020\/02\/paul_rivera_logo_header_x2.png","width":470,"height":60,"caption":"Paul Rivera"},"image":{"@id":"https:\/\/paulrivera.it\/pt-pt\/#\/schema\/logo\/image\/"}}]}},"_links":{"self":[{"href":"https:\/\/paulrivera.it\/pt-pt\/wp-json\/wp\/v2\/product\/4914","targetHints":{"allow":["GET"]}}],"collection":[{"href":"https:\/\/paulrivera.it\/pt-pt\/wp-json\/wp\/v2\/product"}],"about":[{"href":"https:\/\/paulrivera.it\/pt-pt\/wp-json\/wp\/v2\/types\/product"}],"wp:featuredmedia":[{"embeddable":true,"href":"https:\/\/paulrivera.it\/pt-pt\/wp-json\/wp\/v2\/media\/4825"}],"wp:attachment":[{"href":"https:\/\/paulrivera.it\/pt-pt\/wp-json\/wp\/v2\/media?parent=4914"}],"wp:term":[{"taxonomy":"product_brand","embeddable":true,"href":"https:\/\/paulrivera.it\/pt-pt\/wp-json\/wp\/v2\/product_brand?post=4914"},{"taxonomy":"product_cat","embeddable":true,"href":"https:\/\/paulrivera.it\/pt-pt\/wp-json\/wp\/v2\/product_cat?post=4914"},{"taxonomy":"product_tag","embeddable":true,"href":"https:\/\/paulrivera.it\/pt-pt\/wp-json\/wp\/v2\/product_tag?post=4914"}],"curies":[{"name":"wp","href":"https:\/\/api.w.org\/{rel}","templated":true}]}}