{"id":5375,"date":"2023-02-08T10:12:05","date_gmt":"2023-02-08T09:12:06","guid":{"rendered":"https:\/\/paulrivera.it\/?post_type=product&#038;p=5375"},"modified":"2024-05-13T12:16:06","modified_gmt":"2024-05-13T10:16:06","slug":"loud-volume-champo-volumizador","status":"publish","type":"product","link":"https:\/\/paulrivera.it\/pt-pt\/prodotti\/tratamentos\/loud-volume-cabelos-finos\/loud-volume-champo-volumizador\/","title":{"rendered":"Loud Volume &#8211; Champ\u00f4 volumizador"},"content":{"rendered":"<div class=\"wpb-content-wrapper\"><p>[vc_row full_width=&#8221;stretch_row&#8221;][vc_column][vc_row_inner el_id=&#8221;desktop&#8221;][vc_column_inner width=&#8221;1\/2&#8243; css=&#8221;.vc_custom_1582194227194{padding-top: 10% !important;padding-right: 10% !important;padding-bottom: 10% !important;padding-left: 30% !important;}&#8221; offset=&#8221;vc_hidden-md vc_hidden-sm vc_hidden-xs&#8221;][vc_column_text]<\/p>\n<h1>Ir\u00e1 am\u00e1-lo porque<\/h1>\n<ul>\n<li style=\"font-weight: 400;\" aria-level=\"1\"><span style=\"font-weight: 400;\">Adequado para cabelos finos e sem volume<\/span><\/li>\n<li style=\"font-weight: 400;\" aria-level=\"1\"><b>Confere mais volume<\/b><span style=\"font-weight: 400;\"> ao cabelo<\/span><\/li>\n<li style=\"font-weight: 400;\" aria-level=\"1\"><b>Hidrata a fundo<\/b><span style=\"font-weight: 400;\">, sem pesar<\/span><\/li>\n<li style=\"font-weight: 400;\" aria-level=\"1\">O cabelo fica com um aspeto<b> mais saud\u00e1vel e brilhante<\/b>.<\/li>\n<\/ul>\n<p>[\/vc_column_text][vc_column_text]<\/p>\n<h1>Ativos na f\u00f3rmula<\/h1>\n<ul>\n<li style=\"font-weight: 400;\" aria-level=\"1\"><b>Extrato de Cent\u00e1urea azul<\/b><span style=\"font-weight: 400;\">: desempenha uma a\u00e7\u00e3o antioxidante e revitalizante no cabelo, deixando-o suave e leve.<\/span><\/li>\n<li style=\"font-weight: 400;\" aria-level=\"1\"><b>Alo\u00e9 Vera<\/b>: fortalece as estruturas finas do cabelo e proporciona ao cabelo fr\u00e1gil a m\u00e1xima hidrata\u00e7\u00e3o e luminosidade<\/li>\n<\/ul>\n<p>[\/vc_column_text][vc_column_text]<\/p>\n<h1>Como usar<\/h1>\n<p><span style=\"font-weight: 400;\">Aplique o Champ\u00f4 Volumizador no cabelo molhado e massaje. Enxague e repita se necess\u00e1rio.\u00a0<\/span>[\/vc_column_text][\/vc_column_inner][vc_column_inner width=&#8221;1\/2&#8243; css=&#8221;.vc_custom_1675848932618{background-image: url(https:\/\/paulrivera.it\/wp-content\/uploads\/2022\/11\/background_adv_product_loud_volume.png?id=5191) !important;background-position: center !important;background-repeat: no-repeat !important;background-size: cover !important;}&#8221; offset=&#8221;vc_hidden-md vc_hidden-sm vc_hidden-xs&#8221;][vc_single_image image=&#8221;5216&#8243; img_size=&#8221;large&#8221; alignment=&#8221;center&#8221;][\/vc_column_inner][\/vc_row_inner][vc_row_inner el_id=&#8221;tablet&#8221;][vc_column_inner offset=&#8221;vc_hidden-lg vc_hidden-xs&#8221;][vc_column_text]<\/p>\n<h1>Ir\u00e1 am\u00e1-lo porque<\/h1>\n<ul>\n<li style=\"font-weight: 400;\" aria-level=\"1\"><span style=\"font-weight: 400;\">Adequado para cabelos finos e sem volume<\/span><\/li>\n<li style=\"font-weight: 400;\" aria-level=\"1\"><b>Confere mais volume<\/b><span style=\"font-weight: 400;\"> ao cabelo<\/span><\/li>\n<li style=\"font-weight: 400;\" aria-level=\"1\"><b>Hidrata a fundo<\/b><span style=\"font-weight: 400;\">, sem pesar<\/span><\/li>\n<li style=\"font-weight: 400;\" aria-level=\"1\">O cabelo fica com um aspeto<b> mais saud\u00e1vel e brilhante<\/b>.<\/li>\n<\/ul>\n<p>[\/vc_column_text][vc_column_text]<\/p>\n<h1>Ativos na f\u00f3rmula<\/h1>\n<ul>\n<li style=\"font-weight: 400;\" aria-level=\"1\"><b>Extrato de Cent\u00e1urea azul<\/b><span style=\"font-weight: 400;\">: desempenha uma a\u00e7\u00e3o antioxidante e revitalizante no cabelo, deixando-o suave e leve.<\/span><\/li>\n<li style=\"font-weight: 400;\" aria-level=\"1\"><b>Alo\u00e9 Vera<\/b>: fortalece as estruturas finas do cabelo e proporciona ao cabelo fr\u00e1gil a m\u00e1xima hidrata\u00e7\u00e3o e luminosidade<\/li>\n<\/ul>\n<p>[\/vc_column_text][vc_column_text]<\/p>\n<h1>Como usar<\/h1>\n<p><span style=\"font-weight: 400;\">Aplique o Champ\u00f4 Volumizador no cabelo molhado e massaje. Enxague e repita se necess\u00e1rio.\u00a0<\/span>[\/vc_column_text][\/vc_column_inner][\/vc_row_inner][vc_row_inner el_id=&#8221;mobile&#8221;][vc_column_inner width=&#8221;1\/2&#8243; offset=&#8221;vc_hidden-lg vc_hidden-md vc_hidden-sm&#8221;][vc_column_text]<\/p>\n<h1>Ir\u00e1 am\u00e1-lo porque<\/h1>\n<ul>\n<li style=\"font-weight: 400;\" aria-level=\"1\"><span style=\"font-weight: 400;\">Adequado para cabelos finos e sem volume<\/span><\/li>\n<li style=\"font-weight: 400;\" aria-level=\"1\"><b>Confere mais volume<\/b><span style=\"font-weight: 400;\"> ao cabelo<\/span><\/li>\n<li style=\"font-weight: 400;\" aria-level=\"1\"><b>Hidrata a fundo<\/b><span style=\"font-weight: 400;\">, sem pesar<\/span><\/li>\n<li style=\"font-weight: 400;\" aria-level=\"1\">O cabelo fica com um aspeto<b> mais saud\u00e1vel e brilhante<\/b>.<\/li>\n<\/ul>\n<p>[\/vc_column_text][vc_column_text]<\/p>\n<h1>Ativos na f\u00f3rmula<\/h1>\n<ul>\n<li style=\"font-weight: 400;\" aria-level=\"1\"><b>Extrato de Cent\u00e1urea azul<\/b><span style=\"font-weight: 400;\">: desempenha uma a\u00e7\u00e3o antioxidante e revitalizante no cabelo, deixando-o suave e leve.<\/span><\/li>\n<li style=\"font-weight: 400;\" aria-level=\"1\"><b>Alo\u00e9 Vera<\/b>: fortalece as estruturas finas do cabelo e proporciona ao cabelo fr\u00e1gil a m\u00e1xima hidrata\u00e7\u00e3o e luminosidade<\/li>\n<\/ul>\n<p>[\/vc_column_text][vc_column_text]<\/p>\n<h1>Como usar<\/h1>\n<p><span style=\"font-weight: 400;\">Aplique o Champ\u00f4 Volumizador no cabelo molhado e massaje. Enxague e repita se necess\u00e1rio.\u00a0<\/span>[\/vc_column_text][\/vc_column_inner][vc_column_inner width=&#8221;1\/2&#8243; css=&#8221;.vc_custom_1675848970682{background-image: url(https:\/\/paulrivera.it\/wp-content\/uploads\/2022\/11\/background_adv_product_loud_volume.png?id=5191) !important;background-position: center !important;background-repeat: no-repeat !important;background-size: cover !important;}&#8221; offset=&#8221;vc_hidden-lg vc_hidden-md vc_hidden-sm&#8221;][vc_single_image image=&#8221;5216&#8243; img_size=&#8221;large&#8221; alignment=&#8221;center&#8221;][\/vc_column_inner][\/vc_row_inner][\/vc_column][\/vc_row][vc_row css=&#8221;.vc_custom_1582192829011{padding-top: 50px !important;}&#8221;][vc_column][vc_row_inner][vc_column_inner][vc_column_text]<\/p>\n<h1 style=\"text-align: center;\">Produtos relacionados<\/h1>\n<p>[\/vc_column_text][\/vc_column_inner][\/vc_row_inner][vc_raw_html]JTVCd3BiLXByb2R1Y3Qtc2xpZGVyLXNob3J0Y29kZSUyMGlkJTNEJTIyNTQwNyUyMiU1RA==[\/vc_raw_html][\/vc_column][\/vc_row]<\/p>\n<\/div>","protected":false},"excerpt":{"rendered":"<p><span style=\"font-weight: 400;\">O champ\u00f4 Loud Volume <\/span><b>\u00a0limpa suavemente a fibra capilar <\/b><span style=\"font-weight: 400;\">\u00a0e restaura a <\/span><b>vitalidade do cabelo<\/b><span style=\"font-weight: 400;\">.<\/span><\/p>\n<p><span style=\"font-weight: 400;\">A sua f\u00f3rmula especial com Extrato de Cent\u00e1urea Azul e Alo\u00e9 Vera <\/span><b>combate o efeito pesado<\/b><span style=\"font-weight: 400;\"> desde as ra\u00edzes e d\u00e1 ao cabelo fino um aspeto mais encorpado e consistente.<\/span><\/p>\n<p>&nbsp;<\/p>\n<p><span style=\"font-weight: 400;\">1000ml<\/span><\/p>\n<p>&nbsp;<\/p>\n[maxbutton id=\"6\"]\n","protected":false},"featured_media":5221,"template":"","meta":[],"product_brand":[],"product_cat":[970],"product_tag":[],"class_list":{"0":"post-5375","1":"product","2":"type-product","3":"status-publish","4":"has-post-thumbnail","6":"product_cat-loud-volume-cabelos-finos","7":"description-off","9":"first","10":"instock","11":"shipping-taxable","12":"product-type-simple"},"yoast_head":"<!-- This site is optimized with the Yoast SEO plugin v27.2 - https:\/\/yoast.com\/product\/yoast-seo-wordpress\/ -->\n<title>Loud Volume - Champ\u00f4 volumizador | Paul Rivera<\/title>\n<meta name=\"description\" content=\"O champ\u00f4 Loud Volume \u00a0limpa suavemente a fibra capilar \u00a0e restaura a vitalidade do cabelo.\" \/>\n<meta name=\"robots\" content=\"index, follow, max-snippet:-1, max-image-preview:large, max-video-preview:-1\" \/>\n<link rel=\"canonical\" href=\"https:\/\/paulrivera.it\/pt-pt\/prodotti\/tratamentos\/loud-volume-cabelos-finos\/loud-volume-champo-volumizador\/\" \/>\n<meta property=\"og:locale\" content=\"pt_PT\" \/>\n<meta property=\"og:type\" content=\"article\" \/>\n<meta property=\"og:title\" content=\"Loud Volume - Champ\u00f4 volumizador | Paul Rivera\" \/>\n<meta property=\"og:description\" content=\"O champ\u00f4 Loud Volume \u00a0limpa suavemente a fibra capilar \u00a0e restaura a vitalidade do cabelo.\" \/>\n<meta property=\"og:url\" content=\"https:\/\/paulrivera.it\/pt-pt\/prodotti\/tratamentos\/loud-volume-cabelos-finos\/loud-volume-champo-volumizador\/\" \/>\n<meta property=\"og:site_name\" content=\"Paul Rivera\" \/>\n<meta property=\"article:modified_time\" content=\"2024-05-13T10:16:06+00:00\" \/>\n<meta property=\"og:image\" content=\"https:\/\/paulrivera.it\/wp-content\/uploads\/2022\/11\/604972_paul_rivera_loud_volume_shampoo_1000ml.png\" \/>\n\t<meta property=\"og:image:width\" content=\"800\" \/>\n\t<meta property=\"og:image:height\" content=\"800\" \/>\n\t<meta property=\"og:image:type\" content=\"image\/png\" \/>\n<meta name=\"twitter:card\" content=\"summary_large_image\" \/>\n<meta name=\"twitter:label1\" content=\"Est. reading time\" \/>\n\t<meta name=\"twitter:data1\" content=\"3 minutes\" \/>\n<script type=\"application\/ld+json\" class=\"yoast-schema-graph\">{\"@context\":\"https:\/\/schema.org\",\"@graph\":[{\"@type\":\"WebPage\",\"@id\":\"https:\/\/paulrivera.it\/pt-pt\/prodotti\/tratamentos\/loud-volume-cabelos-finos\/loud-volume-champo-volumizador\/\",\"url\":\"https:\/\/paulrivera.it\/pt-pt\/prodotti\/tratamentos\/loud-volume-cabelos-finos\/loud-volume-champo-volumizador\/\",\"name\":\"Loud Volume - Champ\u00f4 volumizador | Paul Rivera\",\"isPartOf\":{\"@id\":\"https:\/\/paulrivera.it\/pt-pt\/#website\"},\"primaryImageOfPage\":{\"@id\":\"https:\/\/paulrivera.it\/pt-pt\/prodotti\/tratamentos\/loud-volume-cabelos-finos\/loud-volume-champo-volumizador\/#primaryimage\"},\"image\":{\"@id\":\"https:\/\/paulrivera.it\/pt-pt\/prodotti\/tratamentos\/loud-volume-cabelos-finos\/loud-volume-champo-volumizador\/#primaryimage\"},\"thumbnailUrl\":\"https:\/\/paulrivera.it\/wp-content\/uploads\/2022\/11\/604972_paul_rivera_loud_volume_shampoo_1000ml.png\",\"datePublished\":\"2023-02-08T09:12:06+00:00\",\"dateModified\":\"2024-05-13T10:16:06+00:00\",\"description\":\"O champ\u00f4 Loud Volume \u00a0limpa suavemente a fibra capilar \u00a0e restaura a vitalidade do cabelo.\",\"breadcrumb\":{\"@id\":\"https:\/\/paulrivera.it\/pt-pt\/prodotti\/tratamentos\/loud-volume-cabelos-finos\/loud-volume-champo-volumizador\/#breadcrumb\"},\"inLanguage\":\"pt-PT\",\"potentialAction\":[{\"@type\":\"ReadAction\",\"target\":[\"https:\/\/paulrivera.it\/pt-pt\/prodotti\/tratamentos\/loud-volume-cabelos-finos\/loud-volume-champo-volumizador\/\"]}]},{\"@type\":\"ImageObject\",\"inLanguage\":\"pt-PT\",\"@id\":\"https:\/\/paulrivera.it\/pt-pt\/prodotti\/tratamentos\/loud-volume-cabelos-finos\/loud-volume-champo-volumizador\/#primaryimage\",\"url\":\"https:\/\/paulrivera.it\/wp-content\/uploads\/2022\/11\/604972_paul_rivera_loud_volume_shampoo_1000ml.png\",\"contentUrl\":\"https:\/\/paulrivera.it\/wp-content\/uploads\/2022\/11\/604972_paul_rivera_loud_volume_shampoo_1000ml.png\",\"width\":800,\"height\":800},{\"@type\":\"BreadcrumbList\",\"@id\":\"https:\/\/paulrivera.it\/pt-pt\/prodotti\/tratamentos\/loud-volume-cabelos-finos\/loud-volume-champo-volumizador\/#breadcrumb\",\"itemListElement\":[{\"@type\":\"ListItem\",\"position\":1,\"name\":\"Home\",\"item\":\"https:\/\/paulrivera.it\/pt-pt\/\"},{\"@type\":\"ListItem\",\"position\":2,\"name\":\"Pagina shop\",\"item\":\"https:\/\/paulrivera.it\/prodotti\/\"},{\"@type\":\"ListItem\",\"position\":3,\"name\":\"Loud Volume &#8211; Champ\u00f4 volumizador\"}]},{\"@type\":\"WebSite\",\"@id\":\"https:\/\/paulrivera.it\/pt-pt\/#website\",\"url\":\"https:\/\/paulrivera.it\/pt-pt\/\",\"name\":\"Paul Rivera\",\"description\":\"Hair Beauty Celebration\",\"publisher\":{\"@id\":\"https:\/\/paulrivera.it\/pt-pt\/#organization\"},\"potentialAction\":[{\"@type\":\"SearchAction\",\"target\":{\"@type\":\"EntryPoint\",\"urlTemplate\":\"https:\/\/paulrivera.it\/pt-pt\/?s={search_term_string}\"},\"query-input\":{\"@type\":\"PropertyValueSpecification\",\"valueRequired\":true,\"valueName\":\"search_term_string\"}}],\"inLanguage\":\"pt-PT\"},{\"@type\":\"Organization\",\"@id\":\"https:\/\/paulrivera.it\/pt-pt\/#organization\",\"name\":\"Paul Rivera\",\"url\":\"https:\/\/paulrivera.it\/pt-pt\/\",\"logo\":{\"@type\":\"ImageObject\",\"inLanguage\":\"pt-PT\",\"@id\":\"https:\/\/paulrivera.it\/pt-pt\/#\/schema\/logo\/image\/\",\"url\":\"https:\/\/paulrivera.it\/wp-content\/uploads\/2020\/02\/paul_rivera_logo_header_x2.png\",\"contentUrl\":\"https:\/\/paulrivera.it\/wp-content\/uploads\/2020\/02\/paul_rivera_logo_header_x2.png\",\"width\":470,\"height\":60,\"caption\":\"Paul Rivera\"},\"image\":{\"@id\":\"https:\/\/paulrivera.it\/pt-pt\/#\/schema\/logo\/image\/\"}}]}<\/script>\n<!-- \/ Yoast SEO plugin. -->","yoast_head_json":{"title":"Loud Volume - Champ\u00f4 volumizador | Paul Rivera","description":"O champ\u00f4 Loud Volume \u00a0limpa suavemente a fibra capilar \u00a0e restaura a vitalidade do cabelo.","robots":{"index":"index","follow":"follow","max-snippet":"max-snippet:-1","max-image-preview":"max-image-preview:large","max-video-preview":"max-video-preview:-1"},"canonical":"https:\/\/paulrivera.it\/pt-pt\/prodotti\/tratamentos\/loud-volume-cabelos-finos\/loud-volume-champo-volumizador\/","og_locale":"pt_PT","og_type":"article","og_title":"Loud Volume - Champ\u00f4 volumizador | Paul Rivera","og_description":"O champ\u00f4 Loud Volume \u00a0limpa suavemente a fibra capilar \u00a0e restaura a vitalidade do cabelo.","og_url":"https:\/\/paulrivera.it\/pt-pt\/prodotti\/tratamentos\/loud-volume-cabelos-finos\/loud-volume-champo-volumizador\/","og_site_name":"Paul Rivera","article_modified_time":"2024-05-13T10:16:06+00:00","og_image":[{"width":800,"height":800,"url":"https:\/\/paulrivera.it\/wp-content\/uploads\/2022\/11\/604972_paul_rivera_loud_volume_shampoo_1000ml.png","type":"image\/png"}],"twitter_card":"summary_large_image","twitter_misc":{"Est. reading time":"3 minutes"},"schema":{"@context":"https:\/\/schema.org","@graph":[{"@type":"WebPage","@id":"https:\/\/paulrivera.it\/pt-pt\/prodotti\/tratamentos\/loud-volume-cabelos-finos\/loud-volume-champo-volumizador\/","url":"https:\/\/paulrivera.it\/pt-pt\/prodotti\/tratamentos\/loud-volume-cabelos-finos\/loud-volume-champo-volumizador\/","name":"Loud Volume - Champ\u00f4 volumizador | Paul Rivera","isPartOf":{"@id":"https:\/\/paulrivera.it\/pt-pt\/#website"},"primaryImageOfPage":{"@id":"https:\/\/paulrivera.it\/pt-pt\/prodotti\/tratamentos\/loud-volume-cabelos-finos\/loud-volume-champo-volumizador\/#primaryimage"},"image":{"@id":"https:\/\/paulrivera.it\/pt-pt\/prodotti\/tratamentos\/loud-volume-cabelos-finos\/loud-volume-champo-volumizador\/#primaryimage"},"thumbnailUrl":"https:\/\/paulrivera.it\/wp-content\/uploads\/2022\/11\/604972_paul_rivera_loud_volume_shampoo_1000ml.png","datePublished":"2023-02-08T09:12:06+00:00","dateModified":"2024-05-13T10:16:06+00:00","description":"O champ\u00f4 Loud Volume \u00a0limpa suavemente a fibra capilar \u00a0e restaura a vitalidade do cabelo.","breadcrumb":{"@id":"https:\/\/paulrivera.it\/pt-pt\/prodotti\/tratamentos\/loud-volume-cabelos-finos\/loud-volume-champo-volumizador\/#breadcrumb"},"inLanguage":"pt-PT","potentialAction":[{"@type":"ReadAction","target":["https:\/\/paulrivera.it\/pt-pt\/prodotti\/tratamentos\/loud-volume-cabelos-finos\/loud-volume-champo-volumizador\/"]}]},{"@type":"ImageObject","inLanguage":"pt-PT","@id":"https:\/\/paulrivera.it\/pt-pt\/prodotti\/tratamentos\/loud-volume-cabelos-finos\/loud-volume-champo-volumizador\/#primaryimage","url":"https:\/\/paulrivera.it\/wp-content\/uploads\/2022\/11\/604972_paul_rivera_loud_volume_shampoo_1000ml.png","contentUrl":"https:\/\/paulrivera.it\/wp-content\/uploads\/2022\/11\/604972_paul_rivera_loud_volume_shampoo_1000ml.png","width":800,"height":800},{"@type":"BreadcrumbList","@id":"https:\/\/paulrivera.it\/pt-pt\/prodotti\/tratamentos\/loud-volume-cabelos-finos\/loud-volume-champo-volumizador\/#breadcrumb","itemListElement":[{"@type":"ListItem","position":1,"name":"Home","item":"https:\/\/paulrivera.it\/pt-pt\/"},{"@type":"ListItem","position":2,"name":"Pagina shop","item":"https:\/\/paulrivera.it\/prodotti\/"},{"@type":"ListItem","position":3,"name":"Loud Volume &#8211; Champ\u00f4 volumizador"}]},{"@type":"WebSite","@id":"https:\/\/paulrivera.it\/pt-pt\/#website","url":"https:\/\/paulrivera.it\/pt-pt\/","name":"Paul Rivera","description":"Hair Beauty Celebration","publisher":{"@id":"https:\/\/paulrivera.it\/pt-pt\/#organization"},"potentialAction":[{"@type":"SearchAction","target":{"@type":"EntryPoint","urlTemplate":"https:\/\/paulrivera.it\/pt-pt\/?s={search_term_string}"},"query-input":{"@type":"PropertyValueSpecification","valueRequired":true,"valueName":"search_term_string"}}],"inLanguage":"pt-PT"},{"@type":"Organization","@id":"https:\/\/paulrivera.it\/pt-pt\/#organization","name":"Paul Rivera","url":"https:\/\/paulrivera.it\/pt-pt\/","logo":{"@type":"ImageObject","inLanguage":"pt-PT","@id":"https:\/\/paulrivera.it\/pt-pt\/#\/schema\/logo\/image\/","url":"https:\/\/paulrivera.it\/wp-content\/uploads\/2020\/02\/paul_rivera_logo_header_x2.png","contentUrl":"https:\/\/paulrivera.it\/wp-content\/uploads\/2020\/02\/paul_rivera_logo_header_x2.png","width":470,"height":60,"caption":"Paul Rivera"},"image":{"@id":"https:\/\/paulrivera.it\/pt-pt\/#\/schema\/logo\/image\/"}}]}},"_links":{"self":[{"href":"https:\/\/paulrivera.it\/pt-pt\/wp-json\/wp\/v2\/product\/5375","targetHints":{"allow":["GET"]}}],"collection":[{"href":"https:\/\/paulrivera.it\/pt-pt\/wp-json\/wp\/v2\/product"}],"about":[{"href":"https:\/\/paulrivera.it\/pt-pt\/wp-json\/wp\/v2\/types\/product"}],"wp:featuredmedia":[{"embeddable":true,"href":"https:\/\/paulrivera.it\/pt-pt\/wp-json\/wp\/v2\/media\/5221"}],"wp:attachment":[{"href":"https:\/\/paulrivera.it\/pt-pt\/wp-json\/wp\/v2\/media?parent=5375"}],"wp:term":[{"taxonomy":"product_brand","embeddable":true,"href":"https:\/\/paulrivera.it\/pt-pt\/wp-json\/wp\/v2\/product_brand?post=5375"},{"taxonomy":"product_cat","embeddable":true,"href":"https:\/\/paulrivera.it\/pt-pt\/wp-json\/wp\/v2\/product_cat?post=5375"},{"taxonomy":"product_tag","embeddable":true,"href":"https:\/\/paulrivera.it\/pt-pt\/wp-json\/wp\/v2\/product_tag?post=5375"}],"curies":[{"name":"wp","href":"https:\/\/api.w.org\/{rel}","templated":true}]}}