{"id":5396,"date":"2023-02-08T14:33:36","date_gmt":"2023-02-08T13:33:37","guid":{"rendered":"https:\/\/paulrivera.it\/?post_type=product&#038;p=5396"},"modified":"2024-05-13T12:11:26","modified_gmt":"2024-05-13T10:11:26","slug":"loud-volume-spray-volumizador","status":"publish","type":"product","link":"https:\/\/paulrivera.it\/pt-pt\/prodotti\/tratamentos\/loud-volume-cabelos-finos\/loud-volume-spray-volumizador\/","title":{"rendered":"Loud Volume &#8211; Spray volumizador"},"content":{"rendered":"<div class=\"wpb-content-wrapper\"><p>[vc_row full_width=&#8221;stretch_row&#8221;][vc_column][vc_row_inner el_id=&#8221;desktop&#8221;][vc_column_inner width=&#8221;1\/2&#8243; css=&#8221;.vc_custom_1582194227194{padding-top: 10% !important;padding-right: 10% !important;padding-bottom: 10% !important;padding-left: 30% !important;}&#8221; offset=&#8221;vc_hidden-md vc_hidden-sm vc_hidden-xs&#8221;][vc_column_text]<\/p>\n<h1>Ir\u00e1 am\u00e1-lo porque<\/h1>\n<ul>\n<li style=\"font-weight: 400;\" aria-level=\"1\"><b>Estudado para cabelo fino <\/b><span style=\"font-weight: 400;\">e n\u00e3o encorpado<\/span><\/li>\n<li style=\"font-weight: 400;\" aria-level=\"1\"><span style=\"font-weight: 400;\">Melhora a fixa\u00e7\u00e3o do styling<\/span><\/li>\n<li style=\"font-weight: 400;\" aria-level=\"1\"><span style=\"font-weight: 400;\">N\u00e3o torna o cabelo pesado<\/span><\/li>\n<\/ul>\n<p>[\/vc_column_text][vc_column_text]<\/p>\n<h1>Ativos na f\u00f3rmula<\/h1>\n<ul>\n<li style=\"font-weight: 400;\" aria-level=\"1\"><b>Extrato de Cent\u00e1urea azul<\/b><span style=\"font-weight: 400;\">: desempenha uma a\u00e7\u00e3o antioxidante e revitalizante no cabelo, deixando-o suave e leve.<\/span><\/li>\n<li style=\"font-weight: 400;\" aria-level=\"1\"><b>Alo\u00e9 Vera<\/b>: fortalece as estruturas finas do cabelo e proporciona ao cabelo fr\u00e1gil a m\u00e1xima hidrata\u00e7\u00e3o e luminosidade<\/li>\n<\/ul>\n<p>[\/vc_column_text][vc_column_text]<\/p>\n<h1>Como usar<\/h1>\n<p><span style=\"font-weight: 400;\">Vaporize o Spray Volumizador desde as ra\u00edzes nos cabelos molhados e proceda ao penteado. N\u00e3o enxague. <\/span>[\/vc_column_text][\/vc_column_inner][vc_column_inner width=&#8221;1\/2&#8243; css=&#8221;.vc_custom_1675848932618{background-image: url(https:\/\/paulrivera.it\/wp-content\/uploads\/2022\/11\/background_adv_product_loud_volume.png?id=5191) !important;background-position: center !important;background-repeat: no-repeat !important;background-size: cover !important;}&#8221; offset=&#8221;vc_hidden-md vc_hidden-sm vc_hidden-xs&#8221;][vc_single_image image=&#8221;5422&#8243; img_size=&#8221;large&#8221; alignment=&#8221;center&#8221;][\/vc_column_inner][\/vc_row_inner][vc_row_inner el_id=&#8221;tablet&#8221;][vc_column_inner offset=&#8221;vc_hidden-lg vc_hidden-xs&#8221;][vc_column_text]<\/p>\n<h1>Ir\u00e1 am\u00e1-lo porque<\/h1>\n<ul>\n<li style=\"font-weight: 400;\" aria-level=\"1\"><b>Estudado para cabelo fino <\/b><span style=\"font-weight: 400;\">e n\u00e3o encorpado<\/span><\/li>\n<li style=\"font-weight: 400;\" aria-level=\"1\"><span style=\"font-weight: 400;\">Melhora a fixa\u00e7\u00e3o do styling<\/span><\/li>\n<li style=\"font-weight: 400;\" aria-level=\"1\"><span style=\"font-weight: 400;\">N\u00e3o torna o cabelo pesado<\/span><\/li>\n<\/ul>\n<p>[\/vc_column_text][vc_column_text]<\/p>\n<h1>Ativos na f\u00f3rmula<\/h1>\n<ul>\n<li style=\"font-weight: 400;\" aria-level=\"1\"><b>Extrato de Cent\u00e1urea azul<\/b><span style=\"font-weight: 400;\">: desempenha uma a\u00e7\u00e3o antioxidante e revitalizante no cabelo, deixando-o suave e leve.<\/span><\/li>\n<li style=\"font-weight: 400;\" aria-level=\"1\"><b>Alo\u00e9 Vera<\/b>: fortalece as estruturas finas do cabelo e proporciona ao cabelo fr\u00e1gil a m\u00e1xima hidrata\u00e7\u00e3o e luminosidade<\/li>\n<\/ul>\n<p>[\/vc_column_text][vc_column_text]<\/p>\n<h1>Como usar<\/h1>\n<p><span style=\"font-weight: 400;\">Vaporize o Spray Volumizador desde as ra\u00edzes nos cabelos molhados e proceda ao penteado. N\u00e3o enxague. <\/span>[\/vc_column_text][\/vc_column_inner][\/vc_row_inner][vc_row_inner el_id=&#8221;mobile&#8221;][vc_column_inner width=&#8221;1\/2&#8243; offset=&#8221;vc_hidden-lg vc_hidden-md vc_hidden-sm&#8221;][vc_column_text]<\/p>\n<h1>Ir\u00e1 am\u00e1-lo porque<\/h1>\n<ul>\n<li style=\"font-weight: 400;\" aria-level=\"1\"><b>Estudado para cabelo fino <\/b><span style=\"font-weight: 400;\">e n\u00e3o encorpado<\/span><\/li>\n<li style=\"font-weight: 400;\" aria-level=\"1\"><span style=\"font-weight: 400;\">Melhora a fixa\u00e7\u00e3o do styling<\/span><\/li>\n<li style=\"font-weight: 400;\" aria-level=\"1\"><span style=\"font-weight: 400;\">N\u00e3o torna o cabelo pesado<\/span><\/li>\n<\/ul>\n<p>[\/vc_column_text][vc_column_text]<\/p>\n<h1>Ativos na f\u00f3rmula<\/h1>\n<ul>\n<li style=\"font-weight: 400;\" aria-level=\"1\"><b>Extrato de Cent\u00e1urea azul<\/b><span style=\"font-weight: 400;\">: desempenha uma a\u00e7\u00e3o antioxidante e revitalizante no cabelo, deixando-o suave e leve.<\/span><\/li>\n<li style=\"font-weight: 400;\" aria-level=\"1\"><b>Alo\u00e9 Vera<\/b>: fortalece as estruturas finas do cabelo e proporciona ao cabelo fr\u00e1gil a m\u00e1xima hidrata\u00e7\u00e3o e luminosidade<\/li>\n<\/ul>\n<p>[\/vc_column_text][vc_column_text]<\/p>\n<h1>Como usar<\/h1>\n<p><span style=\"font-weight: 400;\">Vaporize o Spray Volumizador desde as ra\u00edzes nos cabelos molhados e proceda ao penteado. N\u00e3o enxague. <\/span>[\/vc_column_text][\/vc_column_inner][vc_column_inner width=&#8221;1\/2&#8243; css=&#8221;.vc_custom_1675848970682{background-image: url(https:\/\/paulrivera.it\/wp-content\/uploads\/2022\/11\/background_adv_product_loud_volume.png?id=5191) !important;background-position: center !important;background-repeat: no-repeat !important;background-size: cover !important;}&#8221; offset=&#8221;vc_hidden-lg vc_hidden-md vc_hidden-sm&#8221;][vc_single_image image=&#8221;5422&#8243; img_size=&#8221;large&#8221; alignment=&#8221;center&#8221;][\/vc_column_inner][\/vc_row_inner][\/vc_column][\/vc_row][vc_row css=&#8221;.vc_custom_1582192829011{padding-top: 50px !important;}&#8221;][vc_column][vc_row_inner][vc_column_inner][vc_column_text]<\/p>\n<h1 style=\"text-align: center;\">Produtos relacionados<\/h1>\n<p>[\/vc_column_text][\/vc_column_inner][\/vc_row_inner]<style type=\"text\/css\" data-type=\"the7_shortcodes-inline-css\">.products-carousel-shortcode.products-carousel-shortcode-id-4dee2999cafa6e6655bc98adc9df8b32 .owl-nav a {\n  width: 36px;\n  height: 36px;\n  border-radius: 500px;\n}\n.dt-arrow-border-on.products-carousel-shortcode.products-carousel-shortcode-id-4dee2999cafa6e6655bc98adc9df8b32 .owl-nav a:not(:hover):before {\n  border-width: 0px;\n}\n.dt-arrow-hover-border-on.products-carousel-shortcode.products-carousel-shortcode-id-4dee2999cafa6e6655bc98adc9df8b32 .owl-nav a:hover:after {\n  border-width: 0px;\n}\n.products-carousel-shortcode.products-carousel-shortcode-id-4dee2999cafa6e6655bc98adc9df8b32 .owl-nav a.owl-prev {\n  top: 50%;\n  transform: translateY(calc(-50% + 0px));\n  left: -43px;\n}\n@media all and (-ms-high-contrast: none) {\n  .products-carousel-shortcode.products-carousel-shortcode-id-4dee2999cafa6e6655bc98adc9df8b32 .owl-nav a.owl-prev {\n    transform: translateY(-50%);\n    margin-top: 0px;\n  }\n}\n.products-carousel-shortcode.products-carousel-shortcode-id-4dee2999cafa6e6655bc98adc9df8b32 .owl-nav a.owl-prev i {\n  padding: 0px 0px 0px 0px;\n}\n.products-carousel-shortcode.products-carousel-shortcode-id-4dee2999cafa6e6655bc98adc9df8b32 .owl-nav a.owl-next {\n  top: 50%;\n  transform: translateY(calc(-50% + 0px));\n  right: -43px;\n}\n@media all and (-ms-high-contrast: none) {\n  .products-carousel-shortcode.products-carousel-shortcode-id-4dee2999cafa6e6655bc98adc9df8b32 .owl-nav a.owl-next {\n    transform: translateY(-50%);\n    margin-top: 0px;\n  }\n}\n.products-carousel-shortcode.products-carousel-shortcode-id-4dee2999cafa6e6655bc98adc9df8b32 .owl-nav a.owl-next i {\n  padding: 0px 0px 0px 0px;\n}\n.products-carousel-shortcode.products-carousel-shortcode-id-4dee2999cafa6e6655bc98adc9df8b32 .owl-nav i {\n  font-size: 18px;\n}\n.products-carousel-shortcode.products-carousel-shortcode-id-4dee2999cafa6e6655bc98adc9df8b32 .owl-nav a:not(:hover) i,\n.products-carousel-shortcode.products-carousel-shortcode-id-4dee2999cafa6e6655bc98adc9df8b32 .owl-nav a:not(:hover) i:before {\n  color: #ffffff;\n  background: none;\n}\n.products-carousel-shortcode.products-carousel-shortcode-id-4dee2999cafa6e6655bc98adc9df8b32 .owl-nav a:hover i,\n.products-carousel-shortcode.products-carousel-shortcode-id-4dee2999cafa6e6655bc98adc9df8b32 .owl-nav a:hover i:before {\n  color: rgba(255,255,255,0.75);\n  background: none;\n}\n.products-carousel-shortcode.products-carousel-shortcode-id-4dee2999cafa6e6655bc98adc9df8b32 .owl-dots {\n  top: calc(100% + 20px);\n  left: 50%;\n  transform: translateX(calc(-50% + 0px));\n}\n@media all and (-ms-high-contrast: none) {\n  .products-carousel-shortcode.products-carousel-shortcode-id-4dee2999cafa6e6655bc98adc9df8b32 .owl-dots {\n    transform: translateX(-50%);\n    margin-left: 0px;\n  }\n}\n.products-carousel-shortcode.products-carousel-shortcode-id-4dee2999cafa6e6655bc98adc9df8b32 .owl-dot {\n  width: 10px;\n  height: 10px;\n  margin: 0 8px;\n}\n@media screen and (max-width: 778px) {\n  .products-carousel-shortcode.products-carousel-shortcode-id-4dee2999cafa6e6655bc98adc9df8b32.hide-arrows .owl-nav a {\n    display: none;\n  }\n}\n@media screen and (max-width: 778px) {\n  .products-carousel-shortcode.products-carousel-shortcode-id-4dee2999cafa6e6655bc98adc9df8b32.reposition-arrows .owl-nav .owl-prev {\n    top: 50%;\n    transform: translateY(calc(-50% + 0px));\n    left: 10px;\n  }\n  .products-carousel-shortcode.products-carousel-shortcode-id-4dee2999cafa6e6655bc98adc9df8b32.reposition-arrows .owl-nav .owl-next {\n    top: 50%;\n    transform: translateY(calc(-50% + 0px));\n    right: 10px;\n  }\n}\n@media screen and (max-width: 778px) and all and (-ms-high-contrast: none) {\n  .products-carousel-shortcode.products-carousel-shortcode-id-4dee2999cafa6e6655bc98adc9df8b32.reposition-arrows .owl-nav .owl-prev {\n    transform: translateY(-50%);\n    margin-top: 0px;\n  }\n}\n@media screen and (max-width: 778px) and all and (-ms-high-contrast: none) {\n  .products-carousel-shortcode.products-carousel-shortcode-id-4dee2999cafa6e6655bc98adc9df8b32.reposition-arrows .owl-nav .owl-next {\n    transform: translateY(-50%);\n    margin-top: 0px;\n  }\n}<\/style><div class=\"owl-carousel products-carousel-shortcode dt-owl-carousel-call products-carousel-shortcode-id-4dee2999cafa6e6655bc98adc9df8b32 cart-btn-below-img bullets-small-dot-stroke reposition-arrows arrows-bg-on dt-arrow-border-on dt-arrow-hover-border-on disable-arrows-hover-bg arrows-hover-bg-on  hide-description \" data-scroll-mode=\"1\" data-wide-col-num=\"4\" data-col-num=\"3\" data-laptop-col=\"3\" data-h-tablet-columns-num=\"3\" data-v-tablet-columns-num=\"2\" data-phone-columns-num=\"1\" data-auto-height=\"true\" data-col-gap=\"30\" data-stage-padding=\"0\" data-speed=\"600\" data-autoplay=\"false\" data-autoplay_speed=\"6000\" data-arrows=\"true\" data-bullet=\"false\" data-next-icon=\"icon-ar-017-r\" data-prev-icon=\"icon-ar-017-l\"><article class=\"post post-5386 product type-product status-publish has-post-thumbnail product_cat-loud-volume-cabelos-finos description-off first instock shipping-taxable product-type-simple\" ><figure class=\"woocom-project\">\n\t<div class=\"woo-buttons-on-img\">\n\n\t\t<a href=\"https:\/\/paulrivera.it\/pt-pt\/prodotti\/tratamentos\/loud-volume-cabelos-finos\/loud-volume-mascara-volumizadora\/\" class=\"alignnone layzr-bg\"><img loading=\"lazy\" decoding=\"async\" width=\"300\" height=\"300\" src=\"data:image\/svg+xml;charset=utf-8,%3Csvg xmlns%3D&#039;http%3A%2F%2Fwww.w3.org%2F2000%2Fsvg&#039; viewBox%3D&#039;0 0 300 300&#039;%2F%3E\" class=\"attachment-woocommerce_thumbnail size-woocommerce_thumbnail owl-lazy-load preload-me\" alt=\"Loud Volume - M\u00e1scara volumizadora\" data-src=\"https:\/\/paulrivera.it\/wp-content\/uploads\/2022\/11\/604996_paul_rivera_loud_volume_mask_500ml-300x300.png\" data-srcset=\"https:\/\/paulrivera.it\/wp-content\/uploads\/2022\/11\/604996_paul_rivera_loud_volume_mask_500ml-300x300.png 300w, https:\/\/paulrivera.it\/wp-content\/uploads\/2022\/11\/604996_paul_rivera_loud_volume_mask_500ml-150x150.png 150w, https:\/\/paulrivera.it\/wp-content\/uploads\/2022\/11\/604996_paul_rivera_loud_volume_mask_500ml-24x24.png 24w, https:\/\/paulrivera.it\/wp-content\/uploads\/2022\/11\/604996_paul_rivera_loud_volume_mask_500ml-36x36.png 36w, https:\/\/paulrivera.it\/wp-content\/uploads\/2022\/11\/604996_paul_rivera_loud_volume_mask_500ml-48x48.png 48w, https:\/\/paulrivera.it\/wp-content\/uploads\/2022\/11\/604996_paul_rivera_loud_volume_mask_500ml-600x600.png 600w, https:\/\/paulrivera.it\/wp-content\/uploads\/2022\/11\/604996_paul_rivera_loud_volume_mask_500ml-200x200.png 200w, https:\/\/paulrivera.it\/wp-content\/uploads\/2022\/11\/604996_paul_rivera_loud_volume_mask_500ml.png 800w\" \/><\/a>\n\t<\/div>\n\t<figcaption class=\"woocom-list-content\">\n\n\t\t<div class=\"woo-buttons\"><a href=\"https:\/\/paulrivera.it\/pt-pt\/prodotti\/tratamentos\/loud-volume-cabelos-finos\/loud-volume-mascara-volumizadora\/\" aria-describedby=\"woocommerce_loop_add_to_cart_link_describedby_5386\" data-quantity=\"1\" class=\"product_type_simple ajax_add_to_cart\" data-product_id=\"5386\" data-product_sku=\"\" aria-label=\"Read more about &ldquo;Loud Volume - M\u00e1scara volumizadora&rdquo;\" rel=\"nofollow\" data-success_message=\"\">Read more<\/a>\t<span id=\"woocommerce_loop_add_to_cart_link_describedby_5386\" class=\"screen-reader-text\">\n\t\t\t<\/span>\n<\/div>\n\t<\/figcaption>\n<\/figure>\n<\/article><article class=\"post post-5375 product type-product status-publish has-post-thumbnail product_cat-loud-volume-cabelos-finos description-off  instock shipping-taxable product-type-simple\" ><figure class=\"woocom-project\">\n\t<div class=\"woo-buttons-on-img\">\n\n\t\t<a href=\"https:\/\/paulrivera.it\/pt-pt\/prodotti\/tratamentos\/loud-volume-cabelos-finos\/loud-volume-champo-volumizador\/\" class=\"alignnone layzr-bg\"><img loading=\"lazy\" decoding=\"async\" width=\"300\" height=\"300\" src=\"data:image\/svg+xml;charset=utf-8,%3Csvg xmlns%3D&#039;http%3A%2F%2Fwww.w3.org%2F2000%2Fsvg&#039; viewBox%3D&#039;0 0 300 300&#039;%2F%3E\" class=\"attachment-woocommerce_thumbnail size-woocommerce_thumbnail owl-lazy-load preload-me\" alt=\"Loud Volume - Champ\u00f4 volumizador\" data-src=\"https:\/\/paulrivera.it\/wp-content\/uploads\/2022\/11\/604972_paul_rivera_loud_volume_shampoo_1000ml-300x300.png\" data-srcset=\"https:\/\/paulrivera.it\/wp-content\/uploads\/2022\/11\/604972_paul_rivera_loud_volume_shampoo_1000ml-300x300.png 300w, https:\/\/paulrivera.it\/wp-content\/uploads\/2022\/11\/604972_paul_rivera_loud_volume_shampoo_1000ml-150x150.png 150w, https:\/\/paulrivera.it\/wp-content\/uploads\/2022\/11\/604972_paul_rivera_loud_volume_shampoo_1000ml-24x24.png 24w, https:\/\/paulrivera.it\/wp-content\/uploads\/2022\/11\/604972_paul_rivera_loud_volume_shampoo_1000ml-36x36.png 36w, https:\/\/paulrivera.it\/wp-content\/uploads\/2022\/11\/604972_paul_rivera_loud_volume_shampoo_1000ml-48x48.png 48w, https:\/\/paulrivera.it\/wp-content\/uploads\/2022\/11\/604972_paul_rivera_loud_volume_shampoo_1000ml-600x600.png 600w, https:\/\/paulrivera.it\/wp-content\/uploads\/2022\/11\/604972_paul_rivera_loud_volume_shampoo_1000ml-200x200.png 200w, https:\/\/paulrivera.it\/wp-content\/uploads\/2022\/11\/604972_paul_rivera_loud_volume_shampoo_1000ml.png 800w\" \/><\/a>\n\t<\/div>\n\t<figcaption class=\"woocom-list-content\">\n\n\t\t<div class=\"woo-buttons\"><a href=\"https:\/\/paulrivera.it\/pt-pt\/prodotti\/tratamentos\/loud-volume-cabelos-finos\/loud-volume-champo-volumizador\/\" aria-describedby=\"woocommerce_loop_add_to_cart_link_describedby_5375\" data-quantity=\"1\" class=\"product_type_simple ajax_add_to_cart\" data-product_id=\"5375\" data-product_sku=\"\" aria-label=\"Read more about &ldquo;Loud Volume - Champ\u00f4 volumizador&rdquo;\" rel=\"nofollow\" data-success_message=\"\">Read more<\/a>\t<span id=\"woocommerce_loop_add_to_cart_link_describedby_5375\" class=\"screen-reader-text\">\n\t\t\t<\/span>\n<\/div>\n\t<\/figcaption>\n<\/figure>\n<\/article><\/div>[\/vc_column][\/vc_row]<\/p>\n<\/div>","protected":false},"excerpt":{"rendered":"<p><span style=\"font-weight: 400;\">Loud Volume \u00e9 o spray volumizador Paul Rivera que <\/span><b>d\u00e1 corpo \u00e0s ra\u00edzes<\/b><span style=\"font-weight: 400;\"> dos cabelos finos e sem volume, para um volume <\/span><b>mais duradouro<\/b><span style=\"font-weight: 400;\">.<\/span><\/p>\n<p><span style=\"font-weight: 400;\">Enriquecido com Extrato de Cent\u00e1urea Azul e Alo\u00e9 Vera, a sua vantagem \u00e9 o <\/span><b>efeito encorpado<\/b><span style=\"font-weight: 400;\"> que confere uma <\/span><b>fixa\u00e7\u00e3o do styling impec\u00e1vel<\/b><span style=\"font-weight: 400;\">, deixando o cabelo mais macio e brilhante.<\/span><\/p>\n<p>&nbsp;<\/p>\n<p><span style=\"font-weight: 400;\">150 ml<\/span><\/p>\n<p>&nbsp;<\/p>\n[maxbutton id=\"6\"]\n","protected":false},"featured_media":5417,"template":"","meta":[],"product_brand":[],"product_cat":[970],"product_tag":[],"class_list":{"0":"post-5396","1":"product","2":"type-product","3":"status-publish","4":"has-post-thumbnail","6":"product_cat-loud-volume-cabelos-finos","7":"description-off","9":"","10":"instock","11":"shipping-taxable","12":"product-type-simple"},"yoast_head":"<!-- This site is optimized with the Yoast SEO plugin v27.2 - https:\/\/yoast.com\/product\/yoast-seo-wordpress\/ -->\n<title>Loud Volume - Spray volumizador | Paul Rivera<\/title>\n<meta name=\"description\" content=\"Loud Volume \u00e9 o spray volumizador Paul Rivera que d\u00e1 corpo \u00e0s ra\u00edzes dos cabelos finos e sem volume, para um volume mais duradouro.\" \/>\n<meta name=\"robots\" content=\"index, follow, max-snippet:-1, max-image-preview:large, max-video-preview:-1\" \/>\n<link rel=\"canonical\" href=\"https:\/\/paulrivera.it\/pt-pt\/prodotti\/tratamentos\/loud-volume-cabelos-finos\/loud-volume-spray-volumizador\/\" \/>\n<meta property=\"og:locale\" content=\"pt_PT\" \/>\n<meta property=\"og:type\" content=\"article\" \/>\n<meta property=\"og:title\" content=\"Loud Volume - Spray volumizador | Paul Rivera\" \/>\n<meta property=\"og:description\" content=\"Loud Volume \u00e9 o spray volumizador Paul Rivera que d\u00e1 corpo \u00e0s ra\u00edzes dos cabelos finos e sem volume, para um volume mais duradouro.\" \/>\n<meta property=\"og:url\" content=\"https:\/\/paulrivera.it\/pt-pt\/prodotti\/tratamentos\/loud-volume-cabelos-finos\/loud-volume-spray-volumizador\/\" \/>\n<meta property=\"og:site_name\" content=\"Paul Rivera\" \/>\n<meta property=\"article:modified_time\" content=\"2024-05-13T10:11:26+00:00\" \/>\n<meta property=\"og:image\" content=\"https:\/\/paulrivera.it\/wp-content\/uploads\/2023\/03\/605016_paul_rivera_loud_volume_spray_150ml.png\" \/>\n\t<meta property=\"og:image:width\" content=\"800\" \/>\n\t<meta property=\"og:image:height\" content=\"800\" \/>\n\t<meta property=\"og:image:type\" content=\"image\/png\" \/>\n<meta name=\"twitter:card\" content=\"summary_large_image\" \/>\n<meta name=\"twitter:label1\" content=\"Est. reading time\" \/>\n\t<meta name=\"twitter:data1\" content=\"3 minutes\" \/>\n<script type=\"application\/ld+json\" class=\"yoast-schema-graph\">{\"@context\":\"https:\/\/schema.org\",\"@graph\":[{\"@type\":\"WebPage\",\"@id\":\"https:\/\/paulrivera.it\/pt-pt\/prodotti\/tratamentos\/loud-volume-cabelos-finos\/loud-volume-spray-volumizador\/\",\"url\":\"https:\/\/paulrivera.it\/pt-pt\/prodotti\/tratamentos\/loud-volume-cabelos-finos\/loud-volume-spray-volumizador\/\",\"name\":\"Loud Volume - Spray volumizador | Paul Rivera\",\"isPartOf\":{\"@id\":\"https:\/\/paulrivera.it\/pt-pt\/#website\"},\"primaryImageOfPage\":{\"@id\":\"https:\/\/paulrivera.it\/pt-pt\/prodotti\/tratamentos\/loud-volume-cabelos-finos\/loud-volume-spray-volumizador\/#primaryimage\"},\"image\":{\"@id\":\"https:\/\/paulrivera.it\/pt-pt\/prodotti\/tratamentos\/loud-volume-cabelos-finos\/loud-volume-spray-volumizador\/#primaryimage\"},\"thumbnailUrl\":\"https:\/\/paulrivera.it\/wp-content\/uploads\/2023\/03\/605016_paul_rivera_loud_volume_spray_150ml.png\",\"datePublished\":\"2023-02-08T13:33:37+00:00\",\"dateModified\":\"2024-05-13T10:11:26+00:00\",\"description\":\"Loud Volume \u00e9 o spray volumizador Paul Rivera que d\u00e1 corpo \u00e0s ra\u00edzes dos cabelos finos e sem volume, para um volume mais duradouro.\",\"breadcrumb\":{\"@id\":\"https:\/\/paulrivera.it\/pt-pt\/prodotti\/tratamentos\/loud-volume-cabelos-finos\/loud-volume-spray-volumizador\/#breadcrumb\"},\"inLanguage\":\"pt-PT\",\"potentialAction\":[{\"@type\":\"ReadAction\",\"target\":[\"https:\/\/paulrivera.it\/pt-pt\/prodotti\/tratamentos\/loud-volume-cabelos-finos\/loud-volume-spray-volumizador\/\"]}]},{\"@type\":\"ImageObject\",\"inLanguage\":\"pt-PT\",\"@id\":\"https:\/\/paulrivera.it\/pt-pt\/prodotti\/tratamentos\/loud-volume-cabelos-finos\/loud-volume-spray-volumizador\/#primaryimage\",\"url\":\"https:\/\/paulrivera.it\/wp-content\/uploads\/2023\/03\/605016_paul_rivera_loud_volume_spray_150ml.png\",\"contentUrl\":\"https:\/\/paulrivera.it\/wp-content\/uploads\/2023\/03\/605016_paul_rivera_loud_volume_spray_150ml.png\",\"width\":800,\"height\":800},{\"@type\":\"BreadcrumbList\",\"@id\":\"https:\/\/paulrivera.it\/pt-pt\/prodotti\/tratamentos\/loud-volume-cabelos-finos\/loud-volume-spray-volumizador\/#breadcrumb\",\"itemListElement\":[{\"@type\":\"ListItem\",\"position\":1,\"name\":\"Home\",\"item\":\"https:\/\/paulrivera.it\/pt-pt\/\"},{\"@type\":\"ListItem\",\"position\":2,\"name\":\"Pagina shop\",\"item\":\"https:\/\/paulrivera.it\/prodotti\/\"},{\"@type\":\"ListItem\",\"position\":3,\"name\":\"Loud Volume &#8211; Spray volumizador\"}]},{\"@type\":\"WebSite\",\"@id\":\"https:\/\/paulrivera.it\/pt-pt\/#website\",\"url\":\"https:\/\/paulrivera.it\/pt-pt\/\",\"name\":\"Paul Rivera\",\"description\":\"Hair Beauty Celebration\",\"publisher\":{\"@id\":\"https:\/\/paulrivera.it\/pt-pt\/#organization\"},\"potentialAction\":[{\"@type\":\"SearchAction\",\"target\":{\"@type\":\"EntryPoint\",\"urlTemplate\":\"https:\/\/paulrivera.it\/pt-pt\/?s={search_term_string}\"},\"query-input\":{\"@type\":\"PropertyValueSpecification\",\"valueRequired\":true,\"valueName\":\"search_term_string\"}}],\"inLanguage\":\"pt-PT\"},{\"@type\":\"Organization\",\"@id\":\"https:\/\/paulrivera.it\/pt-pt\/#organization\",\"name\":\"Paul Rivera\",\"url\":\"https:\/\/paulrivera.it\/pt-pt\/\",\"logo\":{\"@type\":\"ImageObject\",\"inLanguage\":\"pt-PT\",\"@id\":\"https:\/\/paulrivera.it\/pt-pt\/#\/schema\/logo\/image\/\",\"url\":\"https:\/\/paulrivera.it\/wp-content\/uploads\/2020\/02\/paul_rivera_logo_header_x2.png\",\"contentUrl\":\"https:\/\/paulrivera.it\/wp-content\/uploads\/2020\/02\/paul_rivera_logo_header_x2.png\",\"width\":470,\"height\":60,\"caption\":\"Paul Rivera\"},\"image\":{\"@id\":\"https:\/\/paulrivera.it\/pt-pt\/#\/schema\/logo\/image\/\"}}]}<\/script>\n<!-- \/ Yoast SEO plugin. -->","yoast_head_json":{"title":"Loud Volume - Spray volumizador | Paul Rivera","description":"Loud Volume \u00e9 o spray volumizador Paul Rivera que d\u00e1 corpo \u00e0s ra\u00edzes dos cabelos finos e sem volume, para um volume mais duradouro.","robots":{"index":"index","follow":"follow","max-snippet":"max-snippet:-1","max-image-preview":"max-image-preview:large","max-video-preview":"max-video-preview:-1"},"canonical":"https:\/\/paulrivera.it\/pt-pt\/prodotti\/tratamentos\/loud-volume-cabelos-finos\/loud-volume-spray-volumizador\/","og_locale":"pt_PT","og_type":"article","og_title":"Loud Volume - Spray volumizador | Paul Rivera","og_description":"Loud Volume \u00e9 o spray volumizador Paul Rivera que d\u00e1 corpo \u00e0s ra\u00edzes dos cabelos finos e sem volume, para um volume mais duradouro.","og_url":"https:\/\/paulrivera.it\/pt-pt\/prodotti\/tratamentos\/loud-volume-cabelos-finos\/loud-volume-spray-volumizador\/","og_site_name":"Paul Rivera","article_modified_time":"2024-05-13T10:11:26+00:00","og_image":[{"width":800,"height":800,"url":"https:\/\/paulrivera.it\/wp-content\/uploads\/2023\/03\/605016_paul_rivera_loud_volume_spray_150ml.png","type":"image\/png"}],"twitter_card":"summary_large_image","twitter_misc":{"Est. reading time":"3 minutes"},"schema":{"@context":"https:\/\/schema.org","@graph":[{"@type":"WebPage","@id":"https:\/\/paulrivera.it\/pt-pt\/prodotti\/tratamentos\/loud-volume-cabelos-finos\/loud-volume-spray-volumizador\/","url":"https:\/\/paulrivera.it\/pt-pt\/prodotti\/tratamentos\/loud-volume-cabelos-finos\/loud-volume-spray-volumizador\/","name":"Loud Volume - Spray volumizador | Paul Rivera","isPartOf":{"@id":"https:\/\/paulrivera.it\/pt-pt\/#website"},"primaryImageOfPage":{"@id":"https:\/\/paulrivera.it\/pt-pt\/prodotti\/tratamentos\/loud-volume-cabelos-finos\/loud-volume-spray-volumizador\/#primaryimage"},"image":{"@id":"https:\/\/paulrivera.it\/pt-pt\/prodotti\/tratamentos\/loud-volume-cabelos-finos\/loud-volume-spray-volumizador\/#primaryimage"},"thumbnailUrl":"https:\/\/paulrivera.it\/wp-content\/uploads\/2023\/03\/605016_paul_rivera_loud_volume_spray_150ml.png","datePublished":"2023-02-08T13:33:37+00:00","dateModified":"2024-05-13T10:11:26+00:00","description":"Loud Volume \u00e9 o spray volumizador Paul Rivera que d\u00e1 corpo \u00e0s ra\u00edzes dos cabelos finos e sem volume, para um volume mais duradouro.","breadcrumb":{"@id":"https:\/\/paulrivera.it\/pt-pt\/prodotti\/tratamentos\/loud-volume-cabelos-finos\/loud-volume-spray-volumizador\/#breadcrumb"},"inLanguage":"pt-PT","potentialAction":[{"@type":"ReadAction","target":["https:\/\/paulrivera.it\/pt-pt\/prodotti\/tratamentos\/loud-volume-cabelos-finos\/loud-volume-spray-volumizador\/"]}]},{"@type":"ImageObject","inLanguage":"pt-PT","@id":"https:\/\/paulrivera.it\/pt-pt\/prodotti\/tratamentos\/loud-volume-cabelos-finos\/loud-volume-spray-volumizador\/#primaryimage","url":"https:\/\/paulrivera.it\/wp-content\/uploads\/2023\/03\/605016_paul_rivera_loud_volume_spray_150ml.png","contentUrl":"https:\/\/paulrivera.it\/wp-content\/uploads\/2023\/03\/605016_paul_rivera_loud_volume_spray_150ml.png","width":800,"height":800},{"@type":"BreadcrumbList","@id":"https:\/\/paulrivera.it\/pt-pt\/prodotti\/tratamentos\/loud-volume-cabelos-finos\/loud-volume-spray-volumizador\/#breadcrumb","itemListElement":[{"@type":"ListItem","position":1,"name":"Home","item":"https:\/\/paulrivera.it\/pt-pt\/"},{"@type":"ListItem","position":2,"name":"Pagina shop","item":"https:\/\/paulrivera.it\/prodotti\/"},{"@type":"ListItem","position":3,"name":"Loud Volume &#8211; Spray volumizador"}]},{"@type":"WebSite","@id":"https:\/\/paulrivera.it\/pt-pt\/#website","url":"https:\/\/paulrivera.it\/pt-pt\/","name":"Paul Rivera","description":"Hair Beauty Celebration","publisher":{"@id":"https:\/\/paulrivera.it\/pt-pt\/#organization"},"potentialAction":[{"@type":"SearchAction","target":{"@type":"EntryPoint","urlTemplate":"https:\/\/paulrivera.it\/pt-pt\/?s={search_term_string}"},"query-input":{"@type":"PropertyValueSpecification","valueRequired":true,"valueName":"search_term_string"}}],"inLanguage":"pt-PT"},{"@type":"Organization","@id":"https:\/\/paulrivera.it\/pt-pt\/#organization","name":"Paul Rivera","url":"https:\/\/paulrivera.it\/pt-pt\/","logo":{"@type":"ImageObject","inLanguage":"pt-PT","@id":"https:\/\/paulrivera.it\/pt-pt\/#\/schema\/logo\/image\/","url":"https:\/\/paulrivera.it\/wp-content\/uploads\/2020\/02\/paul_rivera_logo_header_x2.png","contentUrl":"https:\/\/paulrivera.it\/wp-content\/uploads\/2020\/02\/paul_rivera_logo_header_x2.png","width":470,"height":60,"caption":"Paul Rivera"},"image":{"@id":"https:\/\/paulrivera.it\/pt-pt\/#\/schema\/logo\/image\/"}}]}},"_links":{"self":[{"href":"https:\/\/paulrivera.it\/pt-pt\/wp-json\/wp\/v2\/product\/5396","targetHints":{"allow":["GET"]}}],"collection":[{"href":"https:\/\/paulrivera.it\/pt-pt\/wp-json\/wp\/v2\/product"}],"about":[{"href":"https:\/\/paulrivera.it\/pt-pt\/wp-json\/wp\/v2\/types\/product"}],"wp:featuredmedia":[{"embeddable":true,"href":"https:\/\/paulrivera.it\/pt-pt\/wp-json\/wp\/v2\/media\/5417"}],"wp:attachment":[{"href":"https:\/\/paulrivera.it\/pt-pt\/wp-json\/wp\/v2\/media?parent=5396"}],"wp:term":[{"taxonomy":"product_brand","embeddable":true,"href":"https:\/\/paulrivera.it\/pt-pt\/wp-json\/wp\/v2\/product_brand?post=5396"},{"taxonomy":"product_cat","embeddable":true,"href":"https:\/\/paulrivera.it\/pt-pt\/wp-json\/wp\/v2\/product_cat?post=5396"},{"taxonomy":"product_tag","embeddable":true,"href":"https:\/\/paulrivera.it\/pt-pt\/wp-json\/wp\/v2\/product_tag?post=5396"}],"curies":[{"name":"wp","href":"https:\/\/api.w.org\/{rel}","templated":true}]}}