{"id":6396,"date":"2023-04-17T09:00:51","date_gmt":"2023-03-31T07:32:55","guid":{"rendered":"https:\/\/paulrivera.it\/?post_type=product&#038;p=6396"},"modified":"2024-05-13T12:08:01","modified_gmt":"2024-05-13T10:08:01","slug":"crystalia-creme-de-coloracao-para-cabelo-tom-sobre-tom-sem-amoniaco","status":"publish","type":"product","link":"https:\/\/paulrivera.it\/pt-pt\/prodotti\/coloracao\/crystalia-creme-de-coloracao-para-cabelo-tom-sobre-tom-sem-amoniaco\/","title":{"rendered":"Crystalia &#8211; Creme de colora\u00e7\u00e3o para cabelo Tom sobre Tom \/ Sem Amon\u00edaco"},"content":{"rendered":"<div class=\"wpb-content-wrapper\"><p>[vc_row full_width=&#8221;stretch_row&#8221;][vc_column][vc_row_inner el_id=&#8221;desktop&#8221;][vc_column_inner width=&#8221;1\/2&#8243; css=&#8221;.vc_custom_1583137813038{padding-right: 10% !important;padding-left: 30% !important;}&#8221; offset=&#8221;vc_hidden-md vc_hidden-sm vc_hidden-xs&#8221;][vc_column_text]<\/p>\n<h1>Ir\u00e1 am\u00e1-lo porque<\/h1>\n<ul>\n<li style=\"font-weight: 400;\" aria-level=\"1\"><span style=\"font-weight: 400;\">Cobre perfeitamente todos os cabelos brancos\u00a0<\/span><\/li>\n<li style=\"font-weight: 400;\" aria-level=\"1\"><span style=\"font-weight: 400;\">A sua f\u00f3rmula \u00e9 sem amon\u00edaco\u00a0<\/span><\/li>\n<li style=\"font-weight: 400;\" aria-level=\"1\"><span style=\"font-weight: 400;\">Real\u00e7a a cor natural, tornando-a mais brilhante e mais intensa<\/span><\/li>\n<li style=\"font-weight: 400;\" aria-level=\"1\"><span style=\"font-weight: 400;\">Corrige os reflexos indesejados devido a tratamentos qu\u00edmicos, respeitando ao mesmo tempo a fibra capilar<\/span><\/li>\n<li style=\"font-weight: 400;\" aria-level=\"1\"><span style=\"font-weight: 400;\">As nuances podem ser misturadas para personalizar e equilibrar a cor e os reflexos<\/span><\/li>\n<\/ul>\n<p>[\/vc_column_text][vc_column_text]<\/p>\n<h1>Ativos na f\u00f3rmula<\/h1>\n<ul>\n<li style=\"font-weight: 400;\" aria-level=\"1\"><span style=\"font-weight: 400;\">Ceramidas A<\/span><span style=\"font-weight: 400;\">2<\/span><span style=\"font-weight: 400;\">: replicam a a\u00e7\u00e3o das Ceramidas e amino\u00e1cidos presentes no cabelo, ativando os processos regenerativos da cut\u00edcula exterior e reparando o cabelo ao longo de todo o seu comprimento. Al\u00e9m disso, criam uma barreira protetora contra a secura e os agentes externos prejudiciais.<\/span><\/li>\n<li style=\"font-weight: 400;\" aria-level=\"1\"><span style=\"font-weight: 400;\">Manteiga de Karit\u00e9: rica em vitaminas A, D e E, tem elevadas propriedades nutritivas, antioxidantes e hidratantes. D\u00e1 brilho e suavidade \u00e0 fibra capilar e ajuda a prevenir pontas duplas e quebra do cabelo, melhorando a cor do cabelo, fortalecendo as hastes capilares e desempenhando uma a\u00e7\u00e3o anti-frizz.\u00a0<\/span><\/li>\n<li style=\"font-weight: 400;\" aria-level=\"1\"><span style=\"font-weight: 400;\">Extrato de ginseng: rico em vitaminas e antioxidantes, estimula a circula\u00e7\u00e3o sangu\u00ednea ao promover a oxigena\u00e7\u00e3o dos tecidos. Fornece nutri\u00e7\u00e3o, fortalece os fol\u00edculos e ra\u00edzes capilares, promove o crescimento de novos cabelos e previne o enfraquecimento e a quebra. <\/span><\/li>\n<\/ul>\n<p>[\/vc_column_text][vc_column_text]<\/p>\n<h1>Como usar<\/h1>\n<p><span style=\"font-weight: 400;\">Numa tigela n\u00e3o met\u00e1lica, misture o Creme de Colora\u00e7\u00e3o Crystalia com a Emuls\u00e3o Oxidante Ultra Vox \u00e0 sua escolha, de acordo com a propor\u00e7\u00e3o (1:2) para: reavivar a cor e corrigir os reflexos indesejados (Ultravox 5 vol.), cobrir os primeiros cabelos grisalhos ou manter o mesmo n\u00edvel de tonalidade da base (Ultravox 10 vol.).<\/span><\/p>\n<p><span style=\"font-weight: 400;\">Pode tamb\u00e9m utiliz\u00e1-lo misturando v\u00e1rios tons e, al\u00e9m disso, adicionar Crystalia Clear para criar cores personalizadas.\u00a0<\/span><\/p>\n<p><span style=\"font-weight: 400;\">Observa\u00e7\u00e3o: o produto est\u00e1 estudado exclusivamente para uso profissional.<\/span>[\/vc_column_text][\/vc_column_inner][vc_column_inner width=&#8221;1\/2&#8243; css=&#8221;.vc_custom_1680257513433{background-image: url(https:\/\/paulrivera.it\/wp-content\/uploads\/2023\/03\/background_adv_produc_crystalia.png?id=5953) !important;background-position: center !important;background-repeat: no-repeat !important;background-size: cover !important;}&#8221; offset=&#8221;vc_hidden-md vc_hidden-sm vc_hidden-xs&#8221;][vc_single_image image=&#8221;6193&#8243; img_size=&#8221;large&#8221; alignment=&#8221;center&#8221;][\/vc_column_inner][\/vc_row_inner][vc_row_inner el_id=&#8221;tablet&#8221;][vc_column_inner offset=&#8221;vc_hidden-lg vc_hidden-xs&#8221;][vc_column_text]<\/p>\n<h1>Ir\u00e1 am\u00e1-lo porque<\/h1>\n<ul>\n<li style=\"font-weight: 400;\" aria-level=\"1\"><span style=\"font-weight: 400;\">Cobre perfeitamente todos os cabelos brancos\u00a0<\/span><\/li>\n<li style=\"font-weight: 400;\" aria-level=\"1\"><span style=\"font-weight: 400;\">A sua f\u00f3rmula \u00e9 sem amon\u00edaco\u00a0<\/span><\/li>\n<li style=\"font-weight: 400;\" aria-level=\"1\"><span style=\"font-weight: 400;\">Real\u00e7a a cor natural, tornando-a mais brilhante e mais intensa<\/span><\/li>\n<li style=\"font-weight: 400;\" aria-level=\"1\"><span style=\"font-weight: 400;\">Corrige os reflexos indesejados devido a tratamentos qu\u00edmicos, respeitando ao mesmo tempo a fibra capilar<\/span><\/li>\n<li style=\"font-weight: 400;\" aria-level=\"1\"><span style=\"font-weight: 400;\">As nuances podem ser misturadas para personalizar e equilibrar a cor e os reflexos<\/span><\/li>\n<\/ul>\n<p>[\/vc_column_text][vc_column_text]<\/p>\n<h1>Ativos na f\u00f3rmula<\/h1>\n<ul>\n<li style=\"font-weight: 400;\" aria-level=\"1\"><span style=\"font-weight: 400;\">Ceramidas A<\/span><span style=\"font-weight: 400;\">2<\/span><span style=\"font-weight: 400;\">: replicam a a\u00e7\u00e3o das Ceramidas e amino\u00e1cidos presentes no cabelo, ativando os processos regenerativos da cut\u00edcula exterior e reparando o cabelo ao longo de todo o seu comprimento. Al\u00e9m disso, criam uma barreira protetora contra a secura e os agentes externos prejudiciais.<\/span><\/li>\n<li style=\"font-weight: 400;\" aria-level=\"1\"><span style=\"font-weight: 400;\">Manteiga de Karit\u00e9: rica em vitaminas A, D e E, tem elevadas propriedades nutritivas, antioxidantes e hidratantes. D\u00e1 brilho e suavidade \u00e0 fibra capilar e ajuda a prevenir pontas duplas e quebra do cabelo, melhorando a cor do cabelo, fortalecendo as hastes capilares e desempenhando uma a\u00e7\u00e3o anti-frizz.\u00a0<\/span><\/li>\n<li style=\"font-weight: 400;\" aria-level=\"1\"><span style=\"font-weight: 400;\">Extrato de ginseng: rico em vitaminas e antioxidantes, estimula a circula\u00e7\u00e3o sangu\u00ednea ao promover a oxigena\u00e7\u00e3o dos tecidos. Fornece nutri\u00e7\u00e3o, fortalece os fol\u00edculos e ra\u00edzes capilares, promove o crescimento de novos cabelos e previne o enfraquecimento e a quebra. <\/span><\/li>\n<\/ul>\n<p>[\/vc_column_text][vc_column_text]<\/p>\n<h1>Como usar<\/h1>\n<p><span style=\"font-weight: 400;\">Numa tigela n\u00e3o met\u00e1lica, misture o Creme de Colora\u00e7\u00e3o Crystalia com a Emuls\u00e3o Oxidante Ultra Vox \u00e0 sua escolha, de acordo com a propor\u00e7\u00e3o (1:2) para: reavivar a cor e corrigir os reflexos indesejados (Ultravox 5 vol.), cobrir os primeiros cabelos grisalhos ou manter o mesmo n\u00edvel de tonalidade da base (Ultravox 10 vol.).<\/span><\/p>\n<p><span style=\"font-weight: 400;\">Pode tamb\u00e9m utiliz\u00e1-lo misturando v\u00e1rios tons e, al\u00e9m disso, adicionar Crystalia Clear para criar cores personalizadas.\u00a0<\/span><\/p>\n<p><span style=\"font-weight: 400;\">Observa\u00e7\u00e3o: o produto est\u00e1 estudado exclusivamente para uso profissional.<\/span>[\/vc_column_text][\/vc_column_inner][\/vc_row_inner][vc_row_inner el_id=&#8221;mobile&#8221;][vc_column_inner width=&#8221;1\/2&#8243; offset=&#8221;vc_hidden-lg vc_hidden-md vc_hidden-sm&#8221;][vc_column_text]<\/p>\n<h1>Ir\u00e1 am\u00e1-lo porque<\/h1>\n<ul>\n<li style=\"font-weight: 400;\" aria-level=\"1\"><span style=\"font-weight: 400;\">Cobre perfeitamente todos os cabelos brancos\u00a0<\/span><\/li>\n<li style=\"font-weight: 400;\" aria-level=\"1\"><span style=\"font-weight: 400;\">A sua f\u00f3rmula \u00e9 sem amon\u00edaco\u00a0<\/span><\/li>\n<li style=\"font-weight: 400;\" aria-level=\"1\"><span style=\"font-weight: 400;\">Real\u00e7a a cor natural, tornando-a mais brilhante e mais intensa<\/span><\/li>\n<li style=\"font-weight: 400;\" aria-level=\"1\"><span style=\"font-weight: 400;\">Corrige os reflexos indesejados devido a tratamentos qu\u00edmicos, respeitando ao mesmo tempo a fibra capilar<\/span><\/li>\n<li style=\"font-weight: 400;\" aria-level=\"1\"><span style=\"font-weight: 400;\">As nuances podem ser misturadas para personalizar e equilibrar a cor e os reflexos<\/span><\/li>\n<\/ul>\n<p>[\/vc_column_text][vc_column_text]<\/p>\n<h1>Ativos na f\u00f3rmula<\/h1>\n<ul>\n<li style=\"font-weight: 400;\" aria-level=\"1\"><span style=\"font-weight: 400;\">Ceramidas A<\/span><span style=\"font-weight: 400;\">2<\/span><span style=\"font-weight: 400;\">: replicam a a\u00e7\u00e3o das Ceramidas e amino\u00e1cidos presentes no cabelo, ativando os processos regenerativos da cut\u00edcula exterior e reparando o cabelo ao longo de todo o seu comprimento. Al\u00e9m disso, criam uma barreira protetora contra a secura e os agentes externos prejudiciais.<\/span><\/li>\n<li style=\"font-weight: 400;\" aria-level=\"1\"><span style=\"font-weight: 400;\">Manteiga de Karit\u00e9: rica em vitaminas A, D e E, tem elevadas propriedades nutritivas, antioxidantes e hidratantes. D\u00e1 brilho e suavidade \u00e0 fibra capilar e ajuda a prevenir pontas duplas e quebra do cabelo, melhorando a cor do cabelo, fortalecendo as hastes capilares e desempenhando uma a\u00e7\u00e3o anti-frizz.\u00a0<\/span><\/li>\n<li style=\"font-weight: 400;\" aria-level=\"1\"><span style=\"font-weight: 400;\">Extrato de ginseng: rico em vitaminas e antioxidantes, estimula a circula\u00e7\u00e3o sangu\u00ednea ao promover a oxigena\u00e7\u00e3o dos tecidos. Fornece nutri\u00e7\u00e3o, fortalece os fol\u00edculos e ra\u00edzes capilares, promove o crescimento de novos cabelos e previne o enfraquecimento e a quebra. <\/span><\/li>\n<\/ul>\n<p>[\/vc_column_text][vc_column_text]<\/p>\n<h1>Como usar<\/h1>\n<p><span style=\"font-weight: 400;\">Numa tigela n\u00e3o met\u00e1lica, misture o Creme de Colora\u00e7\u00e3o Crystalia com a Emuls\u00e3o Oxidante Ultra Vox \u00e0 sua escolha, de acordo com a propor\u00e7\u00e3o (1:2) para: reavivar a cor e corrigir os reflexos indesejados (Ultravox 5 vol.), cobrir os primeiros cabelos grisalhos ou manter o mesmo n\u00edvel de tonalidade da base (Ultravox 10 vol.).<\/span><\/p>\n<p><span style=\"font-weight: 400;\">Pode tamb\u00e9m utiliz\u00e1-lo misturando v\u00e1rios tons e, al\u00e9m disso, adicionar Crystalia Clear para criar cores personalizadas.\u00a0<\/span><\/p>\n<p><span style=\"font-weight: 400;\">Observa\u00e7\u00e3o: o produto est\u00e1 estudado exclusivamente para uso profissional.<\/span>[\/vc_column_text][\/vc_column_inner][vc_column_inner width=&#8221;1\/2&#8243; css=&#8221;.vc_custom_1680257775555{background-image: url(https:\/\/paulrivera.it\/wp-content\/uploads\/2023\/03\/background_adv_produc_crystalia.png?id=5953) !important;background-position: center !important;background-repeat: no-repeat !important;background-size: cover !important;}&#8221; offset=&#8221;vc_hidden-lg vc_hidden-md vc_hidden-sm&#8221;][vc_single_image image=&#8221;6193&#8243; img_size=&#8221;large&#8221; alignment=&#8221;center&#8221;][\/vc_column_inner][\/vc_row_inner][\/vc_column][\/vc_row][vc_row css=&#8221;.vc_custom_1582192829011{padding-top: 50px !important;}&#8221;][vc_column][vc_row_inner][vc_column_inner][vc_column_text]<\/p>\n<h1 style=\"text-align: center;\">Produtos relacionados<\/h1>\n<p>[\/vc_column_text][\/vc_column_inner][\/vc_row_inner][vc_raw_html]W3dwYi1wcm9kdWN0LXNsaWRlci1zaG9ydGNvZGUgaWQ9IjE2MSJd[\/vc_raw_html][\/vc_column][\/vc_row]<\/p>\n<\/div>","protected":false},"excerpt":{"rendered":"<p><b>Crystalia<\/b><span style=\"font-weight: 400;\"> \u00e9 o <\/span><b>creme de colora\u00e7\u00e3o tom sobre tom sem amon\u00edaco<\/b><span style=\"font-weight: 400;\"> que personaliza o seu cabelo, dando-lhe um aspeto <\/span><b>uniforme e luminoso<\/b><span style=\"font-weight: 400;\">.\u00a0<\/span><\/p>\n<p><span style=\"font-weight: 400;\">Gra\u00e7as \u00e0 sua <\/span><b>a\u00e7\u00e3o suave<\/b><span style=\"font-weight: 400;\">, \u00e9 a cor ideal para cobrir os primeiros cabelos grisalhos, mas tamb\u00e9m o aliado perfeito para <\/span><b>refletir, tonificar e reavivar os reflexos dos cabelos pintados<\/b><span style=\"font-weight: 400;\">.<\/span><\/p>\n<p><span style=\"font-weight: 400;\">A sua f\u00f3rmula de \u00faltima gera\u00e7\u00e3o \u00e9 enriquecida com <\/span><b>Multi-Crystal Power<\/b><span style=\"font-weight: 400;\">: uma preciosa sinergia de ingredientes ativos que, juntamente com <\/span><b>Manteiga de Karit\u00e9, Ginseng<\/b><span style=\"font-weight: 400;\"> e <\/span><b>Ceramidas A<\/b><b>2<\/b><span style=\"font-weight: 400;\">, torna a colora\u00e7\u00e3o leve e n\u00e3o agressiva, garantindo um alto desempenho e o m\u00e1ximo respeito pela fibra capilar.\u00a0<\/span><\/p>\n<p><span style=\"font-weight: 400;\">100 ml<\/span><\/p>\n<p><span style=\"font-weight: 400;\">44 nuances subdivididas em 12 fam\u00edlias de cor<\/span><\/p>\n<p><span style=\"font-weight: 400;\">Mistura 1:2<\/span><\/p>\n<p>&nbsp;<\/p>\n[maxbutton id=\"6\"]\n","protected":false},"featured_media":5968,"template":"","meta":[],"product_brand":[],"product_cat":[361],"product_tag":[],"class_list":{"0":"post-6396","1":"product","2":"type-product","3":"status-publish","4":"has-post-thumbnail","6":"product_cat-coloracao","7":"description-off","9":"first","10":"instock","11":"shipping-taxable","12":"purchasable","13":"product-type-variable"},"yoast_head":"<!-- This site is optimized with the Yoast SEO plugin v27.2 - https:\/\/yoast.com\/product\/yoast-seo-wordpress\/ -->\n<title>Crystalia - Creme de colora\u00e7\u00e3o Tom sobre Tom | Paul River<\/title>\n<meta name=\"description\" content=\"Crystalia \u00e9 o creme de colora\u00e7\u00e3o tom sobre tom sem amon\u00edaco que personaliza o seu cabelo, dando-lhe um aspeto uniforme e luminoso.\" \/>\n<meta name=\"robots\" content=\"index, follow, max-snippet:-1, max-image-preview:large, max-video-preview:-1\" \/>\n<link rel=\"canonical\" href=\"https:\/\/paulrivera.it\/pt-pt\/prodotti\/coloracao\/crystalia-creme-de-coloracao-para-cabelo-tom-sobre-tom-sem-amoniaco\/\" \/>\n<meta property=\"og:locale\" content=\"pt_PT\" \/>\n<meta property=\"og:type\" content=\"article\" \/>\n<meta property=\"og:title\" content=\"Crystalia - Creme de colora\u00e7\u00e3o Tom sobre Tom | Paul River\" \/>\n<meta property=\"og:description\" content=\"Crystalia \u00e9 o creme de colora\u00e7\u00e3o tom sobre tom sem amon\u00edaco que personaliza o seu cabelo, dando-lhe um aspeto uniforme e luminoso.\" \/>\n<meta property=\"og:url\" content=\"https:\/\/paulrivera.it\/pt-pt\/prodotti\/coloracao\/crystalia-creme-de-coloracao-para-cabelo-tom-sobre-tom-sem-amoniaco\/\" \/>\n<meta property=\"og:site_name\" content=\"Paul Rivera\" \/>\n<meta property=\"article:modified_time\" content=\"2024-05-13T10:08:01+00:00\" \/>\n<meta property=\"og:image\" content=\"https:\/\/paulrivera.it\/wp-content\/uploads\/2023\/03\/6033xx_paul_rivera_crystalia_100ml_-1.png\" \/>\n\t<meta property=\"og:image:width\" content=\"800\" \/>\n\t<meta property=\"og:image:height\" content=\"800\" \/>\n\t<meta property=\"og:image:type\" content=\"image\/png\" \/>\n<meta name=\"twitter:card\" content=\"summary_large_image\" \/>\n<meta name=\"twitter:label1\" content=\"Est. reading time\" \/>\n\t<meta name=\"twitter:data1\" content=\"6 minutes\" \/>\n<script type=\"application\/ld+json\" class=\"yoast-schema-graph\">{\"@context\":\"https:\/\/schema.org\",\"@graph\":[{\"@type\":\"WebPage\",\"@id\":\"https:\/\/paulrivera.it\/pt-pt\/prodotti\/coloracao\/crystalia-creme-de-coloracao-para-cabelo-tom-sobre-tom-sem-amoniaco\/\",\"url\":\"https:\/\/paulrivera.it\/pt-pt\/prodotti\/coloracao\/crystalia-creme-de-coloracao-para-cabelo-tom-sobre-tom-sem-amoniaco\/\",\"name\":\"Crystalia - Creme de colora\u00e7\u00e3o Tom sobre Tom | Paul River\",\"isPartOf\":{\"@id\":\"https:\/\/paulrivera.it\/pt-pt\/#website\"},\"primaryImageOfPage\":{\"@id\":\"https:\/\/paulrivera.it\/pt-pt\/prodotti\/coloracao\/crystalia-creme-de-coloracao-para-cabelo-tom-sobre-tom-sem-amoniaco\/#primaryimage\"},\"image\":{\"@id\":\"https:\/\/paulrivera.it\/pt-pt\/prodotti\/coloracao\/crystalia-creme-de-coloracao-para-cabelo-tom-sobre-tom-sem-amoniaco\/#primaryimage\"},\"thumbnailUrl\":\"https:\/\/paulrivera.it\/wp-content\/uploads\/2023\/03\/6033xx_paul_rivera_crystalia_100ml_-1.png\",\"datePublished\":\"2023-03-31T07:32:55+00:00\",\"dateModified\":\"2024-05-13T10:08:01+00:00\",\"description\":\"Crystalia \u00e9 o creme de colora\u00e7\u00e3o tom sobre tom sem amon\u00edaco que personaliza o seu cabelo, dando-lhe um aspeto uniforme e luminoso.\",\"breadcrumb\":{\"@id\":\"https:\/\/paulrivera.it\/pt-pt\/prodotti\/coloracao\/crystalia-creme-de-coloracao-para-cabelo-tom-sobre-tom-sem-amoniaco\/#breadcrumb\"},\"inLanguage\":\"pt-PT\",\"potentialAction\":[{\"@type\":\"ReadAction\",\"target\":[\"https:\/\/paulrivera.it\/pt-pt\/prodotti\/coloracao\/crystalia-creme-de-coloracao-para-cabelo-tom-sobre-tom-sem-amoniaco\/\"]}]},{\"@type\":\"ImageObject\",\"inLanguage\":\"pt-PT\",\"@id\":\"https:\/\/paulrivera.it\/pt-pt\/prodotti\/coloracao\/crystalia-creme-de-coloracao-para-cabelo-tom-sobre-tom-sem-amoniaco\/#primaryimage\",\"url\":\"https:\/\/paulrivera.it\/wp-content\/uploads\/2023\/03\/6033xx_paul_rivera_crystalia_100ml_-1.png\",\"contentUrl\":\"https:\/\/paulrivera.it\/wp-content\/uploads\/2023\/03\/6033xx_paul_rivera_crystalia_100ml_-1.png\",\"width\":800,\"height\":800},{\"@type\":\"BreadcrumbList\",\"@id\":\"https:\/\/paulrivera.it\/pt-pt\/prodotti\/coloracao\/crystalia-creme-de-coloracao-para-cabelo-tom-sobre-tom-sem-amoniaco\/#breadcrumb\",\"itemListElement\":[{\"@type\":\"ListItem\",\"position\":1,\"name\":\"Home\",\"item\":\"https:\/\/paulrivera.it\/pt-pt\/\"},{\"@type\":\"ListItem\",\"position\":2,\"name\":\"Pagina shop\",\"item\":\"https:\/\/paulrivera.it\/prodotti\/\"},{\"@type\":\"ListItem\",\"position\":3,\"name\":\"Crystalia &#8211; Creme de colora\u00e7\u00e3o para cabelo Tom sobre Tom \/ Sem Amon\u00edaco\"}]},{\"@type\":\"WebSite\",\"@id\":\"https:\/\/paulrivera.it\/pt-pt\/#website\",\"url\":\"https:\/\/paulrivera.it\/pt-pt\/\",\"name\":\"Paul Rivera\",\"description\":\"Hair Beauty Celebration\",\"publisher\":{\"@id\":\"https:\/\/paulrivera.it\/pt-pt\/#organization\"},\"potentialAction\":[{\"@type\":\"SearchAction\",\"target\":{\"@type\":\"EntryPoint\",\"urlTemplate\":\"https:\/\/paulrivera.it\/pt-pt\/?s={search_term_string}\"},\"query-input\":{\"@type\":\"PropertyValueSpecification\",\"valueRequired\":true,\"valueName\":\"search_term_string\"}}],\"inLanguage\":\"pt-PT\"},{\"@type\":\"Organization\",\"@id\":\"https:\/\/paulrivera.it\/pt-pt\/#organization\",\"name\":\"Paul Rivera\",\"url\":\"https:\/\/paulrivera.it\/pt-pt\/\",\"logo\":{\"@type\":\"ImageObject\",\"inLanguage\":\"pt-PT\",\"@id\":\"https:\/\/paulrivera.it\/pt-pt\/#\/schema\/logo\/image\/\",\"url\":\"https:\/\/paulrivera.it\/wp-content\/uploads\/2020\/02\/paul_rivera_logo_header_x2.png\",\"contentUrl\":\"https:\/\/paulrivera.it\/wp-content\/uploads\/2020\/02\/paul_rivera_logo_header_x2.png\",\"width\":470,\"height\":60,\"caption\":\"Paul Rivera\"},\"image\":{\"@id\":\"https:\/\/paulrivera.it\/pt-pt\/#\/schema\/logo\/image\/\"}}]}<\/script>\n<!-- \/ Yoast SEO plugin. -->","yoast_head_json":{"title":"Crystalia - Creme de colora\u00e7\u00e3o Tom sobre Tom | Paul River","description":"Crystalia \u00e9 o creme de colora\u00e7\u00e3o tom sobre tom sem amon\u00edaco que personaliza o seu cabelo, dando-lhe um aspeto uniforme e luminoso.","robots":{"index":"index","follow":"follow","max-snippet":"max-snippet:-1","max-image-preview":"max-image-preview:large","max-video-preview":"max-video-preview:-1"},"canonical":"https:\/\/paulrivera.it\/pt-pt\/prodotti\/coloracao\/crystalia-creme-de-coloracao-para-cabelo-tom-sobre-tom-sem-amoniaco\/","og_locale":"pt_PT","og_type":"article","og_title":"Crystalia - Creme de colora\u00e7\u00e3o Tom sobre Tom | Paul River","og_description":"Crystalia \u00e9 o creme de colora\u00e7\u00e3o tom sobre tom sem amon\u00edaco que personaliza o seu cabelo, dando-lhe um aspeto uniforme e luminoso.","og_url":"https:\/\/paulrivera.it\/pt-pt\/prodotti\/coloracao\/crystalia-creme-de-coloracao-para-cabelo-tom-sobre-tom-sem-amoniaco\/","og_site_name":"Paul Rivera","article_modified_time":"2024-05-13T10:08:01+00:00","og_image":[{"width":800,"height":800,"url":"https:\/\/paulrivera.it\/wp-content\/uploads\/2023\/03\/6033xx_paul_rivera_crystalia_100ml_-1.png","type":"image\/png"}],"twitter_card":"summary_large_image","twitter_misc":{"Est. reading time":"6 minutes"},"schema":{"@context":"https:\/\/schema.org","@graph":[{"@type":"WebPage","@id":"https:\/\/paulrivera.it\/pt-pt\/prodotti\/coloracao\/crystalia-creme-de-coloracao-para-cabelo-tom-sobre-tom-sem-amoniaco\/","url":"https:\/\/paulrivera.it\/pt-pt\/prodotti\/coloracao\/crystalia-creme-de-coloracao-para-cabelo-tom-sobre-tom-sem-amoniaco\/","name":"Crystalia - Creme de colora\u00e7\u00e3o Tom sobre Tom | Paul River","isPartOf":{"@id":"https:\/\/paulrivera.it\/pt-pt\/#website"},"primaryImageOfPage":{"@id":"https:\/\/paulrivera.it\/pt-pt\/prodotti\/coloracao\/crystalia-creme-de-coloracao-para-cabelo-tom-sobre-tom-sem-amoniaco\/#primaryimage"},"image":{"@id":"https:\/\/paulrivera.it\/pt-pt\/prodotti\/coloracao\/crystalia-creme-de-coloracao-para-cabelo-tom-sobre-tom-sem-amoniaco\/#primaryimage"},"thumbnailUrl":"https:\/\/paulrivera.it\/wp-content\/uploads\/2023\/03\/6033xx_paul_rivera_crystalia_100ml_-1.png","datePublished":"2023-03-31T07:32:55+00:00","dateModified":"2024-05-13T10:08:01+00:00","description":"Crystalia \u00e9 o creme de colora\u00e7\u00e3o tom sobre tom sem amon\u00edaco que personaliza o seu cabelo, dando-lhe um aspeto uniforme e luminoso.","breadcrumb":{"@id":"https:\/\/paulrivera.it\/pt-pt\/prodotti\/coloracao\/crystalia-creme-de-coloracao-para-cabelo-tom-sobre-tom-sem-amoniaco\/#breadcrumb"},"inLanguage":"pt-PT","potentialAction":[{"@type":"ReadAction","target":["https:\/\/paulrivera.it\/pt-pt\/prodotti\/coloracao\/crystalia-creme-de-coloracao-para-cabelo-tom-sobre-tom-sem-amoniaco\/"]}]},{"@type":"ImageObject","inLanguage":"pt-PT","@id":"https:\/\/paulrivera.it\/pt-pt\/prodotti\/coloracao\/crystalia-creme-de-coloracao-para-cabelo-tom-sobre-tom-sem-amoniaco\/#primaryimage","url":"https:\/\/paulrivera.it\/wp-content\/uploads\/2023\/03\/6033xx_paul_rivera_crystalia_100ml_-1.png","contentUrl":"https:\/\/paulrivera.it\/wp-content\/uploads\/2023\/03\/6033xx_paul_rivera_crystalia_100ml_-1.png","width":800,"height":800},{"@type":"BreadcrumbList","@id":"https:\/\/paulrivera.it\/pt-pt\/prodotti\/coloracao\/crystalia-creme-de-coloracao-para-cabelo-tom-sobre-tom-sem-amoniaco\/#breadcrumb","itemListElement":[{"@type":"ListItem","position":1,"name":"Home","item":"https:\/\/paulrivera.it\/pt-pt\/"},{"@type":"ListItem","position":2,"name":"Pagina shop","item":"https:\/\/paulrivera.it\/prodotti\/"},{"@type":"ListItem","position":3,"name":"Crystalia &#8211; Creme de colora\u00e7\u00e3o para cabelo Tom sobre Tom \/ Sem Amon\u00edaco"}]},{"@type":"WebSite","@id":"https:\/\/paulrivera.it\/pt-pt\/#website","url":"https:\/\/paulrivera.it\/pt-pt\/","name":"Paul Rivera","description":"Hair Beauty Celebration","publisher":{"@id":"https:\/\/paulrivera.it\/pt-pt\/#organization"},"potentialAction":[{"@type":"SearchAction","target":{"@type":"EntryPoint","urlTemplate":"https:\/\/paulrivera.it\/pt-pt\/?s={search_term_string}"},"query-input":{"@type":"PropertyValueSpecification","valueRequired":true,"valueName":"search_term_string"}}],"inLanguage":"pt-PT"},{"@type":"Organization","@id":"https:\/\/paulrivera.it\/pt-pt\/#organization","name":"Paul Rivera","url":"https:\/\/paulrivera.it\/pt-pt\/","logo":{"@type":"ImageObject","inLanguage":"pt-PT","@id":"https:\/\/paulrivera.it\/pt-pt\/#\/schema\/logo\/image\/","url":"https:\/\/paulrivera.it\/wp-content\/uploads\/2020\/02\/paul_rivera_logo_header_x2.png","contentUrl":"https:\/\/paulrivera.it\/wp-content\/uploads\/2020\/02\/paul_rivera_logo_header_x2.png","width":470,"height":60,"caption":"Paul Rivera"},"image":{"@id":"https:\/\/paulrivera.it\/pt-pt\/#\/schema\/logo\/image\/"}}]}},"_links":{"self":[{"href":"https:\/\/paulrivera.it\/pt-pt\/wp-json\/wp\/v2\/product\/6396","targetHints":{"allow":["GET"]}}],"collection":[{"href":"https:\/\/paulrivera.it\/pt-pt\/wp-json\/wp\/v2\/product"}],"about":[{"href":"https:\/\/paulrivera.it\/pt-pt\/wp-json\/wp\/v2\/types\/product"}],"wp:featuredmedia":[{"embeddable":true,"href":"https:\/\/paulrivera.it\/pt-pt\/wp-json\/wp\/v2\/media\/5968"}],"wp:attachment":[{"href":"https:\/\/paulrivera.it\/pt-pt\/wp-json\/wp\/v2\/media?parent=6396"}],"wp:term":[{"taxonomy":"product_brand","embeddable":true,"href":"https:\/\/paulrivera.it\/pt-pt\/wp-json\/wp\/v2\/product_brand?post=6396"},{"taxonomy":"product_cat","embeddable":true,"href":"https:\/\/paulrivera.it\/pt-pt\/wp-json\/wp\/v2\/product_cat?post=6396"},{"taxonomy":"product_tag","embeddable":true,"href":"https:\/\/paulrivera.it\/pt-pt\/wp-json\/wp\/v2\/product_tag?post=6396"}],"curies":[{"name":"wp","href":"https:\/\/api.w.org\/{rel}","templated":true}]}}