{"id":7507,"date":"2023-04-14T09:10:01","date_gmt":"2023-04-14T07:10:01","guid":{"rendered":"https:\/\/paulrivera.it\/?post_type=product&#038;p=7507"},"modified":"2024-05-13T12:10:05","modified_gmt":"2024-05-13T10:10:05","slug":"clean-us-primer-cute","status":"publish","type":"product","link":"https:\/\/paulrivera.it\/pt-pt\/prodotti\/tratamentos\/absolute-sleek-cabelos-crespos\/clean-us-primer-cute\/","title":{"rendered":"Clean-Us &#8211; Primer Cute"},"content":{"rendered":"<div class=\"wpb-content-wrapper\"><p>[vc_row full_width=&#8221;stretch_row&#8221;][vc_column][vc_row_inner el_id=&#8221;desktop&#8221;][vc_column_inner width=&#8221;1\/2&#8243; css=&#8221;.vc_custom_1582194227194{padding-top: 10% !important;padding-right: 10% !important;padding-bottom: 10% !important;padding-left: 30% !important;}&#8221; offset=&#8221;vc_hidden-md vc_hidden-sm vc_hidden-xs&#8221;][vc_column_text]<\/p>\n<h1>Ir\u00e1 am\u00e1-lo porque<\/h1>\n<ul>\n<li><span style=\"font-weight: 400;\"> Limpa a pele em profundidade<\/span><\/li>\n<li><span style=\"font-weight: 400;\"> Tem uma a\u00e7\u00e3o suavizante e delicada<\/span><\/li>\n<li><span style=\"font-weight: 400;\"> Deixa os cabelos mais brilhantes<\/span><\/li>\n<li><span style=\"font-weight: 400;\"> \u00c9 adequado a todos os tipos de cabelo e todos os tipos de pele<\/span><\/li>\n<li><span style=\"font-weight: 400;\">Perfeito para usar com tratamentos: <\/span><i><span style=\"font-weight: 400;\">Depurize, Activize, Hydra Dream, Loud Volume, True Color, Twister Curl, Absolut Sleek<\/span><\/i><span style=\"font-weight: 400;\"> e <\/span><i><span style=\"font-weight: 400;\">My Promise<\/span><\/i><\/li>\n<\/ul>\n<p>[\/vc_column_text][vc_column_text]<\/p>\n<h1>Ativos na f\u00f3rmula<\/h1>\n<ul>\n<li><b>Extrato de Salgueiro Biol\u00f3gico<\/b><span style=\"font-weight: 400;\">: tem uma a\u00e7\u00e3o purificante particularmente eficaz que ajuda a revitalizar o cabelo danificado, estimulando o crescimento do cabelo e atuando como t\u00f3nico do couro cabeludo.<\/span><\/li>\n<li><b>\u00d3leo Essencial de Tomilho<\/b><span style=\"font-weight: 400;\">: ajuda \u00e0 limpeza completa do couro cabeludo, limitando as secre\u00e7\u00f5es seb\u00e1ceas. Al\u00e9m disso, gra\u00e7as \u00e0 sua ac\u00e7\u00e3o calmante\/suavizante, \u00e9 capaz de controlar a pele avermelhada e com prurido, conferindo vigor, elasticidade e brilho ao cabelo.<\/span><\/li>\n<\/ul>\n<p>[\/vc_column_text][vc_column_text]<\/p>\n<h1>Como usar<\/h1>\n<p><span style=\"font-weight: 400;\">Aplicar antes do champ\u00f4 e deixar atuar durante 2 a 3 minutos massajando suavemente com movimentos rotativos.<\/span>[\/vc_column_text][\/vc_column_inner][vc_column_inner width=&#8221;1\/2&#8243; css=&#8221;.vc_custom_1681460664207{background-image: url(https:\/\/paulrivera.it\/wp-content\/uploads\/2023\/04\/paul_rivera_adv_prodotti_clean_us_1.png?id=7477) !important;background-position: center !important;background-repeat: no-repeat !important;background-size: cover !important;}&#8221; offset=&#8221;vc_hidden-md vc_hidden-sm vc_hidden-xs&#8221;][vc_single_image image=&#8221;7482&#8243; img_size=&#8221;large&#8221; alignment=&#8221;center&#8221;][\/vc_column_inner][\/vc_row_inner][vc_row_inner el_id=&#8221;tablet&#8221;][vc_column_inner offset=&#8221;vc_hidden-lg vc_hidden-xs&#8221;][vc_column_text]<\/p>\n<h1>Ir\u00e1 am\u00e1-lo porque<\/h1>\n<ul>\n<li><span style=\"font-weight: 400;\">Limpa a pele em profundidade<\/span><\/li>\n<li><span style=\"font-weight: 400;\"> Tem uma a\u00e7\u00e3o suavizante e delicada<\/span><\/li>\n<li><span style=\"font-weight: 400;\"> Deixa os cabelos mais brilhantes<\/span><\/li>\n<li><span style=\"font-weight: 400;\"> \u00c9 adequado a todos os tipos de cabelo e todos os tipos de pele<\/span><\/li>\n<li><span style=\"font-weight: 400;\">Perfeito para usar com tratamentos: <\/span><i><span style=\"font-weight: 400;\">Depurize, Activize, Hydra Dream, Loud Volume, True Color, Twister Curl, Absolut Sleek<\/span><\/i><span style=\"font-weight: 400;\"> e <\/span><i><span style=\"font-weight: 400;\">My Promise<\/span><\/i><\/li>\n<li><\/li>\n<\/ul>\n<p>[\/vc_column_text][vc_column_text]<\/p>\n<h1>Ativos na f\u00f3rmula<\/h1>\n<ul>\n<li><b>Extrato de Salgueiro Biol\u00f3gico<\/b><span style=\"font-weight: 400;\">: tem uma a\u00e7\u00e3o purificante particularmente eficaz que ajuda a revitalizar o cabelo danificado, estimulando o crescimento do cabelo e atuando como t\u00f3nico do couro cabeludo.<\/span><\/li>\n<li><b>\u00d3leo Essencial de Tomilho<\/b><span style=\"font-weight: 400;\">: ajuda \u00e0 limpeza completa do couro cabeludo, limitando as secre\u00e7\u00f5es seb\u00e1ceas. Al\u00e9m disso, gra\u00e7as \u00e0 sua ac\u00e7\u00e3o calmante\/suavizante, \u00e9 capaz de controlar a pele avermelhada e com prurido, conferindo vigor, elasticidade e brilho ao cabelo.<\/span><\/li>\n<\/ul>\n<p>[\/vc_column_text][vc_column_text]<\/p>\n<h1>Como usar<\/h1>\n<p><span style=\"font-weight: 400;\">Aplicar antes do champ\u00f4 e deixar atuar durante 2 a 3 minutos massajando suavemente com movimentos rotativos.<\/span>[\/vc_column_text][\/vc_column_inner][\/vc_row_inner][vc_row_inner el_id=&#8221;mobile&#8221;][vc_column_inner width=&#8221;1\/2&#8243; offset=&#8221;vc_hidden-lg vc_hidden-md vc_hidden-sm&#8221;][vc_column_text]<\/p>\n<h1>Ir\u00e1 am\u00e1-lo porque<\/h1>\n<ul>\n<li><span style=\"font-weight: 400;\">Limpa a pele em profundidade<\/span><\/li>\n<li><span style=\"font-weight: 400;\"> Tem uma a\u00e7\u00e3o suavizante e delicada<\/span><\/li>\n<li><span style=\"font-weight: 400;\"> Deixa os cabelos mais brilhantes<\/span><\/li>\n<li><span style=\"font-weight: 400;\"> \u00c9 adequado a todos os tipos de cabelo e todos os tipos de pele<\/span><\/li>\n<li><span style=\"font-weight: 400;\">Perfeito para usar com tratamentos: <\/span><i><span style=\"font-weight: 400;\">Depurize, Activize, Hydra Dream, Loud Volume, True Color, Twister Curl, Absolut Sleek<\/span><\/i><span style=\"font-weight: 400;\"> e <\/span><i><span style=\"font-weight: 400;\">My Promise<\/span><\/i><\/li>\n<li><\/li>\n<\/ul>\n<p>[\/vc_column_text][vc_column_text]<\/p>\n<h1>Ativos na f\u00f3rmula<\/h1>\n<ul>\n<li><b>Extrato de Salgueiro Biol\u00f3gico<\/b><span style=\"font-weight: 400;\">: tem uma a\u00e7\u00e3o purificante particularmente eficaz que ajuda a revitalizar o cabelo danificado, estimulando o crescimento do cabelo e atuando como t\u00f3nico do couro cabeludo.<\/span><\/li>\n<li><b>\u00d3leo Essencial de Tomilho<\/b><span style=\"font-weight: 400;\">: ajuda \u00e0 limpeza completa do couro cabeludo, limitando as secre\u00e7\u00f5es seb\u00e1ceas. Al\u00e9m disso, gra\u00e7as \u00e0 sua ac\u00e7\u00e3o calmante\/suavizante, \u00e9 capaz de controlar a pele avermelhada e com prurido, conferindo vigor, elasticidade e brilho ao cabelo.<\/span><\/li>\n<\/ul>\n<p>[\/vc_column_text][vc_column_text]<\/p>\n<h1>Como usar<\/h1>\n<p><span style=\"font-weight: 400;\">Aplicar antes do champ\u00f4 e deixar atuar durante 2 a 3 minutos massajando suavemente com movimentos rotativos.<\/span>[\/vc_column_text][\/vc_column_inner][vc_column_inner width=&#8221;1\/2&#8243; css=&#8221;.vc_custom_1681460598549{background-image: url(https:\/\/paulrivera.it\/wp-content\/uploads\/2023\/04\/paul_rivera_adv_prodotti_clean_us_1.png?id=7477) !important;background-position: center !important;background-repeat: no-repeat !important;background-size: cover !important;}&#8221; offset=&#8221;vc_hidden-lg vc_hidden-md vc_hidden-sm&#8221;][vc_single_image image=&#8221;7482&#8243; img_size=&#8221;large&#8221; alignment=&#8221;center&#8221;][\/vc_column_inner][\/vc_row_inner][\/vc_column][\/vc_row][vc_row css=&#8221;.vc_custom_1582192829011{padding-top: 50px !important;}&#8221;][vc_column][vc_row_inner][vc_column_inner][vc_column_text]<\/p>\n<h1 style=\"text-align: center;\">Produtos relacionados<\/h1>\n<p>[\/vc_column_text]<style type=\"text\/css\" data-type=\"the7_shortcodes-inline-css\">.products-carousel-shortcode.products-carousel-shortcode-id-59f9f880f3ef14f5387de40056df098e .owl-nav a {\n  width: 36px;\n  height: 36px;\n  border-radius: 500px;\n}\n.dt-arrow-border-on.products-carousel-shortcode.products-carousel-shortcode-id-59f9f880f3ef14f5387de40056df098e .owl-nav a:not(:hover):before {\n  border-width: 0px;\n}\n.dt-arrow-hover-border-on.products-carousel-shortcode.products-carousel-shortcode-id-59f9f880f3ef14f5387de40056df098e .owl-nav a:hover:after {\n  border-width: 0px;\n}\n.products-carousel-shortcode.products-carousel-shortcode-id-59f9f880f3ef14f5387de40056df098e .owl-nav a.owl-prev {\n  top: 50%;\n  transform: translateY(calc(-50% + 0px));\n  left: -43px;\n}\n@media all and (-ms-high-contrast: none) {\n  .products-carousel-shortcode.products-carousel-shortcode-id-59f9f880f3ef14f5387de40056df098e .owl-nav a.owl-prev {\n    transform: translateY(-50%);\n    margin-top: 0px;\n  }\n}\n.products-carousel-shortcode.products-carousel-shortcode-id-59f9f880f3ef14f5387de40056df098e .owl-nav a.owl-prev i {\n  padding: 0px 0px 0px 0px;\n}\n.products-carousel-shortcode.products-carousel-shortcode-id-59f9f880f3ef14f5387de40056df098e .owl-nav a.owl-next {\n  top: 50%;\n  transform: translateY(calc(-50% + 0px));\n  right: -43px;\n}\n@media all and (-ms-high-contrast: none) {\n  .products-carousel-shortcode.products-carousel-shortcode-id-59f9f880f3ef14f5387de40056df098e .owl-nav a.owl-next {\n    transform: translateY(-50%);\n    margin-top: 0px;\n  }\n}\n.products-carousel-shortcode.products-carousel-shortcode-id-59f9f880f3ef14f5387de40056df098e .owl-nav a.owl-next i {\n  padding: 0px 0px 0px 0px;\n}\n.products-carousel-shortcode.products-carousel-shortcode-id-59f9f880f3ef14f5387de40056df098e .owl-nav i {\n  font-size: 18px;\n}\n.products-carousel-shortcode.products-carousel-shortcode-id-59f9f880f3ef14f5387de40056df098e .owl-nav a:not(:hover) i,\n.products-carousel-shortcode.products-carousel-shortcode-id-59f9f880f3ef14f5387de40056df098e .owl-nav a:not(:hover) i:before {\n  color: #ffffff;\n  background: none;\n}\n.products-carousel-shortcode.products-carousel-shortcode-id-59f9f880f3ef14f5387de40056df098e .owl-nav a:hover i,\n.products-carousel-shortcode.products-carousel-shortcode-id-59f9f880f3ef14f5387de40056df098e .owl-nav a:hover i:before {\n  color: rgba(255,255,255,0.75);\n  background: none;\n}\n.products-carousel-shortcode.products-carousel-shortcode-id-59f9f880f3ef14f5387de40056df098e .owl-dots {\n  top: calc(100% + 20px);\n  left: 50%;\n  transform: translateX(calc(-50% + 0px));\n}\n@media all and (-ms-high-contrast: none) {\n  .products-carousel-shortcode.products-carousel-shortcode-id-59f9f880f3ef14f5387de40056df098e .owl-dots {\n    transform: translateX(-50%);\n    margin-left: 0px;\n  }\n}\n.products-carousel-shortcode.products-carousel-shortcode-id-59f9f880f3ef14f5387de40056df098e .owl-dot {\n  width: 10px;\n  height: 10px;\n  margin: 0 8px;\n}\n@media screen and (max-width: 778px) {\n  .products-carousel-shortcode.products-carousel-shortcode-id-59f9f880f3ef14f5387de40056df098e.hide-arrows .owl-nav a {\n    display: none;\n  }\n}\n@media screen and (max-width: 778px) {\n  .products-carousel-shortcode.products-carousel-shortcode-id-59f9f880f3ef14f5387de40056df098e.reposition-arrows .owl-nav .owl-prev {\n    top: 50%;\n    transform: translateY(calc(-50% + 0px));\n    left: 10px;\n  }\n  .products-carousel-shortcode.products-carousel-shortcode-id-59f9f880f3ef14f5387de40056df098e.reposition-arrows .owl-nav .owl-next {\n    top: 50%;\n    transform: translateY(calc(-50% + 0px));\n    right: 10px;\n  }\n}\n@media screen and (max-width: 778px) and all and (-ms-high-contrast: none) {\n  .products-carousel-shortcode.products-carousel-shortcode-id-59f9f880f3ef14f5387de40056df098e.reposition-arrows .owl-nav .owl-prev {\n    transform: translateY(-50%);\n    margin-top: 0px;\n  }\n}\n@media screen and (max-width: 778px) and all and (-ms-high-contrast: none) {\n  .products-carousel-shortcode.products-carousel-shortcode-id-59f9f880f3ef14f5387de40056df098e.reposition-arrows .owl-nav .owl-next {\n    transform: translateY(-50%);\n    margin-top: 0px;\n  }\n}<\/style><div class=\"owl-carousel products-carousel-shortcode dt-owl-carousel-call products-carousel-shortcode-id-59f9f880f3ef14f5387de40056df098e cart-btn-below-img bullets-small-dot-stroke reposition-arrows arrows-bg-on dt-arrow-border-on dt-arrow-hover-border-on disable-arrows-hover-bg arrows-hover-bg-on  hide-description \" data-scroll-mode=\"1\" data-wide-col-num=\"4\" data-col-num=\"3\" data-laptop-col=\"3\" data-h-tablet-columns-num=\"3\" data-v-tablet-columns-num=\"2\" data-phone-columns-num=\"1\" data-auto-height=\"true\" data-col-gap=\"30\" data-stage-padding=\"0\" data-speed=\"600\" data-autoplay=\"false\" data-autoplay_speed=\"6000\" data-arrows=\"true\" data-bullet=\"false\" data-next-icon=\"icon-ar-017-r\" data-prev-icon=\"icon-ar-017-l\"><article class=\"post post-4434 product type-product status-publish has-post-thumbnail product_cat-my-promise-tratamento-reparador-intensivo description-off first instock shipping-taxable product-type-simple\" ><figure class=\"woocom-project\">\n\t<div class=\"woo-buttons-on-img\">\n\n\t\t<a href=\"https:\/\/paulrivera.it\/pt-pt\/prodotti\/tratamentos\/my-promise-tratamento-reparador-intensivo\/my-promise-champo-reparador-para-cabelos-danificados-e-processados\/\" class=\"alignnone layzr-bg\"><img loading=\"lazy\" decoding=\"async\" width=\"300\" height=\"300\" src=\"data:image\/svg+xml;charset=utf-8,%3Csvg xmlns%3D&#039;http%3A%2F%2Fwww.w3.org%2F2000%2Fsvg&#039; viewBox%3D&#039;0 0 300 300&#039;%2F%3E\" class=\"attachment-woocommerce_thumbnail size-woocommerce_thumbnail owl-lazy-load preload-me\" alt=\"My Promise - Champ\u00f4 reparador\" data-src=\"https:\/\/paulrivera.it\/wp-content\/uploads\/2021\/10\/604873_paul_rivera_my_promis_shampoo_1000ml-300x300.png\" data-srcset=\"https:\/\/paulrivera.it\/wp-content\/uploads\/2021\/10\/604873_paul_rivera_my_promis_shampoo_1000ml-300x300.png 300w, https:\/\/paulrivera.it\/wp-content\/uploads\/2021\/10\/604873_paul_rivera_my_promis_shampoo_1000ml-150x150.png 150w, https:\/\/paulrivera.it\/wp-content\/uploads\/2021\/10\/604873_paul_rivera_my_promis_shampoo_1000ml-24x24.png 24w, https:\/\/paulrivera.it\/wp-content\/uploads\/2021\/10\/604873_paul_rivera_my_promis_shampoo_1000ml-36x36.png 36w, https:\/\/paulrivera.it\/wp-content\/uploads\/2021\/10\/604873_paul_rivera_my_promis_shampoo_1000ml-48x48.png 48w, https:\/\/paulrivera.it\/wp-content\/uploads\/2021\/10\/604873_paul_rivera_my_promis_shampoo_1000ml-600x600.png 600w, https:\/\/paulrivera.it\/wp-content\/uploads\/2021\/10\/604873_paul_rivera_my_promis_shampoo_1000ml-200x200.png 200w, https:\/\/paulrivera.it\/wp-content\/uploads\/2021\/10\/604873_paul_rivera_my_promis_shampoo_1000ml.png 800w\" \/><\/a>\n\t<\/div>\n\t<figcaption class=\"woocom-list-content\">\n\n\t\t<div class=\"woo-buttons\"><a href=\"https:\/\/paulrivera.it\/pt-pt\/prodotti\/tratamentos\/my-promise-tratamento-reparador-intensivo\/my-promise-champo-reparador-para-cabelos-danificados-e-processados\/\" aria-describedby=\"woocommerce_loop_add_to_cart_link_describedby_4434\" data-quantity=\"1\" class=\"product_type_simple ajax_add_to_cart\" data-product_id=\"4434\" data-product_sku=\"\" aria-label=\"Read more about &ldquo;My Promise - Champ\u00f4 reparador&rdquo;\" rel=\"nofollow\" data-success_message=\"\">Read more<\/a>\t<span id=\"woocommerce_loop_add_to_cart_link_describedby_4434\" class=\"screen-reader-text\">\n\t\t\t<\/span>\n<\/div>\n\t<\/figcaption>\n<\/figure>\n<\/article><article class=\"post post-2717 product type-product status-publish has-post-thumbnail product_cat-depurize-raizes-oleosas description-off  instock shipping-taxable product-type-simple\" ><figure class=\"woocom-project\">\n\t<div class=\"woo-buttons-on-img\">\n\n\t\t<a href=\"https:\/\/paulrivera.it\/pt-pt\/prodotti\/tratamentos\/depurize-raizes-oleosas\/depurize-champo-normalizante-350-ml\/\" class=\"alignnone layzr-bg\"><img loading=\"lazy\" decoding=\"async\" width=\"300\" height=\"300\" src=\"data:image\/svg+xml;charset=utf-8,%3Csvg xmlns%3D&#039;http%3A%2F%2Fwww.w3.org%2F2000%2Fsvg&#039; viewBox%3D&#039;0 0 300 300&#039;%2F%3E\" class=\"attachment-woocommerce_thumbnail size-woocommerce_thumbnail owl-lazy-load preload-me\" alt=\"Depurize - Champ\u00f4 Normalizante\" data-src=\"https:\/\/paulrivera.it\/wp-content\/uploads\/2025\/10\/604835-paul-rivera-depurize-normalizing-shampoo-oily-scalp-dandruff-350ml-300x300.png\" data-srcset=\"https:\/\/paulrivera.it\/wp-content\/uploads\/2025\/10\/604835-paul-rivera-depurize-normalizing-shampoo-oily-scalp-dandruff-350ml-300x300.png 300w, https:\/\/paulrivera.it\/wp-content\/uploads\/2025\/10\/604835-paul-rivera-depurize-normalizing-shampoo-oily-scalp-dandruff-350ml-150x150.png 150w, https:\/\/paulrivera.it\/wp-content\/uploads\/2025\/10\/604835-paul-rivera-depurize-normalizing-shampoo-oily-scalp-dandruff-350ml-24x24.png 24w, https:\/\/paulrivera.it\/wp-content\/uploads\/2025\/10\/604835-paul-rivera-depurize-normalizing-shampoo-oily-scalp-dandruff-350ml-36x36.png 36w, https:\/\/paulrivera.it\/wp-content\/uploads\/2025\/10\/604835-paul-rivera-depurize-normalizing-shampoo-oily-scalp-dandruff-350ml-48x48.png 48w, https:\/\/paulrivera.it\/wp-content\/uploads\/2025\/10\/604835-paul-rivera-depurize-normalizing-shampoo-oily-scalp-dandruff-350ml-600x600.png 600w, https:\/\/paulrivera.it\/wp-content\/uploads\/2025\/10\/604835-paul-rivera-depurize-normalizing-shampoo-oily-scalp-dandruff-350ml-200x200.png 200w, https:\/\/paulrivera.it\/wp-content\/uploads\/2025\/10\/604835-paul-rivera-depurize-normalizing-shampoo-oily-scalp-dandruff-350ml.png 800w\" \/><\/a>\n\t<\/div>\n\t<figcaption class=\"woocom-list-content\">\n\n\t\t<div class=\"woo-buttons\"><a href=\"https:\/\/paulrivera.it\/pt-pt\/prodotti\/tratamentos\/depurize-raizes-oleosas\/depurize-champo-normalizante-350-ml\/\" aria-describedby=\"woocommerce_loop_add_to_cart_link_describedby_2717\" data-quantity=\"1\" class=\"product_type_simple ajax_add_to_cart\" data-product_id=\"2717\" data-product_sku=\"\" aria-label=\"Read more about &ldquo;Depurize - Champ\u00f4 Normalizante&rdquo;\" rel=\"nofollow\" data-success_message=\"\">Read more<\/a>\t<span id=\"woocommerce_loop_add_to_cart_link_describedby_2717\" class=\"screen-reader-text\">\n\t\t\t<\/span>\n<\/div>\n\t<\/figcaption>\n<\/figure>\n<\/article><article class=\"post post-2706 product type-product status-publish has-post-thumbnail product_cat-activize-prevencao-antiqueda description-off  instock shipping-taxable product-type-simple\" ><figure class=\"woocom-project\">\n\t<div class=\"woo-buttons-on-img\">\n\n\t\t<a href=\"https:\/\/paulrivera.it\/pt-pt\/prodotti\/tratamentos\/activize-prevencao-antiqueda\/activize-champo-energizante-350-ml\/\" class=\"alignnone layzr-bg\"><img loading=\"lazy\" decoding=\"async\" width=\"300\" height=\"300\" src=\"data:image\/svg+xml;charset=utf-8,%3Csvg xmlns%3D&#039;http%3A%2F%2Fwww.w3.org%2F2000%2Fsvg&#039; viewBox%3D&#039;0 0 300 300&#039;%2F%3E\" class=\"attachment-woocommerce_thumbnail size-woocommerce_thumbnail owl-lazy-load preload-me\" alt=\"Activize - Champ\u00f4 energizante de preven\u00e7\u00e3o de queda \" data-src=\"https:\/\/paulrivera.it\/wp-content\/uploads\/2020\/06\/604781_paul_rivera_activize_energizing_shampoo_weak_hair_350ml-300x300.png\" data-srcset=\"https:\/\/paulrivera.it\/wp-content\/uploads\/2020\/06\/604781_paul_rivera_activize_energizing_shampoo_weak_hair_350ml-300x300.png 300w, https:\/\/paulrivera.it\/wp-content\/uploads\/2020\/06\/604781_paul_rivera_activize_energizing_shampoo_weak_hair_350ml-150x150.png 150w, https:\/\/paulrivera.it\/wp-content\/uploads\/2020\/06\/604781_paul_rivera_activize_energizing_shampoo_weak_hair_350ml-768x768.png 768w, https:\/\/paulrivera.it\/wp-content\/uploads\/2020\/06\/604781_paul_rivera_activize_energizing_shampoo_weak_hair_350ml-24x24.png 24w, https:\/\/paulrivera.it\/wp-content\/uploads\/2020\/06\/604781_paul_rivera_activize_energizing_shampoo_weak_hair_350ml-36x36.png 36w, https:\/\/paulrivera.it\/wp-content\/uploads\/2020\/06\/604781_paul_rivera_activize_energizing_shampoo_weak_hair_350ml-48x48.png 48w, https:\/\/paulrivera.it\/wp-content\/uploads\/2020\/06\/604781_paul_rivera_activize_energizing_shampoo_weak_hair_350ml-600x600.png 600w, https:\/\/paulrivera.it\/wp-content\/uploads\/2020\/06\/604781_paul_rivera_activize_energizing_shampoo_weak_hair_350ml-200x200.png 200w, https:\/\/paulrivera.it\/wp-content\/uploads\/2020\/06\/604781_paul_rivera_activize_energizing_shampoo_weak_hair_350ml.png 800w\" \/><\/a>\n\t<\/div>\n\t<figcaption class=\"woocom-list-content\">\n\n\t\t<div class=\"woo-buttons\"><a href=\"https:\/\/paulrivera.it\/pt-pt\/prodotti\/tratamentos\/activize-prevencao-antiqueda\/activize-champo-energizante-350-ml\/\" aria-describedby=\"woocommerce_loop_add_to_cart_link_describedby_2706\" data-quantity=\"1\" class=\"product_type_simple ajax_add_to_cart\" data-product_id=\"2706\" data-product_sku=\"\" aria-label=\"Read more about &ldquo;Activize - Champ\u00f4 energizante&rdquo;\" rel=\"nofollow\" data-success_message=\"\">Read more<\/a>\t<span id=\"woocommerce_loop_add_to_cart_link_describedby_2706\" class=\"screen-reader-text\">\n\t\t\t<\/span>\n<\/div>\n\t<\/figcaption>\n<\/figure>\n<\/article><article class=\"post post-2670 product type-product status-publish has-post-thumbnail product_cat-hydra-dream-cabelos-secos description-off last instock shipping-taxable product-type-simple\" ><figure class=\"woocom-project\">\n\t<div class=\"woo-buttons-on-img\">\n\n\t\t<a href=\"https:\/\/paulrivera.it\/pt-pt\/prodotti\/tratamentos\/hydra-dream-cabelos-secos\/hydra-dream-champo-nutritivo-350-ml\/\" class=\"alignnone layzr-bg\"><img loading=\"lazy\" decoding=\"async\" width=\"300\" height=\"300\" src=\"data:image\/svg+xml;charset=utf-8,%3Csvg xmlns%3D&#039;http%3A%2F%2Fwww.w3.org%2F2000%2Fsvg&#039; viewBox%3D&#039;0 0 300 300&#039;%2F%3E\" class=\"attachment-woocommerce_thumbnail size-woocommerce_thumbnail owl-lazy-load preload-me\" alt=\"Hydra Dream - Champ\u00f4 nutritivo  \" data-src=\"https:\/\/paulrivera.it\/wp-content\/uploads\/2020\/02\/604484_paul_rivera_hydra_dream_nourishing_shampoo_dry_hair_350ml-300x300.png\" data-srcset=\"https:\/\/paulrivera.it\/wp-content\/uploads\/2020\/02\/604484_paul_rivera_hydra_dream_nourishing_shampoo_dry_hair_350ml-300x300.png 300w, https:\/\/paulrivera.it\/wp-content\/uploads\/2020\/02\/604484_paul_rivera_hydra_dream_nourishing_shampoo_dry_hair_350ml-200x200.png 200w, https:\/\/paulrivera.it\/wp-content\/uploads\/2020\/02\/604484_paul_rivera_hydra_dream_nourishing_shampoo_dry_hair_350ml-600x600.png 600w, https:\/\/paulrivera.it\/wp-content\/uploads\/2020\/02\/604484_paul_rivera_hydra_dream_nourishing_shampoo_dry_hair_350ml-150x150.png 150w, https:\/\/paulrivera.it\/wp-content\/uploads\/2020\/02\/604484_paul_rivera_hydra_dream_nourishing_shampoo_dry_hair_350ml-768x768.png 768w, https:\/\/paulrivera.it\/wp-content\/uploads\/2020\/02\/604484_paul_rivera_hydra_dream_nourishing_shampoo_dry_hair_350ml.png 800w\" \/><\/a>\n\t<\/div>\n\t<figcaption class=\"woocom-list-content\">\n\n\t\t<div class=\"woo-buttons\"><a href=\"https:\/\/paulrivera.it\/pt-pt\/prodotti\/tratamentos\/hydra-dream-cabelos-secos\/hydra-dream-champo-nutritivo-350-ml\/\" aria-describedby=\"woocommerce_loop_add_to_cart_link_describedby_2670\" data-quantity=\"1\" class=\"product_type_simple ajax_add_to_cart\" data-product_id=\"2670\" data-product_sku=\"\" aria-label=\"Read more about &ldquo;Hydra Dream - Champ\u00f4 nutritivo&rdquo;\" rel=\"nofollow\" data-success_message=\"\">Read more<\/a>\t<span id=\"woocommerce_loop_add_to_cart_link_describedby_2670\" class=\"screen-reader-text\">\n\t\t\t<\/span>\n<\/div>\n\t<\/figcaption>\n<\/figure>\n<\/article><\/div>[\/vc_column_inner][\/vc_row_inner][\/vc_column][\/vc_row]<\/p>\n<\/div>","protected":false},"excerpt":{"rendered":"<p><span style=\"font-weight: 400;\">Clean-Us \u00e9 o exclusivo <\/span><b>Primer Cute Pre-shampoo<\/b><span style=\"font-weight: 400;\"> que prepara o cabelo para as pr\u00f3ximas etapas de tratamento, a ser realizado e escolhido de acordo com as necessidades espec\u00edficas.<\/span><\/p>\n<p><span style=\"font-weight: 400;\">\u00c9 uma <\/span><b>lo\u00e7\u00e3o de textura fluida com uma f\u00f3rmula de limpeza suave<\/b><span style=\"font-weight: 400;\"> que, gra\u00e7as \u00e0 a\u00e7\u00e3o combinada de <\/span><b>\u00d3leo Essencial de Tomilho<\/b><span style=\"font-weight: 400;\"> e <\/span><b>Extrato de Salgueiro Biol\u00f3gico<\/b><span style=\"font-weight: 400;\">, promove a remo\u00e7\u00e3o de todas as impurezas e, ao mesmo tempo, deixa a pele muito hidratada.\u00a0<\/span><\/p>\n<p><span style=\"font-weight: 400;\">A sua aplica\u00e7\u00e3o facilita a limpeza com champ\u00f4 e torna a funcionalidade dos nossos tratamentos mais eficaz: Depurize, Activize, Hydra Dream, Loud Volume, True Color, Twister Curl, Absolut Sleek e My Promise.<\/span><\/p>\n<p>&nbsp;<\/p>\n<p><span style=\"font-weight: 400;\">150 ml<\/span><\/p>\n<p>&nbsp;<\/p>\n[maxbutton id=\"6\"]\n","protected":false},"featured_media":7487,"template":"","meta":[],"product_brand":[],"product_cat":[377,378,379,380,970,903,382,385],"product_tag":[],"class_list":{"0":"post-7507","1":"product","2":"type-product","3":"status-publish","4":"has-post-thumbnail","6":"product_cat-absolute-sleek-cabelos-crespos","7":"product_cat-activize-prevencao-antiqueda","8":"product_cat-depurize-raizes-oleosas","9":"product_cat-hydra-dream-cabelos-secos","10":"product_cat-loud-volume-cabelos-finos","11":"product_cat-my-promise-tratamento-reparador-intensivo","12":"product_cat-true-color-cabelos-pintados","13":"product_cat-twister-curl-cabelos-encaracolados","14":"description-off","16":"first","17":"instock","18":"shipping-taxable","19":"product-type-simple"},"yoast_head":"<!-- This site is optimized with the Yoast SEO plugin v27.2 - https:\/\/yoast.com\/product\/yoast-seo-wordpress\/ -->\n<title>Clean-Us - Primer Cute | Paul Rivera<\/title>\n<meta name=\"description\" content=\"Clean-Us \u00e9 o Primer Cute Pre-shampoo que prepara o cabelo para as pr\u00f3ximas etapas.\" \/>\n<meta name=\"robots\" content=\"index, follow, max-snippet:-1, max-image-preview:large, max-video-preview:-1\" \/>\n<link rel=\"canonical\" href=\"https:\/\/paulrivera.it\/pt-pt\/prodotti\/tratamentos\/absolute-sleek-cabelos-crespos\/clean-us-primer-cute\/\" \/>\n<meta property=\"og:locale\" content=\"pt_PT\" \/>\n<meta property=\"og:type\" content=\"article\" \/>\n<meta property=\"og:title\" content=\"Clean-Us - Primer Cute | Paul Rivera\" \/>\n<meta property=\"og:description\" content=\"Clean-Us \u00e9 o Primer Cute Pre-shampoo que prepara o cabelo para as pr\u00f3ximas etapas.\" \/>\n<meta property=\"og:url\" content=\"https:\/\/paulrivera.it\/pt-pt\/prodotti\/tratamentos\/absolute-sleek-cabelos-crespos\/clean-us-primer-cute\/\" \/>\n<meta property=\"og:site_name\" content=\"Paul Rivera\" \/>\n<meta property=\"article:modified_time\" content=\"2024-05-13T10:10:05+00:00\" \/>\n<meta property=\"og:image\" content=\"https:\/\/paulrivera.it\/wp-content\/uploads\/2023\/04\/605023_paul_rivera_clean_us_150ml.png\" \/>\n\t<meta property=\"og:image:width\" content=\"800\" \/>\n\t<meta property=\"og:image:height\" content=\"800\" \/>\n\t<meta property=\"og:image:type\" content=\"image\/png\" \/>\n<meta name=\"twitter:card\" content=\"summary_large_image\" \/>\n<meta name=\"twitter:label1\" content=\"Est. reading time\" \/>\n\t<meta name=\"twitter:data1\" content=\"4 minutes\" \/>\n<script type=\"application\/ld+json\" class=\"yoast-schema-graph\">{\"@context\":\"https:\/\/schema.org\",\"@graph\":[{\"@type\":\"WebPage\",\"@id\":\"https:\/\/paulrivera.it\/pt-pt\/prodotti\/tratamentos\/absolute-sleek-cabelos-crespos\/clean-us-primer-cute\/\",\"url\":\"https:\/\/paulrivera.it\/pt-pt\/prodotti\/tratamentos\/absolute-sleek-cabelos-crespos\/clean-us-primer-cute\/\",\"name\":\"Clean-Us - Primer Cute | Paul Rivera\",\"isPartOf\":{\"@id\":\"https:\/\/paulrivera.it\/pt-pt\/#website\"},\"primaryImageOfPage\":{\"@id\":\"https:\/\/paulrivera.it\/pt-pt\/prodotti\/tratamentos\/absolute-sleek-cabelos-crespos\/clean-us-primer-cute\/#primaryimage\"},\"image\":{\"@id\":\"https:\/\/paulrivera.it\/pt-pt\/prodotti\/tratamentos\/absolute-sleek-cabelos-crespos\/clean-us-primer-cute\/#primaryimage\"},\"thumbnailUrl\":\"https:\/\/paulrivera.it\/wp-content\/uploads\/2023\/04\/605023_paul_rivera_clean_us_150ml.png\",\"datePublished\":\"2023-04-14T07:10:01+00:00\",\"dateModified\":\"2024-05-13T10:10:05+00:00\",\"description\":\"Clean-Us \u00e9 o Primer Cute Pre-shampoo que prepara o cabelo para as pr\u00f3ximas etapas.\",\"breadcrumb\":{\"@id\":\"https:\/\/paulrivera.it\/pt-pt\/prodotti\/tratamentos\/absolute-sleek-cabelos-crespos\/clean-us-primer-cute\/#breadcrumb\"},\"inLanguage\":\"pt-PT\",\"potentialAction\":[{\"@type\":\"ReadAction\",\"target\":[\"https:\/\/paulrivera.it\/pt-pt\/prodotti\/tratamentos\/absolute-sleek-cabelos-crespos\/clean-us-primer-cute\/\"]}]},{\"@type\":\"ImageObject\",\"inLanguage\":\"pt-PT\",\"@id\":\"https:\/\/paulrivera.it\/pt-pt\/prodotti\/tratamentos\/absolute-sleek-cabelos-crespos\/clean-us-primer-cute\/#primaryimage\",\"url\":\"https:\/\/paulrivera.it\/wp-content\/uploads\/2023\/04\/605023_paul_rivera_clean_us_150ml.png\",\"contentUrl\":\"https:\/\/paulrivera.it\/wp-content\/uploads\/2023\/04\/605023_paul_rivera_clean_us_150ml.png\",\"width\":800,\"height\":800},{\"@type\":\"BreadcrumbList\",\"@id\":\"https:\/\/paulrivera.it\/pt-pt\/prodotti\/tratamentos\/absolute-sleek-cabelos-crespos\/clean-us-primer-cute\/#breadcrumb\",\"itemListElement\":[{\"@type\":\"ListItem\",\"position\":1,\"name\":\"Home\",\"item\":\"https:\/\/paulrivera.it\/pt-pt\/\"},{\"@type\":\"ListItem\",\"position\":2,\"name\":\"Pagina shop\",\"item\":\"https:\/\/paulrivera.it\/prodotti\/\"},{\"@type\":\"ListItem\",\"position\":3,\"name\":\"Clean-Us &#8211; Primer Cute\"}]},{\"@type\":\"WebSite\",\"@id\":\"https:\/\/paulrivera.it\/pt-pt\/#website\",\"url\":\"https:\/\/paulrivera.it\/pt-pt\/\",\"name\":\"Paul Rivera\",\"description\":\"Hair Beauty Celebration\",\"publisher\":{\"@id\":\"https:\/\/paulrivera.it\/pt-pt\/#organization\"},\"potentialAction\":[{\"@type\":\"SearchAction\",\"target\":{\"@type\":\"EntryPoint\",\"urlTemplate\":\"https:\/\/paulrivera.it\/pt-pt\/?s={search_term_string}\"},\"query-input\":{\"@type\":\"PropertyValueSpecification\",\"valueRequired\":true,\"valueName\":\"search_term_string\"}}],\"inLanguage\":\"pt-PT\"},{\"@type\":\"Organization\",\"@id\":\"https:\/\/paulrivera.it\/pt-pt\/#organization\",\"name\":\"Paul Rivera\",\"url\":\"https:\/\/paulrivera.it\/pt-pt\/\",\"logo\":{\"@type\":\"ImageObject\",\"inLanguage\":\"pt-PT\",\"@id\":\"https:\/\/paulrivera.it\/pt-pt\/#\/schema\/logo\/image\/\",\"url\":\"https:\/\/paulrivera.it\/wp-content\/uploads\/2020\/02\/paul_rivera_logo_header_x2.png\",\"contentUrl\":\"https:\/\/paulrivera.it\/wp-content\/uploads\/2020\/02\/paul_rivera_logo_header_x2.png\",\"width\":470,\"height\":60,\"caption\":\"Paul Rivera\"},\"image\":{\"@id\":\"https:\/\/paulrivera.it\/pt-pt\/#\/schema\/logo\/image\/\"}}]}<\/script>\n<!-- \/ Yoast SEO plugin. -->","yoast_head_json":{"title":"Clean-Us - Primer Cute | Paul Rivera","description":"Clean-Us \u00e9 o Primer Cute Pre-shampoo que prepara o cabelo para as pr\u00f3ximas etapas.","robots":{"index":"index","follow":"follow","max-snippet":"max-snippet:-1","max-image-preview":"max-image-preview:large","max-video-preview":"max-video-preview:-1"},"canonical":"https:\/\/paulrivera.it\/pt-pt\/prodotti\/tratamentos\/absolute-sleek-cabelos-crespos\/clean-us-primer-cute\/","og_locale":"pt_PT","og_type":"article","og_title":"Clean-Us - Primer Cute | Paul Rivera","og_description":"Clean-Us \u00e9 o Primer Cute Pre-shampoo que prepara o cabelo para as pr\u00f3ximas etapas.","og_url":"https:\/\/paulrivera.it\/pt-pt\/prodotti\/tratamentos\/absolute-sleek-cabelos-crespos\/clean-us-primer-cute\/","og_site_name":"Paul Rivera","article_modified_time":"2024-05-13T10:10:05+00:00","og_image":[{"width":800,"height":800,"url":"https:\/\/paulrivera.it\/wp-content\/uploads\/2023\/04\/605023_paul_rivera_clean_us_150ml.png","type":"image\/png"}],"twitter_card":"summary_large_image","twitter_misc":{"Est. reading time":"4 minutes"},"schema":{"@context":"https:\/\/schema.org","@graph":[{"@type":"WebPage","@id":"https:\/\/paulrivera.it\/pt-pt\/prodotti\/tratamentos\/absolute-sleek-cabelos-crespos\/clean-us-primer-cute\/","url":"https:\/\/paulrivera.it\/pt-pt\/prodotti\/tratamentos\/absolute-sleek-cabelos-crespos\/clean-us-primer-cute\/","name":"Clean-Us - Primer Cute | Paul Rivera","isPartOf":{"@id":"https:\/\/paulrivera.it\/pt-pt\/#website"},"primaryImageOfPage":{"@id":"https:\/\/paulrivera.it\/pt-pt\/prodotti\/tratamentos\/absolute-sleek-cabelos-crespos\/clean-us-primer-cute\/#primaryimage"},"image":{"@id":"https:\/\/paulrivera.it\/pt-pt\/prodotti\/tratamentos\/absolute-sleek-cabelos-crespos\/clean-us-primer-cute\/#primaryimage"},"thumbnailUrl":"https:\/\/paulrivera.it\/wp-content\/uploads\/2023\/04\/605023_paul_rivera_clean_us_150ml.png","datePublished":"2023-04-14T07:10:01+00:00","dateModified":"2024-05-13T10:10:05+00:00","description":"Clean-Us \u00e9 o Primer Cute Pre-shampoo que prepara o cabelo para as pr\u00f3ximas etapas.","breadcrumb":{"@id":"https:\/\/paulrivera.it\/pt-pt\/prodotti\/tratamentos\/absolute-sleek-cabelos-crespos\/clean-us-primer-cute\/#breadcrumb"},"inLanguage":"pt-PT","potentialAction":[{"@type":"ReadAction","target":["https:\/\/paulrivera.it\/pt-pt\/prodotti\/tratamentos\/absolute-sleek-cabelos-crespos\/clean-us-primer-cute\/"]}]},{"@type":"ImageObject","inLanguage":"pt-PT","@id":"https:\/\/paulrivera.it\/pt-pt\/prodotti\/tratamentos\/absolute-sleek-cabelos-crespos\/clean-us-primer-cute\/#primaryimage","url":"https:\/\/paulrivera.it\/wp-content\/uploads\/2023\/04\/605023_paul_rivera_clean_us_150ml.png","contentUrl":"https:\/\/paulrivera.it\/wp-content\/uploads\/2023\/04\/605023_paul_rivera_clean_us_150ml.png","width":800,"height":800},{"@type":"BreadcrumbList","@id":"https:\/\/paulrivera.it\/pt-pt\/prodotti\/tratamentos\/absolute-sleek-cabelos-crespos\/clean-us-primer-cute\/#breadcrumb","itemListElement":[{"@type":"ListItem","position":1,"name":"Home","item":"https:\/\/paulrivera.it\/pt-pt\/"},{"@type":"ListItem","position":2,"name":"Pagina shop","item":"https:\/\/paulrivera.it\/prodotti\/"},{"@type":"ListItem","position":3,"name":"Clean-Us &#8211; Primer Cute"}]},{"@type":"WebSite","@id":"https:\/\/paulrivera.it\/pt-pt\/#website","url":"https:\/\/paulrivera.it\/pt-pt\/","name":"Paul Rivera","description":"Hair Beauty Celebration","publisher":{"@id":"https:\/\/paulrivera.it\/pt-pt\/#organization"},"potentialAction":[{"@type":"SearchAction","target":{"@type":"EntryPoint","urlTemplate":"https:\/\/paulrivera.it\/pt-pt\/?s={search_term_string}"},"query-input":{"@type":"PropertyValueSpecification","valueRequired":true,"valueName":"search_term_string"}}],"inLanguage":"pt-PT"},{"@type":"Organization","@id":"https:\/\/paulrivera.it\/pt-pt\/#organization","name":"Paul Rivera","url":"https:\/\/paulrivera.it\/pt-pt\/","logo":{"@type":"ImageObject","inLanguage":"pt-PT","@id":"https:\/\/paulrivera.it\/pt-pt\/#\/schema\/logo\/image\/","url":"https:\/\/paulrivera.it\/wp-content\/uploads\/2020\/02\/paul_rivera_logo_header_x2.png","contentUrl":"https:\/\/paulrivera.it\/wp-content\/uploads\/2020\/02\/paul_rivera_logo_header_x2.png","width":470,"height":60,"caption":"Paul Rivera"},"image":{"@id":"https:\/\/paulrivera.it\/pt-pt\/#\/schema\/logo\/image\/"}}]}},"_links":{"self":[{"href":"https:\/\/paulrivera.it\/pt-pt\/wp-json\/wp\/v2\/product\/7507","targetHints":{"allow":["GET"]}}],"collection":[{"href":"https:\/\/paulrivera.it\/pt-pt\/wp-json\/wp\/v2\/product"}],"about":[{"href":"https:\/\/paulrivera.it\/pt-pt\/wp-json\/wp\/v2\/types\/product"}],"wp:featuredmedia":[{"embeddable":true,"href":"https:\/\/paulrivera.it\/pt-pt\/wp-json\/wp\/v2\/media\/7487"}],"wp:attachment":[{"href":"https:\/\/paulrivera.it\/pt-pt\/wp-json\/wp\/v2\/media?parent=7507"}],"wp:term":[{"taxonomy":"product_brand","embeddable":true,"href":"https:\/\/paulrivera.it\/pt-pt\/wp-json\/wp\/v2\/product_brand?post=7507"},{"taxonomy":"product_cat","embeddable":true,"href":"https:\/\/paulrivera.it\/pt-pt\/wp-json\/wp\/v2\/product_cat?post=7507"},{"taxonomy":"product_tag","embeddable":true,"href":"https:\/\/paulrivera.it\/pt-pt\/wp-json\/wp\/v2\/product_tag?post=7507"}],"curies":[{"name":"wp","href":"https:\/\/api.w.org\/{rel}","templated":true}]}}