{"id":7682,"date":"2023-06-26T09:42:19","date_gmt":"2023-06-01T07:42:20","guid":{"rendered":"https:\/\/paulrivera.it\/?post_type=product&#038;p=7682"},"modified":"2024-05-13T12:04:41","modified_gmt":"2024-05-13T10:04:41","slug":"illumin-us-tratamento-lamelar","status":"publish","type":"product","link":"https:\/\/paulrivera.it\/pt-pt\/prodotti\/tratamentos\/absolute-sleek-cabelos-crespos\/illumin-us-tratamento-lamelar\/","title":{"rendered":"Illumin-Us &#8211; Tratamento Lamelar"},"content":{"rendered":"<div class=\"wpb-content-wrapper\"><p>[vc_row full_width=&#8221;stretch_row&#8221;][vc_column][vc_row_inner el_id=&#8221;desktop&#8221;][vc_column_inner width=&#8221;1\/2&#8243; css=&#8221;.vc_custom_1582194227194{padding-top: 10% !important;padding-right: 10% !important;padding-bottom: 10% !important;padding-left: 30% !important;}&#8221; offset=&#8221;vc_hidden-md vc_hidden-sm vc_hidden-xs&#8221;][vc_column_text]<\/p>\n<h1>Ir\u00e1 am\u00e1-lo porque<\/h1>\n<ul>\n<li style=\"font-weight: 400;\" aria-level=\"1\"><span style=\"font-weight: 400;\">Tem uma a\u00e7\u00e3o hidratante<\/span><\/li>\n<li style=\"font-weight: 400;\" aria-level=\"1\"><span style=\"font-weight: 400;\">Confere brilho e luminosidade imediatos ao cabelo\u00a0<\/span><\/li>\n<li style=\"font-weight: 400;\" aria-level=\"1\"><span style=\"font-weight: 400;\">Torna o cabelo macio e sedoso ao toque<\/span><\/li>\n<li style=\"font-weight: 400;\" aria-level=\"1\"><span style=\"font-weight: 400;\">Assegura um elevado desemaranhamento <\/span><\/li>\n<\/ul>\n<p>[\/vc_column_text][vc_column_text]<\/p>\n<h1>Ativos na f\u00f3rmula<\/h1>\n<ul>\n<li>Extrato de groselha preta: tem uma a\u00e7\u00e3o profundamente nutritiva sobre os cabelos.<\/li>\n<li>Extrato de amora: c<span style=\"font-weight: 400;\">ontribui para o bem-estar do cabelo gra\u00e7as \u00e0 sua a\u00e7\u00e3o antioxidante, que ajuda a eliminar o excesso de toxinas<\/span><\/li>\n<li>Fitoqueratina: t<span style=\"font-weight: 400;\">em uma a\u00e7\u00e3o hidratante e emoliente que contribui para um cabelo mais macio e encorpado.<\/span><\/li>\n<\/ul>\n<p>[\/vc_column_text][vc_column_text]<\/p>\n<h1>Como usar<\/h1>\n<p><span style=\"font-weight: 400;\">Aplique no final do tratamento, seguindo as doses recomendadas, nos cabelos molhados, em todo o comprimento. Massaje suavemente madeixa a madeixa durante 9 segundos e lave com \u00e1gua em abund\u00e2ncia. <\/span>[\/vc_column_text][\/vc_column_inner][vc_column_inner width=&#8221;1\/2&#8243; css=&#8221;.vc_custom_1685609638372{background-image: url(https:\/\/paulrivera.it\/wp-content\/uploads\/2023\/06\/background_adv_product_illumin_us.png?id=7688) !important;background-position: center !important;background-repeat: no-repeat !important;background-size: cover !important;}&#8221; offset=&#8221;vc_hidden-md vc_hidden-sm vc_hidden-xs&#8221;][vc_single_image image=&#8221;7693&#8243; img_size=&#8221;large&#8221; alignment=&#8221;center&#8221;][\/vc_column_inner][\/vc_row_inner][vc_row_inner el_id=&#8221;tablet&#8221;][vc_column_inner offset=&#8221;vc_hidden-lg vc_hidden-xs&#8221;][vc_column_text]<\/p>\n<h1>Ir\u00e1 am\u00e1-lo porque<\/h1>\n<ul>\n<li style=\"font-weight: 400;\" aria-level=\"1\"><span style=\"font-weight: 400;\">Tem uma a\u00e7\u00e3o hidratante<\/span><\/li>\n<li style=\"font-weight: 400;\" aria-level=\"1\"><span style=\"font-weight: 400;\">Confere brilho e luminosidade imediatos ao cabelo\u00a0<\/span><\/li>\n<li style=\"font-weight: 400;\" aria-level=\"1\"><span style=\"font-weight: 400;\">Torna o cabelo macio e sedoso ao toque<\/span><\/li>\n<li style=\"font-weight: 400;\" aria-level=\"1\"><span style=\"font-weight: 400;\">Assegura um elevado desemaranhamento <\/span><\/li>\n<\/ul>\n<p>[\/vc_column_text][vc_column_text]<\/p>\n<h1>Ativos na f\u00f3rmula<\/h1>\n<ul>\n<li>Extrato de groselha preta: tem uma a\u00e7\u00e3o profundamente nutritiva sobre os cabelos.<\/li>\n<li>Extrato de amora: c<span style=\"font-weight: 400;\">ontribui para o bem-estar do cabelo gra\u00e7as \u00e0 sua a\u00e7\u00e3o antioxidante, que ajuda a eliminar o excesso de toxinas<\/span><\/li>\n<li>Fitoqueratina: t<span style=\"font-weight: 400;\">em uma a\u00e7\u00e3o hidratante e emoliente que contribui para um cabelo mais macio e encorpado.<\/span><\/li>\n<\/ul>\n<p>[\/vc_column_text][vc_column_text]<\/p>\n<h1>Como usar<\/h1>\n<p><span style=\"font-weight: 400;\">Aplique no final do tratamento, seguindo as doses recomendadas, nos cabelos molhados, em todo o comprimento. Massaje suavemente madeixa a madeixa durante 9 segundos e lave com \u00e1gua em abund\u00e2ncia. <\/span>[\/vc_column_text][\/vc_column_inner][\/vc_row_inner][vc_row_inner el_id=&#8221;mobile&#8221;][vc_column_inner width=&#8221;1\/2&#8243; offset=&#8221;vc_hidden-lg vc_hidden-md vc_hidden-sm&#8221;][vc_column_text]<\/p>\n<h1>Ir\u00e1 am\u00e1-lo porque<\/h1>\n<ul>\n<li style=\"font-weight: 400;\" aria-level=\"1\"><span style=\"font-weight: 400;\">Tem uma a\u00e7\u00e3o hidratante<\/span><\/li>\n<li style=\"font-weight: 400;\" aria-level=\"1\"><span style=\"font-weight: 400;\">Confere brilho e luminosidade imediatos ao cabelo\u00a0<\/span><\/li>\n<li style=\"font-weight: 400;\" aria-level=\"1\"><span style=\"font-weight: 400;\">Torna o cabelo macio e sedoso ao toque<\/span><\/li>\n<li style=\"font-weight: 400;\" aria-level=\"1\"><span style=\"font-weight: 400;\">Assegura um elevado desemaranhamento <\/span><\/li>\n<\/ul>\n<p>[\/vc_column_text][vc_column_text]<\/p>\n<h1>Ativos na f\u00f3rmula<\/h1>\n<ul>\n<li>Extrato de groselha preta: tem uma a\u00e7\u00e3o profundamente nutritiva sobre os cabelos.<\/li>\n<li>Extrato de amora: c<span style=\"font-weight: 400;\">ontribui para o bem-estar do cabelo gra\u00e7as \u00e0 sua a\u00e7\u00e3o antioxidante, que ajuda a eliminar o excesso de toxinas<\/span><\/li>\n<li>Fitoqueratina: t<span style=\"font-weight: 400;\">em uma a\u00e7\u00e3o hidratante e emoliente que contribui para um cabelo mais macio e encorpado.<\/span><\/li>\n<\/ul>\n<p>[\/vc_column_text][vc_column_text]<\/p>\n<h1>Como usar<\/h1>\n<p><span style=\"font-weight: 400;\">Aplique no final do tratamento, seguindo as doses recomendadas, nos cabelos molhados, em todo o comprimento. Massaje suavemente madeixa a madeixa durante 9 segundos e lave com \u00e1gua em abund\u00e2ncia. <\/span>[\/vc_column_text][\/vc_column_inner][vc_column_inner width=&#8221;1\/2&#8243; css=&#8221;.vc_custom_1685609705790{background-image: url(https:\/\/paulrivera.it\/wp-content\/uploads\/2023\/06\/background_adv_product_illumin_us.png?id=7688) !important;background-position: center !important;background-repeat: no-repeat !important;background-size: cover !important;}&#8221; offset=&#8221;vc_hidden-lg vc_hidden-md vc_hidden-sm&#8221;][vc_single_image image=&#8221;7693&#8243; img_size=&#8221;large&#8221; alignment=&#8221;center&#8221;][\/vc_column_inner][\/vc_row_inner][\/vc_column][\/vc_row][vc_row css=&#8221;.vc_custom_1582192829011{padding-top: 50px !important;}&#8221;][vc_column][vc_row_inner][vc_column_inner][vc_column_text]<\/p>\n<h1 style=\"text-align: center;\">Produtos relacionados<\/h1>\n<p>[\/vc_column_text]<style type=\"text\/css\" data-type=\"the7_shortcodes-inline-css\">.products-carousel-shortcode.products-carousel-shortcode-id-50f7563c85a6610c53b234b94895c6e3 .owl-nav a {\n  width: 36px;\n  height: 36px;\n  border-radius: 500px;\n}\n.dt-arrow-border-on.products-carousel-shortcode.products-carousel-shortcode-id-50f7563c85a6610c53b234b94895c6e3 .owl-nav a:not(:hover):before {\n  border-width: 0px;\n}\n.dt-arrow-hover-border-on.products-carousel-shortcode.products-carousel-shortcode-id-50f7563c85a6610c53b234b94895c6e3 .owl-nav a:hover:after {\n  border-width: 0px;\n}\n.products-carousel-shortcode.products-carousel-shortcode-id-50f7563c85a6610c53b234b94895c6e3 .owl-nav a.owl-prev {\n  top: 50%;\n  transform: translateY(calc(-50% + 0px));\n  left: -43px;\n}\n@media all and (-ms-high-contrast: none) {\n  .products-carousel-shortcode.products-carousel-shortcode-id-50f7563c85a6610c53b234b94895c6e3 .owl-nav a.owl-prev {\n    transform: translateY(-50%);\n    margin-top: 0px;\n  }\n}\n.products-carousel-shortcode.products-carousel-shortcode-id-50f7563c85a6610c53b234b94895c6e3 .owl-nav a.owl-prev i {\n  padding: 0px 0px 0px 0px;\n}\n.products-carousel-shortcode.products-carousel-shortcode-id-50f7563c85a6610c53b234b94895c6e3 .owl-nav a.owl-next {\n  top: 50%;\n  transform: translateY(calc(-50% + 0px));\n  right: -43px;\n}\n@media all and (-ms-high-contrast: none) {\n  .products-carousel-shortcode.products-carousel-shortcode-id-50f7563c85a6610c53b234b94895c6e3 .owl-nav a.owl-next {\n    transform: translateY(-50%);\n    margin-top: 0px;\n  }\n}\n.products-carousel-shortcode.products-carousel-shortcode-id-50f7563c85a6610c53b234b94895c6e3 .owl-nav a.owl-next i {\n  padding: 0px 0px 0px 0px;\n}\n.products-carousel-shortcode.products-carousel-shortcode-id-50f7563c85a6610c53b234b94895c6e3 .owl-nav i {\n  font-size: 18px;\n}\n.products-carousel-shortcode.products-carousel-shortcode-id-50f7563c85a6610c53b234b94895c6e3 .owl-nav a:not(:hover) i,\n.products-carousel-shortcode.products-carousel-shortcode-id-50f7563c85a6610c53b234b94895c6e3 .owl-nav a:not(:hover) i:before {\n  color: #ffffff;\n  background: none;\n}\n.products-carousel-shortcode.products-carousel-shortcode-id-50f7563c85a6610c53b234b94895c6e3 .owl-nav a:hover i,\n.products-carousel-shortcode.products-carousel-shortcode-id-50f7563c85a6610c53b234b94895c6e3 .owl-nav a:hover i:before {\n  color: rgba(255,255,255,0.75);\n  background: none;\n}\n.products-carousel-shortcode.products-carousel-shortcode-id-50f7563c85a6610c53b234b94895c6e3 .owl-dots {\n  top: calc(100% + 20px);\n  left: 50%;\n  transform: translateX(calc(-50% + 0px));\n}\n@media all and (-ms-high-contrast: none) {\n  .products-carousel-shortcode.products-carousel-shortcode-id-50f7563c85a6610c53b234b94895c6e3 .owl-dots {\n    transform: translateX(-50%);\n    margin-left: 0px;\n  }\n}\n.products-carousel-shortcode.products-carousel-shortcode-id-50f7563c85a6610c53b234b94895c6e3 .owl-dot {\n  width: 10px;\n  height: 10px;\n  margin: 0 8px;\n}\n@media screen and (max-width: 778px) {\n  .products-carousel-shortcode.products-carousel-shortcode-id-50f7563c85a6610c53b234b94895c6e3.hide-arrows .owl-nav a {\n    display: none;\n  }\n}\n@media screen and (max-width: 778px) {\n  .products-carousel-shortcode.products-carousel-shortcode-id-50f7563c85a6610c53b234b94895c6e3.reposition-arrows .owl-nav .owl-prev {\n    top: 50%;\n    transform: translateY(calc(-50% + 0px));\n    left: 10px;\n  }\n  .products-carousel-shortcode.products-carousel-shortcode-id-50f7563c85a6610c53b234b94895c6e3.reposition-arrows .owl-nav .owl-next {\n    top: 50%;\n    transform: translateY(calc(-50% + 0px));\n    right: 10px;\n  }\n}\n@media screen and (max-width: 778px) and all and (-ms-high-contrast: none) {\n  .products-carousel-shortcode.products-carousel-shortcode-id-50f7563c85a6610c53b234b94895c6e3.reposition-arrows .owl-nav .owl-prev {\n    transform: translateY(-50%);\n    margin-top: 0px;\n  }\n}\n@media screen and (max-width: 778px) and all and (-ms-high-contrast: none) {\n  .products-carousel-shortcode.products-carousel-shortcode-id-50f7563c85a6610c53b234b94895c6e3.reposition-arrows .owl-nav .owl-next {\n    transform: translateY(-50%);\n    margin-top: 0px;\n  }\n}<\/style><div class=\"owl-carousel products-carousel-shortcode dt-owl-carousel-call products-carousel-shortcode-id-50f7563c85a6610c53b234b94895c6e3 cart-btn-below-img bullets-small-dot-stroke reposition-arrows arrows-bg-on dt-arrow-border-on dt-arrow-hover-border-on disable-arrows-hover-bg arrows-hover-bg-on  hide-description \" data-scroll-mode=\"1\" data-wide-col-num=\"4\" data-col-num=\"3\" data-laptop-col=\"3\" data-h-tablet-columns-num=\"3\" data-v-tablet-columns-num=\"2\" data-phone-columns-num=\"1\" data-auto-height=\"true\" data-col-gap=\"30\" data-stage-padding=\"0\" data-speed=\"600\" data-autoplay=\"false\" data-autoplay_speed=\"6000\" data-arrows=\"true\" data-bullet=\"false\" data-next-icon=\"icon-ar-017-r\" data-prev-icon=\"icon-ar-017-l\"><article class=\"post post-5375 product type-product status-publish has-post-thumbnail product_cat-loud-volume-cabelos-finos description-off first instock shipping-taxable product-type-simple\" ><figure class=\"woocom-project\">\n\t<div class=\"woo-buttons-on-img\">\n\n\t\t<a href=\"https:\/\/paulrivera.it\/pt-pt\/prodotti\/tratamentos\/loud-volume-cabelos-finos\/loud-volume-champo-volumizador\/\" class=\"alignnone layzr-bg\"><img loading=\"lazy\" decoding=\"async\" width=\"300\" height=\"300\" src=\"data:image\/svg+xml;charset=utf-8,%3Csvg xmlns%3D&#039;http%3A%2F%2Fwww.w3.org%2F2000%2Fsvg&#039; viewBox%3D&#039;0 0 300 300&#039;%2F%3E\" class=\"attachment-woocommerce_thumbnail size-woocommerce_thumbnail owl-lazy-load preload-me\" alt=\"Loud Volume - Champ\u00f4 volumizador\" data-src=\"https:\/\/paulrivera.it\/wp-content\/uploads\/2022\/11\/604972_paul_rivera_loud_volume_shampoo_1000ml-300x300.png\" data-srcset=\"https:\/\/paulrivera.it\/wp-content\/uploads\/2022\/11\/604972_paul_rivera_loud_volume_shampoo_1000ml-300x300.png 300w, https:\/\/paulrivera.it\/wp-content\/uploads\/2022\/11\/604972_paul_rivera_loud_volume_shampoo_1000ml-150x150.png 150w, https:\/\/paulrivera.it\/wp-content\/uploads\/2022\/11\/604972_paul_rivera_loud_volume_shampoo_1000ml-24x24.png 24w, https:\/\/paulrivera.it\/wp-content\/uploads\/2022\/11\/604972_paul_rivera_loud_volume_shampoo_1000ml-36x36.png 36w, https:\/\/paulrivera.it\/wp-content\/uploads\/2022\/11\/604972_paul_rivera_loud_volume_shampoo_1000ml-48x48.png 48w, https:\/\/paulrivera.it\/wp-content\/uploads\/2022\/11\/604972_paul_rivera_loud_volume_shampoo_1000ml-600x600.png 600w, https:\/\/paulrivera.it\/wp-content\/uploads\/2022\/11\/604972_paul_rivera_loud_volume_shampoo_1000ml-200x200.png 200w, https:\/\/paulrivera.it\/wp-content\/uploads\/2022\/11\/604972_paul_rivera_loud_volume_shampoo_1000ml.png 800w\" \/><\/a>\n\t<\/div>\n\t<figcaption class=\"woocom-list-content\">\n\n\t\t<div class=\"woo-buttons\"><a href=\"https:\/\/paulrivera.it\/pt-pt\/prodotti\/tratamentos\/loud-volume-cabelos-finos\/loud-volume-champo-volumizador\/\" aria-describedby=\"woocommerce_loop_add_to_cart_link_describedby_5375\" data-quantity=\"1\" class=\"product_type_simple ajax_add_to_cart\" data-product_id=\"5375\" data-product_sku=\"\" aria-label=\"Read more about &ldquo;Loud Volume - Champ\u00f4 volumizador&rdquo;\" rel=\"nofollow\" data-success_message=\"\">Read more<\/a>\t<span id=\"woocommerce_loop_add_to_cart_link_describedby_5375\" class=\"screen-reader-text\">\n\t\t\t<\/span>\n<\/div>\n\t<\/figcaption>\n<\/figure>\n<\/article><article class=\"post post-4450 product type-product status-publish has-post-thumbnail product_cat-my-promise-tratamento-reparador-intensivo description-off  instock shipping-taxable product-type-simple\" ><figure class=\"woocom-project\">\n\t<div class=\"woo-buttons-on-img\">\n\n\t\t<a href=\"https:\/\/paulrivera.it\/pt-pt\/prodotti\/tratamentos\/my-promise-tratamento-reparador-intensivo\/my-promise-champo-reparador-home-treatment\/\" class=\"alignnone layzr-bg\"><img loading=\"lazy\" decoding=\"async\" width=\"300\" height=\"300\" src=\"data:image\/svg+xml;charset=utf-8,%3Csvg xmlns%3D&#039;http%3A%2F%2Fwww.w3.org%2F2000%2Fsvg&#039; viewBox%3D&#039;0 0 300 300&#039;%2F%3E\" class=\"attachment-woocommerce_thumbnail size-woocommerce_thumbnail owl-lazy-load preload-me\" alt=\"My Promise - Champ\u00f4 reparador - Home Treatment\" data-src=\"https:\/\/paulrivera.it\/wp-content\/uploads\/2021\/10\/604880_paul_rivera_my_promis_shampoo_300ml-300x300.png\" data-srcset=\"https:\/\/paulrivera.it\/wp-content\/uploads\/2021\/10\/604880_paul_rivera_my_promis_shampoo_300ml-300x300.png 300w, https:\/\/paulrivera.it\/wp-content\/uploads\/2021\/10\/604880_paul_rivera_my_promis_shampoo_300ml-150x150.png 150w, https:\/\/paulrivera.it\/wp-content\/uploads\/2021\/10\/604880_paul_rivera_my_promis_shampoo_300ml-24x24.png 24w, https:\/\/paulrivera.it\/wp-content\/uploads\/2021\/10\/604880_paul_rivera_my_promis_shampoo_300ml-36x36.png 36w, https:\/\/paulrivera.it\/wp-content\/uploads\/2021\/10\/604880_paul_rivera_my_promis_shampoo_300ml-48x48.png 48w, https:\/\/paulrivera.it\/wp-content\/uploads\/2021\/10\/604880_paul_rivera_my_promis_shampoo_300ml-600x600.png 600w, https:\/\/paulrivera.it\/wp-content\/uploads\/2021\/10\/604880_paul_rivera_my_promis_shampoo_300ml-200x200.png 200w, https:\/\/paulrivera.it\/wp-content\/uploads\/2021\/10\/604880_paul_rivera_my_promis_shampoo_300ml.png 800w\" \/><\/a>\n\t<\/div>\n\t<figcaption class=\"woocom-list-content\">\n\n\t\t<div class=\"woo-buttons\"><a href=\"https:\/\/paulrivera.it\/pt-pt\/prodotti\/tratamentos\/my-promise-tratamento-reparador-intensivo\/my-promise-champo-reparador-home-treatment\/\" aria-describedby=\"woocommerce_loop_add_to_cart_link_describedby_4450\" data-quantity=\"1\" class=\"product_type_simple ajax_add_to_cart\" data-product_id=\"4450\" data-product_sku=\"\" aria-label=\"Read more about &ldquo;My Promise - Champ\u00f4 reparador - Home Treatment&rdquo;\" rel=\"nofollow\" data-success_message=\"\">Read more<\/a>\t<span id=\"woocommerce_loop_add_to_cart_link_describedby_4450\" class=\"screen-reader-text\">\n\t\t\t<\/span>\n<\/div>\n\t<\/figcaption>\n<\/figure>\n<\/article><article class=\"post post-2737 product type-product status-publish has-post-thumbnail product_cat-true-silver-antiamarelecimento description-off  instock shipping-taxable product-type-simple\" ><figure class=\"woocom-project\">\n\t<div class=\"woo-buttons-on-img\">\n\n\t\t<a href=\"https:\/\/paulrivera.it\/pt-pt\/prodotti\/tratamentos\/true-silver-antiamarelecimento\/true-silver-champo-antiamarelecimento\/\" class=\"alignnone layzr-bg\"><img loading=\"lazy\" decoding=\"async\" width=\"300\" height=\"300\" src=\"data:image\/svg+xml;charset=utf-8,%3Csvg xmlns%3D&#039;http%3A%2F%2Fwww.w3.org%2F2000%2Fsvg&#039; viewBox%3D&#039;0 0 300 300&#039;%2F%3E\" class=\"attachment-woocommerce_thumbnail size-woocommerce_thumbnail owl-lazy-load preload-me\" alt=\"True Silver -  Shampoo antigiallo\" data-src=\"https:\/\/paulrivera.it\/wp-content\/uploads\/2022\/06\/604767_paul_rivera_true_anti_yellow_shampoo_1000ml-300x300.png\" data-srcset=\"https:\/\/paulrivera.it\/wp-content\/uploads\/2022\/06\/604767_paul_rivera_true_anti_yellow_shampoo_1000ml-300x300.png 300w, https:\/\/paulrivera.it\/wp-content\/uploads\/2022\/06\/604767_paul_rivera_true_anti_yellow_shampoo_1000ml-150x150.png 150w, https:\/\/paulrivera.it\/wp-content\/uploads\/2022\/06\/604767_paul_rivera_true_anti_yellow_shampoo_1000ml-24x24.png 24w, https:\/\/paulrivera.it\/wp-content\/uploads\/2022\/06\/604767_paul_rivera_true_anti_yellow_shampoo_1000ml-36x36.png 36w, https:\/\/paulrivera.it\/wp-content\/uploads\/2022\/06\/604767_paul_rivera_true_anti_yellow_shampoo_1000ml-48x48.png 48w, https:\/\/paulrivera.it\/wp-content\/uploads\/2022\/06\/604767_paul_rivera_true_anti_yellow_shampoo_1000ml-600x600.png 600w, https:\/\/paulrivera.it\/wp-content\/uploads\/2022\/06\/604767_paul_rivera_true_anti_yellow_shampoo_1000ml-200x200.png 200w, https:\/\/paulrivera.it\/wp-content\/uploads\/2022\/06\/604767_paul_rivera_true_anti_yellow_shampoo_1000ml.png 800w\" \/><\/a>\n\t<\/div>\n\t<figcaption class=\"woocom-list-content\">\n\n\t\t<div class=\"woo-buttons\"><a href=\"https:\/\/paulrivera.it\/pt-pt\/prodotti\/tratamentos\/true-silver-antiamarelecimento\/true-silver-champo-antiamarelecimento\/\" aria-describedby=\"woocommerce_loop_add_to_cart_link_describedby_2737\" data-quantity=\"1\" class=\"product_type_simple ajax_add_to_cart\" data-product_id=\"2737\" data-product_sku=\"\" aria-label=\"Read more about &ldquo;True Silver -  Champ\u00f4 antiamarelecimento&rdquo;\" rel=\"nofollow\" data-success_message=\"\">Read more<\/a>\t<span id=\"woocommerce_loop_add_to_cart_link_describedby_2737\" class=\"screen-reader-text\">\n\t\t\t<\/span>\n<\/div>\n\t<\/figcaption>\n<\/figure>\n<\/article><article class=\"post post-2703 product type-product status-publish has-post-thumbnail product_cat-absolute-sleek-cabelos-crespos description-off last instock shipping-taxable product-type-simple\" ><figure class=\"woocom-project\">\n\t<div class=\"woo-buttons-on-img\">\n\n\t\t<a href=\"https:\/\/paulrivera.it\/pt-pt\/prodotti\/tratamentos\/absolute-sleek-cabelos-crespos\/absolute-sleek-champo-disciplinante-1000-ml\/\" class=\"alignnone layzr-bg\"><img loading=\"lazy\" decoding=\"async\" width=\"300\" height=\"300\" src=\"data:image\/svg+xml;charset=utf-8,%3Csvg xmlns%3D&#039;http%3A%2F%2Fwww.w3.org%2F2000%2Fsvg&#039; viewBox%3D&#039;0 0 300 300&#039;%2F%3E\" class=\"attachment-woocommerce_thumbnail size-woocommerce_thumbnail owl-lazy-load preload-me\" alt=\"Absolute Sleek - Champ\u00f4 disciplinante para cabelos crespos\" data-src=\"https:\/\/paulrivera.it\/wp-content\/uploads\/2020\/02\/604606_paul_rivera_absolute_sleek_taming_shampoo_frizzy_hair_1000ml-300x300.png\" data-srcset=\"https:\/\/paulrivera.it\/wp-content\/uploads\/2020\/02\/604606_paul_rivera_absolute_sleek_taming_shampoo_frizzy_hair_1000ml-300x300.png 300w, https:\/\/paulrivera.it\/wp-content\/uploads\/2020\/02\/604606_paul_rivera_absolute_sleek_taming_shampoo_frizzy_hair_1000ml-200x200.png 200w, https:\/\/paulrivera.it\/wp-content\/uploads\/2020\/02\/604606_paul_rivera_absolute_sleek_taming_shampoo_frizzy_hair_1000ml-600x600.png 600w, https:\/\/paulrivera.it\/wp-content\/uploads\/2020\/02\/604606_paul_rivera_absolute_sleek_taming_shampoo_frizzy_hair_1000ml-150x150.png 150w, https:\/\/paulrivera.it\/wp-content\/uploads\/2020\/02\/604606_paul_rivera_absolute_sleek_taming_shampoo_frizzy_hair_1000ml-768x768.png 768w, https:\/\/paulrivera.it\/wp-content\/uploads\/2020\/02\/604606_paul_rivera_absolute_sleek_taming_shampoo_frizzy_hair_1000ml.png 800w\" \/><\/a>\n\t<\/div>\n\t<figcaption class=\"woocom-list-content\">\n\n\t\t<div class=\"woo-buttons\"><a href=\"https:\/\/paulrivera.it\/pt-pt\/prodotti\/tratamentos\/absolute-sleek-cabelos-crespos\/absolute-sleek-champo-disciplinante-1000-ml\/\" aria-describedby=\"woocommerce_loop_add_to_cart_link_describedby_2703\" data-quantity=\"1\" class=\"product_type_simple ajax_add_to_cart\" data-product_id=\"2703\" data-product_sku=\"\" aria-label=\"Read more about &ldquo;Absolute Sleek - Champ\u00f4 disciplinante&rdquo;\" rel=\"nofollow\" data-success_message=\"\">Read more<\/a>\t<span id=\"woocommerce_loop_add_to_cart_link_describedby_2703\" class=\"screen-reader-text\">\n\t\t\t<\/span>\n<\/div>\n\t<\/figcaption>\n<\/figure>\n<\/article><article class=\"post post-2690 product type-product status-publish has-post-thumbnail product_cat-twister-curl-cabelos-encaracolados description-off first instock shipping-taxable product-type-simple\" ><figure class=\"woocom-project\">\n\t<div class=\"woo-buttons-on-img\">\n\n\t\t<a href=\"https:\/\/paulrivera.it\/pt-pt\/prodotti\/tratamentos\/twister-curl-cabelos-encaracolados\/twister-curl-champo-elastizante-1000-ml\/\" class=\"alignnone layzr-bg\"><img loading=\"lazy\" decoding=\"async\" width=\"300\" height=\"300\" src=\"data:image\/svg+xml;charset=utf-8,%3Csvg xmlns%3D&#039;http%3A%2F%2Fwww.w3.org%2F2000%2Fsvg&#039; viewBox%3D&#039;0 0 300 300&#039;%2F%3E\" class=\"attachment-woocommerce_thumbnail size-woocommerce_thumbnail owl-lazy-load preload-me\" alt=\"Twister Curl - Champ\u00f4 Elastizante\" data-src=\"https:\/\/paulrivera.it\/wp-content\/uploads\/2020\/02\/604552_paul_rivera_twister_curl_elasticizing_shampoo_curly_hair_1000ml-300x300.png\" data-srcset=\"https:\/\/paulrivera.it\/wp-content\/uploads\/2020\/02\/604552_paul_rivera_twister_curl_elasticizing_shampoo_curly_hair_1000ml-300x300.png 300w, https:\/\/paulrivera.it\/wp-content\/uploads\/2020\/02\/604552_paul_rivera_twister_curl_elasticizing_shampoo_curly_hair_1000ml-200x200.png 200w, https:\/\/paulrivera.it\/wp-content\/uploads\/2020\/02\/604552_paul_rivera_twister_curl_elasticizing_shampoo_curly_hair_1000ml-600x600.png 600w, https:\/\/paulrivera.it\/wp-content\/uploads\/2020\/02\/604552_paul_rivera_twister_curl_elasticizing_shampoo_curly_hair_1000ml-150x150.png 150w, https:\/\/paulrivera.it\/wp-content\/uploads\/2020\/02\/604552_paul_rivera_twister_curl_elasticizing_shampoo_curly_hair_1000ml-768x768.png 768w, https:\/\/paulrivera.it\/wp-content\/uploads\/2020\/02\/604552_paul_rivera_twister_curl_elasticizing_shampoo_curly_hair_1000ml.png 800w\" \/><\/a>\n\t<\/div>\n\t<figcaption class=\"woocom-list-content\">\n\n\t\t<div class=\"woo-buttons\"><a href=\"https:\/\/paulrivera.it\/pt-pt\/prodotti\/tratamentos\/twister-curl-cabelos-encaracolados\/twister-curl-champo-elastizante-1000-ml\/\" aria-describedby=\"woocommerce_loop_add_to_cart_link_describedby_2690\" data-quantity=\"1\" class=\"product_type_simple ajax_add_to_cart\" data-product_id=\"2690\" data-product_sku=\"\" aria-label=\"Read more about &ldquo;Twister Curl - Champ\u00f4 Elastizante&rdquo;\" rel=\"nofollow\" data-success_message=\"\">Read more<\/a>\t<span id=\"woocommerce_loop_add_to_cart_link_describedby_2690\" class=\"screen-reader-text\">\n\t\t\t<\/span>\n<\/div>\n\t<\/figcaption>\n<\/figure>\n<\/article><article class=\"post post-2677 product type-product status-publish has-post-thumbnail product_cat-hydra-dream-cabelos-secos description-off  instock shipping-taxable product-type-simple\" ><figure class=\"woocom-project\">\n\t<div class=\"woo-buttons-on-img\">\n\n\t\t<a href=\"https:\/\/paulrivera.it\/pt-pt\/prodotti\/tratamentos\/hydra-dream-cabelos-secos\/hydra-dream-champo-nutritivo\/\" class=\"alignnone layzr-bg\"><img loading=\"lazy\" decoding=\"async\" width=\"300\" height=\"300\" src=\"data:image\/svg+xml;charset=utf-8,%3Csvg xmlns%3D&#039;http%3A%2F%2Fwww.w3.org%2F2000%2Fsvg&#039; viewBox%3D&#039;0 0 300 300&#039;%2F%3E\" class=\"attachment-woocommerce_thumbnail size-woocommerce_thumbnail owl-lazy-load preload-me\" alt=\"Hydra Dream - Champ\u00f4 nutritivo para cabelos secos\" data-src=\"https:\/\/paulrivera.it\/wp-content\/uploads\/2020\/02\/604477_paul_rivera_hydra_dream_nourishing_shampoo_dry_hair_1000ml-300x300.png\" data-srcset=\"https:\/\/paulrivera.it\/wp-content\/uploads\/2020\/02\/604477_paul_rivera_hydra_dream_nourishing_shampoo_dry_hair_1000ml-300x300.png 300w, https:\/\/paulrivera.it\/wp-content\/uploads\/2020\/02\/604477_paul_rivera_hydra_dream_nourishing_shampoo_dry_hair_1000ml-200x200.png 200w, https:\/\/paulrivera.it\/wp-content\/uploads\/2020\/02\/604477_paul_rivera_hydra_dream_nourishing_shampoo_dry_hair_1000ml-600x600.png 600w, https:\/\/paulrivera.it\/wp-content\/uploads\/2020\/02\/604477_paul_rivera_hydra_dream_nourishing_shampoo_dry_hair_1000ml-150x150.png 150w, https:\/\/paulrivera.it\/wp-content\/uploads\/2020\/02\/604477_paul_rivera_hydra_dream_nourishing_shampoo_dry_hair_1000ml-768x768.png 768w, https:\/\/paulrivera.it\/wp-content\/uploads\/2020\/02\/604477_paul_rivera_hydra_dream_nourishing_shampoo_dry_hair_1000ml.png 800w\" \/><\/a>\n\t<\/div>\n\t<figcaption class=\"woocom-list-content\">\n\n\t\t<div class=\"woo-buttons\"><a href=\"https:\/\/paulrivera.it\/pt-pt\/prodotti\/tratamentos\/hydra-dream-cabelos-secos\/hydra-dream-champo-nutritivo\/\" aria-describedby=\"woocommerce_loop_add_to_cart_link_describedby_2677\" data-quantity=\"1\" class=\"product_type_simple ajax_add_to_cart\" data-product_id=\"2677\" data-product_sku=\"\" aria-label=\"Read more about &ldquo;Hydra Dream - Champ\u00f4 nutritivo&rdquo;\" rel=\"nofollow\" data-success_message=\"\">Read more<\/a>\t<span id=\"woocommerce_loop_add_to_cart_link_describedby_2677\" class=\"screen-reader-text\">\n\t\t\t<\/span>\n<\/div>\n\t<\/figcaption>\n<\/figure>\n<\/article><article class=\"post post-2660 product type-product status-publish has-post-thumbnail product_cat-true-color-cabelos-pintados description-off  instock shipping-taxable product-type-simple\" ><figure class=\"woocom-project\">\n\t<div class=\"woo-buttons-on-img\">\n\n\t\t<a href=\"https:\/\/paulrivera.it\/pt-pt\/prodotti\/tratamentos\/true-color-cabelos-pintados\/true-color-champo-iluminador-1000-ml\/\" class=\"alignnone layzr-bg\"><img loading=\"lazy\" decoding=\"async\" width=\"300\" height=\"300\" src=\"data:image\/svg+xml;charset=utf-8,%3Csvg xmlns%3D&#039;http%3A%2F%2Fwww.w3.org%2F2000%2Fsvg&#039; viewBox%3D&#039;0 0 300 300&#039;%2F%3E\" class=\"attachment-woocommerce_thumbnail size-woocommerce_thumbnail owl-lazy-load preload-me\" alt=\"Champ\u00f4 iluminador para cabelos pintados\" data-src=\"https:\/\/paulrivera.it\/wp-content\/uploads\/2020\/02\/604668_paul_rivera_true_color_bleaching_shampoo_coloured_hair_1000ml-300x300.png\" data-srcset=\"https:\/\/paulrivera.it\/wp-content\/uploads\/2020\/02\/604668_paul_rivera_true_color_bleaching_shampoo_coloured_hair_1000ml-300x300.png 300w, https:\/\/paulrivera.it\/wp-content\/uploads\/2020\/02\/604668_paul_rivera_true_color_bleaching_shampoo_coloured_hair_1000ml-200x200.png 200w, https:\/\/paulrivera.it\/wp-content\/uploads\/2020\/02\/604668_paul_rivera_true_color_bleaching_shampoo_coloured_hair_1000ml-600x600.png 600w, https:\/\/paulrivera.it\/wp-content\/uploads\/2020\/02\/604668_paul_rivera_true_color_bleaching_shampoo_coloured_hair_1000ml-150x150.png 150w, https:\/\/paulrivera.it\/wp-content\/uploads\/2020\/02\/604668_paul_rivera_true_color_bleaching_shampoo_coloured_hair_1000ml-768x768.png 768w, https:\/\/paulrivera.it\/wp-content\/uploads\/2020\/02\/604668_paul_rivera_true_color_bleaching_shampoo_coloured_hair_1000ml.png 800w\" \/><\/a>\n\t<\/div>\n\t<figcaption class=\"woocom-list-content\">\n\n\t\t<div class=\"woo-buttons\"><a href=\"https:\/\/paulrivera.it\/pt-pt\/prodotti\/tratamentos\/true-color-cabelos-pintados\/true-color-champo-iluminador-1000-ml\/\" aria-describedby=\"woocommerce_loop_add_to_cart_link_describedby_2660\" data-quantity=\"1\" class=\"product_type_simple ajax_add_to_cart\" data-product_id=\"2660\" data-product_sku=\"\" aria-label=\"Read more about &ldquo;True Color - Champ\u00f4 iluminador&rdquo;\" rel=\"nofollow\" data-success_message=\"\">Read more<\/a>\t<span id=\"woocommerce_loop_add_to_cart_link_describedby_2660\" class=\"screen-reader-text\">\n\t\t\t<\/span>\n<\/div>\n\t<\/figcaption>\n<\/figure>\n<\/article><article class=\"post post-2647 product type-product status-publish has-post-thumbnail product_cat-perfect-all-uso-frequente description-off last instock shipping-taxable product-type-simple\" ><figure class=\"woocom-project\">\n\t<div class=\"woo-buttons-on-img\">\n\n\t\t<a href=\"https:\/\/paulrivera.it\/pt-pt\/prodotti\/tratamentos\/perfect-all-uso-frequente\/perfect-all-champo-para-uso-frequente-1000-ml\/\" class=\"alignnone layzr-bg\"><img loading=\"lazy\" decoding=\"async\" width=\"300\" height=\"300\" src=\"data:image\/svg+xml;charset=utf-8,%3Csvg xmlns%3D&#039;http%3A%2F%2Fwww.w3.org%2F2000%2Fsvg&#039; viewBox%3D&#039;0 0 300 300&#039;%2F%3E\" class=\"attachment-woocommerce_thumbnail size-woocommerce_thumbnail owl-lazy-load preload-me\" alt=\"Perfect All - Champ\u00f4 para uso frequente\" data-src=\"https:\/\/paulrivera.it\/wp-content\/uploads\/2020\/02\/604415_paul_rivera_perfect_all_softening_shampoo_frequent_use_1000ml-300x300.png\" data-srcset=\"https:\/\/paulrivera.it\/wp-content\/uploads\/2020\/02\/604415_paul_rivera_perfect_all_softening_shampoo_frequent_use_1000ml-300x300.png 300w, https:\/\/paulrivera.it\/wp-content\/uploads\/2020\/02\/604415_paul_rivera_perfect_all_softening_shampoo_frequent_use_1000ml-200x200.png 200w, https:\/\/paulrivera.it\/wp-content\/uploads\/2020\/02\/604415_paul_rivera_perfect_all_softening_shampoo_frequent_use_1000ml-600x600.png 600w, https:\/\/paulrivera.it\/wp-content\/uploads\/2020\/02\/604415_paul_rivera_perfect_all_softening_shampoo_frequent_use_1000ml-150x150.png 150w, https:\/\/paulrivera.it\/wp-content\/uploads\/2020\/02\/604415_paul_rivera_perfect_all_softening_shampoo_frequent_use_1000ml-768x768.png 768w, https:\/\/paulrivera.it\/wp-content\/uploads\/2020\/02\/604415_paul_rivera_perfect_all_softening_shampoo_frequent_use_1000ml.png 800w\" \/><\/a>\n\t<\/div>\n\t<figcaption class=\"woocom-list-content\">\n\n\t\t<div class=\"woo-buttons\"><a href=\"https:\/\/paulrivera.it\/pt-pt\/prodotti\/tratamentos\/perfect-all-uso-frequente\/perfect-all-champo-para-uso-frequente-1000-ml\/\" aria-describedby=\"woocommerce_loop_add_to_cart_link_describedby_2647\" data-quantity=\"1\" class=\"product_type_simple ajax_add_to_cart\" data-product_id=\"2647\" data-product_sku=\"\" aria-label=\"Read more about &ldquo;Perfect All - Champ\u00f4 Suavizante&rdquo;\" rel=\"nofollow\" data-success_message=\"\">Read more<\/a>\t<span id=\"woocommerce_loop_add_to_cart_link_describedby_2647\" class=\"screen-reader-text\">\n\t\t\t<\/span>\n<\/div>\n\t<\/figcaption>\n<\/figure>\n<\/article><\/div>[\/vc_column_inner][\/vc_row_inner][\/vc_column][\/vc_row]<\/p>\n<\/div>","protected":false},"excerpt":{"rendered":"<p><span style=\"font-weight: 400;\">Illumin-Us \u00e9 o elixir especial<\/span><b> lamelar<\/b><span style=\"font-weight: 400;\"> regenerador do cabelo que d\u00e1 uma luminosidade instant\u00e2nea. A\u00e7\u00e3o altamente hidratante e brilhante. Concebido para todos os tipos de cabelo, especialmente para cabelos processados ou com tend\u00eancia para o frizz.<\/span><\/p>\n<p><span style=\"font-weight: 400;\">Gra\u00e7as \u00e0 a\u00e7\u00e3o combinada das <\/span><b>fitoqueratinas<\/b><span style=\"font-weight: 400;\">, do <\/span><b>extrato de groselha preta<\/b><span style=\"font-weight: 400;\"> e do <\/span><b>extrato de amora<\/b><span style=\"font-weight: 400;\">, o cabelo fica visivelmente hidratado e brilhante.<\/span><\/p>\n<p><span style=\"font-weight: 400;\">A sua aplica\u00e7\u00e3o torna a funcionalidade dos nossos tratamentos mais eficaz: <\/span><i><span style=\"font-weight: 400;\">My Promise, Hydra Dream, Loud Volume, Perfect All, True Color, Absolute Sleek, Twister Curl, True Silver.<\/span><\/i><\/p>\n<p><span style=\"font-weight: 400;\">500 ml<\/span><\/p>\n<p>&nbsp;<\/p>\n[maxbutton id=\"6\"]\n","protected":false},"featured_media":7698,"template":"","meta":[],"product_brand":[],"product_cat":[377,380,970,903,381,382,384,385],"product_tag":[],"class_list":{"0":"post-7682","1":"product","2":"type-product","3":"status-publish","4":"has-post-thumbnail","6":"product_cat-absolute-sleek-cabelos-crespos","7":"product_cat-hydra-dream-cabelos-secos","8":"product_cat-loud-volume-cabelos-finos","9":"product_cat-my-promise-tratamento-reparador-intensivo","10":"product_cat-perfect-all-uso-frequente","11":"product_cat-true-color-cabelos-pintados","12":"product_cat-true-silver-antiamarelecimento","13":"product_cat-twister-curl-cabelos-encaracolados","14":"description-off","16":"first","17":"instock","18":"shipping-taxable","19":"product-type-simple"},"yoast_head":"<!-- This site is optimized with the Yoast SEO plugin v27.2 - https:\/\/yoast.com\/product\/yoast-seo-wordpress\/ -->\n<title>Illumin-Us - Tratamento Lamelar | Paul Rivera<\/title>\n<meta name=\"description\" content=\"Illumin-Us \u00e9 o elixir especial lamelar regenerador do cabelo que d\u00e1 uma luminosidade instant\u00e2nea. A\u00e7\u00e3o altamente hidratante e brilhante.\" \/>\n<meta name=\"robots\" content=\"index, follow, max-snippet:-1, max-image-preview:large, max-video-preview:-1\" \/>\n<link rel=\"canonical\" href=\"https:\/\/paulrivera.it\/pt-pt\/prodotti\/tratamentos\/absolute-sleek-cabelos-crespos\/illumin-us-tratamento-lamelar\/\" \/>\n<meta property=\"og:locale\" content=\"pt_PT\" \/>\n<meta property=\"og:type\" content=\"article\" \/>\n<meta property=\"og:title\" content=\"Illumin-Us - Tratamento Lamelar | Paul Rivera\" \/>\n<meta property=\"og:description\" content=\"Illumin-Us \u00e9 o elixir especial lamelar regenerador do cabelo que d\u00e1 uma luminosidade instant\u00e2nea. A\u00e7\u00e3o altamente hidratante e brilhante.\" \/>\n<meta property=\"og:url\" content=\"https:\/\/paulrivera.it\/pt-pt\/prodotti\/tratamentos\/absolute-sleek-cabelos-crespos\/illumin-us-tratamento-lamelar\/\" \/>\n<meta property=\"og:site_name\" content=\"Paul Rivera\" \/>\n<meta property=\"article:modified_time\" content=\"2024-05-13T10:04:41+00:00\" \/>\n<meta property=\"og:image\" content=\"https:\/\/paulrivera.it\/wp-content\/uploads\/2023\/06\/604316_paul_rivera_illuminus_500ml.png\" \/>\n\t<meta property=\"og:image:width\" content=\"800\" \/>\n\t<meta property=\"og:image:height\" content=\"800\" \/>\n\t<meta property=\"og:image:type\" content=\"image\/png\" \/>\n<meta name=\"twitter:card\" content=\"summary_large_image\" \/>\n<meta name=\"twitter:label1\" content=\"Est. reading time\" \/>\n\t<meta name=\"twitter:data1\" content=\"3 minutes\" \/>\n<script type=\"application\/ld+json\" class=\"yoast-schema-graph\">{\"@context\":\"https:\/\/schema.org\",\"@graph\":[{\"@type\":\"WebPage\",\"@id\":\"https:\/\/paulrivera.it\/pt-pt\/prodotti\/tratamentos\/absolute-sleek-cabelos-crespos\/illumin-us-tratamento-lamelar\/\",\"url\":\"https:\/\/paulrivera.it\/pt-pt\/prodotti\/tratamentos\/absolute-sleek-cabelos-crespos\/illumin-us-tratamento-lamelar\/\",\"name\":\"Illumin-Us - Tratamento Lamelar | Paul Rivera\",\"isPartOf\":{\"@id\":\"https:\/\/paulrivera.it\/pt-pt\/#website\"},\"primaryImageOfPage\":{\"@id\":\"https:\/\/paulrivera.it\/pt-pt\/prodotti\/tratamentos\/absolute-sleek-cabelos-crespos\/illumin-us-tratamento-lamelar\/#primaryimage\"},\"image\":{\"@id\":\"https:\/\/paulrivera.it\/pt-pt\/prodotti\/tratamentos\/absolute-sleek-cabelos-crespos\/illumin-us-tratamento-lamelar\/#primaryimage\"},\"thumbnailUrl\":\"https:\/\/paulrivera.it\/wp-content\/uploads\/2023\/06\/604316_paul_rivera_illuminus_500ml.png\",\"datePublished\":\"2023-06-01T07:42:20+00:00\",\"dateModified\":\"2024-05-13T10:04:41+00:00\",\"description\":\"Illumin-Us \u00e9 o elixir especial lamelar regenerador do cabelo que d\u00e1 uma luminosidade instant\u00e2nea. A\u00e7\u00e3o altamente hidratante e brilhante.\",\"breadcrumb\":{\"@id\":\"https:\/\/paulrivera.it\/pt-pt\/prodotti\/tratamentos\/absolute-sleek-cabelos-crespos\/illumin-us-tratamento-lamelar\/#breadcrumb\"},\"inLanguage\":\"pt-PT\",\"potentialAction\":[{\"@type\":\"ReadAction\",\"target\":[\"https:\/\/paulrivera.it\/pt-pt\/prodotti\/tratamentos\/absolute-sleek-cabelos-crespos\/illumin-us-tratamento-lamelar\/\"]}]},{\"@type\":\"ImageObject\",\"inLanguage\":\"pt-PT\",\"@id\":\"https:\/\/paulrivera.it\/pt-pt\/prodotti\/tratamentos\/absolute-sleek-cabelos-crespos\/illumin-us-tratamento-lamelar\/#primaryimage\",\"url\":\"https:\/\/paulrivera.it\/wp-content\/uploads\/2023\/06\/604316_paul_rivera_illuminus_500ml.png\",\"contentUrl\":\"https:\/\/paulrivera.it\/wp-content\/uploads\/2023\/06\/604316_paul_rivera_illuminus_500ml.png\",\"width\":800,\"height\":800},{\"@type\":\"BreadcrumbList\",\"@id\":\"https:\/\/paulrivera.it\/pt-pt\/prodotti\/tratamentos\/absolute-sleek-cabelos-crespos\/illumin-us-tratamento-lamelar\/#breadcrumb\",\"itemListElement\":[{\"@type\":\"ListItem\",\"position\":1,\"name\":\"Home\",\"item\":\"https:\/\/paulrivera.it\/pt-pt\/\"},{\"@type\":\"ListItem\",\"position\":2,\"name\":\"Pagina shop\",\"item\":\"https:\/\/paulrivera.it\/prodotti\/\"},{\"@type\":\"ListItem\",\"position\":3,\"name\":\"Illumin-Us &#8211; Tratamento Lamelar\"}]},{\"@type\":\"WebSite\",\"@id\":\"https:\/\/paulrivera.it\/pt-pt\/#website\",\"url\":\"https:\/\/paulrivera.it\/pt-pt\/\",\"name\":\"Paul Rivera\",\"description\":\"Hair Beauty Celebration\",\"publisher\":{\"@id\":\"https:\/\/paulrivera.it\/pt-pt\/#organization\"},\"potentialAction\":[{\"@type\":\"SearchAction\",\"target\":{\"@type\":\"EntryPoint\",\"urlTemplate\":\"https:\/\/paulrivera.it\/pt-pt\/?s={search_term_string}\"},\"query-input\":{\"@type\":\"PropertyValueSpecification\",\"valueRequired\":true,\"valueName\":\"search_term_string\"}}],\"inLanguage\":\"pt-PT\"},{\"@type\":\"Organization\",\"@id\":\"https:\/\/paulrivera.it\/pt-pt\/#organization\",\"name\":\"Paul Rivera\",\"url\":\"https:\/\/paulrivera.it\/pt-pt\/\",\"logo\":{\"@type\":\"ImageObject\",\"inLanguage\":\"pt-PT\",\"@id\":\"https:\/\/paulrivera.it\/pt-pt\/#\/schema\/logo\/image\/\",\"url\":\"https:\/\/paulrivera.it\/wp-content\/uploads\/2020\/02\/paul_rivera_logo_header_x2.png\",\"contentUrl\":\"https:\/\/paulrivera.it\/wp-content\/uploads\/2020\/02\/paul_rivera_logo_header_x2.png\",\"width\":470,\"height\":60,\"caption\":\"Paul Rivera\"},\"image\":{\"@id\":\"https:\/\/paulrivera.it\/pt-pt\/#\/schema\/logo\/image\/\"}}]}<\/script>\n<!-- \/ Yoast SEO plugin. -->","yoast_head_json":{"title":"Illumin-Us - Tratamento Lamelar | Paul Rivera","description":"Illumin-Us \u00e9 o elixir especial lamelar regenerador do cabelo que d\u00e1 uma luminosidade instant\u00e2nea. A\u00e7\u00e3o altamente hidratante e brilhante.","robots":{"index":"index","follow":"follow","max-snippet":"max-snippet:-1","max-image-preview":"max-image-preview:large","max-video-preview":"max-video-preview:-1"},"canonical":"https:\/\/paulrivera.it\/pt-pt\/prodotti\/tratamentos\/absolute-sleek-cabelos-crespos\/illumin-us-tratamento-lamelar\/","og_locale":"pt_PT","og_type":"article","og_title":"Illumin-Us - Tratamento Lamelar | Paul Rivera","og_description":"Illumin-Us \u00e9 o elixir especial lamelar regenerador do cabelo que d\u00e1 uma luminosidade instant\u00e2nea. A\u00e7\u00e3o altamente hidratante e brilhante.","og_url":"https:\/\/paulrivera.it\/pt-pt\/prodotti\/tratamentos\/absolute-sleek-cabelos-crespos\/illumin-us-tratamento-lamelar\/","og_site_name":"Paul Rivera","article_modified_time":"2024-05-13T10:04:41+00:00","og_image":[{"width":800,"height":800,"url":"https:\/\/paulrivera.it\/wp-content\/uploads\/2023\/06\/604316_paul_rivera_illuminus_500ml.png","type":"image\/png"}],"twitter_card":"summary_large_image","twitter_misc":{"Est. reading time":"3 minutes"},"schema":{"@context":"https:\/\/schema.org","@graph":[{"@type":"WebPage","@id":"https:\/\/paulrivera.it\/pt-pt\/prodotti\/tratamentos\/absolute-sleek-cabelos-crespos\/illumin-us-tratamento-lamelar\/","url":"https:\/\/paulrivera.it\/pt-pt\/prodotti\/tratamentos\/absolute-sleek-cabelos-crespos\/illumin-us-tratamento-lamelar\/","name":"Illumin-Us - Tratamento Lamelar | Paul Rivera","isPartOf":{"@id":"https:\/\/paulrivera.it\/pt-pt\/#website"},"primaryImageOfPage":{"@id":"https:\/\/paulrivera.it\/pt-pt\/prodotti\/tratamentos\/absolute-sleek-cabelos-crespos\/illumin-us-tratamento-lamelar\/#primaryimage"},"image":{"@id":"https:\/\/paulrivera.it\/pt-pt\/prodotti\/tratamentos\/absolute-sleek-cabelos-crespos\/illumin-us-tratamento-lamelar\/#primaryimage"},"thumbnailUrl":"https:\/\/paulrivera.it\/wp-content\/uploads\/2023\/06\/604316_paul_rivera_illuminus_500ml.png","datePublished":"2023-06-01T07:42:20+00:00","dateModified":"2024-05-13T10:04:41+00:00","description":"Illumin-Us \u00e9 o elixir especial lamelar regenerador do cabelo que d\u00e1 uma luminosidade instant\u00e2nea. A\u00e7\u00e3o altamente hidratante e brilhante.","breadcrumb":{"@id":"https:\/\/paulrivera.it\/pt-pt\/prodotti\/tratamentos\/absolute-sleek-cabelos-crespos\/illumin-us-tratamento-lamelar\/#breadcrumb"},"inLanguage":"pt-PT","potentialAction":[{"@type":"ReadAction","target":["https:\/\/paulrivera.it\/pt-pt\/prodotti\/tratamentos\/absolute-sleek-cabelos-crespos\/illumin-us-tratamento-lamelar\/"]}]},{"@type":"ImageObject","inLanguage":"pt-PT","@id":"https:\/\/paulrivera.it\/pt-pt\/prodotti\/tratamentos\/absolute-sleek-cabelos-crespos\/illumin-us-tratamento-lamelar\/#primaryimage","url":"https:\/\/paulrivera.it\/wp-content\/uploads\/2023\/06\/604316_paul_rivera_illuminus_500ml.png","contentUrl":"https:\/\/paulrivera.it\/wp-content\/uploads\/2023\/06\/604316_paul_rivera_illuminus_500ml.png","width":800,"height":800},{"@type":"BreadcrumbList","@id":"https:\/\/paulrivera.it\/pt-pt\/prodotti\/tratamentos\/absolute-sleek-cabelos-crespos\/illumin-us-tratamento-lamelar\/#breadcrumb","itemListElement":[{"@type":"ListItem","position":1,"name":"Home","item":"https:\/\/paulrivera.it\/pt-pt\/"},{"@type":"ListItem","position":2,"name":"Pagina shop","item":"https:\/\/paulrivera.it\/prodotti\/"},{"@type":"ListItem","position":3,"name":"Illumin-Us &#8211; Tratamento Lamelar"}]},{"@type":"WebSite","@id":"https:\/\/paulrivera.it\/pt-pt\/#website","url":"https:\/\/paulrivera.it\/pt-pt\/","name":"Paul Rivera","description":"Hair Beauty Celebration","publisher":{"@id":"https:\/\/paulrivera.it\/pt-pt\/#organization"},"potentialAction":[{"@type":"SearchAction","target":{"@type":"EntryPoint","urlTemplate":"https:\/\/paulrivera.it\/pt-pt\/?s={search_term_string}"},"query-input":{"@type":"PropertyValueSpecification","valueRequired":true,"valueName":"search_term_string"}}],"inLanguage":"pt-PT"},{"@type":"Organization","@id":"https:\/\/paulrivera.it\/pt-pt\/#organization","name":"Paul Rivera","url":"https:\/\/paulrivera.it\/pt-pt\/","logo":{"@type":"ImageObject","inLanguage":"pt-PT","@id":"https:\/\/paulrivera.it\/pt-pt\/#\/schema\/logo\/image\/","url":"https:\/\/paulrivera.it\/wp-content\/uploads\/2020\/02\/paul_rivera_logo_header_x2.png","contentUrl":"https:\/\/paulrivera.it\/wp-content\/uploads\/2020\/02\/paul_rivera_logo_header_x2.png","width":470,"height":60,"caption":"Paul Rivera"},"image":{"@id":"https:\/\/paulrivera.it\/pt-pt\/#\/schema\/logo\/image\/"}}]}},"_links":{"self":[{"href":"https:\/\/paulrivera.it\/pt-pt\/wp-json\/wp\/v2\/product\/7682","targetHints":{"allow":["GET"]}}],"collection":[{"href":"https:\/\/paulrivera.it\/pt-pt\/wp-json\/wp\/v2\/product"}],"about":[{"href":"https:\/\/paulrivera.it\/pt-pt\/wp-json\/wp\/v2\/types\/product"}],"wp:featuredmedia":[{"embeddable":true,"href":"https:\/\/paulrivera.it\/pt-pt\/wp-json\/wp\/v2\/media\/7698"}],"wp:attachment":[{"href":"https:\/\/paulrivera.it\/pt-pt\/wp-json\/wp\/v2\/media?parent=7682"}],"wp:term":[{"taxonomy":"product_brand","embeddable":true,"href":"https:\/\/paulrivera.it\/pt-pt\/wp-json\/wp\/v2\/product_brand?post=7682"},{"taxonomy":"product_cat","embeddable":true,"href":"https:\/\/paulrivera.it\/pt-pt\/wp-json\/wp\/v2\/product_cat?post=7682"},{"taxonomy":"product_tag","embeddable":true,"href":"https:\/\/paulrivera.it\/pt-pt\/wp-json\/wp\/v2\/product_tag?post=7682"}],"curies":[{"name":"wp","href":"https:\/\/api.w.org\/{rel}","templated":true}]}}