{"id":9423,"date":"2023-08-03T08:56:01","date_gmt":"2023-08-03T06:56:02","guid":{"rendered":"https:\/\/paulrivera.it\/?post_type=product&#038;p=9423"},"modified":"2024-05-13T12:03:41","modified_gmt":"2024-05-13T10:03:41","slug":"true-silver-mousse-antiamarelecimento","status":"publish","type":"product","link":"https:\/\/paulrivera.it\/pt-pt\/prodotti\/tratamentos\/true-silver-antiamarelecimento\/true-silver-mousse-antiamarelecimento\/","title":{"rendered":"True Silver &#8211; Mousse Antiamarelecimento"},"content":{"rendered":"<div class=\"wpb-content-wrapper\"><p>[vc_row full_width=&#8221;stretch_row&#8221;][vc_column][vc_row_inner el_id=&#8221;desktop&#8221;][vc_column_inner width=&#8221;1\/2&#8243; css=&#8221;.vc_custom_1582194227194{padding-top: 10% !important;padding-right: 10% !important;padding-bottom: 10% !important;padding-left: 30% !important;}&#8221; offset=&#8221;vc_hidden-md vc_hidden-sm vc_hidden-xs&#8221;][vc_column_text]<\/p>\n<h1>Ir\u00e1 am\u00e1-lo porque<\/h1>\n<ul>\n<li style=\"font-weight: 400;\" aria-level=\"1\"><span style=\"font-weight: 400;\">Atenua os tons amarelos indesejados<\/span><\/li>\n<li style=\"font-weight: 400;\" aria-level=\"1\"><span style=\"font-weight: 400;\">Pensada para os cabelos brancos, grisalhos ou descolorados<\/span><\/li>\n<li style=\"font-weight: 400;\" aria-level=\"1\"><span style=\"font-weight: 400;\">Possui uma textura em mousse que n\u00e3o deixa o cabelo pesado<\/span><\/li>\n<\/ul>\n<p>[\/vc_column_text][vc_column_text]<\/p>\n<h1>Ativos na f\u00f3rmula<\/h1>\n<ul>\n<li>\u00d3leo de macad\u00e2mia: a incr\u00edvel mistura de \u00e1cido palmitol\u00e9ico, \u00e1cido ol\u00e9ico, \u00e1cido linol\u00e9ico, \u00f3mega 3 e 6, faz com que o \u00f3leo de macad\u00e2mia seja um poderoso antioxidante com propriedades nutritivas e regeneradoras.<\/li>\n<li>Extrato de mirtilo: rico em vitaminas e polifen\u00f3is, o mirtilo \u00e9 um precioso antioxidante que luta contra os radicais livres, respons\u00e1veis pelo envelhecimento celular.<\/li>\n<\/ul>\n<p>[\/vc_column_text][vc_column_text]<\/p>\n<h1>Como usar<\/h1>\n<p><span style=\"font-weight: 400;\">Usar luvas adequadas e, depois do Champ\u00f4 Antiamarelecimento, com o cabelo seco com uma toalha, aplicar no comprimento e nas pontas; deixar atuar durante 3 a 5 minutos e enxaguar.<\/span>[\/vc_column_text][\/vc_column_inner][vc_column_inner width=&#8221;1\/2&#8243; css=&#8221;.vc_custom_1582814926979{background-image: url(https:\/\/paulrivera.it\/wp-content\/uploads\/2020\/02\/background_adv_product_true_silver.png?id=874) !important;background-position: center !important;background-repeat: no-repeat !important;background-size: cover !important;}&#8221; offset=&#8221;vc_hidden-md vc_hidden-sm vc_hidden-xs&#8221;][vc_single_image image=&#8221;9436&#8243; img_size=&#8221;large&#8221; alignment=&#8221;center&#8221;][\/vc_column_inner][\/vc_row_inner][vc_row_inner el_id=&#8221;tablet&#8221;][vc_column_inner offset=&#8221;vc_hidden-lg vc_hidden-xs&#8221;][vc_column_text]<\/p>\n<h1>Ir\u00e1 am\u00e1-lo porque<\/h1>\n<ul>\n<li style=\"font-weight: 400;\" aria-level=\"1\"><span style=\"font-weight: 400;\">Atenua os tons amarelos indesejados<\/span><\/li>\n<li style=\"font-weight: 400;\" aria-level=\"1\"><span style=\"font-weight: 400;\">Pensada para os cabelos brancos, grisalhos ou descolorados<\/span><\/li>\n<li style=\"font-weight: 400;\" aria-level=\"1\"><span style=\"font-weight: 400;\">Possui uma textura em mousse que n\u00e3o deixa o cabelo pesado<\/span><\/li>\n<\/ul>\n<p>[\/vc_column_text][vc_column_text]<\/p>\n<h1>Ativos na f\u00f3rmula<\/h1>\n<ul>\n<li>\u00d3leo de macad\u00e2mia: a incr\u00edvel mistura de \u00e1cido palmitol\u00e9ico, \u00e1cido ol\u00e9ico, \u00e1cido linol\u00e9ico, \u00f3mega 3 e 6, faz com que o \u00f3leo de macad\u00e2mia seja um poderoso antioxidante com propriedades nutritivas e regeneradoras.<\/li>\n<li>Extrato de mirtilo: rico em vitaminas e polifen\u00f3is, o mirtilo \u00e9 um precioso antioxidante que luta contra os radicais livres, respons\u00e1veis pelo envelhecimento celular.<\/li>\n<\/ul>\n<p>[\/vc_column_text][vc_column_text]<\/p>\n<h1>Como usar<\/h1>\n<p><span style=\"font-weight: 400;\">Usar luvas adequadas e, depois do Champ\u00f4 Antiamarelecimento, com o cabelo seco com uma toalha, aplicar no comprimento e nas pontas; deixar atuar durante 3 a 5 minutos e enxaguar.<\/span>[\/vc_column_text][\/vc_column_inner][\/vc_row_inner][vc_row_inner el_id=&#8221;mobile&#8221;][vc_column_inner width=&#8221;1\/2&#8243; offset=&#8221;vc_hidden-lg vc_hidden-md vc_hidden-sm&#8221;][vc_column_text]<\/p>\n<h1>Ir\u00e1 am\u00e1-lo porque<\/h1>\n<ul>\n<li style=\"font-weight: 400;\" aria-level=\"1\"><span style=\"font-weight: 400;\">Atenua os tons amarelos indesejados<\/span><\/li>\n<li style=\"font-weight: 400;\" aria-level=\"1\"><span style=\"font-weight: 400;\">Pensada para os cabelos brancos, grisalhos ou descolorados<\/span><\/li>\n<li style=\"font-weight: 400;\" aria-level=\"1\"><span style=\"font-weight: 400;\">Possui uma textura em mousse que n\u00e3o deixa o cabelo pesado<\/span><\/li>\n<\/ul>\n<p>[\/vc_column_text][vc_column_text]<\/p>\n<h1>Ativos na f\u00f3rmula<\/h1>\n<ul>\n<li>\u00d3leo de macad\u00e2mia: a incr\u00edvel mistura de \u00e1cido palmitol\u00e9ico, \u00e1cido ol\u00e9ico, \u00e1cido linol\u00e9ico, \u00f3mega 3 e 6, faz com que o \u00f3leo de macad\u00e2mia seja um poderoso antioxidante com propriedades nutritivas e regeneradoras.<\/li>\n<li>Extrato de mirtilo: rico em vitaminas e polifen\u00f3is, o mirtilo \u00e9 um precioso antioxidante que luta contra os radicais livres, respons\u00e1veis pelo envelhecimento celular.<\/li>\n<\/ul>\n<p>[\/vc_column_text][vc_column_text]<\/p>\n<h1>Como usar<\/h1>\n<p><span style=\"font-weight: 400;\">Usar luvas adequadas e, depois do Champ\u00f4 Antiamarelecimento, com o cabelo seco com uma toalha, aplicar no comprimento e nas pontas; deixar atuar durante 3 a 5 minutos e enxaguar.<\/span>[\/vc_column_text][\/vc_column_inner][vc_column_inner width=&#8221;1\/2&#8243; css=&#8221;.vc_custom_1582814941243{background-image: url(https:\/\/paulrivera.it\/wp-content\/uploads\/2020\/02\/background_adv_product_true_silver.png?id=874) !important;background-position: center !important;background-repeat: no-repeat !important;background-size: cover !important;}&#8221; offset=&#8221;vc_hidden-lg vc_hidden-md vc_hidden-sm&#8221;][vc_single_image image=&#8221;9436&#8243; img_size=&#8221;large&#8221; alignment=&#8221;center&#8221;][\/vc_column_inner][\/vc_row_inner][\/vc_column][\/vc_row][vc_row css=&#8221;.vc_custom_1582192829011{padding-top: 50px !important;}&#8221;][vc_column][vc_row_inner][vc_column_inner][vc_column_text]<\/p>\n<h1 style=\"text-align: center;\">Produtos relacionados<\/h1>\n<p>[\/vc_column_text]<style type=\"text\/css\" data-type=\"the7_shortcodes-inline-css\">.products-carousel-shortcode.products-carousel-shortcode-id-963ad4d6a119d6a7e48cde0deda0bb66 .owl-nav a {\n  width: 36px;\n  height: 36px;\n  border-radius: 500px;\n}\n.dt-arrow-border-on.products-carousel-shortcode.products-carousel-shortcode-id-963ad4d6a119d6a7e48cde0deda0bb66 .owl-nav a:not(:hover):before {\n  border-width: 0px;\n}\n.dt-arrow-hover-border-on.products-carousel-shortcode.products-carousel-shortcode-id-963ad4d6a119d6a7e48cde0deda0bb66 .owl-nav a:hover:after {\n  border-width: 0px;\n}\n.products-carousel-shortcode.products-carousel-shortcode-id-963ad4d6a119d6a7e48cde0deda0bb66 .owl-nav a.owl-prev {\n  top: 50%;\n  transform: translateY(calc(-50% + 0px));\n  left: -43px;\n}\n@media all and (-ms-high-contrast: none) {\n  .products-carousel-shortcode.products-carousel-shortcode-id-963ad4d6a119d6a7e48cde0deda0bb66 .owl-nav a.owl-prev {\n    transform: translateY(-50%);\n    margin-top: 0px;\n  }\n}\n.products-carousel-shortcode.products-carousel-shortcode-id-963ad4d6a119d6a7e48cde0deda0bb66 .owl-nav a.owl-prev i {\n  padding: 0px 0px 0px 0px;\n}\n.products-carousel-shortcode.products-carousel-shortcode-id-963ad4d6a119d6a7e48cde0deda0bb66 .owl-nav a.owl-next {\n  top: 50%;\n  transform: translateY(calc(-50% + 0px));\n  right: -43px;\n}\n@media all and (-ms-high-contrast: none) {\n  .products-carousel-shortcode.products-carousel-shortcode-id-963ad4d6a119d6a7e48cde0deda0bb66 .owl-nav a.owl-next {\n    transform: translateY(-50%);\n    margin-top: 0px;\n  }\n}\n.products-carousel-shortcode.products-carousel-shortcode-id-963ad4d6a119d6a7e48cde0deda0bb66 .owl-nav a.owl-next i {\n  padding: 0px 0px 0px 0px;\n}\n.products-carousel-shortcode.products-carousel-shortcode-id-963ad4d6a119d6a7e48cde0deda0bb66 .owl-nav i {\n  font-size: 18px;\n}\n.products-carousel-shortcode.products-carousel-shortcode-id-963ad4d6a119d6a7e48cde0deda0bb66 .owl-nav a:not(:hover) i,\n.products-carousel-shortcode.products-carousel-shortcode-id-963ad4d6a119d6a7e48cde0deda0bb66 .owl-nav a:not(:hover) i:before {\n  color: #ffffff;\n  background: none;\n}\n.products-carousel-shortcode.products-carousel-shortcode-id-963ad4d6a119d6a7e48cde0deda0bb66 .owl-nav a:hover i,\n.products-carousel-shortcode.products-carousel-shortcode-id-963ad4d6a119d6a7e48cde0deda0bb66 .owl-nav a:hover i:before {\n  color: rgba(255,255,255,0.75);\n  background: none;\n}\n.products-carousel-shortcode.products-carousel-shortcode-id-963ad4d6a119d6a7e48cde0deda0bb66 .owl-dots {\n  top: calc(100% + 20px);\n  left: 50%;\n  transform: translateX(calc(-50% + 0px));\n}\n@media all and (-ms-high-contrast: none) {\n  .products-carousel-shortcode.products-carousel-shortcode-id-963ad4d6a119d6a7e48cde0deda0bb66 .owl-dots {\n    transform: translateX(-50%);\n    margin-left: 0px;\n  }\n}\n.products-carousel-shortcode.products-carousel-shortcode-id-963ad4d6a119d6a7e48cde0deda0bb66 .owl-dot {\n  width: 10px;\n  height: 10px;\n  margin: 0 8px;\n}\n@media screen and (max-width: 778px) {\n  .products-carousel-shortcode.products-carousel-shortcode-id-963ad4d6a119d6a7e48cde0deda0bb66.hide-arrows .owl-nav a {\n    display: none;\n  }\n}\n@media screen and (max-width: 778px) {\n  .products-carousel-shortcode.products-carousel-shortcode-id-963ad4d6a119d6a7e48cde0deda0bb66.reposition-arrows .owl-nav .owl-prev {\n    top: 50%;\n    transform: translateY(calc(-50% + 0px));\n    left: 10px;\n  }\n  .products-carousel-shortcode.products-carousel-shortcode-id-963ad4d6a119d6a7e48cde0deda0bb66.reposition-arrows .owl-nav .owl-next {\n    top: 50%;\n    transform: translateY(calc(-50% + 0px));\n    right: 10px;\n  }\n}\n@media screen and (max-width: 778px) and all and (-ms-high-contrast: none) {\n  .products-carousel-shortcode.products-carousel-shortcode-id-963ad4d6a119d6a7e48cde0deda0bb66.reposition-arrows .owl-nav .owl-prev {\n    transform: translateY(-50%);\n    margin-top: 0px;\n  }\n}\n@media screen and (max-width: 778px) and all and (-ms-high-contrast: none) {\n  .products-carousel-shortcode.products-carousel-shortcode-id-963ad4d6a119d6a7e48cde0deda0bb66.reposition-arrows .owl-nav .owl-next {\n    transform: translateY(-50%);\n    margin-top: 0px;\n  }\n}<\/style><div class=\"owl-carousel products-carousel-shortcode dt-owl-carousel-call products-carousel-shortcode-id-963ad4d6a119d6a7e48cde0deda0bb66 cart-btn-below-img bullets-small-dot-stroke reposition-arrows arrows-bg-on dt-arrow-border-on dt-arrow-hover-border-on disable-arrows-hover-bg arrows-hover-bg-on  hide-description \" data-scroll-mode=\"1\" data-wide-col-num=\"4\" data-col-num=\"3\" data-laptop-col=\"3\" data-h-tablet-columns-num=\"3\" data-v-tablet-columns-num=\"2\" data-phone-columns-num=\"1\" data-auto-height=\"true\" data-col-gap=\"30\" data-stage-padding=\"0\" data-speed=\"600\" data-autoplay=\"false\" data-autoplay_speed=\"6000\" data-arrows=\"true\" data-bullet=\"false\" data-next-icon=\"icon-ar-017-r\" data-prev-icon=\"icon-ar-017-l\"><article class=\"post post-2737 product type-product status-publish has-post-thumbnail product_cat-true-silver-antiamarelecimento description-off first instock shipping-taxable product-type-simple\" ><figure class=\"woocom-project\">\n\t<div class=\"woo-buttons-on-img\">\n\n\t\t<a href=\"https:\/\/paulrivera.it\/pt-pt\/prodotti\/tratamentos\/true-silver-antiamarelecimento\/true-silver-champo-antiamarelecimento\/\" class=\"alignnone layzr-bg\"><img loading=\"lazy\" decoding=\"async\" width=\"300\" height=\"300\" src=\"data:image\/svg+xml;charset=utf-8,%3Csvg xmlns%3D&#039;http%3A%2F%2Fwww.w3.org%2F2000%2Fsvg&#039; viewBox%3D&#039;0 0 300 300&#039;%2F%3E\" class=\"attachment-woocommerce_thumbnail size-woocommerce_thumbnail owl-lazy-load preload-me\" alt=\"True Silver -  Shampoo antigiallo\" data-src=\"https:\/\/paulrivera.it\/wp-content\/uploads\/2022\/06\/604767_paul_rivera_true_anti_yellow_shampoo_1000ml-300x300.png\" data-srcset=\"https:\/\/paulrivera.it\/wp-content\/uploads\/2022\/06\/604767_paul_rivera_true_anti_yellow_shampoo_1000ml-300x300.png 300w, https:\/\/paulrivera.it\/wp-content\/uploads\/2022\/06\/604767_paul_rivera_true_anti_yellow_shampoo_1000ml-150x150.png 150w, https:\/\/paulrivera.it\/wp-content\/uploads\/2022\/06\/604767_paul_rivera_true_anti_yellow_shampoo_1000ml-24x24.png 24w, https:\/\/paulrivera.it\/wp-content\/uploads\/2022\/06\/604767_paul_rivera_true_anti_yellow_shampoo_1000ml-36x36.png 36w, https:\/\/paulrivera.it\/wp-content\/uploads\/2022\/06\/604767_paul_rivera_true_anti_yellow_shampoo_1000ml-48x48.png 48w, https:\/\/paulrivera.it\/wp-content\/uploads\/2022\/06\/604767_paul_rivera_true_anti_yellow_shampoo_1000ml-600x600.png 600w, https:\/\/paulrivera.it\/wp-content\/uploads\/2022\/06\/604767_paul_rivera_true_anti_yellow_shampoo_1000ml-200x200.png 200w, https:\/\/paulrivera.it\/wp-content\/uploads\/2022\/06\/604767_paul_rivera_true_anti_yellow_shampoo_1000ml.png 800w\" \/><\/a>\n\t<\/div>\n\t<figcaption class=\"woocom-list-content\">\n\n\t\t<div class=\"woo-buttons\"><a href=\"https:\/\/paulrivera.it\/pt-pt\/prodotti\/tratamentos\/true-silver-antiamarelecimento\/true-silver-champo-antiamarelecimento\/\" aria-describedby=\"woocommerce_loop_add_to_cart_link_describedby_2737\" data-quantity=\"1\" class=\"product_type_simple ajax_add_to_cart\" data-product_id=\"2737\" data-product_sku=\"\" aria-label=\"Read more about &ldquo;True Silver -  Champ\u00f4 antiamarelecimento&rdquo;\" rel=\"nofollow\" data-success_message=\"\">Read more<\/a>\t<span id=\"woocommerce_loop_add_to_cart_link_describedby_2737\" class=\"screen-reader-text\">\n\t\t\t<\/span>\n<\/div>\n\t<\/figcaption>\n<\/figure>\n<\/article><\/div>[\/vc_column_inner][\/vc_row_inner][\/vc_column][\/vc_row]<\/p>\n<\/div>","protected":false},"excerpt":{"rendered":"<p><span style=\"font-weight: 400;\">True Silver \u00e9 a <\/span><b>mousse antiamarelecimento<\/b><span style=\"font-weight: 400;\">, indispens\u00e1vel para <\/span><b>cabelos brancos, grisalhos, claros naturais ou descolorados.\u00a0<\/b><\/p>\n<p><span style=\"font-weight: 400;\">Neutraliza rapidamente o <\/span><b>brilho amarelo<\/b><span style=\"font-weight: 400;\"> indesejado devido \u00e0 exposi\u00e7\u00e3o a fatores externos, como a luz solar ou a polui\u00e7\u00e3o.\u00a0<\/span><\/p>\n<p><span style=\"font-weight: 400;\">A sua f\u00f3rmula <\/span><b>condicionadora<\/b><span style=\"font-weight: 400;\"> real\u00e7a os reflexos frios, dando-lhes <\/span><b>brilho e brilho extremos<\/b><span style=\"font-weight: 400;\">.\u00a0<\/span><\/p>\n<p>&nbsp;<\/p>\n<p><span style=\"font-weight: 400;\">300 ml<\/span><\/p>\n<p>&nbsp;<\/p>\n[maxbutton id=\"6\"]\n","protected":false},"featured_media":9442,"template":"","meta":[],"product_brand":[],"product_cat":[384],"product_tag":[],"class_list":{"0":"post-9423","1":"product","2":"type-product","3":"status-publish","4":"has-post-thumbnail","6":"product_cat-true-silver-antiamarelecimento","7":"description-off","9":"","10":"instock","11":"shipping-taxable","12":"product-type-simple"},"yoast_head":"<!-- This site is optimized with the Yoast SEO plugin v27.2 - https:\/\/yoast.com\/product\/yoast-seo-wordpress\/ -->\n<title>True Silver - Mousse Antiamarelecimento | Paul Rivera<\/title>\n<meta name=\"description\" content=\"True Silver \u00e9 a mousse antiamarelecimento, indispens\u00e1vel para cabelos brancos, grisalhos, claros naturais ou descolorados.\" \/>\n<meta name=\"robots\" content=\"index, follow, max-snippet:-1, max-image-preview:large, max-video-preview:-1\" \/>\n<link rel=\"canonical\" href=\"https:\/\/paulrivera.it\/pt-pt\/prodotti\/tratamentos\/true-silver-antiamarelecimento\/true-silver-mousse-antiamarelecimento\/\" \/>\n<meta property=\"og:locale\" content=\"pt_PT\" \/>\n<meta property=\"og:type\" content=\"article\" \/>\n<meta property=\"og:title\" content=\"True Silver - Mousse Antiamarelecimento | Paul Rivera\" \/>\n<meta property=\"og:description\" content=\"True Silver \u00e9 a mousse antiamarelecimento, indispens\u00e1vel para cabelos brancos, grisalhos, claros naturais ou descolorados.\" \/>\n<meta property=\"og:url\" content=\"https:\/\/paulrivera.it\/pt-pt\/prodotti\/tratamentos\/true-silver-antiamarelecimento\/true-silver-mousse-antiamarelecimento\/\" \/>\n<meta property=\"og:site_name\" content=\"Paul Rivera\" \/>\n<meta property=\"article:modified_time\" content=\"2024-05-13T10:03:41+00:00\" \/>\n<meta property=\"og:image\" content=\"https:\/\/paulrivera.it\/wp-content\/uploads\/2023\/08\/604712_paul_rivera_true_silver_mousse_antigiallo_300ml-1.png\" \/>\n\t<meta property=\"og:image:width\" content=\"600\" \/>\n\t<meta property=\"og:image:height\" content=\"600\" \/>\n\t<meta property=\"og:image:type\" content=\"image\/png\" \/>\n<meta name=\"twitter:card\" content=\"summary_large_image\" \/>\n<meta name=\"twitter:label1\" content=\"Est. reading time\" \/>\n\t<meta name=\"twitter:data1\" content=\"3 minutes\" \/>\n<script type=\"application\/ld+json\" class=\"yoast-schema-graph\">{\"@context\":\"https:\/\/schema.org\",\"@graph\":[{\"@type\":\"WebPage\",\"@id\":\"https:\/\/paulrivera.it\/pt-pt\/prodotti\/tratamentos\/true-silver-antiamarelecimento\/true-silver-mousse-antiamarelecimento\/\",\"url\":\"https:\/\/paulrivera.it\/pt-pt\/prodotti\/tratamentos\/true-silver-antiamarelecimento\/true-silver-mousse-antiamarelecimento\/\",\"name\":\"True Silver - Mousse Antiamarelecimento | Paul Rivera\",\"isPartOf\":{\"@id\":\"https:\/\/paulrivera.it\/pt-pt\/#website\"},\"primaryImageOfPage\":{\"@id\":\"https:\/\/paulrivera.it\/pt-pt\/prodotti\/tratamentos\/true-silver-antiamarelecimento\/true-silver-mousse-antiamarelecimento\/#primaryimage\"},\"image\":{\"@id\":\"https:\/\/paulrivera.it\/pt-pt\/prodotti\/tratamentos\/true-silver-antiamarelecimento\/true-silver-mousse-antiamarelecimento\/#primaryimage\"},\"thumbnailUrl\":\"https:\/\/paulrivera.it\/wp-content\/uploads\/2023\/08\/604712_paul_rivera_true_silver_mousse_antigiallo_300ml-1.png\",\"datePublished\":\"2023-08-03T06:56:02+00:00\",\"dateModified\":\"2024-05-13T10:03:41+00:00\",\"description\":\"True Silver \u00e9 a mousse antiamarelecimento, indispens\u00e1vel para cabelos brancos, grisalhos, claros naturais ou descolorados.\",\"breadcrumb\":{\"@id\":\"https:\/\/paulrivera.it\/pt-pt\/prodotti\/tratamentos\/true-silver-antiamarelecimento\/true-silver-mousse-antiamarelecimento\/#breadcrumb\"},\"inLanguage\":\"pt-PT\",\"potentialAction\":[{\"@type\":\"ReadAction\",\"target\":[\"https:\/\/paulrivera.it\/pt-pt\/prodotti\/tratamentos\/true-silver-antiamarelecimento\/true-silver-mousse-antiamarelecimento\/\"]}]},{\"@type\":\"ImageObject\",\"inLanguage\":\"pt-PT\",\"@id\":\"https:\/\/paulrivera.it\/pt-pt\/prodotti\/tratamentos\/true-silver-antiamarelecimento\/true-silver-mousse-antiamarelecimento\/#primaryimage\",\"url\":\"https:\/\/paulrivera.it\/wp-content\/uploads\/2023\/08\/604712_paul_rivera_true_silver_mousse_antigiallo_300ml-1.png\",\"contentUrl\":\"https:\/\/paulrivera.it\/wp-content\/uploads\/2023\/08\/604712_paul_rivera_true_silver_mousse_antigiallo_300ml-1.png\",\"width\":600,\"height\":600},{\"@type\":\"BreadcrumbList\",\"@id\":\"https:\/\/paulrivera.it\/pt-pt\/prodotti\/tratamentos\/true-silver-antiamarelecimento\/true-silver-mousse-antiamarelecimento\/#breadcrumb\",\"itemListElement\":[{\"@type\":\"ListItem\",\"position\":1,\"name\":\"Home\",\"item\":\"https:\/\/paulrivera.it\/pt-pt\/\"},{\"@type\":\"ListItem\",\"position\":2,\"name\":\"Pagina shop\",\"item\":\"https:\/\/paulrivera.it\/prodotti\/\"},{\"@type\":\"ListItem\",\"position\":3,\"name\":\"True Silver &#8211; Mousse Antiamarelecimento\"}]},{\"@type\":\"WebSite\",\"@id\":\"https:\/\/paulrivera.it\/pt-pt\/#website\",\"url\":\"https:\/\/paulrivera.it\/pt-pt\/\",\"name\":\"Paul Rivera\",\"description\":\"Hair Beauty Celebration\",\"publisher\":{\"@id\":\"https:\/\/paulrivera.it\/pt-pt\/#organization\"},\"potentialAction\":[{\"@type\":\"SearchAction\",\"target\":{\"@type\":\"EntryPoint\",\"urlTemplate\":\"https:\/\/paulrivera.it\/pt-pt\/?s={search_term_string}\"},\"query-input\":{\"@type\":\"PropertyValueSpecification\",\"valueRequired\":true,\"valueName\":\"search_term_string\"}}],\"inLanguage\":\"pt-PT\"},{\"@type\":\"Organization\",\"@id\":\"https:\/\/paulrivera.it\/pt-pt\/#organization\",\"name\":\"Paul Rivera\",\"url\":\"https:\/\/paulrivera.it\/pt-pt\/\",\"logo\":{\"@type\":\"ImageObject\",\"inLanguage\":\"pt-PT\",\"@id\":\"https:\/\/paulrivera.it\/pt-pt\/#\/schema\/logo\/image\/\",\"url\":\"https:\/\/paulrivera.it\/wp-content\/uploads\/2020\/02\/paul_rivera_logo_header_x2.png\",\"contentUrl\":\"https:\/\/paulrivera.it\/wp-content\/uploads\/2020\/02\/paul_rivera_logo_header_x2.png\",\"width\":470,\"height\":60,\"caption\":\"Paul Rivera\"},\"image\":{\"@id\":\"https:\/\/paulrivera.it\/pt-pt\/#\/schema\/logo\/image\/\"}}]}<\/script>\n<!-- \/ Yoast SEO plugin. -->","yoast_head_json":{"title":"True Silver - Mousse Antiamarelecimento | Paul Rivera","description":"True Silver \u00e9 a mousse antiamarelecimento, indispens\u00e1vel para cabelos brancos, grisalhos, claros naturais ou descolorados.","robots":{"index":"index","follow":"follow","max-snippet":"max-snippet:-1","max-image-preview":"max-image-preview:large","max-video-preview":"max-video-preview:-1"},"canonical":"https:\/\/paulrivera.it\/pt-pt\/prodotti\/tratamentos\/true-silver-antiamarelecimento\/true-silver-mousse-antiamarelecimento\/","og_locale":"pt_PT","og_type":"article","og_title":"True Silver - Mousse Antiamarelecimento | Paul Rivera","og_description":"True Silver \u00e9 a mousse antiamarelecimento, indispens\u00e1vel para cabelos brancos, grisalhos, claros naturais ou descolorados.","og_url":"https:\/\/paulrivera.it\/pt-pt\/prodotti\/tratamentos\/true-silver-antiamarelecimento\/true-silver-mousse-antiamarelecimento\/","og_site_name":"Paul Rivera","article_modified_time":"2024-05-13T10:03:41+00:00","og_image":[{"width":600,"height":600,"url":"https:\/\/paulrivera.it\/wp-content\/uploads\/2023\/08\/604712_paul_rivera_true_silver_mousse_antigiallo_300ml-1.png","type":"image\/png"}],"twitter_card":"summary_large_image","twitter_misc":{"Est. reading time":"3 minutes"},"schema":{"@context":"https:\/\/schema.org","@graph":[{"@type":"WebPage","@id":"https:\/\/paulrivera.it\/pt-pt\/prodotti\/tratamentos\/true-silver-antiamarelecimento\/true-silver-mousse-antiamarelecimento\/","url":"https:\/\/paulrivera.it\/pt-pt\/prodotti\/tratamentos\/true-silver-antiamarelecimento\/true-silver-mousse-antiamarelecimento\/","name":"True Silver - Mousse Antiamarelecimento | Paul Rivera","isPartOf":{"@id":"https:\/\/paulrivera.it\/pt-pt\/#website"},"primaryImageOfPage":{"@id":"https:\/\/paulrivera.it\/pt-pt\/prodotti\/tratamentos\/true-silver-antiamarelecimento\/true-silver-mousse-antiamarelecimento\/#primaryimage"},"image":{"@id":"https:\/\/paulrivera.it\/pt-pt\/prodotti\/tratamentos\/true-silver-antiamarelecimento\/true-silver-mousse-antiamarelecimento\/#primaryimage"},"thumbnailUrl":"https:\/\/paulrivera.it\/wp-content\/uploads\/2023\/08\/604712_paul_rivera_true_silver_mousse_antigiallo_300ml-1.png","datePublished":"2023-08-03T06:56:02+00:00","dateModified":"2024-05-13T10:03:41+00:00","description":"True Silver \u00e9 a mousse antiamarelecimento, indispens\u00e1vel para cabelos brancos, grisalhos, claros naturais ou descolorados.","breadcrumb":{"@id":"https:\/\/paulrivera.it\/pt-pt\/prodotti\/tratamentos\/true-silver-antiamarelecimento\/true-silver-mousse-antiamarelecimento\/#breadcrumb"},"inLanguage":"pt-PT","potentialAction":[{"@type":"ReadAction","target":["https:\/\/paulrivera.it\/pt-pt\/prodotti\/tratamentos\/true-silver-antiamarelecimento\/true-silver-mousse-antiamarelecimento\/"]}]},{"@type":"ImageObject","inLanguage":"pt-PT","@id":"https:\/\/paulrivera.it\/pt-pt\/prodotti\/tratamentos\/true-silver-antiamarelecimento\/true-silver-mousse-antiamarelecimento\/#primaryimage","url":"https:\/\/paulrivera.it\/wp-content\/uploads\/2023\/08\/604712_paul_rivera_true_silver_mousse_antigiallo_300ml-1.png","contentUrl":"https:\/\/paulrivera.it\/wp-content\/uploads\/2023\/08\/604712_paul_rivera_true_silver_mousse_antigiallo_300ml-1.png","width":600,"height":600},{"@type":"BreadcrumbList","@id":"https:\/\/paulrivera.it\/pt-pt\/prodotti\/tratamentos\/true-silver-antiamarelecimento\/true-silver-mousse-antiamarelecimento\/#breadcrumb","itemListElement":[{"@type":"ListItem","position":1,"name":"Home","item":"https:\/\/paulrivera.it\/pt-pt\/"},{"@type":"ListItem","position":2,"name":"Pagina shop","item":"https:\/\/paulrivera.it\/prodotti\/"},{"@type":"ListItem","position":3,"name":"True Silver &#8211; Mousse Antiamarelecimento"}]},{"@type":"WebSite","@id":"https:\/\/paulrivera.it\/pt-pt\/#website","url":"https:\/\/paulrivera.it\/pt-pt\/","name":"Paul Rivera","description":"Hair Beauty Celebration","publisher":{"@id":"https:\/\/paulrivera.it\/pt-pt\/#organization"},"potentialAction":[{"@type":"SearchAction","target":{"@type":"EntryPoint","urlTemplate":"https:\/\/paulrivera.it\/pt-pt\/?s={search_term_string}"},"query-input":{"@type":"PropertyValueSpecification","valueRequired":true,"valueName":"search_term_string"}}],"inLanguage":"pt-PT"},{"@type":"Organization","@id":"https:\/\/paulrivera.it\/pt-pt\/#organization","name":"Paul Rivera","url":"https:\/\/paulrivera.it\/pt-pt\/","logo":{"@type":"ImageObject","inLanguage":"pt-PT","@id":"https:\/\/paulrivera.it\/pt-pt\/#\/schema\/logo\/image\/","url":"https:\/\/paulrivera.it\/wp-content\/uploads\/2020\/02\/paul_rivera_logo_header_x2.png","contentUrl":"https:\/\/paulrivera.it\/wp-content\/uploads\/2020\/02\/paul_rivera_logo_header_x2.png","width":470,"height":60,"caption":"Paul Rivera"},"image":{"@id":"https:\/\/paulrivera.it\/pt-pt\/#\/schema\/logo\/image\/"}}]}},"_links":{"self":[{"href":"https:\/\/paulrivera.it\/pt-pt\/wp-json\/wp\/v2\/product\/9423","targetHints":{"allow":["GET"]}}],"collection":[{"href":"https:\/\/paulrivera.it\/pt-pt\/wp-json\/wp\/v2\/product"}],"about":[{"href":"https:\/\/paulrivera.it\/pt-pt\/wp-json\/wp\/v2\/types\/product"}],"wp:featuredmedia":[{"embeddable":true,"href":"https:\/\/paulrivera.it\/pt-pt\/wp-json\/wp\/v2\/media\/9442"}],"wp:attachment":[{"href":"https:\/\/paulrivera.it\/pt-pt\/wp-json\/wp\/v2\/media?parent=9423"}],"wp:term":[{"taxonomy":"product_brand","embeddable":true,"href":"https:\/\/paulrivera.it\/pt-pt\/wp-json\/wp\/v2\/product_brand?post=9423"},{"taxonomy":"product_cat","embeddable":true,"href":"https:\/\/paulrivera.it\/pt-pt\/wp-json\/wp\/v2\/product_cat?post=9423"},{"taxonomy":"product_tag","embeddable":true,"href":"https:\/\/paulrivera.it\/pt-pt\/wp-json\/wp\/v2\/product_tag?post=9423"}],"curies":[{"name":"wp","href":"https:\/\/api.w.org\/{rel}","templated":true}]}}